{"id":2024,"date":"2022-11-07T21:55:03","date_gmt":"2022-11-08T00:55:03","guid":{"rendered":"https:\/\/sites.uel.br\/pdi\/?page_id=2024"},"modified":"2022-11-07T21:55:03","modified_gmt":"2022-11-08T00:55:03","slug":"graduacao-selecao-e-admissao","status":"publish","type":"page","link":"https:\/\/sites.uel.br\/pdi\/graduacao-selecao-e-admissao\/","title":{"rendered":"Gradua\u00e7\u00e3o &#8211; Sele\u00e7\u00e3o e Admiss\u00e3o"},"content":{"rendered":"\n<p class=\"has-text-color\" style=\"color:#fefefe\">.<\/p>\n\n\n\n<p>A admiss\u00e3o inicial aos cursos de gradua\u00e7\u00e3o oferecidos pela Universidade ser\u00e1 feita mediante Processo Seletivo, abrangendo os conhecimentos comuns das diversas formas de educa\u00e7\u00e3o do Ensino M\u00e9dio, sem ultrapassar este n\u00edvel de complexidade.<\/p>\n\n\n\n<ul class=\"wp-block-list\">\n<li>As vagas remanescentes do Processo Seletivo poder\u00e3o ser ofertadas a portadores de diploma de curso superior.<\/li>\n<\/ul>\n\n\n\n<p>A sele\u00e7\u00e3o dos candidatos a ingresso nos cursos de gradua\u00e7\u00e3o da Universidade far-se-\u00e1 atrav\u00e9s de Processo Seletivo, de acordo com as vagas oferecidas para os diversos cursos, segundo o que dispuserem a respeito os Colegiados competentes, especificados no Estatuto e no Regimento.<\/p>\n\n\n\n<ul class=\"wp-block-list\">\n<li>O Processo Seletivo far-se-\u00e1 de acordo com normas aprovadas pelo Conselho de Ensino, Pesquisa e Extens\u00e3o, que ser\u00e3o tornadas p\u00fablicas atrav\u00e9s de editais, juntamente com os programas estabelecidos.<\/li>\n\n\n\n<li>Os candidatos ao Processo Seletivo dever\u00e3o apresentar os documentos que instruir\u00e3o o requerimento de inscri\u00e7\u00e3o, conforme determina\u00e7\u00e3o da Coordenadoria de Processos Seletivos.<\/li>\n<\/ul>\n\n\n\n<p>Caber\u00e1 \u00e0 Coordenadoria de Processos Seletivos, o planejamento, coordena\u00e7\u00e3o, supervis\u00e3o, preparo, execu\u00e7\u00e3o e avalia\u00e7\u00e3o dos processos seletivos.<\/p>\n\n\n\n<ul class=\"wp-block-list\">\n<li>A Coordenadora de Processos Seletivos ser\u00e1 orientada acad\u00eamica e administrativamente pela Comiss\u00e3o Permanente de Sele\u00e7\u00e3o, constitu\u00edda pelo coordenador e diretores administrativos da referida Coordenadoria e por nove membros indicados pelo Conselho Universit\u00e1rio para um per\u00edodo de dois anos, sendo um representante de cada Centro de Estudos da Universidade.<\/li>\n\n\n\n<li>A Coordenadoria de Processos Seletivos poder\u00e1 realizar outros processos de sele\u00e7\u00e3o e admiss\u00e3o no \u00e2mbito interno da Universidade e para entidades externas, de acordo com proposi\u00e7\u00f5es que venham a ocorrer e segundo delibera\u00e7\u00e3o da Comiss\u00e3o Permanente de Sele\u00e7\u00e3o, mediante delibera\u00e7\u00e3o do Conselho de Administra\u00e7\u00e3o.<br><\/li>\n<\/ul>\n\n\n\n<p>A constitui\u00e7\u00e3o e compet\u00eancia da Coordenadoria de Processos Seletivos ser\u00e3o definidas no Regimento da Reitoria.<\/p>\n\n\n\n<p>O n\u00famero de vagas oferecidas para os diversos cursos ser\u00e1 divulgado at\u00e9 noventa dias antes da realiza\u00e7\u00e3o das provas atrav\u00e9s de editais expedidos pela Pr\u00f3-Reitoria de Gradua\u00e7\u00e3o.<\/p>\n\n\n\n<p class=\"has-text-align-center\">O texto est\u00e1 dispon\u00edvel na(s) seguinte(s) refer\u00eancia(s):&nbsp;<\/p>\n\n\n\n<p class=\"has-text-align-center\">REGIMENTO GERAL DA UEL, RESOLU\u00c7\u00c3O CEPE 033\/2014, RESOLU\u00c7\u00c3O CEPE 037\/2016<\/p>\n","protected":false},"excerpt":{"rendered":"<p>. A admiss\u00e3o inicial aos cursos de gradua\u00e7\u00e3o oferecidos pela Universidade ser\u00e1 feita mediante Processo Seletivo, abrangendo os conhecimentos comuns das diversas formas de educa\u00e7\u00e3o do Ensino M\u00e9dio, sem ultrapassar este n\u00edvel de complexidade. A sele\u00e7\u00e3o dos candidatos a ingresso nos cursos de gradua\u00e7\u00e3o da Universidade far-se-\u00e1 atrav\u00e9s de Processo Seletivo, de acordo com as [&hellip;]<\/p>\n","protected":false},"author":8,"featured_media":0,"parent":0,"menu_order":0,"comment_status":"closed","ping_status":"closed","template":"","meta":{"footnotes":""},"class_list":["post-2024","page","type-page","status-publish","hentry"],"acf":[],"_links":{"self":[{"href":"https:\/\/sites.uel.br\/pdi\/wp-json\/wp\/v2\/pages\/2024","targetHints":{"allow":["GET"]}}],"collection":[{"href":"https:\/\/sites.uel.br\/pdi\/wp-json\/wp\/v2\/pages"}],"about":[{"href":"https:\/\/sites.uel.br\/pdi\/wp-json\/wp\/v2\/types\/page"}],"author":[{"embeddable":true,"href":"https:\/\/sites.uel.br\/pdi\/wp-json\/wp\/v2\/users\/8"}],"replies":[{"embeddable":true,"href":"https:\/\/sites.uel.br\/pdi\/wp-json\/wp\/v2\/comments?post=2024"}],"version-history":[{"count":1,"href":"https:\/\/sites.uel.br\/pdi\/wp-json\/wp\/v2\/pages\/2024\/revisions"}],"predecessor-version":[{"id":2025,"href":"https:\/\/sites.uel.br\/pdi\/wp-json\/wp\/v2\/pages\/2024\/revisions\/2025"}],"wp:attachment":[{"href":"https:\/\/sites.uel.br\/pdi\/wp-json\/wp\/v2\/media?parent=2024"}],"curies":[{"name":"wp","href":"https:\/\/api.w.org\/{rel}","templated":true}]}}