{"id":1991,"date":"2022-11-07T21:19:23","date_gmt":"2022-11-08T00:19:23","guid":{"rendered":"https:\/\/sites.uel.br\/pdi\/?page_id=1991"},"modified":"2022-11-07T21:20:18","modified_gmt":"2022-11-08T00:20:18","slug":"graduacao-curriculos-e-programas","status":"publish","type":"page","link":"https:\/\/sites.uel.br\/pdi\/graduacao-curriculos-e-programas\/","title":{"rendered":"Gradua\u00e7\u00e3o &#8211; Curr\u00edculos e Programas"},"content":{"rendered":"\n<p class=\"has-text-color\" style=\"color:#fefefe\">.<\/p>\n\n\n\n<p>Os curr\u00edculos dos cursos de gradua\u00e7\u00e3o ser\u00e3o constitu\u00eddos por um conjunto de atividades acad\u00eamicas de natureza obrigat\u00f3ria, complementares e optativas, tendo como objetivo a forma\u00e7\u00e3o cultural e profissional do estudante, distribu\u00edda entre:<\/p>\n\n\n\n<ul class=\"wp-block-list\">\n<li>atividades acad\u00eamicas de natureza obrigat\u00f3ria, a serem definidas em conformidade com o Projeto Pedag\u00f3gico espec\u00edfico de cada curso;<\/li>\n\n\n\n<li>atividades acad\u00eamicas complementares, que correspondem \u00e0 participa\u00e7\u00e3o dos estudantes em: cursos de extens\u00e3o, disciplinas eletivas, disciplinas especiais, est\u00e1gios curriculares n\u00e3o obrigat\u00f3rios, eventos, monitoria acad\u00eamica, programas de extens\u00e3o, programas de forma\u00e7\u00e3o complementar projetos de extens\u00e3o, projetos integrados, projetos de pesquisa, projetos de pesquisa em ensino e outras atividades, desde que regulamentadas no Projeto Pedag\u00f3gico espec\u00edficos de cada curso.<\/li>\n\n\n\n<li>As atividades acad\u00eamicas complementares devem ser aprovadas pelos respectivos Colegiados de Cursos.<\/li>\n\n\n\n<li>disciplinas optativas quando exigidas por legisla\u00e7\u00e3o espec\u00edfica.<\/li>\n\n\n\n<li>As disciplinas eletivas, de livre escolha do estudante, poder\u00e3o ser cumpridas, dentre as disciplinas regulares de cursos e habilita\u00e7\u00f5es diversas ao de sua matr\u00edcula, a partir do elenco definido pelos Departamentos ofertantes.<\/li>\n\n\n\n<li>Os Departamentos dever\u00e3o enviar aos Colegiados de Cursos para os quais as disciplinas especiais ofertadas e dentro do prazo estabelecido em Calend\u00e1rio Escolar, o seguinte: rela\u00e7\u00e3o das disciplinas em oferta, rela\u00e7\u00e3o dos docentes respons\u00e1veis e programas.<\/li>\n\n\n\n<li>Poder\u00e3o ser estabelecidas atividades acad\u00eamicas de natureza obrigat\u00f3ria especial, que ser\u00e3o assim definidas em raz\u00e3o de sua import\u00e2ncia no contexto do projeto pedag\u00f3gico do curso.<\/li>\n<\/ul>\n\n\n\n<p>Para cada curso de gradua\u00e7\u00e3o ser\u00e1 organizado um curr\u00edculo, de acordo com a legisla\u00e7\u00e3o em vigor e as determina\u00e7\u00f5es estatut\u00e1rias e regimentais, respeitadas as Diretrizes Curriculares fixadas pelo Conselho Nacional de Educa\u00e7\u00e3o, devendo ser integralmente cumprido pelo estudante, a fim de que possa qualificar-se para a obten\u00e7\u00e3o do respectivo grau acad\u00eamico.<\/p>\n\n\n\n<p>O programa de cada atividade pedag\u00f3gica ser\u00e1 proposto pelo Departamento e aprovado pelo respectivo Colegiado, obedecendo a ementa constante do curr\u00edculo aprovado pelo Conselho de Ensino, Pesquisa e Extens\u00e3o.&nbsp;<\/p>\n\n\n\n<p>Os cursos de gradua\u00e7\u00e3o ser\u00e3o organizados de forma que todos os seus requisitos possam ser normalmente cumpridos, dentro de um n\u00famero de anos letivos previamente estabelecido pelo Conselho de Ensino, Pesquisa e Extens\u00e3o, obedecida a legisla\u00e7\u00e3o em vigor.O prazo para conclus\u00e3o dos cursos poder\u00e1 ser prorrogado por delibera\u00e7\u00e3o do Conselho de Ensino, Pesquisa e Extens\u00e3o, em casos excepcionais, devidamente justificados.<\/p>\n\n\n\n<p class=\"has-text-align-center\">O texto est\u00e1 dispon\u00edvel na(s) seguinte(s) refer\u00eancia(s):&nbsp;<\/p>\n\n\n\n<p class=\"has-text-align-center\">REGIMENTO GERAL DA UEL, RESOLU\u00c7\u00c3O CEPE 033\/2014, RESOLU\u00c7\u00c3O CEPE 037\/2016<\/p>\n","protected":false},"excerpt":{"rendered":"<p>. Os curr\u00edculos dos cursos de gradua\u00e7\u00e3o ser\u00e3o constitu\u00eddos por um conjunto de atividades acad\u00eamicas de natureza obrigat\u00f3ria, complementares e optativas, tendo como objetivo a forma\u00e7\u00e3o cultural e profissional do estudante, distribu\u00edda entre: Para cada curso de gradua\u00e7\u00e3o ser\u00e1 organizado um curr\u00edculo, de acordo com a legisla\u00e7\u00e3o em vigor e as determina\u00e7\u00f5es estatut\u00e1rias e regimentais, [&hellip;]<\/p>\n","protected":false},"author":8,"featured_media":0,"parent":0,"menu_order":0,"comment_status":"closed","ping_status":"closed","template":"","meta":{"footnotes":""},"class_list":["post-1991","page","type-page","status-publish","hentry"],"acf":[],"_links":{"self":[{"href":"https:\/\/sites.uel.br\/pdi\/wp-json\/wp\/v2\/pages\/1991","targetHints":{"allow":["GET"]}}],"collection":[{"href":"https:\/\/sites.uel.br\/pdi\/wp-json\/wp\/v2\/pages"}],"about":[{"href":"https:\/\/sites.uel.br\/pdi\/wp-json\/wp\/v2\/types\/page"}],"author":[{"embeddable":true,"href":"https:\/\/sites.uel.br\/pdi\/wp-json\/wp\/v2\/users\/8"}],"replies":[{"embeddable":true,"href":"https:\/\/sites.uel.br\/pdi\/wp-json\/wp\/v2\/comments?post=1991"}],"version-history":[{"count":2,"href":"https:\/\/sites.uel.br\/pdi\/wp-json\/wp\/v2\/pages\/1991\/revisions"}],"predecessor-version":[{"id":1993,"href":"https:\/\/sites.uel.br\/pdi\/wp-json\/wp\/v2\/pages\/1991\/revisions\/1993"}],"wp:attachment":[{"href":"https:\/\/sites.uel.br\/pdi\/wp-json\/wp\/v2\/media?parent=1991"}],"curies":[{"name":"wp","href":"https:\/\/api.w.org\/{rel}","templated":true}]}}