{"id":1987,"date":"2022-11-07T21:15:52","date_gmt":"2022-11-08T00:15:52","guid":{"rendered":"https:\/\/sites.uel.br\/pdi\/?page_id=1987"},"modified":"2022-11-07T21:15:52","modified_gmt":"2022-11-08T00:15:52","slug":"pos-graduacao-lato-sensu-titulos","status":"publish","type":"page","link":"https:\/\/sites.uel.br\/pdi\/pos-graduacao-lato-sensu-titulos\/","title":{"rendered":"P\u00f3s-Gradua\u00e7\u00e3o Lato Sensu &#8211; T\u00edtulos"},"content":{"rendered":"\n<p class=\"has-text-color\" style=\"color:#fefefe\">.<\/p>\n\n\n\n<p>Cumpridas as demais exig\u00eancias regimentais s\u00e3o condi\u00e7\u00f5es para que seja expedida a certifica\u00e7\u00e3o do t\u00edtulo de Especialista:<\/p>\n\n\n\n<ul class=\"wp-block-list\">\n<li>completar o n\u00famero de cr\u00e9ditos exigidos pelo Curso;<\/li>\n\n\n\n<li>apresentar e ter aprova\u00e7\u00e3o da Monografia ou do TCCPG;<\/li>\n\n\n\n<li>apresentar c\u00f3pia autenticada do diploma de gradua\u00e7\u00e3o.<\/li>\n<\/ul>\n\n\n\n<p>O estudante que ao t\u00e9rmino do prazo m\u00e1ximo para conclus\u00e3o do Curso estiver com disciplinas pendentes e que desejar a ele retornar, dever\u00e1 submeter-se a nova inscri\u00e7\u00e3o e ao processo de sele\u00e7\u00e3o.<\/p>\n\n\n\n<ul class=\"wp-block-list\">\n<li>Caso aprovado ser\u00e1 considerado estudante novo, consequentemente dever\u00e1 cumprir todas as exig\u00eancias a que est\u00e3o sujeitos os estudantes ingressantes.<\/li>\n\n\n\n<li>No caso de estudante de Curso de P\u00f3s-Gradua\u00e7\u00e3o Lato Sensu EAD, dever\u00e3o ser seguidas as orienta\u00e7\u00f5es da UAB.<\/li>\n<\/ul>\n\n\n\n<p>Havendo equival\u00eancia da grade curricular cursada pelo estudante com a atual do Curso, o interessado que queira retornar para concluir somente a Monografia ou o TCCPG, dever\u00e1 requerer na Pr\u00f3-Reitoria de Pesquisa e P\u00f3s-Gradua\u00e7\u00e3o o reingresso e o pedido de equival\u00eancia das disciplinas cursadas, a partir do in\u00edcio da nova turma at\u00e9 o seu t\u00e9rmino, conforme calend\u00e1rio vigente.<\/p>\n\n\n\n<p>Se aprovado o pedido pela Coordena\u00e7\u00e3o do Curso, o estudante ser\u00e1 convocado para efetiva\u00e7\u00e3o da matr\u00edcula, devendo concluir o TCCPG ou a Monografia no prazo m\u00ednimo de tr\u00eas e o m\u00e1ximo de seis meses, n\u00e3o tendo direito a prorroga\u00e7\u00e3o.<\/p>\n\n\n\n<p class=\"has-text-align-center\">O texto est\u00e1 dispon\u00edvel na(s) seguinte(s) refer\u00eancia(s):&nbsp;<\/p>\n\n\n\n<p class=\"has-text-align-center\">REGIMENTO GERAL DA UEL, RESOLU\u00c7\u00c3O CEPE 033\/2014, RESOLU\u00c7\u00c3O CEPE 037\/2016<\/p>\n","protected":false},"excerpt":{"rendered":"<p>. Cumpridas as demais exig\u00eancias regimentais s\u00e3o condi\u00e7\u00f5es para que seja expedida a certifica\u00e7\u00e3o do t\u00edtulo de Especialista: O estudante que ao t\u00e9rmino do prazo m\u00e1ximo para conclus\u00e3o do Curso estiver com disciplinas pendentes e que desejar a ele retornar, dever\u00e1 submeter-se a nova inscri\u00e7\u00e3o e ao processo de sele\u00e7\u00e3o. Havendo equival\u00eancia da grade curricular [&hellip;]<\/p>\n","protected":false},"author":8,"featured_media":0,"parent":0,"menu_order":0,"comment_status":"closed","ping_status":"closed","template":"","meta":{"footnotes":""},"class_list":["post-1987","page","type-page","status-publish","hentry"],"acf":[],"_links":{"self":[{"href":"https:\/\/sites.uel.br\/pdi\/wp-json\/wp\/v2\/pages\/1987","targetHints":{"allow":["GET"]}}],"collection":[{"href":"https:\/\/sites.uel.br\/pdi\/wp-json\/wp\/v2\/pages"}],"about":[{"href":"https:\/\/sites.uel.br\/pdi\/wp-json\/wp\/v2\/types\/page"}],"author":[{"embeddable":true,"href":"https:\/\/sites.uel.br\/pdi\/wp-json\/wp\/v2\/users\/8"}],"replies":[{"embeddable":true,"href":"https:\/\/sites.uel.br\/pdi\/wp-json\/wp\/v2\/comments?post=1987"}],"version-history":[{"count":1,"href":"https:\/\/sites.uel.br\/pdi\/wp-json\/wp\/v2\/pages\/1987\/revisions"}],"predecessor-version":[{"id":1988,"href":"https:\/\/sites.uel.br\/pdi\/wp-json\/wp\/v2\/pages\/1987\/revisions\/1988"}],"wp:attachment":[{"href":"https:\/\/sites.uel.br\/pdi\/wp-json\/wp\/v2\/media?parent=1987"}],"curies":[{"name":"wp","href":"https:\/\/api.w.org\/{rel}","templated":true}]}}