{"id":1981,"date":"2022-11-07T21:12:26","date_gmt":"2022-11-08T00:12:26","guid":{"rendered":"https:\/\/sites.uel.br\/pdi\/?page_id=1981"},"modified":"2022-11-07T21:12:26","modified_gmt":"2022-11-08T00:12:26","slug":"pos-graduacao-lato-sensu-estrutura-curricular","status":"publish","type":"page","link":"https:\/\/sites.uel.br\/pdi\/pos-graduacao-lato-sensu-estrutura-curricular\/","title":{"rendered":"P\u00f3s-Gradua\u00e7\u00e3o Lato Sensu &#8211; Estrutura Curricular"},"content":{"rendered":"\n<p class=\"has-white-color has-text-color\">.<\/p>\n\n\n\n<p>A estrutura curricular dos Cursos de P\u00f3s-Gradua\u00e7\u00e3o Lato Sensu se constituir\u00e1 de atividades curriculares ministradas sob a forma presencial, fora de sede ou a dist\u00e2ncia.<\/p>\n\n\n\n<p>Cada disciplina ter\u00e1 uma carga hor\u00e1ria expressa em cr\u00e9ditos, sendo cada cr\u00e9dito correspondente a quinze horas-aula.<\/p>\n\n\n\n<p>O curr\u00edculo do curso ser\u00e1 composto por um conjunto de atividades curriculares caracterizadas pelo c\u00f3digo, denomina\u00e7\u00e3o, carga hor\u00e1ria, n\u00famero de cr\u00e9ditos, ementa, conte\u00fado program\u00e1tico (que dever\u00e1 ser lan\u00e7ado obrigatoriamente no fechamento da pauta eletr\u00f4nica), bibliografia e docente(s) respons\u00e1vel(is).<\/p>\n\n\n\n<p>Os cursos dever\u00e3o estruturar-se de forma a exigir Monografia ou Trabalho de Conclus\u00e3o de Curso de P\u00f3s-Gradua\u00e7\u00e3o.<\/p>\n\n\n\n<p>Os Cursos de P\u00f3s-Gradua\u00e7\u00e3o Lato Sensu e os Programas de P\u00f3s-Gradua\u00e7\u00e3o Stricto Sensu destinam-se a proporcionar forma\u00e7\u00e3o cient\u00edfica e cultural, oferecendo a oportunidade de especializa\u00e7\u00e3o nas modalidades Lato Sensu e desenvolvendo a capacidade de pesquisa e ensino nas modalidades Stricto Sensu.<\/p>\n\n\n\n<ul class=\"wp-block-list\">\n<li>A C\u00e2mara de P\u00f3s-Gradua\u00e7\u00e3o elaborar\u00e1 os regulamentos para os cursos Lato Sensu e para os programas Stricto Sensu, que dever\u00e3o ser aprovados pelo Conselho de Ensino, Pesquisa e Extens\u00e3o.<\/li>\n<\/ul>\n\n\n\n<p>Ficar\u00e1 a cargo das Comiss\u00f5es Coordenadoras exercerem a coordena\u00e7\u00e3o pedag\u00f3gica e administrativa dos Cursos e Programas de P\u00f3s-Gradua\u00e7\u00e3o, de acordo com a legisla\u00e7\u00e3o vigente.<\/p>\n\n\n\n<p>A constitui\u00e7\u00e3o e atribui\u00e7\u00f5es das Comiss\u00f5es Coordenadoras dos Cursos e Programas de P\u00f3s-Gradua\u00e7\u00e3o ser\u00e3o estabelecidos nos respectivos regulamentos.<\/p>\n\n\n\n<p>O sistema acad\u00eamico para os Cursos e Programas de P\u00f3s-Gradua\u00e7\u00e3o \u00e9 o de cr\u00e9dito:<\/p>\n\n\n\n<ul class=\"wp-block-list\">\n<li>O cr\u00e9dito corresponde a quinze horas-aula por semestre.<\/li>\n\n\n\n<li>O total de cr\u00e9ditos que uma disciplina de p\u00f3s-gradua\u00e7\u00e3o pode conferir \u00e9 calculado com base na carga hor\u00e1ria semanal por ela imposta, durante um per\u00edodo letivo regular, cuja dura\u00e7\u00e3o m\u00ednima \u00e9 de quinze semanas.<\/li>\n\n\n\n<li>A avalia\u00e7\u00e3o dos cr\u00e9ditos atribu\u00eddos ao aluno pelo professor a cada verifica\u00e7\u00e3o de aprendizagem ser\u00e1 realizada atrav\u00e9s de notas, vari\u00e1veis de zero a fez ou conceito equivalente e ser\u00e1 exigida, para aprova\u00e7\u00e3o na disciplina, nota igual ou superior a sete ou conceito equivalente.<\/li>\n\n\n\n<li>O cr\u00e9dito s\u00f3 ser\u00e1 concedido ao aluno que, satisfeitas as demais exig\u00eancias, tiver o m\u00ednimo de setenta e cinco porcento de frequ\u00eancia \u00e0s aulas ministradas em cada disciplina dos cursos Lato Sensu presenciais e programas Stricto Sensu.<\/li>\n<\/ul>\n\n\n\n<p class=\"has-text-align-center\">O texto est\u00e1 dispon\u00edvel na(s) seguinte(s) refer\u00eancia(s):&nbsp;<\/p>\n\n\n\n<p class=\"has-text-align-center\">REGIMENTO GERAL DA UEL, RESOLU\u00c7\u00c3O CEPE 033\/2014, RESOLU\u00c7\u00c3O CEPE 037\/2016<\/p>\n","protected":false},"excerpt":{"rendered":"<p>. A estrutura curricular dos Cursos de P\u00f3s-Gradua\u00e7\u00e3o Lato Sensu se constituir\u00e1 de atividades curriculares ministradas sob a forma presencial, fora de sede ou a dist\u00e2ncia. Cada disciplina ter\u00e1 uma carga hor\u00e1ria expressa em cr\u00e9ditos, sendo cada cr\u00e9dito correspondente a quinze horas-aula. O curr\u00edculo do curso ser\u00e1 composto por um conjunto de atividades curriculares caracterizadas [&hellip;]<\/p>\n","protected":false},"author":8,"featured_media":0,"parent":0,"menu_order":0,"comment_status":"closed","ping_status":"closed","template":"","meta":{"footnotes":""},"class_list":["post-1981","page","type-page","status-publish","hentry"],"acf":[],"_links":{"self":[{"href":"https:\/\/sites.uel.br\/pdi\/wp-json\/wp\/v2\/pages\/1981","targetHints":{"allow":["GET"]}}],"collection":[{"href":"https:\/\/sites.uel.br\/pdi\/wp-json\/wp\/v2\/pages"}],"about":[{"href":"https:\/\/sites.uel.br\/pdi\/wp-json\/wp\/v2\/types\/page"}],"author":[{"embeddable":true,"href":"https:\/\/sites.uel.br\/pdi\/wp-json\/wp\/v2\/users\/8"}],"replies":[{"embeddable":true,"href":"https:\/\/sites.uel.br\/pdi\/wp-json\/wp\/v2\/comments?post=1981"}],"version-history":[{"count":1,"href":"https:\/\/sites.uel.br\/pdi\/wp-json\/wp\/v2\/pages\/1981\/revisions"}],"predecessor-version":[{"id":1982,"href":"https:\/\/sites.uel.br\/pdi\/wp-json\/wp\/v2\/pages\/1981\/revisions\/1982"}],"wp:attachment":[{"href":"https:\/\/sites.uel.br\/pdi\/wp-json\/wp\/v2\/media?parent=1981"}],"curies":[{"name":"wp","href":"https:\/\/api.w.org\/{rel}","templated":true}]}}