{"id":1819,"date":"2022-11-02T14:59:12","date_gmt":"2022-11-02T17:59:12","guid":{"rendered":"https:\/\/sites.uel.br\/pdi\/?page_id=1819"},"modified":"2022-11-02T14:59:12","modified_gmt":"2022-11-02T17:59:12","slug":"secretaria-geral-dos-orgaos-colegiados-superiores","status":"publish","type":"page","link":"https:\/\/sites.uel.br\/pdi\/secretaria-geral-dos-orgaos-colegiados-superiores\/","title":{"rendered":"Secretaria Geral dos \u00d3rg\u00e3os Colegiados Superiores"},"content":{"rendered":"\n<p class=\"has-white-color has-text-color\">.<\/p>\n\n\n\n<p>A Secretaria Geral dos \u00d3rg\u00e3os Colegiados Superiores, subordinada ao Reitor, \u00e9 administrada pelo Secret\u00e1rio Geral, designado pelo Reitor.<\/p>\n\n\n\n<p>\u00c0 Secretaria Geral dos \u00d3rg\u00e3os Colegiados Superiores compete prestar atendimento aos seguintes \u00d3rg\u00e3os Colegiados:<\/p>\n\n\n\n<ul class=\"wp-block-list\">\n<li>Conselho Universit\u00e1rio<\/li>\n\n\n\n<li>C\u00e2mara de Legisla\u00e7\u00e3o e Recursos<\/li>\n\n\n\n<li>C\u00e2mara de Or\u00e7amento e Finan\u00e7as<\/li>\n\n\n\n<li>Conselho de Administra\u00e7\u00e3o<\/li>\n\n\n\n<li>Conselho de Ensino, Pesquisa e Extens\u00e3o<\/li>\n\n\n\n<li>C\u00e2mara de Gradua\u00e7\u00e3o<\/li>\n\n\n\n<li>C\u00e2mara de P\u00f3s-Gradua\u00e7\u00e3o<\/li>\n\n\n\n<li>C\u00e2mara de Pesquisa<\/li>\n\n\n\n<li>C\u00e2mara de Extens\u00e3o<\/li>\n\n\n\n<li>Conselho de Intera\u00e7\u00e3o Universidade-Sociedade<\/li>\n<\/ul>\n\n\n\n<p>Compete \u00e0 Secretaria Geral dos \u00d3rg\u00e3os Colegiados Superiores:<\/p>\n\n\n\n<ul class=\"wp-block-list\">\n<li>preparar a agenda dos trabalhos dos \u00f3rg\u00e3os colegiados da administra\u00e7\u00e3o superior da Universidade;<\/li>\n\n\n\n<li>convocar e secretariar as reuni\u00f5es conforme indica\u00e7\u00e3o do Reitor;<\/li>\n\n\n\n<li>registrar o comparecimento dos Conselheiros \u00e0s reuni\u00f5es dos \u00d3rg\u00e3os Colegiados Superiores;<\/li>\n\n\n\n<li>lavrar atas das reuni\u00f5es dos \u00d3rg\u00e3os Colegiados Superiores;<\/li>\n\n\n\n<li>prestar esclarecimentos sobre processos em pauta, em caso de d\u00favidas, e dar assessoramento t\u00e9cnico, quando solicitado;<\/li>\n\n\n\n<li>redigir e divulgar atos e demais documentos que traduzam as decis\u00f5es tomadas pelos \u00d3rg\u00e3os Colegiados Superiores, disponibilizando-os no site da Universidade;<\/li>\n\n\n\n<li>administrar o or\u00e7amento do \u00f3rg\u00e3o;<\/li>\n\n\n\n<li>responsabilizar-se pelos recursos humanos e bens cadastrados para o \u00f3rg\u00e3o;<\/li>\n\n\n\n<li>submeter anualmente ao Reitor, para fins de aprova\u00e7\u00e3o, o calend\u00e1rio de reuni\u00f5es ordin\u00e1rias dos Conselhos;<\/li>\n\n\n\n<li>guardar, em car\u00e1ter sigiloso, todo material da Secretaria e manter atualizados os respectivos registros;<\/li>\n\n\n\n<li>responsabilizar-se pela sistematiza\u00e7\u00e3o dos assuntos e documentos colocados em pauta nos Conselhos Superiores;<\/li>\n\n\n\n<li>organizar o acervo dos atos normativos;<\/li>\n\n\n\n<li>guardar, em car\u00e1ter sigiloso, todo material da secretaria e manter atualizados os respectivos registros.<\/li>\n<\/ul>\n","protected":false},"excerpt":{"rendered":"<p>. A Secretaria Geral dos \u00d3rg\u00e3os Colegiados Superiores, subordinada ao Reitor, \u00e9 administrada pelo Secret\u00e1rio Geral, designado pelo Reitor. \u00c0 Secretaria Geral dos \u00d3rg\u00e3os Colegiados Superiores compete prestar atendimento aos seguintes \u00d3rg\u00e3os Colegiados: Compete \u00e0 Secretaria Geral dos \u00d3rg\u00e3os Colegiados Superiores:<\/p>\n","protected":false},"author":8,"featured_media":0,"parent":0,"menu_order":0,"comment_status":"closed","ping_status":"closed","template":"","meta":{"footnotes":""},"class_list":["post-1819","page","type-page","status-publish","hentry"],"acf":[],"_links":{"self":[{"href":"https:\/\/sites.uel.br\/pdi\/wp-json\/wp\/v2\/pages\/1819","targetHints":{"allow":["GET"]}}],"collection":[{"href":"https:\/\/sites.uel.br\/pdi\/wp-json\/wp\/v2\/pages"}],"about":[{"href":"https:\/\/sites.uel.br\/pdi\/wp-json\/wp\/v2\/types\/page"}],"author":[{"embeddable":true,"href":"https:\/\/sites.uel.br\/pdi\/wp-json\/wp\/v2\/users\/8"}],"replies":[{"embeddable":true,"href":"https:\/\/sites.uel.br\/pdi\/wp-json\/wp\/v2\/comments?post=1819"}],"version-history":[{"count":1,"href":"https:\/\/sites.uel.br\/pdi\/wp-json\/wp\/v2\/pages\/1819\/revisions"}],"predecessor-version":[{"id":1820,"href":"https:\/\/sites.uel.br\/pdi\/wp-json\/wp\/v2\/pages\/1819\/revisions\/1820"}],"wp:attachment":[{"href":"https:\/\/sites.uel.br\/pdi\/wp-json\/wp\/v2\/media?parent=1819"}],"curies":[{"name":"wp","href":"https:\/\/api.w.org\/{rel}","templated":true}]}}