{"id":1631,"date":"2022-10-20T13:56:27","date_gmt":"2022-10-20T16:56:27","guid":{"rendered":"https:\/\/sites.uel.br\/pdi\/?page_id=1631"},"modified":"2022-10-20T13:56:27","modified_gmt":"2022-10-20T16:56:27","slug":"proplan-diretoria-de-planejamento-e-integracao-academica","status":"publish","type":"page","link":"https:\/\/sites.uel.br\/pdi\/proplan-diretoria-de-planejamento-e-integracao-academica\/","title":{"rendered":"PROPLAN &#8211; Diretoria de Planejamento e Integra\u00e7\u00e3o Acad\u00eamica"},"content":{"rendered":"\n<p class=\"has-white-color has-text-color\">.<\/p>\n\n\n\n<p>\u00c0 Diretoria de Planejamento e Integra\u00e7\u00e3o Acad\u00eamica compete:<\/p>\n\n\n\n<ul class=\"wp-block-list\"><li>articular, integrar e acompanhar a elabora\u00e7\u00e3o e execu\u00e7\u00e3o da pol\u00edtica acad\u00eamica institucional de ensino (gradua\u00e7\u00e3o e p\u00f3s-gradua\u00e7\u00e3o);<\/li><li>propor, articulando com os \u00f3rg\u00e3os envolvidos, diretrizes e programas que visem a melhoria do ensino, da pesquisa e da extens\u00e3o;<\/li><li>analisar e emitir parecer sobre a viabilidade de implementa\u00e7\u00e3o de novos cursos de gradua\u00e7\u00e3o e p\u00f3s-gradua\u00e7\u00e3o;<\/li><li>propor e encaminhar, em colabora\u00e7\u00e3o com a PROGRAD, PROPPG e PROEX, programas institucionais que viabilizem o princ\u00edpio da indissociabilidade entre ensino, pesquisa e extens\u00e3o;<\/li><li>emitir parecer sobre assuntos de ordem acad\u00eamica, a fim de subsidiar decis\u00f5es institucionais;<\/li><li>apoiar, acompanhar e coordenar o desenvolvimento e elabora\u00e7\u00e3o do Planejamento Estrat\u00e9gico Institucional;<\/li><li>colaborar na elabora\u00e7\u00e3o de Projetos referente ao Ensino, Pesquisa, Extens\u00e3o e Institucionais, voltados \u00e0 capacita\u00e7\u00e3o de recursos junto \u00e0s ag\u00eancias de fomentos p\u00fablicas, privadas, nacionais e internacionais;<\/li><li>proporcionar apoio t\u00e9cnico aos coordenadores de projetos institucionais objetivando a capta\u00e7\u00e3o de recursos externos.<\/li><\/ul>\n","protected":false},"excerpt":{"rendered":"<p>. \u00c0 Diretoria de Planejamento e Integra\u00e7\u00e3o Acad\u00eamica compete: articular, integrar e acompanhar a elabora\u00e7\u00e3o e execu\u00e7\u00e3o da pol\u00edtica acad\u00eamica institucional de ensino (gradua\u00e7\u00e3o e p\u00f3s-gradua\u00e7\u00e3o); propor, articulando com os \u00f3rg\u00e3os envolvidos, diretrizes e programas que visem a melhoria do ensino, da pesquisa e da extens\u00e3o; analisar e emitir parecer sobre a viabilidade de implementa\u00e7\u00e3o [&hellip;]<\/p>\n","protected":false},"author":8,"featured_media":0,"parent":0,"menu_order":0,"comment_status":"closed","ping_status":"closed","template":"","meta":{"footnotes":""},"class_list":["post-1631","page","type-page","status-publish","hentry"],"acf":[],"_links":{"self":[{"href":"https:\/\/sites.uel.br\/pdi\/wp-json\/wp\/v2\/pages\/1631","targetHints":{"allow":["GET"]}}],"collection":[{"href":"https:\/\/sites.uel.br\/pdi\/wp-json\/wp\/v2\/pages"}],"about":[{"href":"https:\/\/sites.uel.br\/pdi\/wp-json\/wp\/v2\/types\/page"}],"author":[{"embeddable":true,"href":"https:\/\/sites.uel.br\/pdi\/wp-json\/wp\/v2\/users\/8"}],"replies":[{"embeddable":true,"href":"https:\/\/sites.uel.br\/pdi\/wp-json\/wp\/v2\/comments?post=1631"}],"version-history":[{"count":1,"href":"https:\/\/sites.uel.br\/pdi\/wp-json\/wp\/v2\/pages\/1631\/revisions"}],"predecessor-version":[{"id":1632,"href":"https:\/\/sites.uel.br\/pdi\/wp-json\/wp\/v2\/pages\/1631\/revisions\/1632"}],"wp:attachment":[{"href":"https:\/\/sites.uel.br\/pdi\/wp-json\/wp\/v2\/media?parent=1631"}],"curies":[{"name":"wp","href":"https:\/\/api.w.org\/{rel}","templated":true}]}}