{"id":1601,"date":"2022-10-20T11:20:46","date_gmt":"2022-10-20T14:20:46","guid":{"rendered":"https:\/\/sites.uel.br\/pdi\/?page_id=1601"},"modified":"2022-10-20T11:43:41","modified_gmt":"2022-10-20T14:43:41","slug":"proppg-diretoria-de-eventos-cultura-e-relacoes-com-a-sociedade","status":"publish","type":"page","link":"https:\/\/sites.uel.br\/pdi\/proppg-diretoria-de-eventos-cultura-e-relacoes-com-a-sociedade\/","title":{"rendered":"PROPPG &#8211; Diretoria de Eventos, Cultura e Rela\u00e7\u00f5es com a Sociedade"},"content":{"rendered":"\n<p class=\"has-white-color has-text-color\">.<\/p>\n\n\n\n<p>\u00c0 Diretoria de Eventos, Cultura e Rela\u00e7\u00f5es com a Sociedade compete:<\/p>\n\n\n\n<ul class=\"wp-block-list\"><li>coordenar a recep\u00e7\u00e3o de demandas apresentadas \u00e0 institui\u00e7\u00e3o no campo da extens\u00e3o;<\/li><li>promover a articula\u00e7\u00e3o das diferentes \u00e1reas do conhecimento da institui\u00e7\u00e3o visando a an\u00e1lise e o atendimento \u00e0s demandas no campo da extens\u00e3o, apresentadas pelos segmentos da sociedade;<\/li><li>coordenar a divulga\u00e7\u00e3o institucional das atividades extensionistas;<\/li><li>coordenar os cursos e eventos institucionais que tenham origem na pr\u00f3pria PROEX;<\/li><li>coordenar a participa\u00e7\u00e3o institucional em eventos com fulcro extensionista de \u00e2mbito local, regional, nacional e internacional;<\/li><li>emitir a certifica\u00e7\u00e3o de cursos e eventos da institui\u00e7\u00e3o, submetidos \u00e0 PROEX, por meio de sistema virtual;<\/li><li>gerenciar a\u00e7\u00f5es de presta\u00e7\u00e3o de servi\u00e7o volunt\u00e1rio;<\/li><li>gerenciar as propostas de cursos e eventos, mantendo registro e controle dos mesmos;<\/li><li>gerenciar as a\u00e7\u00f5es especiais de prepara\u00e7\u00e3o ao vestibular para estudantes oriundos da escola p\u00fabloca, no \u00e2mbito institucional;<\/li><li>concentrar e divulgar informa\u00e7\u00f5es sobre os \u00f3rg\u00e3os e entidades financiadoras, objetivando o estabelecimento de intercambio e coopera\u00e7\u00e3o para a viabilidade de atividades extensionistas;<\/li><li>assessorar a utiliza\u00e7\u00e3o de recursos financeiros empregados nos cursos e eventos, apoiando \u00f3rg\u00e3os convenientes, se for o caso;<\/li><li>propor diretrizes e altera\u00e7\u00f5es que busquem a melhoria das a\u00e7\u00f5es sob sua responsabilidade;<\/li><li>assessorar a C\u00e2mara de Extens\u00e3o do CEPE na an\u00e1lise de mat\u00e9rias submetidas \u00e0 aprecia\u00e7\u00e3o da mesma;<\/li><li>elaborar, com participa\u00e7\u00e3o das demais unidades da PROEX, o relat\u00f3rio feral de cada exerc\u00edcio;<\/li><li>disseminar as a\u00e7\u00f5es oriundas dos programas e projetos extensionistas;<\/li><li>coordenar a comunica\u00e7\u00e3o impressa e virtual da PROEX;<\/li><li>assessorar o Pr\u00f3-Reitor nos assuntos de sua compet\u00eancia.<\/li><\/ul>\n","protected":false},"excerpt":{"rendered":"<p>. \u00c0 Diretoria de Eventos, Cultura e Rela\u00e7\u00f5es com a Sociedade compete: coordenar a recep\u00e7\u00e3o de demandas apresentadas \u00e0 institui\u00e7\u00e3o no campo da extens\u00e3o; promover a articula\u00e7\u00e3o das diferentes \u00e1reas do conhecimento da institui\u00e7\u00e3o visando a an\u00e1lise e o atendimento \u00e0s demandas no campo da extens\u00e3o, apresentadas pelos segmentos da sociedade; coordenar a divulga\u00e7\u00e3o institucional [&hellip;]<\/p>\n","protected":false},"author":8,"featured_media":0,"parent":0,"menu_order":0,"comment_status":"closed","ping_status":"closed","template":"","meta":{"footnotes":""},"class_list":["post-1601","page","type-page","status-publish","hentry"],"acf":[],"_links":{"self":[{"href":"https:\/\/sites.uel.br\/pdi\/wp-json\/wp\/v2\/pages\/1601","targetHints":{"allow":["GET"]}}],"collection":[{"href":"https:\/\/sites.uel.br\/pdi\/wp-json\/wp\/v2\/pages"}],"about":[{"href":"https:\/\/sites.uel.br\/pdi\/wp-json\/wp\/v2\/types\/page"}],"author":[{"embeddable":true,"href":"https:\/\/sites.uel.br\/pdi\/wp-json\/wp\/v2\/users\/8"}],"replies":[{"embeddable":true,"href":"https:\/\/sites.uel.br\/pdi\/wp-json\/wp\/v2\/comments?post=1601"}],"version-history":[{"count":1,"href":"https:\/\/sites.uel.br\/pdi\/wp-json\/wp\/v2\/pages\/1601\/revisions"}],"predecessor-version":[{"id":1602,"href":"https:\/\/sites.uel.br\/pdi\/wp-json\/wp\/v2\/pages\/1601\/revisions\/1602"}],"wp:attachment":[{"href":"https:\/\/sites.uel.br\/pdi\/wp-json\/wp\/v2\/media?parent=1601"}],"curies":[{"name":"wp","href":"https:\/\/api.w.org\/{rel}","templated":true}]}}