{"id":1539,"date":"2022-10-18T16:42:48","date_gmt":"2022-10-18T19:42:48","guid":{"rendered":"https:\/\/sites.uel.br\/pdi\/?page_id=1539"},"modified":"2022-10-19T16:23:22","modified_gmt":"2022-10-19T19:23:22","slug":"pro-reitoria-de-graduacao-prograd","status":"publish","type":"page","link":"https:\/\/sites.uel.br\/pdi\/pro-reitoria-de-graduacao-prograd\/","title":{"rendered":"Pr\u00f3-Reitoria de Gradua\u00e7\u00e3o (PROGRAD)"},"content":{"rendered":"\n<p class=\"has-white-color has-text-color\">.<\/p>\n\n\n\n<p>A Pr\u00f3-Reitoria de Gradua\u00e7\u00e3o (PROGRAD) \u00e9 o \u00f3rg\u00e3o que planeja, executa e coordena as atividades acad\u00eamicas, atividades relativas a projetos de pesquisa em ensino, atividades referentes ao registro de diplomas e as pol\u00edticas de gradua\u00e7\u00e3o da Universidade.<\/p>\n\n\n\n<p>Ao Pr\u00f3-Reitor de Gradua\u00e7\u00e3o compete:<\/p>\n\n\n\n<ul class=\"wp-block-list\"><li>presidir a C\u00e2mara do Conselho de Ensino, Pesquisa e Extens\u00e3o;<\/li><li>administrar todas as atividades da Pr\u00f3-Rieotira;<\/li><li>assessorar o Reitor nos assuntos de compet\u00eancia da Pr\u00f3-Reitoria.<\/li><\/ul>\n\n\n\n<p>A Pr\u00f3-Reitoria de Gradua\u00e7\u00e3o compreende:<\/p>\n\n\n\n<ul class=\"wp-block-list\"><li>Diretoria de Apoio \u00e0 A\u00e7\u00e3o Pedag\u00f3gica;<\/li><li>Diretoria de Assuntos Acad\u00eamicos;<\/li><li>Secretaria, sob a responsabilidade de um secret\u00e1rio designado;<\/li><li>Assessoria de Acompanhamento T\u00e9cnico.<\/li><\/ul>\n\n\n\n<div class=\"wp-block-columns is-layout-flex wp-container-core-columns-is-layout-9d6595d7 wp-block-columns-is-layout-flex\">\n<div class=\"wp-block-column is-layout-flow wp-block-column-is-layout-flow\">\n<figure class=\"wp-block-gallery has-nested-images columns-default is-cropped wp-block-gallery-1 is-layout-flex wp-block-gallery-is-layout-flex\">\n<figure class=\"wp-block-image size-large\"><a href=\"https:\/\/sites.uel.br\/pdi\/prograd-diretoria-de-apoio-a-acao-pedagogica\/\"><img loading=\"lazy\" decoding=\"async\" width=\"952\" height=\"532\" data-id=\"1572\" src=\"https:\/\/sites.uel.br\/pdi\/wp-content\/uploads\/2022\/10\/prograd-diretoria-de-apoio.jpg\" alt=\"\" class=\"wp-image-1572\" srcset=\"https:\/\/sites.uel.br\/pdi\/wp-content\/uploads\/2022\/10\/prograd-diretoria-de-apoio.jpg 952w, https:\/\/sites.uel.br\/pdi\/wp-content\/uploads\/2022\/10\/prograd-diretoria-de-apoio-300x168.jpg 300w, https:\/\/sites.uel.br\/pdi\/wp-content\/uploads\/2022\/10\/prograd-diretoria-de-apoio-768x429.jpg 768w\" sizes=\"auto, (max-width: 952px) 100vw, 952px\" \/><\/a><\/figure>\n<\/figure>\n<\/div>\n\n\n\n<div class=\"wp-block-column is-layout-flow wp-block-column-is-layout-flow\">\n<figure class=\"wp-block-gallery has-nested-images columns-default is-cropped wp-block-gallery-2 is-layout-flex wp-block-gallery-is-layout-flex\">\n<figure class=\"wp-block-image size-large\"><a href=\"https:\/\/sites.uel.br\/pdi\/prograd-diretoria-de-assuntos-academicos\/\"><img loading=\"lazy\" decoding=\"async\" width=\"952\" height=\"532\" data-id=\"1573\" src=\"https:\/\/sites.uel.br\/pdi\/wp-content\/uploads\/2022\/10\/prograd-diretoria-de-assuntos.jpg\" alt=\"\" class=\"wp-image-1573\" srcset=\"https:\/\/sites.uel.br\/pdi\/wp-content\/uploads\/2022\/10\/prograd-diretoria-de-assuntos.jpg 952w, https:\/\/sites.uel.br\/pdi\/wp-content\/uploads\/2022\/10\/prograd-diretoria-de-assuntos-300x168.jpg 300w, https:\/\/sites.uel.br\/pdi\/wp-content\/uploads\/2022\/10\/prograd-diretoria-de-assuntos-768x429.jpg 768w\" sizes=\"auto, (max-width: 952px) 100vw, 952px\" \/><\/a><\/figure>\n<\/figure>\n<\/div>\n\n\n\n<div class=\"wp-block-column is-layout-flow wp-block-column-is-layout-flow\">\n<figure class=\"wp-block-gallery has-nested-images columns-default is-cropped wp-block-gallery-3 is-layout-flex wp-block-gallery-is-layout-flex\">\n<figure class=\"wp-block-image size-large\"><a href=\"https:\/\/sites.uel.br\/pdi\/prograd-secretaria-2\/\"><img loading=\"lazy\" decoding=\"async\" width=\"952\" height=\"532\" data-id=\"1574\" src=\"https:\/\/sites.uel.br\/pdi\/wp-content\/uploads\/2022\/10\/prograd-secretaria.jpg\" alt=\"\" class=\"wp-image-1574\" srcset=\"https:\/\/sites.uel.br\/pdi\/wp-content\/uploads\/2022\/10\/prograd-secretaria.jpg 952w, https:\/\/sites.uel.br\/pdi\/wp-content\/uploads\/2022\/10\/prograd-secretaria-300x168.jpg 300w, https:\/\/sites.uel.br\/pdi\/wp-content\/uploads\/2022\/10\/prograd-secretaria-768x429.jpg 768w\" sizes=\"auto, (max-width: 952px) 100vw, 952px\" \/><\/a><\/figure>\n<\/figure>\n<\/div>\n\n\n\n<div class=\"wp-block-column is-layout-flow wp-block-column-is-layout-flow\">\n<figure class=\"wp-block-gallery has-nested-images columns-default is-cropped wp-block-gallery-4 is-layout-flex wp-block-gallery-is-layout-flex\">\n<figure class=\"wp-block-image size-large\"><a href=\"https:\/\/sites.uel.br\/pdi\/prograd-assessoria-de-acompanhamento-tecnico\/\"><img loading=\"lazy\" decoding=\"async\" width=\"1987\" height=\"1110\" data-id=\"1571\" src=\"https:\/\/sites.uel.br\/pdi\/wp-content\/uploads\/2022\/10\/prograd-assessoria.png\" alt=\"\" class=\"wp-image-1571\" srcset=\"https:\/\/sites.uel.br\/pdi\/wp-content\/uploads\/2022\/10\/prograd-assessoria.png 1987w, https:\/\/sites.uel.br\/pdi\/wp-content\/uploads\/2022\/10\/prograd-assessoria-300x168.png 300w, https:\/\/sites.uel.br\/pdi\/wp-content\/uploads\/2022\/10\/prograd-assessoria-1024x572.png 1024w, https:\/\/sites.uel.br\/pdi\/wp-content\/uploads\/2022\/10\/prograd-assessoria-768x429.png 768w, https:\/\/sites.uel.br\/pdi\/wp-content\/uploads\/2022\/10\/prograd-assessoria-1536x858.png 1536w\" sizes=\"auto, (max-width: 1987px) 100vw, 1987px\" \/><\/a><\/figure>\n<\/figure>\n<\/div>\n<\/div>\n","protected":false},"excerpt":{"rendered":"<p>. A Pr\u00f3-Reitoria de Gradua\u00e7\u00e3o (PROGRAD) \u00e9 o \u00f3rg\u00e3o que planeja, executa e coordena as atividades acad\u00eamicas, atividades relativas a projetos de pesquisa em ensino, atividades referentes ao registro de diplomas e as pol\u00edticas de gradua\u00e7\u00e3o da Universidade. Ao Pr\u00f3-Reitor de Gradua\u00e7\u00e3o compete: presidir a C\u00e2mara do Conselho de Ensino, Pesquisa e Extens\u00e3o; administrar todas [&hellip;]<\/p>\n","protected":false},"author":8,"featured_media":0,"parent":0,"menu_order":0,"comment_status":"closed","ping_status":"closed","template":"","meta":{"footnotes":""},"class_list":["post-1539","page","type-page","status-publish","hentry"],"acf":[],"_links":{"self":[{"href":"https:\/\/sites.uel.br\/pdi\/wp-json\/wp\/v2\/pages\/1539","targetHints":{"allow":["GET"]}}],"collection":[{"href":"https:\/\/sites.uel.br\/pdi\/wp-json\/wp\/v2\/pages"}],"about":[{"href":"https:\/\/sites.uel.br\/pdi\/wp-json\/wp\/v2\/types\/page"}],"author":[{"embeddable":true,"href":"https:\/\/sites.uel.br\/pdi\/wp-json\/wp\/v2\/users\/8"}],"replies":[{"embeddable":true,"href":"https:\/\/sites.uel.br\/pdi\/wp-json\/wp\/v2\/comments?post=1539"}],"version-history":[{"count":5,"href":"https:\/\/sites.uel.br\/pdi\/wp-json\/wp\/v2\/pages\/1539\/revisions"}],"predecessor-version":[{"id":1586,"href":"https:\/\/sites.uel.br\/pdi\/wp-json\/wp\/v2\/pages\/1539\/revisions\/1586"}],"wp:attachment":[{"href":"https:\/\/sites.uel.br\/pdi\/wp-json\/wp\/v2\/media?parent=1539"}],"curies":[{"name":"wp","href":"https:\/\/api.w.org\/{rel}","templated":true}]}}