{"id":1164,"date":"2022-10-04T09:47:03","date_gmt":"2022-10-04T12:47:03","guid":{"rendered":"https:\/\/sites.uel.br\/pdi\/?page_id=1164"},"modified":"2022-10-17T12:58:26","modified_gmt":"2022-10-17T15:58:26","slug":"fml-acordes-de-inverno","status":"publish","type":"page","link":"https:\/\/sites.uel.br\/pdi\/fml-acordes-de-inverno\/","title":{"rendered":"FML: Acordes de Inverno"},"content":{"rendered":"\n<p class=\"has-white-color has-text-color\">.<\/p>\n\n\n\n<p>A primeira edi\u00e7\u00e3o do Festival Internacional de M\u00fasica de Londrina (FML), foi realizada em 1980. Nessas quatro d\u00e9cadas, o Festival trouxe a Londrina m\u00fasicos do Brasil, Alemanha, R\u00fassia, Estados Unidos, Venezuela, It\u00e1lia e Fran\u00e7a, entre outros pa\u00edses. S\u00e3o 42 anos de conte\u00fado consistente na programa\u00e7\u00e3o pedag\u00f3gica, de alto n\u00edvel na programa\u00e7\u00e3o art\u00edstica, de ineditismo nos projetos apresentados, elevando o nome de Londrina no cen\u00e1rio musical nacional e internacional, firmando-se como um dos mais importantes da regi\u00e3o sul do pa\u00eds. O Festival de M\u00fasica de Londrina, que acontece no m\u00eas de julho, \u00e9 uma realiza\u00e7\u00e3o do Governo do Paran\u00e1, Prefeitura do Munic\u00edpio de Londrina, UEL e Associa\u00e7\u00e3o de Amigos do Festival de M\u00fasica de Londrina. O FML mant\u00e9m duas estruturas que se entrela\u00e7am gerando novos valores e vis\u00f5es para a cria\u00e7\u00e3o, viv\u00eancia, performance e educa\u00e7\u00e3o musical, sendo elas a estrutura pedag\u00f3gica e a estrutura art\u00edstica. Essas estruturas procuram privilegiar todas as m\u00fasicas, mas principalmente a m\u00fasica brasileira.<\/p>\n\n\n\n<p>A programa\u00e7\u00e3o pedag\u00f3gica, com cursos ministrados por professores reconhecidos no Brasil e no exterior, prop\u00f5e alternativas e novos direcionamentos para o fazer musical e para a educa\u00e7\u00e3o musical, configurando-se num terreno de congra\u00e7amento est\u00e9tico e de diversidade cultural presentes na contemporaneidade. A sistematiza\u00e7\u00e3o dos diversos m\u00f3dulos da estrutura pedag\u00f3gica visa possibilitar a variedade e a abrang\u00eancia de experi\u00eancias musicais, al\u00e9m de facilitar a organiza\u00e7\u00e3o e escolha dos cursos, procurando garantir resultados integrados. A programa\u00e7\u00e3o art\u00edstica do FML promove concertos e \u00e9 realizada nos mais diferentes espa\u00e7os da cidade: teatros, shoppings, pra\u00e7as, igrejas, escolas, universidades, creches, asilos, penitenci\u00e1rias, hospitais, empresas e ainda em cidades da regi\u00e3o. Durante o Festival, \u00e9 realizado tamb\u00e9m o Simp\u00f3sio Paranaense de Educa\u00e7\u00e3o Musical (SPEM), a cargo do Departamento de M\u00fasica da UEL.<\/p>\n\n\n\n<p class=\"has-text-align-center\">O texto est\u00e1 citado na lista de refer\u00eancias como REVISTA UEL (2011).<\/p>\n","protected":false},"excerpt":{"rendered":"<p>. A primeira edi\u00e7\u00e3o do Festival Internacional de M\u00fasica de Londrina (FML), foi realizada em 1980. Nessas quatro d\u00e9cadas, o Festival trouxe a Londrina m\u00fasicos do Brasil, Alemanha, R\u00fassia, Estados Unidos, Venezuela, It\u00e1lia e Fran\u00e7a, entre outros pa\u00edses. S\u00e3o 42 anos de conte\u00fado consistente na programa\u00e7\u00e3o pedag\u00f3gica, de alto n\u00edvel na programa\u00e7\u00e3o art\u00edstica, de ineditismo [&hellip;]<\/p>\n","protected":false},"author":8,"featured_media":0,"parent":0,"menu_order":0,"comment_status":"closed","ping_status":"closed","template":"","meta":{"footnotes":""},"class_list":["post-1164","page","type-page","status-publish","hentry"],"acf":[],"_links":{"self":[{"href":"https:\/\/sites.uel.br\/pdi\/wp-json\/wp\/v2\/pages\/1164","targetHints":{"allow":["GET"]}}],"collection":[{"href":"https:\/\/sites.uel.br\/pdi\/wp-json\/wp\/v2\/pages"}],"about":[{"href":"https:\/\/sites.uel.br\/pdi\/wp-json\/wp\/v2\/types\/page"}],"author":[{"embeddable":true,"href":"https:\/\/sites.uel.br\/pdi\/wp-json\/wp\/v2\/users\/8"}],"replies":[{"embeddable":true,"href":"https:\/\/sites.uel.br\/pdi\/wp-json\/wp\/v2\/comments?post=1164"}],"version-history":[{"count":2,"href":"https:\/\/sites.uel.br\/pdi\/wp-json\/wp\/v2\/pages\/1164\/revisions"}],"predecessor-version":[{"id":1273,"href":"https:\/\/sites.uel.br\/pdi\/wp-json\/wp\/v2\/pages\/1164\/revisions\/1273"}],"wp:attachment":[{"href":"https:\/\/sites.uel.br\/pdi\/wp-json\/wp\/v2\/media?parent=1164"}],"curies":[{"name":"wp","href":"https:\/\/api.w.org\/{rel}","templated":true}]}}