{"id":1158,"date":"2022-10-04T09:44:09","date_gmt":"2022-10-04T12:44:09","guid":{"rendered":"https:\/\/sites.uel.br\/pdi\/?page_id=1158"},"modified":"2022-10-17T13:01:05","modified_gmt":"2022-10-17T16:01:05","slug":"centro-de-documentacao-da-casa-de-cultura-da-uel","status":"publish","type":"page","link":"https:\/\/sites.uel.br\/pdi\/centro-de-documentacao-da-casa-de-cultura-da-uel\/","title":{"rendered":"Centro de Documenta\u00e7\u00e3o da Casa de Cultura da UEL"},"content":{"rendered":"\n<p class=\"has-text-color\" style=\"color:#fefefe\">.<\/p>\n\n\n\n<p>A Casa de Cultura, por meio da forma\u00e7\u00e3o de um significativo acervo impresso, sonoro e audiovisual, constitu\u00eddo por cat\u00e1logos, livros de arte e sobre arte, textos teatrais, registros videogr\u00e1ficos e fotogr\u00e1ficos de espet\u00e1culos, filmes de fic\u00e7\u00e3o e document\u00e1rios, grava\u00e7\u00f5es musicais e partituras, dentre outros materiais, implantou em 2006 e consolidou em 2008 um Centro de Documenta\u00e7\u00e3o. O acervo, embora pequeno, tem se constitu\u00eddo em um relevante apoio \u00e0 comunidade no acesso \u00e0 compreens\u00e3o da arte e tamb\u00e9m como suporte a algumas atividades acad\u00eamicas desenvolvidas nas gradua\u00e7\u00f5es relacionadas a esta \u00e1rea do conhecimento, mantidas pela UEL. Entre 2008 e 2013 a Casa de Cultura da UEL recebeu importantes doa\u00e7\u00f5es, destacando-se entre elas as do Ita\u00fa Cultural de S\u00e3o Paulo, de diversas institui\u00e7\u00f5es ligadas a \u00e1rea de cultura e arte e de v\u00e1rios artistas, em especial da fam\u00edlia do m\u00fasico e funcion\u00e1rio da Divis\u00e3o de M\u00fasica da Casa de Cultura, Roberto&nbsp;Panico.<\/p>\n\n\n\n<p>As atividades realizadas neste local referem-se \u00e0 normaliza\u00e7\u00e3o de trabalhos, pesquisa, apoio para atividades das demais divis\u00f5es, classifica\u00e7\u00e3o, cataloga\u00e7\u00e3o e processamento t\u00e9cnico do acervo informacional da Casa de Cultura. As a\u00e7\u00f5es de classifica\u00e7\u00e3o, cataloga\u00e7\u00e3o e processamento t\u00e9cnico do acervo informacional da Casa de Cultura viabiliza-se tamb\u00e9m como campo de est\u00e1gio comportando alunos do curso de Biblioteconomia e tamb\u00e9m do ensino m\u00e9dio na categoria de est\u00e1gio para menor aprendiz. As doa\u00e7\u00f5es de acervo efetuadas pela comunidade e recebidas no Centro de Documenta\u00e7\u00e3o est\u00e3o em cont\u00ednuo processo de classifica\u00e7\u00e3o, cataloga\u00e7\u00e3o e processamento t\u00e9cnico. Outro ponto de destaque do Centro de Documenta\u00e7\u00e3o da Casa de Cultura, \u00e9 sua caracteriza\u00e7\u00e3o como campo de pesquisa para alunos dos cursos de M\u00fasica, Artes C\u00eanicas, Artes Pl\u00e1sticas e \u00e1reas correlatas.<\/p>\n\n\n\n<p class=\"has-text-align-center\">O texto est\u00e1 citado na lista de refer\u00eancias como CASA DE CULTURA (2022).<\/p>\n","protected":false},"excerpt":{"rendered":"<p>. A Casa de Cultura, por meio da forma\u00e7\u00e3o de um significativo acervo impresso, sonoro e audiovisual, constitu\u00eddo por cat\u00e1logos, livros de arte e sobre arte, textos teatrais, registros videogr\u00e1ficos e fotogr\u00e1ficos de espet\u00e1culos, filmes de fic\u00e7\u00e3o e document\u00e1rios, grava\u00e7\u00f5es musicais e partituras, dentre outros materiais, implantou em 2006 e consolidou em 2008 um Centro [&hellip;]<\/p>\n","protected":false},"author":8,"featured_media":0,"parent":0,"menu_order":0,"comment_status":"closed","ping_status":"closed","template":"","meta":{"footnotes":""},"class_list":["post-1158","page","type-page","status-publish","hentry"],"acf":[],"_links":{"self":[{"href":"https:\/\/sites.uel.br\/pdi\/wp-json\/wp\/v2\/pages\/1158","targetHints":{"allow":["GET"]}}],"collection":[{"href":"https:\/\/sites.uel.br\/pdi\/wp-json\/wp\/v2\/pages"}],"about":[{"href":"https:\/\/sites.uel.br\/pdi\/wp-json\/wp\/v2\/types\/page"}],"author":[{"embeddable":true,"href":"https:\/\/sites.uel.br\/pdi\/wp-json\/wp\/v2\/users\/8"}],"replies":[{"embeddable":true,"href":"https:\/\/sites.uel.br\/pdi\/wp-json\/wp\/v2\/comments?post=1158"}],"version-history":[{"count":2,"href":"https:\/\/sites.uel.br\/pdi\/wp-json\/wp\/v2\/pages\/1158\/revisions"}],"predecessor-version":[{"id":1279,"href":"https:\/\/sites.uel.br\/pdi\/wp-json\/wp\/v2\/pages\/1158\/revisions\/1279"}],"wp:attachment":[{"href":"https:\/\/sites.uel.br\/pdi\/wp-json\/wp\/v2\/media?parent=1158"}],"curies":[{"name":"wp","href":"https:\/\/api.w.org\/{rel}","templated":true}]}}