{"id":1150,"date":"2022-10-04T09:39:39","date_gmt":"2022-10-04T12:39:39","guid":{"rendered":"https:\/\/sites.uel.br\/pdi\/?page_id=1150"},"modified":"2022-10-17T13:00:04","modified_gmt":"2022-10-17T16:00:04","slug":"divisao-de-musica-da-casa-de-cultura-da-uel","status":"publish","type":"page","link":"https:\/\/sites.uel.br\/pdi\/divisao-de-musica-da-casa-de-cultura-da-uel\/","title":{"rendered":"Divis\u00e3o de M\u00fasica da Casa de Cultura da UEL"},"content":{"rendered":"\n<p class=\"has-text-color\" style=\"color:#fefefe\">.<\/p>\n\n\n\n<p>A Divis\u00e3o de M\u00fasica da Casa de Cultura \u00e9 a respons\u00e1vel pelo planejamento, coordena\u00e7\u00e3o e execu\u00e7\u00e3o das atividades musicais da Casa de Cultura da UEL. Conta com a Se\u00e7\u00e3o de M\u00fasica Vocal (SMV), respons\u00e1vel pelos Coros da UEL e pelo NEUMA; e, com a Se\u00e7\u00e3o de M\u00fasica Instrumental (SMI), respons\u00e1vel pela Orquestra Sinf\u00f4nica da UEL (OSUEL) e pelo Conjunto Prel\u00fadio \u2013 Orquestra Jovem da UEL.<\/p>\n\n\n\n<p>Compete \u00e0 Se\u00e7\u00e3o de M\u00fasica Vocal coordenar t\u00e9cnica e administrativamente os Grupos Art\u00edsticos (Coros da UEL e NEUMA), programas e atividades de se\u00e7\u00e3o. Atualmente, a SMV conta com cinco coros:<\/p>\n\n\n\n<p>Coro UEL. Surgiu nos anos 1972. \u00c9 composto por cantores adultos da comunidade londrinense. O Coro UEL desenvolve repert\u00f3rio com composi\u00e7\u00f5es sacras, eruditas e populares.<\/p>\n\n\n\n<p>Coro Juvenil da UEL. Fundado em 1992. \u00c9 composto por jovens da comunidade londrinense com idade entre 14 e 19 anos. Seu repert\u00f3rio consiste de pe\u00e7as populares e\/ou eruditas de variados per\u00edodos musicais, com \u00eanfase em pe\u00e7as brasileiras e de outras nacionalidades, desde que apropriadas para vozes juvenis.<\/p>\n\n\n\n<p>Coro Infantil da UEL. Composto por crian\u00e7as com idade entre 8 e 13 anos, provenientes de diferentes setores da comunidade. Executa repert\u00f3rio de pe\u00e7as folcl\u00f3ricas e populares de diferentes pa\u00edses, a duas e tr\u00eas vozes.<\/p>\n\n\n\n<p>Coro Tempos Dourados UEL. Fundado em 2000. \u00c9 um coro de vozes femininas, senhoras com mais de 55 anos, da comunidade londrinense e regi\u00e3o. O repert\u00f3rio \u00e9 composto por m\u00fasicas brasileiras e internacionais, populares e sacras.<\/p>\n\n\n\n<p>Partindo da monodia, os trabalhos do NEUMA prop\u00f5em a experi\u00eancia est\u00e9tico-musical com a can\u00e7\u00e3o dos s\u00e9culos IX ao XIV, Ars&nbsp;Antiqua&nbsp;e Ars Nova \u2013 g\u00eaneros e mudan\u00e7as de estilo. A polifonia g\u00f3tica e sua influ\u00eancia na m\u00fasica polif\u00f4nica posterior, suas manifesta\u00e7\u00f5es na Fran\u00e7a, It\u00e1lia, Inglaterra e Pen\u00ednsula Ib\u00e9rica. Com o canto eclesi\u00e1stico, entendimento do sistema modal e contraste da m\u00fasica cortes\u00e3 de v\u00e1rios pa\u00edses \u00e9 buscada a montagem de concertos com tem\u00e1ticas espec\u00edficas dentro do ano lit\u00fargico e festas, eventos e situa\u00e7\u00f5es comuns da sociedade da alta \u00e0 baixa Idade M\u00e9dia. O Repert\u00f3rio Mon\u00f3dico Medieval, al\u00e9m de proporcionar a viv\u00eancia de uma realidade hist\u00f3rica distinta da forma\u00e7\u00e3o musical brasileira, contribui para o entendimento das transforma\u00e7\u00f5es&nbsp;s\u00f3cio-est\u00e9ticas&nbsp;ocorridas atrav\u00e9s da hist\u00f3ria da m\u00fasica e sua consequ\u00eancia polif\u00f4nica.&nbsp;<\/p>\n\n\n\n<p>A M\u00fasica Historicamente Informada \u00e9 a \u00e1rea da Divis\u00e3o de M\u00fasica que se dedica ao estudo e pr\u00e1tica da m\u00fasica realizada entre os s\u00e9culos IX ao XVIII. Foi criada em 26 de outubro de 1995 com o NEUMA (Ensemble Universit\u00e1rio de M\u00fasica Antiga). Esta proposta partiu de instrumentos modernos com interesse na aquisi\u00e7\u00e3o de c\u00f3pias de instrumentos antigos segundo t\u00e9cnicas de constru\u00e7\u00e3o de \u00e9poca. Os trabalhos se dividem em \u00e1reas vocais e instrumentais espec\u00edficas da era medieval, renascimento e barroco.<\/p>\n\n\n\n<p>Al\u00e9m de aspectos hist\u00f3ricos, existe o interesse interdisciplinar agregando conhecimentos de filosofia, literatura, teatro, f\u00edsica, matem\u00e1ticas, entre outras mat\u00e9rias afins. Todo este conhecimento colabora ao melhor entendimento do contexto s\u00f3cio-pol\u00edtico-cultural da Idade M\u00e9dia, Renascimento e Barroco, para a constru\u00e7\u00e3o de um pensamento t\u00e9cnico-musical, visando uma performance historicamente informada, diferenciada e viva na atualidade. Por \u201chistoricamente informada\u201d se entende o conhecimento e a utiliza\u00e7\u00e3o de tratados, textos, cartas, imagens \u2013 iconografia, entre outros documentos e fontes dos per\u00edodos citados.<\/p>\n\n\n\n<p>Abrigado \u00e0 \u00e1rea M\u00fasica Historicamente Informada est\u00e1 o Coro de \u00d3pera Barroca Color&nbsp;Rhetoricus. Trata-se de um grupo est\u00e1vel da Divis\u00e3o de M\u00fasica criado no dia 12 de junho de 2018 destinado a cantores amadores que se interessam pelo repertorio do per\u00edodo barroco e com um conhecimento b\u00e1sico de leitura musical ou com experi\u00eancia de mais de dois anos em canto oral. Tem como objetivos: estudar o repert\u00f3rio e a fun\u00e7\u00e3o do coro de \u00f3pera barroca; conhecer e praticar a flexibilidade vocal, os efeitos que podem e devem ser utilizados como parte c\u00eanico-musical das obras; estudar e experimentar a cria\u00e7\u00e3o dos personagens e a incorpora\u00e7\u00e3o dos membros enquanto elementos c\u00eanico-musicais das obras; conhecer e praticar a Gestualidade Barroca com os aspectos ret\u00f3ricos na&nbsp;mis-en-sc\u00e8ne&nbsp;do per\u00edodo; e, estudar e utilizar a Teoria dos Afetos e como o cantar-falando e o falar-cantando \u00e9 incorporado \u00e0 melodia\/harmonia das obras.<\/p>\n\n\n\n<p>Compete \u00e0 Se\u00e7\u00e3o de M\u00fasica Instrumental coordenar t\u00e9cnica e administrativamente os Grupos Art\u00edsticos (OSUEL e Prel\u00fadio), programas, projetos e atividades da respectiva se\u00e7\u00e3o.<\/p>\n\n\n\n<p>A Orquestra Sinf\u00f4nica da Universidade Estadual e Londrina, primeira orquestra sinf\u00f4nica do Paran\u00e1, foi criada oficialmente em 14 de mar\u00e7o de 1984, na gest\u00e3o do Reitor Dr. Marco&nbsp;Antonio&nbsp;Fiori, tendo como objetivos: interpretar e difundir o repert\u00f3rio sinf\u00f4nico tradicional e contempor\u00e2neo com \u00eanfase na m\u00fasica brasileira; e, dar suporte \u00e0s atividades acad\u00eamicas dos cursos ligados \u00e0 \u00e1rea de m\u00fasica, atrav\u00e9s de integra\u00e7\u00e3o com o ensino, pesquisa e extens\u00e3o. A Orquestra \u00e9 uma entidade cultural que visa estimular a aprecia\u00e7\u00e3o musical da popula\u00e7\u00e3o a ponto de possibilitar aos cidad\u00e3os ferramentas para que os mesmos ampliem o seu repert\u00f3rio musical hist\u00f3rico assim como possam formular uma opini\u00e3o cr\u00edtica sobre as mais diversas manifesta\u00e7\u00f5es est\u00e9ticas ao longo da hist\u00f3ria da m\u00fasica ocidental. A OSUEL busca, desta forma, despertar o interesse pela m\u00fasica de concerto, estimulando o p\u00fablico a refletir e a desenvolver o h\u00e1bito de escuta cr\u00edtica bem como o papel da m\u00fasica na sociedade contempor\u00e2nea.<\/p>\n\n\n\n<p>A Orquestra Prel\u00fadio UEL, Orquestra Jovem da Universidade Estadual de Londrina, estreou em p\u00fablico em dezembro de 1985, um ano ap\u00f3s a funda\u00e7\u00e3o da OSUEL. A cria\u00e7\u00e3o da Prel\u00fadio foi idealizada pelo Maestro&nbsp;Othonio&nbsp;Benvenuto, primeiro regente da OSUEL. \u00c9 destinada a estudantes de instrumentos de orquestra. Por ter uma caracter\u00edstica de forma\u00e7\u00e3o, \u00e9 destinado tamb\u00e9m a qualquer pessoa que tenha interesse e disposi\u00e7\u00e3o para se dedicar no aprendizado de um instrumento. O repert\u00f3rio trabalhado \u00e9 de pe\u00e7as de compositores dos diversos per\u00edodos musicais, considerando o seu car\u00e1ter did\u00e1tico. Dentro dessas caracter\u00edsticas, dedica especial aten\u00e7\u00e3o \u00e0 m\u00fasica brasileira. Paralelamente, \u00e9 desenvolvido um trabalho de m\u00fasica de c\u00e2mara voltado aos alunos que mais t\u00eam se destacado no aprendizado, permitindo-lhes conhecer um repert\u00f3rio mais elaborado como camerista ou&nbsp;solista.<\/p>\n\n\n\n<p>Abrigada \u00e0 \u00e1rea M\u00fasica Historicamente Informada est\u00e1 a Orquestra Barroca&nbsp;Capriccio&nbsp;Stravagante. A linguagem do barroco se expressa atrav\u00e9s de muitas especificidades, como a constru\u00e7\u00e3o dos instrumentos que \u00e9 diversa dos instrumentos modernos, afina\u00e7\u00e3o, t\u00e9cnicas espec\u00edficas e pensamento \u201cfilos\u00f3fico\u201d sobre o fazer musical, entre tantas outras caracter\u00edsticas. Com esta atividade busca-se estimular os m\u00fasicos estudantes e interessados no repert\u00f3rio a dedicarem-se e aprofundar a pr\u00e1tica deste per\u00edodo, atrav\u00e9s de ensaios semanais e atividades de apoio individual. O objetivo desta proposta \u00e9 a cria\u00e7\u00e3o e inclus\u00e3o de um movimento de m\u00fasica barroca com volunt\u00e1rios da comunidade da cidade e universit\u00e1ria.<\/p>\n\n\n\n<p>Dentre as in\u00fameras atividades que desenvolve, a Divis\u00e3o de M\u00fasica oferece oportunidades com as seguintes a\u00e7\u00f5es did\u00e1ticas:<\/p>\n\n\n\n<p>Projeto Violoncelo. \u00c9 uma atividade formativa destinada a estudantes do instrumento violoncelo de Londrina e regi\u00e3o. A faixa et\u00e1ria atendida \u00e9 a partir dos 10 anos de idade. Os alunos participantes t\u00eam aulas gratuitas do instrumento.<\/p>\n\n\n\n<p>Curso de Percep\u00e7\u00e3o Musical e T\u00e9cnica Vocal. Destinado a cantores, estudantes de m\u00fasica e m\u00fasicos amadores que necessitam de uma base mais s\u00f3lida ao conhecimento que j\u00e1 possuem, para construir, definir e incrementar sua performance musical.<\/p>\n\n\n\n<p>Curso de Leitura a Prima Vista. Dedicado \u00e0 pr\u00e1tica de solfejo a 1, 2, 3 e 4 vozes em v\u00e1rias claves, compassos, tonalidades e modos, com diversos tipos de nota\u00e7\u00e3o desde o canto gregoriano at\u00e9 a nota\u00e7\u00e3o de m\u00fasica contempor\u00e2nea.<\/p>\n\n\n\n<p>Curso Pr\u00e1tica de Hist\u00f3ria da M\u00fasica Medieval. Este curso se constr\u00f3i atrav\u00e9s de fontes liter\u00e1rias, partituras e afins, visando recriar os diversos repert\u00f3rios e construir uma mostra de exemplos que fizeram parte do \u201ccorpus\u201d musical representativo de mudan\u00e7as ocorridas na sociedade europeia desde o s\u00e9culo IX ao XV.<\/p>\n\n\n\n<p class=\"has-text-align-center\">O texto est\u00e1 citado na lista de refer\u00eancias como CASA DE CULTURA (2022).<\/p>\n","protected":false},"excerpt":{"rendered":"<p>. A Divis\u00e3o de M\u00fasica da Casa de Cultura \u00e9 a respons\u00e1vel pelo planejamento, coordena\u00e7\u00e3o e execu\u00e7\u00e3o das atividades musicais da Casa de Cultura da UEL. Conta com a Se\u00e7\u00e3o de M\u00fasica Vocal (SMV), respons\u00e1vel pelos Coros da UEL e pelo NEUMA; e, com a Se\u00e7\u00e3o de M\u00fasica Instrumental (SMI), respons\u00e1vel pela Orquestra Sinf\u00f4nica da [&hellip;]<\/p>\n","protected":false},"author":8,"featured_media":0,"parent":0,"menu_order":0,"comment_status":"closed","ping_status":"closed","template":"","meta":{"footnotes":""},"class_list":["post-1150","page","type-page","status-publish","hentry"],"acf":[],"_links":{"self":[{"href":"https:\/\/sites.uel.br\/pdi\/wp-json\/wp\/v2\/pages\/1150","targetHints":{"allow":["GET"]}}],"collection":[{"href":"https:\/\/sites.uel.br\/pdi\/wp-json\/wp\/v2\/pages"}],"about":[{"href":"https:\/\/sites.uel.br\/pdi\/wp-json\/wp\/v2\/types\/page"}],"author":[{"embeddable":true,"href":"https:\/\/sites.uel.br\/pdi\/wp-json\/wp\/v2\/users\/8"}],"replies":[{"embeddable":true,"href":"https:\/\/sites.uel.br\/pdi\/wp-json\/wp\/v2\/comments?post=1150"}],"version-history":[{"count":2,"href":"https:\/\/sites.uel.br\/pdi\/wp-json\/wp\/v2\/pages\/1150\/revisions"}],"predecessor-version":[{"id":1275,"href":"https:\/\/sites.uel.br\/pdi\/wp-json\/wp\/v2\/pages\/1150\/revisions\/1275"}],"wp:attachment":[{"href":"https:\/\/sites.uel.br\/pdi\/wp-json\/wp\/v2\/media?parent=1150"}],"curies":[{"name":"wp","href":"https:\/\/api.w.org\/{rel}","templated":true}]}}