{"id":1136,"date":"2022-10-04T09:29:34","date_gmt":"2022-10-04T12:29:34","guid":{"rendered":"https:\/\/sites.uel.br\/pdi\/?page_id=1136"},"modified":"2022-10-04T09:29:34","modified_gmt":"2022-10-04T12:29:34","slug":"eduel","status":"publish","type":"page","link":"https:\/\/sites.uel.br\/pdi\/eduel\/","title":{"rendered":"EDUEL"},"content":{"rendered":"\n<p class=\"has-text-color\" style=\"color:#fefefe\">.<\/p>\n\n\n\n<p>A Editora da Universidade Estadual de Londrina (EDUEL) foi criada em 1995 e tem publicado centenas de livros acad\u00eamicos impressos e e-books para venda online, na livraria do campus da EDUEL, em muitas livrarias por todo o Brasil e pelas empresas no chamado Marketplace. As obras enviadas \u00e0 EDUEL para publica\u00e7\u00e3o primeiramente s\u00e3o avaliadas por dois revisores ad\u00a0hoc, em avalia\u00e7\u00e3o \u00e0s cegas, e depois devem ser aprovadas pelo Conselho Editorial, o qual \u00e9 composto por nove membros nomeados pelo Conselho dos Centros de Estudos da Universidade Estadual de Londrina e presidido pela dire\u00e7\u00e3o da editora.<\/p>\n\n\n\n<p>Em rela\u00e7\u00e3o aos pr\u00e9mios e indica\u00e7\u00f5es, a EDUEL possui o seguinte hist\u00f3rico:<\/p>\n\n\n\n<p>Em 2004, finalista do Pr\u00eamio Jabuti na categoria Cr\u00edtica\/Teoria Liter\u00e1ria com a obra \u201cPedro Nava e a Constru\u00e7\u00e3o do Texto\u201d, de Edina\u00a0Panichi\u00a0e Miguel\u00a0Contani.<\/p>\n\n\n\n<p>Em 2007, finalista do Pr\u00eamio Jabuti na categoria Capa com a obra \u201cA Quest\u00e3o da Religi\u00e3o em Auguste Comte\u201d, de Sergio\u00a0Tiski. O projeto da capa foi desenvolvido por Anderson Guapo.<\/p>\n\n\n\n<p>Em 2010, finalista do Pr\u00eamio Jabuti na categoria Cr\u00edtica\/Teoria Liter\u00e1ria com a obra \u201cPara a Hist\u00f3ria do Portugu\u00eas Brasileiro, Volume VII \u2013 Vozes, Veredas, Voragens (Tomos\u00a0I\u00a0e II)\u201d, organizada por\u00a0Vanderci\u00a0Aguilera.<\/p>\n\n\n\n<p>Em 2011, finalista do Pr\u00eamio Jabuti na categoria Ci\u00eancias Exatas com a obra \u201cConstitui\u00e7\u00e3o do Saber Matem\u00e1tico\u201d, de Renata C. Geromel\u00a0Menegghetti.<\/p>\n\n\n\n<p>Em 2011, finalista do Pr\u00eamio Jabuti na categoria Educa\u00e7\u00e3o com a obra \u201cViol\u00eancia, Indisciplina e Educa\u00e7\u00e3o\u201d, organizada por Leoni Maria Padilha Henning e Maria Luiza Macedo\u00a0Abud.<\/p>\n\n\n\n<p>Em 2011, vencedora do Pr\u00eamio Jabuti na categoria Tradu\u00e7\u00e3o com a obra \u201cNoites \u00c1ticas\u201d, de Aulo\u00a0G\u00e9lio\u00a0e tradu\u00e7\u00e3o de Jos\u00e9 Rodrigues Seabra Filho.<\/p>\n\n\n\n<p>Em 2012, finalista do Pr\u00eamio Jabuti na categoria Capa com a obra \u201cForma\u00e7\u00e3o (Bildung), Educa\u00e7\u00e3o e Experimenta\u00e7\u00e3o em Nietzche\u201d, de Jos\u00e9 Fernandes Weber. O projeto da capa foi desenvolvido por Marcos da Mata.<\/p>\n\n\n\n<p>Em 2013, finalista do Pr\u00eamio Jabuti na categoria Did\u00e1tico\/Paradid\u00e1tico com a obra \u201cJogos Tradicionais e a Educa\u00e7\u00e3o F\u00edsica\u201d, de Gisele Franco de Lima Santos.<\/p>\n\n\n\n<p>Em 2014, finalista do Pr\u00eamio Jabuti na categoria Comunica\u00e7\u00e3o com a obra \u201cMito e Filme Publicit\u00e1rio: Estruturas de Significa\u00e7\u00e3o\u201d, de\u00a0Hetz\u00a0Wendel de Camargo.<\/p>\n\n\n\n<p>A EDUEL possui um ramo multil\u00edngue internacional, denominado de EDUEL Internacional, que edita, produz e comercializa livros online em ingl\u00eas, franc\u00eas, espanhol, portugu\u00eas, italiano e alem\u00e3o, tanto no formato digital quanto no formato impresso. A EDUEL internacional foi criada para impulsionar ainda mais a excel\u00eancia da pesquisa e do conhecimento pela publica\u00e7\u00e3o internacional de livros de natureza human\u00edstica e cientifica ou suas tradu\u00e7\u00f5es para o p\u00fablico acad\u00eamico e pesquisadores.<\/p>\n\n\n\n<p>A EDUEL oferece seis linhas editoriais, sendo elas:<\/p>\n\n\n\n<p>Livros Acad\u00eamicos: livros de car\u00e1ter t\u00e9cnico-cient\u00edfico in\u00e9ditos e tradu\u00e7\u00f5es destinadas ao p\u00fablico acad\u00eamico e aos pesquisadores em geral.<\/p>\n\n\n\n<p>Di\u00e1logos Pedag\u00f3gicos: Pr\u00e1ticas pedag\u00f3gicas inovadoras; novas tecnologias e novas formas de interven\u00e7\u00e3o pedag\u00f3gica; e, media\u00e7\u00f5es midi\u00e1ticas entre o ensino e a aprendizagem.<\/p>\n\n\n\n<p>Arquivo e Mem\u00f3ria: mem\u00f3ria e representa\u00e7\u00e3o social, e constru\u00e7\u00e3o de consci\u00eancia hist\u00f3rica e da mem\u00f3ria coletiva.<\/p>\n\n\n\n<p>Express\u00e3o Art\u00edstica: express\u00f5es art\u00edsticas em suas m\u00faltiplas formas e percep\u00e7\u00f5es, e reflex\u00f5es sociais mediadas pelo texto ficcional verbal e\/ou n\u00e3o verbal.Ensino \u00e0 Dist\u00e2ncia: conte\u00fado voltado para a educa\u00e7\u00e3o \u00e0 dist\u00e2ncia e para\u00a0a tecnologia aliada ao processo de ensino e aprendizagem.<\/p>\n\n\n\n<p>Infantojuvenil: conhecimento de forma divertida; enfrentamento de situa\u00e7\u00f5es dif\u00edceis vivenciadas por crian\u00e7as e por adolescentes; e, conte\u00fado inovador e educativo.<\/p>\n\n\n\n<p class=\"has-text-align-center\">O texto est\u00e1 citado na lista de refer\u00eancias como EDUEL (2022).<\/p>\n","protected":false},"excerpt":{"rendered":"<p>. A Editora da Universidade Estadual de Londrina (EDUEL) foi criada em 1995 e tem publicado centenas de livros acad\u00eamicos impressos e e-books para venda online, na livraria do campus da EDUEL, em muitas livrarias por todo o Brasil e pelas empresas no chamado Marketplace. As obras enviadas \u00e0 EDUEL para publica\u00e7\u00e3o primeiramente s\u00e3o avaliadas [&hellip;]<\/p>\n","protected":false},"author":8,"featured_media":0,"parent":0,"menu_order":0,"comment_status":"closed","ping_status":"closed","template":"","meta":{"footnotes":""},"class_list":["post-1136","page","type-page","status-publish","hentry"],"acf":[],"_links":{"self":[{"href":"https:\/\/sites.uel.br\/pdi\/wp-json\/wp\/v2\/pages\/1136","targetHints":{"allow":["GET"]}}],"collection":[{"href":"https:\/\/sites.uel.br\/pdi\/wp-json\/wp\/v2\/pages"}],"about":[{"href":"https:\/\/sites.uel.br\/pdi\/wp-json\/wp\/v2\/types\/page"}],"author":[{"embeddable":true,"href":"https:\/\/sites.uel.br\/pdi\/wp-json\/wp\/v2\/users\/8"}],"replies":[{"embeddable":true,"href":"https:\/\/sites.uel.br\/pdi\/wp-json\/wp\/v2\/comments?post=1136"}],"version-history":[{"count":1,"href":"https:\/\/sites.uel.br\/pdi\/wp-json\/wp\/v2\/pages\/1136\/revisions"}],"predecessor-version":[{"id":1137,"href":"https:\/\/sites.uel.br\/pdi\/wp-json\/wp\/v2\/pages\/1136\/revisions\/1137"}],"wp:attachment":[{"href":"https:\/\/sites.uel.br\/pdi\/wp-json\/wp\/v2\/media?parent=1136"}],"curies":[{"name":"wp","href":"https:\/\/api.w.org\/{rel}","templated":true}]}}