{"id":1133,"date":"2022-10-03T17:52:09","date_gmt":"2022-10-03T20:52:09","guid":{"rendered":"https:\/\/sites.uel.br\/pdi\/?page_id=1133"},"modified":"2022-10-17T12:56:19","modified_gmt":"2022-10-17T15:56:19","slug":"museu-historico-de-londrina-padre-carlos-weiss-o-espaco-da-memoria","status":"publish","type":"page","link":"https:\/\/sites.uel.br\/pdi\/museu-historico-de-londrina-padre-carlos-weiss-o-espaco-da-memoria\/","title":{"rendered":"Museu Hist\u00f3rico de Londrina Padre Carlos Weiss: O Espa\u00e7o da Mem\u00f3ria"},"content":{"rendered":"\n<p class=\"has-white-color has-text-color\">.<\/p>\n\n\n\n<p>Os trilhos deram o espa\u00e7o para a hist\u00f3ria: antes o local era esta\u00e7\u00e3o de passageiros, mas partir de 1986 o pr\u00e9dio da antiga ferrovi\u00e1ria de Londrina passou a sediar o Museu Hist\u00f3rico \u201cPadre Carlos Weiss\u201d, da UEL, que trocou os por\u00f5es do Col\u00e9gio Estadual Hugo&nbsp;Simas&nbsp;para ocupar o imponente edif\u00edcio cedido pela prefeitura \u00e0 Universidade. Desde ent\u00e3o, o espa\u00e7o da hist\u00f3ria ocupa 2.670,10 m2 de \u00e1rea constru\u00edda \u2013 localizado num espa\u00e7o de 11.973,209 m2 na regi\u00e3o central da cidade, cercado de jardim com plantas da mata nativa e outras representativas dos v\u00e1rios continentes, al\u00e9m de p\u00e9s de caf\u00e9 documentando o passado da cidade que j\u00e1 foi a capital mundial do \u201couro verde\u201d.<\/p>\n\n\n\n<p>Em casa nova, o Museu iniciou um novo tempo para contar a hist\u00f3ria londrinense, que hoje re\u00fane perto de 300 mil pe\u00e7as entre fotografias, documentos e objetivos. A exposi\u00e7\u00e3o de longa dura\u00e7\u00e3o valoriza a mem\u00f3ria n\u00e3o somente local, mas de v\u00e1rias regi\u00f5es do pa\u00eds, apresentando uma perspectiva de hist\u00f3ria cotidiana. As exposi\u00e7\u00f5es tempor\u00e1rias permitem a apresenta\u00e7\u00e3o de outras cole\u00e7\u00f5es e pe\u00e7as do acervo do Museu e de outras institui\u00e7\u00f5es, promovendo din\u00e2mica abordagem de outros temas de interesse geral. Al\u00e9m de visitantes das exposi\u00e7\u00f5es (que registram expressivos 30 mil visitantes ao ano), o Museu, como principal centro de mem\u00f3ria e regi\u00e3o, recebe grande n\u00famero de pesquisadores que encontram na documenta\u00e7\u00e3o escrita, imag\u00e9tica e tridimensional, fontes preciosas para seus estudos.<\/p>\n\n\n\n<p>O Museu conta com a contribui\u00e7\u00e3o da Associa\u00e7\u00e3o dos Amigos do Museu (ASAM), formada de pioneiros e seus descendentes, amigos e volunt\u00e1rios que prestam um importante servi\u00e7o a este \u00f3rg\u00e3o suplementar da UEL que \u00e9 vinculado ao Centro de Letras e Ci\u00eancias Humanas (CCH).<\/p>\n\n\n\n<p>Fundador \u2013 Criado em 1970 pelo padre Carlos Weiss \u2013 alem\u00e3o de Col\u00f4nia, nascido em 1910, radicado no Brasil em 1935 \u2013 com apoio do Departamento de Hist\u00f3ria da ent\u00e3o Faculdade de Filosofia, Ci\u00eancias e Letras de Londrina, onde lecionava, o Museu foi dirigido por ele da funda\u00e7\u00e3o at\u00e9 sua morte, em 1976. Mais tarde, o Conselho Universit\u00e1rio da UEL deu seu nome ao Museu Hist\u00f3rico da UEL para homenagear esse professor titular de Hist\u00f3ria Antiga e Medieval que trouxe para a Institui\u00e7\u00e3o seus conhecimentos adquiridos nos bancos universit\u00e1rios da Alemanha e \u00c1ustria, al\u00e9m de sua viv\u00eancia na Europa.<\/p>\n\n\n\n<p class=\"has-text-align-center\">O texto est\u00e1 citado na lista de refer\u00eancias como REVISTA UEL (2011).<\/p>\n","protected":false},"excerpt":{"rendered":"<p>. Os trilhos deram o espa\u00e7o para a hist\u00f3ria: antes o local era esta\u00e7\u00e3o de passageiros, mas partir de 1986 o pr\u00e9dio da antiga ferrovi\u00e1ria de Londrina passou a sediar o Museu Hist\u00f3rico \u201cPadre Carlos Weiss\u201d, da UEL, que trocou os por\u00f5es do Col\u00e9gio Estadual Hugo&nbsp;Simas&nbsp;para ocupar o imponente edif\u00edcio cedido pela prefeitura \u00e0 Universidade. [&hellip;]<\/p>\n","protected":false},"author":8,"featured_media":0,"parent":0,"menu_order":0,"comment_status":"closed","ping_status":"closed","template":"","meta":{"footnotes":""},"class_list":["post-1133","page","type-page","status-publish","hentry"],"acf":[],"_links":{"self":[{"href":"https:\/\/sites.uel.br\/pdi\/wp-json\/wp\/v2\/pages\/1133","targetHints":{"allow":["GET"]}}],"collection":[{"href":"https:\/\/sites.uel.br\/pdi\/wp-json\/wp\/v2\/pages"}],"about":[{"href":"https:\/\/sites.uel.br\/pdi\/wp-json\/wp\/v2\/types\/page"}],"author":[{"embeddable":true,"href":"https:\/\/sites.uel.br\/pdi\/wp-json\/wp\/v2\/users\/8"}],"replies":[{"embeddable":true,"href":"https:\/\/sites.uel.br\/pdi\/wp-json\/wp\/v2\/comments?post=1133"}],"version-history":[{"count":2,"href":"https:\/\/sites.uel.br\/pdi\/wp-json\/wp\/v2\/pages\/1133\/revisions"}],"predecessor-version":[{"id":1271,"href":"https:\/\/sites.uel.br\/pdi\/wp-json\/wp\/v2\/pages\/1133\/revisions\/1271"}],"wp:attachment":[{"href":"https:\/\/sites.uel.br\/pdi\/wp-json\/wp\/v2\/media?parent=1133"}],"curies":[{"name":"wp","href":"https:\/\/api.w.org\/{rel}","templated":true}]}}