{"id":1131,"date":"2022-10-03T17:50:32","date_gmt":"2022-10-03T20:50:32","guid":{"rendered":"https:\/\/sites.uel.br\/pdi\/?page_id=1131"},"modified":"2022-10-03T17:50:32","modified_gmt":"2022-10-03T20:50:32","slug":"museu-historico-de-londrina-padre-carlos-weiss","status":"publish","type":"page","link":"https:\/\/sites.uel.br\/pdi\/museu-historico-de-londrina-padre-carlos-weiss\/","title":{"rendered":"Museu Hist\u00f3rico de Londrina Padre Carlos Weiss"},"content":{"rendered":"\n<p class=\"has-text-color\" style=\"color:#fefefe\">.<\/p>\n\n\n\n<p>O Museu Hist\u00f3rico iniciou suas atividades em 1970, nos por\u00f5es do Col\u00e9gio Hugo&nbsp;Simas, por iniciativas de professores e estudantes do Curso de Hist\u00f3ria. Em 1974, passou a ser \u00d3rg\u00e3o Suplementar da Universidade Estadual de Londrina. Para melhor comunica\u00e7\u00e3o do acervo, em 1986 passou a ocupar o pr\u00e9dio da antiga Esta\u00e7\u00e3o Ferrovi\u00e1ria de Londrina, com uma \u00e1rea total de 11.973 m2 e 2.670 m2 de constru\u00e7\u00e3o. Em 1996, iniciou a execu\u00e7\u00e3o do projeto de revitaliza\u00e7\u00e3o Mem\u00f3ria Viva e em dezembro de 2000 foi reaberto ao p\u00fablico com espa\u00e7os adequados para exposi\u00e7\u00f5es e melhor conserva\u00e7\u00e3o de suas cole\u00e7\u00f5es.<\/p>\n\n\n\n<p>O Museu Hist\u00f3rico de Londrina desenvolve a\u00e7\u00f5es para salvaguarda do patrim\u00f4nio hist\u00f3rico na cidade e regi\u00e3o. Seus objetivos e finalidades s\u00e3o voltados prioritariamente para: subsidiar as atividades acad\u00eamicas na UEL integrando ensino, pesquisa e extens\u00e3o em Hist\u00f3ria e \u00e1reas afins; servir como campo de est\u00e1gio para estudantes de gradua\u00e7\u00e3o da UEL e institui\u00e7\u00f5es conveniadas; e, constituir-se em espa\u00e7o din\u00e2mico para os movimentos e a\u00e7\u00f5es culturais e educativas da cidade e regi\u00e3o promovendo a reflex\u00e3o cr\u00edtica sobre a experi\u00eancia hist\u00f3rica por meio de atividades diversas e obedecendo ao Regimento Geral da Universidade Estadual de Londrina.<\/p>\n\n\n\n<p>O Museu Hist\u00f3rico de Londrina, dentre as in\u00fameras atividades que desenvolve, oferece a oportunidade de a\u00e7\u00f5es educativas. A a\u00e7\u00e3o educativa focaliza a rela\u00e7\u00e3o que se estabelece entre o acervo museol\u00f3gico e os sujeitos e grupos sociais reafirmando o museu como um espa\u00e7o de media\u00e7\u00e3o, reflex\u00e3o e reconstru\u00e7\u00e3o permanente de mem\u00f3rias e identidades coletivas. Nessa condi\u00e7\u00e3o promove: visitas monitoradas (atendimento a escolas e outros grupos interessados, com acompanhamento de guias); articula\u00e7\u00e3o com diversas institui\u00e7\u00f5es de ensino, particularmente com setores espec\u00edficos da UEL, para a realiza\u00e7\u00e3o de pesquisas e atividades de extens\u00e3o; est\u00e1gios acad\u00eamicos (acolhimento de estagi\u00e1rios da gradua\u00e7\u00e3o,\u00a0da p\u00f3s-gradua\u00e7\u00e3o ou ensino m\u00e9dio); elabora\u00e7\u00e3o de estudos e materiais educativos; e, organiza\u00e7\u00e3o de eventos culturais e educativos.<\/p>\n\n\n\n<p class=\"has-text-align-center\">O texto est\u00e1 citado na lista de refer\u00eancias como MUSEU (2022).<\/p>\n","protected":false},"excerpt":{"rendered":"<p>. O Museu Hist\u00f3rico iniciou suas atividades em 1970, nos por\u00f5es do Col\u00e9gio Hugo&nbsp;Simas, por iniciativas de professores e estudantes do Curso de Hist\u00f3ria. Em 1974, passou a ser \u00d3rg\u00e3o Suplementar da Universidade Estadual de Londrina. Para melhor comunica\u00e7\u00e3o do acervo, em 1986 passou a ocupar o pr\u00e9dio da antiga Esta\u00e7\u00e3o Ferrovi\u00e1ria de Londrina, com [&hellip;]<\/p>\n","protected":false},"author":8,"featured_media":0,"parent":0,"menu_order":0,"comment_status":"closed","ping_status":"closed","template":"","meta":{"footnotes":""},"class_list":["post-1131","page","type-page","status-publish","hentry"],"acf":[],"_links":{"self":[{"href":"https:\/\/sites.uel.br\/pdi\/wp-json\/wp\/v2\/pages\/1131","targetHints":{"allow":["GET"]}}],"collection":[{"href":"https:\/\/sites.uel.br\/pdi\/wp-json\/wp\/v2\/pages"}],"about":[{"href":"https:\/\/sites.uel.br\/pdi\/wp-json\/wp\/v2\/types\/page"}],"author":[{"embeddable":true,"href":"https:\/\/sites.uel.br\/pdi\/wp-json\/wp\/v2\/users\/8"}],"replies":[{"embeddable":true,"href":"https:\/\/sites.uel.br\/pdi\/wp-json\/wp\/v2\/comments?post=1131"}],"version-history":[{"count":1,"href":"https:\/\/sites.uel.br\/pdi\/wp-json\/wp\/v2\/pages\/1131\/revisions"}],"predecessor-version":[{"id":1132,"href":"https:\/\/sites.uel.br\/pdi\/wp-json\/wp\/v2\/pages\/1131\/revisions\/1132"}],"wp:attachment":[{"href":"https:\/\/sites.uel.br\/pdi\/wp-json\/wp\/v2\/media?parent=1131"}],"curies":[{"name":"wp","href":"https:\/\/api.w.org\/{rel}","templated":true}]}}