{"id":1078,"date":"2022-10-03T16:39:40","date_gmt":"2022-10-03T19:39:40","guid":{"rendered":"https:\/\/sites.uel.br\/pdi\/?page_id=1078"},"modified":"2022-10-17T12:53:35","modified_gmt":"2022-10-17T15:53:35","slug":"o-1o-transplante-de-rim-do-parana-foi-no-hu%ef%bf%bc","status":"publish","type":"page","link":"https:\/\/sites.uel.br\/pdi\/o-1o-transplante-de-rim-do-parana-foi-no-hu%ef%bf%bc\/","title":{"rendered":"O 1\u00ba\u00a0transplante de rim do Paran\u00e1 foi no HU\ufffc"},"content":{"rendered":"\n<p class=\"has-white-color has-text-color\">.<\/p>\n\n\n\n<p>Dez de junho de 1973 entrou para a hist\u00f3ria da Medicina do Paran\u00e1, com a realiza\u00e7\u00e3o do primeiro transplante de rim do Hospital Universit\u00e1rio (HU) da UEL. O transplantado foi o londrinense Eg\u00eddio Ramazotti, 27 anos, que recebeu o rim do irm\u00e3o Jo\u00e3o Ramazotti, de 24.<\/p>\n\n\n\n<p>O grande feito da equipe m\u00e9dica do HU, chefiada pelo urologista Lauro&nbsp;Brandina, fez de Londrina um centro de refer\u00eancia nacional da especialidade. O sucesso da cirurgia devolveu uma vida normal a Eg\u00eddio Ramazotti, que trabalhou como serralheiro na Prefeitura do Campus da UEL de 1981 a 1997, quando se aposentou. Ap\u00f3s o transplante, Eg\u00eddio se casou, mudou de emprego, levou uma vida normal tomando sua cervejinha nos finais de tarde no bar da esquina de sua casa, com os amigos, cuidando do seu jardim e realizando outras atividades. Ele faleceu 32 anos depois do transplante, em 2005, por complica\u00e7\u00f5es p\u00f3s-operat\u00f3rias de uma cirurgia card\u00edaca.<\/p>\n\n\n\n<p>A equipe \u2013 Os profissionais da sa\u00fade que atuaram na realiza\u00e7\u00e3o do primeiro transplante renal do Paran\u00e1 foram:<\/p>\n\n\n\n<p>Lauro&nbsp;Brandina&nbsp;(chefe da equipe cir\u00fargica);<\/p>\n\n\n\n<p>Antonio&nbsp;Marmo&nbsp;Lucon;<\/p>\n\n\n\n<p>Fernando Costa; e,<\/p>\n\n\n\n<p>Waldemar&nbsp;Kazuo.<\/p>\n\n\n\n<p><\/p>\n\n\n\n<p>M\u00e9dicos que retiraram o rim do doador:<\/p>\n\n\n\n<p>Antonio&nbsp;Marcos Fraga;<\/p>\n\n\n\n<p>Mauro&nbsp;Bergonse;<\/p>\n\n\n\n<p>Jo\u00e3o Carlos Thomson; e,<\/p>\n\n\n\n<p>Vitor&nbsp;Fabiani.<\/p>\n\n\n\n<p><\/p>\n\n\n\n<p>Equipe cl\u00ednica:<\/p>\n\n\n\n<p>Altair&nbsp;Mocelim&nbsp;(chefe);<\/p>\n\n\n\n<p>Anuar Michel&nbsp;Matni; e,<\/p>\n\n\n\n<p>Pedro Alejandro&nbsp;Gordan.<\/p>\n\n\n\n<p><\/p>\n\n\n\n<p>Anestesiologia:<\/p>\n\n\n\n<p>Alo\u00edsio Ribeiro Lima (chefe);<\/p>\n\n\n\n<p>Adauto Rocha; e,<\/p>\n\n\n\n<p>M\u00e1rio&nbsp;Tadaiti&nbsp;Iria.<\/p>\n\n\n\n<p><\/p>\n\n\n\n<p>Histocompatibilidade:<\/p>\n\n\n\n<p>Teresa Ti\u00e9&nbsp;Mocelin;<\/p>\n\n\n\n<p>Paulo Moreno&nbsp;Bergoc;<\/p>\n\n\n\n<p>Marluc&nbsp;Moreno; e,<\/p>\n\n\n\n<p>Nelson Mendes.<\/p>\n\n\n\n<p><\/p>\n\n\n\n<p>Enfermagem:<\/p>\n\n\n\n<p>Vilma&nbsp;Balielo&nbsp;(chefe);<\/p>\n\n\n\n<p>Satoko&nbsp;Kodama;<\/p>\n\n\n\n<p>Ana Irma Rodrigues;<\/p>\n\n\n\n<p>Ver\u00f4nica&nbsp;Matni;<\/p>\n\n\n\n<p>Zeneide&nbsp;Soubhia; e,<\/p>\n\n\n\n<p>Kiyomi&nbsp;Yamada.<\/p>\n\n\n\n<p><\/p>\n\n\n\n<p>Instrumentadora:<\/p>\n\n\n\n<p>Joaquina Lopes Valentim.<\/p>\n\n\n\n<p class=\"has-text-align-center\">O texto est\u00e1 citado na lista de refer\u00eancias como REVISTA UEL (2011).<\/p>\n","protected":false},"excerpt":{"rendered":"<p>. Dez de junho de 1973 entrou para a hist\u00f3ria da Medicina do Paran\u00e1, com a realiza\u00e7\u00e3o do primeiro transplante de rim do Hospital Universit\u00e1rio (HU) da UEL. O transplantado foi o londrinense Eg\u00eddio Ramazotti, 27 anos, que recebeu o rim do irm\u00e3o Jo\u00e3o Ramazotti, de 24. O grande feito da equipe m\u00e9dica do HU, [&hellip;]<\/p>\n","protected":false},"author":8,"featured_media":0,"parent":0,"menu_order":0,"comment_status":"closed","ping_status":"closed","template":"","meta":{"footnotes":""},"class_list":["post-1078","page","type-page","status-publish","hentry"],"acf":[],"_links":{"self":[{"href":"https:\/\/sites.uel.br\/pdi\/wp-json\/wp\/v2\/pages\/1078","targetHints":{"allow":["GET"]}}],"collection":[{"href":"https:\/\/sites.uel.br\/pdi\/wp-json\/wp\/v2\/pages"}],"about":[{"href":"https:\/\/sites.uel.br\/pdi\/wp-json\/wp\/v2\/types\/page"}],"author":[{"embeddable":true,"href":"https:\/\/sites.uel.br\/pdi\/wp-json\/wp\/v2\/users\/8"}],"replies":[{"embeddable":true,"href":"https:\/\/sites.uel.br\/pdi\/wp-json\/wp\/v2\/comments?post=1078"}],"version-history":[{"count":2,"href":"https:\/\/sites.uel.br\/pdi\/wp-json\/wp\/v2\/pages\/1078\/revisions"}],"predecessor-version":[{"id":1266,"href":"https:\/\/sites.uel.br\/pdi\/wp-json\/wp\/v2\/pages\/1078\/revisions\/1266"}],"wp:attachment":[{"href":"https:\/\/sites.uel.br\/pdi\/wp-json\/wp\/v2\/media?parent=1078"}],"curies":[{"name":"wp","href":"https:\/\/api.w.org\/{rel}","templated":true}]}}