{"id":1065,"date":"2022-10-03T16:32:57","date_gmt":"2022-10-03T19:32:57","guid":{"rendered":"https:\/\/sites.uel.br\/pdi\/?page_id=1065"},"modified":"2022-11-12T18:13:24","modified_gmt":"2022-11-12T21:13:24","slug":"insercao-da-uel-na-saude-regional","status":"publish","type":"page","link":"https:\/\/sites.uel.br\/pdi\/insercao-da-uel-na-saude-regional\/","title":{"rendered":"Inser\u00e7\u00e3o da UEL na Sa\u00fade Regional"},"content":{"rendered":"\n<p class=\"has-white-color has-text-color\">.<\/p>\n\n\n\n<p>Definida como um estado de completo bem estar f\u00edsico, mental e social, a Sa\u00fade humana \u00e9 tamb\u00e9m um direito intr\u00ednseco \u00e0 cidadania, reconhecido pela lei brasileira em todos os seus aspectos: social, pol\u00edtico e econ\u00f4mico. Igualmente, os servi\u00e7os de sa\u00fade s\u00e3o considerados de relev\u00e2ncia p\u00fablica pelo Poder P\u00fablico. Em sintonia com as pol\u00edticas p\u00fablicas, a UEL tem uma vis\u00e3o universalista da Sa\u00fade, enraizada e disseminada em toda a Universidade. Cursos de Sa\u00fade estavam entre os primeiros da institui\u00e7\u00e3o, antes mesmo de seu reconhecimento oficial. Centenas de projetos de ensino, pesquisa e extens\u00e3o que s\u00e3o desenvolvidos em v\u00e1rios setores e espa\u00e7os se confundem com a pr\u00f3pria presta\u00e7\u00e3o de servi\u00e7os oferecida pela rede p\u00fablica, praticamente tornando-se sin\u00f4nimos dela. A inser\u00e7\u00e3o da UEL na sa\u00fade regional se d\u00e1 pelos seguintes servi\u00e7os oferecidos: Hospital Universit\u00e1rio, Ambulat\u00f3rio de Especialidades, Hemocentro Regional de Londrina, Cl\u00ednica Odontol\u00f3gica, Cl\u00ednica Psicol\u00f3gica e Hospital Veterin\u00e1rio. A estrutura proporcionada pela UEL em prol da sa\u00fade regional \u00e9 descrita com mais detalhes a partir da disponibiliza\u00e7\u00e3o integral dos textos elencados em sequ\u00eancia:<\/p>\n\n\n\n<div class=\"wp-block-columns is-not-stacked-on-mobile is-layout-flex wp-container-core-columns-is-layout-9d6595d7 wp-block-columns-is-layout-flex\">\n<div class=\"wp-block-column is-layout-flow wp-block-column-is-layout-flow\">\n<figure class=\"wp-block-gallery has-nested-images columns-default is-cropped wp-block-gallery-1 is-layout-flex wp-block-gallery-is-layout-flex\">\n<figure class=\"wp-block-image size-large\"><a href=\"https:\/\/sites.uel.br\/pdi\/hospital-universitario-um-brinde-a-saude\/\"><img loading=\"lazy\" decoding=\"async\" width=\"1024\" height=\"572\" data-id=\"2525\" src=\"https:\/\/sites.uel.br\/pdi\/wp-content\/uploads\/2022\/11\/aabo-1024x572.png\" alt=\"\" class=\"wp-image-2525\" srcset=\"https:\/\/sites.uel.br\/pdi\/wp-content\/uploads\/2022\/11\/aabo-1024x572.png 1024w, https:\/\/sites.uel.br\/pdi\/wp-content\/uploads\/2022\/11\/aabo-300x168.png 300w, https:\/\/sites.uel.br\/pdi\/wp-content\/uploads\/2022\/11\/aabo-768x429.png 768w, https:\/\/sites.uel.br\/pdi\/wp-content\/uploads\/2022\/11\/aabo-1536x858.png 1536w, https:\/\/sites.uel.br\/pdi\/wp-content\/uploads\/2022\/11\/aabo.png 1987w\" sizes=\"auto, (max-width: 1024px) 100vw, 1024px\" \/><\/a><\/figure>\n<\/figure>\n<\/div>\n\n\n\n<div class=\"wp-block-column is-layout-flow wp-block-column-is-layout-flow\">\n<figure class=\"wp-block-gallery has-nested-images columns-default is-cropped wp-block-gallery-2 is-layout-flex wp-block-gallery-is-layout-flex\">\n<figure class=\"wp-block-image size-large\"><a href=\"https:\/\/sites.uel.br\/pdi\/hospital-universitario-obras-que-moldam-o-futuro\/\"><img loading=\"lazy\" decoding=\"async\" width=\"1024\" height=\"565\" data-id=\"2526\" src=\"https:\/\/sites.uel.br\/pdi\/wp-content\/uploads\/2022\/11\/aabp-1024x565.png\" alt=\"\" class=\"wp-image-2526\" srcset=\"https:\/\/sites.uel.br\/pdi\/wp-content\/uploads\/2022\/11\/aabp-1024x565.png 1024w, https:\/\/sites.uel.br\/pdi\/wp-content\/uploads\/2022\/11\/aabp-300x166.png 300w, https:\/\/sites.uel.br\/pdi\/wp-content\/uploads\/2022\/11\/aabp-768x424.png 768w, https:\/\/sites.uel.br\/pdi\/wp-content\/uploads\/2022\/11\/aabp-1536x848.png 1536w, https:\/\/sites.uel.br\/pdi\/wp-content\/uploads\/2022\/11\/aabp.png 2010w\" sizes=\"auto, (max-width: 1024px) 100vw, 1024px\" \/><\/a><\/figure>\n<\/figure>\n<\/div>\n\n\n\n<div class=\"wp-block-column is-layout-flow wp-block-column-is-layout-flow\">\n<figure class=\"wp-block-gallery has-nested-images columns-default is-cropped wp-block-gallery-3 is-layout-flex wp-block-gallery-is-layout-flex\">\n<figure class=\"wp-block-image size-large\"><a href=\"https:\/\/sites.uel.br\/pdi\/hospital-universitario-mais-de-113-mil-atendimentos\/\"><img loading=\"lazy\" decoding=\"async\" width=\"1024\" height=\"572\" data-id=\"2527\" src=\"https:\/\/sites.uel.br\/pdi\/wp-content\/uploads\/2022\/11\/aabq-1024x572.png\" alt=\"\" class=\"wp-image-2527\" srcset=\"https:\/\/sites.uel.br\/pdi\/wp-content\/uploads\/2022\/11\/aabq-1024x572.png 1024w, https:\/\/sites.uel.br\/pdi\/wp-content\/uploads\/2022\/11\/aabq-300x168.png 300w, https:\/\/sites.uel.br\/pdi\/wp-content\/uploads\/2022\/11\/aabq-768x429.png 768w, https:\/\/sites.uel.br\/pdi\/wp-content\/uploads\/2022\/11\/aabq-1536x858.png 1536w, https:\/\/sites.uel.br\/pdi\/wp-content\/uploads\/2022\/11\/aabq.png 1987w\" sizes=\"auto, (max-width: 1024px) 100vw, 1024px\" \/><\/a><\/figure>\n<\/figure>\n<\/div>\n<\/div>\n\n\n\n<div class=\"wp-block-columns is-not-stacked-on-mobile is-layout-flex wp-container-core-columns-is-layout-9d6595d7 wp-block-columns-is-layout-flex\">\n<div class=\"wp-block-column is-layout-flow wp-block-column-is-layout-flow\">\n<figure class=\"wp-block-gallery has-nested-images columns-default is-cropped wp-block-gallery-4 is-layout-flex wp-block-gallery-is-layout-flex\">\n<figure class=\"wp-block-image size-large\"><a href=\"https:\/\/sites.uel.br\/pdi\/ambulatorio-de-especialidades-do-hu-foco-na-especializacao\/\"><img loading=\"lazy\" decoding=\"async\" width=\"1024\" height=\"572\" data-id=\"2528\" src=\"https:\/\/sites.uel.br\/pdi\/wp-content\/uploads\/2022\/11\/aabr-1024x572.png\" alt=\"\" class=\"wp-image-2528\" srcset=\"https:\/\/sites.uel.br\/pdi\/wp-content\/uploads\/2022\/11\/aabr-1024x572.png 1024w, https:\/\/sites.uel.br\/pdi\/wp-content\/uploads\/2022\/11\/aabr-300x168.png 300w, https:\/\/sites.uel.br\/pdi\/wp-content\/uploads\/2022\/11\/aabr-768x429.png 768w, https:\/\/sites.uel.br\/pdi\/wp-content\/uploads\/2022\/11\/aabr-1536x858.png 1536w, https:\/\/sites.uel.br\/pdi\/wp-content\/uploads\/2022\/11\/aabr.png 1987w\" sizes=\"auto, (max-width: 1024px) 100vw, 1024px\" \/><\/a><\/figure>\n<\/figure>\n<\/div>\n\n\n\n<div class=\"wp-block-column is-layout-flow wp-block-column-is-layout-flow\">\n<figure class=\"wp-block-gallery has-nested-images columns-default is-cropped wp-block-gallery-5 is-layout-flex wp-block-gallery-is-layout-flex\">\n<figure class=\"wp-block-image size-large\"><a href=\"https:\/\/sites.uel.br\/pdi\/o-1o-transplante-de-rim-do-parana-foi-no-hu%EF%BF%BC\/\"><img loading=\"lazy\" decoding=\"async\" width=\"1024\" height=\"572\" data-id=\"2529\" src=\"https:\/\/sites.uel.br\/pdi\/wp-content\/uploads\/2022\/11\/aabs-1024x572.png\" alt=\"\" class=\"wp-image-2529\" srcset=\"https:\/\/sites.uel.br\/pdi\/wp-content\/uploads\/2022\/11\/aabs-1024x572.png 1024w, https:\/\/sites.uel.br\/pdi\/wp-content\/uploads\/2022\/11\/aabs-300x168.png 300w, https:\/\/sites.uel.br\/pdi\/wp-content\/uploads\/2022\/11\/aabs-768x429.png 768w, https:\/\/sites.uel.br\/pdi\/wp-content\/uploads\/2022\/11\/aabs-1536x858.png 1536w, https:\/\/sites.uel.br\/pdi\/wp-content\/uploads\/2022\/11\/aabs.png 1987w\" sizes=\"auto, (max-width: 1024px) 100vw, 1024px\" \/><\/a><\/figure>\n<\/figure>\n<\/div>\n\n\n\n<div class=\"wp-block-column is-layout-flow wp-block-column-is-layout-flow\">\n<figure class=\"wp-block-gallery has-nested-images columns-default is-cropped wp-block-gallery-6 is-layout-flex wp-block-gallery-is-layout-flex\">\n<figure class=\"wp-block-image size-large\"><a href=\"https:\/\/sites.uel.br\/pdi\/clinica-odontologica-universitaria-164-mil-procedimentos-por-ano\/\"><img loading=\"lazy\" decoding=\"async\" width=\"1024\" height=\"572\" data-id=\"2530\" src=\"https:\/\/sites.uel.br\/pdi\/wp-content\/uploads\/2022\/11\/aabt-1024x572.png\" alt=\"\" class=\"wp-image-2530\" srcset=\"https:\/\/sites.uel.br\/pdi\/wp-content\/uploads\/2022\/11\/aabt-1024x572.png 1024w, https:\/\/sites.uel.br\/pdi\/wp-content\/uploads\/2022\/11\/aabt-300x168.png 300w, https:\/\/sites.uel.br\/pdi\/wp-content\/uploads\/2022\/11\/aabt-768x429.png 768w, https:\/\/sites.uel.br\/pdi\/wp-content\/uploads\/2022\/11\/aabt-1536x858.png 1536w, https:\/\/sites.uel.br\/pdi\/wp-content\/uploads\/2022\/11\/aabt.png 1987w\" sizes=\"auto, (max-width: 1024px) 100vw, 1024px\" \/><\/a><\/figure>\n<\/figure>\n<\/div>\n<\/div>\n\n\n\n<div class=\"wp-block-columns is-not-stacked-on-mobile is-layout-flex wp-container-core-columns-is-layout-9d6595d7 wp-block-columns-is-layout-flex\">\n<div class=\"wp-block-column is-layout-flow wp-block-column-is-layout-flow\">\n<figure class=\"wp-block-gallery has-nested-images columns-default is-cropped wp-block-gallery-7 is-layout-flex wp-block-gallery-is-layout-flex\">\n<figure class=\"wp-block-image size-large\"><a href=\"https:\/\/sites.uel.br\/pdi\/bebe-clinica-pioneirismo-e-inovacao\/\"><img loading=\"lazy\" decoding=\"async\" width=\"1024\" height=\"572\" data-id=\"2531\" src=\"https:\/\/sites.uel.br\/pdi\/wp-content\/uploads\/2022\/11\/aabu-1024x572.png\" alt=\"\" class=\"wp-image-2531\" srcset=\"https:\/\/sites.uel.br\/pdi\/wp-content\/uploads\/2022\/11\/aabu-1024x572.png 1024w, https:\/\/sites.uel.br\/pdi\/wp-content\/uploads\/2022\/11\/aabu-300x168.png 300w, https:\/\/sites.uel.br\/pdi\/wp-content\/uploads\/2022\/11\/aabu-768x429.png 768w, https:\/\/sites.uel.br\/pdi\/wp-content\/uploads\/2022\/11\/aabu-1536x858.png 1536w, https:\/\/sites.uel.br\/pdi\/wp-content\/uploads\/2022\/11\/aabu.png 1987w\" sizes=\"auto, (max-width: 1024px) 100vw, 1024px\" \/><\/a><\/figure>\n<\/figure>\n<\/div>\n\n\n\n<div class=\"wp-block-column is-layout-flow wp-block-column-is-layout-flow\">\n<figure class=\"wp-block-gallery has-nested-images columns-default is-cropped wp-block-gallery-8 is-layout-flex wp-block-gallery-is-layout-flex\">\n<figure class=\"wp-block-image size-large\"><a href=\"https:\/\/sites.uel.br\/pdi\/clinica-psicologica-da-universidade-estadual-de-londrina\/\"><img loading=\"lazy\" decoding=\"async\" width=\"1024\" height=\"572\" data-id=\"2532\" src=\"https:\/\/sites.uel.br\/pdi\/wp-content\/uploads\/2022\/11\/aabv-1024x572.png\" alt=\"\" class=\"wp-image-2532\" srcset=\"https:\/\/sites.uel.br\/pdi\/wp-content\/uploads\/2022\/11\/aabv-1024x572.png 1024w, https:\/\/sites.uel.br\/pdi\/wp-content\/uploads\/2022\/11\/aabv-300x168.png 300w, https:\/\/sites.uel.br\/pdi\/wp-content\/uploads\/2022\/11\/aabv-768x429.png 768w, https:\/\/sites.uel.br\/pdi\/wp-content\/uploads\/2022\/11\/aabv-1536x858.png 1536w, https:\/\/sites.uel.br\/pdi\/wp-content\/uploads\/2022\/11\/aabv.png 1987w\" sizes=\"auto, (max-width: 1024px) 100vw, 1024px\" \/><\/a><\/figure>\n<\/figure>\n<\/div>\n\n\n\n<div class=\"wp-block-column is-layout-flow wp-block-column-is-layout-flow\">\n<figure class=\"wp-block-gallery has-nested-images columns-default is-cropped wp-block-gallery-9 is-layout-flex wp-block-gallery-is-layout-flex\">\n<figure class=\"wp-block-image size-large\"><a href=\"https:\/\/sites.uel.br\/pdi\/hemocentro-regional-de-londrina\/\"><img loading=\"lazy\" decoding=\"async\" width=\"1024\" height=\"572\" data-id=\"2533\" src=\"https:\/\/sites.uel.br\/pdi\/wp-content\/uploads\/2022\/11\/aabx-1024x572.png\" alt=\"\" class=\"wp-image-2533\" srcset=\"https:\/\/sites.uel.br\/pdi\/wp-content\/uploads\/2022\/11\/aabx-1024x572.png 1024w, https:\/\/sites.uel.br\/pdi\/wp-content\/uploads\/2022\/11\/aabx-300x168.png 300w, https:\/\/sites.uel.br\/pdi\/wp-content\/uploads\/2022\/11\/aabx-768x429.png 768w, https:\/\/sites.uel.br\/pdi\/wp-content\/uploads\/2022\/11\/aabx-1536x858.png 1536w, https:\/\/sites.uel.br\/pdi\/wp-content\/uploads\/2022\/11\/aabx.png 1987w\" sizes=\"auto, (max-width: 1024px) 100vw, 1024px\" \/><\/a><\/figure>\n<\/figure>\n<\/div>\n<\/div>\n\n\n\n<div class=\"wp-block-columns is-not-stacked-on-mobile is-layout-flex wp-container-core-columns-is-layout-9d6595d7 wp-block-columns-is-layout-flex\">\n<div class=\"wp-block-column is-layout-flow wp-block-column-is-layout-flow\"><\/div>\n\n\n\n<div class=\"wp-block-column is-layout-flow wp-block-column-is-layout-flow\">\n<figure class=\"wp-block-gallery has-nested-images columns-default is-cropped wp-block-gallery-10 is-layout-flex wp-block-gallery-is-layout-flex\">\n<figure class=\"wp-block-image size-large\"><a href=\"https:\/\/sites.uel.br\/pdi\/hospital-veterinario-e-um-centro-de-referencia\/\"><img loading=\"lazy\" decoding=\"async\" width=\"1024\" height=\"571\" data-id=\"2534\" src=\"https:\/\/sites.uel.br\/pdi\/wp-content\/uploads\/2022\/11\/aabz-1024x571.png\" alt=\"\" class=\"wp-image-2534\" srcset=\"https:\/\/sites.uel.br\/pdi\/wp-content\/uploads\/2022\/11\/aabz-1024x571.png 1024w, https:\/\/sites.uel.br\/pdi\/wp-content\/uploads\/2022\/11\/aabz-300x167.png 300w, https:\/\/sites.uel.br\/pdi\/wp-content\/uploads\/2022\/11\/aabz-768x428.png 768w, https:\/\/sites.uel.br\/pdi\/wp-content\/uploads\/2022\/11\/aabz-1536x856.png 1536w, https:\/\/sites.uel.br\/pdi\/wp-content\/uploads\/2022\/11\/aabz.png 1991w\" sizes=\"auto, (max-width: 1024px) 100vw, 1024px\" \/><\/a><\/figure>\n<\/figure>\n<\/div>\n\n\n\n<div class=\"wp-block-column is-layout-flow wp-block-column-is-layout-flow\"><\/div>\n<\/div>\n","protected":false},"excerpt":{"rendered":"<p>. Definida como um estado de completo bem estar f\u00edsico, mental e social, a Sa\u00fade humana \u00e9 tamb\u00e9m um direito intr\u00ednseco \u00e0 cidadania, reconhecido pela lei brasileira em todos os seus aspectos: social, pol\u00edtico e econ\u00f4mico. Igualmente, os servi\u00e7os de sa\u00fade s\u00e3o considerados de relev\u00e2ncia p\u00fablica pelo Poder P\u00fablico. Em sintonia com as pol\u00edticas p\u00fablicas, [&hellip;]<\/p>\n","protected":false},"author":8,"featured_media":0,"parent":0,"menu_order":0,"comment_status":"closed","ping_status":"closed","template":"","meta":{"footnotes":""},"class_list":["post-1065","page","type-page","status-publish","hentry"],"acf":[],"_links":{"self":[{"href":"https:\/\/sites.uel.br\/pdi\/wp-json\/wp\/v2\/pages\/1065","targetHints":{"allow":["GET"]}}],"collection":[{"href":"https:\/\/sites.uel.br\/pdi\/wp-json\/wp\/v2\/pages"}],"about":[{"href":"https:\/\/sites.uel.br\/pdi\/wp-json\/wp\/v2\/types\/page"}],"author":[{"embeddable":true,"href":"https:\/\/sites.uel.br\/pdi\/wp-json\/wp\/v2\/users\/8"}],"replies":[{"embeddable":true,"href":"https:\/\/sites.uel.br\/pdi\/wp-json\/wp\/v2\/comments?post=1065"}],"version-history":[{"count":12,"href":"https:\/\/sites.uel.br\/pdi\/wp-json\/wp\/v2\/pages\/1065\/revisions"}],"predecessor-version":[{"id":2536,"href":"https:\/\/sites.uel.br\/pdi\/wp-json\/wp\/v2\/pages\/1065\/revisions\/2536"}],"wp:attachment":[{"href":"https:\/\/sites.uel.br\/pdi\/wp-json\/wp\/v2\/media?parent=1065"}],"curies":[{"name":"wp","href":"https:\/\/api.w.org\/{rel}","templated":true}]}}