{"id":1045,"date":"2022-10-03T16:03:20","date_gmt":"2022-10-03T19:03:20","guid":{"rendered":"https:\/\/sites.uel.br\/pdi\/?page_id=1045"},"modified":"2022-10-03T16:03:20","modified_gmt":"2022-10-03T19:03:20","slug":"em-um-ano-de-pandemia-uel-amplia-atividades-academicas-e-pesquisas-sobre-o-coronavirus","status":"publish","type":"page","link":"https:\/\/sites.uel.br\/pdi\/em-um-ano-de-pandemia-uel-amplia-atividades-academicas-e-pesquisas-sobre-o-coronavirus\/","title":{"rendered":"Em um ano de pandemia, UEL amplia atividades acad\u00eamicas e pesquisas sobre o coronav\u00edrus"},"content":{"rendered":"\n<p class=\"has-text-color\" style=\"color:#fefefe\">.<\/p>\n\n\n\n<p>Quando o pa\u00eds faz as contas sobre v\u00edtimas e os impactos econ\u00f4micos e sociais provocados pelo Coronav\u00edrus, a UEL contabiliza a\u00e7\u00f5es importantes no enfrentamento da pandemia e consolida seu protagonismo no desenvolvimento de atividades de ensino, pesquisa e extens\u00e3o no Paran\u00e1. Neste 17 de mar\u00e7o, a Universidade completa exatamente um ano de suspens\u00e3o das atividades acad\u00eamicas presenciais. Neste per\u00edodo, em que pese as consequ\u00eancias do \u201cnovo normal\u201d, foram desenvolvidas mais de uma centena de a\u00e7\u00f5es acad\u00eamicas, al\u00e9m da execu\u00e7\u00e3o de pelo menos 30 projetos de pesquisa espec\u00edficos sobre a doen\u00e7a Sars-CoV-2.<\/p>\n\n\n\n<p>Neste \u00faltimo ano, a comunidade universit\u00e1ria protagonizou pelo menos 80 a\u00e7\u00f5es acad\u00eamicas que envolvem pesquisa, ensino e extens\u00e3o, al\u00e9m das in\u00fameras atividades de extens\u00e3o e presta\u00e7\u00e3o de servi\u00e7os realizados diariamente, e ainda abriu novas perspectivas de estudos contabilizando pelo menos 30 projetos de pesquisa e publica\u00e7\u00f5es relacionadas \u00e0 pandemia.Os dados constam do relat\u00f3rio \u201cA\u00e7\u00f5es Desenvolvidas pela UEL no que\u00a0tange o enfrentamento da Covid-19\u201d, documento com quase 170 p\u00e1ginas que re\u00fane as atividades mantidas pela comunidade universit\u00e1ria desde 17 de mar\u00e7o do ano passado (2020). Entre os t\u00f3picos relacionados est\u00e3o as cita\u00e7\u00f5es cient\u00edficas, palestras, ciclos de debates e eventos acad\u00eamicos realizados nesse per\u00edodo. Tamb\u00e9m fazem parte do documento, iniciativas e campanhas internas e externas feitas por professores, estudantes e agentes universit\u00e1rios, al\u00e9m de pesquisas e outros assuntos noticiados diariamente pela Ag\u00eancia UEL de Not\u00edcias.<\/p>\n\n\n\n<p>Extens\u00e3o \u2013 Al\u00e9m destes dados, somente em 2020 a UEL registrou oficialmente 158 cursos e 295 eventos reunindo um p\u00fablico de 54.860 estudantes, professores e membros da comunidade externa, de acordo com informa\u00e7\u00f5es da&nbsp;Pr\u00f3-Reitoria&nbsp;de Extens\u00e3o, Cultura e Sociedade (PROEX). De acordo com o relat\u00f3rio da PROEX, de janeiro de 2020 a mar\u00e7o de 2021 foram realizados ainda 55 treinamentos, atingindo 521 participantes diretamente e outras 1.261 pessoas de forma indireta. O p\u00fablico-alvo destes treinamentos foram os trabalhadores do com\u00e9rcio de Londrina, prestadores de servi\u00e7os e pessoas que atuam em escolas.<\/p>\n\n\n\n<p>Hospital Universit\u00e1rio \u2013 Na \u00e1rea da sa\u00fade, especificamente, de acordo com dados repassados pela Superintend\u00eancia do Hospital Universit\u00e1rio (HU) da UEL, entre janeiro e mar\u00e7o de 2021 foram registrados 12.379 atendimentos a pacientes suspeitos ou que tiveram diagn\u00f3stico comprovado da Covid-19. S\u00f3 para dar uma dimens\u00e3o do volume de trabalho, em fevereiro passado, m\u00eas considerado bastante cr\u00edtico, foram 495 atendimentos de urg\u00eancia e 497 interna\u00e7\u00f5es de pacientes com Covid-19. Refer\u00eancia regional no atendimento da doen\u00e7a, o HU\/UEL mant\u00e9m atualmente 66 leitos de Terapia Intensiva Adulto, 14 de Terapia Intensiva Pedi\u00e1trica e 96 de Retaguarda Cl\u00ednica (enfermaria) \u2013 todos direcionados a pacientes da chamada macro regi\u00e3o de Londrina, exclusivos de Covid-19.<\/p>\n\n\n\n<p>Mobiliza\u00e7\u00e3o \u2013 O reitor da UEL, S\u00e9rgio Carvalho, lembrou que h\u00e1 exatamente um ano foi estabelecido o trabalho remoto, a suspens\u00e3o das aulas presenciais e demais a\u00e7\u00f5es recomendadas pelas autoridades sanit\u00e1rias, por meio do Ato Executivo 22\/2020. Segundo ele, naquele momento a comunidade universit\u00e1ria assumia o combate ao Coronav\u00edrus utilizando expertise nas v\u00e1rias \u00e1reas do conhecimento. \u201cA come\u00e7ar pelo HU\/UEL onde o confronto \u00e9 de maneira direta, desde o acolhimento do paciente suspeito ao tratamento da pessoa com exame positivo\u201d, definiu. A participa\u00e7\u00e3o da UEL no combate \u00e0 doen\u00e7a se deu ainda na manuten\u00e7\u00e3o de projetos de pesquisa, eventos de extens\u00e3o e nas milhares de aulas que est\u00e3o sendo dadas diariamente por meio remoto. \u201c\u00c9 uma comunidade de 20 mil pessoas que est\u00e1 mobilizada neste combate ao v\u00edrus\u201d, classificou ele.O reitor afirmou que a expectativa era de que neste in\u00edcio de ano seria poss\u00edvel o retorno \u00e0 normalidade, que acabou frustrada pela expans\u00e3o da pandemia, de modo ainda mais intenso. \u201cIsto exige da Universidade e de toda a comunidade um cuidado e uma mobiliza\u00e7\u00e3o ainda maiores. N\u00e3o podemos nos dar ao luxo de desmobilizar nossas for\u00e7as e nos entregar ao v\u00edrus\u201d. Segundo o reitor, atualmente a sociedade se divide entre pessoas que apresentam comportamento aliado ou advers\u00e1rio do v\u00edrus. \u201cN\u00f3s nos colocamos como advers\u00e1rios do coronav\u00edrus, tomando os cuidados necess\u00e1rios e levando a mensagem fraternal para que todos se juntem a n\u00f3s para que possamos salvar vidas e, consequentemente, manter os empregos. Para que possamos sair unidos como na\u00e7\u00e3o e reconstruir o que foi perdido ao longo de todo esse combate\u201d, afirmou.<\/p>\n\n\n\n<p class=\"has-text-align-center\">O texto est\u00e1 citado na lista de refer\u00eancias como O PEROBAL (2021c).<\/p>\n\n\n\n<p>\u00a0<\/p>\n","protected":false},"excerpt":{"rendered":"<p>. Quando o pa\u00eds faz as contas sobre v\u00edtimas e os impactos econ\u00f4micos e sociais provocados pelo Coronav\u00edrus, a UEL contabiliza a\u00e7\u00f5es importantes no enfrentamento da pandemia e consolida seu protagonismo no desenvolvimento de atividades de ensino, pesquisa e extens\u00e3o no Paran\u00e1. Neste 17 de mar\u00e7o, a Universidade completa exatamente um ano de suspens\u00e3o das [&hellip;]<\/p>\n","protected":false},"author":8,"featured_media":0,"parent":0,"menu_order":0,"comment_status":"closed","ping_status":"closed","template":"","meta":{"footnotes":""},"class_list":["post-1045","page","type-page","status-publish","hentry"],"acf":[],"_links":{"self":[{"href":"https:\/\/sites.uel.br\/pdi\/wp-json\/wp\/v2\/pages\/1045","targetHints":{"allow":["GET"]}}],"collection":[{"href":"https:\/\/sites.uel.br\/pdi\/wp-json\/wp\/v2\/pages"}],"about":[{"href":"https:\/\/sites.uel.br\/pdi\/wp-json\/wp\/v2\/types\/page"}],"author":[{"embeddable":true,"href":"https:\/\/sites.uel.br\/pdi\/wp-json\/wp\/v2\/users\/8"}],"replies":[{"embeddable":true,"href":"https:\/\/sites.uel.br\/pdi\/wp-json\/wp\/v2\/comments?post=1045"}],"version-history":[{"count":1,"href":"https:\/\/sites.uel.br\/pdi\/wp-json\/wp\/v2\/pages\/1045\/revisions"}],"predecessor-version":[{"id":1046,"href":"https:\/\/sites.uel.br\/pdi\/wp-json\/wp\/v2\/pages\/1045\/revisions\/1046"}],"wp:attachment":[{"href":"https:\/\/sites.uel.br\/pdi\/wp-json\/wp\/v2\/media?parent=1045"}],"curies":[{"name":"wp","href":"https:\/\/api.w.org\/{rel}","templated":true}]}}