{"id":1012,"date":"2022-10-03T15:07:22","date_gmt":"2022-10-03T18:07:22","guid":{"rendered":"https:\/\/sites.uel.br\/pdi\/?page_id=1012"},"modified":"2022-10-03T15:07:22","modified_gmt":"2022-10-03T18:07:22","slug":"cerimonia-de-aniversario-reune-ex-reitores-para-plantio-da-50a-arvore-simbolo-da-uel","status":"publish","type":"page","link":"https:\/\/sites.uel.br\/pdi\/cerimonia-de-aniversario-reune-ex-reitores-para-plantio-da-50a-arvore-simbolo-da-uel\/","title":{"rendered":"Cerim\u00f4nia de anivers\u00e1rio re\u00fane ex-reitores para plantio da 50\u00aa \u00e1rvore s\u00edmbolo da UEL"},"content":{"rendered":"\n<p class=\"has-white-color has-text-color\">.<\/p>\n\n\n\n<p>Os 50 anos de reconhecimento da UEL pelo Minist\u00e9rio da Educa\u00e7\u00e3o (7 de outubro de 1971) foram comemorados nesta quinta-feira (7) com o plantio da peroba, \u00e1rvore s\u00edmbolo da institui\u00e7\u00e3o, durante cerim\u00f4nia realizada no Anfiteatro Cyro Grossi do Centro de Ci\u00eancias Biol\u00f3gicas (CCB), na presen\u00e7a de diversas autoridades, ex-reitores e reitoras, convidados e membros da comunidade universit\u00e1ria. A solenidade tamb\u00e9m homenageou participantes da programa\u00e7\u00e3o de anivers\u00e1rio que inclui um concurso de cria\u00e7\u00e3o do selo alusivo aos 50 anos, criado pela ex-aluna da UEL, a designer Camila Santos. Tamb\u00e9m foram premiados os seis escritores classificados, que participaram do Concurso Liter\u00e1rio de Contos da UEL. As festividades prosseguem at\u00e9 o in\u00edcio de 2022 e incluem apresenta\u00e7\u00f5es art\u00edsticas e eventos acad\u00eamicos.<\/p>\n\n\n\n<p>A 50\u00aa peroba foi plantada simbolicamente pelo criador da Universidade, tamb\u00e9m o primeiro reitor (1970\/1974),&nbsp;Asc\u00eancio&nbsp;Garcia Lopes, de 93 anos. Pela primeira vez ex-reitores se reuniram em uma mesma cerim\u00f4nia. O jornalista Adriano Fiori representou os ex-reitores Oscar Alves (1974\/1978) e Marco&nbsp;Antonio&nbsp;Fiori (1982\/1986). Tamb\u00e9m participaram presencialmente os&nbsp;ex-dirigentesda UEL, Jorge&nbsp;Bounassar&nbsp;Filho (1986\/1990), Jo\u00e3o Carlos Thomson (1990\/1994), Jackson Proen\u00e7a Testa (1994\/1998 e 1998\/2001), Pedro&nbsp;Gordan&nbsp;(2001\/2002), Eduardo Di Mauro (2006). E as ex-reitoras L\u00edgia&nbsp;Pupato&nbsp;(2002\/2006),&nbsp;N\u00e1dina&nbsp;Moreno (2010\/2014) e Berenice&nbsp;Quinzani&nbsp;Jord\u00e3o (2014\/2018). Somente o ex-reitor&nbsp;Wilmar&nbsp;Mar\u00e7al (2006\/2010) n\u00e3o esteve presente por estar acompanhando um parente em um atendimento de sa\u00fade.<\/p>\n\n\n\n<p>O reitor S\u00e9rgio Carvalho lembrou que vive um grande desafio ao ocupar o cargo maior da Institui\u00e7\u00e3o e enalteceu o trabalho dos que o antecederam. Segundo ele, a hist\u00f3ria da UEL est\u00e1 ligada ao desejo da sociedade local, que na d\u00e9cada de 1970 cobrava uma Institui\u00e7\u00e3o de Ensino Superior para fazer frente \u00e0 forma\u00e7\u00e3o de m\u00e3o de obra qualificada. Ele lembrou que os primeiros estudantes da Universidade tiveram aulas no CCB, o primeiro a centro a ser constru\u00eddo, em instala\u00e7\u00f5es prec\u00e1rias. Bem diferente da infraestrutura existente hoje. O Campus Universit\u00e1rio tem hoje nada menos que 1,5 milh\u00e3o de metros quadrados de extens\u00e3o, oito Centros de Ensino, fora o da Sa\u00fade (CCS), localizado anexo ao Hospital Universit\u00e1rio, na zona Leste de Londrina. Ao todo s\u00e3o 300 salas de aula, 800 laborat\u00f3rios, mais de 17 mil estudantes de gradua\u00e7\u00e3o e p\u00f3s-gradua\u00e7\u00e3o e dezenas de \u00f3rg\u00e3os e unidades para presta\u00e7\u00e3o de servi\u00e7o, ensino e pesquisa.<\/p>\n\n\n\n<p>\u201cChegamos aos 50 anos em um momento dram\u00e1tico que exigiu que toda a Universidade se mobilizasse para apoiar o Hospital Universit\u00e1rio\u201d, afirmou ele, referindo-se ao trabalho de combate \u00e0 pandemia do novo Coronav\u00edrus. O reitor afirmou ainda que o futuro da Universidade tamb\u00e9m ser\u00e1 de desafio para garantir que a nova gera\u00e7\u00e3o possa contar com ensino de qualidade e toda uma gama de servi\u00e7os. \u201cTemos 88 mil apoiadores\u201d, definiu o reitor se referindo ao volume de profissionais formados na UEL nestas cinco d\u00e9cadas. Tamb\u00e9m participaram da solenidade nesta quinta-feira o vice-prefeito de Londrina, Jo\u00e3o Mendon\u00e7a e o vereador, Airton Nantes. Estiveram presentes ainda todos os diretores dos nove Centros de Estudos, Pr\u00f3-Reitores e diretores de \u00f3rg\u00e3os e unidades da UEL.<\/p>\n\n\n\n<p class=\"has-text-align-center\">O texto est\u00e1 citado na lista de refer\u00eancias como O PEROBAL (2021c).<\/p>\n","protected":false},"excerpt":{"rendered":"<p>. Os 50 anos de reconhecimento da UEL pelo Minist\u00e9rio da Educa\u00e7\u00e3o (7 de outubro de 1971) foram comemorados nesta quinta-feira (7) com o plantio da peroba, \u00e1rvore s\u00edmbolo da institui\u00e7\u00e3o, durante cerim\u00f4nia realizada no Anfiteatro Cyro Grossi do Centro de Ci\u00eancias Biol\u00f3gicas (CCB), na presen\u00e7a de diversas autoridades, ex-reitores e reitoras, convidados e membros [&hellip;]<\/p>\n","protected":false},"author":8,"featured_media":0,"parent":0,"menu_order":0,"comment_status":"closed","ping_status":"closed","template":"","meta":{"footnotes":""},"class_list":["post-1012","page","type-page","status-publish","hentry"],"acf":[],"_links":{"self":[{"href":"https:\/\/sites.uel.br\/pdi\/wp-json\/wp\/v2\/pages\/1012","targetHints":{"allow":["GET"]}}],"collection":[{"href":"https:\/\/sites.uel.br\/pdi\/wp-json\/wp\/v2\/pages"}],"about":[{"href":"https:\/\/sites.uel.br\/pdi\/wp-json\/wp\/v2\/types\/page"}],"author":[{"embeddable":true,"href":"https:\/\/sites.uel.br\/pdi\/wp-json\/wp\/v2\/users\/8"}],"replies":[{"embeddable":true,"href":"https:\/\/sites.uel.br\/pdi\/wp-json\/wp\/v2\/comments?post=1012"}],"version-history":[{"count":1,"href":"https:\/\/sites.uel.br\/pdi\/wp-json\/wp\/v2\/pages\/1012\/revisions"}],"predecessor-version":[{"id":1013,"href":"https:\/\/sites.uel.br\/pdi\/wp-json\/wp\/v2\/pages\/1012\/revisions\/1013"}],"wp:attachment":[{"href":"https:\/\/sites.uel.br\/pdi\/wp-json\/wp\/v2\/media?parent=1012"}],"curies":[{"name":"wp","href":"https:\/\/api.w.org\/{rel}","templated":true}]}}