{"id":1009,"date":"2022-10-03T15:05:54","date_gmt":"2022-10-03T18:05:54","guid":{"rendered":"https:\/\/sites.uel.br\/pdi\/?page_id=1009"},"modified":"2024-02-06T15:02:21","modified_gmt":"2024-02-06T18:02:21","slug":"no-jubileu-de-ouro-da-uel-e-do-hu-governador-destaca-relevancia-das-instituicoes-para-oparana","status":"publish","type":"page","link":"https:\/\/sites.uel.br\/pdi\/no-jubileu-de-ouro-da-uel-e-do-hu-governador-destaca-relevancia-das-instituicoes-para-oparana\/","title":{"rendered":"No Jubileu de Ouro da UEL e do HU, governador destaca relev\u00e2ncia das institui\u00e7\u00f5es para\u00a0o Paran\u00e1"},"content":{"rendered":"\n<p class=\"has-white-color has-text-color\">.<\/p>\n\n\n\n<p>Refer\u00eancias de Londrina e do Paran\u00e1, o Hospital Universit\u00e1rio (HU) e a Universidade Estadual de Londrina (UEL) est\u00e3o completando cinco d\u00e9cadas de servi\u00e7os prestados \u00e0 comunidade, colecionando hist\u00f3rias, admiradores e ganhando cada vez mais relev\u00e2ncia. Para comemorar os 50 anos, um evento intitulado \u201cHU in&nbsp;Concert\u201d, no Cine Teatro Universit\u00e1rio Ouro Verde, no Centro de Londrina, lembrou a trajet\u00f3ria iniciada oficialmente em 7 de outubro de 1971. O governador Carlos Massa Ratinho Junior participou nesta quinta-feira (30) da solenidade do Jubileu de Ouro do HU\/UEL, refor\u00e7ando a import\u00e2ncia da organiza\u00e7\u00e3o para o Estado, destacando os feitos mais recentes.<\/p>\n\n\n\n<p>\u201cEstamos comemorando o Jubileu de dois patrim\u00f4nios do Paran\u00e1. O HU salva vidas, e quantas vidas foram salvas apenas nesta pandemia? Algu\u00e9m imagina como seria se o HU de Londrina n\u00e3o existisse? S\u00e3o 250 munic\u00edpios que dependem do hospital. Estou aqui representando mais de 11,5 milh\u00f5es paranaenses neste agradecimento ao HU\u201d, destacou. \u201cE tamb\u00e9m devemos destacar o papel das demais universidades e dos demais hospitais universit\u00e1rios. Assim como a UEL, s\u00e3o polos de educa\u00e7\u00e3o e ensino que transformaram o Paran\u00e1 em uma grande refer\u00eancia para o Pa\u00eds\u201d, acrescentou Ratinho Junior.Durante a solenidade pessoas marcantes da hist\u00f3ria dos complexos foram homenageadas. Tr\u00eas personalidades receberam a distin\u00e7\u00e3o de Pr\u00eamio de Jubileu de Ouro:\u00a0Asc\u00eancio\u00a0Garcia Lopes, o primeiro reitor da UEL; Humberto de Morais Novaes, o primeiro reitor superintendente do HU; e Nelson Rodrigues dos Santos, primeiro diretor do Centro de Ci\u00eancias da Sa\u00fade (CCS). A cerim\u00f4nia contou ainda com a apresenta\u00e7\u00e3o do Quinteto de\u00a0Cordas, da Orquestra Sinf\u00f4nica da UEL (OSUEL), acompanhado de saxofone e bateria.<\/p>\n\n\n\n<p>\u00danico hospital p\u00fablico de grande porte da Regi\u00e3o Norte, o HU\/UEL \u00e9 considerado centro de refer\u00eancia para o Sistema \u00danico de Sa\u00fade (SUS), al\u00e9m de modelo estadual em atendimentos de maior gravidade e alta complexidade. Desde o in\u00edcio da pandemia da Covid-19, em mar\u00e7o de 2020, s\u00e3o 15.698 pessoas atendidas pela estrutura do Hospital Universit\u00e1rio. Foram disponibilizados 213 leitos exclusivos para tratamento da doen\u00e7a, sendo 96 de enfermaria, 106 de UTI e 11 de UTI pedi\u00e1trica. \u201cO hospital tem uma import\u00e2ncia capital para a Regi\u00e3o Norte e o Interior do Paran\u00e1 como um todo. Foi montado para substituir um sanat\u00f3rio de tuberculose e, al\u00e9m dos atendimentos m\u00e9dicos, tem um significado muito grande na forma\u00e7\u00e3o de profissionais de todas as \u00e1reas da sa\u00fade\u201d, ressaltou o secret\u00e1rio de Estado da Sa\u00fade, Beto preto.<\/p>\n\n\n\n<p>No \u00e2mbito acad\u00eamico, o HU\/UEL est\u00e1 vinculado ao Centro de Ci\u00eancias da Sa\u00fade (CCS) e, como hospital-escola, tem papel fundamental na pr\u00e1tica do Ensino, da Pesquisa e da Extens\u00e3o. Tamb\u00e9m \u00e9 campo de est\u00e1gio para estudantes de Medicina, Enfermagem, Farm\u00e1cia e Fisioterapia. Recebe ainda programas de est\u00e1gio em outras \u00e1reas, como Administra\u00e7\u00e3o e Servi\u00e7o Social, bem como mant\u00e9m programas de resid\u00eancias nas \u00e1reas m\u00e9dicas e da sa\u00fade. \u201cS\u00e3o dois grandes patrim\u00f4nios da sociedade paranaense, com muitos resultados apresentados \u00e0 popula\u00e7\u00e3o do Paran\u00e1. Quero destacar a quest\u00e3o formativa, um hospital-escola que forma profissionais da sa\u00fade, algo essencial para o nosso Estado\u201d, comentou o superintendente geral de Ci\u00eancia, Tecnologia e Ensino Superior, Aldo Bona.<\/p>\n\n\n\n<p>O reitor da UEL, S\u00e9rgio Carvalho, lembrou parte da hist\u00f3ria da UEL e do HU\/UEL, destacando a coragem e ousadia dos gestores da \u00e9poca. \u201cA dedica\u00e7\u00e3o dos profissionais e autoridades fizeram com que aquela ideia se transformasse nas Institui\u00e7\u00f5es que temos hoje, a UEL e o HU\u201d. Ele tamb\u00e9m ressaltou o trabalho excepcional dos servidores do Hospital durante a pandemia. \u201cAo longo dos anos, o hospital alcan\u00e7ou uma relev\u00e2ncia gigantesca para a \u00e1rea de sa\u00fade de Londrina e das demais cidades paranaenses\u201d, completou o reitor.<\/p>\n\n\n\n<p>Al\u00e9m de toda a qualifica\u00e7\u00e3o t\u00e9cnica e de infraestrutura, o HU\/UEL mant\u00e9m os servi\u00e7os de refer\u00eancia no atendimento \u00e0 popula\u00e7\u00e3o. Entre eles o Ambulat\u00f3rio de Especialidades, o Centro de Tratamento de Queimados e o Hemocentro Regional de Londrina, que atende hospitais da 17\u00aa Regional de Sa\u00fade, Telemedicina e\u00a0Telessa\u00fade, o Centro de Assist\u00eancia Toxicol\u00f3gica \u2013 que presta assessoria e orienta\u00e7\u00e3o em casos de intoxica\u00e7\u00e3o ou exposi\u00e7\u00e3o a agentes t\u00f3xicos. Entre outros servi\u00e7os, est\u00e3o tamb\u00e9m o Banco de Leite Humano e a Unidade Neonatal, com destaque para o M\u00e9todo Canguru. \u201cO HU \u00e9 vanguardista e vision\u00e1rio. Um hospital que serviu de embri\u00e3o para o surgimento do Sistema \u00danico de Sa\u00fade no Pa\u00eds e que acredita na sa\u00fade p\u00fablica de qualidade\u201d, afirmou a superintendente do HU, Vivian Feij\u00f3.<\/p>\n\n\n\n<p class=\"has-text-align-center\">O texto est\u00e1 citado na lista de refer\u00eancias como O PEROBAL (2021b).<\/p>\n","protected":false},"excerpt":{"rendered":"<p>. Refer\u00eancias de Londrina e do Paran\u00e1, o Hospital Universit\u00e1rio (HU) e a Universidade Estadual de Londrina (UEL) est\u00e3o completando cinco d\u00e9cadas de servi\u00e7os prestados \u00e0 comunidade, colecionando hist\u00f3rias, admiradores e ganhando cada vez mais relev\u00e2ncia. Para comemorar os 50 anos, um evento intitulado \u201cHU in&nbsp;Concert\u201d, no Cine Teatro Universit\u00e1rio Ouro Verde, no Centro de [&hellip;]<\/p>\n","protected":false},"author":8,"featured_media":0,"parent":0,"menu_order":0,"comment_status":"closed","ping_status":"closed","template":"","meta":{"footnotes":""},"class_list":["post-1009","page","type-page","status-publish","hentry"],"acf":[],"_links":{"self":[{"href":"https:\/\/sites.uel.br\/pdi\/wp-json\/wp\/v2\/pages\/1009","targetHints":{"allow":["GET"]}}],"collection":[{"href":"https:\/\/sites.uel.br\/pdi\/wp-json\/wp\/v2\/pages"}],"about":[{"href":"https:\/\/sites.uel.br\/pdi\/wp-json\/wp\/v2\/types\/page"}],"author":[{"embeddable":true,"href":"https:\/\/sites.uel.br\/pdi\/wp-json\/wp\/v2\/users\/8"}],"replies":[{"embeddable":true,"href":"https:\/\/sites.uel.br\/pdi\/wp-json\/wp\/v2\/comments?post=1009"}],"version-history":[{"count":4,"href":"https:\/\/sites.uel.br\/pdi\/wp-json\/wp\/v2\/pages\/1009\/revisions"}],"predecessor-version":[{"id":4222,"href":"https:\/\/sites.uel.br\/pdi\/wp-json\/wp\/v2\/pages\/1009\/revisions\/4222"}],"wp:attachment":[{"href":"https:\/\/sites.uel.br\/pdi\/wp-json\/wp\/v2\/media?parent=1009"}],"curies":[{"name":"wp","href":"https:\/\/api.w.org\/{rel}","templated":true}]}}