{"id":97,"date":"2025-09-27T14:07:38","date_gmt":"2025-09-27T17:07:38","guid":{"rendered":"https:\/\/sites.uel.br\/ninter\/?page_id=97"},"modified":"2025-11-14T14:00:45","modified_gmt":"2025-11-14T17:00:45","slug":"membros-participantes","status":"publish","type":"page","link":"https:\/\/sites.uel.br\/ninter\/membros-participantes\/","title":{"rendered":"Membros Participantes"},"content":{"rendered":"\n<div style=\"height:20px\" aria-hidden=\"true\" class=\"wp-block-spacer\"><\/div>\n\n\n\n<p class=\"has-text-align-center\">O NINTER \u00e9 formado por uma rede diversificada e multidisciplinar de docentes, pesquisadores, profissionais e estudantes engajados na busca por solu\u00e7\u00f5es inovadoras. Conhe\u00e7a os membros que movem nosso n\u00facleo.<\/p>\n\n\n\n<div style=\"height:40px\" aria-hidden=\"true\" class=\"wp-block-spacer\"><\/div>\n\n\n\n<h2 class=\"wp-block-heading has-text-align-center\">DOCENTES PESQUISADORES<\/h2>\n\n\n\n<div style=\"height:20px\" aria-hidden=\"true\" class=\"wp-block-spacer\"><\/div>\n\n\n\n<p><a href=\"http:\/\/lattes.cnpq.br\/4487593098813247\" target=\"_blank\" rel=\"noreferrer noopener\"><strong>&nbsp;Prof\u00aa Dr\u00aa. Ana Cl\u00e1udia Duarte Pinheiro<\/strong><\/a><strong>&nbsp;<\/strong><br><em>Departamento de Direito P\u00fablico<\/em><\/p>\n\n\n\n<p><a href=\"http:\/\/lattes.cnpq.br\/3015870505637635\" target=\"_blank\" rel=\"noreferrer noopener\"><strong>Prof. Dr. Benilson Borinelli<\/strong><\/a><br><em>Departamento de Administra\u00e7\u00e3o<\/em><\/p>\n\n\n\n<p><a href=\"http:\/\/lattes.cnpq.br\/8376635853674441\" target=\"_blank\" rel=\"noreferrer noopener\"><strong>Prof. Dr. Caio Victor L. Rodrigues<\/strong><\/a><strong>&nbsp;<\/strong><br><em>Departamento de Constru\u00e7\u00e3o Civil<\/em><\/p>\n\n\n\n<p><a href=\"http:\/\/lattes.cnpq.br\/2830479133985527\" target=\"_blank\" rel=\"noreferrer noopener\"><strong>Prof\u00aa. Dr\u00aa. Camila Santos Doubek Lopes<\/strong><\/a><strong>&nbsp;<\/strong><br><em>Departamento de Design<\/em><\/p>\n\n\n\n<p><a href=\"http:\/\/lattes.cnpq.br\/0193236846556503\" target=\"_blank\" rel=\"noreferrer noopener\"><strong>Prof. Dr. Cl\u00e1udio Pereira de Sampaio<\/strong><\/a><strong>&nbsp;<\/strong><br><em>Departamento de Design<\/em><\/p>\n\n\n\n<p><a href=\"http:\/\/lattes.cnpq.br\/9007461963942749\" target=\"_blank\" rel=\"noreferrer noopener\"><strong>Prof\u00aa. Dr\u00aa. Danielly Negr\u00e3o Guassu Nogueira<\/strong><\/a><br><em>Departamento de Enfermagem<\/em><\/p>\n\n\n\n<p><a href=\"http:\/\/lattes.cnpq.br\/3741837265588407\" target=\"_blank\" rel=\"noreferrer noopener\"><strong>Prof\u00aa. Dr\u00aa. Edin\u00e9ia Vilanova Grizio Orita<\/strong><\/a><br><em>Departamento de Geoci\u00eancias<\/em><\/p>\n\n\n\n<p><a href=\"http:\/\/lattes.cnpq.br\/9312180396748573\" target=\"_blank\" rel=\"noreferrer noopener\"><strong>Prof\u00aa. Dr\u00aa. Lilian Aligleri<\/strong><\/a><br><em>Departamento de Administra\u00e7\u00e3o<\/em><\/p>\n\n\n\n<p><a href=\"http:\/\/lattes.cnpq.br\/3449930989342098\" target=\"_blank\" rel=\"noreferrer noopener\"><strong>Prof. Dr. Luciano A. Panagio<\/strong><\/a><br><em>Departamento de Microbiologia<\/em><\/p>\n\n\n\n<p><a href=\"http:\/\/lattes.cnpq.br\/3645279441325845\" target=\"_blank\" rel=\"noreferrer noopener\"><strong>&nbsp;Prof.&nbsp;Dr. Miguel Etinger de Ara\u00fajo J\u00fanior<\/strong><\/a><strong>&nbsp;<\/strong><br><em>Departamento de Direito P\u00fablico<\/em><\/p>\n\n\n\n<p><a href=\"http:\/\/lattes.cnpq.br\/2129916850534092\" target=\"_blank\" rel=\"noreferrer noopener\"><strong>Prof\u00aa. Dr\u00aa. Patr\u00edcia de Oliveira Rosa da Silva<\/strong><\/a><br><em>Departamento de Biologia Geral<\/em><\/p>\n\n\n\n<p><a href=\"http:\/\/lattes.cnpq.br\/1726041421275880\" target=\"_blank\" rel=\"noreferrer noopener\"><strong>Prof\u00aa. Dr\u00aa. Ver\u00f4nica Bender Haydu<\/strong><\/a><br><em>Departamento de Psicologia Geral e An\u00e1lise do Comportamento<\/em><\/p>\n\n\n\n<div style=\"height:40px\" aria-hidden=\"true\" class=\"wp-block-spacer\"><\/div>\n\n\n\n<h2 class=\"wp-block-heading has-text-align-center\">PROFISSIONAIS EXTERNOS<\/h2>\n\n\n\n<div style=\"height:20px\" aria-hidden=\"true\" class=\"wp-block-spacer\"><\/div>\n\n\n\n<p><a href=\"http:\/\/lattes.cnpq.br\/1996552738534654\" target=\"_blank\" rel=\"noreferrer noopener\"><strong>Me. Edson Henrique Gaspar Massi<\/strong><\/a><br><em>Engenheiro Ambiental<\/em><\/p>\n\n\n\n<p><a href=\"http:\/\/lattes.cnpq.br\/8287738268556108\" target=\"_blank\" rel=\"noreferrer noopener\"><strong>Me. Felipe Nepomuceno Coimbra Santos<\/strong><\/a><br><em>Engenheiro de Produ\u00e7\u00e3o<\/em><\/p>\n\n\n\n<p><a href=\"http:\/\/lattes.cnpq.br\/0671332986072927\" target=\"_blank\" rel=\"noreferrer noopener\"><strong>Marcela Koga Oliveira Ferreira<\/strong><\/a><br><em>Bacharel em Administra\u00e7\u00e3o<\/em><\/p>\n\n\n\n<div style=\"height:40px\" aria-hidden=\"true\" class=\"wp-block-spacer\"><\/div>\n\n\n\n<h2 class=\"wp-block-heading has-text-align-center\">CONSULTORES S\u00caNIORS<\/h2>\n\n\n\n<div style=\"height:20px\" aria-hidden=\"true\" class=\"wp-block-spacer\"><\/div>\n\n\n\n<p><a href=\"http:\/\/lattes.cnpq.br\/3206963286947274\" target=\"_blank\" rel=\"noreferrer noopener\"><strong>Prof. Dr. Jair Scarminio<\/strong><\/a><br><em>Docente aposentado do Departamento de F\u00edsica<\/em><\/p>\n\n\n\n<p><a href=\"http:\/\/lattes.cnpq.br\/0071417904869981\" target=\"_blank\" rel=\"noreferrer noopener\"><strong>Prof\u00aa. Dr\u00aa. Suzana Barreto Martins<\/strong><\/a><br><em>Docente aposentada do&nbsp;Departamento de Design<\/em><\/p>\n\n\n\n<div style=\"height:40px\" aria-hidden=\"true\" class=\"wp-block-spacer\"><\/div>\n\n\n\n<h2 class=\"wp-block-heading has-text-align-center\">ESTUDANTES COLABORADORES<\/h2>\n\n\n\n<div style=\"height:20px\" aria-hidden=\"true\" class=\"wp-block-spacer\"><\/div>\n\n\n\n<p><strong><strong>Andressa Lonardoni<\/strong><\/strong><br><em>Graduanda em Rela\u00e7\u00f5es P\u00fablicas<\/em><\/p>\n\n\n\n<p><strong><a href=\"http:\/\/lattes.cnpq.br\/1111136130437576\" target=\"_blank\" rel=\"noreferrer noopener\">Gabriel Antonio Manduca<\/a><\/strong><br><em>Graduando em Engenharia Civil<\/em><\/p>\n\n\n\n<p><strong><a href=\"http:\/\/lattes.cnpq.br\/5375574132547802\" target=\"_blank\" rel=\"noreferrer noopener\">Hayane Vitoria Correia Genomio Marques<\/a><\/strong><br><em>Graduanda em Administra\u00e7\u00e3o<\/em><\/p>\n\n\n\n<p><strong><a href=\"http:\/\/lattes.cnpq.br\/3019375024895024\" target=\"_blank\" rel=\"noreferrer noopener\">Ian Felipe Braziel Fernandes<\/a><\/strong><br><em>Graduando em Direito<\/em><\/p>\n\n\n\n<p><strong>Lais Vit\u00f3ria Rodrigues<\/strong><br><em>Graduanda&nbsp;em Engenharia Civil<\/em><\/p>\n\n\n\n<p><strong>Marcela Castro<\/strong><br><em>Graduanda&nbsp;em Engenharia Civil<\/em><\/p>\n\n\n\n<p><strong>Maria Eduarda Siqueira Ferreira<\/strong><br><em>Graduanda em Administra\u00e7\u00e3o<\/em><\/p>\n\n\n\n<p><strong><a href=\"http:\/\/lattes.cnpq.br\/1842089525314323\" target=\"_blank\" rel=\"noreferrer noopener\">Sophia Franco Vieira de Oliveira<\/a><\/strong><br><em>Graduanda em Artes Visuais<\/em><\/p>\n","protected":false},"excerpt":{"rendered":"<p>O NINTER \u00e9 formado por uma rede diversificada e multidisciplinar de docentes, pesquisadores, profissionais e estudantes engajados na busca por solu\u00e7\u00f5es inovadoras. Conhe\u00e7a os membros que movem nosso n\u00facleo. DOCENTES PESQUISADORES &nbsp;Prof\u00aa Dr\u00aa. Ana Cl\u00e1udia Duarte Pinheiro&nbsp;Departamento de Direito P\u00fablico Prof. Dr. Benilson BorinelliDepartamento de Administra\u00e7\u00e3o Prof. Dr. Caio Victor L. Rodrigues&nbsp;Departamento de Constru\u00e7\u00e3o Civil [&hellip;]<\/p>\n","protected":false},"author":9,"featured_media":0,"parent":0,"menu_order":0,"comment_status":"closed","ping_status":"closed","template":"","meta":{"_acf_changed":false,"footnotes":""},"class_list":["post-97","page","type-page","status-publish","hentry"],"acf":[],"_links":{"self":[{"href":"https:\/\/sites.uel.br\/ninter\/wp-json\/wp\/v2\/pages\/97","targetHints":{"allow":["GET"]}}],"collection":[{"href":"https:\/\/sites.uel.br\/ninter\/wp-json\/wp\/v2\/pages"}],"about":[{"href":"https:\/\/sites.uel.br\/ninter\/wp-json\/wp\/v2\/types\/page"}],"author":[{"embeddable":true,"href":"https:\/\/sites.uel.br\/ninter\/wp-json\/wp\/v2\/users\/9"}],"replies":[{"embeddable":true,"href":"https:\/\/sites.uel.br\/ninter\/wp-json\/wp\/v2\/comments?post=97"}],"version-history":[{"count":10,"href":"https:\/\/sites.uel.br\/ninter\/wp-json\/wp\/v2\/pages\/97\/revisions"}],"predecessor-version":[{"id":642,"href":"https:\/\/sites.uel.br\/ninter\/wp-json\/wp\/v2\/pages\/97\/revisions\/642"}],"wp:attachment":[{"href":"https:\/\/sites.uel.br\/ninter\/wp-json\/wp\/v2\/media?parent=97"}],"curies":[{"name":"wp","href":"https:\/\/api.w.org\/{rel}","templated":true}]}}