{"id":651,"date":"2025-11-14T15:12:37","date_gmt":"2025-11-14T18:12:37","guid":{"rendered":"https:\/\/sites.uel.br\/ninter\/?page_id=651"},"modified":"2025-12-07T12:34:02","modified_gmt":"2025-12-07T15:34:02","slug":"projeto-3s","status":"publish","type":"page","link":"https:\/\/sites.uel.br\/ninter\/projeto-3s\/","title":{"rendered":"Projeto 3S"},"content":{"rendered":"<div class=\"wp-block-image\">\n<figure class=\"aligncenter size-large is-resized\"><img loading=\"lazy\" decoding=\"async\" width=\"1024\" height=\"724\" src=\"https:\/\/sites.uel.br\/ninter\/wp-content\/uploads\/2025\/11\/RELATORIO-PROJETO-3S-IMPRESSAO-DIGITAL-2-1024x724.png\" alt=\"\" class=\"wp-image-700\" style=\"width:869px;height:auto\" srcset=\"https:\/\/sites.uel.br\/ninter\/wp-content\/uploads\/2025\/11\/RELATORIO-PROJETO-3S-IMPRESSAO-DIGITAL-2-1024x724.png 1024w, https:\/\/sites.uel.br\/ninter\/wp-content\/uploads\/2025\/11\/RELATORIO-PROJETO-3S-IMPRESSAO-DIGITAL-2-300x212.png 300w, https:\/\/sites.uel.br\/ninter\/wp-content\/uploads\/2025\/11\/RELATORIO-PROJETO-3S-IMPRESSAO-DIGITAL-2-768x543.png 768w, https:\/\/sites.uel.br\/ninter\/wp-content\/uploads\/2025\/11\/RELATORIO-PROJETO-3S-IMPRESSAO-DIGITAL-2-1536x1086.png 1536w, https:\/\/sites.uel.br\/ninter\/wp-content\/uploads\/2025\/11\/RELATORIO-PROJETO-3S-IMPRESSAO-DIGITAL-2.png 2000w\" sizes=\"auto, (max-width: 1024px) 100vw, 1024px\" \/><\/figure>\n<\/div>\n\n\n<h2 class=\"wp-block-heading has-text-align-center\"><em>Voc\u00ea sabia que mais de 32.000 pessoas em Londrina j\u00e1 foram <\/em><br><em>impactadas pelo projeto de educa\u00e7\u00e3o ambiental do NINTER?<\/em><\/h2>\n\n\n\n<div style=\"height:30px\" aria-hidden=\"true\" class=\"wp-block-spacer\"><\/div>\n\n\n\n<p>O Projeto 3S (Sensibiliza\u00e7\u00e3o e Separa\u00e7\u00e3o Seletiva em Condom\u00ednios) \u00e9 a principal iniciativa de extens\u00e3o universit\u00e1ria do NINTER. Ele nasceu com o prop\u00f3sito de aumentar o engajamento local dos moradores de condom\u00ednios residenciais na destina\u00e7\u00e3o adequada dos res\u00edduos dom\u00e9sticos para a coleta seletiva, por meio da capacita\u00e7\u00e3o e atua\u00e7\u00e3o de estudantes de gradua\u00e7\u00e3o da Universidade.<\/p>\n\n\n\n<div style=\"height:40px\" aria-hidden=\"true\" class=\"wp-block-spacer\"><\/div>\n\n\n\n<h2 class=\"wp-block-heading has-text-align-center\">NOSSOS OBJETIVOS E METOLOGIA<\/h2>\n\n\n\n<p>O prop\u00f3sito do 3S \u00e9 gerar impacto na cultura de reciclagem da cidade, levando a informa\u00e7\u00f5es e orienta\u00e7\u00f5es diretamente para dentro da casa dos moradores de Londrina.<br>Nossos objetivos espec\u00edficos s\u00e3o:<\/p>\n\n\n\n<ul class=\"wp-block-list\">\n<li><strong>Capacitar<\/strong> estudantes universit\u00e1rios como agentes e multiplicadores da educa\u00e7\u00e3o ambiental.<\/li>\n\n\n\n<li><strong>Aumentar o engajamento<\/strong> dos moradores de condom\u00ednios residenciais na destina\u00e7\u00e3o adequada dos res\u00edduos dom\u00e9sticos.<\/li>\n\n\n\n<li><strong>Implementar<\/strong> a segrega\u00e7\u00e3o multisseletiva e articular canais para res\u00edduos espec\u00edficos (como o \u00f3leo de cozinha).<\/li>\n\n\n\n<li><strong>Fortalecer<\/strong> a economia circular, aumentando a quantidade e a qualidade dos materiais destinados \u00e0s cooperativas de reciclagem.<\/li>\n<\/ul>\n\n\n\n<div style=\"height:18px\" aria-hidden=\"true\" class=\"wp-block-spacer\"><\/div>\n\n\n<div class=\"wp-block-image\">\n<figure class=\"aligncenter size-full\"><img loading=\"lazy\" decoding=\"async\" width=\"526\" height=\"715\" src=\"https:\/\/sites.uel.br\/ninter\/wp-content\/uploads\/2025\/11\/WhatsApp-Image-2025-11-14-at-18.34.38.jpeg\" alt=\"\" class=\"wp-image-699\" srcset=\"https:\/\/sites.uel.br\/ninter\/wp-content\/uploads\/2025\/11\/WhatsApp-Image-2025-11-14-at-18.34.38.jpeg 526w, https:\/\/sites.uel.br\/ninter\/wp-content\/uploads\/2025\/11\/WhatsApp-Image-2025-11-14-at-18.34.38-221x300.jpeg 221w\" sizes=\"auto, (max-width: 526px) 100vw, 526px\" \/><\/figure>\n<\/div>\n\n\n<div style=\"height:18px\" aria-hidden=\"true\" class=\"wp-block-spacer\"><\/div>\n\n\n\n<p>O projeto \u00e9 estruturado em duas etapas principais que garantem uma a\u00e7\u00e3o baseada em conhecimento:<\/p>\n\n\n\n<ol start=\"1\" class=\"wp-block-list\">\n<li><strong>Trilha Formativa (M\u00f3dulo 1):<\/strong> Os estudantes selecionados passam por um processo de capacita\u00e7\u00e3o com a equipe do NINTER, aprendendo sobre a tem\u00e1tica de res\u00edduos, gest\u00e3o em condom\u00ednios e os Objetivos do Desenvolvimento Sustent\u00e1vel (ODS).<\/li>\n\n\n\n<li><strong>Aplica\u00e7\u00e3o em Campo (M\u00f3dulo 2):<\/strong> Os estudantes aplicam o conhecimento no pr\u00e9dio onde vivem, atuando como agentes mobilizadores para sensibilizar moradores e funcion\u00e1rios, organizar a infraestrutura de separa\u00e7\u00e3o e coletar dados.<\/li>\n<\/ol>\n\n\n\n<div style=\"height:45px\" aria-hidden=\"true\" class=\"wp-block-spacer\"><\/div>\n\n\n\n<h2 class=\"wp-block-heading has-text-align-center\"><strong>VEJA O PROJETO EM A\u00c7\u00c3O!<\/strong><\/h2>\n\n\n\n<h4 class=\"wp-block-heading\"><strong><em>Os resultados falam por si<\/em><\/strong>:<\/h4>\n\n\n\n<p>Como voc\u00ea viu no v\u00eddeo, o 3S \u00e9 uma grande mobiliza\u00e7\u00e3o. Em 2025, ap\u00f3s duas rodadas completas de implementa\u00e7\u00e3o, o projeto j\u00e1 alcan\u00e7ou n\u00fameros que nos enchem de orgulho:<\/p>\n\n\n\n<ul class=\"wp-block-list\">\n<li><strong>+ 32.000<\/strong> moradores alcan\u00e7ados<\/li>\n\n\n\n<li><strong>+ 12.200<\/strong> unidades habitacionais (apartamentos e casas) envolvidas<\/li>\n\n\n\n<li><strong>75<\/strong> condom\u00ednios participantes em Londrina<\/li>\n\n\n\n<li><strong>+ 80<\/strong> estudantes de gradua\u00e7\u00e3o de 24 cursos diferentes atuando como mobilizadores<\/li>\n<\/ul>\n\n\n\n<p class=\"has-text-align-center\"><\/p>\n\n\n\n<div style=\"height:30px\" aria-hidden=\"true\" class=\"wp-block-spacer\"><\/div>\n\n\n\n<p class=\"has-text-align-center\"><\/p>\n\n\n\n<figure class=\"wp-block-embed is-type-video is-provider-youtube wp-block-embed-youtube wp-embed-aspect-16-9 wp-has-aspect-ratio\"><div class=\"wp-block-embed__wrapper\">\n<iframe loading=\"lazy\" title=\"PROJETO 3S - Sensibiliza\u00e7\u00e3o e Separa\u00e7\u00e3o Seletiva em Condom\u00ednios de Londrina - UEL\" width=\"500\" height=\"281\" src=\"https:\/\/www.youtube.com\/embed\/p6D1BzfMCuo?feature=oembed\" frameborder=\"0\" allow=\"accelerometer; autoplay; clipboard-write; encrypted-media; gyroscope; picture-in-picture; web-share\" referrerpolicy=\"strict-origin-when-cross-origin\" allowfullscreen><\/iframe>\n<\/div><\/figure>\n\n\n\n<div style=\"height:65px\" aria-hidden=\"true\" class=\"wp-block-spacer\"><\/div>\n\n\n\n<h2 class=\"wp-block-heading has-text-align-center\">RESULTADOS E IMPACTOS<\/h2>\n\n\n\n<p class=\"has-text-align-center\">Confira o Relat\u00f3rio Final de Resultados e Impactos!<\/p>\n\n\n\n<div data-wp-interactive=\"core\/file\" class=\"wp-block-file aligncenter\"><object data-wp-bind--hidden=\"!state.hasPdfPreview\" hidden class=\"wp-block-file__embed\" data=\"https:\/\/sites.uel.br\/ninter\/wp-content\/uploads\/2025\/12\/Compressed-RELATORIO-FINAL-DE-RESULTADOS-E-IMPACTOS-PROJETO-3S-VERSAO-DIGITAL.pdf\" type=\"application\/pdf\" style=\"width:100%;height:600px\" aria-label=\"Incorporado de RELAT\u00d3RIO FINAL DE RESULTADOS E IMPACTOS - PROJETO 3S - VERS\u00c3O DIGITAL.\"><\/object><a id=\"wp-block-file--media-9ecd6b75-e8fa-477f-9dca-3eb8912078b2\" href=\"https:\/\/sites.uel.br\/ninter\/wp-content\/uploads\/2025\/12\/Compressed-RELATORIO-FINAL-DE-RESULTADOS-E-IMPACTOS-PROJETO-3S-VERSAO-DIGITAL.pdf\">RELAT\u00d3RIO FINAL DE RESULTADOS E IMPACTOS &#8211; PROJETO 3S &#8211; VERS\u00c3O DIGITAL<\/a><a href=\"https:\/\/sites.uel.br\/ninter\/wp-content\/uploads\/2025\/12\/Compressed-RELATORIO-FINAL-DE-RESULTADOS-E-IMPACTOS-PROJETO-3S-VERSAO-DIGITAL.pdf\" class=\"wp-block-file__button wp-element-button\" download aria-describedby=\"wp-block-file--media-9ecd6b75-e8fa-477f-9dca-3eb8912078b2\">Baixar<\/a><\/div>\n\n\n\n<p><\/p>\n","protected":false},"excerpt":{"rendered":"<p>Voc\u00ea sabia que mais de 32.000 pessoas em Londrina j\u00e1 foram impactadas pelo projeto de educa\u00e7\u00e3o ambiental do NINTER? O Projeto 3S (Sensibiliza\u00e7\u00e3o e Separa\u00e7\u00e3o Seletiva em Condom\u00ednios) \u00e9 a principal iniciativa de extens\u00e3o universit\u00e1ria do NINTER. Ele nasceu com o prop\u00f3sito de aumentar o engajamento local dos moradores de condom\u00ednios residenciais na destina\u00e7\u00e3o adequada [&hellip;]<\/p>\n","protected":false},"author":9,"featured_media":0,"parent":0,"menu_order":0,"comment_status":"closed","ping_status":"closed","template":"","meta":{"_acf_changed":false,"footnotes":""},"class_list":["post-651","page","type-page","status-publish","hentry"],"acf":[],"_links":{"self":[{"href":"https:\/\/sites.uel.br\/ninter\/wp-json\/wp\/v2\/pages\/651","targetHints":{"allow":["GET"]}}],"collection":[{"href":"https:\/\/sites.uel.br\/ninter\/wp-json\/wp\/v2\/pages"}],"about":[{"href":"https:\/\/sites.uel.br\/ninter\/wp-json\/wp\/v2\/types\/page"}],"author":[{"embeddable":true,"href":"https:\/\/sites.uel.br\/ninter\/wp-json\/wp\/v2\/users\/9"}],"replies":[{"embeddable":true,"href":"https:\/\/sites.uel.br\/ninter\/wp-json\/wp\/v2\/comments?post=651"}],"version-history":[{"count":24,"href":"https:\/\/sites.uel.br\/ninter\/wp-json\/wp\/v2\/pages\/651\/revisions"}],"predecessor-version":[{"id":752,"href":"https:\/\/sites.uel.br\/ninter\/wp-json\/wp\/v2\/pages\/651\/revisions\/752"}],"wp:attachment":[{"href":"https:\/\/sites.uel.br\/ninter\/wp-json\/wp\/v2\/media?parent=651"}],"curies":[{"name":"wp","href":"https:\/\/api.w.org\/{rel}","templated":true}]}}