{"id":124,"date":"2025-09-27T14:15:48","date_gmt":"2025-09-27T17:15:48","guid":{"rendered":"https:\/\/sites.uel.br\/ninter\/?page_id=124"},"modified":"2026-02-08T13:14:19","modified_gmt":"2026-02-08T16:14:19","slug":"atividades","status":"publish","type":"page","link":"https:\/\/sites.uel.br\/ninter\/atividades\/","title":{"rendered":"Atividades"},"content":{"rendered":"\n<div style=\"height:40px\" aria-hidden=\"true\" class=\"wp-block-spacer\"><\/div>\n\n\n\n<h2 class=\"wp-block-heading has-text-align-center\">2025<\/h2>\n\n\n\n<div style=\"height:20px\" aria-hidden=\"true\" class=\"wp-block-spacer\"><\/div>\n\n\n\n<div class=\"wp-block-media-text is-stacked-on-mobile is-vertically-aligned-top\" style=\"grid-template-columns:37% auto\"><figure class=\"wp-block-media-text__media\"><img loading=\"lazy\" decoding=\"async\" width=\"1024\" height=\"1024\" src=\"https:\/\/sites.uel.br\/ninter\/wp-content\/uploads\/2026\/02\/RESULTADO-DA-1\u00b0-EDICAO-1-1024x1024.png\" alt=\"\" class=\"wp-image-762 size-full\" srcset=\"https:\/\/sites.uel.br\/ninter\/wp-content\/uploads\/2026\/02\/RESULTADO-DA-1\u00b0-EDICAO-1-1024x1024.png 1024w, https:\/\/sites.uel.br\/ninter\/wp-content\/uploads\/2026\/02\/RESULTADO-DA-1\u00b0-EDICAO-1-300x300.png 300w, https:\/\/sites.uel.br\/ninter\/wp-content\/uploads\/2026\/02\/RESULTADO-DA-1\u00b0-EDICAO-1-150x150.png 150w, https:\/\/sites.uel.br\/ninter\/wp-content\/uploads\/2026\/02\/RESULTADO-DA-1\u00b0-EDICAO-1-768x768.png 768w, https:\/\/sites.uel.br\/ninter\/wp-content\/uploads\/2026\/02\/RESULTADO-DA-1\u00b0-EDICAO-1.png 1080w\" sizes=\"auto, (max-width: 1024px) 100vw, 1024px\" \/><\/figure><div class=\"wp-block-media-text__content\">\n<p><strong>28 de janeiro de 2026<\/strong><br><strong><em>Projeto 3S \u00e9 aprovado novamente pela Itaipu Parquetec<\/em><\/strong><\/p>\n\n\n\n<p>O NINTER celebra a continuidade do Projeto 3S (Sensibiliza\u00e7\u00e3o e Separa\u00e7\u00e3o Seletiva em Condom\u00ednios) com a recente aprova\u00e7\u00e3o no Edital 002\/2025 da Itaipu Parquetec. A institui\u00e7\u00e3o \u00e9 um centro que busca inova\u00e7\u00e3o e o desenvolvimento sustent\u00e1vel do pa\u00eds. Em uma sele\u00e7\u00e3o com diversas propostas submetidas, apenas 40 foram contempladas, sendo o 3S um dos 5 projetos da Universidade Estadual de Londrina (UEL) a conquistar o recurso.<\/p>\n\n\n\n<p>O projeto atua diretamente na base da cadeia de reciclagem, focando no comportamento do morador. Por meio de estudantes de gradua\u00e7\u00e3o capacitados, o 3S transforma condom\u00ednios em unidades ativas de sustentabilidade atrav\u00e9s de dois eixos principais: a Trilha Formativa, com foco em gest\u00e3o de res\u00edduos e ODS, e a Aplica\u00e7\u00e3o em Campo, onde os alunos atuam como agentes mobilizadores onde residem.<\/p>\n\n\n\n<p>A import\u00e2ncia desta renova\u00e7\u00e3o \u00e9 fundamentada pelos resultados expressivos da primeira edi\u00e7\u00e3o em 2025:<\/p>\n\n\n\n<p>*Mais de 32.000 moradores sensibilizados;<br>*12.200 unidades habitacionais envolvidas;<br>*Atua\u00e7\u00e3o em 75 condom\u00ednios de Londrina;<br>*Participa\u00e7\u00e3o de mais de 80 estudantes de 24 cursos da UEL.<\/p>\n\n\n\n<p>Com este aporte renovado, o Projeto 3S iniciar\u00e1 em breve uma nova edi\u00e7\u00e3o. O objetivo central \u00e9 ampliar o impacto e transformar as rela\u00e7\u00f5es com o processo de separa\u00e7\u00e3o e a gest\u00e3o de res\u00edduos em Londrina, consolidando a ponte entre o conhecimento acad\u00eamico e a sustentabilidade urbana.<\/p>\n<\/div><\/div>\n\n\n\n<hr class=\"wp-block-separator has-alpha-channel-opacity is-style-wide\" \/>\n\n\n\n<div class=\"wp-block-media-text is-stacked-on-mobile is-vertically-aligned-top\" style=\"grid-template-columns:37% auto\"><figure class=\"wp-block-media-text__media\"><img loading=\"lazy\" decoding=\"async\" width=\"1024\" height=\"1024\" src=\"https:\/\/sites.uel.br\/ninter\/wp-content\/uploads\/2025\/12\/WhatsApp-Image-2025-11-30-at-19.36.02-1024x1024.jpeg\" alt=\"\" class=\"wp-image-740 size-full\" srcset=\"https:\/\/sites.uel.br\/ninter\/wp-content\/uploads\/2025\/12\/WhatsApp-Image-2025-11-30-at-19.36.02-1024x1024.jpeg 1024w, https:\/\/sites.uel.br\/ninter\/wp-content\/uploads\/2025\/12\/WhatsApp-Image-2025-11-30-at-19.36.02-300x300.jpeg 300w, https:\/\/sites.uel.br\/ninter\/wp-content\/uploads\/2025\/12\/WhatsApp-Image-2025-11-30-at-19.36.02-150x150.jpeg 150w, https:\/\/sites.uel.br\/ninter\/wp-content\/uploads\/2025\/12\/WhatsApp-Image-2025-11-30-at-19.36.02-768x768.jpeg 768w, https:\/\/sites.uel.br\/ninter\/wp-content\/uploads\/2025\/12\/WhatsApp-Image-2025-11-30-at-19.36.02.jpeg 1280w\" sizes=\"auto, (max-width: 1024px) 100vw, 1024px\" \/><\/figure><div class=\"wp-block-media-text__content\">\n<p><strong>18 de novembro de 2025<\/strong><br><strong><em>NINTER elege nova coordena\u00e7\u00e3o<\/em><\/strong><\/p>\n\n\n\n<p>O NINTER realizou, no dia 18 de novembro, a sua 2\u00aa Reuni\u00e3o Ordin\u00e1ria do ano. O encontro teve como objetivo principal a elei\u00e7\u00e3o do novo Coordenador, Vice-Coordenador e dos membros do Conselho Diretivo, que assumir\u00e3o suas fun\u00e7\u00f5es em 1\u00ba de dezembro de 2025 para um mandato de dois anos.<br>O cargo de Coordenador ser\u00e1 ocupado pelo Prof. Dr. Caio Victor Louren\u00e7o Rodrigues, docente do Departamento de Constru\u00e7\u00e3o Civil (DCC) e pesquisador do Centro de Estudos de Tecnologia de Urbanismo (CETU).<\/p>\n\n\n\n<p>O Prof. Dr. Caio Rodrigues \u00e9 o atual Chefe do Departamento de Constru\u00e7\u00e3o Civil e possui vasta experi\u00eancia na \u00e1rea, lecionando as disciplinas de Hidr\u00e1ulica e Saneamento Geral para o curso de Engenharia Civil e as disciplinas de Sustentabilidade Ambiental Urbana e Tratamento de Lixiviados para a P\u00f3s-Gradua\u00e7\u00e3o Stricto Sensu em Engenharia Civil. Para a fun\u00e7\u00e3o de Vice-Coordenadora, foi eleita a Profa. Dr\u00aa. Lilian Aligleri, que pertence ao Departamento de Administra\u00e7\u00e3o do Centro de Estudos Sociais Aplicados (CESA).<\/p>\n\n\n\n<p>O N\u00facleo ter\u00e1 o suporte do novo Conselho Diretivo, que \u00e9 composto pelos seguintes membros, representando diversos Centros de Estudos:Profa. Dr\u00aa. Ana Cl\u00e1udia Duarte Pinheiro (CESA), Profa. Dr\u00aa. Camila Santos Doubek Lopes (CECA), Profa. Dr\u00aa. Danielly Negr\u00e3o Guassu (CCS), Profa. Dr\u00aa. Edineia Villanova Grizio Orita (CCE) e Prof. Dr. Luciano Aparecido Panagio (CCB).<\/p>\n<\/div><\/div>\n\n\n\n<hr class=\"wp-block-separator has-alpha-channel-opacity is-style-wide\" \/>\n\n\n\n<div class=\"wp-block-media-text is-stacked-on-mobile is-vertically-aligned-top\" style=\"grid-template-columns:37% auto\"><figure class=\"wp-block-media-text__media\"><img loading=\"lazy\" decoding=\"async\" width=\"500\" height=\"500\" src=\"https:\/\/sites.uel.br\/ninter\/wp-content\/uploads\/2025\/11\/nova-identidade-visual-da-UEL-finalizou-a-completa-reestruturacao-do-seu-site-institucional.-O-projeto-teve-como-objetivo-principal-re-programar-a-plataforma-para-o-novo-padrao-da-universidade-m.png\" alt=\"\" class=\"wp-image-732 size-full\" srcset=\"https:\/\/sites.uel.br\/ninter\/wp-content\/uploads\/2025\/11\/nova-identidade-visual-da-UEL-finalizou-a-completa-reestruturacao-do-seu-site-institucional.-O-projeto-teve-como-objetivo-principal-re-programar-a-plataforma-para-o-novo-padrao-da-universidade-m.png 500w, https:\/\/sites.uel.br\/ninter\/wp-content\/uploads\/2025\/11\/nova-identidade-visual-da-UEL-finalizou-a-completa-reestruturacao-do-seu-site-institucional.-O-projeto-teve-como-objetivo-principal-re-programar-a-plataforma-para-o-novo-padrao-da-universidade-m-300x300.png 300w, https:\/\/sites.uel.br\/ninter\/wp-content\/uploads\/2025\/11\/nova-identidade-visual-da-UEL-finalizou-a-completa-reestruturacao-do-seu-site-institucional.-O-projeto-teve-como-objetivo-principal-re-programar-a-plataforma-para-o-novo-padrao-da-universidade-m-150x150.png 150w\" sizes=\"auto, (max-width: 500px) 100vw, 500px\" \/><\/figure><div class=\"wp-block-media-text__content\">\n<p><strong>17 de novembro de 2025<\/strong><br><strong><em>NINTER lan\u00e7a novo site institucional alinhado ao padr\u00e3o UEL<\/em><\/strong><\/p>\n\n\n\n<p>O NINTER, em um esfor\u00e7o de moderniza\u00e7\u00e3o e alinhamento com a nova identidade visual da UEL, finalizou a completa reestrutura\u00e7\u00e3o do seu site institucional. O projeto teve como objetivo principal re-programar a plataforma para o novo padr\u00e3o da universidade, melhorando a arquitetura da informa\u00e7\u00e3o e facilitando o acesso p\u00fablico aos dados do n\u00facleo.<\/p>\n\n\n\n<p>A nova estrutura foi projetada para dar destaque \u00e0s principais frentes de atua\u00e7\u00e3o do NINTER. O site agora conta com p\u00e1ginas dedicadas e atualizadas para:<\/p>\n\n\n\n<p>* O portf\u00f3lio completo de Publica\u00e7\u00f5es e Atividades do n\u00facleo;<br>* O Projeto 3S (extens\u00e3o e educa\u00e7\u00e3o ambiental);<br>* O Observat\u00f3rio de Res\u00edduos S\u00f3lidos de Londrina;<br>* Os Projetos Integrados de Pesquisa e Inova\u00e7\u00e3o.<\/p>\n\n\n\n<p>Esta atividade de reestrutura\u00e7\u00e3o foi desenvolvida pela coordenadora do NINTER, Prof\u00aa Dr\u00aa Lilian Aligleri, em conjunto com a discente Hayane Vitoria Correia Genomio Marques.<\/p>\n<\/div><\/div>\n\n\n\n<hr class=\"wp-block-separator has-alpha-channel-opacity is-style-wide\" \/>\n\n\n\n<div class=\"wp-block-media-text is-stacked-on-mobile is-vertically-aligned-top\" style=\"grid-template-columns:37% auto\"><figure class=\"wp-block-media-text__media\"><img loading=\"lazy\" decoding=\"async\" width=\"500\" height=\"500\" src=\"https:\/\/sites.uel.br\/ninter\/wp-content\/uploads\/2025\/11\/1.jpg\" alt=\"\" class=\"wp-image-634 size-full\" srcset=\"https:\/\/sites.uel.br\/ninter\/wp-content\/uploads\/2025\/11\/1.jpg 500w, https:\/\/sites.uel.br\/ninter\/wp-content\/uploads\/2025\/11\/1-300x300.jpg 300w, https:\/\/sites.uel.br\/ninter\/wp-content\/uploads\/2025\/11\/1-150x150.jpg 150w\" sizes=\"auto, (max-width: 500px) 100vw, 500px\" \/><\/figure><div class=\"wp-block-media-text__content\">\n<p><strong>12 de novembro de 2025<\/strong><br><strong><em>Projeto Lonarte exp\u00f5e resultados que unem sustentabilidade, design e viabilidade econ\u00f4mica<\/em><\/strong><\/p>\n\n\n\n<p>   O Lonarte, projeto de extens\u00e3o vinculado ao NINTER, apresentou tr\u00eas trabalhos na 14\u00ba edi\u00e7\u00e3o do Por Extenso da UEL. O projeto Lonarte realiza o reaproveitamento de lonas e banners de PVC p\u00f3s-uso para a produ\u00e7\u00e3o de novos produtos, como bolsas, carteiras e aventais (upcycling). Os trabalhos apresentados s\u00e3o resultados da atua\u00e7\u00e3o de duas bolsistas do curso de Design Gr\u00e1fico.<\/p>\n\n\n\n<p>Os trabalhos apresentados foram:<br>* A impress\u00e3o serigr\u00e1fica de baixo impacto ambiental e a realidade produtiva das etiquetas dos produtos Lonarte;<br>* An\u00e1lise experimental de ancoragem de tinta em lona vin\u00edlica;<br>* Marketing societal como estrat\u00e9gia para o upcycling coparticipativo: an\u00e1lise para a\u00e7\u00e3o do projeto Lonarte.<\/p>\n\n\n\n<p>   O desenvolvimento destes estudos, que unem a extens\u00e3o universit\u00e1ria \u00e0 pesquisa aplicada em Design, \u00e9 vital para a inova\u00e7\u00e3o de processos sustent\u00e1veis de upcycling e para a minimiza\u00e7\u00e3o do descarte de res\u00edduos de dif\u00edcil decomposi\u00e7\u00e3o. A atua\u00e7\u00e3o das bolsistas demonstra a capacidade de docentes e estudantes em integrar a criatividade do design gr\u00e1fico para gerar solu\u00e7\u00f5es economicamente vi\u00e1veis e ecologicamente corretas<\/p>\n<\/div><\/div>\n\n\n\n<hr class=\"wp-block-separator has-alpha-channel-opacity is-style-wide\" \/>\n\n\n\n<div class=\"wp-block-media-text is-stacked-on-mobile is-vertically-aligned-top\" style=\"grid-template-columns:37% auto\"><figure class=\"wp-block-media-text__media\"><img loading=\"lazy\" decoding=\"async\" width=\"500\" height=\"500\" src=\"https:\/\/sites.uel.br\/ninter\/wp-content\/uploads\/2025\/11\/2.jpg\" alt=\"\" class=\"wp-image-635 size-full\" srcset=\"https:\/\/sites.uel.br\/ninter\/wp-content\/uploads\/2025\/11\/2.jpg 500w, https:\/\/sites.uel.br\/ninter\/wp-content\/uploads\/2025\/11\/2-300x300.jpg 300w, https:\/\/sites.uel.br\/ninter\/wp-content\/uploads\/2025\/11\/2-150x150.jpg 150w\" sizes=\"auto, (max-width: 500px) 100vw, 500px\" \/><\/figure><div class=\"wp-block-media-text__content\">\n<p><strong>12 de novembro de 2025<\/strong><br><strong><em>Resultados do Projeto 3S apresentados no 14\u00ba Por Extenso da UEL destacam interdisciplinaridade e contribui\u00e7\u00e3o para os ODS<\/em><\/strong><\/p>\n\n\n\n<p>   A estudante Maria Eduarda Siqueira Ferreira apresentou o trabalho &#8216;Estrutura\u00e7\u00e3o e Resultados do Projeto 3S: sensibiliza\u00e7\u00e3o e separa\u00e7\u00e3o de res\u00edduos em condom\u00ednios verticais de Londrina&#8217; durante o 14\u00ba Por Extenso da UEL.<\/p>\n\n\n\n<p>   Em sua apresenta\u00e7\u00e3o, ela evidenciou a interdisciplinaridade do projeto, que se manifesta tanto em sua estrutura e na equipe t\u00e9cnica e pedag\u00f3gica, quanto no envolvimento direto de estudantes de mais de 20 diferentes cursos de gradua\u00e7\u00e3o. Ela tamb\u00e9m evidenciou os resultados positivos alcan\u00e7ados na 1\u00aa Rodada de Implementa\u00e7\u00e3o, que ocorreu entre outubro de 2024 e mar\u00e7o de 2025.<\/p>\n\n\n\n<p>   A estudante destacou que os dados coletados junto aos diferentes p\u00fablicos vinculados ao projeto demonstram que a a\u00e7\u00e3o de extens\u00e3o realizada ampliou a sensibiliza\u00e7\u00e3o social e ambiental e aumentou a taxa de ades\u00e3o local \u00e0 coleta seletiva. Al\u00e9m disso, os resultados evidenciam que o Projeto 3S corrobora para o alcance local dos Objetivos do Desenvolvimento Sustent\u00e1vel (ODS), em especial o ODS 4 &#8211; Educa\u00e7\u00e3o de qualidade, ODS 6 &#8211; \u00c1gua pot\u00e1vel e saneamento, ODS 11 &#8211; Cidades e comunidades sustent\u00e1veis e ODS 12 &#8211; Consumo e produ\u00e7\u00e3o respons\u00e1veis.<\/p>\n<\/div><\/div>\n\n\n\n<hr class=\"wp-block-separator has-alpha-channel-opacity is-style-wide\" \/>\n\n\n\n<div class=\"wp-block-media-text is-stacked-on-mobile is-vertically-aligned-top\" style=\"grid-template-columns:37% auto\"><figure class=\"wp-block-media-text__media\"><img loading=\"lazy\" decoding=\"async\" width=\"500\" height=\"500\" src=\"https:\/\/sites.uel.br\/ninter\/wp-content\/uploads\/2025\/11\/3.jpg\" alt=\"\" class=\"wp-image-636 size-full\" srcset=\"https:\/\/sites.uel.br\/ninter\/wp-content\/uploads\/2025\/11\/3.jpg 500w, https:\/\/sites.uel.br\/ninter\/wp-content\/uploads\/2025\/11\/3-300x300.jpg 300w, https:\/\/sites.uel.br\/ninter\/wp-content\/uploads\/2025\/11\/3-150x150.jpg 150w\" sizes=\"auto, (max-width: 500px) 100vw, 500px\" \/><\/figure><div class=\"wp-block-media-text__content\">\n<p><strong>12 de novembro de 2025<\/strong><br><strong><em>Estudo do Projeto 3S apresentado no 14\u00ba Por Extenso revela alto repasse de res\u00edduos para catadores informais<\/em><\/strong><\/p>\n\n\n\n<p>   O estudante Lu\u00eds Fernando Kato, graduando em Administra\u00e7\u00e3o, apresentou o trabalho &#8216;Tipos de Organiza\u00e7\u00f5es de Catadores Atuantes na Coleta Seletiva em Londrina: um levantamento de dados junto aos condom\u00ednios do Projeto 3S&#8217; durante o 14\u00ba Por Extenso da UEL, representando os estudantes bolsistas do projeto.<\/p>\n\n\n\n<p>   O estudo baseia-se na coleta de dados prim\u00e1rios realizada pelos estudantes, envolvendo 50 condom\u00ednios residenciais do munic\u00edpio de Londrina. Os resultados evidenciam que uma parcela significativa dos condom\u00ednios (39%) tem repassado os res\u00edduos da coleta seletiva para catadores informais.<\/p>\n\n\n\n<p>    Este levantamento contribui para mapear a din\u00e2mica real da coleta seletiva em Londrina, revelando a forte atua\u00e7\u00e3o do setor informal e a necessidade de pol\u00edticas p\u00fablicas que formalizem e integrem esses trabalhadores. Os dados apresentados oferecem uma base para a tomada de decis\u00e3o do poder p\u00fablico e para a formula\u00e7\u00e3o de estrat\u00e9gias mais eficazes de inclus\u00e3o social e gest\u00e3o de res\u00edduos. Os dados foram coletados no \u00e2mbito do Projeto 3S &#8211; Sensibiliza\u00e7\u00e3o e Separa\u00e7\u00e3o Seletiva em Condom\u00ednios Residenciais de Londrina.<\/p>\n<\/div><\/div>\n\n\n\n<hr class=\"wp-block-separator has-alpha-channel-opacity is-style-wide\" \/>\n\n\n\n<div class=\"wp-block-media-text is-stacked-on-mobile is-vertically-aligned-top\" style=\"grid-template-columns:37% auto\"><figure class=\"wp-block-media-text__media\"><img loading=\"lazy\" decoding=\"async\" width=\"500\" height=\"500\" src=\"https:\/\/sites.uel.br\/ninter\/wp-content\/uploads\/2025\/11\/4.jpg\" alt=\"\" class=\"wp-image-637 size-full\" srcset=\"https:\/\/sites.uel.br\/ninter\/wp-content\/uploads\/2025\/11\/4.jpg 500w, https:\/\/sites.uel.br\/ninter\/wp-content\/uploads\/2025\/11\/4-300x300.jpg 300w, https:\/\/sites.uel.br\/ninter\/wp-content\/uploads\/2025\/11\/4-150x150.jpg 150w\" sizes=\"auto, (max-width: 500px) 100vw, 500px\" \/><\/figure><div class=\"wp-block-media-text__content\">\n<p><strong>06 de novembro de 2025<\/strong><br><strong><em>NINTER entrega relat\u00f3rio de impactos do Projeto 3S \u00e0 20\u00aa Promotoria de Justi\u00e7a do MPPR<\/em><\/strong><\/p>\n\n\n\n<p>   Membros do N\u00facleo Interdisciplinar de Estudos e Pesquisas em Res\u00edduos S\u00f3lidos (NINTER) entregaram o Relat\u00f3rio de Impactos e Resultados do Projeto 3S \u00e0 Promotora de Justi\u00e7a R\u00e9via Peixoto de Paula Luna, que est\u00e1 \u00e0 frente da 20\u00aa Promotoria de Justi\u00e7a do Minist\u00e9rio P\u00fablico do Estado do Paran\u00e1. O relat\u00f3rio detalha as contribui\u00e7\u00f5es do projeto na dimens\u00e3o socioambiental local, bem como nos eixos de extens\u00e3o e ensino. Al\u00e9m do relat\u00f3rio, foram tamb\u00e9m disponibilizados \u00e0 promotoria os resultados de estudos acad\u00eamicos realizados junto aos condom\u00ednios e moradores na cidade de Londrina. <\/p>\n\n\n\n<p>  Esta entrega formal \u00e9 contribui com a articula\u00e7\u00e3o da pesquisa acad\u00eamica com o sistema de justi\u00e7a, fornecendo dados e evid\u00eancias cient\u00edficas que subsidiam a tomada de decis\u00e3o do Minist\u00e9rio P\u00fablico. A colabora\u00e7\u00e3o refor\u00e7a o papel do NINTER como parceiro t\u00e9cnico na fiscaliza\u00e7\u00e3o e na proposi\u00e7\u00e3o de a\u00e7\u00f5es que visam a melhoria cont\u00ednua da gest\u00e3o de res\u00edduos e a promo\u00e7\u00e3o da sustentabilidade na regi\u00e3o.<\/p>\n\n\n\n<p>   Na foto, est\u00e3o presentes as assessoras t\u00e9cnicas do Minist\u00e9rio P\u00fablico, J\u00falia Mariana Cunha Perini e Patr\u00edcia Lima Gongora, a Promotora de Justi\u00e7a R\u00e9via Peixoto de Paula Luna, e a equipe do NINTER, composta pela Prof\u00aa Dr\u00aa Lilian Aligleri, pelo engenheiro Me. Felipe Nepomucemo Coimbra e pela administradora Marcela Koga.<\/p>\n<\/div><\/div>\n\n\n\n<hr class=\"wp-block-separator has-alpha-channel-opacity is-style-wide\" \/>\n\n\n\n<div class=\"wp-block-media-text is-stacked-on-mobile is-vertically-aligned-top\" style=\"grid-template-columns:37% auto\"><figure class=\"wp-block-media-text__media\"><img loading=\"lazy\" decoding=\"async\" width=\"500\" height=\"500\" src=\"https:\/\/sites.uel.br\/ninter\/wp-content\/uploads\/2025\/11\/5.jpg\" alt=\"\" class=\"wp-image-638 size-full\" srcset=\"https:\/\/sites.uel.br\/ninter\/wp-content\/uploads\/2025\/11\/5.jpg 500w, https:\/\/sites.uel.br\/ninter\/wp-content\/uploads\/2025\/11\/5-300x300.jpg 300w, https:\/\/sites.uel.br\/ninter\/wp-content\/uploads\/2025\/11\/5-150x150.jpg 150w\" sizes=\"auto, (max-width: 500px) 100vw, 500px\" \/><\/figure><div class=\"wp-block-media-text__content\">\n<p><strong>06 de novembro de 2025<\/strong><br><strong><em>3\u00ba F\u00f3rum ANPEA: NINTER apresenta dados e discute o papel estrat\u00e9gico das cooperativas de reciclagem<\/em><\/strong><\/p>\n\n\n\n<p>   No dia 06 de novembro, a Prof\u00aa Dr\u00aa Lilian Aligleri representou o NINTER como palestrante em mais um painel do 3\u00ba F\u00f3rum Norte Paranaense de Gest\u00e3o de Res\u00edduos, realizado pela Associa\u00e7\u00e3o Norte Paranaense dos Engenheiros Ambientais (ANPEA). A tem\u00e1tica central do painel foi discutir o papel das cooperativas de reciclagem no avan\u00e7o da economia circular. Durante o evento, foram apresentadas reflex\u00f5es e resultados de levantamentos de dados sobre a realidade das cooperativas e associa\u00e7\u00f5es de catadores da regi\u00e3o de Londrina.<\/p>\n\n\n\n<p>  Este painel estabelece uma interface crucial entre a pesquisa acad\u00eamica e a pr\u00e1tica operacional, garantindo que o conhecimento gerado pelo NINTER influencie diretamente o desenvolvimento e a efici\u00eancia das cooperativas. A reuni\u00e3o de especialistas, gestores p\u00fablicos e catadores fortalece a governan\u00e7a local e \u00e9 essencial para estruturar a\u00e7\u00f5es que promovam a inclus\u00e3o social e a sustentabilidade econ\u00f4mica na cadeia da reciclagem.<\/p>\n\n\n\n<p>  O painel foi mediado pelo engenheiro ambiental Mestre Edson Massi, tamb\u00e9m membro do NINTER, e contou com a participa\u00e7\u00e3o da servidora da Secretaria Municipal do Ambiente de Londrina (SEMA), Mariza Pissinati, e da recicladora Francielle, da Cooperativa Recicla Brasil de Camb\u00e9.<\/p>\n<\/div><\/div>\n\n\n\n<hr class=\"wp-block-separator has-alpha-channel-opacity is-style-wide\" \/>\n\n\n\n<div class=\"wp-block-media-text is-stacked-on-mobile is-vertically-aligned-top\" style=\"grid-template-columns:37% auto\"><figure class=\"wp-block-media-text__media\"><img loading=\"lazy\" decoding=\"async\" width=\"500\" height=\"500\" src=\"https:\/\/sites.uel.br\/ninter\/wp-content\/uploads\/2025\/11\/Design-sem-nome-5.png\" alt=\"\" class=\"wp-image-621 size-full\" srcset=\"https:\/\/sites.uel.br\/ninter\/wp-content\/uploads\/2025\/11\/Design-sem-nome-5.png 500w, https:\/\/sites.uel.br\/ninter\/wp-content\/uploads\/2025\/11\/Design-sem-nome-5-300x300.png 300w, https:\/\/sites.uel.br\/ninter\/wp-content\/uploads\/2025\/11\/Design-sem-nome-5-150x150.png 150w\" sizes=\"auto, (max-width: 500px) 100vw, 500px\" \/><\/figure><div class=\"wp-block-media-text__content\">\n<p><strong>05 de novembro de 2025<\/strong><br><strong><em>Coordenador do Observat\u00f3rio de Res\u00edduos participa de painel no 3\u00ba F\u00f3rum Norte Paranaense<\/em><\/strong><\/p>\n\n\n\n<p>   O mestre e engenheiro de Produ\u00e7\u00e3o Felipe Nepomucemo Coimbra, coordenador do Observat\u00f3rio de Res\u00edduos S\u00f3lidos de Londrina, participou do 3\u00ba F\u00f3rum Norte Paranaense de Gest\u00e3o de Res\u00edduos no painel sobre Fiscaliza\u00e7\u00e3o Integrada, ocorrido na tarde do dia 5 de novembro. Em sua fala, ele destacou o prop\u00f3sito do Observat\u00f3rio, uma das atividades interdisciplinares do NINTER, que busca promover maior integra\u00e7\u00e3o entre a Universidade e a sociedade, compartilhando informa\u00e7\u00f5es e dados sobre a tem\u00e1tica. <br><br>   O painel foi mediado pelo Promotor de Justi\u00e7a Renato Sant&#8217;Anna, coordenador regional do GAEMA \u2013 Grupo de Atua\u00e7\u00e3o Especializada em Meio Ambiente e ainda contou com a participa\u00e7\u00e3o do procurador-chefe do MPPR e do diretor do CREA-PR.<\/p>\n<\/div><\/div>\n\n\n\n<hr class=\"wp-block-separator has-alpha-channel-opacity is-style-wide\" \/>\n\n\n\n<div class=\"wp-block-media-text is-stacked-on-mobile is-vertically-aligned-top\" style=\"grid-template-columns:37% auto\"><figure class=\"wp-block-media-text__media\"><img loading=\"lazy\" decoding=\"async\" width=\"500\" height=\"500\" src=\"https:\/\/sites.uel.br\/ninter\/wp-content\/uploads\/2025\/10\/20.jpg\" alt=\"\" class=\"wp-image-511 size-full\" srcset=\"https:\/\/sites.uel.br\/ninter\/wp-content\/uploads\/2025\/10\/20.jpg 500w, https:\/\/sites.uel.br\/ninter\/wp-content\/uploads\/2025\/10\/20-300x300.jpg 300w, https:\/\/sites.uel.br\/ninter\/wp-content\/uploads\/2025\/10\/20-150x150.jpg 150w\" sizes=\"auto, (max-width: 500px) 100vw, 500px\" \/><\/figure><div class=\"wp-block-media-text__content\">\n<p><strong>22 a 25 de outubro de 2025 <br><em>Projeto 3S participa do Festival Iguassu Inova em Foz do Igua\u00e7u<\/em><\/strong><\/p>\n\n\n\n<p>   Os estudantes Ian Braziel Fernandes e Sophia Franco Vieira de Oliveira representaram a equipe t\u00e9cnica e pedag\u00f3gica do Projeto 3S no Festival Iguassu Inova, realizado em Foz do Igua\u00e7u (PR), entre os dias 22 e 25 de outubro. Eles integraram a comitiva da Universidade Estadual de Londrina (UEL), convidada para o evento. Durante o evento, eles participaram das atividades do Mundo Sapiens e expuseram, em um estande, os resultados e as a\u00e7\u00f5es desenvolvidas junto aos condom\u00ednios residenciais de Londrina.<br><br>   A participa\u00e7\u00e3o em um evento de inova\u00e7\u00e3o de grande porte como o Iguassu Inova \u00e9 crucial para conferir visibilidade nacional \u00e0s boas pr\u00e1ticas de extens\u00e3o universit\u00e1ria do Projeto 3S. Essa exposi\u00e7\u00e3o permite o interc\u00e2mbio de conhecimentos e potencializa futuras parcerias para a replica\u00e7\u00e3o do modelo. Na imagem, os estudantes est\u00e3o ao lado de Ana Paula Trevisan, coordenadora educacional do Programa de Extens\u00e3o em Sustentabilidade Territorial da Itaipu Parquetec.<\/p>\n<\/div><\/div>\n\n\n\n<hr class=\"wp-block-separator has-alpha-channel-opacity is-style-wide\" \/>\n\n\n\n<div class=\"wp-block-media-text is-stacked-on-mobile is-vertically-aligned-top\" style=\"grid-template-columns:37% auto\"><figure class=\"wp-block-media-text__media\"><img loading=\"lazy\" decoding=\"async\" width=\"500\" height=\"500\" src=\"https:\/\/sites.uel.br\/ninter\/wp-content\/uploads\/2025\/10\/19.jpg\" alt=\"\" class=\"wp-image-510 size-full\" srcset=\"https:\/\/sites.uel.br\/ninter\/wp-content\/uploads\/2025\/10\/19.jpg 500w, https:\/\/sites.uel.br\/ninter\/wp-content\/uploads\/2025\/10\/19-300x300.jpg 300w, https:\/\/sites.uel.br\/ninter\/wp-content\/uploads\/2025\/10\/19-150x150.jpg 150w\" sizes=\"auto, (max-width: 500px) 100vw, 500px\" \/><\/figure><div class=\"wp-block-media-text__content\">\n<p><strong>20 de outubro de 2025 <br><em>Vice-coordenador do NINTER realiza palestra de abertura na Semana Lixo Zero de Rol\u00e2ndia<\/em><\/strong><\/p>\n\n\n\n<p>   O Prof. Dr. Caio Victor Rodrigues ministrou a palestra de abertura da Semana Lixo Zero do munic\u00edpio de Rol\u00e2ndia, no dia 20 de outubro de 2025, com o tema &#8216;Res\u00edduo n\u00e3o \u00e9 Lixo!&#8217;. Participaram da solenidade o Prefeito do munic\u00edpio e diversas outras autoridades da regi\u00e3o. Em 2025, o evento teve como foco a import\u00e2ncia da reutiliza\u00e7\u00e3o de materiais e elementos do cotidiano.<br><br>   A participa\u00e7\u00e3o do NINTER, representada pelo Prof. Dr. Caio Victor, \u00e9 essencial para disseminar o conhecimento acad\u00eamico sobre gest\u00e3o de res\u00edduos e influenciar o desenvolvimento de pr\u00e1ticas sustent\u00e1veis em munic\u00edpios vizinhos. Esta articula\u00e7\u00e3o com cidades da regi\u00e3o refor\u00e7a o compromisso da Universidade com a extens\u00e3o e a promo\u00e7\u00e3o da conscientiza\u00e7\u00e3o p\u00fablica, transformando teoria em a\u00e7\u00e3o c\u00edvica e ambiental.<\/p>\n<\/div><\/div>\n\n\n\n<hr class=\"wp-block-separator has-alpha-channel-opacity is-style-wide\" \/>\n\n\n\n<div class=\"wp-block-media-text is-stacked-on-mobile is-vertically-aligned-top\" style=\"grid-template-columns:37% auto\"><figure class=\"wp-block-media-text__media\"><img loading=\"lazy\" decoding=\"async\" width=\"500\" height=\"500\" src=\"https:\/\/sites.uel.br\/ninter\/wp-content\/uploads\/2025\/10\/18.jpg\" alt=\"\" class=\"wp-image-509 size-full\" srcset=\"https:\/\/sites.uel.br\/ninter\/wp-content\/uploads\/2025\/10\/18.jpg 500w, https:\/\/sites.uel.br\/ninter\/wp-content\/uploads\/2025\/10\/18-300x300.jpg 300w, https:\/\/sites.uel.br\/ninter\/wp-content\/uploads\/2025\/10\/18-150x150.jpg 150w\" sizes=\"auto, (max-width: 500px) 100vw, 500px\" \/><\/figure><div class=\"wp-block-media-text__content\">\n<p><strong>18 de outubro de 2025 <br><em>NINTER capacita 53 profissionais de 14 cooperativas de reciclagem da regi\u00e3o<\/em><\/strong><\/p>\n\n\n\n<p>   No dia 18 de outubro de 2025, nas instala\u00e7\u00f5es da Universidade Estadual de Londrina (UEL), foi realizada a Oficina de Aprendizagem: Como Melhorar o Desempenho de Cooperativas e Associa\u00e7\u00f5es de Reciclagem. <br><br>   A oficina foi estruturada e conduzida pela Prof\u00aa Dr\u00aa Lilian Aligleri, pelo engenheiro ambiental Ms. Edson Gaspar Massi e pelo engenheiro de produ\u00e7\u00e3o Ms Felipe Coimbra,&nbsp; todos membros do N\u00facleo Interdisciplinar de Estudos em Res\u00edduos (NINTER) da UEL. A atividade integrou a programa\u00e7\u00e3o do 3\u00ba F\u00f3rum Norte Paranaense em Gest\u00e3o de Res\u00edduos S\u00f3lidos, promovido pela Associa\u00e7\u00e3o Norte Paranaense dos Engenheiros Ambientais (ANPEA).<br><br>   Estiveram presentes 53 profissionais da reciclagem, representando 14 cooperativas e associa\u00e7\u00f5es de 9 munic\u00edpios da regi\u00e3o (Jaguapit\u00e3, Sertan\u00f3polis, Sab\u00e1udia, Lupion\u00f3polis, Goioer\u00ea, Guaraci, S\u00e3o Pedro do Iva\u00ed, Camb\u00e9 e Londrina). A realiza\u00e7\u00e3o desta oficina na UEL \u00e9 fundamental para aproximar o conhecimento acad\u00eamico das necessidades reais dos agentes da reciclagem, promovendo a capacita\u00e7\u00e3o direta de quem est\u00e1 na ponta do sistema. Esse interc\u00e2mbio pr\u00e1tico e t\u00e9cnico eleva a efici\u00eancia operacional das cooperativas e associa\u00e7\u00f5es<\/p>\n<\/div><\/div>\n\n\n\n<hr class=\"wp-block-separator has-alpha-channel-opacity is-style-wide\" \/>\n\n\n\n<div class=\"wp-block-media-text is-stacked-on-mobile is-vertically-aligned-top\" style=\"grid-template-columns:37% auto\"><figure class=\"wp-block-media-text__media\"><img loading=\"lazy\" decoding=\"async\" width=\"500\" height=\"500\" src=\"https:\/\/sites.uel.br\/ninter\/wp-content\/uploads\/2025\/10\/17.jpg\" alt=\"\" class=\"wp-image-508 size-full\" srcset=\"https:\/\/sites.uel.br\/ninter\/wp-content\/uploads\/2025\/10\/17.jpg 500w, https:\/\/sites.uel.br\/ninter\/wp-content\/uploads\/2025\/10\/17-300x300.jpg 300w, https:\/\/sites.uel.br\/ninter\/wp-content\/uploads\/2025\/10\/17-150x150.jpg 150w\" sizes=\"auto, (max-width: 500px) 100vw, 500px\" \/><\/figure><div class=\"wp-block-media-text__content\">\n<p><strong>15 de outubro de 2025 <br><em>Projeto 3S apresenta relat\u00f3rio de impactos e resultados ao Grupo A. Yoshii<\/em><\/strong><br><br> No Dia do Professor, 15 de outubro, membros do Projeto 3S reuniram-se com a engenheira ambiental do Grupo A. Yoshii, Rubieli Saretto, para realizar a entrega do relat\u00f3rio de resultados e impactos do projeto. Durante a reuni\u00e3o, foi destacada a grande capilaridade da iniciativa, tanto em rela\u00e7\u00e3o ao n\u00famero de cursos de gradua\u00e7\u00e3o envolvidos quanto \u00e0 dispers\u00e3o dos condom\u00ednios residenciais atendidos no territ\u00f3rio de Londrina.<br><br> Este momento de presta\u00e7\u00e3o de contas \u00e9 importante para consolidar o relacionamento com os apoiadores, demonstrando de forma transparente o retorno do investimento social e ambiental. A an\u00e1lise da capilaridade do projeto em diferentes \u00e1reas da cidade e da universidade evidencia a abrang\u00eancia e sucesso na mobiliza\u00e7\u00e3o da comunidade. Na foto, est\u00e3o a engenheira ambiental do Grupo A. Yoshii juntamente com as estudantes Hayane Genomio Marques e Sophia Franco Vieira de Oliveira, al\u00e9m dos docentes Prof. Dr. Cl\u00e1udio Pereira de Sampaio, Prof\u00aa Dr\u00aa Danielly Negr\u00e3o Guassu e Prof\u00aa Dr\u00aa Lilian Aligleri.<\/p>\n<\/div><\/div>\n\n\n\n<hr class=\"wp-block-separator has-alpha-channel-opacity is-style-wide\" \/>\n\n\n\n<div class=\"wp-block-media-text is-stacked-on-mobile is-vertically-aligned-top\" style=\"grid-template-columns:37% auto\"><figure class=\"wp-block-media-text__media\"><img loading=\"lazy\" decoding=\"async\" width=\"500\" height=\"500\" src=\"https:\/\/sites.uel.br\/ninter\/wp-content\/uploads\/2025\/10\/15.jpg\" alt=\"\" class=\"wp-image-506 size-full\" srcset=\"https:\/\/sites.uel.br\/ninter\/wp-content\/uploads\/2025\/10\/15.jpg 500w, https:\/\/sites.uel.br\/ninter\/wp-content\/uploads\/2025\/10\/15-300x300.jpg 300w, https:\/\/sites.uel.br\/ninter\/wp-content\/uploads\/2025\/10\/15-150x150.jpg 150w\" sizes=\"auto, (max-width: 500px) 100vw, 500px\" \/><\/figure><div class=\"wp-block-media-text__content\">\n<p><strong>02 de outubro de 2025 <br><em>NINTER participa de reuni\u00f5es na CMTU para discutir o novo modelo de coleta seletiva<\/em><\/strong><\/p>\n\n\n\n<p>   Nos \u00faltimos dias, membros do NINTER estiveram duas vezes na Companhia Municipal de Tr\u00e2nsito e Urbaniza\u00e7\u00e3o (CMTU) a convite da 20\u00aa Promotoria de Justi\u00e7a, com o objetivo de conhecer an\u00e1lises e proposi\u00e7\u00f5es a serem implementadas no novo contrato com as cooperativas para o sistema de coleta seletiva, que entrar\u00e1 em vigor a partir de janeiro de 2026.<br><br>   Estas novas estruturas e proposi\u00e7\u00f5es s\u00e3o desdobramentos do Grupo de Trabalho institu\u00eddo pelo Minist\u00e9rio P\u00fablico para a elabora\u00e7\u00e3o de um novo modelo de gest\u00e3o da coleta seletiva em Londrina.<\/p>\n<\/div><\/div>\n\n\n\n<hr class=\"wp-block-separator has-alpha-channel-opacity is-style-wide\" \/>\n\n\n\n<div class=\"wp-block-media-text is-stacked-on-mobile is-vertically-aligned-top\" style=\"grid-template-columns:37% auto\"><figure class=\"wp-block-media-text__media\"><img loading=\"lazy\" decoding=\"async\" width=\"500\" height=\"500\" src=\"https:\/\/sites.uel.br\/ninter\/wp-content\/uploads\/2025\/10\/14.jpg\" alt=\"\" class=\"wp-image-505 size-full\" srcset=\"https:\/\/sites.uel.br\/ninter\/wp-content\/uploads\/2025\/10\/14.jpg 500w, https:\/\/sites.uel.br\/ninter\/wp-content\/uploads\/2025\/10\/14-300x300.jpg 300w, https:\/\/sites.uel.br\/ninter\/wp-content\/uploads\/2025\/10\/14-150x150.jpg 150w\" sizes=\"auto, (max-width: 500px) 100vw, 500px\" \/><\/figure><div class=\"wp-block-media-text__content\">\n<p><strong>20 de setembro de 2025 <br><em>Projeto 3S finaliza 2\u00aa rodada com evento e consolida melhorias na gest\u00e3o de res\u00edduos<\/em><\/strong><\/p>\n\n\n\n<p>   Em 20 de setembro, a equipe t\u00e9cnica e pedag\u00f3gica organizou a cerim\u00f4nia de encerramento da segunda rodada de Implementa\u00e7\u00e3o do Projeto 3S. Esta interven\u00e7\u00e3o alcan\u00e7ou 36 condom\u00ednios de Londrina, totalizando 6.399 unidades habitacionais impactadas. Para executar as atividades, 39 estudantes de diferentes cursos de gradua\u00e7\u00e3o se dedicaram ao projeto, atingindo mais de 16.800 moradores.<br><br>   Os resultados obtidos junto ao p\u00fablico beneficiado indicam que a interven\u00e7\u00e3o gerou melhorias concretas na administra\u00e7\u00e3o dos condom\u00ednios, elevando o patamar da sensibiliza\u00e7\u00e3o social e ambiental e aumentando o engajamento local com a coleta seletiva. O \u00eaxito da segunda rodada de implementa\u00e7\u00e3o atesta a capacidade do Projeto 3S de gerar transforma\u00e7\u00f5es ambientais de alto impacto na comunidade urbana. Essa comprova\u00e7\u00e3o de escala e efic\u00e1cia solidifica o projeto como uma pol\u00edtica de extens\u00e3o universit\u00e1ria modelo, capaz de influenciar positivamente a cultura de gest\u00e3o de res\u00edduos na cidade.<br><br>   Os resultados indicam que o projeto ocasionou mudan\u00e7as positivas na gest\u00e3o dos condom\u00ednios e nos comportamentos dos moradores em prol de a\u00e7\u00f5es facilitadoras da reciclagem e da disposi\u00e7\u00e3o correta dos res\u00edduos. Assim, pode-se afirmar que o Projeto 3S contribui para o cumprimento da Pol\u00edtica Nacional de Res\u00edduos S\u00f3lidos (art. 19) e o alcance dos Objetivos do Desenvolvimento Sustent\u00e1vel (ODS) \u2013 Agenda 2030 da Organiza\u00e7\u00e3o das Na\u00e7\u00f5es Unidas (ONU), em especial o ODS de cidades e comunidades sustent\u00e1veis e o consumo e produ\u00e7\u00e3o respons\u00e1veis.<\/p>\n<\/div><\/div>\n\n\n\n<hr class=\"wp-block-separator has-alpha-channel-opacity is-style-wide\" \/>\n\n\n\n<div class=\"wp-block-media-text is-stacked-on-mobile is-vertically-aligned-top\" style=\"grid-template-columns:37% auto\"><figure class=\"wp-block-media-text__media\"><img loading=\"lazy\" decoding=\"async\" width=\"500\" height=\"500\" src=\"https:\/\/sites.uel.br\/ninter\/wp-content\/uploads\/2025\/10\/16.jpg\" alt=\"\" class=\"wp-image-507 size-full\" srcset=\"https:\/\/sites.uel.br\/ninter\/wp-content\/uploads\/2025\/10\/16.jpg 500w, https:\/\/sites.uel.br\/ninter\/wp-content\/uploads\/2025\/10\/16-300x300.jpg 300w, https:\/\/sites.uel.br\/ninter\/wp-content\/uploads\/2025\/10\/16-150x150.jpg 150w\" sizes=\"auto, (max-width: 500px) 100vw, 500px\" \/><\/figure><div class=\"wp-block-media-text__content\">\n<p><strong>27 a 29 de agosto de 2025<br><em>NINTER apresenta trabalhos no V Simp\u00f3sio Brasileiro de Desenvolvimento Territorial<\/em><\/strong><br><br>Membros do N\u00facleo Interdisciplinar de Estudos e Pesquisas em Res\u00edduos S\u00f3lidos (NINTER) participaram e apresentaram trabalhos acad\u00eamicos no V Simp\u00f3sio Brasileiro de Desenvolvimento Territorial (V SBDTS). O evento, realizado entre os dias 27 e 29 de agosto na cidade de Matinhos (PR), foi organizado pelo Programa de P\u00f3s-Gradua\u00e7\u00e3o em Desenvolvimento Territorial Sustent\u00e1vel (PPGDTS) da Universidade Federal do Paran\u00e1 (UFPR), no Campus Litoral. O Simp\u00f3sio visa promover um espa\u00e7o interdisciplinar de debate e constru\u00e7\u00e3o de conhecimento sobre o Desenvolvimento Territorial Sustent\u00e1vel (DTS).<br><br> A participa\u00e7\u00e3o ativa no SBDTS \u00e9 fundamental para posicionar as pesquisas do NINTER no debate nacional sobre desenvolvimento territorial, alinhando as a\u00e7\u00f5es do N\u00facleo com as grandes agendas de sustentabilidade. Essa inser\u00e7\u00e3o em eventos cient\u00edficos de alto n\u00edvel permite a valida\u00e7\u00e3o dos estudos, o interc\u00e2mbio de metodologias e a prospec\u00e7\u00e3o de parcerias com outros grupos de pesquisa do pa\u00eds. Na foto, est\u00e3o presentes o Prof. Dr. Benilson Borinelli, o engenheiro de produ\u00e7\u00e3o Me. Felipe Coimbra e a mestranda Maria Eduarda Siqueira Ferreira.<\/p>\n<\/div><\/div>\n\n\n\n<hr class=\"wp-block-separator has-alpha-channel-opacity is-style-wide\" \/>\n\n\n\n<div class=\"wp-block-media-text is-stacked-on-mobile is-vertically-aligned-top\" style=\"grid-template-columns:37% auto\"><figure class=\"wp-block-media-text__media\"><img loading=\"lazy\" decoding=\"async\" width=\"500\" height=\"500\" src=\"https:\/\/sites.uel.br\/ninter\/wp-content\/uploads\/2025\/10\/13.jpg\" alt=\"\" class=\"wp-image-504 size-full\" srcset=\"https:\/\/sites.uel.br\/ninter\/wp-content\/uploads\/2025\/10\/13.jpg 500w, https:\/\/sites.uel.br\/ninter\/wp-content\/uploads\/2025\/10\/13-300x300.jpg 300w, https:\/\/sites.uel.br\/ninter\/wp-content\/uploads\/2025\/10\/13-150x150.jpg 150w\" sizes=\"auto, (max-width: 500px) 100vw, 500px\" \/><\/figure><div class=\"wp-block-media-text__content\">\n<p><strong>19 de agosto de 2025 <br><em>NINTER participa de reuni\u00e3o na SEMA sobre o sistema nacional de log\u00edstica reversa<\/em><\/strong><\/p>\n\n\n\n<p>   Membros do N\u00facleo Interdisciplinar de Estudos e Pesquisas em Res\u00edduos S\u00f3lidos (NINTER) foram convidados a participar de uma reuni\u00e3o na Secretaria Municipal do Ambiente (SEMA) de Londrina. O prop\u00f3sito foi conhecer as atividades de um verificador de resultados credenciado pelo Minist\u00e9rio do Meio Ambiente para o Sistema Nacional de Log\u00edstica Reversa. A reuni\u00e3o contou com a apresenta\u00e7\u00e3o do representante da Greatmob DNC, o Sr. Edivaldo Santos, que detalhou o funcionamento do sistema e suas intera\u00e7\u00f5es com cooperativas, empresas e entidades gestoras.<br><br>   A compreens\u00e3o aprofundada do Sistema Nacional de Log\u00edstica Reversa \u00e9 vital para que o NINTER possa incorporar as diretrizes federais em seus projetos de pesquisa e extens\u00e3o. Esse di\u00e1logo com agentes credenciados no sistema nacional estabelece uma ponte essencial entre a academia e as pr\u00e1ticas regulat\u00f3rias, garantindo a aplicabilidade das solu\u00e7\u00f5es propostas pelo N\u00facleo. Estavam presentes na reuni\u00e3o servidores da SEMA e os representantes do NINTER, a Prof\u00aa Dr\u00aa Lilian Aligleri e engenheiro ambiental Ms. Edson Massi.<\/p>\n<\/div><\/div>\n\n\n\n<hr class=\"wp-block-separator has-alpha-channel-opacity is-style-wide\" \/>\n\n\n\n<div class=\"wp-block-media-text is-stacked-on-mobile is-vertically-aligned-top\" style=\"grid-template-columns:37% auto\"><figure class=\"wp-block-media-text__media\"><img loading=\"lazy\" decoding=\"async\" width=\"500\" height=\"500\" src=\"https:\/\/sites.uel.br\/ninter\/wp-content\/uploads\/2025\/10\/12.jpg\" alt=\"\" class=\"wp-image-503 size-full\" srcset=\"https:\/\/sites.uel.br\/ninter\/wp-content\/uploads\/2025\/10\/12.jpg 500w, https:\/\/sites.uel.br\/ninter\/wp-content\/uploads\/2025\/10\/12-300x300.jpg 300w, https:\/\/sites.uel.br\/ninter\/wp-content\/uploads\/2025\/10\/12-150x150.jpg 150w\" sizes=\"auto, (max-width: 500px) 100vw, 500px\" \/><\/figure><div class=\"wp-block-media-text__content\">\n<p><strong>24 de junho de 2025 <br><em>Observat\u00f3rio de Res\u00edduos S\u00f3lidos inicia produ\u00e7\u00e3o do 2\u00ba relat\u00f3rio t\u00e9cnico<\/em><\/strong><\/p>\n\n\n\n<p class=\"has-text-align-left\">   Docentes, profissionais e estudantes vinculados ao N\u00facleo Interdisciplinar de Estudos e Pesquisas em Res\u00edduos S\u00f3lidos (NINTER) participaram da reuni\u00e3o de in\u00edcio das atividades para a produ\u00e7\u00e3o do 2\u00ba Relat\u00f3rio T\u00e9cnico sobre a Gest\u00e3o de Res\u00edduos S\u00f3lidos Urbanos de Londrina. O relat\u00f3rio, atualmente em estrutura\u00e7\u00e3o, cobrir\u00e1 o bi\u00eanio 2023-2024.<br><br>   As atividades de elabora\u00e7\u00e3o est\u00e3o sendo conduzidas pelo Observat\u00f3rio de Res\u00edduos S\u00f3lidos de Londrina, que \u00e9 vinculado ao NINTER. A coordena\u00e7\u00e3o \u00e9 de responsabilidade do Mestre Felipe Coimbra e da Administradora Marcela Koga. A equipe de trabalho \u00e9 composta por docentes e estudantes dos cursos de Administra\u00e7\u00e3o, Engenharia, Direito, Rela\u00e7\u00f5es P\u00fablicas e Design.<br><br>   A elabora\u00e7\u00e3o deste relat\u00f3rio bienal \u00e9 essencial para fornecer dados atualizados e an\u00e1lises aprofundadas, servindo como base para a formula\u00e7\u00e3o de pol\u00edticas p\u00fablicas eficazes na \u00e1rea de res\u00edduos s\u00f3lidos. Al\u00e9m disso, a natureza multidisciplinar da equipe garante uma perspectiva abrangente, fundamental para propor solu\u00e7\u00f5es complexas e sustent\u00e1veis para o munic\u00edpio de Londrina.<\/p>\n<\/div><\/div>\n\n\n\n<hr class=\"wp-block-separator has-alpha-channel-opacity is-style-wide\" \/>\n\n\n\n<div class=\"wp-block-media-text is-stacked-on-mobile is-vertically-aligned-top\" style=\"grid-template-columns:37% auto\"><figure class=\"wp-block-media-text__media\"><img loading=\"lazy\" decoding=\"async\" width=\"500\" height=\"500\" src=\"https:\/\/sites.uel.br\/ninter\/wp-content\/uploads\/2025\/10\/11.jpg\" alt=\"\" class=\"wp-image-502 size-full\" srcset=\"https:\/\/sites.uel.br\/ninter\/wp-content\/uploads\/2025\/10\/11.jpg 500w, https:\/\/sites.uel.br\/ninter\/wp-content\/uploads\/2025\/10\/11-300x300.jpg 300w, https:\/\/sites.uel.br\/ninter\/wp-content\/uploads\/2025\/10\/11-150x150.jpg 150w\" sizes=\"auto, (max-width: 500px) 100vw, 500px\" \/><\/figure><div class=\"wp-block-media-text__content\">\n<p><strong>17 de junho de 2025 <br><em>Bolsistas preparam kits para a 2\u00aa rodada do Projeto 3S<\/em><\/strong><\/p>\n\n\n\n<p>   Os bolsistas Ian (curso de gradua\u00e7\u00e3o em Direito), Sophia (curso de gradua\u00e7\u00e3o em Artes Visuais) e Luis Fernando (curso de gradua\u00e7\u00e3o em Administra\u00e7\u00e3o) realizaram a separa\u00e7\u00e3o de novos kits de materiais impressos. Estes kits ser\u00e3o distribu\u00eddos aos 39 condom\u00ednios de Londrina participantes da 2\u00aa Rodada de Implementa\u00e7\u00e3o do Projeto 3S \u2013 Sensibiliza\u00e7\u00e3o e Separa\u00e7\u00e3o Seletiva em Condom\u00ednios de Londrina.<br><br>   No total, foram separados 2.259 informativos. Este material subsidiar\u00e1 a sensibiliza\u00e7\u00e3o e a orienta\u00e7\u00e3o ambiental sobre o descarte adequado em mais de 6.300 unidades habitacionais.Essa etapa log\u00edstica \u00e9 fundamental para garantir o sucesso da nova rodada de implementa\u00e7\u00e3o, assegurando que o material informativo chegue com efic\u00e1cia a cada unidade habitacional. O trabalho dedicado dos bolsistas, nesse sentido, \u00e9 vital para transformar a teoria da extens\u00e3o em resultados pr\u00e1ticos de educa\u00e7\u00e3o ambiental em larga escala.<br><br>   Esta atividade de extens\u00e3o do N\u00facleo conta com a participa\u00e7\u00e3o de 43 estudantes de gradua\u00e7\u00e3o. A impress\u00e3o dos informativos foi patrocinada pelo Grupo A. Yoshii. O projeto tamb\u00e9m \u00e9 realizado em parceria com a Itaipu Parquetec, o Minist\u00e9rio P\u00fablico do Estado do Paran\u00e1 e a C\u00e1ritas Arquidiocesana.<\/p>\n<\/div><\/div>\n\n\n\n<hr class=\"wp-block-separator has-alpha-channel-opacity is-style-wide\" \/>\n\n\n\n<div class=\"wp-block-media-text is-stacked-on-mobile is-vertically-aligned-top\" style=\"grid-template-columns:37% auto\"><figure class=\"wp-block-media-text__media\"><img loading=\"lazy\" decoding=\"async\" width=\"500\" height=\"500\" src=\"https:\/\/sites.uel.br\/ninter\/wp-content\/uploads\/2025\/10\/10.jpg\" alt=\"\" class=\"wp-image-501 size-full\" srcset=\"https:\/\/sites.uel.br\/ninter\/wp-content\/uploads\/2025\/10\/10.jpg 500w, https:\/\/sites.uel.br\/ninter\/wp-content\/uploads\/2025\/10\/10-300x300.jpg 300w, https:\/\/sites.uel.br\/ninter\/wp-content\/uploads\/2025\/10\/10-150x150.jpg 150w\" sizes=\"auto, (max-width: 500px) 100vw, 500px\" \/><\/figure><div class=\"wp-block-media-text__content\">\n<p><strong>16 de junho de 2025 <br><em>NINTER e LECA re\u00fanem-se com a reitoria para propor projeto de lixeiras antifauna<\/em><\/strong><\/p>\n\n\n\n<p>   Uma equipe de docentes do N\u00facleo Interdisciplinar de Estudos e Pesquisas em Res\u00edduos S\u00f3lidos (NINTER) esteve reunida na reitoria da Universidade para apresentar a proposta de um projeto de pesquisa integrado com o Laborat\u00f3rio de Ecologia e Comportamento Animal (LECA). <\/p>\n\n\n\n<p>   O objetivo da proposta \u00e9 desenvolver prot\u00f3tipos e artefatos, especificamente lixeiras antifauna, utilizando o <em>campus<\/em> da Universidade como local de experimenta\u00e7\u00e3o e teste. Este projeto inovador combina a gest\u00e3o de res\u00edduos com a ecologia, abordando de forma pr\u00e1tica o conflito entre o descarte e a vida silvestre em ambientes urbanos. Na foto, est\u00e3o presentes membros do NINTER e do LECA, al\u00e9m da Reitora e da Chefe de Gabinete.<\/p>\n<\/div><\/div>\n\n\n\n<hr class=\"wp-block-separator has-alpha-channel-opacity is-style-wide\" \/>\n\n\n\n<div class=\"wp-block-media-text is-stacked-on-mobile is-vertically-aligned-top\" style=\"grid-template-columns:37% auto\"><figure class=\"wp-block-media-text__media\"><img loading=\"lazy\" decoding=\"async\" width=\"500\" height=\"500\" src=\"https:\/\/sites.uel.br\/ninter\/wp-content\/uploads\/2025\/10\/9.jpg\" alt=\"\" class=\"wp-image-500 size-full\" srcset=\"https:\/\/sites.uel.br\/ninter\/wp-content\/uploads\/2025\/10\/9.jpg 500w, https:\/\/sites.uel.br\/ninter\/wp-content\/uploads\/2025\/10\/9-300x300.jpg 300w, https:\/\/sites.uel.br\/ninter\/wp-content\/uploads\/2025\/10\/9-150x150.jpg 150w\" sizes=\"auto, (max-width: 500px) 100vw, 500px\" \/><\/figure><div class=\"wp-block-media-text__content\">\n<p><strong>15 de maio de 2025<br><em>Projeto 3S promove reuni\u00e3o para compartilhamento de viv\u00eancias de estudantes<\/em><\/strong><\/p>\n\n\n\n<p>   No dia 15 de abril foi realizada uma reuni\u00e3o <em>online<\/em> com mais de 55 participantes, cujo objetivo central foi apresentar os casos de condom\u00ednios que j\u00e1 tiveram sua gest\u00e3o de res\u00edduos modificada, a partir da interven\u00e7\u00e3o do Projeto 3S.<\/p>\n\n\n\n<p>   Durante o encontro, alguns dos estudantes participantes da primeira rodada de implementa\u00e7\u00e3o relataram suas viv\u00eancias, experi\u00eancias, desafios e aprendizados com o projeto. Essa troca de informa\u00e7\u00f5es e relatos de campo \u00e9 fundamental para a valida\u00e7\u00e3o e o aprimoramento cont\u00ednuo das metodologias de extens\u00e3o. A reuni\u00e3o serviu como um poderoso instrumento de motiva\u00e7\u00e3o, demonstrando o impacto real das a\u00e7\u00f5es universit\u00e1rias na sustentabilidade urbana de Londrina.<\/p>\n<\/div><\/div>\n\n\n\n<hr class=\"wp-block-separator has-alpha-channel-opacity is-style-wide\" \/>\n\n\n\n<div class=\"wp-block-media-text is-stacked-on-mobile is-vertically-aligned-top\" style=\"grid-template-columns:37% auto\"><figure class=\"wp-block-media-text__media\"><img loading=\"lazy\" decoding=\"async\" width=\"500\" height=\"500\" src=\"https:\/\/sites.uel.br\/ninter\/wp-content\/uploads\/2025\/10\/8.jpg\" alt=\"\" class=\"wp-image-499 size-full\" srcset=\"https:\/\/sites.uel.br\/ninter\/wp-content\/uploads\/2025\/10\/8.jpg 500w, https:\/\/sites.uel.br\/ninter\/wp-content\/uploads\/2025\/10\/8-300x300.jpg 300w, https:\/\/sites.uel.br\/ninter\/wp-content\/uploads\/2025\/10\/8-150x150.jpg 150w\" sizes=\"auto, (max-width: 500px) 100vw, 500px\" \/><\/figure><div class=\"wp-block-media-text__content\">\n<p><strong>26 de abril de 2025 <br><em>Proposta do NINTER para coleta seletiva \u00e9 destaque na capa da Folha de Londrina<\/em><\/strong><\/p>\n\n\n\n<p>   A edi\u00e7\u00e3o da Folha de Londrina de 26 de abril destacou em sua capa a proposta elaborada pelo Grupo T\u00e9cnico, institu\u00eddo pelo Minist\u00e9rio P\u00fablico do Estado do Paran\u00e1. O N\u00facleo Interdisciplinar de Estudos e Pesquisas em Res\u00edduos S\u00f3lidos (NINTER) integrou este Grupo, que teve como objetivo balizar o novo contrato de coleta seletiva de Londrina.<\/p>\n\n\n\n<p>   A mat\u00e9ria jornal\u00edstica abordou aspectos institucionais, sociais e de pol\u00edtica p\u00fablica, e incluiu uma entrevista com a coordenadora do NINTER. A visibilidade alcan\u00e7ada em um ve\u00edculo de comunica\u00e7\u00e3o de grande porte, como a Folha de Londrina, \u00e9 fundamental. n\u00e3o apenas por informar, mas por validar o trabalho acad\u00eamico como insumo essencial para a gest\u00e3o p\u00fablica e por mobilizar a sociedade em torno de uma pauta vital de sustentabilidade urbana.<\/p>\n<\/div><\/div>\n\n\n\n<hr class=\"wp-block-separator has-alpha-channel-opacity is-style-wide\" \/>\n\n\n\n<div class=\"wp-block-media-text is-stacked-on-mobile is-vertically-aligned-top\" style=\"grid-template-columns:37% auto\"><figure class=\"wp-block-media-text__media\"><img loading=\"lazy\" decoding=\"async\" width=\"500\" height=\"500\" src=\"https:\/\/sites.uel.br\/ninter\/wp-content\/uploads\/2025\/10\/7.jpg\" alt=\"\" class=\"wp-image-498 size-full\" srcset=\"https:\/\/sites.uel.br\/ninter\/wp-content\/uploads\/2025\/10\/7.jpg 500w, https:\/\/sites.uel.br\/ninter\/wp-content\/uploads\/2025\/10\/7-300x300.jpg 300w, https:\/\/sites.uel.br\/ninter\/wp-content\/uploads\/2025\/10\/7-150x150.jpg 150w\" sizes=\"auto, (max-width: 500px) 100vw, 500px\" \/><\/figure><div class=\"wp-block-media-text__content\">\n<p><strong>16 de abril de 2025 <br><em>Projeto 3S inicia 2\u00aa rodada com reuni\u00e3o de abertura e 65 novos estudantes<\/em><\/strong><\/p>\n\n\n\n<p>   Em 16 de abril ocorreu a reuni\u00e3o <em>online<\/em> de abertura oficial da 2\u00aa Rodada de Implementa\u00e7\u00e3o do Projeto 3S \u2013 Sensibiliza\u00e7\u00e3o e Separa\u00e7\u00e3o Seletiva em Condom\u00ednios de Londrina. A a\u00e7\u00e3o de extens\u00e3o ofereceu 65 vagas para estudantes colaboradores interessados em participar das atividades por um per\u00edodo de seis meses. Foram selecionados estudantes de 24 diferentes cursos de gradua\u00e7\u00e3o da Universidade. Nas pr\u00f3ximas semanas, os estudantes passar\u00e3o por um processo de capacita\u00e7\u00e3o na tem\u00e1tica de res\u00edduos antes de atuarem nos condom\u00ednios onde residem.<\/p>\n\n\n\n<p>   O Projeto 3S tem o prop\u00f3sito de aumentar o engajamento dos moradores de condom\u00ednios residenciais na destina\u00e7\u00e3o adequada dos res\u00edduos dom\u00e9sticos para a coleta seletiva, por meio da capacita\u00e7\u00e3o e da atua\u00e7\u00e3o dos estudantes como agentes mobilizadores e multiplicadores nos pr\u00e9dios ondem residem. As aplica\u00e7\u00f5es incluem a implementa\u00e7\u00e3o da segrega\u00e7\u00e3o multisseletiva dos res\u00edduos nos pr\u00e9dios, um programa de educa\u00e7\u00e3o ambiental para estimular novos comportamentos e h\u00e1bitos de separa\u00e7\u00e3o dos moradores e a articula\u00e7\u00e3o de canais para destina\u00e7\u00e3o do \u00f3leo de cozinha p\u00f3s-consumo gerado nas resid\u00eancias.<\/p>\n<\/div><\/div>\n\n\n\n<hr class=\"wp-block-separator has-alpha-channel-opacity is-style-wide\" \/>\n\n\n\n<div class=\"wp-block-media-text is-stacked-on-mobile is-vertically-aligned-top\" style=\"grid-template-columns:37% auto\"><figure class=\"wp-block-media-text__media\"><img loading=\"lazy\" decoding=\"async\" width=\"1024\" height=\"1024\" src=\"https:\/\/sites.uel.br\/ninter\/wp-content\/uploads\/2025\/11\/WhatsApp-Image-2025-11-17-at-17.46.13-1024x1024.jpeg\" alt=\"\" class=\"wp-image-729 size-full\" srcset=\"https:\/\/sites.uel.br\/ninter\/wp-content\/uploads\/2025\/11\/WhatsApp-Image-2025-11-17-at-17.46.13-1024x1024.jpeg 1024w, https:\/\/sites.uel.br\/ninter\/wp-content\/uploads\/2025\/11\/WhatsApp-Image-2025-11-17-at-17.46.13-300x300.jpeg 300w, https:\/\/sites.uel.br\/ninter\/wp-content\/uploads\/2025\/11\/WhatsApp-Image-2025-11-17-at-17.46.13-150x150.jpeg 150w, https:\/\/sites.uel.br\/ninter\/wp-content\/uploads\/2025\/11\/WhatsApp-Image-2025-11-17-at-17.46.13-768x768.jpeg 768w, https:\/\/sites.uel.br\/ninter\/wp-content\/uploads\/2025\/11\/WhatsApp-Image-2025-11-17-at-17.46.13.jpeg 1280w\" sizes=\"auto, (max-width: 1024px) 100vw, 1024px\" \/><\/figure><div class=\"wp-block-media-text__content\">\n<p><strong>10 de abril de 2025 <br><em>NINTER realiza a primeira reuni\u00e3o ordin\u00e1ria de 2025<\/em><\/strong><\/p>\n\n\n\n<p>   Docentes, estudantes e profissionais vinculados ao NINTER estiveram presentes na 1\u00aa reuni\u00e3o ordin\u00e1ria do ano cujo prop\u00f3sito foi credenciar novos ingressantes ao N\u00facleo e discutir projetos e atividades em desenvolvimento e em estrutura\u00e7\u00e3o.<\/p>\n\n\n\n<p>   A reuni\u00e3o permite assegurar a renova\u00e7\u00e3o e a expans\u00e3o da capacidade t\u00e9cnica e cient\u00edfica do NINTER. \u00c9 neste momento que se estabelecem as diretrizes e o cronograma de trabalho, garantindo a continuidade e o alinhamento estrat\u00e9gico das a\u00e7\u00f5es de pesquisa e extens\u00e3o para o ano.<\/p>\n<\/div><\/div>\n\n\n\n<hr class=\"wp-block-separator has-alpha-channel-opacity is-style-wide\" \/>\n\n\n\n<div class=\"wp-block-media-text is-stacked-on-mobile is-vertically-aligned-top\" style=\"grid-template-columns:37% auto\"><figure class=\"wp-block-media-text__media\"><img loading=\"lazy\" decoding=\"async\" width=\"500\" height=\"500\" src=\"https:\/\/sites.uel.br\/ninter\/wp-content\/uploads\/2025\/10\/5.jpg\" alt=\"\" class=\"wp-image-496 size-full\" srcset=\"https:\/\/sites.uel.br\/ninter\/wp-content\/uploads\/2025\/10\/5.jpg 500w, https:\/\/sites.uel.br\/ninter\/wp-content\/uploads\/2025\/10\/5-300x300.jpg 300w, https:\/\/sites.uel.br\/ninter\/wp-content\/uploads\/2025\/10\/5-150x150.jpg 150w\" sizes=\"auto, (max-width: 500px) 100vw, 500px\" \/><\/figure><div class=\"wp-block-media-text__content\">\n<p><strong>07 de abril de 2025 <\/strong><br><strong><em>NINTER se re\u00fane com presidentes do CONSEMMA para alinhar parcerias<\/em><\/strong><\/p>\n\n\n\n<p>   A coordenadora do NINTER, a Prof\u00aa Dr\u00aa Lilian Aligleri, e o Prof. Dr. &nbsp;Miguel Etinger reuniram-se com o atual presidente do Conselho Municipal do Meio Ambiente de Londrina (CONSEMMA), o Sr. Claudemir Jos\u00e9 Freire, e com o presidente do bi\u00eanio 2022-2023, o advogado Danilo Tragino. O objetivo do encontro foi acolher demandas relacionadas \u00e0 tem\u00e1tica de res\u00edduos e estruturar projetos e parcerias de trabalho com potencial de atua\u00e7\u00e3o na \u00e1rea.<\/p>\n\n\n\n<p>   O di\u00e1logo interinstitucional \u00e9 importante para alinharmos as a\u00e7\u00f5es acad\u00eamicas do NINTER com as necessidades concretas da gest\u00e3o ambiental municipal. Este tipo de articula\u00e7\u00e3o fortalece a governan\u00e7a de res\u00edduos s\u00f3lidos em Londrina, transformando pesquisa em impacto direto para a comunidade. Vale destacar que o Prof. Dr. Miguel Etinger, docente do Departamento de Direito P\u00fablico, tamb\u00e9m presidiu o CONSEMMA no bi\u00eanio 2020-2021.<\/p>\n<\/div><\/div>\n\n\n\n<hr class=\"wp-block-separator has-alpha-channel-opacity is-style-wide\" \/>\n\n\n\n<div class=\"wp-block-media-text is-stacked-on-mobile is-vertically-aligned-top\" style=\"grid-template-columns:37% auto\"><figure class=\"wp-block-media-text__media\"><img loading=\"lazy\" decoding=\"async\" width=\"500\" height=\"500\" src=\"https:\/\/sites.uel.br\/ninter\/wp-content\/uploads\/2025\/10\/4.jpg\" alt=\"\" class=\"wp-image-495 size-full\" srcset=\"https:\/\/sites.uel.br\/ninter\/wp-content\/uploads\/2025\/10\/4.jpg 500w, https:\/\/sites.uel.br\/ninter\/wp-content\/uploads\/2025\/10\/4-300x300.jpg 300w, https:\/\/sites.uel.br\/ninter\/wp-content\/uploads\/2025\/10\/4-150x150.jpg 150w\" sizes=\"auto, (max-width: 500px) 100vw, 500px\" \/><\/figure><div class=\"wp-block-media-text__content\">\n<p><strong>29 de mar\u00e7o de 2025 <br><em>Projeto 3S conclui 1\u00aa rodada com evento de encerramento e resultados positivos<\/em><\/strong><\/p>\n\n\n\n<p>   Em 29 de mar\u00e7o, a equipe t\u00e9cnica e pedag\u00f3gica do Projeto 3S realizou o evento de encerramento da Primeira Rodada de Implementa\u00e7\u00e3o da a\u00e7\u00e3o de extens\u00e3o universit\u00e1ria. Nesta primeira fase, o projeto envolveu diretamente 42 estudantes de gradua\u00e7\u00e3o, que conclu\u00edram todas as atividades programadas. Juntos, eles impactaram mais de 5.806 unidades habitacionais, atingindo um total superior a 15.200 moradores.<\/p>\n\n\n\n<p>   Os dados coletados junto aos diferentes p\u00fablicos beneficiados demonstram que as a\u00e7\u00f5es trouxeram mudan\u00e7as positivas na gest\u00e3o dos condom\u00ednios, ampliando a sensibiliza\u00e7\u00e3o social e ambiental de estudantes e moradores e elevando a taxa de ades\u00e3o local \u00e0 coleta seletiva. Os resultados obtidos fornecem um <em>benchmarking<\/em> s\u00f3lido e dados concretos que subsidiar\u00e3o o aprimoramento das metodologias e a expans\u00e3o da iniciativa para a pr\u00f3xima rodada de implementa\u00e7\u00e3o.<\/p>\n\n\n\n<p>   Para os estudantes, o projeto tamb\u00e9m foi um catalisador para o desenvolvimento de habilidades essenciais, como comunica\u00e7\u00e3o interpessoal, gest\u00e3o do tempo, auto-organiza\u00e7\u00e3o, mobiliza\u00e7\u00e3o e intera\u00e7\u00e3o com diversos membros da comunidade local.<\/p>\n<\/div><\/div>\n\n\n\n<hr class=\"wp-block-separator has-alpha-channel-opacity is-style-wide\" \/>\n\n\n\n<div class=\"wp-block-media-text is-stacked-on-mobile is-vertically-aligned-top\" style=\"grid-template-columns:37% auto\"><figure class=\"wp-block-media-text__media\"><img loading=\"lazy\" decoding=\"async\" width=\"500\" height=\"500\" src=\"https:\/\/sites.uel.br\/ninter\/wp-content\/uploads\/2025\/10\/3.jpg\" alt=\"\" class=\"wp-image-494 size-full\" srcset=\"https:\/\/sites.uel.br\/ninter\/wp-content\/uploads\/2025\/10\/3.jpg 500w, https:\/\/sites.uel.br\/ninter\/wp-content\/uploads\/2025\/10\/3-300x300.jpg 300w, https:\/\/sites.uel.br\/ninter\/wp-content\/uploads\/2025\/10\/3-150x150.jpg 150w\" sizes=\"auto, (max-width: 500px) 100vw, 500px\" \/><\/figure><div class=\"wp-block-media-text__content\">\n<p><strong>26 de mar\u00e7o de 2025 <br><em>NINTER recebe materiais de sensibiliza\u00e7\u00e3o do MPPR via TAC<\/em><\/strong><\/p>\n\n\n\n<p>   A 20\u00aa Promotoria de Justi\u00e7a do Minist\u00e9rio P\u00fablico do Estado do Paran\u00e1 fez a entrega de kits de materiais impressos, que ser\u00e3o utilizados para a sensibiliza\u00e7\u00e3o e orienta\u00e7\u00e3o de moradores de Londrina a respeito do descarte adequado de res\u00edduos. Estes materiais s\u00e3o resultantes de Termos de Ajustamento de Conduta (TACs) formalizados por esta promotoria.<\/p>\n\n\n\n<p>   Os informativos impressos ser\u00e3o empregados na pr\u00f3xima rodada de implementa\u00e7\u00e3o do Projeto 3S \u2013 Sensibiliza\u00e7\u00e3o e Separa\u00e7\u00e3o Seletiva em Condom\u00ednios. Vale ressaltar que a 20\u00aa Promotoria de Justi\u00e7a do Minist\u00e9rio P\u00fablico do Estado do Paran\u00e1 \u00e9 uma das institui\u00e7\u00f5es parceiras do projeto.<\/p>\n<\/div><\/div>\n\n\n\n<hr class=\"wp-block-separator has-alpha-channel-opacity is-style-wide\" \/>\n\n\n\n<div class=\"wp-block-media-text is-stacked-on-mobile is-vertically-aligned-top\" style=\"grid-template-columns:37% auto\"><figure class=\"wp-block-media-text__media\"><img loading=\"lazy\" decoding=\"async\" width=\"500\" height=\"500\" src=\"https:\/\/sites.uel.br\/ninter\/wp-content\/uploads\/2025\/10\/2.jpg\" alt=\"\" class=\"wp-image-493 size-full\" srcset=\"https:\/\/sites.uel.br\/ninter\/wp-content\/uploads\/2025\/10\/2.jpg 500w, https:\/\/sites.uel.br\/ninter\/wp-content\/uploads\/2025\/10\/2-300x300.jpg 300w, https:\/\/sites.uel.br\/ninter\/wp-content\/uploads\/2025\/10\/2-150x150.jpg 150w\" sizes=\"auto, (max-width: 500px) 100vw, 500px\" \/><\/figure><div class=\"wp-block-media-text__content\">\n<p><strong>27 de janeiro de 2025<br><em>NINTER apresenta resultados do Projeto 3S a representantes da Itaipu<\/em><\/strong><\/p>\n\n\n\n<p>   No dia 27 de janeiro, o N\u00facleo recebeu uma equipe de especialistas representantes da Itaipu Parquetec. Na ocasi\u00e3o, o NINTER teve a oportunidade de apresentar o desenvolvimento do Projeto 3S \u2013 Sensibiliza\u00e7\u00e3o e Separa\u00e7\u00e3o Seletiva em Condom\u00ednios de Londrina e alguns dos resultados j\u00e1 alcan\u00e7ados na primeira rodada de implementa\u00e7\u00e3o.<\/p>\n\n\n\n<p>   A demonstra\u00e7\u00e3o dos resultados do Projeto 3S a um parceiro de excel\u00eancia t\u00e9cnica como a Itaipu Parquetec contribui com a abordagem multidisciplinar do NINTER, al\u00e9m de validar as metodologias do projeto e abrir caminhos para futuras coopera\u00e7\u00f5es t\u00e9cnicas que beneficiem a sociedade de Londrina e regi\u00e3o.<\/p>\n\n\n\n<p>   Os representantes da Itaipu Parquetec presentes na foto s\u00e3o: Ana Paula Trevisan Lied, Alysson de Lima Guimar\u00e3es e Bruno Erno Stecckling. Tamb\u00e9m participaram e est\u00e3o na foto os membros do NINTER: as Professoras Doutoras Ana Claudia Duarte Pinheiro, Lilian Aligleri e Ver\u00f4nica Bender Haydu, e os estudantes Maria Eduarda Siqueira Ferreira, Ian Braziel Fernandes, Sophia Franco Vieira de Oliveira e Marcos Ant\u00f4nio Piza. A representante do Grupo A. Yoshii, a Engenheira Ambiental Mestra Rubieli Saretto, tamb\u00e9m est\u00e1 presente na imagem.<\/p>\n<\/div><\/div>\n\n\n\n<hr class=\"wp-block-separator has-alpha-channel-opacity is-style-wide\" \/>\n\n\n\n<div class=\"wp-block-media-text is-stacked-on-mobile is-vertically-aligned-top\" style=\"grid-template-columns:37% auto\"><figure class=\"wp-block-media-text__media\"><img loading=\"lazy\" decoding=\"async\" width=\"500\" height=\"500\" src=\"https:\/\/sites.uel.br\/ninter\/wp-content\/uploads\/2025\/10\/1.jpg\" alt=\"\" class=\"wp-image-492 size-full\" srcset=\"https:\/\/sites.uel.br\/ninter\/wp-content\/uploads\/2025\/10\/1.jpg 500w, https:\/\/sites.uel.br\/ninter\/wp-content\/uploads\/2025\/10\/1-300x300.jpg 300w, https:\/\/sites.uel.br\/ninter\/wp-content\/uploads\/2025\/10\/1-150x150.jpg 150w\" sizes=\"auto, (max-width: 500px) 100vw, 500px\" \/><\/figure><div class=\"wp-block-media-text__content\">\n<p class=\"has-text-align-left\"><strong>10 de janeiro de 2025<br><em>Separa\u00e7\u00e3o de kits para a 1\u00aa rodada do Projeto 3S<\/em><\/strong><br><br> Os bolsistas Maria Eduarda (Administra\u00e7\u00e3o), Ian (Direito) e Sophia (Artes Visuais) realizaram a separa\u00e7\u00e3o de kits de materiais impressos para distribui\u00e7\u00e3o aos 39 condom\u00ednios de Londrina participantes da 1\u00aa Rodada de Implementa\u00e7\u00e3o do Projeto 3S \u2013 Sensibiliza\u00e7\u00e3o e Separa\u00e7\u00e3o Seletiva em Condom\u00ednios de Londrina. No total, foram preparados 2.275 informativos, material que subsidiar\u00e1 a sensibiliza\u00e7\u00e3o e a orienta\u00e7\u00e3o ambiental sobre o descarte adequado em mais de 5.800 unidades habitacionais.<\/p>\n\n\n\n<p>    Essa mobiliza\u00e7\u00e3o log\u00edstica \u00e9 crucial para garantir que a informa\u00e7\u00e3o essencial chegue a milhares de moradores, sendo um passo pr\u00e1tico para a transforma\u00e7\u00e3o de h\u00e1bitos ambientais. A participa\u00e7\u00e3o ativa dos bolsistas demonstra o papel central dos estudantes na operacionaliza\u00e7\u00e3o das a\u00e7\u00f5es de extens\u00e3o e no engajamento direto com a comunidade.<\/p>\n\n\n\n<p class=\"has-text-align-left\">    Esta atividade de extens\u00e3o do N\u00facleo conta com a participa\u00e7\u00e3o de 41 estudantes de gradua\u00e7\u00e3o. A impress\u00e3o dos informativos foi patrocinada pelo Grupo A. Yoshii. O projeto tamb\u00e9m \u00e9 realizado em parceria com a Itaipu Parquetec, o Minist\u00e9rio P\u00fablico do Estado do Paran\u00e1 e a C\u00e1ritas Arquidiocesana.<\/p>\n<\/div><\/div>\n\n\n\n<div style=\"height:60px\" aria-hidden=\"true\" class=\"wp-block-spacer\"><\/div>\n\n\n\n<h2 class=\"wp-block-heading has-text-align-center\">ANOS ANTERIORES<\/h2>\n\n\n\n<div style=\"height:20px\" aria-hidden=\"true\" class=\"wp-block-spacer\"><\/div>\n\n\n\n<details class=\"wp-block-details is-layout-flow wp-block-details-is-layout-flow\"><summary>2024<\/summary>\n<figure class=\"wp-block-gallery has-nested-images columns-default is-cropped wp-block-gallery-1 is-layout-flex wp-block-gallery-is-layout-flex\">\n<figure class=\"wp-block-image size-large\"><img loading=\"lazy\" decoding=\"async\" width=\"1024\" height=\"270\" data-id=\"412\" src=\"https:\/\/sites.uel.br\/ninter\/wp-content\/uploads\/2025\/10\/Captura_11-12_NAordmcleo_Paranapanema-1024x270.jpeg\" alt=\"\" class=\"wp-image-412\" srcset=\"https:\/\/sites.uel.br\/ninter\/wp-content\/uploads\/2025\/10\/Captura_11-12_NAordmcleo_Paranapanema-1024x270.jpeg 1024w, https:\/\/sites.uel.br\/ninter\/wp-content\/uploads\/2025\/10\/Captura_11-12_NAordmcleo_Paranapanema-300x79.jpeg 300w, https:\/\/sites.uel.br\/ninter\/wp-content\/uploads\/2025\/10\/Captura_11-12_NAordmcleo_Paranapanema-768x203.jpeg 768w, https:\/\/sites.uel.br\/ninter\/wp-content\/uploads\/2025\/10\/Captura_11-12_NAordmcleo_Paranapanema.jpeg 1460w\" sizes=\"auto, (max-width: 1024px) 100vw, 1024px\" \/><\/figure>\n<\/figure>\n\n\n\n<figure class=\"wp-block-image size-large is-resized\"><img loading=\"lazy\" decoding=\"async\" width=\"1024\" height=\"270\" src=\"https:\/\/sites.uel.br\/ninter\/wp-content\/uploads\/2025\/10\/Captura_06-12_Presidente_do_Consemma-1024x270.jpeg\" alt=\"\" class=\"wp-image-413\" style=\"width:1062px;height:auto\" srcset=\"https:\/\/sites.uel.br\/ninter\/wp-content\/uploads\/2025\/10\/Captura_06-12_Presidente_do_Consemma-1024x270.jpeg 1024w, https:\/\/sites.uel.br\/ninter\/wp-content\/uploads\/2025\/10\/Captura_06-12_Presidente_do_Consemma-300x79.jpeg 300w, https:\/\/sites.uel.br\/ninter\/wp-content\/uploads\/2025\/10\/Captura_06-12_Presidente_do_Consemma-768x202.jpeg 768w, https:\/\/sites.uel.br\/ninter\/wp-content\/uploads\/2025\/10\/Captura_06-12_Presidente_do_Consemma.jpeg 1459w\" sizes=\"auto, (max-width: 1024px) 100vw, 1024px\" \/><\/figure>\n\n\n\n<figure class=\"wp-block-gallery has-nested-images columns-default is-cropped wp-block-gallery-2 is-layout-flex wp-block-gallery-is-layout-flex\">\n<figure class=\"wp-block-image size-large\"><img loading=\"lazy\" decoding=\"async\" width=\"1024\" height=\"270\" data-id=\"414\" src=\"https:\/\/sites.uel.br\/ninter\/wp-content\/uploads\/2025\/10\/Captura_30-11_COnferencia_M_Ambiente_Londrina-1024x270.jpeg\" alt=\"\" class=\"wp-image-414\" srcset=\"https:\/\/sites.uel.br\/ninter\/wp-content\/uploads\/2025\/10\/Captura_30-11_COnferencia_M_Ambiente_Londrina-1024x270.jpeg 1024w, https:\/\/sites.uel.br\/ninter\/wp-content\/uploads\/2025\/10\/Captura_30-11_COnferencia_M_Ambiente_Londrina-300x79.jpeg 300w, https:\/\/sites.uel.br\/ninter\/wp-content\/uploads\/2025\/10\/Captura_30-11_COnferencia_M_Ambiente_Londrina-768x202.jpeg 768w, https:\/\/sites.uel.br\/ninter\/wp-content\/uploads\/2025\/10\/Captura_30-11_COnferencia_M_Ambiente_Londrina.jpeg 1458w\" sizes=\"auto, (max-width: 1024px) 100vw, 1024px\" \/><\/figure>\n<\/figure>\n\n\n\n<figure class=\"wp-block-image size-large is-resized\"><img loading=\"lazy\" decoding=\"async\" width=\"1024\" height=\"272\" src=\"https:\/\/sites.uel.br\/ninter\/wp-content\/uploads\/2025\/10\/Captura_18-11_Evento_Foz-1024x272.jpeg\" alt=\"\" class=\"wp-image-415\" style=\"width:1062px;height:auto\" srcset=\"https:\/\/sites.uel.br\/ninter\/wp-content\/uploads\/2025\/10\/Captura_18-11_Evento_Foz-1024x272.jpeg 1024w, https:\/\/sites.uel.br\/ninter\/wp-content\/uploads\/2025\/10\/Captura_18-11_Evento_Foz-300x80.jpeg 300w, https:\/\/sites.uel.br\/ninter\/wp-content\/uploads\/2025\/10\/Captura_18-11_Evento_Foz-768x204.jpeg 768w, https:\/\/sites.uel.br\/ninter\/wp-content\/uploads\/2025\/10\/Captura_18-11_Evento_Foz.jpeg 1458w\" sizes=\"auto, (max-width: 1024px) 100vw, 1024px\" \/><\/figure>\n\n\n\n<figure class=\"wp-block-gallery has-nested-images columns-default is-cropped wp-block-gallery-3 is-layout-flex wp-block-gallery-is-layout-flex\">\n<figure class=\"wp-block-image size-large\"><img loading=\"lazy\" decoding=\"async\" width=\"1024\" height=\"268\" data-id=\"416\" src=\"https:\/\/sites.uel.br\/ninter\/wp-content\/uploads\/2025\/10\/Captura_07-11_Visita_tAccnica_Cooper-1024x268.jpeg\" alt=\"\" class=\"wp-image-416\" srcset=\"https:\/\/sites.uel.br\/ninter\/wp-content\/uploads\/2025\/10\/Captura_07-11_Visita_tAccnica_Cooper-1024x268.jpeg 1024w, https:\/\/sites.uel.br\/ninter\/wp-content\/uploads\/2025\/10\/Captura_07-11_Visita_tAccnica_Cooper-300x79.jpeg 300w, https:\/\/sites.uel.br\/ninter\/wp-content\/uploads\/2025\/10\/Captura_07-11_Visita_tAccnica_Cooper-768x201.jpeg 768w, https:\/\/sites.uel.br\/ninter\/wp-content\/uploads\/2025\/10\/Captura_07-11_Visita_tAccnica_Cooper.jpeg 1463w\" sizes=\"auto, (max-width: 1024px) 100vw, 1024px\" \/><\/figure>\n<\/figure>\n\n\n\n<figure class=\"wp-block-image size-large is-resized\"><img loading=\"lazy\" decoding=\"async\" width=\"1024\" height=\"271\" src=\"https:\/\/sites.uel.br\/ninter\/wp-content\/uploads\/2025\/10\/Captura_30-10_ReuniApoundo_online_3S-1024x271.jpeg\" alt=\"\" class=\"wp-image-417\" style=\"width:1062px;height:auto\" srcset=\"https:\/\/sites.uel.br\/ninter\/wp-content\/uploads\/2025\/10\/Captura_30-10_ReuniApoundo_online_3S-1024x271.jpeg 1024w, https:\/\/sites.uel.br\/ninter\/wp-content\/uploads\/2025\/10\/Captura_30-10_ReuniApoundo_online_3S-300x79.jpeg 300w, https:\/\/sites.uel.br\/ninter\/wp-content\/uploads\/2025\/10\/Captura_30-10_ReuniApoundo_online_3S-768x203.jpeg 768w, https:\/\/sites.uel.br\/ninter\/wp-content\/uploads\/2025\/10\/Captura_30-10_ReuniApoundo_online_3S.jpeg 1460w\" sizes=\"auto, (max-width: 1024px) 100vw, 1024px\" \/><\/figure>\n\n\n\n<figure class=\"wp-block-gallery has-nested-images columns-default is-cropped wp-block-gallery-4 is-layout-flex wp-block-gallery-is-layout-flex\">\n<figure class=\"wp-block-image size-large\"><img loading=\"lazy\" decoding=\"async\" width=\"1024\" height=\"271\" data-id=\"418\" src=\"https:\/\/sites.uel.br\/ninter\/wp-content\/uploads\/2025\/10\/Captura_15-10_NAordmcleo_MAcdio_Paranapanema-1024x271.jpeg\" alt=\"\" class=\"wp-image-418\" srcset=\"https:\/\/sites.uel.br\/ninter\/wp-content\/uploads\/2025\/10\/Captura_15-10_NAordmcleo_MAcdio_Paranapanema-1024x271.jpeg 1024w, https:\/\/sites.uel.br\/ninter\/wp-content\/uploads\/2025\/10\/Captura_15-10_NAordmcleo_MAcdio_Paranapanema-300x79.jpeg 300w, https:\/\/sites.uel.br\/ninter\/wp-content\/uploads\/2025\/10\/Captura_15-10_NAordmcleo_MAcdio_Paranapanema-768x203.jpeg 768w, https:\/\/sites.uel.br\/ninter\/wp-content\/uploads\/2025\/10\/Captura_15-10_NAordmcleo_MAcdio_Paranapanema.jpeg 1460w\" sizes=\"auto, (max-width: 1024px) 100vw, 1024px\" \/><\/figure>\n<\/figure>\n\n\n\n<figure class=\"wp-block-image size-large is-resized\"><img loading=\"lazy\" decoding=\"async\" width=\"1024\" height=\"271\" src=\"https:\/\/sites.uel.br\/ninter\/wp-content\/uploads\/2025\/10\/Captura_01_-10_Entrevista_RAiexcldio-1024x271.jpeg\" alt=\"\" class=\"wp-image-419\" style=\"width:1062px;height:auto\" srcset=\"https:\/\/sites.uel.br\/ninter\/wp-content\/uploads\/2025\/10\/Captura_01_-10_Entrevista_RAiexcldio-1024x271.jpeg 1024w, https:\/\/sites.uel.br\/ninter\/wp-content\/uploads\/2025\/10\/Captura_01_-10_Entrevista_RAiexcldio-300x79.jpeg 300w, https:\/\/sites.uel.br\/ninter\/wp-content\/uploads\/2025\/10\/Captura_01_-10_Entrevista_RAiexcldio-768x203.jpeg 768w, https:\/\/sites.uel.br\/ninter\/wp-content\/uploads\/2025\/10\/Captura_01_-10_Entrevista_RAiexcldio.jpeg 1459w\" sizes=\"auto, (max-width: 1024px) 100vw, 1024px\" \/><\/figure>\n\n\n\n<figure class=\"wp-block-image size-large is-resized\"><img loading=\"lazy\" decoding=\"async\" width=\"1024\" height=\"269\" src=\"https:\/\/sites.uel.br\/ninter\/wp-content\/uploads\/2025\/10\/Captura_17-09_Visita_MAE-1024x269.jpeg\" alt=\"\" class=\"wp-image-420\" style=\"width:1062px;height:auto\" srcset=\"https:\/\/sites.uel.br\/ninter\/wp-content\/uploads\/2025\/10\/Captura_17-09_Visita_MAE-1024x269.jpeg 1024w, https:\/\/sites.uel.br\/ninter\/wp-content\/uploads\/2025\/10\/Captura_17-09_Visita_MAE-300x79.jpeg 300w, https:\/\/sites.uel.br\/ninter\/wp-content\/uploads\/2025\/10\/Captura_17-09_Visita_MAE-768x202.jpeg 768w, https:\/\/sites.uel.br\/ninter\/wp-content\/uploads\/2025\/10\/Captura_17-09_Visita_MAE.jpeg 1456w\" sizes=\"auto, (max-width: 1024px) 100vw, 1024px\" \/><\/figure>\n\n\n\n<figure class=\"wp-block-gallery has-nested-images columns-default is-cropped wp-block-gallery-5 is-layout-flex wp-block-gallery-is-layout-flex\">\n<figure class=\"wp-block-image size-large\"><img loading=\"lazy\" decoding=\"async\" width=\"1024\" height=\"268\" data-id=\"421\" src=\"https:\/\/sites.uel.br\/ninter\/wp-content\/uploads\/2025\/10\/Capturar_-_Assinatura_dos_candidados_a_prefeito-1024x268.jpeg\" alt=\"\" class=\"wp-image-421\" srcset=\"https:\/\/sites.uel.br\/ninter\/wp-content\/uploads\/2025\/10\/Capturar_-_Assinatura_dos_candidados_a_prefeito-1024x268.jpeg 1024w, https:\/\/sites.uel.br\/ninter\/wp-content\/uploads\/2025\/10\/Capturar_-_Assinatura_dos_candidados_a_prefeito-300x79.jpeg 300w, https:\/\/sites.uel.br\/ninter\/wp-content\/uploads\/2025\/10\/Capturar_-_Assinatura_dos_candidados_a_prefeito-768x201.jpeg 768w, https:\/\/sites.uel.br\/ninter\/wp-content\/uploads\/2025\/10\/Capturar_-_Assinatura_dos_candidados_a_prefeito.jpeg 1457w\" sizes=\"auto, (max-width: 1024px) 100vw, 1024px\" \/><\/figure>\n<\/figure>\n\n\n\n<figure class=\"wp-block-image size-large is-resized\"><img loading=\"lazy\" decoding=\"async\" width=\"1024\" height=\"267\" src=\"https:\/\/sites.uel.br\/ninter\/wp-content\/uploads\/2025\/10\/Capturar_-_Itaipu_02-09-24-1024x267.jpeg\" alt=\"\" class=\"wp-image-422\" style=\"width:1062px;height:auto\" srcset=\"https:\/\/sites.uel.br\/ninter\/wp-content\/uploads\/2025\/10\/Capturar_-_Itaipu_02-09-24-1024x267.jpeg 1024w, https:\/\/sites.uel.br\/ninter\/wp-content\/uploads\/2025\/10\/Capturar_-_Itaipu_02-09-24-300x78.jpeg 300w, https:\/\/sites.uel.br\/ninter\/wp-content\/uploads\/2025\/10\/Capturar_-_Itaipu_02-09-24-768x200.jpeg 768w, https:\/\/sites.uel.br\/ninter\/wp-content\/uploads\/2025\/10\/Capturar_-_Itaipu_02-09-24.jpeg 1461w\" sizes=\"auto, (max-width: 1024px) 100vw, 1024px\" \/><\/figure>\n\n\n\n<figure class=\"wp-block-image size-large is-resized\"><img loading=\"lazy\" decoding=\"async\" width=\"1024\" height=\"267\" src=\"https:\/\/sites.uel.br\/ninter\/wp-content\/uploads\/2025\/10\/Capturar_-_Carta_Compromisso_30-08-24-1024x267.jpeg\" alt=\"\" class=\"wp-image-423\" style=\"width:1062px;height:auto\" srcset=\"https:\/\/sites.uel.br\/ninter\/wp-content\/uploads\/2025\/10\/Capturar_-_Carta_Compromisso_30-08-24-1024x267.jpeg 1024w, https:\/\/sites.uel.br\/ninter\/wp-content\/uploads\/2025\/10\/Capturar_-_Carta_Compromisso_30-08-24-300x78.jpeg 300w, https:\/\/sites.uel.br\/ninter\/wp-content\/uploads\/2025\/10\/Capturar_-_Carta_Compromisso_30-08-24-768x200.jpeg 768w, https:\/\/sites.uel.br\/ninter\/wp-content\/uploads\/2025\/10\/Capturar_-_Carta_Compromisso_30-08-24.jpeg 1460w\" sizes=\"auto, (max-width: 1024px) 100vw, 1024px\" \/><\/figure>\n\n\n\n<figure class=\"wp-block-gallery has-nested-images columns-default is-cropped wp-block-gallery-6 is-layout-flex wp-block-gallery-is-layout-flex\">\n<figure class=\"wp-block-image size-large\"><img loading=\"lazy\" decoding=\"async\" width=\"1024\" height=\"267\" data-id=\"424\" src=\"https:\/\/sites.uel.br\/ninter\/wp-content\/uploads\/2025\/10\/Capturar-_Comitiva_UEM_15-07-24-1024x267.jpeg\" alt=\"\" class=\"wp-image-424\" srcset=\"https:\/\/sites.uel.br\/ninter\/wp-content\/uploads\/2025\/10\/Capturar-_Comitiva_UEM_15-07-24-1024x267.jpeg 1024w, https:\/\/sites.uel.br\/ninter\/wp-content\/uploads\/2025\/10\/Capturar-_Comitiva_UEM_15-07-24-300x78.jpeg 300w, https:\/\/sites.uel.br\/ninter\/wp-content\/uploads\/2025\/10\/Capturar-_Comitiva_UEM_15-07-24-768x200.jpeg 768w, https:\/\/sites.uel.br\/ninter\/wp-content\/uploads\/2025\/10\/Capturar-_Comitiva_UEM_15-07-24.jpeg 1459w\" sizes=\"auto, (max-width: 1024px) 100vw, 1024px\" \/><\/figure>\n<\/figure>\n\n\n\n<figure class=\"wp-block-image size-large is-resized\"><img loading=\"lazy\" decoding=\"async\" width=\"1024\" height=\"268\" src=\"https:\/\/sites.uel.br\/ninter\/wp-content\/uploads\/2025\/10\/Capturar_-_Desplasticine_12-07-24-1024x268.jpeg\" alt=\"\" class=\"wp-image-425\" style=\"width:1062px;height:auto\" srcset=\"https:\/\/sites.uel.br\/ninter\/wp-content\/uploads\/2025\/10\/Capturar_-_Desplasticine_12-07-24-1024x268.jpeg 1024w, https:\/\/sites.uel.br\/ninter\/wp-content\/uploads\/2025\/10\/Capturar_-_Desplasticine_12-07-24-300x79.jpeg 300w, https:\/\/sites.uel.br\/ninter\/wp-content\/uploads\/2025\/10\/Capturar_-_Desplasticine_12-07-24-768x201.jpeg 768w, https:\/\/sites.uel.br\/ninter\/wp-content\/uploads\/2025\/10\/Capturar_-_Desplasticine_12-07-24.jpeg 1459w\" sizes=\"auto, (max-width: 1024px) 100vw, 1024px\" \/><\/figure>\n\n\n\n<figure class=\"wp-block-image size-large is-resized\"><img loading=\"lazy\" decoding=\"async\" width=\"1024\" height=\"268\" src=\"https:\/\/sites.uel.br\/ninter\/wp-content\/uploads\/2025\/10\/Captura_01-07_ReuniApoundo_online_SEMA-1024x268.jpeg\" alt=\"\" class=\"wp-image-426\" style=\"width:1062px;height:auto\" srcset=\"https:\/\/sites.uel.br\/ninter\/wp-content\/uploads\/2025\/10\/Captura_01-07_ReuniApoundo_online_SEMA-1024x268.jpeg 1024w, https:\/\/sites.uel.br\/ninter\/wp-content\/uploads\/2025\/10\/Captura_01-07_ReuniApoundo_online_SEMA-300x78.jpeg 300w, https:\/\/sites.uel.br\/ninter\/wp-content\/uploads\/2025\/10\/Captura_01-07_ReuniApoundo_online_SEMA-768x201.jpeg 768w, https:\/\/sites.uel.br\/ninter\/wp-content\/uploads\/2025\/10\/Captura_01-07_ReuniApoundo_online_SEMA.jpeg 1462w\" sizes=\"auto, (max-width: 1024px) 100vw, 1024px\" \/><\/figure>\n\n\n\n<figure class=\"wp-block-gallery has-nested-images columns-default is-cropped wp-block-gallery-7 is-layout-flex wp-block-gallery-is-layout-flex\">\n<figure class=\"wp-block-image size-large\"><img loading=\"lazy\" decoding=\"async\" width=\"1024\" height=\"269\" data-id=\"427\" src=\"https:\/\/sites.uel.br\/ninter\/wp-content\/uploads\/2025\/10\/Capturar_-_RelatAsup3rio_ObservatAsup3rio_26-06-24-1024x269.jpeg\" alt=\"\" class=\"wp-image-427\" srcset=\"https:\/\/sites.uel.br\/ninter\/wp-content\/uploads\/2025\/10\/Capturar_-_RelatAsup3rio_ObservatAsup3rio_26-06-24-1024x269.jpeg 1024w, https:\/\/sites.uel.br\/ninter\/wp-content\/uploads\/2025\/10\/Capturar_-_RelatAsup3rio_ObservatAsup3rio_26-06-24-300x79.jpeg 300w, https:\/\/sites.uel.br\/ninter\/wp-content\/uploads\/2025\/10\/Capturar_-_RelatAsup3rio_ObservatAsup3rio_26-06-24-768x202.jpeg 768w, https:\/\/sites.uel.br\/ninter\/wp-content\/uploads\/2025\/10\/Capturar_-_RelatAsup3rio_ObservatAsup3rio_26-06-24.jpeg 1460w\" sizes=\"auto, (max-width: 1024px) 100vw, 1024px\" \/><\/figure>\n<\/figure>\n\n\n\n<figure class=\"wp-block-image size-large is-resized\"><img loading=\"lazy\" decoding=\"async\" width=\"1024\" height=\"270\" src=\"https:\/\/sites.uel.br\/ninter\/wp-content\/uploads\/2025\/10\/Capturar-_IV_SIPR_26-06-24-1024x270.jpeg\" alt=\"\" class=\"wp-image-428\" style=\"width:1062px;height:auto\" srcset=\"https:\/\/sites.uel.br\/ninter\/wp-content\/uploads\/2025\/10\/Capturar-_IV_SIPR_26-06-24-1024x270.jpeg 1024w, https:\/\/sites.uel.br\/ninter\/wp-content\/uploads\/2025\/10\/Capturar-_IV_SIPR_26-06-24-300x79.jpeg 300w, https:\/\/sites.uel.br\/ninter\/wp-content\/uploads\/2025\/10\/Capturar-_IV_SIPR_26-06-24-768x202.jpeg 768w, https:\/\/sites.uel.br\/ninter\/wp-content\/uploads\/2025\/10\/Capturar-_IV_SIPR_26-06-24.jpeg 1459w\" sizes=\"auto, (max-width: 1024px) 100vw, 1024px\" \/><\/figure>\n\n\n\n<figure class=\"wp-block-image size-large is-resized\"><img loading=\"lazy\" decoding=\"async\" width=\"1024\" height=\"268\" src=\"https:\/\/sites.uel.br\/ninter\/wp-content\/uploads\/2025\/10\/Capturar_-_Marcela_BFFP_25-06-24-1024x268.jpeg\" alt=\"\" class=\"wp-image-429\" style=\"width:1062px;height:auto\" srcset=\"https:\/\/sites.uel.br\/ninter\/wp-content\/uploads\/2025\/10\/Capturar_-_Marcela_BFFP_25-06-24-1024x268.jpeg 1024w, https:\/\/sites.uel.br\/ninter\/wp-content\/uploads\/2025\/10\/Capturar_-_Marcela_BFFP_25-06-24-300x78.jpeg 300w, https:\/\/sites.uel.br\/ninter\/wp-content\/uploads\/2025\/10\/Capturar_-_Marcela_BFFP_25-06-24-768x201.jpeg 768w, https:\/\/sites.uel.br\/ninter\/wp-content\/uploads\/2025\/10\/Capturar_-_Marcela_BFFP_25-06-24.jpeg 1460w\" sizes=\"auto, (max-width: 1024px) 100vw, 1024px\" \/><\/figure>\n\n\n\n<figure class=\"wp-block-gallery has-nested-images columns-default is-cropped wp-block-gallery-8 is-layout-flex wp-block-gallery-is-layout-flex\">\n<figure class=\"wp-block-image size-large\"><img loading=\"lazy\" decoding=\"async\" width=\"1024\" height=\"270\" data-id=\"430\" src=\"https:\/\/sites.uel.br\/ninter\/wp-content\/uploads\/2025\/10\/Captura_IV_SIPR-1024x270.jpeg\" alt=\"\" class=\"wp-image-430\" srcset=\"https:\/\/sites.uel.br\/ninter\/wp-content\/uploads\/2025\/10\/Captura_IV_SIPR-1024x270.jpeg 1024w, https:\/\/sites.uel.br\/ninter\/wp-content\/uploads\/2025\/10\/Captura_IV_SIPR-300x79.jpeg 300w, https:\/\/sites.uel.br\/ninter\/wp-content\/uploads\/2025\/10\/Captura_IV_SIPR-768x202.jpeg 768w, https:\/\/sites.uel.br\/ninter\/wp-content\/uploads\/2025\/10\/Captura_IV_SIPR.jpeg 1462w\" sizes=\"auto, (max-width: 1024px) 100vw, 1024px\" \/><\/figure>\n<\/figure>\n\n\n\n<figure class=\"wp-block-image size-large is-resized\"><img loading=\"lazy\" decoding=\"async\" width=\"1024\" height=\"269\" src=\"https:\/\/sites.uel.br\/ninter\/wp-content\/uploads\/2025\/10\/Captura_resoluAsectApoundo_CA-1024x269.jpeg\" alt=\"\" class=\"wp-image-431\" style=\"width:1062px;height:auto\" srcset=\"https:\/\/sites.uel.br\/ninter\/wp-content\/uploads\/2025\/10\/Captura_resoluAsectApoundo_CA-1024x269.jpeg 1024w, https:\/\/sites.uel.br\/ninter\/wp-content\/uploads\/2025\/10\/Captura_resoluAsectApoundo_CA-300x79.jpeg 300w, https:\/\/sites.uel.br\/ninter\/wp-content\/uploads\/2025\/10\/Captura_resoluAsectApoundo_CA-768x202.jpeg 768w, https:\/\/sites.uel.br\/ninter\/wp-content\/uploads\/2025\/10\/Captura_resoluAsectApoundo_CA.jpeg 1460w\" sizes=\"auto, (max-width: 1024px) 100vw, 1024px\" \/><\/figure>\n\n\n\n<figure class=\"wp-block-image size-large is-resized\"><img loading=\"lazy\" decoding=\"async\" width=\"1024\" height=\"270\" src=\"https:\/\/sites.uel.br\/ninter\/wp-content\/uploads\/2025\/10\/Captura_Parceria_A_Yoshii-1024x270.jpeg\" alt=\"\" class=\"wp-image-432\" style=\"width:1062px;height:auto\" srcset=\"https:\/\/sites.uel.br\/ninter\/wp-content\/uploads\/2025\/10\/Captura_Parceria_A_Yoshii-1024x270.jpeg 1024w, https:\/\/sites.uel.br\/ninter\/wp-content\/uploads\/2025\/10\/Captura_Parceria_A_Yoshii-300x79.jpeg 300w, https:\/\/sites.uel.br\/ninter\/wp-content\/uploads\/2025\/10\/Captura_Parceria_A_Yoshii-768x203.jpeg 768w, https:\/\/sites.uel.br\/ninter\/wp-content\/uploads\/2025\/10\/Captura_Parceria_A_Yoshii.jpeg 1458w\" sizes=\"auto, (max-width: 1024px) 100vw, 1024px\" \/><\/figure>\n\n\n\n<figure class=\"wp-block-gallery has-nested-images columns-default is-cropped wp-block-gallery-9 is-layout-flex wp-block-gallery-is-layout-flex\">\n<figure class=\"wp-block-image size-large\"><img loading=\"lazy\" decoding=\"async\" width=\"1024\" height=\"267\" data-id=\"433\" src=\"https:\/\/sites.uel.br\/ninter\/wp-content\/uploads\/2025\/10\/Captura_ReuniApoundo_FAsup3rum_MudanAsectas_ClimAiexclticas-1024x267.jpeg\" alt=\"\" class=\"wp-image-433\" srcset=\"https:\/\/sites.uel.br\/ninter\/wp-content\/uploads\/2025\/10\/Captura_ReuniApoundo_FAsup3rum_MudanAsectas_ClimAiexclticas-1024x267.jpeg 1024w, https:\/\/sites.uel.br\/ninter\/wp-content\/uploads\/2025\/10\/Captura_ReuniApoundo_FAsup3rum_MudanAsectas_ClimAiexclticas-300x78.jpeg 300w, https:\/\/sites.uel.br\/ninter\/wp-content\/uploads\/2025\/10\/Captura_ReuniApoundo_FAsup3rum_MudanAsectas_ClimAiexclticas-768x200.jpeg 768w, https:\/\/sites.uel.br\/ninter\/wp-content\/uploads\/2025\/10\/Captura_ReuniApoundo_FAsup3rum_MudanAsectas_ClimAiexclticas.jpeg 1459w\" sizes=\"auto, (max-width: 1024px) 100vw, 1024px\" \/><\/figure>\n<\/figure>\n\n\n\n<figure class=\"wp-block-image size-large is-resized\"><img loading=\"lazy\" decoding=\"async\" width=\"1024\" height=\"269\" src=\"https:\/\/sites.uel.br\/ninter\/wp-content\/uploads\/2025\/10\/Captura_-_ReuniApoundo_MPPR-1024x269.jpeg\" alt=\"\" class=\"wp-image-434\" style=\"width:1062px;height:auto\" srcset=\"https:\/\/sites.uel.br\/ninter\/wp-content\/uploads\/2025\/10\/Captura_-_ReuniApoundo_MPPR-1024x269.jpeg 1024w, https:\/\/sites.uel.br\/ninter\/wp-content\/uploads\/2025\/10\/Captura_-_ReuniApoundo_MPPR-300x79.jpeg 300w, https:\/\/sites.uel.br\/ninter\/wp-content\/uploads\/2025\/10\/Captura_-_ReuniApoundo_MPPR-768x202.jpeg 768w, https:\/\/sites.uel.br\/ninter\/wp-content\/uploads\/2025\/10\/Captura_-_ReuniApoundo_MPPR.jpeg 1460w\" sizes=\"auto, (max-width: 1024px) 100vw, 1024px\" \/><\/figure>\n\n\n\n<figure class=\"wp-block-image size-large is-resized\"><img loading=\"lazy\" decoding=\"async\" width=\"1024\" height=\"269\" src=\"https:\/\/sites.uel.br\/ninter\/wp-content\/uploads\/2025\/10\/Captura_Podcast_29-02-24-1024x269.jpeg\" alt=\"\" class=\"wp-image-435\" style=\"width:1062px;height:auto\" srcset=\"https:\/\/sites.uel.br\/ninter\/wp-content\/uploads\/2025\/10\/Captura_Podcast_29-02-24-1024x269.jpeg 1024w, https:\/\/sites.uel.br\/ninter\/wp-content\/uploads\/2025\/10\/Captura_Podcast_29-02-24-300x79.jpeg 300w, https:\/\/sites.uel.br\/ninter\/wp-content\/uploads\/2025\/10\/Captura_Podcast_29-02-24-768x202.jpeg 768w, https:\/\/sites.uel.br\/ninter\/wp-content\/uploads\/2025\/10\/Captura_Podcast_29-02-24.jpeg 1454w\" sizes=\"auto, (max-width: 1024px) 100vw, 1024px\" \/><\/figure>\n\n\n\n<figure class=\"wp-block-gallery has-nested-images columns-default is-cropped wp-block-gallery-10 is-layout-flex wp-block-gallery-is-layout-flex\">\n<figure class=\"wp-block-image size-large\"><img loading=\"lazy\" decoding=\"async\" width=\"1024\" height=\"270\" data-id=\"436\" src=\"https:\/\/sites.uel.br\/ninter\/wp-content\/uploads\/2025\/10\/Captura_NINTER_no_Consemma_26-02-24-1024x270.jpeg\" alt=\"\" class=\"wp-image-436\" srcset=\"https:\/\/sites.uel.br\/ninter\/wp-content\/uploads\/2025\/10\/Captura_NINTER_no_Consemma_26-02-24-1024x270.jpeg 1024w, https:\/\/sites.uel.br\/ninter\/wp-content\/uploads\/2025\/10\/Captura_NINTER_no_Consemma_26-02-24-300x79.jpeg 300w, https:\/\/sites.uel.br\/ninter\/wp-content\/uploads\/2025\/10\/Captura_NINTER_no_Consemma_26-02-24-768x202.jpeg 768w, https:\/\/sites.uel.br\/ninter\/wp-content\/uploads\/2025\/10\/Captura_NINTER_no_Consemma_26-02-24.jpeg 1453w\" sizes=\"auto, (max-width: 1024px) 100vw, 1024px\" \/><\/figure>\n<\/figure>\n\n\n\n<figure class=\"wp-block-image size-large is-resized\"><img loading=\"lazy\" decoding=\"async\" width=\"1024\" height=\"267\" src=\"https:\/\/sites.uel.br\/ninter\/wp-content\/uploads\/2025\/10\/Capturar_Protocolo_Carta_Aberta_21-02-24-1024x267.jpeg\" alt=\"\" class=\"wp-image-437\" style=\"width:1062px;height:auto\" srcset=\"https:\/\/sites.uel.br\/ninter\/wp-content\/uploads\/2025\/10\/Capturar_Protocolo_Carta_Aberta_21-02-24-1024x267.jpeg 1024w, https:\/\/sites.uel.br\/ninter\/wp-content\/uploads\/2025\/10\/Capturar_Protocolo_Carta_Aberta_21-02-24-300x78.jpeg 300w, https:\/\/sites.uel.br\/ninter\/wp-content\/uploads\/2025\/10\/Capturar_Protocolo_Carta_Aberta_21-02-24-768x201.jpeg 768w, https:\/\/sites.uel.br\/ninter\/wp-content\/uploads\/2025\/10\/Capturar_Protocolo_Carta_Aberta_21-02-24.jpeg 1459w\" sizes=\"auto, (max-width: 1024px) 100vw, 1024px\" \/><\/figure>\n\n\n\n<figure class=\"wp-block-image size-large is-resized\"><img loading=\"lazy\" decoding=\"async\" width=\"1024\" height=\"270\" src=\"https:\/\/sites.uel.br\/ninter\/wp-content\/uploads\/2025\/10\/Capturar_Apoio_ao_Desplastifica_UEL_19-02-24-1024x270.jpeg\" alt=\"\" class=\"wp-image-438\" style=\"width:1062px;height:auto\" srcset=\"https:\/\/sites.uel.br\/ninter\/wp-content\/uploads\/2025\/10\/Capturar_Apoio_ao_Desplastifica_UEL_19-02-24-1024x270.jpeg 1024w, https:\/\/sites.uel.br\/ninter\/wp-content\/uploads\/2025\/10\/Capturar_Apoio_ao_Desplastifica_UEL_19-02-24-300x79.jpeg 300w, https:\/\/sites.uel.br\/ninter\/wp-content\/uploads\/2025\/10\/Capturar_Apoio_ao_Desplastifica_UEL_19-02-24-768x202.jpeg 768w, https:\/\/sites.uel.br\/ninter\/wp-content\/uploads\/2025\/10\/Capturar_Apoio_ao_Desplastifica_UEL_19-02-24.jpeg 1455w\" sizes=\"auto, (max-width: 1024px) 100vw, 1024px\" \/><\/figure>\n\n\n\n<figure class=\"wp-block-gallery has-nested-images columns-default is-cropped wp-block-gallery-11 is-layout-flex wp-block-gallery-is-layout-flex\">\n<figure class=\"wp-block-image size-large\"><img loading=\"lazy\" decoding=\"async\" width=\"1024\" height=\"269\" data-id=\"439\" src=\"https:\/\/sites.uel.br\/ninter\/wp-content\/uploads\/2025\/10\/Capturar_ReuniApoundo_OrdinAiexclria_15-02-24-1024x269.jpeg\" alt=\"\" class=\"wp-image-439\" srcset=\"https:\/\/sites.uel.br\/ninter\/wp-content\/uploads\/2025\/10\/Capturar_ReuniApoundo_OrdinAiexclria_15-02-24-1024x269.jpeg 1024w, https:\/\/sites.uel.br\/ninter\/wp-content\/uploads\/2025\/10\/Capturar_ReuniApoundo_OrdinAiexclria_15-02-24-300x79.jpeg 300w, https:\/\/sites.uel.br\/ninter\/wp-content\/uploads\/2025\/10\/Capturar_ReuniApoundo_OrdinAiexclria_15-02-24-768x202.jpeg 768w, https:\/\/sites.uel.br\/ninter\/wp-content\/uploads\/2025\/10\/Capturar_ReuniApoundo_OrdinAiexclria_15-02-24.jpeg 1453w\" sizes=\"auto, (max-width: 1024px) 100vw, 1024px\" \/><\/figure>\n<\/figure>\n\n\n\n<figure class=\"wp-block-image size-large is-resized\"><img loading=\"lazy\" decoding=\"async\" width=\"1024\" height=\"267\" src=\"https:\/\/sites.uel.br\/ninter\/wp-content\/uploads\/2025\/10\/Captura_Reportgens_de_TV_30-01-24-1024x267.jpeg\" alt=\"\" class=\"wp-image-440\" style=\"width:1062px;height:auto\" srcset=\"https:\/\/sites.uel.br\/ninter\/wp-content\/uploads\/2025\/10\/Captura_Reportgens_de_TV_30-01-24-1024x267.jpeg 1024w, https:\/\/sites.uel.br\/ninter\/wp-content\/uploads\/2025\/10\/Captura_Reportgens_de_TV_30-01-24-300x78.jpeg 300w, https:\/\/sites.uel.br\/ninter\/wp-content\/uploads\/2025\/10\/Captura_Reportgens_de_TV_30-01-24-768x200.jpeg 768w, https:\/\/sites.uel.br\/ninter\/wp-content\/uploads\/2025\/10\/Captura_Reportgens_de_TV_30-01-24.jpeg 1456w\" sizes=\"auto, (max-width: 1024px) 100vw, 1024px\" \/><\/figure>\n\n\n\n<p><\/p>\n<\/details>\n\n\n\n<details class=\"wp-block-details is-layout-flow wp-block-details-is-layout-flow\"><summary>2023<\/summary>\n<figure class=\"wp-block-gallery has-nested-images columns-default is-cropped wp-block-gallery-12 is-layout-flex wp-block-gallery-is-layout-flex\">\n<figure class=\"wp-block-image size-large\"><img loading=\"lazy\" decoding=\"async\" width=\"1024\" height=\"270\" data-id=\"441\" src=\"https:\/\/sites.uel.br\/ninter\/wp-content\/uploads\/2025\/10\/Captura_-_NINTER_propoe_carta-1024x270.jpeg\" alt=\"\" class=\"wp-image-441\" srcset=\"https:\/\/sites.uel.br\/ninter\/wp-content\/uploads\/2025\/10\/Captura_-_NINTER_propoe_carta-1024x270.jpeg 1024w, https:\/\/sites.uel.br\/ninter\/wp-content\/uploads\/2025\/10\/Captura_-_NINTER_propoe_carta-300x79.jpeg 300w, https:\/\/sites.uel.br\/ninter\/wp-content\/uploads\/2025\/10\/Captura_-_NINTER_propoe_carta-768x203.jpeg 768w, https:\/\/sites.uel.br\/ninter\/wp-content\/uploads\/2025\/10\/Captura_-_NINTER_propoe_carta.jpeg 1460w\" sizes=\"auto, (max-width: 1024px) 100vw, 1024px\" \/><\/figure>\n<\/figure>\n\n\n\n<figure class=\"wp-block-image size-large is-resized\"><img loading=\"lazy\" decoding=\"async\" width=\"1024\" height=\"267\" src=\"https:\/\/sites.uel.br\/ninter\/wp-content\/uploads\/2025\/10\/Capturar_-_ApresentaAsectApoundo_de_artigo_ENGEMA-1024x267.jpeg\" alt=\"\" class=\"wp-image-442\" style=\"width:1062px;height:auto\" srcset=\"https:\/\/sites.uel.br\/ninter\/wp-content\/uploads\/2025\/10\/Capturar_-_ApresentaAsectApoundo_de_artigo_ENGEMA-1024x267.jpeg 1024w, https:\/\/sites.uel.br\/ninter\/wp-content\/uploads\/2025\/10\/Capturar_-_ApresentaAsectApoundo_de_artigo_ENGEMA-300x78.jpeg 300w, https:\/\/sites.uel.br\/ninter\/wp-content\/uploads\/2025\/10\/Capturar_-_ApresentaAsectApoundo_de_artigo_ENGEMA-768x201.jpeg 768w, https:\/\/sites.uel.br\/ninter\/wp-content\/uploads\/2025\/10\/Capturar_-_ApresentaAsectApoundo_de_artigo_ENGEMA.jpeg 1455w\" sizes=\"auto, (max-width: 1024px) 100vw, 1024px\" \/><\/figure>\n\n\n\n<figure class=\"wp-block-gallery has-nested-images columns-default is-cropped wp-block-gallery-13 is-layout-flex wp-block-gallery-is-layout-flex\">\n<figure class=\"wp-block-image size-large\"><img loading=\"lazy\" decoding=\"async\" width=\"1024\" height=\"267\" data-id=\"443\" src=\"https:\/\/sites.uel.br\/ninter\/wp-content\/uploads\/2025\/10\/Capturar_-_ApresentaAsectApoundo_do_Projeto_3s-1024x267.jpeg\" alt=\"\" class=\"wp-image-443\" srcset=\"https:\/\/sites.uel.br\/ninter\/wp-content\/uploads\/2025\/10\/Capturar_-_ApresentaAsectApoundo_do_Projeto_3s-1024x267.jpeg 1024w, https:\/\/sites.uel.br\/ninter\/wp-content\/uploads\/2025\/10\/Capturar_-_ApresentaAsectApoundo_do_Projeto_3s-300x78.jpeg 300w, https:\/\/sites.uel.br\/ninter\/wp-content\/uploads\/2025\/10\/Capturar_-_ApresentaAsectApoundo_do_Projeto_3s-768x200.jpeg 768w, https:\/\/sites.uel.br\/ninter\/wp-content\/uploads\/2025\/10\/Capturar_-_ApresentaAsectApoundo_do_Projeto_3s.jpeg 1457w\" sizes=\"auto, (max-width: 1024px) 100vw, 1024px\" \/><\/figure>\n<\/figure>\n\n\n\n<figure class=\"wp-block-image size-large is-resized\"><img loading=\"lazy\" decoding=\"async\" width=\"1024\" height=\"270\" src=\"https:\/\/sites.uel.br\/ninter\/wp-content\/uploads\/2025\/10\/Capturar_NINTER_ParticipaAsectApoundo_Forum_ANPEA_nov23-1024x270.jpeg\" alt=\"\" class=\"wp-image-444\" style=\"width:1062px;height:auto\" srcset=\"https:\/\/sites.uel.br\/ninter\/wp-content\/uploads\/2025\/10\/Capturar_NINTER_ParticipaAsectApoundo_Forum_ANPEA_nov23-1024x270.jpeg 1024w, https:\/\/sites.uel.br\/ninter\/wp-content\/uploads\/2025\/10\/Capturar_NINTER_ParticipaAsectApoundo_Forum_ANPEA_nov23-300x79.jpeg 300w, https:\/\/sites.uel.br\/ninter\/wp-content\/uploads\/2025\/10\/Capturar_NINTER_ParticipaAsectApoundo_Forum_ANPEA_nov23-768x202.jpeg 768w, https:\/\/sites.uel.br\/ninter\/wp-content\/uploads\/2025\/10\/Capturar_NINTER_ParticipaAsectApoundo_Forum_ANPEA_nov23.jpeg 1459w\" sizes=\"auto, (max-width: 1024px) 100vw, 1024px\" \/><\/figure>\n\n\n\n<figure class=\"wp-block-gallery has-nested-images columns-default is-cropped wp-block-gallery-14 is-layout-flex wp-block-gallery-is-layout-flex\">\n<figure class=\"wp-block-image size-large\"><img loading=\"lazy\" decoding=\"async\" width=\"1024\" height=\"272\" data-id=\"445\" src=\"https:\/\/sites.uel.br\/ninter\/wp-content\/uploads\/2025\/10\/Capturar_NINTER_AEX-1024x272.jpeg\" alt=\"\" class=\"wp-image-445\" srcset=\"https:\/\/sites.uel.br\/ninter\/wp-content\/uploads\/2025\/10\/Capturar_NINTER_AEX-1024x272.jpeg 1024w, https:\/\/sites.uel.br\/ninter\/wp-content\/uploads\/2025\/10\/Capturar_NINTER_AEX-300x80.jpeg 300w, https:\/\/sites.uel.br\/ninter\/wp-content\/uploads\/2025\/10\/Capturar_NINTER_AEX-768x204.jpeg 768w, https:\/\/sites.uel.br\/ninter\/wp-content\/uploads\/2025\/10\/Capturar_NINTER_AEX.jpeg 1467w\" sizes=\"auto, (max-width: 1024px) 100vw, 1024px\" \/><\/figure>\n<\/figure>\n\n\n\n<figure class=\"wp-block-image size-large is-resized\"><img loading=\"lazy\" decoding=\"async\" width=\"1024\" height=\"267\" src=\"https:\/\/sites.uel.br\/ninter\/wp-content\/uploads\/2025\/10\/Capturar_-_GT_MPPR-1024x267.jpeg\" alt=\"\" class=\"wp-image-446\" style=\"width:1062px;height:auto\" srcset=\"https:\/\/sites.uel.br\/ninter\/wp-content\/uploads\/2025\/10\/Capturar_-_GT_MPPR-1024x267.jpeg 1024w, https:\/\/sites.uel.br\/ninter\/wp-content\/uploads\/2025\/10\/Capturar_-_GT_MPPR-300x78.jpeg 300w, https:\/\/sites.uel.br\/ninter\/wp-content\/uploads\/2025\/10\/Capturar_-_GT_MPPR-768x200.jpeg 768w, https:\/\/sites.uel.br\/ninter\/wp-content\/uploads\/2025\/10\/Capturar_-_GT_MPPR-1536x400.jpeg 1536w, https:\/\/sites.uel.br\/ninter\/wp-content\/uploads\/2025\/10\/Capturar_-_GT_MPPR.jpeg 1605w\" sizes=\"auto, (max-width: 1024px) 100vw, 1024px\" \/><\/figure>\n\n\n\n<figure class=\"wp-block-gallery has-nested-images columns-default is-cropped wp-block-gallery-15 is-layout-flex wp-block-gallery-is-layout-flex\">\n<figure class=\"wp-block-image size-large\"><img loading=\"lazy\" decoding=\"async\" width=\"1024\" height=\"270\" data-id=\"447\" src=\"https:\/\/sites.uel.br\/ninter\/wp-content\/uploads\/2025\/10\/Capturar_-_PublicaAsectApoundo_de_artigo_NINTER-1024x270.jpeg\" alt=\"\" class=\"wp-image-447\" srcset=\"https:\/\/sites.uel.br\/ninter\/wp-content\/uploads\/2025\/10\/Capturar_-_PublicaAsectApoundo_de_artigo_NINTER-1024x270.jpeg 1024w, https:\/\/sites.uel.br\/ninter\/wp-content\/uploads\/2025\/10\/Capturar_-_PublicaAsectApoundo_de_artigo_NINTER-300x79.jpeg 300w, https:\/\/sites.uel.br\/ninter\/wp-content\/uploads\/2025\/10\/Capturar_-_PublicaAsectApoundo_de_artigo_NINTER-768x202.jpeg 768w, https:\/\/sites.uel.br\/ninter\/wp-content\/uploads\/2025\/10\/Capturar_-_PublicaAsectApoundo_de_artigo_NINTER.jpeg 1455w\" sizes=\"auto, (max-width: 1024px) 100vw, 1024px\" \/><\/figure>\n<\/figure>\n\n\n\n<figure class=\"wp-block-image size-large is-resized\"><img loading=\"lazy\" decoding=\"async\" width=\"1024\" height=\"267\" src=\"https:\/\/sites.uel.br\/ninter\/wp-content\/uploads\/2025\/10\/Capturar_-_Novas_construAsectAmicroes_projeto_NINTER-1024x267.jpeg\" alt=\"\" class=\"wp-image-448\" style=\"width:1062px;height:auto\" srcset=\"https:\/\/sites.uel.br\/ninter\/wp-content\/uploads\/2025\/10\/Capturar_-_Novas_construAsectAmicroes_projeto_NINTER-1024x267.jpeg 1024w, https:\/\/sites.uel.br\/ninter\/wp-content\/uploads\/2025\/10\/Capturar_-_Novas_construAsectAmicroes_projeto_NINTER-300x78.jpeg 300w, https:\/\/sites.uel.br\/ninter\/wp-content\/uploads\/2025\/10\/Capturar_-_Novas_construAsectAmicroes_projeto_NINTER-768x200.jpeg 768w, https:\/\/sites.uel.br\/ninter\/wp-content\/uploads\/2025\/10\/Capturar_-_Novas_construAsectAmicroes_projeto_NINTER.jpeg 1452w\" sizes=\"auto, (max-width: 1024px) 100vw, 1024px\" \/><\/figure>\n\n\n\n<figure class=\"wp-block-gallery has-nested-images columns-default is-cropped wp-block-gallery-16 is-layout-flex wp-block-gallery-is-layout-flex\">\n<figure class=\"wp-block-image size-large\"><img loading=\"lazy\" decoding=\"async\" width=\"1024\" height=\"269\" data-id=\"449\" src=\"https:\/\/sites.uel.br\/ninter\/wp-content\/uploads\/2025\/10\/Capturar_-_visita_a_cooperativa-1024x269.jpeg\" alt=\"\" class=\"wp-image-449\" srcset=\"https:\/\/sites.uel.br\/ninter\/wp-content\/uploads\/2025\/10\/Capturar_-_visita_a_cooperativa-1024x269.jpeg 1024w, https:\/\/sites.uel.br\/ninter\/wp-content\/uploads\/2025\/10\/Capturar_-_visita_a_cooperativa-300x79.jpeg 300w, https:\/\/sites.uel.br\/ninter\/wp-content\/uploads\/2025\/10\/Capturar_-_visita_a_cooperativa-768x201.jpeg 768w, https:\/\/sites.uel.br\/ninter\/wp-content\/uploads\/2025\/10\/Capturar_-_visita_a_cooperativa.jpeg 1460w\" sizes=\"auto, (max-width: 1024px) 100vw, 1024px\" \/><\/figure>\n<\/figure>\n\n\n\n<figure class=\"wp-block-image size-large is-resized\"><img loading=\"lazy\" decoding=\"async\" width=\"1024\" height=\"271\" src=\"https:\/\/sites.uel.br\/ninter\/wp-content\/uploads\/2025\/10\/Capturar_-_Miguel_set23-1024x271.jpeg\" alt=\"\" class=\"wp-image-450\" style=\"width:1062px;height:auto\" srcset=\"https:\/\/sites.uel.br\/ninter\/wp-content\/uploads\/2025\/10\/Capturar_-_Miguel_set23-1024x271.jpeg 1024w, https:\/\/sites.uel.br\/ninter\/wp-content\/uploads\/2025\/10\/Capturar_-_Miguel_set23-300x80.jpeg 300w, https:\/\/sites.uel.br\/ninter\/wp-content\/uploads\/2025\/10\/Capturar_-_Miguel_set23-768x204.jpeg 768w, https:\/\/sites.uel.br\/ninter\/wp-content\/uploads\/2025\/10\/Capturar_-_Miguel_set23.jpeg 1460w\" sizes=\"auto, (max-width: 1024px) 100vw, 1024px\" \/><\/figure>\n\n\n\n<figure class=\"wp-block-gallery has-nested-images columns-default is-cropped wp-block-gallery-17 is-layout-flex wp-block-gallery-is-layout-flex\">\n<figure class=\"wp-block-image size-large\"><img loading=\"lazy\" decoding=\"async\" width=\"1024\" height=\"269\" data-id=\"451\" src=\"https:\/\/sites.uel.br\/ninter\/wp-content\/uploads\/2025\/10\/Captura_BRT_ganha_premiaAsectApoundo_30-08-23-1024x269.jpeg\" alt=\"\" class=\"wp-image-451\" srcset=\"https:\/\/sites.uel.br\/ninter\/wp-content\/uploads\/2025\/10\/Captura_BRT_ganha_premiaAsectApoundo_30-08-23-1024x269.jpeg 1024w, https:\/\/sites.uel.br\/ninter\/wp-content\/uploads\/2025\/10\/Captura_BRT_ganha_premiaAsectApoundo_30-08-23-300x79.jpeg 300w, https:\/\/sites.uel.br\/ninter\/wp-content\/uploads\/2025\/10\/Captura_BRT_ganha_premiaAsectApoundo_30-08-23-768x202.jpeg 768w, https:\/\/sites.uel.br\/ninter\/wp-content\/uploads\/2025\/10\/Captura_BRT_ganha_premiaAsectApoundo_30-08-23.jpeg 1456w\" sizes=\"auto, (max-width: 1024px) 100vw, 1024px\" \/><\/figure>\n<\/figure>\n\n\n\n<figure class=\"wp-block-image size-large is-resized\"><img loading=\"lazy\" decoding=\"async\" width=\"1024\" height=\"268\" src=\"https:\/\/sites.uel.br\/ninter\/wp-content\/uploads\/2025\/10\/Captura__NINTER_contribui_com_audiAordfncia_pAordmblica_25-08-23-1024x268.jpeg\" alt=\"\" class=\"wp-image-452\" style=\"width:1062px;height:auto\" srcset=\"https:\/\/sites.uel.br\/ninter\/wp-content\/uploads\/2025\/10\/Captura__NINTER_contribui_com_audiAordfncia_pAordmblica_25-08-23-1024x268.jpeg 1024w, https:\/\/sites.uel.br\/ninter\/wp-content\/uploads\/2025\/10\/Captura__NINTER_contribui_com_audiAordfncia_pAordmblica_25-08-23-300x78.jpeg 300w, https:\/\/sites.uel.br\/ninter\/wp-content\/uploads\/2025\/10\/Captura__NINTER_contribui_com_audiAordfncia_pAordmblica_25-08-23-768x201.jpeg 768w, https:\/\/sites.uel.br\/ninter\/wp-content\/uploads\/2025\/10\/Captura__NINTER_contribui_com_audiAordfncia_pAordmblica_25-08-23.jpeg 1454w\" sizes=\"auto, (max-width: 1024px) 100vw, 1024px\" \/><\/figure>\n\n\n\n<figure class=\"wp-block-image size-large is-resized\"><img loading=\"lazy\" decoding=\"async\" width=\"1024\" height=\"270\" src=\"https:\/\/sites.uel.br\/ninter\/wp-content\/uploads\/2025\/10\/Captura_Novos_projetos_do_NINTER_25-08-23-1024x270.jpeg\" alt=\"\" class=\"wp-image-453\" style=\"width:1062px;height:auto\" srcset=\"https:\/\/sites.uel.br\/ninter\/wp-content\/uploads\/2025\/10\/Captura_Novos_projetos_do_NINTER_25-08-23-1024x270.jpeg 1024w, https:\/\/sites.uel.br\/ninter\/wp-content\/uploads\/2025\/10\/Captura_Novos_projetos_do_NINTER_25-08-23-300x79.jpeg 300w, https:\/\/sites.uel.br\/ninter\/wp-content\/uploads\/2025\/10\/Captura_Novos_projetos_do_NINTER_25-08-23-768x202.jpeg 768w, https:\/\/sites.uel.br\/ninter\/wp-content\/uploads\/2025\/10\/Captura_Novos_projetos_do_NINTER_25-08-23.jpeg 1458w\" sizes=\"auto, (max-width: 1024px) 100vw, 1024px\" \/><\/figure>\n\n\n\n<figure class=\"wp-block-gallery has-nested-images columns-default is-cropped wp-block-gallery-18 is-layout-flex wp-block-gallery-is-layout-flex\">\n<figure class=\"wp-block-image size-large\"><img loading=\"lazy\" decoding=\"async\" width=\"1024\" height=\"271\" data-id=\"454\" src=\"https:\/\/sites.uel.br\/ninter\/wp-content\/uploads\/2025\/10\/Captura_-_Folha_21_abril-1024x271.jpeg\" alt=\"\" class=\"wp-image-454\" srcset=\"https:\/\/sites.uel.br\/ninter\/wp-content\/uploads\/2025\/10\/Captura_-_Folha_21_abril-1024x271.jpeg 1024w, https:\/\/sites.uel.br\/ninter\/wp-content\/uploads\/2025\/10\/Captura_-_Folha_21_abril-300x79.jpeg 300w, https:\/\/sites.uel.br\/ninter\/wp-content\/uploads\/2025\/10\/Captura_-_Folha_21_abril-768x203.jpeg 768w, https:\/\/sites.uel.br\/ninter\/wp-content\/uploads\/2025\/10\/Captura_-_Folha_21_abril-1536x406.jpeg 1536w, https:\/\/sites.uel.br\/ninter\/wp-content\/uploads\/2025\/10\/Captura_-_Folha_21_abril.jpeg 1540w\" sizes=\"auto, (max-width: 1024px) 100vw, 1024px\" \/><\/figure>\n<\/figure>\n\n\n\n<figure class=\"wp-block-image size-large is-resized\"><img loading=\"lazy\" decoding=\"async\" width=\"1024\" height=\"268\" src=\"https:\/\/sites.uel.br\/ninter\/wp-content\/uploads\/2025\/10\/Captura_-_ReuniApoundo_ObservatAsup3rio_abr23-1024x268.jpeg\" alt=\"\" class=\"wp-image-455\" style=\"width:1062px;height:auto\" srcset=\"https:\/\/sites.uel.br\/ninter\/wp-content\/uploads\/2025\/10\/Captura_-_ReuniApoundo_ObservatAsup3rio_abr23-1024x268.jpeg 1024w, https:\/\/sites.uel.br\/ninter\/wp-content\/uploads\/2025\/10\/Captura_-_ReuniApoundo_ObservatAsup3rio_abr23-300x78.jpeg 300w, https:\/\/sites.uel.br\/ninter\/wp-content\/uploads\/2025\/10\/Captura_-_ReuniApoundo_ObservatAsup3rio_abr23-768x201.jpeg 768w, https:\/\/sites.uel.br\/ninter\/wp-content\/uploads\/2025\/10\/Captura_-_ReuniApoundo_ObservatAsup3rio_abr23-1536x402.jpeg 1536w, https:\/\/sites.uel.br\/ninter\/wp-content\/uploads\/2025\/10\/Captura_-_ReuniApoundo_ObservatAsup3rio_abr23.jpeg 1544w\" sizes=\"auto, (max-width: 1024px) 100vw, 1024px\" \/><\/figure>\n\n\n\n<figure class=\"wp-block-image size-large is-resized\"><img loading=\"lazy\" decoding=\"async\" width=\"1024\" height=\"267\" src=\"https:\/\/sites.uel.br\/ninter\/wp-content\/uploads\/2025\/10\/Capturar_-_TransferAordfncia_startup_mar23-1024x267.jpeg\" alt=\"\" class=\"wp-image-456\" style=\"width:1062px;height:auto\" srcset=\"https:\/\/sites.uel.br\/ninter\/wp-content\/uploads\/2025\/10\/Capturar_-_TransferAordfncia_startup_mar23-1024x267.jpeg 1024w, https:\/\/sites.uel.br\/ninter\/wp-content\/uploads\/2025\/10\/Capturar_-_TransferAordfncia_startup_mar23-300x78.jpeg 300w, https:\/\/sites.uel.br\/ninter\/wp-content\/uploads\/2025\/10\/Capturar_-_TransferAordfncia_startup_mar23-768x200.jpeg 768w, https:\/\/sites.uel.br\/ninter\/wp-content\/uploads\/2025\/10\/Capturar_-_TransferAordfncia_startup_mar23.jpeg 1170w\" sizes=\"auto, (max-width: 1024px) 100vw, 1024px\" \/><\/figure>\n\n\n\n<figure class=\"wp-block-gallery has-nested-images columns-default is-cropped wp-block-gallery-19 is-layout-flex wp-block-gallery-is-layout-flex\">\n<figure class=\"wp-block-image size-large\"><img loading=\"lazy\" decoding=\"async\" width=\"1024\" height=\"270\" data-id=\"457\" src=\"https:\/\/sites.uel.br\/ninter\/wp-content\/uploads\/2025\/10\/Capturar_-_Deputado_Goura_24-03-23-1024x270.jpeg\" alt=\"\" class=\"wp-image-457\" srcset=\"https:\/\/sites.uel.br\/ninter\/wp-content\/uploads\/2025\/10\/Capturar_-_Deputado_Goura_24-03-23-1024x270.jpeg 1024w, https:\/\/sites.uel.br\/ninter\/wp-content\/uploads\/2025\/10\/Capturar_-_Deputado_Goura_24-03-23-300x79.jpeg 300w, https:\/\/sites.uel.br\/ninter\/wp-content\/uploads\/2025\/10\/Capturar_-_Deputado_Goura_24-03-23-768x202.jpeg 768w, https:\/\/sites.uel.br\/ninter\/wp-content\/uploads\/2025\/10\/Capturar_-_Deputado_Goura_24-03-23.jpeg 1401w\" sizes=\"auto, (max-width: 1024px) 100vw, 1024px\" \/><\/figure>\n<\/figure>\n\n\n\n<figure class=\"wp-block-image size-large is-resized\"><img loading=\"lazy\" decoding=\"async\" width=\"1024\" height=\"268\" src=\"https:\/\/sites.uel.br\/ninter\/wp-content\/uploads\/2025\/10\/Capturar_-_ReuniApoundo_com_CAOP_MPPR_17-03-23-1024x268.jpeg\" alt=\"\" class=\"wp-image-458\" style=\"width:1062px;height:auto\" srcset=\"https:\/\/sites.uel.br\/ninter\/wp-content\/uploads\/2025\/10\/Capturar_-_ReuniApoundo_com_CAOP_MPPR_17-03-23-1024x268.jpeg 1024w, https:\/\/sites.uel.br\/ninter\/wp-content\/uploads\/2025\/10\/Capturar_-_ReuniApoundo_com_CAOP_MPPR_17-03-23-300x79.jpeg 300w, https:\/\/sites.uel.br\/ninter\/wp-content\/uploads\/2025\/10\/Capturar_-_ReuniApoundo_com_CAOP_MPPR_17-03-23-768x201.jpeg 768w, https:\/\/sites.uel.br\/ninter\/wp-content\/uploads\/2025\/10\/Capturar_-_ReuniApoundo_com_CAOP_MPPR_17-03-23.jpeg 1401w\" sizes=\"auto, (max-width: 1024px) 100vw, 1024px\" \/><\/figure>\n\n\n\n<figure class=\"wp-block-image size-large is-resized\"><img loading=\"lazy\" decoding=\"async\" width=\"1024\" height=\"271\" src=\"https:\/\/sites.uel.br\/ninter\/wp-content\/uploads\/2025\/10\/Capturar_-_Bazar_SolidAiexclrio_31-01-1024x271.jpeg\" alt=\"\" class=\"wp-image-459\" style=\"width:1062px;height:auto\" srcset=\"https:\/\/sites.uel.br\/ninter\/wp-content\/uploads\/2025\/10\/Capturar_-_Bazar_SolidAiexclrio_31-01-1024x271.jpeg 1024w, https:\/\/sites.uel.br\/ninter\/wp-content\/uploads\/2025\/10\/Capturar_-_Bazar_SolidAiexclrio_31-01-300x79.jpeg 300w, https:\/\/sites.uel.br\/ninter\/wp-content\/uploads\/2025\/10\/Capturar_-_Bazar_SolidAiexclrio_31-01-768x203.jpeg 768w, https:\/\/sites.uel.br\/ninter\/wp-content\/uploads\/2025\/10\/Capturar_-_Bazar_SolidAiexclrio_31-01-1536x407.jpeg 1536w, https:\/\/sites.uel.br\/ninter\/wp-content\/uploads\/2025\/10\/Capturar_-_Bazar_SolidAiexclrio_31-01.jpeg 1635w\" sizes=\"auto, (max-width: 1024px) 100vw, 1024px\" \/><\/figure>\n\n\n\n<p><\/p>\n<\/details>\n\n\n\n<details class=\"wp-block-details is-layout-flow wp-block-details-is-layout-flow\"><summary>2022<\/summary>\n<figure class=\"wp-block-image size-large is-resized\"><img loading=\"lazy\" decoding=\"async\" width=\"1024\" height=\"269\" src=\"https:\/\/sites.uel.br\/ninter\/wp-content\/uploads\/2025\/10\/Capturar_-_Livro_USO_15-12-1024x269.jpeg\" alt=\"\" class=\"wp-image-460\" style=\"width:1062px;height:auto\" srcset=\"https:\/\/sites.uel.br\/ninter\/wp-content\/uploads\/2025\/10\/Capturar_-_Livro_USO_15-12-1024x269.jpeg 1024w, https:\/\/sites.uel.br\/ninter\/wp-content\/uploads\/2025\/10\/Capturar_-_Livro_USO_15-12-300x79.jpeg 300w, https:\/\/sites.uel.br\/ninter\/wp-content\/uploads\/2025\/10\/Capturar_-_Livro_USO_15-12-768x201.jpeg 768w, https:\/\/sites.uel.br\/ninter\/wp-content\/uploads\/2025\/10\/Capturar_-_Livro_USO_15-12-1536x403.jpeg 1536w, https:\/\/sites.uel.br\/ninter\/wp-content\/uploads\/2025\/10\/Capturar_-_Livro_USO_15-12.jpeg 1636w\" sizes=\"auto, (max-width: 1024px) 100vw, 1024px\" \/><\/figure>\n\n\n\n<figure class=\"wp-block-gallery has-nested-images columns-default is-cropped wp-block-gallery-20 is-layout-flex wp-block-gallery-is-layout-flex\">\n<figure class=\"wp-block-image size-large\"><img loading=\"lazy\" decoding=\"async\" width=\"1024\" height=\"269\" data-id=\"461\" src=\"https:\/\/sites.uel.br\/ninter\/wp-content\/uploads\/2025\/10\/Capturar_-_lonart_08-12-1024x269.jpeg\" alt=\"\" class=\"wp-image-461\" srcset=\"https:\/\/sites.uel.br\/ninter\/wp-content\/uploads\/2025\/10\/Capturar_-_lonart_08-12-1024x269.jpeg 1024w, https:\/\/sites.uel.br\/ninter\/wp-content\/uploads\/2025\/10\/Capturar_-_lonart_08-12-300x79.jpeg 300w, https:\/\/sites.uel.br\/ninter\/wp-content\/uploads\/2025\/10\/Capturar_-_lonart_08-12-768x202.jpeg 768w, https:\/\/sites.uel.br\/ninter\/wp-content\/uploads\/2025\/10\/Capturar_-_lonart_08-12-1536x404.jpeg 1536w, https:\/\/sites.uel.br\/ninter\/wp-content\/uploads\/2025\/10\/Capturar_-_lonart_08-12.jpeg 1635w\" sizes=\"auto, (max-width: 1024px) 100vw, 1024px\" \/><\/figure>\n<\/figure>\n\n\n\n<figure class=\"wp-block-image size-large is-resized\"><img loading=\"lazy\" decoding=\"async\" width=\"1024\" height=\"269\" src=\"https:\/\/sites.uel.br\/ninter\/wp-content\/uploads\/2025\/10\/Capturar_-_PrAordfmio_BRT_30-11-1024x269.jpeg\" alt=\"\" class=\"wp-image-462\" style=\"width:1062px;height:auto\" srcset=\"https:\/\/sites.uel.br\/ninter\/wp-content\/uploads\/2025\/10\/Capturar_-_PrAordfmio_BRT_30-11-1024x269.jpeg 1024w, https:\/\/sites.uel.br\/ninter\/wp-content\/uploads\/2025\/10\/Capturar_-_PrAordfmio_BRT_30-11-300x79.jpeg 300w, https:\/\/sites.uel.br\/ninter\/wp-content\/uploads\/2025\/10\/Capturar_-_PrAordfmio_BRT_30-11-768x202.jpeg 768w, https:\/\/sites.uel.br\/ninter\/wp-content\/uploads\/2025\/10\/Capturar_-_PrAordfmio_BRT_30-11-1536x403.jpeg 1536w, https:\/\/sites.uel.br\/ninter\/wp-content\/uploads\/2025\/10\/Capturar_-_PrAordfmio_BRT_30-11.jpeg 1638w\" sizes=\"auto, (max-width: 1024px) 100vw, 1024px\" \/><\/figure>\n\n\n\n<figure class=\"wp-block-gallery has-nested-images columns-default is-cropped wp-block-gallery-21 is-layout-flex wp-block-gallery-is-layout-flex\">\n<figure class=\"wp-block-image size-large\"><img loading=\"lazy\" decoding=\"async\" width=\"1024\" height=\"309\" data-id=\"464\" src=\"https:\/\/sites.uel.br\/ninter\/wp-content\/uploads\/2025\/10\/Capturar_-_GT_MPPR_25-11-1024x309.jpeg\" alt=\"\" class=\"wp-image-464\" srcset=\"https:\/\/sites.uel.br\/ninter\/wp-content\/uploads\/2025\/10\/Capturar_-_GT_MPPR_25-11-1024x309.jpeg 1024w, https:\/\/sites.uel.br\/ninter\/wp-content\/uploads\/2025\/10\/Capturar_-_GT_MPPR_25-11-300x91.jpeg 300w, https:\/\/sites.uel.br\/ninter\/wp-content\/uploads\/2025\/10\/Capturar_-_GT_MPPR_25-11-768x232.jpeg 768w, https:\/\/sites.uel.br\/ninter\/wp-content\/uploads\/2025\/10\/Capturar_-_GT_MPPR_25-11-1536x464.jpeg 1536w, https:\/\/sites.uel.br\/ninter\/wp-content\/uploads\/2025\/10\/Capturar_-_GT_MPPR_25-11.jpeg 1636w\" sizes=\"auto, (max-width: 1024px) 100vw, 1024px\" \/><\/figure>\n<\/figure>\n\n\n\n<figure class=\"wp-block-image size-large is-resized\"><img loading=\"lazy\" decoding=\"async\" width=\"1024\" height=\"265\" src=\"https:\/\/sites.uel.br\/ninter\/wp-content\/uploads\/2025\/10\/Capturar_-_FOlha_04-11-1024x265.jpeg\" alt=\"\" class=\"wp-image-463\" style=\"width:1062px;height:auto\" srcset=\"https:\/\/sites.uel.br\/ninter\/wp-content\/uploads\/2025\/10\/Capturar_-_FOlha_04-11-1024x265.jpeg 1024w, https:\/\/sites.uel.br\/ninter\/wp-content\/uploads\/2025\/10\/Capturar_-_FOlha_04-11-300x78.jpeg 300w, https:\/\/sites.uel.br\/ninter\/wp-content\/uploads\/2025\/10\/Capturar_-_FOlha_04-11-768x199.jpeg 768w, https:\/\/sites.uel.br\/ninter\/wp-content\/uploads\/2025\/10\/Capturar_-_FOlha_04-11-1536x398.jpeg 1536w, https:\/\/sites.uel.br\/ninter\/wp-content\/uploads\/2025\/10\/Capturar_-_FOlha_04-11.jpeg 1637w\" sizes=\"auto, (max-width: 1024px) 100vw, 1024px\" \/><\/figure>\n\n\n\n<figure class=\"wp-block-gallery has-nested-images columns-default is-cropped wp-block-gallery-22 is-layout-flex wp-block-gallery-is-layout-flex\">\n<figure class=\"wp-block-image size-large\"><img loading=\"lazy\" decoding=\"async\" width=\"1024\" height=\"266\" data-id=\"465\" src=\"https:\/\/sites.uel.br\/ninter\/wp-content\/uploads\/2025\/10\/Capturar_-_SMS_17-10-1024x266.jpeg\" alt=\"\" class=\"wp-image-465\" srcset=\"https:\/\/sites.uel.br\/ninter\/wp-content\/uploads\/2025\/10\/Capturar_-_SMS_17-10-1024x266.jpeg 1024w, https:\/\/sites.uel.br\/ninter\/wp-content\/uploads\/2025\/10\/Capturar_-_SMS_17-10-300x78.jpeg 300w, https:\/\/sites.uel.br\/ninter\/wp-content\/uploads\/2025\/10\/Capturar_-_SMS_17-10-768x200.jpeg 768w, https:\/\/sites.uel.br\/ninter\/wp-content\/uploads\/2025\/10\/Capturar_-_SMS_17-10-1536x399.jpeg 1536w, https:\/\/sites.uel.br\/ninter\/wp-content\/uploads\/2025\/10\/Capturar_-_SMS_17-10.jpeg 1635w\" sizes=\"auto, (max-width: 1024px) 100vw, 1024px\" \/><\/figure>\n<\/figure>\n\n\n\n<figure class=\"wp-block-image size-large is-resized\"><img loading=\"lazy\" decoding=\"async\" width=\"1024\" height=\"267\" src=\"https:\/\/sites.uel.br\/ninter\/wp-content\/uploads\/2025\/10\/Capturar_-_FOlha_15-10-1024x267.jpeg\" alt=\"\" class=\"wp-image-466\" style=\"width:1062px;height:auto\" srcset=\"https:\/\/sites.uel.br\/ninter\/wp-content\/uploads\/2025\/10\/Capturar_-_FOlha_15-10-1024x267.jpeg 1024w, https:\/\/sites.uel.br\/ninter\/wp-content\/uploads\/2025\/10\/Capturar_-_FOlha_15-10-300x78.jpeg 300w, https:\/\/sites.uel.br\/ninter\/wp-content\/uploads\/2025\/10\/Capturar_-_FOlha_15-10-768x200.jpeg 768w, https:\/\/sites.uel.br\/ninter\/wp-content\/uploads\/2025\/10\/Capturar_-_FOlha_15-10-1536x400.jpeg 1536w, https:\/\/sites.uel.br\/ninter\/wp-content\/uploads\/2025\/10\/Capturar_-_FOlha_15-10.jpeg 1634w\" sizes=\"auto, (max-width: 1024px) 100vw, 1024px\" \/><\/figure>\n\n\n\n<figure class=\"wp-block-gallery has-nested-images columns-default is-cropped wp-block-gallery-23 is-layout-flex wp-block-gallery-is-layout-flex\">\n<figure class=\"wp-block-image size-large\"><img loading=\"lazy\" decoding=\"async\" width=\"1024\" height=\"352\" data-id=\"467\" src=\"https:\/\/sites.uel.br\/ninter\/wp-content\/uploads\/2025\/10\/Noticia-III-SIPR-04-10-1024x352.jpeg\" alt=\"\" class=\"wp-image-467\" srcset=\"https:\/\/sites.uel.br\/ninter\/wp-content\/uploads\/2025\/10\/Noticia-III-SIPR-04-10-1024x352.jpeg 1024w, https:\/\/sites.uel.br\/ninter\/wp-content\/uploads\/2025\/10\/Noticia-III-SIPR-04-10-300x103.jpeg 300w, https:\/\/sites.uel.br\/ninter\/wp-content\/uploads\/2025\/10\/Noticia-III-SIPR-04-10-768x264.jpeg 768w, https:\/\/sites.uel.br\/ninter\/wp-content\/uploads\/2025\/10\/Noticia-III-SIPR-04-10.jpeg 1172w\" sizes=\"auto, (max-width: 1024px) 100vw, 1024px\" \/><\/figure>\n<\/figure>\n\n\n\n<figure class=\"wp-block-image size-large is-resized\"><img loading=\"lazy\" decoding=\"async\" width=\"1024\" height=\"265\" src=\"https:\/\/sites.uel.br\/ninter\/wp-content\/uploads\/2025\/10\/Noticia-Reuniao-MP-29-09-1024x265.jpeg\" alt=\"\" class=\"wp-image-468\" style=\"width:1062px;height:auto\" srcset=\"https:\/\/sites.uel.br\/ninter\/wp-content\/uploads\/2025\/10\/Noticia-Reuniao-MP-29-09-1024x265.jpeg 1024w, https:\/\/sites.uel.br\/ninter\/wp-content\/uploads\/2025\/10\/Noticia-Reuniao-MP-29-09-300x78.jpeg 300w, https:\/\/sites.uel.br\/ninter\/wp-content\/uploads\/2025\/10\/Noticia-Reuniao-MP-29-09-768x199.jpeg 768w, https:\/\/sites.uel.br\/ninter\/wp-content\/uploads\/2025\/10\/Noticia-Reuniao-MP-29-09.jpeg 1169w\" sizes=\"auto, (max-width: 1024px) 100vw, 1024px\" \/><\/figure>\n\n\n\n<figure class=\"wp-block-gallery has-nested-images columns-default is-cropped wp-block-gallery-24 is-layout-flex wp-block-gallery-is-layout-flex\">\n<figure class=\"wp-block-image size-large\"><img loading=\"lazy\" decoding=\"async\" width=\"1024\" height=\"268\" data-id=\"469\" src=\"https:\/\/sites.uel.br\/ninter\/wp-content\/uploads\/2025\/10\/Noticia-Relatorio-23-10-1024x268.jpeg\" alt=\"\" class=\"wp-image-469\" srcset=\"https:\/\/sites.uel.br\/ninter\/wp-content\/uploads\/2025\/10\/Noticia-Relatorio-23-10-1024x268.jpeg 1024w, https:\/\/sites.uel.br\/ninter\/wp-content\/uploads\/2025\/10\/Noticia-Relatorio-23-10-300x79.jpeg 300w, https:\/\/sites.uel.br\/ninter\/wp-content\/uploads\/2025\/10\/Noticia-Relatorio-23-10-768x201.jpeg 768w, https:\/\/sites.uel.br\/ninter\/wp-content\/uploads\/2025\/10\/Noticia-Relatorio-23-10.jpeg 1168w\" sizes=\"auto, (max-width: 1024px) 100vw, 1024px\" \/><\/figure>\n<\/figure>\n\n\n\n<figure class=\"wp-block-image size-large is-resized\"><img loading=\"lazy\" decoding=\"async\" width=\"1024\" height=\"312\" src=\"https:\/\/sites.uel.br\/ninter\/wp-content\/uploads\/2025\/10\/Noticia-Analise-Implicacoes-08-09-1024x312.jpeg\" alt=\"\" class=\"wp-image-470\" style=\"width:1062px;height:auto\" srcset=\"https:\/\/sites.uel.br\/ninter\/wp-content\/uploads\/2025\/10\/Noticia-Analise-Implicacoes-08-09-1024x312.jpeg 1024w, https:\/\/sites.uel.br\/ninter\/wp-content\/uploads\/2025\/10\/Noticia-Analise-Implicacoes-08-09-300x91.jpeg 300w, https:\/\/sites.uel.br\/ninter\/wp-content\/uploads\/2025\/10\/Noticia-Analise-Implicacoes-08-09-768x234.jpeg 768w, https:\/\/sites.uel.br\/ninter\/wp-content\/uploads\/2025\/10\/Noticia-Analise-Implicacoes-08-09.jpeg 1169w\" sizes=\"auto, (max-width: 1024px) 100vw, 1024px\" \/><\/figure>\n\n\n\n<figure class=\"wp-block-gallery has-nested-images columns-default is-cropped wp-block-gallery-25 is-layout-flex wp-block-gallery-is-layout-flex\">\n<figure class=\"wp-block-image size-large\"><img loading=\"lazy\" decoding=\"async\" width=\"1024\" height=\"270\" data-id=\"471\" src=\"https:\/\/sites.uel.br\/ninter\/wp-content\/uploads\/2025\/10\/Atividade-set22-1024x270.jpeg\" alt=\"\" class=\"wp-image-471\" srcset=\"https:\/\/sites.uel.br\/ninter\/wp-content\/uploads\/2025\/10\/Atividade-set22-1024x270.jpeg 1024w, https:\/\/sites.uel.br\/ninter\/wp-content\/uploads\/2025\/10\/Atividade-set22-300x79.jpeg 300w, https:\/\/sites.uel.br\/ninter\/wp-content\/uploads\/2025\/10\/Atividade-set22-768x203.jpeg 768w, https:\/\/sites.uel.br\/ninter\/wp-content\/uploads\/2025\/10\/Atividade-set22.jpeg 1470w\" sizes=\"auto, (max-width: 1024px) 100vw, 1024px\" \/><\/figure>\n<\/figure>\n\n\n\n<figure class=\"wp-block-image size-large is-resized\"><img loading=\"lazy\" decoding=\"async\" width=\"1024\" height=\"270\" src=\"https:\/\/sites.uel.br\/ninter\/wp-content\/uploads\/2025\/10\/webiste-NINTER-Intervencao-artistica-do-Manifesto-1024x270.jpeg\" alt=\"\" class=\"wp-image-472\" style=\"width:1062px;height:auto\" srcset=\"https:\/\/sites.uel.br\/ninter\/wp-content\/uploads\/2025\/10\/webiste-NINTER-Intervencao-artistica-do-Manifesto-1024x270.jpeg 1024w, https:\/\/sites.uel.br\/ninter\/wp-content\/uploads\/2025\/10\/webiste-NINTER-Intervencao-artistica-do-Manifesto-300x79.jpeg 300w, https:\/\/sites.uel.br\/ninter\/wp-content\/uploads\/2025\/10\/webiste-NINTER-Intervencao-artistica-do-Manifesto-768x202.jpeg 768w, https:\/\/sites.uel.br\/ninter\/wp-content\/uploads\/2025\/10\/webiste-NINTER-Intervencao-artistica-do-Manifesto-1536x405.jpeg 1536w, https:\/\/sites.uel.br\/ninter\/wp-content\/uploads\/2025\/10\/webiste-NINTER-Intervencao-artistica-do-Manifesto.jpeg 1700w\" sizes=\"auto, (max-width: 1024px) 100vw, 1024px\" \/><\/figure>\n\n\n\n<figure class=\"wp-block-gallery has-nested-images columns-default is-cropped wp-block-gallery-26 is-layout-flex wp-block-gallery-is-layout-flex\">\n<figure class=\"wp-block-image size-large\"><img loading=\"lazy\" decoding=\"async\" width=\"1024\" height=\"266\" data-id=\"473\" src=\"https:\/\/sites.uel.br\/ninter\/wp-content\/uploads\/2025\/10\/webiste-NINTER-construcao-do-Manifesto-1024x266.jpeg\" alt=\"\" class=\"wp-image-473\" srcset=\"https:\/\/sites.uel.br\/ninter\/wp-content\/uploads\/2025\/10\/webiste-NINTER-construcao-do-Manifesto-1024x266.jpeg 1024w, https:\/\/sites.uel.br\/ninter\/wp-content\/uploads\/2025\/10\/webiste-NINTER-construcao-do-Manifesto-300x78.jpeg 300w, https:\/\/sites.uel.br\/ninter\/wp-content\/uploads\/2025\/10\/webiste-NINTER-construcao-do-Manifesto-768x200.jpeg 768w, https:\/\/sites.uel.br\/ninter\/wp-content\/uploads\/2025\/10\/webiste-NINTER-construcao-do-Manifesto-1536x399.jpeg 1536w, https:\/\/sites.uel.br\/ninter\/wp-content\/uploads\/2025\/10\/webiste-NINTER-construcao-do-Manifesto.jpeg 1693w\" sizes=\"auto, (max-width: 1024px) 100vw, 1024px\" \/><\/figure>\n<\/figure>\n\n\n\n<figure class=\"wp-block-image size-large is-resized\"><img loading=\"lazy\" decoding=\"async\" width=\"1024\" height=\"268\" src=\"https:\/\/sites.uel.br\/ninter\/wp-content\/uploads\/2025\/10\/webiste-NINTER-Preparacao-de-Manifesto-1024x268.jpeg\" alt=\"\" class=\"wp-image-474\" style=\"width:1062px;height:auto\" srcset=\"https:\/\/sites.uel.br\/ninter\/wp-content\/uploads\/2025\/10\/webiste-NINTER-Preparacao-de-Manifesto-1024x268.jpeg 1024w, https:\/\/sites.uel.br\/ninter\/wp-content\/uploads\/2025\/10\/webiste-NINTER-Preparacao-de-Manifesto-300x79.jpeg 300w, https:\/\/sites.uel.br\/ninter\/wp-content\/uploads\/2025\/10\/webiste-NINTER-Preparacao-de-Manifesto-768x201.jpeg 768w, https:\/\/sites.uel.br\/ninter\/wp-content\/uploads\/2025\/10\/webiste-NINTER-Preparacao-de-Manifesto-1536x402.jpeg 1536w, https:\/\/sites.uel.br\/ninter\/wp-content\/uploads\/2025\/10\/webiste-NINTER-Preparacao-de-Manifesto.jpeg 1691w\" sizes=\"auto, (max-width: 1024px) 100vw, 1024px\" \/><\/figure>\n\n\n\n<figure class=\"wp-block-gallery has-nested-images columns-default is-cropped wp-block-gallery-27 is-layout-flex wp-block-gallery-is-layout-flex\">\n<figure class=\"wp-block-image size-large\"><img loading=\"lazy\" decoding=\"async\" width=\"1024\" height=\"271\" data-id=\"475\" src=\"https:\/\/sites.uel.br\/ninter\/wp-content\/uploads\/2025\/10\/website-NINTER-Participacao-em-Forum-Regional-1024x271.jpeg\" alt=\"\" class=\"wp-image-475\" srcset=\"https:\/\/sites.uel.br\/ninter\/wp-content\/uploads\/2025\/10\/website-NINTER-Participacao-em-Forum-Regional-1024x271.jpeg 1024w, https:\/\/sites.uel.br\/ninter\/wp-content\/uploads\/2025\/10\/website-NINTER-Participacao-em-Forum-Regional-300x79.jpeg 300w, https:\/\/sites.uel.br\/ninter\/wp-content\/uploads\/2025\/10\/website-NINTER-Participacao-em-Forum-Regional-768x203.jpeg 768w, https:\/\/sites.uel.br\/ninter\/wp-content\/uploads\/2025\/10\/website-NINTER-Participacao-em-Forum-Regional-1536x406.jpeg 1536w, https:\/\/sites.uel.br\/ninter\/wp-content\/uploads\/2025\/10\/website-NINTER-Participacao-em-Forum-Regional.jpeg 1693w\" sizes=\"auto, (max-width: 1024px) 100vw, 1024px\" \/><\/figure>\n<\/figure>\n\n\n\n<figure class=\"wp-block-image size-large is-resized\"><img loading=\"lazy\" decoding=\"async\" width=\"1024\" height=\"270\" src=\"https:\/\/sites.uel.br\/ninter\/wp-content\/uploads\/2025\/10\/website-NINTER-Recicla-1024x270.jpeg\" alt=\"\" class=\"wp-image-476\" style=\"width:1062px;height:auto\" srcset=\"https:\/\/sites.uel.br\/ninter\/wp-content\/uploads\/2025\/10\/website-NINTER-Recicla-1024x270.jpeg 1024w, https:\/\/sites.uel.br\/ninter\/wp-content\/uploads\/2025\/10\/website-NINTER-Recicla-300x79.jpeg 300w, https:\/\/sites.uel.br\/ninter\/wp-content\/uploads\/2025\/10\/website-NINTER-Recicla-768x203.jpeg 768w, https:\/\/sites.uel.br\/ninter\/wp-content\/uploads\/2025\/10\/website-NINTER-Recicla-1536x405.jpeg 1536w, https:\/\/sites.uel.br\/ninter\/wp-content\/uploads\/2025\/10\/website-NINTER-Recicla.jpeg 1697w\" sizes=\"auto, (max-width: 1024px) 100vw, 1024px\" \/><\/figure>\n\n\n\n<figure class=\"wp-block-gallery has-nested-images columns-default is-cropped wp-block-gallery-28 is-layout-flex wp-block-gallery-is-layout-flex\">\n<figure class=\"wp-block-image size-large\"><img loading=\"lazy\" decoding=\"async\" width=\"1024\" height=\"270\" data-id=\"477\" src=\"https:\/\/sites.uel.br\/ninter\/wp-content\/uploads\/2025\/10\/webiste-NINTER-Uel-com-Menos-Plastico-1024x270.jpeg\" alt=\"\" class=\"wp-image-477\" srcset=\"https:\/\/sites.uel.br\/ninter\/wp-content\/uploads\/2025\/10\/webiste-NINTER-Uel-com-Menos-Plastico-1024x270.jpeg 1024w, https:\/\/sites.uel.br\/ninter\/wp-content\/uploads\/2025\/10\/webiste-NINTER-Uel-com-Menos-Plastico-300x79.jpeg 300w, https:\/\/sites.uel.br\/ninter\/wp-content\/uploads\/2025\/10\/webiste-NINTER-Uel-com-Menos-Plastico-768x202.jpeg 768w, https:\/\/sites.uel.br\/ninter\/wp-content\/uploads\/2025\/10\/webiste-NINTER-Uel-com-Menos-Plastico-1536x405.jpeg 1536w, https:\/\/sites.uel.br\/ninter\/wp-content\/uploads\/2025\/10\/webiste-NINTER-Uel-com-Menos-Plastico.jpeg 1689w\" sizes=\"auto, (max-width: 1024px) 100vw, 1024px\" \/><\/figure>\n<\/figure>\n\n\n\n<figure class=\"wp-block-image size-large is-resized\"><img loading=\"lazy\" decoding=\"async\" width=\"1024\" height=\"271\" src=\"https:\/\/sites.uel.br\/ninter\/wp-content\/uploads\/2025\/10\/Noticia-Ninter-junho1-1024x271.jpg\" alt=\"\" class=\"wp-image-478\" style=\"width:1062px;height:auto\" srcset=\"https:\/\/sites.uel.br\/ninter\/wp-content\/uploads\/2025\/10\/Noticia-Ninter-junho1-1024x271.jpg 1024w, https:\/\/sites.uel.br\/ninter\/wp-content\/uploads\/2025\/10\/Noticia-Ninter-junho1-300x79.jpg 300w, https:\/\/sites.uel.br\/ninter\/wp-content\/uploads\/2025\/10\/Noticia-Ninter-junho1-768x203.jpg 768w, https:\/\/sites.uel.br\/ninter\/wp-content\/uploads\/2025\/10\/Noticia-Ninter-junho1.jpg 1464w\" sizes=\"auto, (max-width: 1024px) 100vw, 1024px\" \/><\/figure>\n\n\n\n<figure class=\"wp-block-gallery has-nested-images columns-default is-cropped wp-block-gallery-29 is-layout-flex wp-block-gallery-is-layout-flex\">\n<figure class=\"wp-block-image size-large\"><img loading=\"lazy\" decoding=\"async\" width=\"1024\" height=\"269\" data-id=\"479\" src=\"https:\/\/sites.uel.br\/ninter\/wp-content\/uploads\/2025\/10\/Noticia-Ninter-maio221-1024x269.jpg\" alt=\"\" class=\"wp-image-479\" srcset=\"https:\/\/sites.uel.br\/ninter\/wp-content\/uploads\/2025\/10\/Noticia-Ninter-maio221-1024x269.jpg 1024w, https:\/\/sites.uel.br\/ninter\/wp-content\/uploads\/2025\/10\/Noticia-Ninter-maio221-300x79.jpg 300w, https:\/\/sites.uel.br\/ninter\/wp-content\/uploads\/2025\/10\/Noticia-Ninter-maio221-768x202.jpg 768w, https:\/\/sites.uel.br\/ninter\/wp-content\/uploads\/2025\/10\/Noticia-Ninter-maio221.jpg 1465w\" sizes=\"auto, (max-width: 1024px) 100vw, 1024px\" \/><\/figure>\n<\/figure>\n\n\n\n<figure class=\"wp-block-image size-large is-resized\"><img loading=\"lazy\" decoding=\"async\" width=\"1024\" height=\"268\" src=\"https:\/\/sites.uel.br\/ninter\/wp-content\/uploads\/2025\/10\/mai22-B-1024x268.jpeg\" alt=\"\" class=\"wp-image-480\" style=\"width:1062px;height:auto\" srcset=\"https:\/\/sites.uel.br\/ninter\/wp-content\/uploads\/2025\/10\/mai22-B-1024x268.jpeg 1024w, https:\/\/sites.uel.br\/ninter\/wp-content\/uploads\/2025\/10\/mai22-B-300x79.jpeg 300w, https:\/\/sites.uel.br\/ninter\/wp-content\/uploads\/2025\/10\/mai22-B-768x201.jpeg 768w, https:\/\/sites.uel.br\/ninter\/wp-content\/uploads\/2025\/10\/mai22-B.jpeg 1465w\" sizes=\"auto, (max-width: 1024px) 100vw, 1024px\" \/><\/figure>\n\n\n\n<figure class=\"wp-block-image size-large is-resized\"><img loading=\"lazy\" decoding=\"async\" width=\"1024\" height=\"269\" src=\"https:\/\/sites.uel.br\/ninter\/wp-content\/uploads\/2025\/10\/mai22-1024x269.jpeg\" alt=\"\" class=\"wp-image-481\" style=\"width:1062px;height:auto\" srcset=\"https:\/\/sites.uel.br\/ninter\/wp-content\/uploads\/2025\/10\/mai22-1024x269.jpeg 1024w, https:\/\/sites.uel.br\/ninter\/wp-content\/uploads\/2025\/10\/mai22-300x79.jpeg 300w, https:\/\/sites.uel.br\/ninter\/wp-content\/uploads\/2025\/10\/mai22-768x202.jpeg 768w, https:\/\/sites.uel.br\/ninter\/wp-content\/uploads\/2025\/10\/mai22.jpeg 1463w\" sizes=\"auto, (max-width: 1024px) 100vw, 1024px\" \/><\/figure>\n\n\n\n<figure class=\"wp-block-image size-large is-resized\"><img loading=\"lazy\" decoding=\"async\" width=\"1024\" height=\"268\" src=\"https:\/\/sites.uel.br\/ninter\/wp-content\/uploads\/2025\/10\/abr22-1024x268.jpeg\" alt=\"\" class=\"wp-image-482\" style=\"width:1062px;height:auto\" srcset=\"https:\/\/sites.uel.br\/ninter\/wp-content\/uploads\/2025\/10\/abr22-1024x268.jpeg 1024w, https:\/\/sites.uel.br\/ninter\/wp-content\/uploads\/2025\/10\/abr22-300x78.jpeg 300w, https:\/\/sites.uel.br\/ninter\/wp-content\/uploads\/2025\/10\/abr22-768x201.jpeg 768w, https:\/\/sites.uel.br\/ninter\/wp-content\/uploads\/2025\/10\/abr22.jpeg 1462w\" sizes=\"auto, (max-width: 1024px) 100vw, 1024px\" \/><\/figure>\n\n\n\n<figure class=\"wp-block-image size-large is-resized\"><img loading=\"lazy\" decoding=\"async\" width=\"1024\" height=\"268\" src=\"https:\/\/sites.uel.br\/ninter\/wp-content\/uploads\/2025\/10\/mar22-1024x268.jpeg\" alt=\"\" class=\"wp-image-483\" style=\"width:1062px;height:auto\" srcset=\"https:\/\/sites.uel.br\/ninter\/wp-content\/uploads\/2025\/10\/mar22-1024x268.jpeg 1024w, https:\/\/sites.uel.br\/ninter\/wp-content\/uploads\/2025\/10\/mar22-300x79.jpeg 300w, https:\/\/sites.uel.br\/ninter\/wp-content\/uploads\/2025\/10\/mar22-768x201.jpeg 768w, https:\/\/sites.uel.br\/ninter\/wp-content\/uploads\/2025\/10\/mar22.jpeg 1463w\" sizes=\"auto, (max-width: 1024px) 100vw, 1024px\" \/><\/figure>\n\n\n\n<figure class=\"wp-block-image size-large is-resized\"><img loading=\"lazy\" decoding=\"async\" width=\"1024\" height=\"271\" src=\"https:\/\/sites.uel.br\/ninter\/wp-content\/uploads\/2025\/10\/mar22-A-1024x271.jpeg\" alt=\"\" class=\"wp-image-484\" style=\"width:1062px;height:auto\" srcset=\"https:\/\/sites.uel.br\/ninter\/wp-content\/uploads\/2025\/10\/mar22-A-1024x271.jpeg 1024w, https:\/\/sites.uel.br\/ninter\/wp-content\/uploads\/2025\/10\/mar22-A-300x79.jpeg 300w, https:\/\/sites.uel.br\/ninter\/wp-content\/uploads\/2025\/10\/mar22-A-768x203.jpeg 768w, https:\/\/sites.uel.br\/ninter\/wp-content\/uploads\/2025\/10\/mar22-A.jpeg 1462w\" sizes=\"auto, (max-width: 1024px) 100vw, 1024px\" \/><\/figure>\n\n\n\n<figure class=\"wp-block-image size-large is-resized\"><img loading=\"lazy\" decoding=\"async\" width=\"1024\" height=\"267\" src=\"https:\/\/sites.uel.br\/ninter\/wp-content\/uploads\/2025\/10\/fev22-1024x267.jpeg\" alt=\"\" class=\"wp-image-485\" style=\"width:1062px;height:auto\" srcset=\"https:\/\/sites.uel.br\/ninter\/wp-content\/uploads\/2025\/10\/fev22-1024x267.jpeg 1024w, https:\/\/sites.uel.br\/ninter\/wp-content\/uploads\/2025\/10\/fev22-300x78.jpeg 300w, https:\/\/sites.uel.br\/ninter\/wp-content\/uploads\/2025\/10\/fev22-768x200.jpeg 768w, https:\/\/sites.uel.br\/ninter\/wp-content\/uploads\/2025\/10\/fev22.jpeg 1461w\" sizes=\"auto, (max-width: 1024px) 100vw, 1024px\" \/><\/figure>\n\n\n\n<p><\/p>\n<\/details>\n\n\n\n<details class=\"wp-block-details is-layout-flow wp-block-details-is-layout-flow\"><summary>2021<\/summary>\n<figure class=\"wp-block-gallery has-nested-images columns-default is-cropped wp-block-gallery-30 is-layout-flex wp-block-gallery-is-layout-flex\">\n<figure class=\"wp-block-image size-large\"><img loading=\"lazy\" decoding=\"async\" width=\"1024\" height=\"269\" data-id=\"486\" src=\"https:\/\/sites.uel.br\/ninter\/wp-content\/uploads\/2025\/10\/dez21-1024x269.jpeg\" alt=\"\" class=\"wp-image-486\" srcset=\"https:\/\/sites.uel.br\/ninter\/wp-content\/uploads\/2025\/10\/dez21-1024x269.jpeg 1024w, https:\/\/sites.uel.br\/ninter\/wp-content\/uploads\/2025\/10\/dez21-300x79.jpeg 300w, https:\/\/sites.uel.br\/ninter\/wp-content\/uploads\/2025\/10\/dez21-768x202.jpeg 768w, https:\/\/sites.uel.br\/ninter\/wp-content\/uploads\/2025\/10\/dez21.jpeg 1463w\" sizes=\"auto, (max-width: 1024px) 100vw, 1024px\" \/><\/figure>\n<\/figure>\n\n\n\n<figure class=\"wp-block-image size-large is-resized\"><img loading=\"lazy\" decoding=\"async\" width=\"1024\" height=\"269\" src=\"https:\/\/sites.uel.br\/ninter\/wp-content\/uploads\/2025\/10\/nov21-1024x269.jpeg\" alt=\"\" class=\"wp-image-487\" style=\"width:1062px;height:auto\" srcset=\"https:\/\/sites.uel.br\/ninter\/wp-content\/uploads\/2025\/10\/nov21-1024x269.jpeg 1024w, https:\/\/sites.uel.br\/ninter\/wp-content\/uploads\/2025\/10\/nov21-300x79.jpeg 300w, https:\/\/sites.uel.br\/ninter\/wp-content\/uploads\/2025\/10\/nov21-768x202.jpeg 768w, https:\/\/sites.uel.br\/ninter\/wp-content\/uploads\/2025\/10\/nov21.jpeg 1463w\" sizes=\"auto, (max-width: 1024px) 100vw, 1024px\" \/><\/figure>\n\n\n\n<figure class=\"wp-block-image size-large is-resized\"><img loading=\"lazy\" decoding=\"async\" width=\"1024\" height=\"272\" src=\"https:\/\/sites.uel.br\/ninter\/wp-content\/uploads\/2025\/10\/out21-1024x272.jpeg\" alt=\"\" class=\"wp-image-488\" style=\"width:1062px;height:auto\" srcset=\"https:\/\/sites.uel.br\/ninter\/wp-content\/uploads\/2025\/10\/out21-1024x272.jpeg 1024w, https:\/\/sites.uel.br\/ninter\/wp-content\/uploads\/2025\/10\/out21-300x80.jpeg 300w, https:\/\/sites.uel.br\/ninter\/wp-content\/uploads\/2025\/10\/out21-768x204.jpeg 768w, https:\/\/sites.uel.br\/ninter\/wp-content\/uploads\/2025\/10\/out21.jpeg 1462w\" sizes=\"auto, (max-width: 1024px) 100vw, 1024px\" \/><\/figure>\n\n\n\n<p><\/p>\n<\/details>\n","protected":false},"excerpt":{"rendered":"<p>2025 28 de janeiro de 2026Projeto 3S \u00e9 aprovado novamente pela Itaipu Parquetec O NINTER celebra a continuidade do Projeto 3S (Sensibiliza\u00e7\u00e3o e Separa\u00e7\u00e3o Seletiva em Condom\u00ednios) com a recente aprova\u00e7\u00e3o no Edital 002\/2025 da Itaipu Parquetec. A institui\u00e7\u00e3o \u00e9 um centro que busca inova\u00e7\u00e3o e o desenvolvimento sustent\u00e1vel do pa\u00eds. Em uma sele\u00e7\u00e3o com [&hellip;]<\/p>\n","protected":false},"author":9,"featured_media":0,"parent":0,"menu_order":0,"comment_status":"closed","ping_status":"closed","template":"","meta":{"_acf_changed":false,"footnotes":""},"class_list":["post-124","page","type-page","status-publish","hentry"],"acf":[],"_links":{"self":[{"href":"https:\/\/sites.uel.br\/ninter\/wp-json\/wp\/v2\/pages\/124","targetHints":{"allow":["GET"]}}],"collection":[{"href":"https:\/\/sites.uel.br\/ninter\/wp-json\/wp\/v2\/pages"}],"about":[{"href":"https:\/\/sites.uel.br\/ninter\/wp-json\/wp\/v2\/types\/page"}],"author":[{"embeddable":true,"href":"https:\/\/sites.uel.br\/ninter\/wp-json\/wp\/v2\/users\/9"}],"replies":[{"embeddable":true,"href":"https:\/\/sites.uel.br\/ninter\/wp-json\/wp\/v2\/comments?post=124"}],"version-history":[{"count":33,"href":"https:\/\/sites.uel.br\/ninter\/wp-json\/wp\/v2\/pages\/124\/revisions"}],"predecessor-version":[{"id":770,"href":"https:\/\/sites.uel.br\/ninter\/wp-json\/wp\/v2\/pages\/124\/revisions\/770"}],"wp:attachment":[{"href":"https:\/\/sites.uel.br\/ninter\/wp-json\/wp\/v2\/media?parent=124"}],"curies":[{"name":"wp","href":"https:\/\/api.w.org\/{rel}","templated":true}]}}