{"id":108,"date":"2025-09-27T14:13:36","date_gmt":"2025-09-27T17:13:36","guid":{"rendered":"https:\/\/sites.uel.br\/ninter\/?page_id=108"},"modified":"2026-03-02T07:49:32","modified_gmt":"2026-03-02T10:49:32","slug":"na-midia","status":"publish","type":"page","link":"https:\/\/sites.uel.br\/ninter\/na-midia\/","title":{"rendered":"Na M\u00eddia"},"content":{"rendered":"\n<div style=\"height:20px\" aria-hidden=\"true\" class=\"wp-block-spacer\"><\/div>\n\n\n\n<p class=\"has-text-align-center\">Acompanhe as reportagens, entrevistas e mat\u00e9rias que destacam as pesquisas, projetos e a atua\u00e7\u00e3o do NINTER nos mais diversos ve\u00edculos de comunica\u00e7\u00e3o.<\/p>\n\n\n\n<div style=\"height:40px\" aria-hidden=\"true\" class=\"wp-block-spacer\"><\/div>\n\n\n\n<h2 class=\"wp-block-heading has-text-align-center\">2026<\/h2>\n\n\n\n<div style=\"height:20px\" aria-hidden=\"true\" class=\"wp-block-spacer\"><\/div>\n\n\n\n<div class=\"wp-block-media-text is-stacked-on-mobile\" style=\"grid-template-columns:15% auto\"><figure class=\"wp-block-media-text__media\"><a href=\"https:\/\/www.pocket.app.br\/pbnews48\/#slide27\" target=\"_blank\" rel=\" noreferrer noopener\"><img loading=\"lazy\" decoding=\"async\" width=\"1000\" height=\"707\" src=\"https:\/\/sites.uel.br\/ninter\/wp-content\/uploads\/2026\/03\/imagem_2026-03-02_074822693.png\" alt=\"\" class=\"wp-image-793 size-full\" srcset=\"https:\/\/sites.uel.br\/ninter\/wp-content\/uploads\/2026\/03\/imagem_2026-03-02_074822693.png 1000w, https:\/\/sites.uel.br\/ninter\/wp-content\/uploads\/2026\/03\/imagem_2026-03-02_074822693-300x212.png 300w, https:\/\/sites.uel.br\/ninter\/wp-content\/uploads\/2026\/03\/imagem_2026-03-02_074822693-768x543.png 768w\" sizes=\"auto, (max-width: 1000px) 100vw, 1000px\" \/><\/a><\/figure><div class=\"wp-block-media-text__content\">\n<p><a href=\"https:\/\/blogdozeotavio.wordpress.com\/2026\/02\/28\/nota-do-nucleo-de-estudos-em-residuos-da-uel-sobre-a-proposta-da-cmtu-para-coleta-seletiva\/\" data-type=\"link\" data-id=\"https:\/\/blogdozeotavio.wordpress.com\/2026\/02\/28\/nota-do-nucleo-de-estudos-em-residuos-da-uel-sobre-a-proposta-da-cmtu-para-coleta-seletiva\/\">Nota do N\u00facleo de Estudos em Res\u00edduos da UEL sobre a proposta da CMTU para coleta\u00a0seletiva<\/a><\/p>\n\n\n\n<p>Blog do Z\u00e9 Ot\u00e1vio, 28 de fevereiro de 2026.<\/p>\n<\/div><\/div>\n\n\n\n<hr class=\"wp-block-separator has-alpha-channel-opacity\" \/>\n\n\n\n<div class=\"wp-block-media-text is-stacked-on-mobile\" style=\"grid-template-columns:15% auto\"><figure class=\"wp-block-media-text__media\"><a href=\"https:\/\/www.pocket.app.br\/pbnews48\/#slide27\" target=\"_blank\" rel=\" noreferrer noopener\"><img loading=\"lazy\" decoding=\"async\" width=\"332\" height=\"205\" src=\"https:\/\/sites.uel.br\/ninter\/wp-content\/uploads\/2026\/03\/imagem_2026-03-02_074710687.png\" alt=\"\" class=\"wp-image-792 size-full\" srcset=\"https:\/\/sites.uel.br\/ninter\/wp-content\/uploads\/2026\/03\/imagem_2026-03-02_074710687.png 332w, https:\/\/sites.uel.br\/ninter\/wp-content\/uploads\/2026\/03\/imagem_2026-03-02_074710687-300x185.png 300w\" sizes=\"auto, (max-width: 332px) 100vw, 332px\" \/><\/a><\/figure><div class=\"wp-block-media-text__content\">\n<p><a href=\"https:\/\/www.pacocacomcebola.com.br\/destaque\/nucleo-de-estudos-em-residuos-da-uel-nao-referendou-novo-modelo-de-gestao-de-residuos-proposto-pela-cmtu\/\" data-type=\"link\" data-id=\"https:\/\/www.pacocacomcebola.com.br\/destaque\/nucleo-de-estudos-em-residuos-da-uel-nao-referendou-novo-modelo-de-gestao-de-residuos-proposto-pela-cmtu\/\">N\u00facleo de Estudos em Res\u00edduos da UEL n\u00e3o referendou novo modelo de gest\u00e3o de res\u00edduos proposto pela CMTU<\/a><\/p>\n\n\n\n<p>Portal Pa\u00e7oca com Cebola, 27 de fevereiro de 2026.<\/p>\n<\/div><\/div>\n\n\n\n<hr class=\"wp-block-separator has-alpha-channel-opacity\" \/>\n\n\n\n<div class=\"wp-block-media-text is-stacked-on-mobile\" style=\"grid-template-columns:15% auto\"><figure class=\"wp-block-media-text__media\"><a href=\"https:\/\/www.pocket.app.br\/pbnews48\/#slide27\" target=\"_blank\" rel=\" noreferrer noopener\"><img loading=\"lazy\" decoding=\"async\" width=\"917\" height=\"681\" src=\"https:\/\/sites.uel.br\/ninter\/wp-content\/uploads\/2026\/03\/imagem_2026-03-02_074550916.png\" alt=\"\" class=\"wp-image-791 size-full\" srcset=\"https:\/\/sites.uel.br\/ninter\/wp-content\/uploads\/2026\/03\/imagem_2026-03-02_074550916.png 917w, https:\/\/sites.uel.br\/ninter\/wp-content\/uploads\/2026\/03\/imagem_2026-03-02_074550916-300x223.png 300w, https:\/\/sites.uel.br\/ninter\/wp-content\/uploads\/2026\/03\/imagem_2026-03-02_074550916-768x570.png 768w\" sizes=\"auto, (max-width: 917px) 100vw, 917px\" \/><\/a><\/figure><div class=\"wp-block-media-text__content\">\n<p><a href=\"https:\/\/www.newclique.com.br\/post\/grupo-tecnico-da-uel-desconhece-novo-modelo-para-a-coleta-seletiva-em-londrina-anunciado-pela-cmtu\/\" data-type=\"link\" data-id=\"https:\/\/www.newclique.com.br\/post\/grupo-tecnico-da-uel-desconhece-novo-modelo-para-a-coleta-seletiva-em-londrina-anunciado-pela-cmtu\/\">Grupo t\u00e9cnico da UEL\u00a0desconhece novo modelo para a coleta seletiva em Londrina anunciado pela CMTU\u00a0<\/a><\/p>\n\n\n\n<p>New Clique, 27 de fevereiro de 2026.<\/p>\n<\/div><\/div>\n\n\n\n<hr class=\"wp-block-separator has-alpha-channel-opacity\" \/>\n\n\n\n<div class=\"wp-block-media-text is-stacked-on-mobile\" style=\"grid-template-columns:15% auto\"><figure class=\"wp-block-media-text__media\"><a href=\"https:\/\/www.pocket.app.br\/pbnews48\/#slide27\" target=\"_blank\" rel=\" noreferrer noopener\"><img loading=\"lazy\" decoding=\"async\" width=\"749\" height=\"447\" src=\"https:\/\/sites.uel.br\/ninter\/wp-content\/uploads\/2026\/03\/imagem_2026-03-02_074444206.png\" alt=\"\" class=\"wp-image-790 size-full\" srcset=\"https:\/\/sites.uel.br\/ninter\/wp-content\/uploads\/2026\/03\/imagem_2026-03-02_074444206.png 749w, https:\/\/sites.uel.br\/ninter\/wp-content\/uploads\/2026\/03\/imagem_2026-03-02_074444206-300x179.png 300w\" sizes=\"auto, (max-width: 749px) 100vw, 749px\" \/><\/a><\/figure><div class=\"wp-block-media-text__content\">\n<p><a href=\"https:\/\/taroba.com.br\/noticias\/cidade\/cmtu-anuncia-novo-modelo-de-coleta-seletiva-em-londrina-mas-ninter-questiona-proposta\" data-type=\"link\" data-id=\"https:\/\/radio.uel.br\/programa\/a-uel-e-o-direito-a-cidade-25\/2025\/11\/08\" target=\"_blank\" rel=\"noreferrer noopener\">CMTU anuncia novo modelo de coleta seletiva em Londrina, mas Ninter questiona proposta<\/a><\/p>\n\n\n\n<p>Tarob\u00e1, 27 de fevereiro de 2026.<\/p>\n<\/div><\/div>\n\n\n\n<hr class=\"wp-block-separator has-alpha-channel-opacity\" \/>\n\n\n\n<div class=\"wp-block-media-text is-stacked-on-mobile\" style=\"grid-template-columns:15% auto\"><figure class=\"wp-block-media-text__media\"><a href=\"https:\/\/www.pocket.app.br\/pbnews48\/#slide27\" target=\"_blank\" rel=\" noreferrer noopener\"><img loading=\"lazy\" decoding=\"async\" width=\"577\" height=\"453\" src=\"https:\/\/sites.uel.br\/ninter\/wp-content\/uploads\/2026\/02\/imagem_2026-02-08_131432287.png\" alt=\"\" class=\"wp-image-772 size-full\" srcset=\"https:\/\/sites.uel.br\/ninter\/wp-content\/uploads\/2026\/02\/imagem_2026-02-08_131432287.png 577w, https:\/\/sites.uel.br\/ninter\/wp-content\/uploads\/2026\/02\/imagem_2026-02-08_131432287-300x236.png 300w\" sizes=\"auto, (max-width: 577px) 100vw, 577px\" \/><\/a><\/figure><div class=\"wp-block-media-text__content\">\n<p><a href=\"https:\/\/taroba.com.br\/noticias\/cidade\/descarte-irregular-de-canetas-emagrecedoras-vira-problema-de-saude-publica-em-londrina\" data-type=\"link\" data-id=\"https:\/\/radio.uel.br\/programa\/a-uel-e-o-direito-a-cidade-25\/2025\/11\/08\" target=\"_blank\" rel=\"noreferrer noopener\">Descarte irregular de canetas emagrecedoras vira problema de sa\u00fade p\u00fablica em Londrina<\/a><\/p>\n\n\n\n<p>Portal Tarob\u00e1, 03 de fevereiro de 2026.<\/p>\n<\/div><\/div>\n\n\n\n<div style=\"height:50px\" aria-hidden=\"true\" class=\"wp-block-spacer\"><\/div>\n\n\n\n<h2 class=\"wp-block-heading has-text-align-center\">2025<\/h2>\n\n\n\n<div style=\"height:20px\" aria-hidden=\"true\" class=\"wp-block-spacer\"><\/div>\n\n\n\n<div class=\"wp-block-media-text is-stacked-on-mobile\" style=\"grid-template-columns:15% auto\"><figure class=\"wp-block-media-text__media\"><a href=\"https:\/\/www.pocket.app.br\/pbnews48\/#slide27\" target=\"_blank\" rel=\" noreferrer noopener\"><img loading=\"lazy\" decoding=\"async\" width=\"222\" height=\"237\" src=\"https:\/\/sites.uel.br\/ninter\/wp-content\/uploads\/2025\/11\/imagem_2025-11-14_142503520.png\" alt=\"\" class=\"wp-image-648 size-full\" \/><\/a><\/figure><div class=\"wp-block-media-text__content\">\n<p><a href=\"https:\/\/radio.uel.br\/programa\/a-uel-e-o-direito-a-cidade-25\/2025\/11\/08\" data-type=\"link\" data-id=\"https:\/\/radio.uel.br\/programa\/a-uel-e-o-direito-a-cidade-25\/2025\/11\/08\" target=\"_blank\" rel=\"noreferrer noopener\">A UEL e o Direito \u00e0 Cidade<\/a><\/p>\n\n\n\n<p>R\u00e1dio UEL, 08 de novembro de 2025.<\/p>\n<\/div><\/div>\n\n\n\n<hr class=\"wp-block-separator has-alpha-channel-opacity\" \/>\n\n\n\n<div class=\"wp-block-media-text is-stacked-on-mobile\" style=\"grid-template-columns:15% auto\"><figure class=\"wp-block-media-text__media\"><a href=\"https:\/\/www.pocket.app.br\/pbnews48\/#slide27\" target=\"_blank\" rel=\" noreferrer noopener\"><img loading=\"lazy\" decoding=\"async\" width=\"985\" height=\"577\" src=\"https:\/\/sites.uel.br\/ninter\/wp-content\/uploads\/2025\/10\/imagem_2025-10-28_075228703.png\" alt=\"\" class=\"wp-image-520 size-full\" srcset=\"https:\/\/sites.uel.br\/ninter\/wp-content\/uploads\/2025\/10\/imagem_2025-10-28_075228703.png 985w, https:\/\/sites.uel.br\/ninter\/wp-content\/uploads\/2025\/10\/imagem_2025-10-28_075228703-300x176.png 300w, https:\/\/sites.uel.br\/ninter\/wp-content\/uploads\/2025\/10\/imagem_2025-10-28_075228703-768x450.png 768w\" sizes=\"auto, (max-width: 985px) 100vw, 985px\" \/><\/a><\/figure><div class=\"wp-block-media-text__content\">\n<p><a href=\"https:\/\/www.folhadelondrina.com.br\/geral\/novo-modelo-ganha-forca-para-adequar-ganhos-de-recicladores-3271806e.html?d=1\" data-type=\"link\" data-id=\"https:\/\/www.folhadelondrina.com.br\/geral\/novo-modelo-ganha-forca-para-adequar-ganhos-de-recicladores-3271806e.html?d=1\" target=\"_blank\" rel=\"noreferrer noopener\">Novo modelo ganha for\u00e7a para adequar ganhos de recicladores<\/a>.<\/p>\n\n\n\n<p>Folha de Londrina, 26 de abril de 2025.<\/p>\n<\/div><\/div>\n\n\n\n<hr class=\"wp-block-separator has-alpha-channel-opacity\" \/>\n\n\n\n<div class=\"wp-block-media-text is-stacked-on-mobile\" style=\"grid-template-columns:15% auto\"><figure class=\"wp-block-media-text__media\"><a href=\"https:\/\/www.pocket.app.br\/pbnews48\/#slide27\" target=\"_blank\" rel=\" noreferrer noopener\"><img loading=\"lazy\" decoding=\"async\" width=\"223\" height=\"60\" src=\"https:\/\/sites.uel.br\/ninter\/wp-content\/uploads\/2025\/10\/imagem_2025-10-28_075442838.png\" alt=\"\" class=\"wp-image-521 size-full\" \/><\/a><\/figure><div class=\"wp-block-media-text__content\">\n<p><a href=\"https:\/\/cbnlondrina.com.br\/materias\/uel-conclui-primeira-etapa-de-projeto-sobre-separacao-de-residuos-em-condominios-\" data-type=\"link\" data-id=\"https:\/\/cbnlondrina.com.br\/materias\/uel-conclui-primeira-etapa-de-projeto-sobre-separacao-de-residuos-em-condominios-\" target=\"_blank\" rel=\"noreferrer noopener\">UEL conclui primeira etapa de projeto sobre separa\u00e7\u00e3o de res\u00edduos em condom\u00ednios<\/a>.<\/p>\n\n\n\n<p>CBN Londrina, 29 de mar\u00e7o de 2025.<\/p>\n<\/div><\/div>\n\n\n\n<hr class=\"wp-block-separator has-alpha-channel-opacity\" \/>\n\n\n\n<div class=\"wp-block-media-text is-stacked-on-mobile\" style=\"grid-template-columns:15% auto\"><figure class=\"wp-block-media-text__media\"><a href=\"https:\/\/www.pocket.app.br\/pbnews48\/#slide27\" target=\"_blank\" rel=\" noreferrer noopener\"><img loading=\"lazy\" decoding=\"async\" width=\"896\" height=\"322\" src=\"https:\/\/sites.uel.br\/ninter\/wp-content\/uploads\/2025\/10\/imagem_2025-10-28_075054718.png\" alt=\"\" class=\"wp-image-519 size-full\" srcset=\"https:\/\/sites.uel.br\/ninter\/wp-content\/uploads\/2025\/10\/imagem_2025-10-28_075054718.png 896w, https:\/\/sites.uel.br\/ninter\/wp-content\/uploads\/2025\/10\/imagem_2025-10-28_075054718-300x108.png 300w, https:\/\/sites.uel.br\/ninter\/wp-content\/uploads\/2025\/10\/imagem_2025-10-28_075054718-768x276.png 768w\" sizes=\"auto, (max-width: 896px) 100vw, 896px\" \/><\/a><\/figure><div class=\"wp-block-media-text__content\">\n<p><a href=\"https:\/\/operobal.uel.br\/cesa\/2025\/03\/28\/projeto-da-uel-sensibiliza-moradores-de-condominios-sobre-separacao-de-residuos\" data-type=\"link\" data-id=\"https:\/\/operobal.uel.br\/cesa\/2025\/03\/28\/projeto-da-uel-sensibiliza-moradores-de-condominios-sobre-separacao-de-residuos\" target=\"_blank\" rel=\"noreferrer noopener\">Projeto da UEL sensibiliza moradores de condom\u00ednios sobre separa\u00e7\u00e3o de res\u00edduos<\/a>.<\/p>\n\n\n\n<p>O Perobal, 28 de mar\u00e7o de 2025.<\/p>\n<\/div><\/div>\n\n\n\n<div style=\"height:50px\" aria-hidden=\"true\" class=\"wp-block-spacer\"><\/div>\n\n\n\n<h2 class=\"wp-block-heading has-text-align-center\">2024<\/h2>\n\n\n\n<div style=\"height:20px\" aria-hidden=\"true\" class=\"wp-block-spacer\"><\/div>\n\n\n\n<div class=\"wp-block-media-text is-stacked-on-mobile\" style=\"grid-template-columns:15% auto\"><figure class=\"wp-block-media-text__media\"><a href=\"https:\/\/www.pocket.app.br\/pbnews48\/#slide27\" target=\"_blank\" rel=\" noreferrer noopener\"><img loading=\"lazy\" decoding=\"async\" width=\"163\" height=\"111\" src=\"https:\/\/sites.uel.br\/ninter\/wp-content\/uploads\/2025\/10\/imagem_2025-10-11_163506357.png\" alt=\"\" class=\"wp-image-315 size-full\" \/><\/a><\/figure><div class=\"wp-block-media-text__content\">\n<p><strong><a href=\"https:\/\/pocket.app.br\/pbnews48\/socioamb1.html\" target=\"_blank\" rel=\"noreferrer noopener\"><strong>A produ\u00e7\u00e3o de res\u00edduos e os caminhos para uma gest\u00e3o eficiente e consciente<\/strong><\/a><\/strong>.<\/p>\n\n\n\n<p>Revista PBNews, 48a. edi\u00e7\u00e3o, dezembro de 2024.<\/p>\n<\/div><\/div>\n\n\n\n<hr class=\"wp-block-separator has-alpha-channel-opacity\" \/>\n\n\n\n<div class=\"wp-block-media-text is-stacked-on-mobile\" style=\"grid-template-columns:15% auto\"><figure class=\"wp-block-media-text__media\"><a href=\"https:\/\/www.folhadelondrina.com.br\/geral\/arquitetas-lancam-plataforma-voltada-a-construcao-civil-3266212e.html?d=1\" target=\"_blank\" rel=\" noreferrer noopener\"><img loading=\"lazy\" decoding=\"async\" width=\"286\" height=\"78\" src=\"https:\/\/sites.uel.br\/ninter\/wp-content\/uploads\/2025\/10\/imagem_2025-10-11_162717404.png\" alt=\"\" class=\"wp-image-312 size-full\" \/><\/a><\/figure><div class=\"wp-block-media-text__content\">\n<p><strong><a href=\"https:\/\/www.folhadelondrina.com.br\/geral\/arquitetas-lancam-plataforma-voltada-a-construcao-civil-3266212e.html?d=1\" target=\"_blank\" rel=\"noreferrer noopener\"><strong>Arquitetas lan\u00e7am plataforma voltada \u00e0 constru\u00e7\u00e3o civil<\/strong><\/a><\/strong>.<\/p>\n\n\n\n<p>Folha de Londrina, 25 de outubro de 2024.<\/p>\n<\/div><\/div>\n\n\n\n<hr class=\"wp-block-separator has-alpha-channel-opacity\" \/>\n\n\n\n<div class=\"wp-block-media-text is-stacked-on-mobile\" style=\"grid-template-columns:15% auto\"><figure class=\"wp-block-media-text__media\"><a href=\"https:\/\/youtu.be\/tNENo3E7aEc?si=fYbUOjsJNy70otsd\"><img loading=\"lazy\" decoding=\"async\" width=\"732\" height=\"593\" src=\"https:\/\/sites.uel.br\/ninter\/wp-content\/uploads\/2025\/10\/imagem_2025-10-11_162649598.png\" alt=\"\" class=\"wp-image-311 size-full\" srcset=\"https:\/\/sites.uel.br\/ninter\/wp-content\/uploads\/2025\/10\/imagem_2025-10-11_162649598.png 732w, https:\/\/sites.uel.br\/ninter\/wp-content\/uploads\/2025\/10\/imagem_2025-10-11_162649598-300x243.png 300w\" sizes=\"auto, (max-width: 732px) 100vw, 732px\" \/><\/a><\/figure><div class=\"wp-block-media-text__content\">\n<p><strong><a href=\"https:\/\/youtu.be\/tNENo3E7aEc\" target=\"_blank\" rel=\"noreferrer noopener\"><strong>Gest\u00e3o de Res\u00edduos em Londrina<\/strong><\/a><\/strong>.<\/p>\n\n\n\n<p>R\u00e1dio Clube FM Londrina,&nbsp;Programa Clube do Povo,&nbsp;1\u00ba de outubro&nbsp;de 2024.<\/p>\n<\/div><\/div>\n\n\n\n<hr class=\"wp-block-separator has-alpha-channel-opacity\" \/>\n\n\n\n<div class=\"wp-block-media-text is-stacked-on-mobile\" style=\"grid-template-columns:15% auto\"><figure class=\"wp-block-media-text__media\"><img loading=\"lazy\" decoding=\"async\" width=\"691\" height=\"416\" src=\"https:\/\/sites.uel.br\/ninter\/wp-content\/uploads\/2025\/10\/imagem_2025-10-11_163746194.png\" alt=\"\" class=\"wp-image-320 size-full\" srcset=\"https:\/\/sites.uel.br\/ninter\/wp-content\/uploads\/2025\/10\/imagem_2025-10-11_163746194.png 691w, https:\/\/sites.uel.br\/ninter\/wp-content\/uploads\/2025\/10\/imagem_2025-10-11_163746194-300x181.png 300w\" sizes=\"auto, (max-width: 691px) 100vw, 691px\" \/><\/figure><div class=\"wp-block-media-text__content\">\n<p><a href=\"https:\/\/www.folhadelondrina.com.br\/cidades\/relatorio-da-uel-aponta-que-menos-de-01-de-residuos-organicos-vao-para-compostagem-3262209e.html?d=1\" target=\"_blank\" rel=\"noreferrer noopener\"><strong>Relat\u00f3rio da UEL aponta que menos de 0,1% de res\u00edduos org\u00e2nicos v\u00e3o para compostagem<\/strong>.<\/a><\/p>\n\n\n\n<p>Folha de Londrina, 01 de julho de 2024.<\/p>\n<\/div><\/div>\n\n\n\n<hr class=\"wp-block-separator has-alpha-channel-opacity\" \/>\n\n\n\n<div class=\"wp-block-media-text is-stacked-on-mobile\" style=\"grid-template-columns:15% auto\"><figure class=\"wp-block-media-text__media\"><img loading=\"lazy\" decoding=\"async\" width=\"1024\" height=\"315\" src=\"https:\/\/sites.uel.br\/ninter\/wp-content\/uploads\/2025\/10\/imagem_2025-10-11_163922976-1024x315.png\" alt=\"\" class=\"wp-image-321 size-full\" srcset=\"https:\/\/sites.uel.br\/ninter\/wp-content\/uploads\/2025\/10\/imagem_2025-10-11_163922976-1024x315.png 1024w, https:\/\/sites.uel.br\/ninter\/wp-content\/uploads\/2025\/10\/imagem_2025-10-11_163922976-300x92.png 300w, https:\/\/sites.uel.br\/ninter\/wp-content\/uploads\/2025\/10\/imagem_2025-10-11_163922976-768x236.png 768w, https:\/\/sites.uel.br\/ninter\/wp-content\/uploads\/2025\/10\/imagem_2025-10-11_163922976.png 1090w\" sizes=\"auto, (max-width: 1024px) 100vw, 1024px\" \/><\/figure><div class=\"wp-block-media-text__content\">\n<p><a href=\"https:\/\/operobal.uel.br\/eventos\/2024\/06\/20\/ninter-lanca-observatorio-de-residuos-solidos-e-projeto-voltado-a-condominios\" target=\"_blank\" rel=\"noreferrer noopener\"><strong>Ninter lan\u00e7a Observat\u00f3rio de Res\u00edduos S\u00f3lidos e projeto voltado a condom\u00ednios<\/strong>.<\/a><\/p>\n\n\n\n<p>O Perobal, 20 de junho de 2024.<\/p>\n<\/div><\/div>\n\n\n\n<hr class=\"wp-block-separator has-alpha-channel-opacity\" \/>\n\n\n\n<div class=\"wp-block-media-text is-stacked-on-mobile\" style=\"grid-template-columns:15% auto\"><figure class=\"wp-block-media-text__media\"><img loading=\"lazy\" decoding=\"async\" width=\"382\" height=\"190\" src=\"https:\/\/sites.uel.br\/ninter\/wp-content\/uploads\/2025\/10\/imagem_2025-10-11_164048175.png\" alt=\"\" class=\"wp-image-322 size-full\" srcset=\"https:\/\/sites.uel.br\/ninter\/wp-content\/uploads\/2025\/10\/imagem_2025-10-11_164048175.png 382w, https:\/\/sites.uel.br\/ninter\/wp-content\/uploads\/2025\/10\/imagem_2025-10-11_164048175-300x149.png 300w\" sizes=\"auto, (max-width: 382px) 100vw, 382px\" \/><\/figure><div class=\"wp-block-media-text__content\">\n<p><a href=\"https:\/\/youtu.be\/xTzU66S7AGQ?si=jsxg9CuwrVAPZ_Hz\" target=\"_blank\" rel=\"noreferrer noopener\"><strong><strong>Ninter promove mais uma edi\u00e7\u00e3o do Semin\u00e1rio Interdisciplinar de Res\u00edduos<\/strong><\/strong>.<\/a><\/p>\n\n\n\n<p>R\u00e1dio UEL, Revista do Meio-Dia, 20 de junho de 2024.<\/p>\n<\/div><\/div>\n\n\n\n<hr class=\"wp-block-separator has-alpha-channel-opacity\" \/>\n\n\n\n<div class=\"wp-block-media-text is-stacked-on-mobile\" style=\"grid-template-columns:15% auto\"><figure class=\"wp-block-media-text__media\"><img loading=\"lazy\" decoding=\"async\" width=\"233\" height=\"85\" src=\"https:\/\/sites.uel.br\/ninter\/wp-content\/uploads\/2025\/11\/imagem_2025-11-14_142918402.png\" alt=\"\" class=\"wp-image-649 size-full\" \/><\/figure><div class=\"wp-block-media-text__content\">\n<p><strong><a href=\"https:\/\/taroba.com.br\/noticias\/cidade\/cooperativas-de-reciclaveis-acumulam-prejuizos-e-setor-pode-colapsar-em-londrina\" data-type=\"link\" data-id=\"https:\/\/taroba.com.br\/noticias\/cidade\/cooperativas-de-reciclaveis-acumulam-prejuizos-e-setor-pode-colapsar-em-londrina\" target=\"_blank\" rel=\"noreferrer noopener\">Cooperativas de recicl\u00e1veis alegam preju\u00edzos e setor pode colapsam em Londrina.<\/a><\/strong><\/p>\n\n\n\n<p>TV Tarob\u00e1 Bandeirantes, Tarob\u00e1 Not\u00edcias, 24 de janeiro de 2024.<\/p>\n<\/div><\/div>\n\n\n\n<hr class=\"wp-block-separator has-alpha-channel-opacity\" \/>\n\n\n\n<div class=\"wp-block-media-text is-stacked-on-mobile\" style=\"grid-template-columns:15% auto\"><figure class=\"wp-block-media-text__media\"><img loading=\"lazy\" decoding=\"async\" width=\"1024\" height=\"608\" src=\"https:\/\/sites.uel.br\/ninter\/wp-content\/uploads\/2025\/10\/imagem_2025-10-11_164324334-1024x608.png\" alt=\"\" class=\"wp-image-324 size-full\" srcset=\"https:\/\/sites.uel.br\/ninter\/wp-content\/uploads\/2025\/10\/imagem_2025-10-11_164324334-1024x608.png 1024w, https:\/\/sites.uel.br\/ninter\/wp-content\/uploads\/2025\/10\/imagem_2025-10-11_164324334-300x178.png 300w, https:\/\/sites.uel.br\/ninter\/wp-content\/uploads\/2025\/10\/imagem_2025-10-11_164324334-768x456.png 768w, https:\/\/sites.uel.br\/ninter\/wp-content\/uploads\/2025\/10\/imagem_2025-10-11_164324334.png 1064w\" sizes=\"auto, (max-width: 1024px) 100vw, 1024px\" \/><\/figure><div class=\"wp-block-media-text__content\">\n<p><strong><a href=\"https:\/\/youtu.be\/8lPdJOX1gfc?si=XpDl4q2J_WhHd3J7\" target=\"_blank\" rel=\"noreferrer noopener\">Cooperativas reclamam de falta de repasse p\u00fablico.<\/a><\/strong><\/p>\n\n\n\n<p>RIC TV Record, Balan\u00e7o Geral, 19 de janeiro de 2024.<\/p>\n<\/div><\/div>\n\n\n\n<hr class=\"wp-block-separator has-alpha-channel-opacity\" \/>\n\n\n\n<div class=\"wp-block-media-text is-stacked-on-mobile\" style=\"grid-template-columns:15% auto\"><figure class=\"wp-block-media-text__media\"><img loading=\"lazy\" decoding=\"async\" width=\"822\" height=\"646\" src=\"https:\/\/sites.uel.br\/ninter\/wp-content\/uploads\/2025\/10\/imagem_2025-10-11_164622147.png\" alt=\"\" class=\"wp-image-325 size-full\" srcset=\"https:\/\/sites.uel.br\/ninter\/wp-content\/uploads\/2025\/10\/imagem_2025-10-11_164622147.png 822w, https:\/\/sites.uel.br\/ninter\/wp-content\/uploads\/2025\/10\/imagem_2025-10-11_164622147-300x236.png 300w, https:\/\/sites.uel.br\/ninter\/wp-content\/uploads\/2025\/10\/imagem_2025-10-11_164622147-768x604.png 768w\" sizes=\"auto, (max-width: 822px) 100vw, 822px\" \/><\/figure><div class=\"wp-block-media-text__content\">\n<p><strong><a href=\"https:\/\/www.youtube.com\/watch?si=VUUOzZg07sG6Bzpj&amp;v=aPKJdQ0ZREU&amp;feature=youtu.be\" target=\"_blank\" rel=\"noreferrer noopener\">Especialista aponta poss\u00edveis alternativas para recicl\u00e1veis em Londrina.<\/a><\/strong><\/p>\n\n\n\n<p>RPC TV, Globo, Meio Dia Paran\u00e1, 17 de janeiro de 2024.<\/p>\n<\/div><\/div>\n\n\n\n<div style=\"height:50px\" aria-hidden=\"true\" class=\"wp-block-spacer\"><\/div>\n\n\n\n<h2 class=\"wp-block-heading has-text-align-center\">2023<\/h2>\n\n\n\n<div style=\"height:20px\" aria-hidden=\"true\" class=\"wp-block-spacer\"><\/div>\n\n\n\n<div class=\"wp-block-media-text is-stacked-on-mobile\" style=\"grid-template-columns:15% auto\"><figure class=\"wp-block-media-text__media\"><img loading=\"lazy\" decoding=\"async\" width=\"579\" height=\"406\" src=\"https:\/\/sites.uel.br\/ninter\/wp-content\/uploads\/2025\/10\/imagem_2025-10-11_164717525.png\" alt=\"\" class=\"wp-image-326 size-full\" srcset=\"https:\/\/sites.uel.br\/ninter\/wp-content\/uploads\/2025\/10\/imagem_2025-10-11_164717525.png 579w, https:\/\/sites.uel.br\/ninter\/wp-content\/uploads\/2025\/10\/imagem_2025-10-11_164717525-300x210.png 300w\" sizes=\"auto, (max-width: 579px) 100vw, 579px\" \/><\/figure><div class=\"wp-block-media-text__content\">\n<p><strong><a href=\"https:\/\/operobal.uel.br\/politica\/2023\/08\/25\/audiencia-publica-debate-desafios-da-reciclagem-de-residuos-no-parana\" target=\"_blank\" rel=\"noreferrer noopener\">Audi\u00eancia P\u00fablica debate desafios da reciclagem de res\u00edduos no Paran\u00e1.<\/a><\/strong><\/p>\n\n\n\n<p>O Perobal, 25 de agosto de 2023.<\/p>\n<\/div><\/div>\n\n\n\n<hr class=\"wp-block-separator has-alpha-channel-opacity\" \/>\n\n\n\n<div class=\"wp-block-media-text is-stacked-on-mobile\" style=\"grid-template-columns:15% auto\"><figure class=\"wp-block-media-text__media\"><img loading=\"lazy\" decoding=\"async\" width=\"545\" height=\"367\" src=\"https:\/\/sites.uel.br\/ninter\/wp-content\/uploads\/2025\/10\/imagem_2025-10-11_164800445.png\" alt=\"\" class=\"wp-image-327 size-full\" srcset=\"https:\/\/sites.uel.br\/ninter\/wp-content\/uploads\/2025\/10\/imagem_2025-10-11_164800445.png 545w, https:\/\/sites.uel.br\/ninter\/wp-content\/uploads\/2025\/10\/imagem_2025-10-11_164800445-300x202.png 300w\" sizes=\"auto, (max-width: 545px) 100vw, 545px\" \/><\/figure><div class=\"wp-block-media-text__content\">\n<p><a href=\"https:\/\/operobal.uel.br\/extensao\/2023\/05\/17\/projeto-da-uel-entrega-kits-de-higiene-bucal-a-trabalhadores-de-cooperativas-de-materiais-reciclaveis\" target=\"_blank\" rel=\"noreferrer noopener\"><strong>Projeto entrega kits de higiene bucal a cooperativas de catadores<\/strong>.<\/a><\/p>\n\n\n\n<p>O Perobal, 17 de maio de 2023.<\/p>\n<\/div><\/div>\n\n\n\n<hr class=\"wp-block-separator has-alpha-channel-opacity\" \/>\n\n\n\n<div class=\"wp-block-media-text is-stacked-on-mobile\" style=\"grid-template-columns:15% auto\"><figure class=\"wp-block-media-text__media\"><img loading=\"lazy\" decoding=\"async\" width=\"645\" height=\"386\" src=\"https:\/\/sites.uel.br\/ninter\/wp-content\/uploads\/2025\/10\/imagem_2025-10-11_165023988.png\" alt=\"\" class=\"wp-image-329 size-full\" srcset=\"https:\/\/sites.uel.br\/ninter\/wp-content\/uploads\/2025\/10\/imagem_2025-10-11_165023988.png 645w, https:\/\/sites.uel.br\/ninter\/wp-content\/uploads\/2025\/10\/imagem_2025-10-11_165023988-300x180.png 300w\" sizes=\"auto, (max-width: 645px) 100vw, 645px\" \/><\/figure><div class=\"wp-block-media-text__content\">\n<p><a href=\"https:\/\/www.bonde.com.br\/educacao\/projeto-confecciona-acessorios-de-moda-e-design-de-interiores-a-partir-de-residuos-texteis\" target=\"_blank\" rel=\"noreferrer noopener\"><strong>Projeto da UEL confecciona acess\u00f3rios de moda e design de interiores a partir de res\u00edduos t\u00eaxteis<\/strong>.<\/a><\/p>\n\n\n\n<p>Bonde Not\u00edcias, 03 de maio de 2023.<\/p>\n<\/div><\/div>\n\n\n\n<hr class=\"wp-block-separator has-alpha-channel-opacity\" \/>\n\n\n\n<div class=\"wp-block-media-text is-stacked-on-mobile\" style=\"grid-template-columns:15% auto\"><figure class=\"wp-block-media-text__media\"><img loading=\"lazy\" decoding=\"async\" width=\"754\" height=\"453\" src=\"https:\/\/sites.uel.br\/ninter\/wp-content\/uploads\/2025\/10\/imagem_2025-10-11_165131334.png\" alt=\"\" class=\"wp-image-331 size-full\" srcset=\"https:\/\/sites.uel.br\/ninter\/wp-content\/uploads\/2025\/10\/imagem_2025-10-11_165131334.png 754w, https:\/\/sites.uel.br\/ninter\/wp-content\/uploads\/2025\/10\/imagem_2025-10-11_165131334-300x180.png 300w\" sizes=\"auto, (max-width: 754px) 100vw, 754px\" \/><\/figure><div class=\"wp-block-media-text__content\">\n<p><a href=\"https:\/\/taroba.com.br\/noticias\/cidade\/projeto-da-uel-confecciona-acessorios-de-moda-a-partir-de-residuos-texteis\" target=\"_blank\" rel=\"noreferrer noopener\"><strong>Projeto da UEL confecciona acess\u00f3rios de moda a partir de res\u00edduos t\u00eaxteis<\/strong>.<\/a><\/p>\n\n\n\n<p>Taroba News, 02 de maio de 2023.<\/p>\n<\/div><\/div>\n\n\n\n<hr class=\"wp-block-separator has-alpha-channel-opacity\" \/>\n\n\n\n<div class=\"wp-block-media-text is-stacked-on-mobile\" style=\"grid-template-columns:15% auto\"><figure class=\"wp-block-media-text__media\"><img loading=\"lazy\" decoding=\"async\" width=\"1024\" height=\"557\" src=\"https:\/\/sites.uel.br\/ninter\/wp-content\/uploads\/2025\/10\/imagem_2025-10-11_165227490-1024x557.png\" alt=\"\" class=\"wp-image-332 size-full\" srcset=\"https:\/\/sites.uel.br\/ninter\/wp-content\/uploads\/2025\/10\/imagem_2025-10-11_165227490-1024x557.png 1024w, https:\/\/sites.uel.br\/ninter\/wp-content\/uploads\/2025\/10\/imagem_2025-10-11_165227490-300x163.png 300w, https:\/\/sites.uel.br\/ninter\/wp-content\/uploads\/2025\/10\/imagem_2025-10-11_165227490-768x418.png 768w, https:\/\/sites.uel.br\/ninter\/wp-content\/uploads\/2025\/10\/imagem_2025-10-11_165227490.png 1186w\" sizes=\"auto, (max-width: 1024px) 100vw, 1024px\" \/><\/figure><div class=\"wp-block-media-text__content\">\n<p><a href=\"https:\/\/youtu.be\/Tlnf8LGvZ9o?si=8ovoHjeNM9_u5-hT\" target=\"_blank\" rel=\"noreferrer noopener\"><strong>Maior separa\u00e7\u00e3o de material no ponto gerador auxilia na reciclagem: a proposta da Central Multisseletiva<\/strong>.<\/a><\/p>\n\n\n\n<p>RICTV Londrina, 12 de abril de 2023.<\/p>\n<\/div><\/div>\n\n\n\n<hr class=\"wp-block-separator has-alpha-channel-opacity\" \/>\n\n\n\n<div class=\"wp-block-media-text is-stacked-on-mobile\" style=\"grid-template-columns:15% auto\"><figure class=\"wp-block-media-text__media\"><img loading=\"lazy\" decoding=\"async\" width=\"615\" height=\"393\" src=\"https:\/\/sites.uel.br\/ninter\/wp-content\/uploads\/2025\/10\/imagem_2025-10-11_165328598.png\" alt=\"\" class=\"wp-image-333 size-full\" srcset=\"https:\/\/sites.uel.br\/ninter\/wp-content\/uploads\/2025\/10\/imagem_2025-10-11_165328598.png 615w, https:\/\/sites.uel.br\/ninter\/wp-content\/uploads\/2025\/10\/imagem_2025-10-11_165328598-300x192.png 300w\" sizes=\"auto, (max-width: 615px) 100vw, 615px\" \/><\/figure><div class=\"wp-block-media-text__content\">\n<p><a href=\"https:\/\/www.folhadelondrina.com.br\/colunistas\/inovacao-e-empreendedorismo\/ciencia-que-transforma-muito-alem-de-pesquisa-academica-3230025e.html?_=amp\" target=\"_blank\" rel=\"noreferrer noopener\"><strong>Ci\u00eancia que transforma: muito al\u00e9m de pesquisa acad\u00eamica<\/strong>.<\/a><\/p>\n\n\n\n<p>Folha de Londrina, 27 de mar\u00e7o de 2023.<\/p>\n<\/div><\/div>\n\n\n\n<hr class=\"wp-block-separator has-alpha-channel-opacity\" \/>\n\n\n\n<div class=\"wp-block-media-text is-stacked-on-mobile\" style=\"grid-template-columns:15% auto\"><figure class=\"wp-block-media-text__media\"><img loading=\"lazy\" decoding=\"async\" width=\"713\" height=\"442\" src=\"https:\/\/sites.uel.br\/ninter\/wp-content\/uploads\/2025\/10\/imagem_2025-10-11_165408379.png\" alt=\"\" class=\"wp-image-334 size-full\" srcset=\"https:\/\/sites.uel.br\/ninter\/wp-content\/uploads\/2025\/10\/imagem_2025-10-11_165408379.png 713w, https:\/\/sites.uel.br\/ninter\/wp-content\/uploads\/2025\/10\/imagem_2025-10-11_165408379-300x186.png 300w\" sizes=\"auto, (max-width: 713px) 100vw, 713px\" \/><\/figure><div class=\"wp-block-media-text__content\">\n<p><a href=\"https:\/\/operobal.uel.br\/ultimas\/2023\/03\/21\/projeto-desenvolvido-no-hu-e-licao-de-sustentabilidade-e-cidadania\" target=\"_blank\" rel=\"noreferrer noopener\"><strong>Projeto desenvolvido no HU \u00e9 li\u00e7\u00e3o de sustentabilidade e cidadania<\/strong>.<\/a><\/p>\n\n\n\n<p>O Perobal, 21 de mar\u00e7o de 2023.<\/p>\n<\/div><\/div>\n\n\n\n<hr class=\"wp-block-separator has-alpha-channel-opacity\" \/>\n\n\n\n<div class=\"wp-block-media-text is-stacked-on-mobile\" style=\"grid-template-columns:15% auto\"><figure class=\"wp-block-media-text__media\"><img loading=\"lazy\" decoding=\"async\" width=\"854\" height=\"590\" src=\"https:\/\/sites.uel.br\/ninter\/wp-content\/uploads\/2025\/10\/imagem_2025-10-11_165436559.png\" alt=\"\" class=\"wp-image-335 size-full\" srcset=\"https:\/\/sites.uel.br\/ninter\/wp-content\/uploads\/2025\/10\/imagem_2025-10-11_165436559.png 854w, https:\/\/sites.uel.br\/ninter\/wp-content\/uploads\/2025\/10\/imagem_2025-10-11_165436559-300x207.png 300w, https:\/\/sites.uel.br\/ninter\/wp-content\/uploads\/2025\/10\/imagem_2025-10-11_165436559-768x531.png 768w\" sizes=\"auto, (max-width: 854px) 100vw, 854px\" \/><\/figure><div class=\"wp-block-media-text__content\">\n<p><a href=\"https:\/\/www.folhadelondrina.com.br\/economia\/tecnologia-gerada-na-uel-pode-melhorar-coleta-seletiva-3229765e.html?d=1\" target=\"_blank\" rel=\"noreferrer noopener\"><strong>Tecnologia gerada pela UEL pode melhorar coleta seletiva<\/strong>.<\/a><\/p>\n\n\n\n<p>Folha de Londrina, 19 de mar\u00e7o de 2023.<\/p>\n<\/div><\/div>\n\n\n\n<hr class=\"wp-block-separator has-alpha-channel-opacity\" \/>\n\n\n\n<div class=\"wp-block-media-text is-stacked-on-mobile\" style=\"grid-template-columns:15% auto\"><figure class=\"wp-block-media-text__media\"><img loading=\"lazy\" decoding=\"async\" width=\"705\" height=\"474\" src=\"https:\/\/sites.uel.br\/ninter\/wp-content\/uploads\/2025\/10\/imagem_2025-10-11_165505361.png\" alt=\"\" class=\"wp-image-336 size-full\" srcset=\"https:\/\/sites.uel.br\/ninter\/wp-content\/uploads\/2025\/10\/imagem_2025-10-11_165505361.png 705w, https:\/\/sites.uel.br\/ninter\/wp-content\/uploads\/2025\/10\/imagem_2025-10-11_165505361-300x202.png 300w\" sizes=\"auto, (max-width: 705px) 100vw, 705px\" \/><\/figure><div class=\"wp-block-media-text__content\">\n<p><a href=\"https:\/\/operobal.uel.br\/cesa\/2023\/03\/14\/universidade-assina-termo-de-transferencia-de-know-how-para-coleta-seletiva-em-condominios\" target=\"_blank\" rel=\"noreferrer noopener\"><strong>Universidade assina termo de transfer\u00eancia de know-how para coleta seletiva em condom\u00ednios<\/strong>.<\/a><\/p>\n\n\n\n<p>O Perobal, 14 de mar\u00e7o de 2023.<\/p>\n<\/div><\/div>\n\n\n\n<div style=\"height:50px\" aria-hidden=\"true\" class=\"wp-block-spacer\"><\/div>\n\n\n\n<h2 class=\"wp-block-heading has-text-align-center\">ANOS ANTERIORES<\/h2>\n\n\n\n<div style=\"height:21px\" aria-hidden=\"true\" class=\"wp-block-spacer\"><\/div>\n\n\n\n<details class=\"wp-block-details is-layout-flow wp-block-details-is-layout-flow\"><summary><strong>2022<\/strong><\/summary>\n<div class=\"wp-block-media-text is-stacked-on-mobile\" style=\"grid-template-columns:15% auto\"><figure class=\"wp-block-media-text__media\"><img loading=\"lazy\" decoding=\"async\" width=\"712\" height=\"558\" src=\"https:\/\/sites.uel.br\/ninter\/wp-content\/uploads\/2025\/10\/imagem_2025-10-11_170320297.png\" alt=\"\" class=\"wp-image-339 size-full\" srcset=\"https:\/\/sites.uel.br\/ninter\/wp-content\/uploads\/2025\/10\/imagem_2025-10-11_170320297.png 712w, https:\/\/sites.uel.br\/ninter\/wp-content\/uploads\/2025\/10\/imagem_2025-10-11_170320297-300x235.png 300w\" sizes=\"auto, (max-width: 712px) 100vw, 712px\" \/><\/figure><div class=\"wp-block-media-text__content\">\n<p><a href=\"https:\/\/operobal.uel.br\/sociedade\/2022\/12\/08\/sistema-brt-recebe-doacao-de-duas-mil-pecas-de-roupas-de-empresa-parceira\"><strong>Sistema Banco de Res\u00edduos T\u00eaxteis recebe doa\u00e7\u00e3o de 2000 pe\u00e7as de roupas de empresa parceira<\/strong>.<\/a><\/p>\n\n\n\n<p>O Perobal, 08 de dezembro de 2022.<\/p>\n<\/div><\/div>\n\n\n\n<hr class=\"wp-block-separator has-alpha-channel-opacity\" \/>\n\n\n\n<div class=\"wp-block-media-text is-stacked-on-mobile\" style=\"grid-template-columns:15% auto\"><figure class=\"wp-block-media-text__media\"><img loading=\"lazy\" decoding=\"async\" width=\"630\" height=\"476\" src=\"https:\/\/sites.uel.br\/ninter\/wp-content\/uploads\/2025\/10\/imagem_2025-10-11_170351008.png\" alt=\"\" class=\"wp-image-340 size-full\" srcset=\"https:\/\/sites.uel.br\/ninter\/wp-content\/uploads\/2025\/10\/imagem_2025-10-11_170351008.png 630w, https:\/\/sites.uel.br\/ninter\/wp-content\/uploads\/2025\/10\/imagem_2025-10-11_170351008-300x227.png 300w\" sizes=\"auto, (max-width: 630px) 100vw, 630px\" \/><\/figure><div class=\"wp-block-media-text__content\">\n<p><strong><a href=\"https:\/\/www.folhadelondrina.com.br\/cidades\/cooperativa-em-londrina-tera-renda-extra-com-banco-de-residuos-texteis-3224139e.html?d=1\">Cooperativa de Londrina ter\u00e1 renda extra com Banco de Res\u00edduos T\u00eaxteis.<\/a><\/strong><\/p>\n\n\n\n<p>Folha de Londrina, 24 de outubro de 2022.<\/p>\n<\/div><\/div>\n\n\n\n<hr class=\"wp-block-separator has-alpha-channel-opacity\" \/>\n\n\n\n<div class=\"wp-block-media-text is-stacked-on-mobile\" style=\"grid-template-columns:15% auto\"><figure class=\"wp-block-media-text__media\"><img loading=\"lazy\" decoding=\"async\" width=\"862\" height=\"584\" src=\"https:\/\/sites.uel.br\/ninter\/wp-content\/uploads\/2025\/10\/imagem_2025-10-11_170454388.png\" alt=\"\" class=\"wp-image-341 size-full\" srcset=\"https:\/\/sites.uel.br\/ninter\/wp-content\/uploads\/2025\/10\/imagem_2025-10-11_170454388.png 862w, https:\/\/sites.uel.br\/ninter\/wp-content\/uploads\/2025\/10\/imagem_2025-10-11_170454388-300x203.png 300w, https:\/\/sites.uel.br\/ninter\/wp-content\/uploads\/2025\/10\/imagem_2025-10-11_170454388-768x520.png 768w\" sizes=\"auto, (max-width: 862px) 100vw, 862px\" \/><\/figure><div class=\"wp-block-media-text__content\">\n<p><strong><a href=\"https:\/\/drive.google.com\/file\/d\/1IWBc5VYtgn-Qfx479q9rhgJNprtdPqXl\/view\">Coleta seletiva \u00e9 tema de estudo t\u00e9cnico e pol\u00eamica.<\/a><\/strong><\/p>\n\n\n\n<p>Folha de Londrina, 17 de outubro de 2022.<\/p>\n<\/div><\/div>\n\n\n\n<hr class=\"wp-block-separator has-alpha-channel-opacity\" \/>\n\n\n\n<div class=\"wp-block-media-text is-stacked-on-mobile\" style=\"grid-template-columns:15% auto\"><figure class=\"wp-block-media-text__media\"><img loading=\"lazy\" decoding=\"async\" width=\"310\" height=\"75\" src=\"https:\/\/sites.uel.br\/ninter\/wp-content\/uploads\/2025\/10\/imagem_2025-10-11_170523134.png\" alt=\"\" class=\"wp-image-342 size-full\" srcset=\"https:\/\/sites.uel.br\/ninter\/wp-content\/uploads\/2025\/10\/imagem_2025-10-11_170523134.png 310w, https:\/\/sites.uel.br\/ninter\/wp-content\/uploads\/2025\/10\/imagem_2025-10-11_170523134-300x73.png 300w\" sizes=\"auto, (max-width: 310px) 100vw, 310px\" \/><\/figure><div class=\"wp-block-media-text__content\">\n<p><strong><a href=\"https:\/\/radio.uel.br\/wp-content\/uploads\/2022\/10\/04-10-22-SEMINARIO-NINTER.mp3\">Entrevista sobre o III Semin\u00e1rio Interdisciplinar e o lan\u00e7amento do Observat\u00f3rio.<\/a><\/strong><\/p>\n\n\n\n<p>R\u00e1dio UEL, Revista do Meio-Dia, 04 de outubro de 2022.<\/p>\n<\/div><\/div>\n\n\n\n<hr class=\"wp-block-separator has-alpha-channel-opacity\" \/>\n\n\n\n<div class=\"wp-block-media-text is-stacked-on-mobile\" style=\"grid-template-columns:15% auto\"><figure class=\"wp-block-media-text__media\"><img loading=\"lazy\" decoding=\"async\" width=\"269\" height=\"140\" src=\"https:\/\/sites.uel.br\/ninter\/wp-content\/uploads\/2025\/10\/imagem_2025-10-11_170555461.png\" alt=\"\" class=\"wp-image-343 size-full\" \/><\/figure><div class=\"wp-block-media-text__content\">\n<p><strong><a href=\"https:\/\/operobal.uel.br\/sociedade\/2022\/09\/30\/ninter-promove-seminario-de-pesquisa-em-residuos-na-proxima-terca-4\">NINTER promove Semin\u00e1rio Interdisciplinar de Pesquisa em Res\u00edduos na pr\u00f3xima ter\u00e7a (4).<\/a><\/strong><\/p>\n\n\n\n<p>O Perobal, 30 de setembro de 2022.<\/p>\n<\/div><\/div>\n\n\n\n<hr class=\"wp-block-separator has-alpha-channel-opacity\" \/>\n\n\n\n<div class=\"wp-block-media-text is-stacked-on-mobile\" style=\"grid-template-columns:15% auto\"><figure class=\"wp-block-media-text__media\"><img loading=\"lazy\" decoding=\"async\" width=\"713\" height=\"537\" src=\"https:\/\/sites.uel.br\/ninter\/wp-content\/uploads\/2025\/10\/imagem_2025-10-11_170627713.png\" alt=\"\" class=\"wp-image-344 size-full\" srcset=\"https:\/\/sites.uel.br\/ninter\/wp-content\/uploads\/2025\/10\/imagem_2025-10-11_170627713.png 713w, https:\/\/sites.uel.br\/ninter\/wp-content\/uploads\/2025\/10\/imagem_2025-10-11_170627713-300x226.png 300w\" sizes=\"auto, (max-width: 713px) 100vw, 713px\" \/><\/figure><div class=\"wp-block-media-text__content\">\n<p><strong><a href=\"https:\/\/operobal.uel.br\/inovacao\/2022\/09\/15\/intuel-recebe-cinco-novos-projetos-e-empresas-para-assinatura-dos-termos-de-compromisso\">Intuel recebe cinco novos projetos e empresas para assinatura dos termos de compromisso.<\/a><\/strong><\/p>\n\n\n\n<p>O Perobal, 15 de setembro de 2022.<\/p>\n<\/div><\/div>\n\n\n\n<hr class=\"wp-block-separator has-alpha-channel-opacity\" \/>\n\n\n\n<div class=\"wp-block-media-text is-stacked-on-mobile\" style=\"grid-template-columns:15% auto\"><figure class=\"wp-block-media-text__media\"><img loading=\"lazy\" decoding=\"async\" width=\"535\" height=\"327\" src=\"https:\/\/sites.uel.br\/ninter\/wp-content\/uploads\/2025\/10\/imagem_2025-10-11_170725348.png\" alt=\"\" class=\"wp-image-345 size-full\" srcset=\"https:\/\/sites.uel.br\/ninter\/wp-content\/uploads\/2025\/10\/imagem_2025-10-11_170725348.png 535w, https:\/\/sites.uel.br\/ninter\/wp-content\/uploads\/2025\/10\/imagem_2025-10-11_170725348-300x183.png 300w\" sizes=\"auto, (max-width: 535px) 100vw, 535px\" \/><\/figure><div class=\"wp-block-media-text__content\">\n<p><strong><a href=\"https:\/\/drive.google.com\/file\/d\/1I8sItMLGf8J4ELLWD4JePspCaGbrAiEG\/view\">Justi\u00e7a suspende licita\u00e7\u00e3o da CMTU sobre coleta seletiva.<\/a><\/strong><\/p>\n\n\n\n<p>Folha de Londrina, 14 de setembro de 2022.<\/p>\n<\/div><\/div>\n\n\n\n<hr class=\"wp-block-separator has-alpha-channel-opacity\" \/>\n\n\n\n<div class=\"wp-block-media-text is-stacked-on-mobile\" style=\"grid-template-columns:15% auto\"><figure class=\"wp-block-media-text__media\"><img loading=\"lazy\" decoding=\"async\" width=\"633\" height=\"386\" src=\"https:\/\/sites.uel.br\/ninter\/wp-content\/uploads\/2025\/10\/imagem_2025-10-11_170816684.png\" alt=\"\" class=\"wp-image-346 size-full\" srcset=\"https:\/\/sites.uel.br\/ninter\/wp-content\/uploads\/2025\/10\/imagem_2025-10-11_170816684.png 633w, https:\/\/sites.uel.br\/ninter\/wp-content\/uploads\/2025\/10\/imagem_2025-10-11_170816684-300x183.png 300w\" sizes=\"auto, (max-width: 633px) 100vw, 633px\" \/><\/figure><div class=\"wp-block-media-text__content\">\n<p><strong><a href=\"https:\/\/operobal.uel.br\/cesa\/2022\/08\/05\/cesa-ganha-instalacao-artistica-em-campanha-de-reducao-do-uso-do-plastico\">CESA ganha instala\u00e7\u00e3o art\u00edstica em campanha de redu\u00e7\u00e3o do uso do pl\u00e1stico.<\/a><\/strong><\/p>\n\n\n\n<p>O Perobal, 05 de agosto de 2022, p. 3.<\/p>\n<\/div><\/div>\n\n\n\n<hr class=\"wp-block-separator has-alpha-channel-opacity\" \/>\n\n\n\n<div class=\"wp-block-media-text is-stacked-on-mobile\" style=\"grid-template-columns:15% auto\"><figure class=\"wp-block-media-text__media\"><img loading=\"lazy\" decoding=\"async\" width=\"774\" height=\"336\" src=\"https:\/\/sites.uel.br\/ninter\/wp-content\/uploads\/2025\/10\/imagem_2025-10-11_170848583.png\" alt=\"\" class=\"wp-image-347 size-full\" srcset=\"https:\/\/sites.uel.br\/ninter\/wp-content\/uploads\/2025\/10\/imagem_2025-10-11_170848583.png 774w, https:\/\/sites.uel.br\/ninter\/wp-content\/uploads\/2025\/10\/imagem_2025-10-11_170848583-300x130.png 300w, https:\/\/sites.uel.br\/ninter\/wp-content\/uploads\/2025\/10\/imagem_2025-10-11_170848583-768x333.png 768w\" sizes=\"auto, (max-width: 774px) 100vw, 774px\" \/><\/figure><div class=\"wp-block-media-text__content\">\n<p><strong><a href=\"https:\/\/operobal.uel.br\/ultimas\/2022\/07\/14\/uel-vai-implementar-programa-de-reducao-do-uso-de-plasticos-de-uso-unico\">UEL vai implementar programa de redu\u00e7\u00e3o do uso de pl\u00e1stico.<\/a><\/strong><\/p>\n\n\n\n<p>O Perobal, 14 de julho de 2022.<\/p>\n<\/div><\/div>\n\n\n\n<hr class=\"wp-block-separator has-alpha-channel-opacity\" \/>\n\n\n\n<div class=\"wp-block-media-text is-stacked-on-mobile\" style=\"grid-template-columns:15% auto\"><figure class=\"wp-block-media-text__media\"><img loading=\"lazy\" decoding=\"async\" width=\"633\" height=\"481\" src=\"https:\/\/sites.uel.br\/ninter\/wp-content\/uploads\/2025\/10\/imagem_2025-10-11_170923561.png\" alt=\"\" class=\"wp-image-348 size-full\" srcset=\"https:\/\/sites.uel.br\/ninter\/wp-content\/uploads\/2025\/10\/imagem_2025-10-11_170923561.png 633w, https:\/\/sites.uel.br\/ninter\/wp-content\/uploads\/2025\/10\/imagem_2025-10-11_170923561-300x228.png 300w\" sizes=\"auto, (max-width: 633px) 100vw, 633px\" \/><\/figure><div class=\"wp-block-media-text__content\">\n<p><a href=\"https:\/\/www.folhadelondrina.com.br\/cidades\/londrina-ganha-banco-de-residuos-texteis-com-projeto-pioneiro-no-pais-3206541e.html?d=1\"><strong>Londrina ganha Banco de Res\u00edduos T\u00eaxteis com projeto pioneiro no pa\u00eds<\/strong>.<\/a><\/p>\n\n\n\n<p>Folha de Londrina, 08 de junho de 2022.<\/p>\n<\/div><\/div>\n\n\n\n<hr class=\"wp-block-separator has-alpha-channel-opacity\" \/>\n\n\n\n<div class=\"wp-block-media-text is-stacked-on-mobile\" style=\"grid-template-columns:15% auto\"><figure class=\"wp-block-media-text__media\"><img loading=\"lazy\" decoding=\"async\" width=\"646\" height=\"330\" src=\"https:\/\/sites.uel.br\/ninter\/wp-content\/uploads\/2025\/10\/imagem_2025-10-11_170950639.png\" alt=\"\" class=\"wp-image-349 size-full\" srcset=\"https:\/\/sites.uel.br\/ninter\/wp-content\/uploads\/2025\/10\/imagem_2025-10-11_170950639.png 646w, https:\/\/sites.uel.br\/ninter\/wp-content\/uploads\/2025\/10\/imagem_2025-10-11_170950639-300x153.png 300w\" sizes=\"auto, (max-width: 646px) 100vw, 646px\" \/><\/figure><div class=\"wp-block-media-text__content\">\n<p><a href=\"https:\/\/operobal.uel.br\/ultimas\/2022\/06\/06\/londrina-ganhara-banco-de-residuos-texteis-nesta-terca-feira-7\"><strong>Londrina ganhar\u00e1 Banco de Res\u00edduos T\u00eaxteis nesta ter\u00e7a-feira<\/strong>.<\/a><\/p>\n\n\n\n<p>O Perobal, 06 de junho de 2022.<\/p>\n<\/div><\/div>\n\n\n\n<hr class=\"wp-block-separator has-alpha-channel-opacity\" \/>\n\n\n\n<div class=\"wp-block-media-text is-stacked-on-mobile\" style=\"grid-template-columns:15% auto\"><figure class=\"wp-block-media-text__media\"><img loading=\"lazy\" decoding=\"async\" width=\"192\" height=\"114\" src=\"https:\/\/sites.uel.br\/ninter\/wp-content\/uploads\/2025\/10\/imagem_2025-10-11_171030074.png\" alt=\"\" class=\"wp-image-350 size-full\" \/><\/figure><div class=\"wp-block-media-text__content\">\n<p><a href=\"https:\/\/radio.uel.br\"><strong>Banco de Res\u00edduos T\u00eaxteis<\/strong>.<\/a><\/p>\n\n\n\n<p>R\u00e1dio UEL, Revista do Meio-Dia, 06 de abril de 2022.<\/p>\n<\/div><\/div>\n\n\n\n<hr class=\"wp-block-separator has-alpha-channel-opacity\" \/>\n\n\n\n<div class=\"wp-block-media-text is-stacked-on-mobile\" style=\"grid-template-columns:15% auto\"><figure class=\"wp-block-media-text__media\"><img loading=\"lazy\" decoding=\"async\" width=\"945\" height=\"331\" src=\"https:\/\/sites.uel.br\/ninter\/wp-content\/uploads\/2025\/10\/imagem_2025-10-11_171115382.png\" alt=\"\" class=\"wp-image-351 size-full\" srcset=\"https:\/\/sites.uel.br\/ninter\/wp-content\/uploads\/2025\/10\/imagem_2025-10-11_171115382.png 945w, https:\/\/sites.uel.br\/ninter\/wp-content\/uploads\/2025\/10\/imagem_2025-10-11_171115382-300x105.png 300w, https:\/\/sites.uel.br\/ninter\/wp-content\/uploads\/2025\/10\/imagem_2025-10-11_171115382-768x269.png 768w\" sizes=\"auto, (max-width: 945px) 100vw, 945px\" \/><\/figure><div class=\"wp-block-media-text__content\">\n<p><a href=\"https:\/\/operobal.uel.br\/sociedade\/2022\/04\/08\/integrantes-ninter-camara-vereadores-situacao-coleta-seletiva-londrina\"><strong>Integrantes do NINTER debatem na C\u00e2mara de Vereadores a situa\u00e7\u00e3o da coleta seletiva em Londrina<\/strong>.<\/a><\/p>\n\n\n\n<p>O Perobal, 08 de abril de 2022.<\/p>\n<\/div><\/div>\n\n\n\n<hr class=\"wp-block-separator has-alpha-channel-opacity\" \/>\n\n\n\n<div class=\"wp-block-media-text is-stacked-on-mobile\" style=\"grid-template-columns:15% auto\"><figure class=\"wp-block-media-text__media\"><img loading=\"lazy\" decoding=\"async\" width=\"1014\" height=\"822\" src=\"https:\/\/sites.uel.br\/ninter\/wp-content\/uploads\/2025\/10\/imagem_2025-10-11_171209216.png\" alt=\"\" class=\"wp-image-352 size-full\" srcset=\"https:\/\/sites.uel.br\/ninter\/wp-content\/uploads\/2025\/10\/imagem_2025-10-11_171209216.png 1014w, https:\/\/sites.uel.br\/ninter\/wp-content\/uploads\/2025\/10\/imagem_2025-10-11_171209216-300x243.png 300w, https:\/\/sites.uel.br\/ninter\/wp-content\/uploads\/2025\/10\/imagem_2025-10-11_171209216-768x623.png 768w\" sizes=\"auto, (max-width: 1014px) 100vw, 1014px\" \/><\/figure><div class=\"wp-block-media-text__content\">\n<p><a href=\"https:\/\/www.uel.br\/com\/portal\/pages\/arquivos\/NOTICIA-1410-AB.pdf\"><strong>Projeto instala central de coleta multisseletiva em condom\u00ednio<\/strong>.<\/a><\/p>\n\n\n\n<p>Jornal Not\u00edcia, 09 de mar\u00e7o de 2022.<\/p>\n<\/div><\/div>\n<\/details>\n\n\n\n<div style=\"height:14px\" aria-hidden=\"true\" class=\"wp-block-spacer\"><\/div>\n\n\n\n<details class=\"wp-block-details is-layout-flow wp-block-details-is-layout-flow\"><summary><strong>2021<\/strong><\/summary>\n<div class=\"wp-block-media-text is-stacked-on-mobile\" style=\"grid-template-columns:15% auto\"><figure class=\"wp-block-media-text__media\"><img loading=\"lazy\" decoding=\"async\" width=\"177\" height=\"104\" src=\"https:\/\/sites.uel.br\/ninter\/wp-content\/uploads\/2025\/10\/imagem_2025-10-13_194746353.png\" alt=\"\" class=\"wp-image-355 size-full\" \/><\/figure><div class=\"wp-block-media-text__content\">\n<p><a href=\"https:\/\/radio.uel.br\"><strong>Projeto Coleta Multisseletiva<\/strong>.<\/a><\/p>\n\n\n\n<p>R\u00e1dio UEL, Revista do Meio-Dia, 06 e junho de 2021.<\/p>\n<\/div><\/div>\n\n\n\n<hr class=\"wp-block-separator has-alpha-channel-opacity\" \/>\n\n\n\n<div class=\"wp-block-media-text is-stacked-on-mobile\" style=\"grid-template-columns:15% auto\"><figure class=\"wp-block-media-text__media\"><img loading=\"lazy\" decoding=\"async\" width=\"244\" height=\"106\" src=\"https:\/\/sites.uel.br\/ninter\/wp-content\/uploads\/2025\/10\/imagem_2025-10-13_194827285.png\" alt=\"\" class=\"wp-image-357 size-full\" \/><\/figure><div class=\"wp-block-media-text__content\">\n<p><a href=\"https:\/\/www.parana.pr.gov.br\/aen\/Noticia\/Projeto-da-UEL-instala-central-de-coleta-multisseletiva-de-residuos-em-condominio\"><strong>Projeto da UEL instala central de coleta multisseletiva de res\u00edduos em condom\u00ednio<\/strong>.<\/a><\/p>\n\n\n\n<p>Ag\u00eancia Estadual de Not\u00edcias, 01 de junho de 2021.<\/p>\n<\/div><\/div>\n\n\n\n<hr class=\"wp-block-separator has-alpha-channel-opacity\" \/>\n\n\n\n<div class=\"wp-block-media-text is-stacked-on-mobile\" style=\"grid-template-columns:15% auto\"><figure class=\"wp-block-media-text__media\"><img loading=\"lazy\" decoding=\"async\" width=\"933\" height=\"581\" src=\"https:\/\/sites.uel.br\/ninter\/wp-content\/uploads\/2025\/10\/imagem_2025-10-13_194913859.png\" alt=\"\" class=\"wp-image-358 size-full\" srcset=\"https:\/\/sites.uel.br\/ninter\/wp-content\/uploads\/2025\/10\/imagem_2025-10-13_194913859.png 933w, https:\/\/sites.uel.br\/ninter\/wp-content\/uploads\/2025\/10\/imagem_2025-10-13_194913859-300x187.png 300w, https:\/\/sites.uel.br\/ninter\/wp-content\/uploads\/2025\/10\/imagem_2025-10-13_194913859-768x478.png 768w\" sizes=\"auto, (max-width: 933px) 100vw, 933px\" \/><\/figure><div class=\"wp-block-media-text__content\">\n<p><a href=\"http:\/\/drive.google.com\/file\/u\/1\/d\/1Cy-dAEOLT58_ev6jdNJjN8Yo_cAD4ISx\/view?usp=share_link\"><strong>Central de Res\u00edduos de Londrina recebe 40% de materiais recicl\u00e1veis<\/strong>.<\/a><\/p>\n\n\n\n<p>Folha de Londrina, 02 de mar\u00e7o de 2021.<\/p>\n<\/div><\/div>\n<\/details>\n\n\n\n<div style=\"height:14px\" aria-hidden=\"true\" class=\"wp-block-spacer\"><\/div>\n\n\n\n<details class=\"wp-block-details is-layout-flow wp-block-details-is-layout-flow\"><summary><strong>2020<\/strong><\/summary>\n<div class=\"wp-block-media-text is-stacked-on-mobile\" style=\"grid-template-columns:15% auto\"><figure class=\"wp-block-media-text__media\"><img loading=\"lazy\" decoding=\"async\" width=\"1024\" height=\"318\" src=\"https:\/\/sites.uel.br\/ninter\/wp-content\/uploads\/2025\/10\/imagem_2025-10-13_194955293-1024x318.png\" alt=\"\" class=\"wp-image-359 size-full\" srcset=\"https:\/\/sites.uel.br\/ninter\/wp-content\/uploads\/2025\/10\/imagem_2025-10-13_194955293-1024x318.png 1024w, https:\/\/sites.uel.br\/ninter\/wp-content\/uploads\/2025\/10\/imagem_2025-10-13_194955293-300x93.png 300w, https:\/\/sites.uel.br\/ninter\/wp-content\/uploads\/2025\/10\/imagem_2025-10-13_194955293-768x238.png 768w, https:\/\/sites.uel.br\/ninter\/wp-content\/uploads\/2025\/10\/imagem_2025-10-13_194955293.png 1095w\" sizes=\"auto, (max-width: 1024px) 100vw, 1024px\" \/><\/figure><div class=\"wp-block-media-text__content\">\n<p><a href=\"https:\/\/operobal.uel.br\/sociedade\/2020\/07\/31\/ninter\"><strong>Pesquisa aponta aumento de res\u00edduos e alerta para situa\u00e7\u00e3o das cooperativas<\/strong>.<\/a><\/p>\n\n\n\n<p>O Perobal, 31 de julho de 2020.<\/p>\n<\/div><\/div>\n\n\n\n<hr class=\"wp-block-separator has-alpha-channel-opacity\" \/>\n\n\n\n<div class=\"wp-block-media-text is-stacked-on-mobile\" style=\"grid-template-columns:15% auto\"><figure class=\"wp-block-media-text__media\"><img loading=\"lazy\" decoding=\"async\" width=\"744\" height=\"495\" src=\"https:\/\/sites.uel.br\/ninter\/wp-content\/uploads\/2025\/10\/imagem_2025-10-13_195022682.png\" alt=\"\" class=\"wp-image-360 size-full\" srcset=\"https:\/\/sites.uel.br\/ninter\/wp-content\/uploads\/2025\/10\/imagem_2025-10-13_195022682.png 744w, https:\/\/sites.uel.br\/ninter\/wp-content\/uploads\/2025\/10\/imagem_2025-10-13_195022682-300x200.png 300w\" sizes=\"auto, (max-width: 744px) 100vw, 744px\" \/><\/figure><div class=\"wp-block-media-text__content\">\n<p><a href=\"https:\/\/www.seti.pr.gov.br\/Noticia\/Projeto-auxilia-trabalhadores-de-cooperativa-com-doacao-de-aventais\"><strong>Projeto auxilia trabalhadores de cooperativas com doa\u00e7\u00e3o de aventais<\/strong>.<\/a><\/p>\n\n\n\n<p>Ag\u00eancia Estadual de Not\u00edcias, 23 de abril de 2020.<\/p>\n<\/div><\/div>\n\n\n\n<hr class=\"wp-block-separator has-alpha-channel-opacity\" \/>\n\n\n\n<div class=\"wp-block-media-text is-stacked-on-mobile\" style=\"grid-template-columns:15% auto\"><figure class=\"wp-block-media-text__media\"><img loading=\"lazy\" decoding=\"async\" width=\"637\" height=\"436\" src=\"https:\/\/sites.uel.br\/ninter\/wp-content\/uploads\/2025\/10\/imagem_2025-10-13_195053579.png\" alt=\"\" class=\"wp-image-361 size-full\" srcset=\"https:\/\/sites.uel.br\/ninter\/wp-content\/uploads\/2025\/10\/imagem_2025-10-13_195053579.png 637w, https:\/\/sites.uel.br\/ninter\/wp-content\/uploads\/2025\/10\/imagem_2025-10-13_195053579-300x205.png 300w\" sizes=\"auto, (max-width: 637px) 100vw, 637px\" \/><\/figure><div class=\"wp-block-media-text__content\">\n<p><a href=\"http:\/\/www.folhadelondrina.com.br\/cidades\/grupo-da-uel-realiza-campanha-em-prol-de-catadores-de-reciclaveis-2985961e.html\"><strong>Grupo da UEL realiza campanha em prol de catadores de recicl\u00e1veis<\/strong>.<\/a><\/p>\n\n\n\n<p>Folha de Londrina, 07 de abril de 2020.<\/p>\n<\/div><\/div>\n\n\n\n<hr class=\"wp-block-separator has-alpha-channel-opacity\" \/>\n\n\n\n<div class=\"wp-block-media-text is-stacked-on-mobile\" style=\"grid-template-columns:15% auto\"><figure class=\"wp-block-media-text__media\"><img loading=\"lazy\" decoding=\"async\" width=\"447\" height=\"251\" src=\"https:\/\/sites.uel.br\/ninter\/wp-content\/uploads\/2025\/10\/imagem_2025-10-13_195126212.png\" alt=\"\" class=\"wp-image-362 size-full\" srcset=\"https:\/\/sites.uel.br\/ninter\/wp-content\/uploads\/2025\/10\/imagem_2025-10-13_195126212.png 447w, https:\/\/sites.uel.br\/ninter\/wp-content\/uploads\/2025\/10\/imagem_2025-10-13_195126212-300x168.png 300w\" sizes=\"auto, (max-width: 447px) 100vw, 447px\" \/><\/figure><div class=\"wp-block-media-text__content\">\n<p><a href=\"https:\/\/portalcambe.com.br\/parceria-com-confeccao-de-cambe-produz-8-mil-mascaras-para-o-hu-uel\"><strong>Parceria com confec\u00e7\u00e3o de Camb\u00e9 produz 8 mil m\u00e1scaras para HU\/UEL<\/strong>.<\/a><\/p>\n\n\n\n<p>Portal Camb\u00e9, 28 de mar\u00e7o de 2020.<\/p>\n<\/div><\/div>\n<\/details>\n\n\n\n<div style=\"height:14px\" aria-hidden=\"true\" class=\"wp-block-spacer\"><\/div>\n\n\n\n<details class=\"wp-block-details is-layout-flow wp-block-details-is-layout-flow\"><summary><strong>2019<\/strong><\/summary>\n<div class=\"wp-block-media-text is-stacked-on-mobile\" style=\"grid-template-columns:15% auto\"><figure class=\"wp-block-media-text__media\"><img loading=\"lazy\" decoding=\"async\" width=\"449\" height=\"295\" src=\"https:\/\/sites.uel.br\/ninter\/wp-content\/uploads\/2025\/10\/imagem_2025-10-13_195702905.png\" alt=\"\" class=\"wp-image-363 size-full\" srcset=\"https:\/\/sites.uel.br\/ninter\/wp-content\/uploads\/2025\/10\/imagem_2025-10-13_195702905.png 449w, https:\/\/sites.uel.br\/ninter\/wp-content\/uploads\/2025\/10\/imagem_2025-10-13_195702905-300x197.png 300w\" sizes=\"auto, (max-width: 449px) 100vw, 449px\" \/><\/figure><div class=\"wp-block-media-text__content\">\n<p><a href=\"https:\/\/www.uel.br\/com\/agenciaueldenoticias\/index.php?arq=ARQ_not&amp;id=29520\" data-type=\"link\" data-id=\"https:\/\/www.uel.br\/com\/agenciaueldenoticias\/index.php?arq=ARQ_not&amp;id=29520\"><strong>N\u00facleo prop\u00f5e solu\u00e7\u00e3o inovadora para material descartado pelo HU<\/strong>.<\/a><\/p>\n\n\n\n<p>Ag\u00eancia UEL de Not\u00edcias, 29 de outubro de 2019.<\/p>\n<\/div><\/div>\n\n\n\n<hr class=\"wp-block-separator has-alpha-channel-opacity\" \/>\n\n\n\n<div class=\"wp-block-media-text is-stacked-on-mobile\" style=\"grid-template-columns:15% auto\"><figure class=\"wp-block-media-text__media\"><img loading=\"lazy\" decoding=\"async\" width=\"449\" height=\"294\" src=\"https:\/\/sites.uel.br\/ninter\/wp-content\/uploads\/2025\/10\/imagem_2025-10-13_195727866.png\" alt=\"\" class=\"wp-image-364 size-full\" srcset=\"https:\/\/sites.uel.br\/ninter\/wp-content\/uploads\/2025\/10\/imagem_2025-10-13_195727866.png 449w, https:\/\/sites.uel.br\/ninter\/wp-content\/uploads\/2025\/10\/imagem_2025-10-13_195727866-300x196.png 300w\" sizes=\"auto, (max-width: 449px) 100vw, 449px\" \/><\/figure><div class=\"wp-block-media-text__content\">\n<p><a href=\"https:\/\/www.uel.br\/com\/agenciaueldenoticias\/index.php?arq=ARQ_not&amp;id=28861\"><strong>Especialistas debatem gest\u00e3o de res\u00edduos s\u00f3lidos no Brasil<\/strong>.<\/a><\/p>\n\n\n\n<p>Ag\u00eancia UEL de Not\u00edcias, 22 de julho de 2019.<\/p>\n<\/div><\/div>\n<\/details>\n\n\n\n<div style=\"height:14px\" aria-hidden=\"true\" class=\"wp-block-spacer\"><\/div>\n\n\n\n<details class=\"wp-block-details is-layout-flow wp-block-details-is-layout-flow\"><summary><strong>2018<\/strong><\/summary>\n<div class=\"wp-block-media-text is-stacked-on-mobile\" style=\"grid-template-columns:15% auto\"><figure class=\"wp-block-media-text__media\"><img loading=\"lazy\" decoding=\"async\" width=\"445\" height=\"289\" src=\"https:\/\/sites.uel.br\/ninter\/wp-content\/uploads\/2025\/10\/imagem_2025-10-13_195828794.png\" alt=\"\" class=\"wp-image-365 size-full\" srcset=\"https:\/\/sites.uel.br\/ninter\/wp-content\/uploads\/2025\/10\/imagem_2025-10-13_195828794.png 445w, https:\/\/sites.uel.br\/ninter\/wp-content\/uploads\/2025\/10\/imagem_2025-10-13_195828794-300x195.png 300w\" sizes=\"auto, (max-width: 445px) 100vw, 445px\" \/><\/figure><div class=\"wp-block-media-text__content\">\n<p><a href=\"https:\/\/www.uel.br\/com\/agenciaueldenoticias\/index.php?arq=ARQ_not&amp;id=26064\"><strong>Professores debatem a destina\u00e7\u00e3o de res\u00edduos s\u00f3lidos<\/strong>.<\/a><\/p>\n\n\n\n<p>Ag\u00eancia UEL de Not\u00edcias, 29 de mar\u00e7o de 2018.<\/p>\n<\/div><\/div>\n<\/details>\n\n\n\n<div style=\"height:14px\" aria-hidden=\"true\" class=\"wp-block-spacer\"><\/div>\n","protected":false},"excerpt":{"rendered":"<p>Acompanhe as reportagens, entrevistas e mat\u00e9rias que destacam as pesquisas, projetos e a atua\u00e7\u00e3o do NINTER nos mais diversos ve\u00edculos de comunica\u00e7\u00e3o. 2026 Nota do N\u00facleo de Estudos em Res\u00edduos da UEL sobre a proposta da CMTU para coleta\u00a0seletiva Blog do Z\u00e9 Ot\u00e1vio, 28 de fevereiro de 2026. N\u00facleo de Estudos em Res\u00edduos da UEL [&hellip;]<\/p>\n","protected":false},"author":9,"featured_media":0,"parent":0,"menu_order":0,"comment_status":"closed","ping_status":"closed","template":"","meta":{"_acf_changed":false,"footnotes":""},"class_list":["post-108","page","type-page","status-publish","hentry"],"acf":[],"_links":{"self":[{"href":"https:\/\/sites.uel.br\/ninter\/wp-json\/wp\/v2\/pages\/108","targetHints":{"allow":["GET"]}}],"collection":[{"href":"https:\/\/sites.uel.br\/ninter\/wp-json\/wp\/v2\/pages"}],"about":[{"href":"https:\/\/sites.uel.br\/ninter\/wp-json\/wp\/v2\/types\/page"}],"author":[{"embeddable":true,"href":"https:\/\/sites.uel.br\/ninter\/wp-json\/wp\/v2\/users\/9"}],"replies":[{"embeddable":true,"href":"https:\/\/sites.uel.br\/ninter\/wp-json\/wp\/v2\/comments?post=108"}],"version-history":[{"count":26,"href":"https:\/\/sites.uel.br\/ninter\/wp-json\/wp\/v2\/pages\/108\/revisions"}],"predecessor-version":[{"id":795,"href":"https:\/\/sites.uel.br\/ninter\/wp-json\/wp\/v2\/pages\/108\/revisions\/795"}],"wp:attachment":[{"href":"https:\/\/sites.uel.br\/ninter\/wp-json\/wp\/v2\/media?parent=108"}],"curies":[{"name":"wp","href":"https:\/\/api.w.org\/{rel}","templated":true}]}}