{"id":106,"date":"2025-09-27T14:13:22","date_gmt":"2025-09-27T17:13:22","guid":{"rendered":"https:\/\/sites.uel.br\/ninter\/?page_id=106"},"modified":"2025-11-14T14:20:46","modified_gmt":"2025-11-14T17:20:46","slug":"publicacoes","status":"publish","type":"page","link":"https:\/\/sites.uel.br\/ninter\/publicacoes\/","title":{"rendered":"Publica\u00e7\u00f5es"},"content":{"rendered":"\n<div style=\"height:20px\" aria-hidden=\"true\" class=\"wp-block-spacer\"><\/div>\n\n\n\n<blockquote class=\"wp-block-quote is-layout-flow wp-block-quote-is-layout-flow\">\n<p><em><strong>Importante:<\/strong> <\/em><br>Nesta se\u00e7\u00e3o est\u00e3o apresentadas apenas as publica\u00e7\u00f5es realizadas em coautoria por membros do NINTER. Para conhecer a produ\u00e7\u00e3o completa de um docente, recomendamos acessar seu curr\u00edculo Lattes em nossa p\u00e1gina de <a href=\"https:\/\/sites.uel.br\/ninter\/conselho-diretivo\">Conselho Diretivo<\/a> ou <a href=\"https:\/\/sites.uel.br\/ninter\/membros-participantes\">Membros Participantes<\/a>.<\/p>\n<\/blockquote>\n\n\n\n<div style=\"height:40px\" aria-hidden=\"true\" class=\"wp-block-spacer\"><\/div>\n\n\n\n<h2 class=\"wp-block-heading has-text-align-center\">ARTIGOS EM PER\u00cdODICOS CIENT\u00cdFICOS<\/h2>\n\n\n\n<div style=\"height:20px\" aria-hidden=\"true\" class=\"wp-block-spacer\"><\/div>\n\n\n\n<div class=\"wp-block-group\"><div class=\"wp-block-group__inner-container is-layout-constrained wp-block-group-is-layout-constrained\">\n<p><strong>T\u00edtulo:<\/strong> <a href=\"https:\/\/revistas.pucsp.br\/index.php\/risus\/article\/view\/61988\/43173\" target=\"_blank\" rel=\"noreferrer noopener\"><strong>SOCIAL INNOVATION IN WASTE MANAGEMENT IN RESIDENTIAL BUILDINGS: PROPOSAL OF A CENTER WITH MULTI-SELECTIVE SEPARATION IN BRAZIL <\/strong><\/a><br><strong>Autores:<\/strong> Lilian Aligleri, Camila Santos Doubek Lopes, Caio Victor Louren\u00e7o Rodrigues e Cl\u00e1udio Pereira de Sampaio.<br><strong>Refer\u00eancia:<\/strong> RISUS &#8211; Journal on Innovation and Sustainability v. 14, n., p. 84-98, ago\/set. 2023.<\/p>\n\n\n\n<hr class=\"wp-block-separator has-alpha-channel-opacity\" \/>\n\n\n\n<p><strong>T\u00edtulo:<\/strong> <a href=\"https:\/\/revistas.pucsp.br\/index.php\/risus\/article\/view\/61988\/43173\"><\/a><a href=\"https:\/\/revistas.udesc.br\/index.php\/modapalavra\/article\/view\/23107\/15746\" target=\"_blank\" rel=\"noreferrer noopener\"><u><strong>SISTEMA SOCIOAMBIENTAL PARA REVALORIZA\u00c7\u00c3O DE RES\u00cdDUOS T\u00caXTEIS: HIST\u00d3RICO DE DESENVOLVIMENTO DE UM BANCO DE RES\u00cdDUOS T\u00caXTEIS<\/strong><\/u><\/a><br><strong>Autores:<\/strong> Suzana Barreto Martins, Cl\u00e1udio Pereira de Sampaio e Bheatriz Silvano Graciano.<br><strong>Refer\u00eancia:<\/strong> Moda Palavra, Dossi\u00ea Moda, Sustentabilidade e Inclus\u00e3o, Florian\u00f3polis,&nbsp;v. 16, n. 40, p. 66-117, jul\/dez. 2023.<\/p>\n<\/div><\/div>\n\n\n\n<hr class=\"wp-block-separator has-alpha-channel-opacity\" \/>\n\n\n\n<div class=\"wp-block-group\"><div class=\"wp-block-group__inner-container is-layout-constrained wp-block-group-is-layout-constrained\">\n<p><strong>T\u00edtulo:<\/strong> <a href=\"https:\/\/revistas.pucsp.br\/index.php\/risus\/article\/view\/61988\/43173\"><\/a><strong><a href=\"https:\/\/www.publicacoesacademicas.uniceub.br\/RBPP\/article\/download\/7483\/pdf\" target=\"_blank\" rel=\"noreferrer noopener\"><u><strong>LOG\u00cdSTICA REVERSA DE EMBALAGENS DE P\u00d3S-CONSUMO: AN\u00c1LISE CR\u00cdTICA INTERDISCIPLINAR DAS INTEN\u00c7\u00d5ES EMPRESARIAIS PROPOSTAS NO TERMO DE COMPROMISSO DO RECIRCULA PARA CUMPRIR A POL\u00cdTICA NACIONAL DE RES\u00cdDUOS S\u00d3LIDOS<\/strong><\/u><\/a><\/strong><br><strong>Autores:<\/strong> Lilian Aligleri e Camila Santos Doubek Lopes.<br><strong>Refer\u00eancia:<\/strong> Revista Brasileira de Pol\u00edticas P\u00fablicas, Bras\u00edlia, v. 12, n. 1, p. 318-344, 2022.<\/p>\n\n\n\n<hr class=\"wp-block-separator has-alpha-channel-opacity\" \/>\n\n\n\n<p><strong>T\u00edtulo:<\/strong> <a href=\"https:\/\/revistas.udesc.br\/index.php\/modapalavra\/article\/view\/23107\/15746\" target=\"_blank\" rel=\"noreferrer noopener\"><\/a><u><strong><a href=\"\/Users\/hayam\/Downloads\/anh,+Gerente+da+revista,+Editorial+Danyeli+PT.pdf\" target=\"_blank\" rel=\"noreferrer noopener\"><strong>MEDICAL WASTE: IMPLICATIONS FOR THE NEW CORONAVIRUS PANDEMIC SCENARIO<\/strong><\/a><\/strong><\/u><br><strong>Autores:<\/strong> Danielly Negr\u00e3o Guassu Nogueira, Lilian Aligleri e Cl\u00e1udio Pereira de Sampaio.<br><strong>Refer\u00eancia:<\/strong> Advances in Nursing and Health. v.2, p. 11-15, Londrina, 2020.<\/p>\n<\/div><\/div>\n\n\n\n<hr class=\"wp-block-separator has-alpha-channel-opacity\" \/>\n\n\n\n<p><strong>T\u00edtulo:<\/strong> <u><strong><a href=\"http:\/\/file\/\/\/C:\/Users\/Dell\/Downloads\/39760-204838-1-PB.pdf\" target=\"_blank\" rel=\"noreferrer noopener\"><\/a><strong><strong><a href=\"https:\/\/www.scielo.br\/j\/reaufsm\/a\/9CnJLvVQZC9DfNfpGLQwJzj\/?format=pdf&amp;lang=en\" target=\"_blank\" rel=\"noreferrer noopener\">PUBLIC POLICY SELECTIVITY IN SOLID WASTE IN THE COVID-19 PANDEMIC: EXPONENTIATING THE VULNERABILITY OF THE WASTE PICKERS&#8217; COOPERATIVES IN LONDRINA-PR\u00a0<\/a><\/strong><\/strong><\/strong><\/u><br><strong>Autores:<\/strong> Felipe Nepomuceno Coimbra Santos, Benilson Borinelli, Caroline Nayara Marilac Flor e Lilian Aligleri.<br><strong>Refer\u00eancia:<\/strong> Revista de Administra\u00e7\u00e3o da UFSM, ReA, Santa Maria, v. 14, Edi\u00e7\u00e3o Especial Engema, p. 1201-1220, 2021.<\/p>\n\n\n\n<div style=\"height:40px\" aria-hidden=\"true\" class=\"wp-block-spacer\"><\/div>\n\n\n\n<h2 class=\"wp-block-heading has-text-align-center\">CAP\u00cdTULOS DE LIVRO<\/h2>\n\n\n\n<div style=\"height:20px\" aria-hidden=\"true\" class=\"wp-block-spacer\"><\/div>\n\n\n\n<div class=\"wp-block-group\"><div class=\"wp-block-group__inner-container is-layout-constrained wp-block-group-is-layout-constrained\">\n<p><strong>T\u00edtulo:<\/strong> <a href=\"https:\/\/openaccess.blucher.com.br\/article-details\/09-23697\"><strong><strong><\/strong><\/strong><\/a><strong><strong><a href=\"https:\/\/openaccess.blucher.com.br\/article-details\/09-23697\" target=\"_blank\" rel=\"noreferrer noopener\">MODELO DE GEST\u00c3O DA COLETA SELETIVA NO MUNIC\u00cdPIO DE LONDRINA-PR:&nbsp;&nbsp;ESTRUTURA\u00c7\u00c3O, RESULTADOS E DESAFIOS<\/a><\/strong><\/strong><br><strong>Autores:<\/strong> Lilian Aligleri.<br><strong>Refer\u00eancia:<\/strong> Coleta Seletiva de Res\u00edduos S\u00f3lidos Urbanos: experi\u00eancias nacional e internacionais, p. 167-187. Blucher Open Access, 2022. DOI: 10.5151\/9786555502411-09.<\/p>\n\n\n\n<hr class=\"wp-block-separator has-alpha-channel-opacity\" \/>\n\n\n\n<p><strong>T\u00edtulo:<\/strong> <a href=\"https:\/\/drive.google.com\/file\/d\/1uCacVr1Re-K72xdLjMrnmjdCwVTOlKQI\/view\" target=\"_blank\" rel=\"noreferrer noopener\"><u><strong>COOPERATIVISMO SOLID\u00c1RIO, UNIVERSIDADE E A CRISE NO CAMPO DA COLETA SELETIVA DE RES\u00cdDUOS URBANOS NA CIDADE DE LONDRINA, PARAN\u00c1<\/strong><\/u><\/a><br><strong>Autores:<\/strong> Lilian Aligleri, Benilson Borinelli e Luiz Miguel Luzio dos Santos.<br><strong>Refer\u00eancia:<\/strong> Econom\u00eda social y solidaria en la educaci\u00f3n: un espacio para la innovaci\u00f3n &#8211; tomo 2, p. 191-226. Edicciones Universidad Cooperativa de Colombia, 2020. DOI: 10.16925\/9789587602241.<\/p>\n<\/div><\/div>\n\n\n\n<div style=\"height:40px\" aria-hidden=\"true\" class=\"wp-block-spacer\"><\/div>\n\n\n\n<h2 class=\"wp-block-heading has-text-align-center\">TRABALHOS EM ANAIS DE EVENTOS<\/h2>\n\n\n\n<div style=\"height:20px\" aria-hidden=\"true\" class=\"wp-block-spacer\"><\/div>\n\n\n\n<p><strong>T\u00edtulo<\/strong>: <a href=\"https:\/\/ime.events\/iii-conasust\/anais?utm_source=www.researchgate.net&amp;utm_medium=organic#trabalho\/54050\/a-interacao-do-projeto-de-extensao-de-sensibilizacao-e-separacao-seletiva-de-residuos-em-condominios-residenciais-de-londrina-com-os-objetivos-do-desenvolvimento-sustentavel\" data-type=\"link\" data-id=\"https:\/\/ime.events\/iii-conasust\/anais?utm_source=www.researchgate.net&amp;utm_medium=organic#trabalho\/54050\/a-interacao-do-projeto-de-extensao-de-sensibilizacao-e-separacao-seletiva-de-residuos-em-condominios-residenciais-de-londrina-com-os-objetivos-do-desenvolvimento-sustentavel\" target=\"_blank\" rel=\"noreferrer noopener\"><strong>A intera\u00e7\u00e3o do projeto de extens\u00e3o de sensibiliza\u00e7\u00e3o e separa\u00e7\u00e3o seletiva de res\u00edduos em condom\u00ednios residenciais de Londrina com os objetivos do desenvolvimento sustent\u00e1vel<\/strong><\/a><br><strong>Autores:<\/strong> ALIGLERI, L. et al.<br><strong>Refer\u00eancia:<\/strong> Anais do 3\u00ba Congresso Nacional de Sustentabilidade, Nova Olinda, 2025.<\/p>\n\n\n\n<hr class=\"wp-block-separator has-alpha-channel-opacity\" \/>\n\n\n\n<p><strong>T\u00edtulo<\/strong>: Sensibiliza\u00e7\u00e3o ambiental em condom\u00ednios residenciais: percep\u00e7\u00e3o e h\u00e1bitos de descarte dos res\u00edduos dom\u00e9sticos de estudantes universit\u00e1rios<br><strong>Autores:<\/strong> HAYDU, V. B.; ALIGLERI, L.; FERREIRA, M. E.<br><strong>Refer\u00eancia:<\/strong> Anais do 7\u00ba Sustentare e Wipis, Campinas: PUC Campinas, USP, 2025.<\/p>\n\n\n\n<hr class=\"wp-block-separator has-alpha-channel-opacity\" \/>\n\n\n\n<p><strong>T\u00edtulo<\/strong>: Contribui\u00e7\u00f5es de um projeto de extens\u00e3o universit\u00e1ria para a gest\u00e3o de res\u00edduos em condom\u00ednios<br><strong>Autores:<\/strong> FERNANDES, I. F. B. et al.<br><strong>Refer\u00eancia:<\/strong> Anais do 7\u00ba Sustentare e Wipis, Campinas: PUC Campinas, USP, 2025.<\/p>\n\n\n\n<hr class=\"wp-block-separator has-alpha-channel-opacity\" \/>\n\n\n\n<p><strong>T\u00edtulo<\/strong>: Estrutura\u00e7\u00e3o e resultados do Projeto 3S: sensibiliza\u00e7\u00e3o e separa\u00e7\u00e3o de res\u00edduos em condom\u00ednios verticais de Londrina<br><strong>Autores:<\/strong> FERREIRA, M. E. S.; ALIGLERI, L.<br><strong>Refer\u00eancia:<\/strong> Anais do 14\u00ba Simp\u00f3sio de Extens\u00e3o Por Extenso, Londrina: Universidade Estadual de Londrina, 2025.<\/p>\n\n\n\n<hr class=\"wp-block-separator has-alpha-channel-opacity\" \/>\n\n\n\n<p><strong>T\u00edtulo<\/strong>: Tipos de Organiza\u00e7\u00f5es de Catadores que atuam na Coleta Seletiva em Londrina: um levantamento de dados junto aos condom\u00ednios do Projeto 3S<br><strong>Autores:<\/strong> KATO, L.F.Y.T.; FERNANDES, I.F.B.; OLIVEIRA, S.F.V.; ALIGLERI, L.<br><strong>Refer\u00eancia:<\/strong> Anais do 14\u00ba Simp\u00f3sio de Extens\u00e3o Por Extenso, Londrina: Universidade Estadual de Londrina, 2025.<\/p>\n\n\n\n<hr class=\"wp-block-separator has-alpha-channel-opacity\" \/>\n\n\n\n<p><strong>T\u00edtulo<\/strong>: Educa\u00e7\u00e3o ambiental por meio da extens\u00e3o universit\u00e1ria: relato de experi\u00eancia e avalia\u00e7\u00f5es n\u00e3o tradicionais<br><strong>Autores:<\/strong> OLIVEIRA, S. F. V. et. al.<br><strong>Refer\u00eancia:<\/strong> Anais do 1\u00ba Congresso Internacional do Grupo de Estudos e Pesquisas: Curr\u00edculo, Forma\u00e7\u00e3o e Trabalho Docente, Londrina: Universidade Estadual de Londrina, 2025.<\/p>\n\n\n\n<hr class=\"wp-block-separator has-alpha-channel-opacity\" \/>\n\n\n\n<p><strong>T\u00edtulo<\/strong>: A governan\u00e7a autorit\u00e1ria como estrat\u00e9gia: um estudo do setor de res\u00edduos s\u00f3lidos em Londrina-PR<br><strong>Autores:<\/strong> COIMBRA, F. N.; BORINELLI, B.<br><strong>Refer\u00eancia:<\/strong> Anais do 5\u00ba Simp\u00f3sio Brasileiro de Desenvolvimento Territorial Sustent\u00e1vel (VSBDTS), Setor Litoral da Universidade Federal do Paran\u00e1, Matinhos, 2025.<\/p>\n\n\n\n<hr class=\"wp-block-separator has-alpha-channel-opacity\" \/>\n\n\n\n<p><strong>T\u00edtulo<\/strong>: A configura\u00e7\u00e3o das reformas do marco do saneamento b\u00e1sico no Estado do Paran\u00e1: notas preliminares<br><strong>Autores:<\/strong> BORINELLI, B.; DUTRA, I. S.; MELAN, R. L.; FERREIRA, M. E.<br><strong>Refer\u00eancia:<\/strong> Anais do 5\u00ba Simp\u00f3sio Brasileiro de Desenvolvimento Territorial Sustent\u00e1vel (VSBDTS), Setor Litoral da Universidade Federal do Paran\u00e1, Matinhos, 2025.<\/p>\n\n\n\n<hr class=\"wp-block-separator has-alpha-channel-opacity\" \/>\n\n\n\n<p><strong>T\u00edtulo:<\/strong> <a href=\"https:\/\/revistas.pucsp.br\/index.php\/risus\/article\/view\/61988\/43173\"><\/a><strong><strong><a href=\"https:\/\/openaccess.blucher.com.br\/article-details\/09-23697\" target=\"_blank\" rel=\"noreferrer noopener\"><\/a><a href=\"https:\/\/engemausp.submissao.com.br\/25\/anais\/arquivos\/579.pdf?v=1745937794\" target=\"_blank\" rel=\"noreferrer noopener\"><strong><u>GEST\u00c3O DE RES\u00cdDUOS S\u00d3LIDOS URBANOS EM MUNIC\u00cdPIOS DE GRANDE PORTE DO INTERIOR: UMA AN\u00c1LISE DOS DADOS DO&nbsp;SISTEMA NACIONAL DE INFORMA\u00c7\u00d5ES SOBRE SANEAMENTO<\/u><\/strong><\/a><\/strong><\/strong><br><strong>Autores:<\/strong> Marcela Koga Oliveira Ferreira, Lilian Aligleri e Caio Victor Louren\u00e7o Rodrigues.<br><strong>Refer\u00eancia:<\/strong> Anais do XXV Encontro Internacional sobre Gest\u00e3o Empresarial e Meio Ambiente &#8211; ENGEMA FEA\/USP, novembro de 2023.<\/p>\n\n\n\n<hr class=\"wp-block-separator has-alpha-channel-opacity\" \/>\n\n\n\n<p><strong>T\u00edtulo:<\/strong> <a href=\"https:\/\/www.uel.br\/eventos\/porextenso\/pages\/anais-do-evento.php\" target=\"_blank\" rel=\"noreferrer noopener\"><u><strong>INTERA\u00c7\u00d5ES DO NINTER COM O SISTEMA DE COLETA SELETIVA DE LONDRINA: A PROBLEM\u00c1TICA DA TERCEIRIZA\u00c7\u00c3O<\/strong><\/u><\/a><br><strong>Autores:<\/strong> Lilian Aligleri, Caio Victor Louren\u00e7o Rodrigues, Camila Santos Doubek Lopes. Benilson Borinelli, Ana Cl\u00e1udia Duarte Pinheiro e Edson H. Gaspar Massi.<br><strong>Refer\u00eancia:<\/strong> Anais do XII Simp\u00f3sio de Extens\u00e3o da UEL &#8211; Por Extenso UEL, novembro de 2023.<\/p>\n\n\n\n<hr class=\"wp-block-separator has-alpha-channel-opacity\" \/>\n\n\n\n<p><strong>T\u00edtulo:<\/strong> <a href=\"https:\/\/revistas.pucsp.br\/index.php\/risus\/article\/view\/61988\/43173\"><\/a><strong><strong><a href=\"https:\/\/openaccess.blucher.com.br\/article-details\/09-23697\" target=\"_blank\" rel=\"noreferrer noopener\"><\/a><a href=\"https:\/\/engemausp.submissao.com.br\/25\/anais\/arquivos\/579.pdf?v=1745937794\" target=\"_blank\" rel=\"noreferrer noopener\"><strong><u>ESTUDO PARA ELABORA\u00c7\u00c3O DE RESOLU\u00c7\u00c3O QUE OBJETIVA REDUZIR OS PRODUTOS DE PL\u00c1STICO DE USO \u00daNICO NA UNIVERSIDADE ESTADUAL DE LONDRINA\/PR<\/u><\/strong><\/a><\/strong><\/strong><br><strong>Autores:<\/strong> Edineia Villanova Grizio Orita, Camila Santos Doubek Lopes e Lilian Aligleri.<br><strong>Refer\u00eancia:<\/strong> Anais do XXIV Encontro Internacional sobre Gest\u00e3o Empresarial e Meio Ambiente &#8211; ENGEMA FEA\/USP, novembro de 2022.<\/p>\n\n\n\n<hr class=\"wp-block-separator has-alpha-channel-opacity\" \/>\n\n\n\n<p><strong>T\u00edtulo:<\/strong> <a href=\"https:\/\/revistas.udesc.br\/index.php\/modapalavra\/article\/view\/23107\/15746\" target=\"_blank\" rel=\"noreferrer noopener\"><\/a><u><strong><strong><a href=\"http:\/\/engemausp.submissao.com.br\/23\/anais\/resumo.php?cod_trabalho=320\" target=\"_blank\" rel=\"noreferrer noopener\">INOVA\u00c7\u00c3O SOCIAL NA GEST\u00c3O DE RES\u00cdDUOS EM EDIF\u00cdCIOS RESIDENCIAIS: PROPOSTA DE CENTRAL COM SEPARA\u00c7\u00c3O MULTISSELETIVA EM LONDRINA<\/a><\/strong><\/strong><\/u><br><strong>Autores:<\/strong> Lilian Aligleri, Caio Victor Louren\u00e7o Rodrigues, Camila Santos Doubek Lopes e Cl\u00e1udio Pereira de Sampaio.<br><strong>Refer\u00eancia:<\/strong> Anais do XXIII Encontro Internacional sobre Gest\u00e3o Empresarial e Meio Ambiente &#8211; ENGEMA FEA\/USP, novembro de 2021.<\/p>\n\n\n\n<hr class=\"wp-block-separator has-alpha-channel-opacity\" \/>\n\n\n\n<p><strong>T\u00edtulo:<\/strong> <u><strong><strong><a href=\"https:\/\/drive.google.com\/file\/d\/126p-HiARW9RF6oJsTodAJ41SFqSTo0MQ\/view\" target=\"_blank\" rel=\"noreferrer noopener\">PNRS E A CRISE NO CAMPO DA RECICLAGEM NA CIDADE DE LONDRINA: AMEA\u00c7AS DE RETROCESSOS PARA O COOPERATIVISMO POPULAR?<\/a><\/strong><\/strong><\/u><br><strong>Autores:<\/strong> Lilian Aligleri, Caio Victor Louren\u00e7o Rodrigues, Camila Santos Doubek Lopes e Cl\u00e1udio Pereira de Sampaio.<br><strong>Refer\u00eancia:<\/strong> Anais do XXIII Encontro Internacional sobre Gest\u00e3o Empresarial e Meio Ambiente &#8211; ENGEMA FEA\/USP, novembro de 2021.<\/p>\n\n\n\n<div style=\"height:40px\" aria-hidden=\"true\" class=\"wp-block-spacer\"><\/div>\n\n\n\n<h2 class=\"wp-block-heading has-text-align-center\">ARTIGOS NA M\u00cdDIA (IMPRENSA)<\/h2>\n\n\n\n<div style=\"height:20px\" aria-hidden=\"true\" class=\"wp-block-spacer\"><\/div>\n\n\n\n<p><strong>T\u00edtulo:<\/strong> <a href=\"https:\/\/www.folhadelondrina.com.br\/opiniao\/carta-compromisso-aos-candidatosas-a-prefeito-de-londrina-3264642e.html?d=1\" target=\"_blank\" rel=\"noreferrer noopener\"><strong><u>CARTA-COMPROMISSO AOS CANDIDATOS(AS) A PREFEITO DE LONDRINA&nbsp;<\/u><\/strong><\/a><br><strong>Autores:<\/strong> Benilson Borinelli, Lilian Aligleri e Felipe Coimbra Santos.<br><strong>Refer\u00eancia:<\/strong> Folha de Londrina, Espa\u00e7o Aberto, 10 de setembro de 2024.<\/p>\n\n\n\n<hr class=\"wp-block-separator has-alpha-channel-opacity\" \/>\n\n\n\n<p><strong>T\u00edtulo:<\/strong> <a href=\"https:\/\/www.folhadelondrina.com.br\/opiniao\/os-estudantes-da-uel-contra-o-tsunami-de-plasticos-3263533e.html?d=1\" target=\"_blank\" rel=\"noreferrer noopener\"><strong><u>ESTUDANTES DA UEL CONTRA O TSUNAMI DE PL\u00c1STICOS<\/u><\/strong><\/a><br><strong>Autores:<\/strong> Benilson Borinelli e Lilian Aligleri.<br><strong>Refer\u00eancia:<\/strong> Folha de Londrina, Espa\u00e7o Aberto, 06 de agosto de 2024.<\/p>\n\n\n\n<hr class=\"wp-block-separator has-alpha-channel-opacity\" \/>\n\n\n\n<p><strong>T\u00edtulo:<\/strong> <a href=\"https:\/\/www.folhadelondrina.com.br\/opiniao\/observatorio-de-gestao-de-residuos-solidos-de-londrina-3261892e.html?d=1\" target=\"_blank\" rel=\"noreferrer noopener\"><strong><u>OBSERVAT\u00d3RIO DE GEST\u00c3O DE RES\u00cdDUOS S\u00d3LIDOS DE LONDRINA<\/u><\/strong><\/a><br><strong>Autores:<\/strong> Felipe Coimbra Santos, Lilian Aligleri, Benilson Borinelli, Caio Victor Louren\u00e7o Rodrigues, Edson Gaspar Massi e Camila Doubek Lopes.<br><strong>Refer\u00eancia:<\/strong> Folha de Londrina, Espa\u00e7o Aberto, 20 de junho de 2024.<\/p>\n\n\n\n<hr class=\"wp-block-separator has-alpha-channel-opacity\" \/>\n\n\n\n<p><strong>T\u00edtulo:<\/strong> <a href=\"https:\/\/drive.google.com\/file\/d\/1GkczsM0vIxYGiqSf07ykmzJxBhvb7O7y\/view?usp=sharing\" target=\"_blank\" rel=\"noreferrer noopener\"><strong><u>POR UMA REMUNERA\u00c7\u00c3O JUSTA PARA AS COOPERATIVAS DA COLETA SELETIVA<\/u><\/strong><\/a><br><strong>Autores:<\/strong> Lilian Aligleri, Benilson Borinelli e Felipe Coimbra Santos.<br><strong>Refer\u00eancia:<\/strong> Folha de Londrina, Espa\u00e7o Aberto, 21 de abril de 2023.<\/p>\n\n\n\n<hr class=\"wp-block-separator has-alpha-channel-opacity\" \/>\n\n\n\n<p><strong>T\u00edtulo:<\/strong> <a href=\"https:\/\/drive.google.com\/file\/d\/1KWQ8YwhxOcFiZWoRygnFe3FnpHoJqzWK\/view?usp=sharing\" target=\"_blank\" rel=\"noreferrer noopener\"><strong><u>O DESTINO DOS RES\u00cdDUOS PL\u00c1STICOS EM LONDRINA E SEUS IMPACTOS<\/u><\/strong><\/a><br><strong>Autores:<\/strong> Caio Victor Louren\u00e7o Rodrigues, Luciano Panagio e Lilian Aligleri.<br><strong>Refer\u00eancia:<\/strong> Folha de Londrina, Espa\u00e7o Aberto, 04 de novembro de 2022.<\/p>\n\n\n\n<hr class=\"wp-block-separator has-alpha-channel-opacity\" \/>\n\n\n\n<p><strong>T\u00edtulo:<\/strong> <strong><a href=\"https:\/\/www.folhadelondrina.com.br\/opiniao\/educacao-ambiental--um-processo-de-reflexao-permanente-3223712e.html\" target=\"_blank\" rel=\"noreferrer noopener\">EDUCA\u00c7\u00c3O AMBIENTAL: UM PROCESSO DE REFLEX\u00c3O PERMANENTE<\/a><\/strong><br><strong>Autores:<\/strong> Ana Cl\u00e1udia Duarte Pinheiro e Patr\u00edcia de Oliveira Rosa-Silva.<br><strong>Refer\u00eancia:<\/strong> Folha de Londrina, Espa\u00e7o Aberto, 15 de outubro de 2022.<\/p>\n\n\n\n<hr class=\"wp-block-separator has-alpha-channel-opacity\" \/>\n\n\n\n<p><strong>T\u00edtulo:<\/strong> <strong><a href=\"https:\/\/www.folhadelondrina.com.br\/opiniao\/espaco-aberto-a-aposta-do-recicla--avanco-ou-retrocesso-3208652e.html\" target=\"_blank\" rel=\"noreferrer noopener\">A APOSTA DO RECICLA+: AVAN\u00c7O OU RETROCESSO?<\/a><\/strong><br><strong>Autores:<\/strong> Benilson Borinelli e Lilian Aligleri.<br><strong>Refer\u00eancia:<\/strong> Folha de Londrina, Espa\u00e7o Aberto, 20 de julho de 2022.<\/p>\n\n\n\n<hr class=\"wp-block-separator has-alpha-channel-opacity\" \/>\n\n\n\n<p><strong>T\u00edtulo:<\/strong> <strong><a href=\"https:\/\/drive.google.com\/file\/d\/1i8qFt3GZs3-qU1wQ_uPK6gZeb4NaaYkH\/view?usp=sharing\" target=\"_blank\" rel=\"noreferrer noopener\">CONSIDERA\u00c7\u00d5ES SOBRE O PLANO MUNICIPAL DE RES\u00cdDUOS DE LONDRINA<\/a><\/strong><br><strong>Autores:<\/strong> Lilian Aligleri, Benilson Borinelli, Suzana Barreto Martins, Camila Santos Doubek Lopes, Caio Victor Louren\u00e7o Rodrigues, Danielly Negr\u00e3o Guassu Nogueira, Edin\u00e9ia Vilanova Grizio Orita, Luciano A. Panagio, Patr\u00edcia de Oliveira Rosa da Silva e Ana Cl\u00e1udia Duarte Pinheiro.<br><strong>Refer\u00eancia:<\/strong> Folha de Londrina, Espa\u00e7o Aberto, 13 de agosto de 2021.<\/p>\n\n\n\n<hr class=\"wp-block-separator has-alpha-channel-opacity\" \/>\n\n\n\n<p><strong>T\u00edtulo:<\/strong> <strong><a href=\"https:\/\/drive.google.com\/file\/d\/1g56JFW7cnBLzKCV3RdXo7UoiHvBEoBhv\/view?usp=sharing\" target=\"_blank\" rel=\"noreferrer noopener\">MUDAN\u00c7AS NA COLETA SELETIVA DE LONDRINA N\u00c3O GARANTEM UMA MELHORIA DO SERVI\u00c7O P\u00daBLICO E INTERESSE SOCIAL<\/a><\/strong><br><strong>Autores:<\/strong> Lilian Aligleri, Cl\u00e1udio Pereira de Sampaio, Benilson Borinelli, Caio Victor Louren\u00e7o Rodrigues, Luciano A. Panagio, Jair Scarminio, Suzana Barreto Martins, Patr\u00edcia de Oliveira Rosa da Silva, Marli de Lourdes Verni, Camila Santos Doubek Lopes e Danielly Negr\u00e3o Guassu Nogueira.<br><strong>Refer\u00eancia:<\/strong> Folha de Londrina, Espa\u00e7o Aberto, 11 de janeiro de 2020.<\/p>\n\n\n\n<div style=\"height:40px\" aria-hidden=\"true\" class=\"wp-block-spacer\"><\/div>\n","protected":false},"excerpt":{"rendered":"<p>Importante: Nesta se\u00e7\u00e3o est\u00e3o apresentadas apenas as publica\u00e7\u00f5es realizadas em coautoria por membros do NINTER. Para conhecer a produ\u00e7\u00e3o completa de um docente, recomendamos acessar seu curr\u00edculo Lattes em nossa p\u00e1gina de Conselho Diretivo ou Membros Participantes. ARTIGOS EM PER\u00cdODICOS CIENT\u00cdFICOS T\u00edtulo: SOCIAL INNOVATION IN WASTE MANAGEMENT IN RESIDENTIAL BUILDINGS: PROPOSAL OF A CENTER WITH [&hellip;]<\/p>\n","protected":false},"author":9,"featured_media":0,"parent":0,"menu_order":0,"comment_status":"closed","ping_status":"closed","template":"","meta":{"_acf_changed":false,"footnotes":""},"class_list":["post-106","page","type-page","status-publish","hentry"],"acf":[],"_links":{"self":[{"href":"https:\/\/sites.uel.br\/ninter\/wp-json\/wp\/v2\/pages\/106","targetHints":{"allow":["GET"]}}],"collection":[{"href":"https:\/\/sites.uel.br\/ninter\/wp-json\/wp\/v2\/pages"}],"about":[{"href":"https:\/\/sites.uel.br\/ninter\/wp-json\/wp\/v2\/types\/page"}],"author":[{"embeddable":true,"href":"https:\/\/sites.uel.br\/ninter\/wp-json\/wp\/v2\/users\/9"}],"replies":[{"embeddable":true,"href":"https:\/\/sites.uel.br\/ninter\/wp-json\/wp\/v2\/comments?post=106"}],"version-history":[{"count":16,"href":"https:\/\/sites.uel.br\/ninter\/wp-json\/wp\/v2\/pages\/106\/revisions"}],"predecessor-version":[{"id":645,"href":"https:\/\/sites.uel.br\/ninter\/wp-json\/wp\/v2\/pages\/106\/revisions\/645"}],"wp:attachment":[{"href":"https:\/\/sites.uel.br\/ninter\/wp-json\/wp\/v2\/media?parent=106"}],"curies":[{"name":"wp","href":"https:\/\/api.w.org\/{rel}","templated":true}]}}