{"id":5544,"date":"2025-08-06T10:33:39","date_gmt":"2025-08-06T13:33:39","guid":{"rendered":"https:\/\/sites.uel.br\/nead\/?page_id=5544"},"modified":"2025-08-06T10:33:39","modified_gmt":"2025-08-06T13:33:39","slug":"glossario","status":"publish","type":"page","link":"https:\/\/sites.uel.br\/nead\/glossario\/","title":{"rendered":"Gloss\u00e1rio"},"content":{"rendered":"\n<figure class=\"wp-block-image size-full\"><img loading=\"lazy\" decoding=\"async\" width=\"6298\" height=\"744\" src=\"https:\/\/sites.uel.br\/nead\/wp-content\/uploads\/2024\/08\/capinha-site-NEAD-3.png\" alt=\"\" class=\"wp-image-2508\" srcset=\"https:\/\/sites.uel.br\/nead\/wp-content\/uploads\/2024\/08\/capinha-site-NEAD-3.png 6298w, https:\/\/sites.uel.br\/nead\/wp-content\/uploads\/2024\/08\/capinha-site-NEAD-3-300x35.png 300w, https:\/\/sites.uel.br\/nead\/wp-content\/uploads\/2024\/08\/capinha-site-NEAD-3-1024x121.png 1024w, https:\/\/sites.uel.br\/nead\/wp-content\/uploads\/2024\/08\/capinha-site-NEAD-3-768x91.png 768w, https:\/\/sites.uel.br\/nead\/wp-content\/uploads\/2024\/08\/capinha-site-NEAD-3-1536x181.png 1536w, https:\/\/sites.uel.br\/nead\/wp-content\/uploads\/2024\/08\/capinha-site-NEAD-3-2048x242.png 2048w\" sizes=\"(max-width: 6298px) 100vw, 6298px\" \/><\/figure>\n\n\n\n<div id=\"wp-block-themeisle-blocks-accordion-f7412a66\" class=\"wp-block-themeisle-blocks-accordion exclusive\">\n<details class=\"wp-block-themeisle-blocks-accordion-item\"><summary class=\"wp-block-themeisle-blocks-accordion-item__title\"><div><strong>NEAD<\/strong><\/div><\/summary><div class=\"wp-block-themeisle-blocks-accordion-item__content\">\n<p>N\u00facleo de Educa\u00e7\u00e3o a Dist\u00e2ncia<\/p>\n<\/div><\/details>\n\n\n\n<details class=\"wp-block-themeisle-blocks-accordion-item\"><summary class=\"wp-block-themeisle-blocks-accordion-item__title\"><div><strong>EaD<\/strong><\/div><\/summary><div class=\"wp-block-themeisle-blocks-accordion-item__content\">\n<p>Educa\u00e7\u00e3o a Dist\u00e2ncia<\/p>\n<\/div><\/details>\n\n\n\n<details class=\"wp-block-themeisle-blocks-accordion-item\"><summary class=\"wp-block-themeisle-blocks-accordion-item__title\"><div><strong>AAC<\/strong><\/div><\/summary><div class=\"wp-block-themeisle-blocks-accordion-item__content\">\n<p>Atividade Acad\u00eamica Complementar<\/p>\n<\/div><\/details>\n\n\n\n<details class=\"wp-block-themeisle-blocks-accordion-item\"><summary class=\"wp-block-themeisle-blocks-accordion-item__title\"><div><strong>AEX<\/strong><\/div><\/summary><div class=\"wp-block-themeisle-blocks-accordion-item__content\">\n<p>Atividade Acad\u00eamica de Extens\u00e3o<\/p>\n<\/div><\/details>\n\n\n\n<details class=\"wp-block-themeisle-blocks-accordion-item\"><summary class=\"wp-block-themeisle-blocks-accordion-item__title\"><div><strong>PROGRAD<\/strong><\/div><\/summary><div class=\"wp-block-themeisle-blocks-accordion-item__content\">\n<p>Pr\u00f3-reitoria de Gradua\u00e7\u00e3o<\/p>\n<\/div><\/details>\n\n\n\n<details class=\"wp-block-themeisle-blocks-accordion-item\"><summary class=\"wp-block-themeisle-blocks-accordion-item__title\"><div><strong>Moodle<\/strong><\/div><\/summary><div class=\"wp-block-themeisle-blocks-accordion-item__content\">\n<p>O Moodle (Modular Object-Oriented Dynamic Learning Environment) \u00e9 a plataforma de aprendizagem online utilizada pela UEL.<\/p>\n<\/div><\/details>\n\n\n\n<details class=\"wp-block-themeisle-blocks-accordion-item\"><summary class=\"wp-block-themeisle-blocks-accordion-item__title\"><div><strong>AVA<\/strong><\/div><\/summary><div class=\"wp-block-themeisle-blocks-accordion-item__content\">\n<p>Ambiente Virtual de Aprendizagem<\/p>\n<\/div><\/details>\n\n\n\n<details class=\"wp-block-themeisle-blocks-accordion-item\"><summary class=\"wp-block-themeisle-blocks-accordion-item__title\"><div><strong>Ass\u00edncrono<\/strong><\/div><\/summary><div class=\"wp-block-themeisle-blocks-accordion-item__content\">\n<p>Na educa\u00e7\u00e3o a dist\u00e2ncia, o termo significa que os conte\u00fados do curso podem ser acessados a qualquer momento pelo aluno, dando mais autonomia para a organiza\u00e7\u00e3o dos estudos.<\/p>\n<\/div><\/details>\n\n\n\n<details class=\"wp-block-themeisle-blocks-accordion-item\"><summary class=\"wp-block-themeisle-blocks-accordion-item__title\"><div><strong>S\u00edncrono<\/strong><\/div><\/summary><div class=\"wp-block-themeisle-blocks-accordion-item__content\">\n<p>Na educa\u00e7\u00e3o a dist\u00e2ncia, \u00e9 a modalidade onde o aluno precisa estar conectado no mesmo momento que o professor e\/ou os demais colegas, como em aulas ao vivo via videoconfer\u00eancia.<\/p>\n<\/div><\/details>\n\n\n\n<details class=\"wp-block-themeisle-blocks-accordion-item\"><summary class=\"wp-block-themeisle-blocks-accordion-item__title\"><div><strong>Tutoria<\/strong><\/div><\/summary><div class=\"wp-block-themeisle-blocks-accordion-item__content\">\n<p>Apoio pedag\u00f3gico oferecido por tutores que auxiliam os alunos no processo de aprendizagem. Os profissionais que exercem essa fun\u00e7\u00e3o ficam \u00e0 disposi\u00e7\u00e3o para esclarecer d\u00favidas e orientar os estudos.<\/p>\n<\/div><\/details>\n<\/div>\n","protected":false},"excerpt":{"rendered":"","protected":false},"author":14,"featured_media":0,"parent":0,"menu_order":0,"comment_status":"closed","ping_status":"closed","template":"","meta":{"_themeisle_gutenberg_block_has_review":false,"footnotes":""},"acf":[],"_links":{"self":[{"href":"https:\/\/sites.uel.br\/nead\/wp-json\/wp\/v2\/pages\/5544"}],"collection":[{"href":"https:\/\/sites.uel.br\/nead\/wp-json\/wp\/v2\/pages"}],"about":[{"href":"https:\/\/sites.uel.br\/nead\/wp-json\/wp\/v2\/types\/page"}],"author":[{"embeddable":true,"href":"https:\/\/sites.uel.br\/nead\/wp-json\/wp\/v2\/users\/14"}],"replies":[{"embeddable":true,"href":"https:\/\/sites.uel.br\/nead\/wp-json\/wp\/v2\/comments?post=5544"}],"version-history":[{"count":1,"href":"https:\/\/sites.uel.br\/nead\/wp-json\/wp\/v2\/pages\/5544\/revisions"}],"predecessor-version":[{"id":5545,"href":"https:\/\/sites.uel.br\/nead\/wp-json\/wp\/v2\/pages\/5544\/revisions\/5545"}],"wp:attachment":[{"href":"https:\/\/sites.uel.br\/nead\/wp-json\/wp\/v2\/media?parent=5544"}],"curies":[{"name":"wp","href":"https:\/\/api.w.org\/{rel}","templated":true}]}}