{"id":808,"date":"2022-08-19T15:10:56","date_gmt":"2022-08-19T18:10:56","guid":{"rendered":"https:\/\/sites.uel.br\/ndph\/?page_id=808"},"modified":"2024-03-15T15:03:54","modified_gmt":"2024-03-15T18:03:54","slug":"audio","status":"publish","type":"page","link":"https:\/\/sites.uel.br\/ndph\/audio\/","title":{"rendered":"\u00c1UDIO"},"content":{"rendered":"\n<p><\/p>\n\n\n\n<p style=\"font-size:18px\">&#8211; <strong><a href=\"https:\/\/sites.uel.br\/ndph\/wp-content\/uploads\/2022\/08\/PROGRAMA_FONTES-ORAIS.pdf\" data-type=\"attachment\" data-id=\"784\" target=\"_blank\" rel=\"noreferrer noopener\">Programa de Fontes Orais<\/a><\/strong> \/ <strong><a href=\"https:\/\/sites.uel.br\/ndph\/wp-content\/uploads\/2024\/03\/Colecao-Lab.-Historia-Oral.pdf\" target=\"_blank\" rel=\"noreferrer noopener\">Lab. Hist\u00f3ria Oral<\/a><\/strong><\/p>\n\n\n\n<p style=\"font-size:18px\">&#8211; <strong>Cole\u00e7\u00e3o Felipe Nunes Pastorello (CFNP)<\/strong><\/p>\n\n\n\n<p style=\"font-size:18px\">S\u00e9rie <a href=\"https:\/\/sites.uel.br\/ndph\/wp-content\/uploads\/2024\/03\/Colecao-Felipe-Nunes-Pastorello-CFNP.pdf\" target=\"_blank\" rel=\"noreferrer noopener\">Disco de Vinil<\/a><br><br>&#8211; <strong><a href=\"https:\/\/sites.uel.br\/ndph\/wp-content\/uploads\/2022\/08\/CGH.RELACAO-FONTES.pdf\" data-type=\"attachment\" data-id=\"785\" target=\"_blank\" rel=\"noreferrer noopener\">Cole\u00e7\u00e3o Gilberto Hildebrando &#8211; Discoteca (CGH)<\/a><\/strong><br><br>&#8211; <strong>Fundo Marco Soares (FMS)<\/strong><br><\/p>\n\n\n\n<p style=\"font-size:18px\">. Se\u00e7\u00e3o: <strong>Compact Disc Musical<\/strong><br>S\u00e9rie <a rel=\"noreferrer noopener\" href=\"https:\/\/sites.uel.br\/ndph\/wp-content\/uploads\/2022\/08\/FMS.CMS_.SERIE-CDB.pdf\" data-type=\"attachment\" data-id=\"786\" target=\"_blank\">Compact Discs de Blues<\/a><br>S\u00e9rie <a rel=\"noreferrer noopener\" href=\"https:\/\/sites.uel.br\/ndph\/wp-content\/uploads\/2022\/08\/FMS.CMS_.SERIE-CDE.pdf\" data-type=\"attachment\" data-id=\"787\" target=\"_blank\">Compact Discs de Eruditos<\/a><br>S\u00e9rie <a rel=\"noreferrer noopener\" href=\"https:\/\/sites.uel.br\/ndph\/wp-content\/uploads\/2022\/08\/FMS.CMS_.SERIE-CDJ.pdf\" data-type=\"attachment\" data-id=\"788\" target=\"_blank\">Compact Discs de Jazz<\/a><br><br>. Se\u00e7\u00e3o: <strong>Fotogr\u00e1fica<\/strong><br>S\u00e9rie <a href=\"https:\/\/sites.uel.br\/ndph\/wp-content\/uploads\/2022\/08\/FMS.FT_.RPI_RELACAO-FONTES.pdf\" data-type=\"attachment\" data-id=\"789\">Religi\u00e3o, Patrim\u00f4nio e Identidade<\/a><br><br>&#8211; <strong><a rel=\"noreferrer noopener\" href=\"https:\/\/sites.uel.br\/ndph\/wp-content\/uploads\/2022\/08\/discosdevinil.pdf\" data-type=\"attachment\" data-id=\"793\" target=\"_blank\">Cole\u00e7\u00e3o Discos de Vinil (CDV)<\/a><\/strong><br><br>&#8211; <strong><a rel=\"noreferrer noopener\" href=\"https:\/\/sites.uel.br\/ndph\/wp-content\/uploads\/2022\/08\/DVMR.RELACAO-FONTES.pdf\" data-type=\"attachment\" data-id=\"794\" target=\"_blank\">Cole\u00e7\u00e3o Mauro Rodrigues &#8211; Discoteca (DVMR)<\/a><\/strong><br><br>&#8211; <strong>Cole\u00e7\u00e3o Music\u00e1lia (MSC)<\/strong><br><br>S\u00e9rie <a rel=\"noreferrer noopener\" href=\"https:\/\/sites.uel.br\/ndph\/wp-content\/uploads\/2022\/08\/MSC.SERIE-BR.pdf\" data-type=\"attachment\" data-id=\"795\" target=\"_blank\">Brasilidade <\/a><br>S\u00e9rie <a rel=\"noreferrer noopener\" href=\"https:\/\/sites.uel.br\/ndph\/wp-content\/uploads\/2022\/08\/MSC.SERIE-ERD.pdf\" data-type=\"attachment\" data-id=\"796\" target=\"_blank\">Erudi\u00e7\u00e3o<\/a><br><br>&#8211; <strong><a rel=\"noreferrer noopener\" href=\"https:\/\/sites.uel.br\/ndph\/wp-content\/uploads\/2022\/08\/CRU.RELACAO-FONTES.pdf\" data-type=\"attachment\" data-id=\"797\" target=\"_blank\">Cole\u00e7\u00e3o R\u00e1dio UEL (CRU)<\/a><\/strong><br><br>&#8211; <strong>Cole\u00e7\u00e3o Sylvia Ewel Lenz &#8211; Cdteca (SEL)<\/strong><br><br>S\u00e9rie <a rel=\"noreferrer noopener\" href=\"https:\/\/sites.uel.br\/ndph\/wp-content\/uploads\/2022\/08\/SEL.SERIE-MC.pdf\" data-type=\"attachment\" data-id=\"799\" target=\"_blank\">Grandes Compositores de M\u00fasica Cl\u00e1ssica<\/a><br>S\u00e9rie <a rel=\"noreferrer noopener\" href=\"https:\/\/sites.uel.br\/ndph\/wp-content\/uploads\/2022\/08\/SEL.SERIE-GO.pdf\" data-type=\"attachment\" data-id=\"800\" target=\"_blank\">Folha Grandes \u00d3peras<\/a><br>S\u00e9rie <a rel=\"noreferrer noopener\" href=\"https:\/\/sites.uel.br\/ndph\/wp-content\/uploads\/2022\/08\/SEL.SERIE-BSA.pdf\" data-type=\"attachment\" data-id=\"801\" target=\"_blank\">Folha 50 Anos de Bossa Nova<\/a><br><br>&#8211; <strong><a rel=\"noreferrer noopener\" href=\"https:\/\/sites.uel.br\/ndph\/wp-content\/uploads\/2022\/08\/FMT-D.RELACAO-FONTES-1.pdf\" data-type=\"attachment\" data-id=\"802\" target=\"_blank\">Fundo Michael Traumann &#8211; Discoteca (FMT-D)<\/a><\/strong><br><\/p>\n","protected":false},"excerpt":{"rendered":"<p>&#8211; Programa de Fontes Orais \/ Lab. Hist\u00f3ria Oral &#8211; Cole\u00e7\u00e3o Felipe Nunes Pastorello (CFNP) S\u00e9rie Disco de Vinil &#8211; Cole\u00e7\u00e3o Gilberto Hildebrando &#8211; Discoteca (CGH) &#8211; Fundo Marco Soares (FMS) . Se\u00e7\u00e3o: Compact Disc MusicalS\u00e9rie Compact Discs de BluesS\u00e9rie Compact Discs de EruditosS\u00e9rie Compact Discs de Jazz . Se\u00e7\u00e3o: Fotogr\u00e1ficaS\u00e9rie Religi\u00e3o, Patrim\u00f4nio e Identidade [&hellip;]<\/p>\n","protected":false},"author":7,"featured_media":0,"parent":0,"menu_order":0,"comment_status":"closed","ping_status":"closed","template":"","meta":{"footnotes":""},"class_list":["post-808","page","type-page","status-publish","hentry"],"acf":[],"_links":{"self":[{"href":"https:\/\/sites.uel.br\/ndph\/wp-json\/wp\/v2\/pages\/808","targetHints":{"allow":["GET"]}}],"collection":[{"href":"https:\/\/sites.uel.br\/ndph\/wp-json\/wp\/v2\/pages"}],"about":[{"href":"https:\/\/sites.uel.br\/ndph\/wp-json\/wp\/v2\/types\/page"}],"author":[{"embeddable":true,"href":"https:\/\/sites.uel.br\/ndph\/wp-json\/wp\/v2\/users\/7"}],"replies":[{"embeddable":true,"href":"https:\/\/sites.uel.br\/ndph\/wp-json\/wp\/v2\/comments?post=808"}],"version-history":[{"count":10,"href":"https:\/\/sites.uel.br\/ndph\/wp-json\/wp\/v2\/pages\/808\/revisions"}],"predecessor-version":[{"id":1667,"href":"https:\/\/sites.uel.br\/ndph\/wp-json\/wp\/v2\/pages\/808\/revisions\/1667"}],"wp:attachment":[{"href":"https:\/\/sites.uel.br\/ndph\/wp-json\/wp\/v2\/media?parent=808"}],"curies":[{"name":"wp","href":"https:\/\/api.w.org\/{rel}","templated":true}]}}