{"id":513,"date":"2022-08-15T11:22:41","date_gmt":"2022-08-15T14:22:41","guid":{"rendered":"https:\/\/sites.uel.br\/ndph\/?page_id=513"},"modified":"2022-08-15T11:22:41","modified_gmt":"2022-08-15T14:22:41","slug":"teses-digitalizadas-historia","status":"publish","type":"page","link":"https:\/\/sites.uel.br\/ndph\/teses-digitalizadas-historia\/","title":{"rendered":"TESES DIGITALIZADAS &#8211; HIST\u00d3RIA"},"content":{"rendered":"\n<figure class=\"wp-block-table\"><table><thead><tr><th>Autor (a)<\/th><th>T\u00edtulo<\/th><th>Ano<\/th><\/tr><\/thead><tbody><tr><td>Hermann Iark Oberdiek<\/td><td><a href=\"https:\/\/sites.uel.br\/ndph\/wp-content\/uploads\/2022\/08\/RESPONSABILIDADE-E-COMPROMISSO-Servicos-medicos-em-Londrina-e-as-relacoes-de-medicos-com-estes-servicos-1933-a-1971_.pdf\" data-type=\"attachment\" data-id=\"772\" target=\"_blank\" rel=\"noreferrer noopener\">Responsabilidade e compromisso: servi\u00e7os m\u00e9dicos em Londrina e as rela\u00e7\u00f5es de m\u00e9dicos com estes servi\u00e7os: 1933 a 1971<\/a><\/td><td>2008<\/td><\/tr><tr><td>Osmani Ferreira da Costa<\/td><td><a href=\"https:\/\/sites.uel.br\/ndph\/wp-content\/uploads\/2022\/08\/TELEVISAO-E-O-PALACIO-concessoes-e-desenvolvimento-das-emissoras-e-redes-televisivas-no-Parana-1954-1985.pdf\" data-type=\"attachment\" data-id=\"773\" target=\"_blank\" rel=\"noreferrer noopener\">Televis\u00e3o e o Pal\u00e1cio: concess\u00f5es e desenvolvimento das emissoras e redes televisivas no Paran\u00e1 (1954 &#8211; 1985)<\/a><\/td><td>2012<\/td><\/tr><\/tbody><\/table><\/figure>\n","protected":false},"excerpt":{"rendered":"<p>Autor (a) T\u00edtulo Ano Hermann Iark Oberdiek Responsabilidade e compromisso: servi\u00e7os m\u00e9dicos em Londrina e as rela\u00e7\u00f5es de m\u00e9dicos com estes servi\u00e7os: 1933 a 1971 2008 Osmani Ferreira da Costa Televis\u00e3o e o Pal\u00e1cio: concess\u00f5es e desenvolvimento das emissoras e redes televisivas no Paran\u00e1 (1954 &#8211; 1985) 2012<\/p>\n","protected":false},"author":7,"featured_media":0,"parent":0,"menu_order":0,"comment_status":"closed","ping_status":"closed","template":"","meta":{"footnotes":""},"class_list":["post-513","page","type-page","status-publish","hentry"],"acf":[],"_links":{"self":[{"href":"https:\/\/sites.uel.br\/ndph\/wp-json\/wp\/v2\/pages\/513","targetHints":{"allow":["GET"]}}],"collection":[{"href":"https:\/\/sites.uel.br\/ndph\/wp-json\/wp\/v2\/pages"}],"about":[{"href":"https:\/\/sites.uel.br\/ndph\/wp-json\/wp\/v2\/types\/page"}],"author":[{"embeddable":true,"href":"https:\/\/sites.uel.br\/ndph\/wp-json\/wp\/v2\/users\/7"}],"replies":[{"embeddable":true,"href":"https:\/\/sites.uel.br\/ndph\/wp-json\/wp\/v2\/comments?post=513"}],"version-history":[{"count":4,"href":"https:\/\/sites.uel.br\/ndph\/wp-json\/wp\/v2\/pages\/513\/revisions"}],"predecessor-version":[{"id":774,"href":"https:\/\/sites.uel.br\/ndph\/wp-json\/wp\/v2\/pages\/513\/revisions\/774"}],"wp:attachment":[{"href":"https:\/\/sites.uel.br\/ndph\/wp-json\/wp\/v2\/media?parent=513"}],"curies":[{"name":"wp","href":"https:\/\/api.w.org\/{rel}","templated":true}]}}