{"id":512,"date":"2022-08-15T11:16:43","date_gmt":"2022-08-15T14:16:43","guid":{"rendered":"https:\/\/sites.uel.br\/ndph\/?page_id=512"},"modified":"2023-04-17T15:18:23","modified_gmt":"2023-04-17T18:18:23","slug":"tccs-digitalizados-historia","status":"publish","type":"page","link":"https:\/\/sites.uel.br\/ndph\/tccs-digitalizados-historia\/","title":{"rendered":"TCCs DIGITALIZADOS &#8211; HIST\u00d3RIA"},"content":{"rendered":"\n<p><\/p>\n\n\n\n<figure class=\"wp-block-table\"><table><thead><tr><th>Autor (a)<\/th><th>T\u00edtulo<\/th><th>Ano<\/th><\/tr><\/thead><tbody><tr><td>Adriana Gomes<\/td><td><a href=\"https:\/\/sites.uel.br\/ndph\/wp-content\/uploads\/2022\/08\/O-MARIDO-DA-ADULTERA-CONSIDERACOES-A-RESPEITO-DA-OBRA-DE-LUCIO-DE-MENDONCA.pdf\" data-type=\"attachment\" data-id=\"664\" target=\"_blank\" rel=\"noreferrer noopener\">O marido da ad\u00faltera: considera\u00e7\u00f5es a respeito da obra de L\u00facio de Mendon\u00e7a<\/a><\/td><td>2013<\/td><\/tr><tr><td>Alan Borges de Oliveira<\/td><td><a href=\"https:\/\/sites.uel.br\/ndph\/wp-content\/uploads\/2022\/08\/A-MUSICA-COMO-EXPRESSAO-CULTURAL-DO-CANGACO.pdf\" data-type=\"attachment\" data-id=\"665\" target=\"_blank\" rel=\"noreferrer noopener\">A m\u00fasica como express\u00e3o cultural do canga\u00e7o no \u00e1lbum &#8220;Cantigas de Lampi\u00e3o&#8221;, do cangaceiro Volta Seca (1957)<\/a><\/td><td>2018<\/td><\/tr><tr><td>Alan Diego Baptista<\/td><td><a href=\"https:\/\/sites.uel.br\/ndph\/wp-content\/uploads\/2022\/08\/HOMENS-MULHERES-E-CRIANCAS-Consideracoes-acerca-das-representacoes-ciganas-presentes-no-filme-Korkoro.pdf\" data-type=\"attachment\" data-id=\"654\" target=\"_blank\" rel=\"noreferrer noopener\">Homens, mulheres e crian\u00e7as: considera\u00e7\u00f5es acerca das representa\u00e7\u00f5es ciganas presentes no filme Korkoro<\/a><\/td><td>2016<\/td><\/tr><tr><td>Alan Romazotti dos Santos<\/td><td><a href=\"https:\/\/sites.uel.br\/ndph\/wp-content\/uploads\/2022\/08\/PERESTROIKA-O-FIM-DA-UNIAO-SOVIETICA.pdf\" data-type=\"attachment\" data-id=\"655\" target=\"_blank\" rel=\"noreferrer noopener\">Perestroika: o fim da Uni\u00e3o Sovi\u00e9tica<\/a><\/td><td>2017<\/td><\/tr><tr><td>Alex Eloy Nogueira<\/td><td><a href=\"https:\/\/sites.uel.br\/ndph\/wp-content\/uploads\/2022\/08\/A-ILUSAO-BIOGRAFICA-E-AS-BIOGRAFIAS-SOBRE-AYRTON-SENNA-1994-96-2006.pdf\" data-type=\"attachment\" data-id=\"656\" target=\"_blank\" rel=\"noreferrer noopener\">A ilus\u00e3o biogr\u00e1fica e as biografias sobre Ayrton Senna: 1994-2006<\/a><\/td><td>2011<\/td><\/tr><tr><td>Alex Sandro Maciel Antunes<\/td><td><a href=\"https:\/\/sites.uel.br\/ndph\/wp-content\/uploads\/2022\/08\/ALBERTINA-BERKENBROCK-96-VIRGEM-E-MARTIR-CONSTRUCAO-DE-SEU-MARTIRIO-E-SANTIDADE.pdf\" data-type=\"attachment\" data-id=\"657\" target=\"_blank\" rel=\"noreferrer noopener\">Albertina Berkenbrock &#8211; Virgem e m\u00e1rtir: a constru\u00e7\u00e3o de seu mart\u00edrio e santidade<\/a><\/td><td>2011<\/td><\/tr><tr><td>Am\u00e1byle Desir\u00e9e Chanton do Prado<\/td><td><a href=\"https:\/\/sites.uel.br\/ndph\/wp-content\/uploads\/2022\/08\/CORPO-E-GENERO-EM-93MULHERES-ALTERADAS-394-DE-MAITENA.pdf\" data-type=\"attachment\" data-id=\"658\" target=\"_blank\" rel=\"noreferrer noopener\">Corpo e g\u00eanero em &#8220;Mulheres Alteradas 3&#8221;, de Maitena<\/a><\/td><td>2017<\/td><\/tr><tr><td>Ana Isabel Isfran Galeano<\/td><td><a href=\"https:\/\/sites.uel.br\/ndph\/wp-content\/uploads\/2022\/08\/MAFALDA-ESCOLA-E-HISTORIA-EM-QUADRINHOSnbsp.pdf\" data-type=\"attachment\" data-id=\"659\" target=\"_blank\" rel=\"noreferrer noopener\">Mafalda: escola e hist\u00f3ria em quadrinhos<\/a><\/td><td>2008<\/td><\/tr><tr><td>Andr\u00e9a Cristina Rosseti Maioli<\/td><td><a href=\"https:\/\/sites.uel.br\/ndph\/wp-content\/uploads\/2022\/08\/PEDALADAS-DA-CONTRACULTURA-OS-PROVOS.-AMSTERDAN-1965-1967.pdf\" data-type=\"attachment\" data-id=\"660\" target=\"_blank\" rel=\"noreferrer noopener\">Pedaladas da contracultura: Os Provos. Amsterdan, 1965-1967<\/a><\/td><td>2008<\/td><\/tr><tr><td>Ariovaldo Barra Rosa de Oliveira<\/td><td><a href=\"https:\/\/sites.uel.br\/ndph\/wp-content\/uploads\/2022\/08\/A-LUTA-PELA-POSSE-DA-TERRA-NO-PARANA-ENTRE-1930-E-1957-A-HISTORIOGRAFIA-TRADICIONAL-E-O-REVISIONISMO-HISTORICO.pdf\" data-type=\"attachment\" data-id=\"661\" target=\"_blank\" rel=\"noreferrer noopener\">A luta pela posse da terra no Paran\u00e1 entre 1930 e 1957: a historiografia tradicional e o revisionismo hist\u00f3rico<\/a><\/td><td>2017<\/td><\/tr><tr><td>Arnaldo Martin Szlachta <\/td><td><a href=\"https:\/\/sites.uel.br\/ndph\/wp-content\/uploads\/2022\/08\/O-CINEMA-NA-SALA-DE-AULA-UMA-ANALISE-A-PARTIR-DA-OBRA-DE-MARC-FERRO.pdf\" data-type=\"attachment\" data-id=\"662\" target=\"_blank\" rel=\"noreferrer noopener\">O cinema na sala de aula: uma an\u00e1lise a partir da obra de Marc Ferro<\/a><\/td><td>2008<\/td><\/tr><tr><td>Augusto Malavasi Gabella<\/td><td><a href=\"https:\/\/sites.uel.br\/ndph\/wp-content\/uploads\/2022\/08\/93PORQUE-FUSILAMOS-A-LOS-CRIMINALES-DE-GUERRA94-A-JUSTICA-REVOLUCIONARIA-EM-CUBA-NAS-PAGINAS-DO-JORNAL-REVOLUCION.pdf\" data-type=\"attachment\" data-id=\"663\" target=\"_blank\" rel=\"noreferrer noopener\">&#8220;Porque fusilamos a los criminales de guerra&#8221;: a justi\u00e7a revolucion\u00e1ria em Cuba nas p\u00e1ginas do jornal Revoluci\u00f3n<\/a><\/td><td>2019<\/td><\/tr><tr><td>Barbara Bruna Coitinho Fernandes<\/td><td><a href=\"https:\/\/sites.uel.br\/ndph\/wp-content\/uploads\/2022\/08\/CINE-TEATRO-FENIX-COMO-PATRIMONIO-CULTURAL-DE-APUCARANA-O-PROJETO-VELHO-CINEMA-NOVO-1952-2002-.pdf\" data-type=\"attachment\" data-id=\"667\" target=\"_blank\" rel=\"noreferrer noopener\">Cine Teatro F\u00eanix como patrim\u00f4nio cultural de Apucarana: o projeto &#8220;Velho Cinema Novo&#8221; (1952-2002)<\/a><\/td><td>2014<\/td><\/tr><tr><td>Bianca de Lima Bondioli<\/td><td><a href=\"https:\/\/sites.uel.br\/ndph\/wp-content\/uploads\/2022\/08\/TCC-Modernizacao-e-Violencia-Bianca-Bondioli.pdf\" data-type=\"attachment\" data-id=\"668\" target=\"_blank\" rel=\"noreferrer noopener\">Moderniza\u00e7\u00e3o e viol\u00eancia contra a mulher ind\u00edgena no Brasil (1950-1973): uma an\u00e1lise do Relat\u00f3rio Figueiredo<\/a><\/td><td>2021<\/td><\/tr><tr><td>Bruna Garcia Catarino<\/td><td><a href=\"https:\/\/sites.uel.br\/ndph\/wp-content\/uploads\/2022\/08\/REPRESENTACOES-DE-PROGRESSO-PRESENTES-NO-LIVRETO-DA-CTNP-1930-1940-REPERCUSSAO-NA-HISTORIOGRAFIA-NORTE-PARANAENSE.pdf\" data-type=\"attachment\" data-id=\"669\">Representa\u00e7\u00f5es de progresso presentes no livreto da CTNP (1930-1940): repercuss\u00e3o na historiografia norte paranaense<\/a><\/td><td>2016<\/td><\/tr><tr><td>Bruna Santos de Camargo<\/td><td><a href=\"https:\/\/sites.uel.br\/ndph\/wp-content\/uploads\/2022\/08\/SEXUALIDADE-E-RELIGIOSIDADE-NAS-CANTIGAS-DE-ESCARNIO-E-MALDIZER-DOS-TROVADORES-DO-SECULO-XIII.pdf\" data-type=\"attachment\" data-id=\"670\" target=\"_blank\" rel=\"noreferrer noopener\">Sexualidade e religiosidade nas cantigas de esc\u00e1rnio e maldizer dos trovadores do s\u00e9culo XIII<\/a><\/td><td>2018<\/td><\/tr><tr><td>Bruno Natan Lima<\/td><td><a href=\"https:\/\/sites.uel.br\/ndph\/wp-content\/uploads\/2022\/08\/DEMOCRACIA-E-DIREITOS-HUMANOS-NO-AMBITO-DO-MERCOSUL-POLITICA-DIPLOMACIA-E-INTEGRACAO-REGIONAL-1991-2013.pdf\" data-type=\"attachment\" data-id=\"671\" target=\"_blank\" rel=\"noreferrer noopener\">Democracia e direitos humanos no \u00e2mbito do Mercosul: pol\u00edtica, diplomacia e integra\u00e7\u00e3o regional (1991-2013)<\/a><\/td><td>2017<\/td><\/tr><tr><td>Bruno Paviani<\/td><td><a href=\"https:\/\/sites.uel.br\/ndph\/wp-content\/uploads\/2022\/08\/O-LIVRO-DIDATICO-DE-EDUCACAO-MORAL-E-CIVICA-NA-DITADURA-MILITAR-BRASILEIRA-UMA-TENTATIVA-DE-LEGITIMAR-O-PODER.-1969-1971.pdf\" data-type=\"attachment\" data-id=\"672\" target=\"_blank\" rel=\"noreferrer noopener\">O livro did\u00e1tico de educa\u00e7\u00e3o moral e c\u00edvica na Ditadura Militar brasileira: uma tentativa de legitimar o poder (1969-1971)<\/a><\/td><td>2012<\/td><\/tr><tr><td>Calebe Laridondu Viana<\/td><td><a href=\"https:\/\/sites.uel.br\/ndph\/wp-content\/uploads\/2022\/08\/93POIS-TODOS-SAO-UM-EM-CRISTO-JESUS94-UM-ESTUDO-DOS-PAPEIS-DAS-MULHERES-NAS-CARTAS-PAULINAS-SOB-A-PERSPECTIVA-DE-MICHEL-FOUCAULT.pdf\" data-type=\"attachment\" data-id=\"673\" target=\"_blank\" rel=\"noreferrer noopener\">&#8220;Pois todos s\u00e3o um em Cristo Jesus&#8221;: um estudo dos pap\u00e9is das mulheres nas cartas paulinas sob a perspectiva de Michel Foucault<\/a><\/td><td>2018<\/td><\/tr><tr><td>Camille Lima Lobo<\/td><td><a href=\"https:\/\/sites.uel.br\/ndph\/wp-content\/uploads\/2022\/08\/PATRIMONIO-CULTURAL-DE-LONDRINA-O-TOMBAMENTO-DO-CINE-TEATRO-OURO-VERDE.-1.978-A-1.999.pdf\" data-type=\"attachment\" data-id=\"674\" target=\"_blank\" rel=\"noreferrer noopener\">Patrim\u00f4nio cultural de Londrina: o tombamento do Cine Teatro Ouro Verde. 1978 a 1999<\/a><\/td><td>2012<\/td><\/tr><tr><td>Claudinei Severnini<\/td><td><a href=\"https:\/\/sites.uel.br\/ndph\/wp-content\/uploads\/2022\/08\/AS-REPRESENTACOES-CRISTA-E-ASTECA-DE-QUETZALCOATL-A-PARTIR-DA-OBRA-HISTORIA-GENERAL-DE-LAS-COSAS-DE-NUEVA-ESPANA-DE-BERNARDINO-DE-SAHAGUN.pdf\" data-type=\"attachment\" data-id=\"675\" target=\"_blank\" rel=\"noreferrer noopener\">As representa\u00e7\u00f5es crist\u00e3 e asteca de Quetzacoatl \u00e0 partir da obra <em>Historia General de las Cosas de Nueva Espa\u00f1a<\/em> de Bernardino de Sahagun<\/a><\/td><td>2012<\/td><\/tr><tr><td>Cristiano Aparecido do Nascimento<\/td><td><a href=\"https:\/\/sites.uel.br\/ndph\/wp-content\/uploads\/2022\/08\/TRANSICAO-POLITICA-E-CULTURAL-DO-BRASIL-NOS-ANOS-19701980-UMA-ANALISE-A-PARTIR-DAS-MUSICAS-DE-LEGIAO-URBANA.pdf\" data-type=\"attachment\" data-id=\"676\" target=\"_blank\" rel=\"noreferrer noopener\">Transi\u00e7\u00e3o pol\u00edtica e cultural do Brasil nos anos 1970-1980: uma an\u00e1lise \u00e0 partir das m\u00fasicas de Legi\u00e3o Urbana<\/a><\/td><td>2013<\/td><\/tr><tr><td>Daniel Valentin Carvalhal<\/td><td><a href=\"https:\/\/sites.uel.br\/ndph\/wp-content\/uploads\/2022\/08\/COGUMELOS-PARASITARIOS-VISOES-DO-CABOCLO-E-DO-REGIONALISMO-EM-URUPES-DE-MONTEIRO-LOBATO1918.pdf\" data-type=\"attachment\" data-id=\"678\" target=\"_blank\" rel=\"noreferrer noopener\">Cogumelos parasit\u00e1rios: vis\u00f5es do caboclo e do regionalismo em Urupes, de Monteiro Lobato (1918)<\/a><\/td><td>2013<\/td><\/tr><tr><td>Daniela Martins Terra<\/td><td><a href=\"https:\/\/sites.uel.br\/ndph\/wp-content\/uploads\/2022\/08\/EDUCACAO-A-DISTANCIA-NO-BRASIL-CARACTERISITICAS-GERAIS-E-POSSIBILIDADES-NO-ENSINO-DE-HISTORIA.pdf\" data-type=\"attachment\" data-id=\"679\" target=\"_blank\" rel=\"noreferrer noopener\">Educa\u00e7\u00e3o \u00e0 dist\u00e2ncia no Brasil: caracter\u00edsticas gerais e possibilidades no Ensino de Hist\u00f3ria<\/a><\/td><td>2012<\/td><\/tr><tr><td>David Junior Bras dos Reis<\/td><td><a href=\"https:\/\/sites.uel.br\/ndph\/wp-content\/uploads\/2022\/08\/EDUCACAO-AMBIENTAL-UMA-ABORDAGEM-HISTORICA.pdf\" data-type=\"attachment\" data-id=\"680\" target=\"_blank\" rel=\"noreferrer noopener\">Educa\u00e7\u00e3o ambiental: uma abordagem hist\u00f3rica<\/a><\/td><td>2008<\/td><\/tr><tr><td>Dayane Cristina da Silva<\/td><td><a href=\"https:\/\/sites.uel.br\/ndph\/wp-content\/uploads\/2022\/08\/DA-CIDADE-NOVA-AO-PALACIO-DA-REPUBLICA-A-TRAJETORIA-HISTORICA-DO-MAXIXE-NO-RIO-DE-JANEIRO-SEGUNDA-METADE-DO-SECULO-XIX-E-PRIMEIRAS-DECADAS-DO-SECULO-XX.pdf\" data-type=\"attachment\" data-id=\"681\" target=\"_blank\" rel=\"noreferrer noopener\">Da Cidade Nova ao Pal\u00e1cio da Rep\u00fablica: a trajet\u00f3ria hist\u00f3rica do Maxixe no Rio de Janeiro (segunda metade do s\u00e9culo XIX e primeiras d\u00e9cadas do s\u00e9culo XX)<\/a><\/td><td>2011<\/td><\/tr><tr><td>Diego Bianconi<\/td><td><a href=\"https:\/\/sites.uel.br\/ndph\/wp-content\/uploads\/2022\/08\/A-MODERNIZACAO-PROGRESSISTA-DO-ESPACO-NORTE-PARANAENSE-E-OS-IMPACTOS-SOCIAIS-E-AMBIENTAIS-UMA-ANALISE-HISTORIOGRAFICA-1991-2000.pdf\" data-type=\"attachment\" data-id=\"682\" target=\"_blank\" rel=\"noreferrer noopener\">A moderniza\u00e7\u00e3o progressista do espa\u00e7o norte paranaense e os impactos sociais e ambientais: uma an\u00e1lise historiogr\u00e1fica (1991-2000)<\/a><\/td><td>2018<\/td><\/tr><tr><td>Edson Roberto Sanzovo Filho<\/td><td><a href=\"https:\/\/sites.uel.br\/ndph\/wp-content\/uploads\/2022\/08\/QUADRINHOS-MARVEL-NOS-ANOS-SESSENTA-DURANTE-A-GUERRA-FRIA.pdf\" data-type=\"attachment\" data-id=\"683\" target=\"_blank\" rel=\"noreferrer noopener\">Quadrinhos Marvel nos anos sessenta durante a Guerra Fria<\/a><\/td><td>2017<\/td><\/tr><tr><td>Ester Gon\u00e7alves da Silva<\/td><td><a href=\"https:\/\/sites.uel.br\/ndph\/wp-content\/uploads\/2022\/08\/O-QUE-ERA-CANTADO-NOS-CAMPOS-DE-BATALHA-PELOS-SOLDADOS-BRASILEIROS-NA-SEGUNDA-GUERRA-MUNDIAL-O-LP-93EXPEDICIONARIOS-EM-RITMOS94-1966.pdf\" data-type=\"attachment\" data-id=\"684\" target=\"_blank\" rel=\"noreferrer noopener\">O que era cantado nos campos de batalha pelos soldados brasileiros na Segunda Guerra Mundial: o LP &#8220;Expedicion\u00e1rios em ritmos&#8221; (1966)<\/a><\/td><td>2016<\/td><\/tr><tr><td>F\u00e1bio Fiore de Aguiar<\/td><td><a href=\"https:\/\/sites.uel.br\/ndph\/wp-content\/uploads\/2022\/08\/CIENCIA-E-SOCIEDADE-A-QUESTAO-NUCLEAR-NO-BRASIL.-UMA-ANALISE-SOBRE-A-CIENCIA-NA-REVISTA-O-CRUZEIRO-NA-PRIMEIRA-METADE-DA-DECADA-DE-1950.pdf\" data-type=\"attachment\" data-id=\"685\" target=\"_blank\" rel=\"noreferrer noopener\">Ci\u00eancia e sociedade: a quest\u00e3o nuclear no Brasil: uma an\u00e1lise sobre a ci\u00eancia na revista O Cruzeiro, na primeira metade da d\u00e9cada de 1950<\/a><\/td><td>2012<\/td><\/tr><tr><td>Felipe de Almeida Neto<\/td><td><a href=\"https:\/\/sites.uel.br\/ndph\/wp-content\/uploads\/2022\/08\/A-GEADA-NEGRA-DE-1975-MARCOS-NAS-MEMORIAS-PELA-IMPRENSA-E-ESTUDO-DE-CASO-EM-LONDRINA-E-REGIAO-NORTE-DO-PARANA.pdf\" data-type=\"attachment\" data-id=\"686\" target=\"_blank\" rel=\"noreferrer noopener\">A geada negra de 1975: marcos nas mem\u00f3rias pela imprensa e estudo de caso em Londrina e regi\u00e3o norte do Paran\u00e1<\/a><\/td><td>2016<\/td><\/tr><tr><td>Felipe Nunes Pastorello<\/td><td><a href=\"https:\/\/sites.uel.br\/ndph\/wp-content\/uploads\/2022\/08\/APROXIMACOES-ENTRE-O-PENSAMENTO-ECOSSOCIALISTA-E-OS-BLOGSITES-DO-BRASIL-NO-SECULO-XXI.pdf\" data-type=\"attachment\" data-id=\"687\" target=\"_blank\" rel=\"noreferrer noopener\">Aproxima\u00e7\u00f5es entre o pensamento ecossocialista e os blogsites do Brasil no s\u00e9culo XXI<\/a><\/td><td>2012<\/td><\/tr><tr><td>Fernanda Charis Cassiano<\/td><td><a href=\"https:\/\/sites.uel.br\/ndph\/wp-content\/uploads\/2022\/08\/A-FAMILIA-OVITZ-E-O-HOLOCAUSTO-OS-SETE-ANOES-EM-AUSCHWITZ.pdf\" data-type=\"attachment\" data-id=\"688\" target=\"_blank\" rel=\"noreferrer noopener\">A fam\u00edlia Ovitz e o holocausto: os sete an\u00f5es em Auschwitz<\/a><\/td><td>2008<\/td><\/tr><tr><td>Fernando Cavalcante de Oliveira<\/td><td><a href=\"https:\/\/sites.uel.br\/ndph\/wp-content\/uploads\/2022\/08\/ENTRE-AS-IMAGENS-DO-PODER-E-O-PODER-DAS-IMAGENS-CONSTRUCAO-DA-FIGURA-PUBLICA-DE-GETULIO-VARGAS.pdf\" data-type=\"attachment\" data-id=\"689\" target=\"_blank\" rel=\"noreferrer noopener\">Entre as imagens do poder e o poder das imagens: constru\u00e7\u00e3o da figura p\u00fablica de Get\u00falio Vargas<\/a><\/td><td>2013<\/td><\/tr><tr><td>Fl\u00e1via Rayane Ruthes Barbosa<\/td><td><a href=\"https:\/\/sites.uel.br\/ndph\/wp-content\/uploads\/2022\/08\/IMPRENSA-BRASILEIRA-NA-GRANDE-nbspGUERRA-nbspOS-BOLETINS-SEMANAIS-DE-JULIO-DE-MESQUITA.pdf\" data-type=\"attachment\" data-id=\"690\" target=\"_blank\" rel=\"noreferrer noopener\">Imprensa brasileira na Grande Guerra: os boletins semanais de J\u00falio de Mesquita<\/a><\/td><td>2013<\/td><\/tr><tr><td>Franciele Mendes Alves<\/td><td><a href=\"https:\/\/sites.uel.br\/ndph\/wp-content\/uploads\/2022\/08\/A-ICONOGRAFIA-MARIANA-NOS-VITRAIS-DA-CATEDRAL-DE-CHARTRES-UMA-EXPRESSAO-DA-DEVOCAO-A-MARIA-NOS-SECULOS-XII-E-XIII.pdf\" data-type=\"attachment\" data-id=\"691\" target=\"_blank\" rel=\"noreferrer noopener\">A iconografia Mariana nos vitrais da Catedral de Chartres: uma express\u00e3o da devo\u00e7\u00e3o \u00e0 Maria nos s\u00e9culos XII e XIII<\/a><\/td><td>2010<\/td><\/tr><tr><td>Francielle Sandoval<\/td><td><a href=\"https:\/\/sites.uel.br\/ndph\/wp-content\/uploads\/2022\/08\/A-ATUACAO-DO-PROJETO-CURA-EM-LONDRINA-1973-96-1980.pdf\" data-type=\"attachment\" data-id=\"692\" target=\"_blank\" rel=\"noreferrer noopener\">A atua\u00e7\u00e3o do Projeto Cura em Londrina (1973-1980)<\/a><\/td><td>2012<\/td><\/tr><tr><td>Francielly Hattori<\/td><td><a href=\"https:\/\/sites.uel.br\/ndph\/wp-content\/uploads\/2022\/08\/HOMEM-NOVO-IDEAL-NACIONAL-E-RELIGIOSO-NA-ALEMANHA-DE-1914-1945.pdf\" data-type=\"attachment\" data-id=\"693\" target=\"_blank\" rel=\"noreferrer noopener\">Homem novo: ideal nacional e religioso na Alemanha de 1914-1915<\/a><\/td><td>2009<\/td><\/tr><tr><td>Geofrei Rodrigo dos Santos Dias<\/td><td><a href=\"https:\/\/sites.uel.br\/ndph\/wp-content\/uploads\/2022\/08\/A-IMPRENSA-LONDRINENSE-NOS-TEMPOS-DA-DITADURA-CIVIL-MILITAR-1964-1973.pdf\" data-type=\"attachment\" data-id=\"695\" target=\"_blank\" rel=\"noreferrer noopener\">A imprensa londrinense nos tempos da Ditadura Civil-Militar (1964-1973)<\/a><\/td><td>2018<\/td><\/tr><tr><td>Geovanna Beatriz Lopes<\/td><td><a href=\"https:\/\/sites.uel.br\/ndph\/wp-content\/uploads\/2022\/08\/TCC_GeovannaLopes_VersaoFinal_REVISADO_2021-JUNHO.pdf\" data-type=\"attachment\" data-id=\"696\" target=\"_blank\" rel=\"noreferrer noopener\">Ensino de Hist\u00f3ria Regional: hist\u00f3ria do Paran\u00e1 no curr\u00edculo da rede estadual paranaense<\/a><\/td><td>2021<\/td><\/tr><tr><td>Gilberto da Silva Guizelin<\/td><td><a href=\"https:\/\/sites.uel.br\/ndph\/wp-content\/uploads\/2022\/08\/A-PROJECAO-ATLANTICO-AFRICANA-DO-IMPERIO-DO-BRASIL-UM-DESAFIO-A-HEGEMONIA-BRITANICA-NO-ATLANTICO-SUL-1826-1850.pdf\" data-type=\"attachment\" data-id=\"697\" target=\"_blank\" rel=\"noreferrer noopener\">A proje\u00e7\u00e3o atl\u00e2ntico-africana do Imp\u00e9rio do Brasil: um desafio \u00e0 hegemonia brit\u00e2nica no Atl\u00e2ntico Sul 1826-1850<\/a><\/td><td>2008<\/td><\/tr><tr><td>Giovana Maria Carvalho Martins<\/td><td><a href=\"https:\/\/sites.uel.br\/ndph\/wp-content\/uploads\/2022\/08\/FONTES-LITERARIAS-EM-SALA-DE-AULA-A-OBRA-93OS-MISERAVEIS94-E-O-ENSINO-DE-HISTORIA.pdf\" data-type=\"attachment\" data-id=\"698\">Fontes liter\u00e1rias em sala de aula: a obra &#8220;Os Miser\u00e1veis&#8221; e o ensino de Hist\u00f3ria<\/a><\/td><td>2017<\/td><\/tr><tr><td>Giovanna Barboza da Cruz<\/td><td><a href=\"https:\/\/sites.uel.br\/ndph\/wp-content\/uploads\/2022\/08\/CRUZ_G_Reforma-Urbana.-105-f.-2.pdf\" data-type=\"attachment\" data-id=\"699\" target=\"_blank\" rel=\"noreferrer noopener\">Imagem e Revolu\u00e7\u00e3o: a lei da reforma urbana em Cuba pelas fotografias do jornal Revoluci\u00f3n (1959-1960)<\/a><\/td><td>2021<\/td><\/tr><tr><td>Helen Michele Torrecillas<\/td><td><a href=\"https:\/\/sites.uel.br\/ndph\/wp-content\/uploads\/2022\/08\/INIMIGO-DO-REI.-A-MIDIA-ALTERNATIVA-ANARQUISTA-ESTUDOS-DE-CASOS.-BRASIL.-1977-1988.pdf\" data-type=\"attachment\" data-id=\"700\" target=\"_blank\" rel=\"noreferrer noopener\">Inimigo do Rei. A m\u00eddia alternativa anarquista: estudos de casos. Brasil, (1997 &#8211; 1988)<\/a><\/td><td>2008<\/td><\/tr><tr><td>Henrique Martins dos Santos<\/td><td><a href=\"https:\/\/sites.uel.br\/ndph\/wp-content\/uploads\/2022\/08\/A-ANTIGA-ESTACAO-FERROVIARIA-E-O-MUSEU-HISTORICO-DE-LONDRINA-COMO-LUGARES-DE-MEMORIA.pdf\" data-type=\"attachment\" data-id=\"701\" target=\"_blank\" rel=\"noreferrer noopener\">A antiga esta\u00e7\u00e3o ferrovi\u00e1ria e o Museu Hist\u00f3rico de Londrina como lugares de mem\u00f3ria<\/a><\/td><td>2016<\/td><\/tr><tr><td>Izadora Carvalho da Silva<\/td><td><a href=\"https:\/\/sites.uel.br\/ndph\/wp-content\/uploads\/2022\/08\/A-MULHER-E-OS-DIREITOS-TRABALHISTAS-A-PARTIR-DE-BERTHA-LUTZ-E-A-FEDERACAO-BRASILEIRA-PELO-PROGRESSO-FEMININO-1930-1937.pdf\" data-type=\"attachment\" data-id=\"702\" target=\"_blank\" rel=\"noreferrer noopener\">A mulher e os direitos trabalhistas, \u00e0 partir de Bertha Lutz e a federa\u00e7\u00e3o brasileira pelo progresso feminino (1930 &#8211; 1937)<\/a><\/td><td>2018<\/td><\/tr><tr><td>Jailson Uriel Zanini<\/td><td><a href=\"https:\/\/sites.uel.br\/ndph\/wp-content\/uploads\/2022\/08\/O-ACORDO-DE-COOPERACAO-CIENTIFICA-BRASIL-ALEMANHA-1975-RELACOES-INTERNACIONAIS-E-INTERESSES-ESTRATEGICOS-EM-TEMPOS-DE-GUERRA-FRIA.pdf\" data-type=\"attachment\" data-id=\"703\" target=\"_blank\" rel=\"noreferrer noopener\">O acordo de coopera\u00e7\u00e3o cient\u00edfica Brasil &#8211; Alemanha (1975): rela\u00e7\u00f5es internacionais e interesses estrat\u00e9gicos em tempos de Guerra Fria<\/a><\/td><td>2012<\/td><\/tr><tr><td>Jair Henrique Ferreira Sueki<\/td><td><a href=\"https:\/\/sites.uel.br\/ndph\/wp-content\/uploads\/2022\/08\/IDENTIDADE-CRISTA-E-MARTIRIO-EM-TERTULIANO-DE-CARTAGO.pdf\" data-type=\"attachment\" data-id=\"704\" target=\"_blank\" rel=\"noreferrer noopener\">Identidade crist\u00e3 e mart\u00edrio em Tertuliano de Cartago<\/a><\/td><td>2013<\/td><\/tr><tr><td>Jair Soares de Almeida<\/td><td><a href=\"https:\/\/sites.uel.br\/ndph\/wp-content\/uploads\/2022\/08\/EXCELENCAS-E-BENDITAS-RITUAIS-FUNEBRES-E-SEUS-LUGARES-NAS-RELIGIOSIDADES-DO-ESTADO-DE-PERNAMBUCO-NA-DECADA-DE-50-DO-SECULO-XX-96-MORTE-E-VIDA-SEVERINA-DE-JOAO-CABRAL-DE-M.pdf\" data-type=\"attachment\" data-id=\"705\" target=\"_blank\" rel=\"noreferrer noopener\">Excelen\u00e7as e benditas: rituais f\u00fanebres e seus lugares nas religiosidades do Estado de Pernambuco na d\u00e9cada de 50 e do s\u00e9culo XX &#8211; Morte e vida Severina de Jo\u00e3o Cabral<\/a><\/td><td>2012<\/td><\/tr><tr><td>Jeovane Aparecido de Amorim<\/td><td><a href=\"https:\/\/sites.uel.br\/ndph\/wp-content\/uploads\/2022\/08\/O-ESTADAO-E-AS-ELEICOES-ANALISE-DA-CAMPANHA-ELEITORAL-DE-1945-COM-BASE-NA-LEITURA-DO-JORNAL-O-ESTADO-DE-S.-PAULO.pdf\" data-type=\"attachment\" data-id=\"706\" target=\"_blank\" rel=\"noreferrer noopener\">O Estad\u00e3o e as elei\u00e7\u00f5es? An\u00e1lise da campanha eleitoral de 1945 com base na leitura do jornal <em>O Estado de S. Paulo<\/em><\/a><\/td><td>2010<\/td><\/tr><tr><td>Jessica Caroline Taveiras<\/td><td><a href=\"https:\/\/sites.uel.br\/ndph\/wp-content\/uploads\/2022\/08\/MEMORIAS-DA-PROSTITUICAO-A-VILA-MATOS-EM-LONDRINA-ATRAVES-DAS-PAGINAS-DO-JORNAL-FOLHA-DE-LONDRINA-1990-2007.pdf\" data-type=\"attachment\" data-id=\"707\" target=\"_blank\" rel=\"noreferrer noopener\">Mem\u00f3rias da prostitui\u00e7\u00e3o: a Vila Matos em Londrina atrav\u00e9s das p\u00e1ginas do jornal Folha de Londrina (1990 &#8211; 2007)<\/a><\/td><td>2014<\/td><\/tr><tr><td>Jo\u00e3o Geraldo dos Santos<\/td><td><a href=\"https:\/\/sites.uel.br\/ndph\/wp-content\/uploads\/2022\/08\/UMA-ANALISE-DA-RETORICA-DO-MARTIRIO-NAS-CARTAS-DE-INACIO-DE-ANTIOQUIA-1.pdf\" data-type=\"attachment\" data-id=\"708\" target=\"_blank\" rel=\"noreferrer noopener\">Uma an\u00e1lise da ret\u00f3rica do Mart\u00edrio nas cartas de In\u00e1cio de Antioquia<\/a><\/td><td>2012<\/td><\/tr><tr><td>Jos\u00e9 Ricardo Bernardi<\/td><td><a href=\"https:\/\/sites.uel.br\/ndph\/wp-content\/uploads\/2022\/08\/PROJETO-MINERVA-E-OS-REFLEXOS-NA-RADIODIFUSAO-EDUCATIVA.pdf\" data-type=\"attachment\" data-id=\"709\" target=\"_blank\" rel=\"noreferrer noopener\">Projeto Minerva e os reflexos na radiodifus\u00e3o educativa<\/a><\/td><td>2013<\/td><\/tr><tr><td>Josilene de Souza<\/td><td><a href=\"https:\/\/sites.uel.br\/ndph\/wp-content\/uploads\/2022\/08\/O-SAMBA-NA-PERSPECTIVA-DA-RECENTE-HISTORIOGRAFIA-BRASILEIRA-UMA-ANALISE-DOS-TRABALHOS-DE-ULIANA-DIAS-CAMPOS-FERLIM-2006-E-CARLOS-SANDRONI-2001.pdf\" data-type=\"attachment\" data-id=\"710\" target=\"_blank\" rel=\"noreferrer noopener\">O samba na perspectiva da recente historiografia brasileira: uma an\u00e1lise dos trabalhos de Uliana Dias Campos Ferlim (2006) e Carlos Sandroni (2001)<\/a><\/td><td>2014<\/td><\/tr><tr><td>Juan Julio Costa<\/td><td><a href=\"https:\/\/sites.uel.br\/ndph\/wp-content\/uploads\/2022\/08\/Sob-a-Sombra-do-Absolutismo.-A-burguesia-e-a-nobreza-francesa-representadas-em-O-Burgues-Fidaldo.pdf\" data-type=\"attachment\" data-id=\"711\" target=\"_blank\" rel=\"noreferrer noopener\">Sob a sombra do absolutismo: a burguesia e a nobreza francesa representadas em <em>O burgu\u00eas fidalgo <\/em>(1670), de Moli\u00e8re<\/a><\/td><td>2018<\/td><\/tr><tr><td>J\u00falia Amabile Aparecida de Souza Pinto<\/td><td><a href=\"https:\/\/sites.uel.br\/ndph\/wp-content\/uploads\/2022\/08\/OS-MILITARES-E-O-MEIO-AMBIENTE-O-PROJETO.pdf\" data-type=\"attachment\" data-id=\"712\" target=\"_blank\" rel=\"noreferrer noopener\">Os militares e o meio ambiente: o projeto calha norte no contexto amaz\u00f4nico. 1985 &#8211; 1990<\/a><\/td><td>2008<\/td><\/tr><tr><td>Juliana Stefanes<\/td><td><a href=\"https:\/\/sites.uel.br\/ndph\/wp-content\/uploads\/2022\/08\/CONFLITOS-TERRITORIAIS-DA-USINA-HIDRELETRICA-DE-APUCARANINHA-PERSPECTIVAS-SOBRE-O-ESPACO-E-A-NATUREZA.pdf\" data-type=\"attachment\" data-id=\"713\" target=\"_blank\" rel=\"noreferrer noopener\">Conflitos territoriais da usina hidrel\u00e9trica de Apucaraninha: perspectivas sobre o espa\u00e7o e a natureza<\/a><\/td><td>2017<\/td><\/tr><tr><td>J\u00fanior C\u00e9sar Pereira<\/td><td><a href=\"https:\/\/sites.uel.br\/ndph\/wp-content\/uploads\/2022\/08\/MANUEL-INACIO-DA-SILVA-ALVARENGA-1749-1814-TRAJETORIA-DE-UM-HOMEM-DE-LETRAS.pdf\" data-type=\"attachment\" data-id=\"714\" target=\"_blank\" rel=\"noreferrer noopener\">Manuel In\u00e1cio da Silva Alvarenga (1749 &#8211; 1814): trajet\u00f3ria de um homem de letras<\/a><\/td><td>2018<\/td><\/tr><tr><td>Junior Rodrigues Lima<\/td><td><a href=\"https:\/\/sites.uel.br\/ndph\/wp-content\/uploads\/2022\/08\/GIORDANO-BRUNO-E-O-PAPADO-INQUISITORIAL.pdf\" data-type=\"attachment\" data-id=\"715\" target=\"_blank\" rel=\"noreferrer noopener\">Giordano Bruno e o papado inquisitorial<\/a><\/td><td>2012<\/td><\/tr><tr><td>Karina Lisboa Verlingue<\/td><td><a href=\"https:\/\/sites.uel.br\/ndph\/wp-content\/uploads\/2022\/08\/O-MEDIUM-E-A-MIDIA-REPERCUSSOES-DA-PARTICIPACAO-DE-CHICO-XAVIER-NO-PROGRAMA-PINGA-FOGO-EM-1971.pdf\" data-type=\"attachment\" data-id=\"718\" target=\"_blank\" rel=\"noreferrer noopener\">O m\u00e9dium e a m\u00eddia: repercuss\u00f5es da participa\u00e7\u00e3o de Chico Xavier no programa pinga-fogo em 1971<\/a><\/td><td>2012<\/td><\/tr><tr><td>Kawanni dos Santos Gon\u00e7alves<\/td><td><a href=\"https:\/\/sites.uel.br\/ndph\/wp-content\/uploads\/2022\/08\/DE-93CADEIAO94-A-CENTRO-CULTURAL-LONDRINENSE-PROCESSO-DE-RESSIGNIFICACAO-DE-UM-EDIFICIO-HISTORICO.pdf\" data-type=\"attachment\" data-id=\"719\" target=\"_blank\" rel=\"noreferrer noopener\">De &#8220;cadei\u00e3o&#8221; a centro cultural londrinense: processo de ressignifica\u00e7\u00e3o de um edif\u00edcio hist\u00f3rico<\/a><\/td><td>2017<\/td><\/tr><tr><td>Khyara Gabrielly Mendes Fontanini<\/td><td><a href=\"https:\/\/sites.uel.br\/ndph\/wp-content\/uploads\/2022\/08\/A-IMAGEM-COMO-FONTE-HISTORICA-IMPORTANCIA-CONCEITOS-E-POSSIBILIDADES.pdf\" data-type=\"attachment\" data-id=\"720\" target=\"_blank\" rel=\"noreferrer noopener\">A imagem como fonte hist\u00f3rica: import\u00e2ncia, conceitos e possibilidades<\/a><\/td><td>2018<\/td><\/tr><tr><td>Leonardo Henrique de Souza<\/td><td><a href=\"https:\/\/sites.uel.br\/ndph\/wp-content\/uploads\/2022\/08\/VILA-CASONI-1930-1950-FUNDACAO-BASEADA-NO-DEPOIMENTO-DE-DOMINGOS-CASONI.pdf\" data-type=\"attachment\" data-id=\"721\" target=\"_blank\" rel=\"noreferrer noopener\">Vila Casoni (1930 &#8211; 1950): funda\u00e7\u00e3o baseada no depoimento de Domingos Casoni<\/a><\/td><td>2018<\/td><\/tr><tr><td>Leonardo Maur\u00edcio Jacob<\/td><td><a href=\"https:\/\/sites.uel.br\/ndph\/wp-content\/uploads\/2022\/08\/ROCK-EM-LINGUA-ALEMA-A-Neue-Deutsche-Welle-na-Alemanha-Ocidental-1979-1985.pdf\" data-type=\"attachment\" data-id=\"722\" target=\"_blank\" rel=\"noreferrer noopener\">Rock em l\u00edngua alem\u00e3: <em>a neue Deutsche Welle<\/em> na Alemanha Ocidental (1979 &#8211; 1985)<\/a><\/td><td>2013<\/td><\/tr><tr><td>Leonardo Nickson da Silva<\/td><td><a href=\"https:\/\/sites.uel.br\/ndph\/wp-content\/uploads\/2022\/08\/O-ENSINO-DE-HISTORIA-E-A-TEMATICA-DA-REFORMA-PROTESTANTE-INVESTIGANDO-A-CONCEPCAO-DE-HISTORIA-DOS-ALUNOS-DO-CURSO-PRE-VESTIBULAR-DA-UEL.pdf\" data-type=\"attachment\" data-id=\"723\" target=\"_blank\" rel=\"noreferrer noopener\">O ensino de hist\u00f3ria e a tem\u00e1tica da reforma protestante: investigando a concep\u00e7\u00e3o de hist\u00f3ria dos alunos do curso pr\u00e9-vestibular da UEL<\/a><\/td><td>2009<\/td><\/tr><tr><td>Litiane Guimar\u00e3es Mosca<\/td><td><a href=\"https:\/\/sites.uel.br\/ndph\/wp-content\/uploads\/2022\/08\/PROPAGANDA-POLITICA-E-A-CONSTRUCAO-DA-IMAGEM-DE-AUGUSTO-SECULOS-I-a.C.-96-I-d.C..pdf\" data-type=\"attachment\" data-id=\"724\" target=\"_blank\" rel=\"noreferrer noopener\">Propaganda pol\u00edtica e a constru\u00e7\u00e3o da imagem de Augusto (s\u00e9culos I a.C. &#8211; I d.C.)<\/a><\/td><td>2011<\/td><\/tr><tr><td>Luana Pagano Peres Molina<\/td><td><a href=\"https:\/\/sites.uel.br\/ndph\/wp-content\/uploads\/2022\/08\/GENERO-E-SEXUALIDADE-CONSTRUCOES-DA-DIFERENCA-NA-VIVENCIA-ESCOLAR-NO-ENSINO-MEDIO-2007-2008.pdf\" data-type=\"attachment\" data-id=\"725\" target=\"_blank\" rel=\"noreferrer noopener\">G\u00eanero e Sexualidade: constru\u00e7\u00f5es da diferen\u00e7a na viv\u00eancia escolar no ensino m\u00e9dio (2007 &#8211; 2008)<\/a><\/td><td>2008<\/td><\/tr><tr><td>Lucas Bagio Furtoso<\/td><td><a href=\"https:\/\/sites.uel.br\/ndph\/wp-content\/uploads\/2022\/08\/HISTORIA-CULTURAL-E-HISTORIOGRAFIA-UMA-ANALISE-DA-TRAJETORIA-DE-ROBERT-DARNTON-E-DE-ROGER-CHARTIER-A-PARTIR-DE-SEUS-LUGARES-E-DE-SUAS-PRATICAS.pdf\" data-type=\"attachment\" data-id=\"726\" target=\"_blank\" rel=\"noreferrer noopener\">Hist\u00f3ria cultural e historiografia: uma an\u00e1lise de trajet\u00f3ria de Robert Darnton e de Roger Chartier \u00e0 partir de seus lugares e de suas pr\u00e1ticas<\/a><\/td><td>2017<\/td><\/tr><tr><td>Lucas de Lima<\/td><td><a href=\"https:\/\/sites.uel.br\/ndph\/wp-content\/uploads\/2022\/08\/SINTOMAS-DEL-COLERA-A-VIOLENCIA-DA-SOCIEDADE-COLOMBIANA-NA-OBRA-DE-GABRIEL-GARCIA-MARQUEZ.pdf\" data-type=\"attachment\" data-id=\"727\" target=\"_blank\" rel=\"noreferrer noopener\">Sintomas del c\u00f3lera: a viol\u00eancia da sociedade colombiana na obra de Gabriel Garc\u00eda Marquez<\/a><\/td><td>2018<\/td><\/tr><tr><td>Luc\u00e9lia Rodrigues Oliveira<\/td><td><a href=\"https:\/\/sites.uel.br\/ndph\/wp-content\/uploads\/2022\/08\/REPRESENTACAO-FEMININA-NOS-ROMANCES-O-CORTICO-DE-ALUISIO-DE-AZEVEDO-E-A-CARNE-DE-JULIO-RIBEIRO.pdf\" data-type=\"attachment\" data-id=\"728\" target=\"_blank\" rel=\"noreferrer noopener\">Representa\u00e7\u00e3o feminina nos romances <em>O Corti\u00e7o<\/em> de Alu\u00edsio de Azevedo e <em>A Carne<\/em> de J\u00falio Ribeiro<\/a><\/td><td>2018<\/td><\/tr><tr><td>Lucimara Andrade da Silva<\/td><td><a href=\"https:\/\/sites.uel.br\/ndph\/wp-content\/uploads\/2022\/08\/HISTORIA-LITERATURA-E-HISTORIOGRAFIA-REPRESENTACAO-DE-RESISTENCIA-E-LUTA-NO-ROMANCE-GUAYRA-2017-DE-MARCO-AURELIO-CREMASCO.pdf\" data-type=\"attachment\" data-id=\"729\" target=\"_blank\" rel=\"noreferrer noopener\">Hist\u00f3ria, literatura e historiografia: representa\u00e7\u00e3o de resist\u00eancia e luta no romance Guayr\u00e1 (2017), de Marco Aur\u00e9lio Cremasco<\/a><\/td><td>2018<\/td><\/tr><tr><td>Marcela Vieira Martins<\/td><td><a href=\"https:\/\/sites.uel.br\/ndph\/wp-content\/uploads\/2022\/08\/La-muerte-es-el-chile.pdf\" data-type=\"attachment\" data-id=\"736\" target=\"_blank\" rel=\"noreferrer noopener\">&#8220;<em>La muerte es el Chile<\/em>&#8221; A quest\u00e3o da impunidade na obra de Roberto Bola\u00f1o<\/a><\/td><td>2018<\/td><\/tr><tr><td>Marcelo Henrique Chiareto<\/td><td><a href=\"https:\/\/sites.uel.br\/ndph\/wp-content\/uploads\/2022\/08\/O-OLHAR-CIVILIZADOR-EUROPEU-EM-TERRAS-PARANAENSES-NO-SECULO-XIX-O-RELATO-DE-VIAGEM-DE-THOMAS-P.-BIGG-WITHER.pdf\" data-type=\"attachment\" data-id=\"730\" target=\"_blank\" rel=\"noreferrer noopener\">O olhar civilizador europeu em terras paranaenses no s\u00e9culo XIX: o relato de viagem de Thomas P. Bigg-Wither<\/a><\/td><td>2017<\/td><\/tr><tr><td>Marcus Cesar de Arruda Peixoto<\/td><td><a href=\"https:\/\/sites.uel.br\/ndph\/wp-content\/uploads\/2022\/08\/RESISTENCIA-E-REPRESSAO-INSTITUCIONAL-NA-COMUNIDADE-DE-CATIVOS-E-LIBERTOS-NO-RIO-DE-JANEIRO-EM-1836.pdf\" data-type=\"attachment\" data-id=\"731\" target=\"_blank\" rel=\"noreferrer noopener\">Resist\u00eancia e repress\u00e3o institucional na comunidade de cativos e libertos no Rio de Janeiro em 1836<\/a><\/td><td>2012<\/td><\/tr><tr><td>Marina Fazani Manduchi<\/td><td><a href=\"https:\/\/sites.uel.br\/ndph\/wp-content\/uploads\/2022\/08\/RELIGIAO-E-MIDIA-O-DISCURSO-MIDIATICO-DA-E-SOBRE-A-IGREJA-UNIVERSAL-DO-REINO-DE-DEUS-NO-BRASIL-1995-2010.pdf\" data-type=\"attachment\" data-id=\"732\" target=\"_blank\" rel=\"noreferrer noopener\">Religi\u00e3o e m\u00eddia: o discurso midi\u00e1tico da e sobre a Igreja Universal do Reino de Deus no Brasil (1995 &#8211; 2010)<\/a><\/td><td>2011<\/td><\/tr><tr><td>Mario Vitor Fernandes Mansano<\/td><td><a href=\"https:\/\/sites.uel.br\/ndph\/wp-content\/uploads\/2022\/08\/82WE-DON92T-WANT-PEOPLE-LIKE-YOU-HERE201b-RAMBO-E-A-SOCIEDADE-AMERICANA-DO-POS-VIETNA.pdf\" data-type=\"attachment\" data-id=\"733\" target=\"_blank\" rel=\"noreferrer noopener\">&#8220;<em>We don&#8217;t want people like you here<\/em>&#8221; Rambo e a sociedade americana do p\u00f3s Vietn\u00e3<\/a><\/td><td>2010<\/td><\/tr><tr><td>Matheus Henrique Marques Sussai<\/td><td><a href=\"https:\/\/sites.uel.br\/ndph\/wp-content\/uploads\/2022\/08\/HISTORIA-E-CIBERCULTURA-OS-93REVOLTADOS-ON-LINE94-E-AS-SUAS-MANIFESTACOES-E-IDEIAS-DO-GOVERNO-FEDERAL-BRASILEIRO-JULHO-A-DEZEMBRO-DE-2014.pdf\" data-type=\"attachment\" data-id=\"734\" target=\"_blank\" rel=\"noreferrer noopener\">Hist\u00f3ria e cibercultura: os &#8220;revoltados online&#8221; e as suas manifesta\u00e7\u00f5es e ideias do Governo Federal brasileiro (julho a dezembro de 2014)<\/a><\/td><td>2017<\/td><\/tr><tr><td>Naira Saiki Silva<\/td><td><a href=\"https:\/\/sites.uel.br\/ndph\/wp-content\/uploads\/2022\/08\/IMIN-100-CEM-ANOS-DE-AMIZADE-A-DESCONSTRUCAO-DO-DISCURSO-IDENTITARIO-NIPO-BRASILEIRO-NA-COMEMORACAO-DO-CENTENARIO-DE-IMIGRACAO-JAPONESA-EM-2008.pdf\" data-type=\"attachment\" data-id=\"735\" target=\"_blank\" rel=\"noreferrer noopener\">IMIN 100, cem anos de amizade? A desconstru\u00e7\u00e3o do discurso identit\u00e1rio nipo-brasileiro na comemora\u00e7\u00e3o do centen\u00e1rio de imigra\u00e7\u00e3o japonesa em 2008<\/a><\/td><td>2013<\/td><\/tr><tr><td>Osvaldo Batista Brizola<\/td><td><a href=\"https:\/\/sites.uel.br\/ndph\/wp-content\/uploads\/2022\/08\/CANGACO-EM-VERSO-E-PROSA-REPRESENTACOES-DE-LAMPIAO-NOS-CORDEIS-nbsp1959-96-1982.pdf\" data-type=\"attachment\" data-id=\"738\" target=\"_blank\" rel=\"noreferrer noopener\">Canga\u00e7o em verso e prosa: representa\u00e7\u00f5es de Lampi\u00e3o nos cord\u00e9is (1959 &#8211; 1982)<\/a><\/td><td>2016<\/td><\/tr><tr><td>Osvaldo Fiorato Junior<\/td><td><a href=\"https:\/\/sites.uel.br\/ndph\/wp-content\/uploads\/2022\/08\/AGONIA-E-EXTASE-O-LONDRINA-ESPORTE-CLUBE-SEGUNDO-O-JORNAL-FOLHA-DE-LONDRINA-1976-A-1982.pdf\" data-type=\"attachment\" data-id=\"751\" target=\"_blank\" rel=\"noreferrer noopener\">Agonia e \u00eaxtase: o Londrina Esporte Clube segundo o jornal Folha de Londrina (1976 &#8211; 1982)<\/a><\/td><td>2016<\/td><\/tr><tr><td>Paulo Henrique da Rocha<\/td><td><a href=\"https:\/\/sites.uel.br\/ndph\/wp-content\/uploads\/2022\/08\/A-RECEPCAO-DE-O-MULATO-PELA-CRITICA-LITERARIA-DE-FINS-DO-SECULO-XIX-EM-SAO-LUIS-DO-MARANHAO-E-RIO-DE-JANEIRO.pdf\" data-type=\"attachment\" data-id=\"739\" target=\"_blank\" rel=\"noreferrer noopener\">A recep\u00e7\u00e3o de <em>O Mulato<\/em> pela cr\u00edtica liter\u00e1ria de fins do s\u00e9culo XIX em S\u00e3o Luis do Maranh\u00e3o e Rio de Janeiro<\/a><\/td><td>2016<\/td><\/tr><tr><td>Pedro Rodrigues Rocha Ba\u00eda<\/td><td><a href=\"https:\/\/sites.uel.br\/ndph\/wp-content\/uploads\/2022\/08\/A-PERDA-DA-DEDICATORIA-A-EROICA-ANALISE-DE-COMO-A-OBRA-DE-BEETHOVEN-FOI-INFLUENCIADA-POR-NAPOLEAO.pdf\" data-type=\"attachment\" data-id=\"740\" target=\"_blank\" rel=\"noreferrer noopener\">A perda da dedicat\u00f3ria \u00e0 er\u00f3ica: an\u00e1lise de como a obra de Beethoven foi influenciada por Napole\u00e3o<\/a><\/td><td>2017<\/td><\/tr><tr><td>Priscila Rosalen Pasetto de Almeida<\/td><td><a href=\"https:\/\/sites.uel.br\/ndph\/wp-content\/uploads\/2022\/08\/PENSAR-UM-MUSEU-NO-SECULO-XXI-O-CASO-DO-MUSEU-DA-LINGUA-PORTUGUESA-ENTRE-A-CONSTRUCAO-DA-IDENTIDADE-BRASILEIRA.pdf\" data-type=\"attachment\" data-id=\"741\" target=\"_blank\" rel=\"noreferrer noopener\">Pensar um museu no s\u00e9culo XXI: o caso do museu da l\u00edngua portuguesa entre a constru\u00e7\u00e3o da identidade brasileira<\/a><\/td><td>2013<\/td><\/tr><tr><td>Rafael Cardoso Rodrigues<\/td><td><a href=\"https:\/\/sites.uel.br\/ndph\/wp-content\/uploads\/2022\/08\/O-MEDO-E-O-RISIVEL-DA-GUERRA-FRIA-REPRESENTADOS-NAS-TIRAS-DE-MAFALDA-E-NO-FILME-DR.-STRANGELOVE.pdf\" data-type=\"attachment\" data-id=\"742\" target=\"_blank\" rel=\"noreferrer noopener\">O medo e o ris\u00edvel da Guerra Fria representados nas tiras de Mafalda e no filme Dr. Strangelove<\/a><\/td><td>2010<\/td><\/tr><tr><td>Rafael Fernandes Speglic<\/td><td><a href=\"https:\/\/sites.uel.br\/ndph\/wp-content\/uploads\/2022\/08\/RELIGIOSIDADE-E-CULTURA-CITADINA-NO-SECULO-XV-A-MADONA-DO-CHANCELER-ROLIN-DE-JAN-VAN-EYCK.pdf\" data-type=\"attachment\" data-id=\"743\" target=\"_blank\" rel=\"noreferrer noopener\">Religiosidade e cultura citadina no s\u00e9culo XV: a Madona do Chanceler Rolin, de Jan Van Eyck<\/a><\/td><td>2014<\/td><\/tr><tr><td>Ra\u00edssa Pereira Soares<\/td><td><a href=\"https:\/\/sites.uel.br\/ndph\/wp-content\/uploads\/2022\/08\/IMPRENSA-E-INDEPENDENCIA-DO-BRASIL-O-DISCURSO-DE-LIBERDADE-EM-A-MALAGUETA-CORREIO-DO-RIO-DE-JANEIRO-E-O-ESPELHO-NOS-ANOS-DE-1821-E-1822.pdf\" data-type=\"attachment\" data-id=\"744\" target=\"_blank\" rel=\"noreferrer noopener\">Imprensa e Independ\u00eancia do Brasil: o discurso de liberdade em Malagueta, Correio do Rio de Janeiro e O Espelho nos anos de 1821 e 1822<\/a><\/td><td>2016<\/td><\/tr><tr><td>Raquel de Medeiros Deliberador<\/td><td><a href=\"https:\/\/sites.uel.br\/ndph\/wp-content\/uploads\/2022\/08\/PROPAGANDA-NAZISTA-NO-FILME-93O-ETERNO-JUDEU94-1940.pdf\" data-type=\"attachment\" data-id=\"745\" target=\"_blank\" rel=\"noreferrer noopener\">Propaganda nazista no filme &#8220;O Eterno Judeu&#8221; (1940)<\/a><\/td><td>2016<\/td><\/tr><tr><td>Rebecca Carolline Moraes da Silva<\/td><td><a href=\"https:\/\/sites.uel.br\/ndph\/wp-content\/uploads\/2022\/08\/ANTISSEMITISMO-E-EXTERMINIO-NO-CINEMA-93O-MENINO-DO-PIJAMA-LISTRADO94-2008.pdf\" data-type=\"attachment\" data-id=\"746\" target=\"_blank\" rel=\"noreferrer noopener\">Antissemitismo e exterm\u00ednio no cinema: &#8220;O menino do pijama listrado&#8221; (2008)<\/a><\/td><td>2016<\/td><\/tr><tr><td>Regina Meireles da Costa Pinto<\/td><td><a href=\"https:\/\/sites.uel.br\/ndph\/wp-content\/uploads\/2022\/08\/O-FENOMENO-DA-CONQUISTA-DO-DESERTO-NAS-OBRAS-EL-GAUCHO-MARTIN-FIERRO-1872-E-LA-VUELTA-DE-MARTIN-FIERRO-1879-DE-JOSE-HERNANDEZnbsp.pdf\" data-type=\"attachment\" data-id=\"747\" target=\"_blank\" rel=\"noreferrer noopener\">O fen\u00f4meno da conquista do deserto nas obras <em>El Gaucho Mart\u00edn Fierro<\/em> (1872) e <em>La Vuelta de Mart\u00edn Fierro<\/em> (1879), de Jos\u00e9 Hern\u00e1ndez<\/a><\/td><td>2013<\/td><\/tr><tr><td>Renato dos Santos Silva<\/td><td><a href=\"https:\/\/sites.uel.br\/ndph\/wp-content\/uploads\/2022\/08\/FAXINAL-96-PR-ENTRE-MEMORIAS-E-MUDANCAS-nbspO-PROCESSO-DE-URBANIZACAO-nbspA-PARTIR-DOS-PROPRIOS-MORADORES-1960-1975.pdf\" data-type=\"attachment\" data-id=\"748\" target=\"_blank\" rel=\"noreferrer noopener\">Faxinal &#8211; PR, entre mem\u00f3rias e mudan\u00e7as: o processo de urbaniza\u00e7\u00e3o \u00e0 partir dos pr\u00f3prios moradores (1960 &#8211; 1975)<\/a><\/td><td>2017<\/td><\/tr><tr><td>Renato Zuba Bueno<\/td><td><a rel=\"noreferrer noopener\" href=\"https:\/\/sites.uel.br\/ndph\/wp-content\/uploads\/2022\/08\/STAR-AND-STRIPES-UMA-BREVE-HISTORIA-DO-CAPITAO-AMERICA.pdf\" data-type=\"attachment\" data-id=\"749\" target=\"_blank\">Star and stripes: uma breve hist\u00f3ria do Capit\u00e3o Am\u00e9rica<\/a><\/td><td>2008<\/td><\/tr><tr><td>Ricardo Henrique da Silva Vial<\/td><td><a href=\"https:\/\/sites.uel.br\/ndph\/wp-content\/uploads\/2022\/08\/A-recepcao-da-obra-de-Adelaide-Carraro.pdf\" data-type=\"attachment\" data-id=\"755\" target=\"_blank\" rel=\"noreferrer noopener\">A recep\u00e7\u00e3o da obra de Adelaide Carraro a partir do livro &#8220;Escritora Maldita?&#8221; (1976) durante a ditadura civil-militar no Brasil<\/a><\/td><td>2018<\/td><\/tr><tr><td>Ruane Maciel Kaminski Alves<\/td><td><a href=\"https:\/\/sites.uel.br\/ndph\/wp-content\/uploads\/2022\/08\/AFRICA-DO-SUL-INTERFACES-DA-COLONIZACAO-E-RESISTENCIA-EM-DESONRA-2000-DE-COETZEE.pdf\" data-type=\"attachment\" data-id=\"750\" target=\"_blank\" rel=\"noreferrer noopener\">\u00c1frica do Sul: interfaces da coloniza\u00e7\u00e3o e resist\u00eancia em Desonra (2000) de Coetzee<\/a><\/td><td>2013<\/td><\/tr><tr><td>Samuel Costa Couto<\/td><td><a href=\"https:\/\/sites.uel.br\/ndph\/wp-content\/uploads\/2022\/08\/TCC-FINALIZADO.pdf\" data-type=\"attachment\" data-id=\"757\" target=\"_blank\" rel=\"noreferrer noopener\">A apropria\u00e7\u00e3o de elementos n\u00f3rdicos nas obras de J.R.R Tolkien<\/a><\/td><td>2020<\/td><\/tr><tr><td>Silvia Let\u00edcia Aparecida Rom\u00e3o<\/td><td><a href=\"https:\/\/sites.uel.br\/ndph\/wp-content\/uploads\/2022\/08\/Fotografias-post-mortem-como-representacao.pdf\" data-type=\"attachment\" data-id=\"758\" target=\"_blank\" rel=\"noreferrer noopener\">Fotografias post-mortem como representa\u00e7\u00e3o dos la\u00e7os familiares no Brasil na passagem dos s\u00e9culos XIX para o XX<\/a><\/td><td>2019<\/td><\/tr><tr><td>Simone Miranda de Souza<\/td><td><a href=\"https:\/\/sites.uel.br\/ndph\/wp-content\/uploads\/2022\/08\/ENTRE-A-CRUZ-E-A-ESPADA-O-CONFLITO-IGREJA-96-ESTADO-1969-96-1974.pdf\" data-type=\"attachment\" data-id=\"759\" target=\"_blank\" rel=\"noreferrer noopener\">Entre a cruz e a espada: o conflito Igreja &#8211; Estado (1969 &#8211; 1974)<\/a><\/td><td>2008<\/td><\/tr><tr><td>Sonia Maria de Oliveira Dantas<\/td><td><a href=\"https:\/\/sites.uel.br\/ndph\/wp-content\/uploads\/2022\/08\/O-INVENTARIO-DAS-CASAS-DE-MADEIRA-NA-REGIAO-CENTRAL-DE-LONDRINAPR-HISTORIAS-E-MEMORIAS-DOS-MORADORES.pdf\" data-type=\"attachment\" data-id=\"760\" target=\"_blank\" rel=\"noreferrer noopener\">O invent\u00e1rio das casas de madeira na regi\u00e3o central de Londrina\/PR: hist\u00f3rias e mem\u00f3rias dos moradores<\/a><\/td><td>2016<\/td><\/tr><tr><td>Thaisa Lopes Ferreira<\/td><td><a href=\"https:\/\/sites.uel.br\/ndph\/wp-content\/uploads\/2022\/08\/REPRESENTACAO-DE-MULHERES-NAS-OBRAS-LA-CASA-DE-LOS-ESPIRITUS-E-INES-DEL-ALMA-MIA-DE-ISABEL-ALLENDE.pdf\" data-type=\"attachment\" data-id=\"761\" target=\"_blank\" rel=\"noreferrer noopener\">Representa\u00e7\u00e3o de mulheres nas obras <em>La Casa de los Espiritus<\/em> e <em>In\u00e9s del Alma Mia<\/em> de Isabel Allende<\/a><\/td><td>2012<\/td><\/tr><tr><td>Trielle Mota Johas<\/td><td><a href=\"https:\/\/sites.uel.br\/ndph\/wp-content\/uploads\/2022\/08\/Memoria-e-Ensino-de-Historia-diagolos-possiveis.pdf\" data-type=\"attachment\" data-id=\"762\" target=\"_blank\" rel=\"noreferrer noopener\">Mem\u00f3ria e ensino de Hist\u00f3ria: di\u00e1logos poss\u00edveis &#8220;Museu etnogr\u00e1fico Casa dos A\u00e7ores&#8221;<\/a><\/td><td>2016<\/td><\/tr><tr><td>Vanessa Camilotti Carmanhani<\/td><td><a href=\"https:\/\/sites.uel.br\/ndph\/wp-content\/uploads\/2022\/08\/AS-REVOLTAS-DA-VACINA-UMA-ANALISE-SOBRE-AS-INTERPRETACOES-DE-NICOLAU-SEVCENKO-JOSE-MURILO-DE-CARVALHO-E-SIDNEY-CHALHOUB-NO-CONTEXTO-DA-HISTORIOGRAFIA-BRASILEIRA-POS-96-1.pdf\" data-type=\"attachment\" data-id=\"763\" target=\"_blank\" rel=\"noreferrer noopener\">As revoltas da vacina: uma an\u00e1lise sobre as interpreta\u00e7\u00f5es de Nicolau Sevcenko, Jos\u00e9 Murilo de Carvalho e Sidney Chalhoub no contexto da historiografia brasileira p\u00f3s 1980<\/a><\/td><td>2009<\/td><\/tr><tr><td>Vict\u00f3ria Elizabeth Alves Mazzeo<\/td><td><a href=\"https:\/\/sites.uel.br\/ndph\/wp-content\/uploads\/2022\/08\/HISTORIA-E-NARRATIVA-O-PROBLEMA-DA-NARRATIVA-A-PARTIR-DO-ROMANCE-93MULHERES-ESMERALDAS94-DE-DOMINGOS-PELLEGRINI-2018.-A.-Mazzeo.pdf\" data-type=\"attachment\" data-id=\"764\" target=\"_blank\" rel=\"noreferrer noopener\">Hist\u00f3ria e narrativa: o problema da narrativa a partir do romance &#8220;Mulheres Esmeraldas&#8221; de Domingos Pellegrini (2018)<\/a><\/td><td>2019<\/td><\/tr><tr><td>Willian Fernandes Garcia<\/td><td><a href=\"https:\/\/sites.uel.br\/ndph\/wp-content\/uploads\/2022\/08\/A-BATALHA-DA-PRACA-DA-SE-DE-1934-NO-IDEARIO-INTEGRALISTA-AS-MANIFESTACOES-PUBLICAS-DO-MOVIMENTO-IMPRENSA-E-AS-ELEICOES-DE-1938.pdf\" data-type=\"attachment\" data-id=\"765\" target=\"_blank\" rel=\"noreferrer noopener\">A batalha da Pra\u00e7a da S\u00e9 de 1934 no ide\u00e1rio integralista: as manifesta\u00e7\u00f5es p\u00fablicas do movimento, a imprensa e as elei\u00e7\u00f5es de 1938<\/a><\/td><td>2011<\/td><\/tr><tr><td>Wilson de Creddo Maestro<\/td><td><a href=\"https:\/\/sites.uel.br\/ndph\/wp-content\/uploads\/2023\/04\/MAESTRO-Wilson-de-Creddo.-A-Permuta-de-Interesses.pdf\" data-type=\"attachment\" data-id=\"1180\" target=\"_blank\" rel=\"noreferrer noopener\">A Permuta de Interesses: perspectivas sobre a estrat\u00e9gia para o assentamento de refugiados na Col\u00f4nia Roland (1935-1939)<\/a><\/td><td>2022<\/td><\/tr><tr><td>Yohan Ise Leon<\/td><td><a href=\"https:\/\/sites.uel.br\/ndph\/wp-content\/uploads\/2022\/08\/O-PROGRESSO-NA-REVISTA-O-BEIJA-FLOR-RIO-DE-JANEIRO-1916-1920.pdf\" data-type=\"attachment\" data-id=\"766\" target=\"_blank\" rel=\"noreferrer noopener\">O progresso na revista O Beija Flor, Rio de Janeiro (1916 &#8211; 1920)<\/a><\/td><td>2013<\/td><\/tr><\/tbody><\/table><\/figure>\n","protected":false},"excerpt":{"rendered":"<p>Autor (a) T\u00edtulo Ano Adriana Gomes O marido da ad\u00faltera: considera\u00e7\u00f5es a respeito da obra de L\u00facio de Mendon\u00e7a 2013 Alan Borges de Oliveira A m\u00fasica como express\u00e3o cultural do canga\u00e7o no \u00e1lbum &#8220;Cantigas de Lampi\u00e3o&#8221;, do cangaceiro Volta Seca (1957) 2018 Alan Diego Baptista Homens, mulheres e crian\u00e7as: considera\u00e7\u00f5es acerca das representa\u00e7\u00f5es ciganas presentes [&hellip;]<\/p>\n","protected":false},"author":7,"featured_media":0,"parent":0,"menu_order":0,"comment_status":"closed","ping_status":"closed","template":"","meta":{"footnotes":""},"class_list":["post-512","page","type-page","status-publish","hentry"],"acf":[],"_links":{"self":[{"href":"https:\/\/sites.uel.br\/ndph\/wp-json\/wp\/v2\/pages\/512","targetHints":{"allow":["GET"]}}],"collection":[{"href":"https:\/\/sites.uel.br\/ndph\/wp-json\/wp\/v2\/pages"}],"about":[{"href":"https:\/\/sites.uel.br\/ndph\/wp-json\/wp\/v2\/types\/page"}],"author":[{"embeddable":true,"href":"https:\/\/sites.uel.br\/ndph\/wp-json\/wp\/v2\/users\/7"}],"replies":[{"embeddable":true,"href":"https:\/\/sites.uel.br\/ndph\/wp-json\/wp\/v2\/comments?post=512"}],"version-history":[{"count":50,"href":"https:\/\/sites.uel.br\/ndph\/wp-json\/wp\/v2\/pages\/512\/revisions"}],"predecessor-version":[{"id":2963,"href":"https:\/\/sites.uel.br\/ndph\/wp-json\/wp\/v2\/pages\/512\/revisions\/2963"}],"wp:attachment":[{"href":"https:\/\/sites.uel.br\/ndph\/wp-json\/wp\/v2\/media?parent=512"}],"curies":[{"name":"wp","href":"https:\/\/api.w.org\/{rel}","templated":true}]}}