{"id":511,"date":"2022-08-14T04:11:02","date_gmt":"2022-08-14T07:11:02","guid":{"rendered":"https:\/\/sites.uel.br\/ndph\/?page_id=511"},"modified":"2022-08-14T04:11:02","modified_gmt":"2022-08-14T07:11:02","slug":"tccs-digitalizados-ciencias-sociais","status":"publish","type":"page","link":"https:\/\/sites.uel.br\/ndph\/tccs-digitalizados-ciencias-sociais\/","title":{"rendered":"TCCs DIGITALIZADOS &#8211; CI\u00caNCIAS SOCIAIS"},"content":{"rendered":"\n<figure class=\"wp-block-table is-style-regular\"><table><thead><tr><th>Autor (a)<\/th><th>T\u00edtulo<\/th><th>Ano<\/th><\/tr><\/thead><tbody><tr><td>Alexsander Mourinho Ortiz<\/td><td><a href=\"https:\/\/sites.uel.br\/ndph\/wp-content\/uploads\/2022\/08\/alexsandertcc.pdf\" data-type=\"URL\" data-id=\"https:\/\/sites.uel.br\/ndph\/wp-content\/uploads\/2022\/08\/alexsandertcc.pdf\" target=\"_blank\" rel=\"noreferrer noopener\">As contribui\u00e7\u00f5es de Monteiro Lobato para o campo liter\u00e1rio brasileiro: sua atua\u00e7\u00e3o como empres\u00e1rio da edi\u00e7\u00e3o<\/a><\/td><td>2018<\/td><\/tr><tr><td>Allan Vieira Lino<\/td><td><a href=\"https:\/\/sites.uel.br\/ndph\/wp-content\/uploads\/2022\/08\/POLITICAS-PUBLICAS-E-A-PRECARIZACAO-DA-EDUCACAO-PELO-PSS-NO-PARANA.pdf\" data-type=\"URL\" data-id=\"https:\/\/sites.uel.br\/ndph\/wp-content\/uploads\/2022\/08\/POLITICAS-PUBLICAS-E-A-PRECARIZACAO-DA-EDUCACAO-PELO-PSS-NO-PARANA.pdf\" target=\"_blank\" rel=\"noreferrer noopener\">Pol\u00edticas p\u00fablicas: a precariza\u00e7\u00e3o da educa\u00e7\u00e3o pelo PSS no Paran\u00e1<\/a><\/td><td>2012<\/td><\/tr><tr><td>Ana Caroline Ferreira<\/td><td><a href=\"https:\/\/sites.uel.br\/ndph\/wp-content\/uploads\/2022\/08\/TCC_Caroline_AbuGhraib_final.pdf\" data-type=\"URL\" data-id=\"https:\/\/sites.uel.br\/ndph\/wp-content\/uploads\/2022\/08\/TCC_Caroline_AbuGhraib_final.pdf\" target=\"_blank\" rel=\"noreferrer noopener\">O humano nu e abandonado do meu tempo: reflex\u00f5es sobre Abu Ghraib e o processo de desumaniza\u00e7\u00e3o do humano<\/a><\/td><td>2019<\/td><\/tr><tr><td>Ana Fl\u00e1via Teixeira Maciel<\/td><td><a href=\"https:\/\/sites.uel.br\/ndph\/wp-content\/uploads\/2022\/08\/A-IMPLEMENTACAO-E-A-PRATICA-DA-EDUCACAO-AMBIENTAL-NO-ENSINO-FUNDAMENTAL-NOS-COLEGIOS-ESTADUAIS-DE-IBIPORA-PARANA.pdf\" data-type=\"URL\" data-id=\"https:\/\/sites.uel.br\/ndph\/wp-content\/uploads\/2022\/08\/A-IMPLEMENTACAO-E-A-PRATICA-DA-EDUCACAO-AMBIENTAL-NO-ENSINO-FUNDAMENTAL-NOS-COLEGIOS-ESTADUAIS-DE-IBIPORA-PARANA.pdf\" target=\"_blank\" rel=\"noreferrer noopener\">A implementa\u00e7\u00e3o e a pr\u00e1tica da educa\u00e7\u00e3o ambiental no ensino fundamental nos col\u00e9gios estaduais de Ibipor\u00e3-Paran\u00e1<\/a><\/td><td>2016<\/td><\/tr><tr><td>Ana Paula Fiori Sawamura<\/td><td><a href=\"https:\/\/sites.uel.br\/ndph\/wp-content\/uploads\/2022\/08\/A-EXPOSICAO-DO-CORPO-FITNESS-NO-INSTAGRAM.pdf\" data-type=\"URL\" data-id=\"https:\/\/sites.uel.br\/ndph\/wp-content\/uploads\/2022\/08\/A-EXPOSICAO-DO-CORPO-FITNESS-NO-INSTAGRAM.pdf\" target=\"_blank\" rel=\"noreferrer noopener\">A exposi\u00e7\u00e3o do corpo fitness no Instagram<\/a><\/td><td>2016<\/td><\/tr><tr><td>Anderson Alexandre Ferreira<\/td><td><a href=\"https:\/\/sites.uel.br\/ndph\/wp-content\/uploads\/2022\/08\/AS-DUAS-FACES-DO-CONCEITO-DE-93EMBEDDEDNESS94-EM-SOCIOLOGIA-ECONOMICA-UMA-LEITURA-A-PARTIR-DE-KARL-POLANYI-E-MARK-GRANOVETTER.pdf\" data-type=\"URL\" data-id=\"https:\/\/sites.uel.br\/ndph\/wp-content\/uploads\/2022\/08\/AS-DUAS-FACES-DO-CONCEITO-DE-93EMBEDDEDNESS94-EM-SOCIOLOGIA-ECONOMICA-UMA-LEITURA-A-PARTIR-DE-KARL-POLANYI-E-MARK-GRANOVETTER.pdf\" target=\"_blank\" rel=\"noreferrer noopener\">As duas faces do conceito de &#8220;embeddedness&#8221; em sociologia econ\u00f4mica: uma leitura a partir de Karl Polanyi e Mark Granovetter<\/a><\/td><td>2016<\/td><\/tr><tr><td>Andr\u00e9 Hernandes Gorini<\/td><td><a href=\"https:\/\/sites.uel.br\/ndph\/wp-content\/uploads\/2022\/08\/AS-PROPOSTAS-DA-RESOLUCAO-DE-2011-DAS-NACOES-UNIDAS-DE-COMBATE-AOS-PROCESSOS-DE-DISCRIMINACAO-POR-ORIENTACAO-SEXUAL-E-IDENTIDADE-DE-GENERO-E-AS-FORMAS-DE-INCOR.pdf\" data-type=\"URL\" data-id=\"https:\/\/sites.uel.br\/ndph\/wp-content\/uploads\/2022\/08\/AS-PROPOSTAS-DA-RESOLUCAO-DE-2011-DAS-NACOES-UNIDAS-DE-COMBATE-AOS-PROCESSOS-DE-DISCRIMINACAO-POR-ORIENTACAO-SEXUAL-E-IDENTIDADE-DE-GENERO-E-AS-FORMAS-DE-INCOR.pdf\" target=\"_blank\" rel=\"noreferrer noopener\">As propostas de resolu\u00e7\u00e3o, de 2011, das Na\u00e7\u00f5es Unidas, de combate aos processos de discrimina\u00e7\u00e3o por orienta\u00e7\u00e3o sexual e identidade de g\u00eanero e as formas de incorpora\u00e7\u00e3o dessas sugest\u00f5es pelo governo brasileiro<\/a><\/td><td>2013<\/td><\/tr><tr><td>Ayla Pereira de Camargo<\/td><td><a href=\"https:\/\/sites.uel.br\/ndph\/wp-content\/uploads\/2022\/08\/AS-RELACOES-DE-GENERO-NO-LIVRO-DE-INTRODUCAO-A-SOCIOLOGIA-DE-ANTHONY-GIDDENS-SOCIOLOGIA.pdf\" data-type=\"URL\" data-id=\"https:\/\/sites.uel.br\/ndph\/wp-content\/uploads\/2022\/08\/AS-RELACOES-DE-GENERO-NO-LIVRO-DE-INTRODUCAO-A-SOCIOLOGIA-DE-ANTHONY-GIDDENS-SOCIOLOGIA.pdf\" target=\"_blank\" rel=\"noreferrer noopener\">As rela\u00e7\u00f5es de g\u00eanero no livro de introdu\u00e7\u00e3o \u00e0 sociologia, de Anthony Giddens: Sociologia<\/a><\/td><td>2013<\/td><\/tr><tr><td>Beatriz Batista Silva<\/td><td><a href=\"https:\/\/sites.uel.br\/ndph\/wp-content\/uploads\/2022\/08\/A-MEDIACAO-DO-PROFESSOR-DE-SOCIOLOGIA-NO-ENSINO-MEDIO-PROBLEMATIZANDO-AS-RECENTES-MANIFESTACOES-DE-RUA.pdf\" data-type=\"attachment\" data-id=\"571\" target=\"_blank\" rel=\"noreferrer noopener\">A media\u00e7\u00e3o do professor de sociologia no ensino m\u00e9dio: problematizando as recentes manifesta\u00e7\u00f5es de rua<\/a><\/td><td>2017<\/td><\/tr><tr><td>Bruna Alves Souza<\/td><td><a href=\"https:\/\/sites.uel.br\/ndph\/wp-content\/uploads\/2022\/08\/PISCICULTURA-UMA-ALTERNATIVA-PARA-O-DESENVOLVIMENTO-LOCAL.pdf\" data-type=\"attachment\" data-id=\"572\" target=\"_blank\" rel=\"noreferrer noopener\">Piscicultura, uma alternativa para o desenvolvimento local<\/a><\/td><td>2012<\/td><\/tr><tr><td>Bruno Gracias Dio<\/td><td><a href=\"https:\/\/sites.uel.br\/ndph\/wp-content\/uploads\/2022\/08\/PRESIDENCIALISMO-DE-COALIZAO-E-CORRUPCAO-UM-ESTUDO-SOBRE-A-ABERTURA-DA-CPI-DO-MENSALAO.pdf\" data-type=\"attachment\" data-id=\"573\" target=\"_blank\" rel=\"noreferrer noopener\">Presidencialismo de coaliza\u00e7\u00e3o e corrup\u00e7\u00e3o: um estudo sobre a abertura da &#8220;CPI do mensal\u00e3o&#8221;<\/a><\/td><td>2015<\/td><\/tr><tr><td>Bruno Ueno Bert\u00e3o<\/td><td><a href=\"https:\/\/sites.uel.br\/ndph\/wp-content\/uploads\/2022\/08\/PENAS-LANCADAS-AO-VENDO-DISCURSOS-DE-LEGITIMACAO-DA-VIOLENCIA-DA-ORDEM-EM-PAGINAS-DA-REDE-SOCIAL-FACEBOOK.pdf\" data-type=\"attachment\" data-id=\"574\" target=\"_blank\" rel=\"noreferrer noopener\">Penas lan\u00e7adas ao vento: discursos de legitima\u00e7\u00e3o da viol\u00eancia da ordem de p\u00e1ginas da rede social Facebook<\/a><\/td><td>2014<\/td><\/tr><tr><td>Caio Cardoso de Moraes<\/td><td><a href=\"https:\/\/sites.uel.br\/ndph\/wp-content\/uploads\/2022\/08\/LOBBY-E-DEMOCRACIA-NO-BRASIL.pdf\" data-type=\"attachment\" data-id=\"576\" target=\"_blank\" rel=\"noreferrer noopener\">Lobby e Democracia no Brasil<\/a><\/td><td>2016<\/td><\/tr><tr><td>Carlos Rafael Herrero Gon\u00e7alves<\/td><td><a href=\"https:\/\/sites.uel.br\/ndph\/wp-content\/uploads\/2022\/08\/O-CACADOR-E-A-SERPENTE-O-PODER-O-SEGREDO-E-A-TRADICAO.-A-ETNOGRAFIA-COMO-PROBLEMA-NOS-CANDOMBLES.pdf\" data-type=\"attachment\" data-id=\"577\" target=\"_blank\" rel=\"noreferrer noopener\">O ca\u00e7ador e a serpente: o poder, o segredo e a tradi\u00e7\u00e3o. A etnografia como problema nos candombl\u00e9s<\/a><\/td><td>2015<\/td><\/tr><tr><td>Carolina Correa Queiroz<\/td><td><a href=\"https:\/\/sites.uel.br\/ndph\/wp-content\/uploads\/2022\/08\/O-VILAO-EM-TRES-TEMPOS-UMA-PERSPECTIVA-COMPARADA.pdf\" data-type=\"attachment\" data-id=\"578\" target=\"_blank\" rel=\"noreferrer noopener\">O vil\u00e3o em tr\u00eas tempos: uma perspectiva comparada<\/a><\/td><td>2017<\/td><\/tr><tr><td>Caroline de Souza Frontoura<\/td><td><a href=\"https:\/\/sites.uel.br\/ndph\/wp-content\/uploads\/2022\/08\/LEIS-DE-IMIGRACAO-BRASILEIRAS-E-OS-DILEMAS-DO-ESTADO-NACAO-DO-PERIODO-COLONIAL-A-LEI-N.ordm-13.445-DE-24-DE-MAIO-DE-2017.pdf\" data-type=\"attachment\" data-id=\"579\" target=\"_blank\" rel=\"noreferrer noopener\">Leis de imigra\u00e7\u00e3o brasileiras e os dilemas do Estado-Na\u00e7\u00e3o: do per\u00edodo colonial \u00e0 Lei N\u00ba 13 445, de 24 de maio de 2017<\/a><\/td><td>2017<\/td><\/tr><tr><td>Cauana Campos Alcantara<\/td><td><a href=\"https:\/\/sites.uel.br\/ndph\/wp-content\/uploads\/2022\/08\/CARACTERIZACAO-SOCIOLOGICA-DAS-JUVENTUDES-DO-ENSINO-MEDIO-ESTUDO-EM-UMA-ESCOLA-ESTADUAL-DE-LONDRINA.pdf\" data-type=\"attachment\" data-id=\"580\" target=\"_blank\" rel=\"noreferrer noopener\">Caracteriza\u00e7\u00e3o sociol\u00f3gica das juventudes do ensino m\u00e9dio: estudo em uma Escola Estadual de Londrina<\/a><\/td><td>2018<\/td><\/tr><tr><td>Daniel Vitor Vicente<\/td><td><a href=\"https:\/\/sites.uel.br\/ndph\/wp-content\/uploads\/2022\/08\/A-FORMACAO-DO-QUADRO-DOCENTE-DA-DISCIPLINA-DE-SOCIOLOGIA-NA-EDUCACAO-BASICA-NO-PARANA-ANALISE-DE-DADOS-DO-CENSO-ESCOLAR-A-PARTIR-DA-SOCIOLOGIA-DO-CONHECIMENTO-COM.pdf\" data-type=\"attachment\" data-id=\"582\" target=\"_blank\" rel=\"noreferrer noopener\">A forma\u00e7\u00e3o do quadro docente da disciplina de sociologia na educa\u00e7\u00e3o b\u00e1sica do Paran\u00e1: an\u00e1lise de dados do censo escolar a partir da sociologia do conhecimento como m\u00e9todo de compreens\u00e3o do campo educacional<\/a><\/td><td>2011<\/td><\/tr><tr><td>David Pohl<\/td><td><a href=\"https:\/\/sites.uel.br\/ndph\/wp-content\/uploads\/2022\/08\/CODIGOS-PEDAGOGICOS-E-AS-MODALIDADES-DE-SUAS-PRATICAS-UMA-TRADUCAO-CRITICA-DA-OBRA-DE-BASIL-BERNSTEIN.pdf\" data-type=\"attachment\" data-id=\"583\" target=\"_blank\" rel=\"noreferrer noopener\">C\u00f3digos pedag\u00f3gicos e as modalidades de suas pr\u00e1ticas: uma tradu\u00e7\u00e3o cr\u00edtica da obra de Basil Bernstein<\/a><\/td><td>2015<\/td><\/tr><tr><td>Denise Akemi Nishi<\/td><td><a href=\"https:\/\/sites.uel.br\/ndph\/wp-content\/uploads\/2022\/08\/OFICINA-FOTOGRAFICA-PARA-O-ENSINO-DA-SOCIOLOGIA-ANALISE-ANTROPOLOGICA-DO-RESULTADO-FOTOGRAFICO.pdf\" data-type=\"attachment\" data-id=\"584\" target=\"_blank\" rel=\"noreferrer noopener\">Oficina fotogr\u00e1fica para o ensino da sociologia: an\u00e1lise antropol\u00f3gica do resultado fotogr\u00e1fico<\/a><\/td><td>2013<\/td><\/tr><tr><td>Douglas Alexandre Boschini<\/td><td><a href=\"https:\/\/sites.uel.br\/ndph\/wp-content\/uploads\/2022\/08\/A-RENOVACAO-CARISMATICA-CATOLICA-ANALISES-SOCIOLOGICAS-DO-CATOLICISMO-BRASILEIRO.pdf\" data-type=\"attachment\" data-id=\"585\" target=\"_blank\" rel=\"noreferrer noopener\">A renova\u00e7\u00e3o carism\u00e1tica cat\u00f3lica: an\u00e1lises sociol\u00f3gicas do catolicismo brasileiro<\/a><\/td><td>2012<\/td><\/tr><tr><td>Edson Elias de Morais<\/td><td><a href=\"https:\/\/sites.uel.br\/ndph\/wp-content\/uploads\/2022\/08\/RELIGIOSIDADE-NEOPENTECOSTAL-E-O-CONSUMO-DE-BENS-SIMBOLICOS.pdf\" data-type=\"attachment\" data-id=\"587\" target=\"_blank\" rel=\"noreferrer noopener\">Religiosidade neopentecostal e o consumo de bens simb\u00f3licos<\/a><\/td><td>2012<\/td><\/tr><tr><td>Eduardo Guandalini Genaro<\/td><td><a href=\"https:\/\/sites.uel.br\/ndph\/wp-content\/uploads\/2022\/08\/A-PERSPECTIVA-HISTORICA-NA-SOCIOLOGIA-DO-CONHECIMENTO-E-NO-PLANEJAMENTO-DEMOCRATICO-DE-KARL-MANNHEIM.pdf\" data-type=\"attachment\" data-id=\"588\" target=\"_blank\" rel=\"noreferrer noopener\">A perspectiva hist\u00f3rica na sociologia do conhecimento e no planejamento de Karl Mannheim<\/a><\/td><td>2016<\/td><\/tr><tr><td>F\u00e1bio Tuani Filho<\/td><td><a href=\"https:\/\/sites.uel.br\/ndph\/wp-content\/uploads\/2022\/08\/93TIRA-FOTO-AI-FOG94-UMA-ETNOGRAFIA-SOBRE-A-93CULTURA94-E-AS-TERRITORIALIDADES-KAINGANG.pdf\" data-type=\"attachment\" data-id=\"589\" target=\"_blank\" rel=\"noreferrer noopener\">Tira foto a\u00ed, f\u00f3g&#8221;: uma etnografia sobre &#8220;cultura&#8221; e as territorialidades Kaing\u00e1ng<\/a><\/td><td>2016<\/td><\/tr><tr><td>Gabriel Antonio Cabeca Patriarca<\/td><td><a href=\"https:\/\/sites.uel.br\/ndph\/wp-content\/uploads\/2022\/08\/ATORES-NAO-ESTATAIS-NA-GOVERNANCA-DA-SEGURANCA-MARITIMA-NOVOS-POSICIONAMENTOS-SOBRE-A-PRESTACAO-DE-SERVICOS-ANTIPIRATARIA-POR-EMPRESAS-MILITARES-E-DE-SEGURANCA-PR.pdf\" data-type=\"attachment\" data-id=\"590\" target=\"_blank\" rel=\"noreferrer noopener\">Atores n\u00e3o estatais na governan\u00e7a da seguran\u00e7a mar\u00edtima: novos posicionamentos sobre a presta\u00e7\u00e3o de servi\u00e7os antipirataria por empresas militares de seguran\u00e7a privada<\/a><\/td><td>2018<\/td><\/tr><tr><td>Gabriella Romagnoli Chagas<\/td><td><a href=\"https:\/\/sites.uel.br\/ndph\/wp-content\/uploads\/2022\/08\/A-SOCIOLOGIA-E-O-DEBATE-ACERCA-DAS-QUESTOES-DAS-DIVERSIDADES-NO-ENSINO-MEDIO-UMA-ANALISE-DAS-TEMATICAS-DE-GENERO-E-SEXUALIDADE-NOS-LIVROS-DIDATICOS-DE-SOCIOLOGIA.pdf\" data-type=\"attachment\" data-id=\"597\" target=\"_blank\" rel=\"noreferrer noopener\">A sociologia e o debate acerca das quest\u00f5es das diversidades no ensino m\u00e9dio: uma an\u00e1lise das tem\u00e1ticas de g\u00eanero e sexualidade nos livros did\u00e1ticos de sociologia do PNLD de 2015<\/a><\/td><td>2017<\/td><\/tr><tr><td>G\u00e9ssia Cristina dos Santos<\/td><td><a href=\"https:\/\/sites.uel.br\/ndph\/wp-content\/uploads\/2022\/08\/NOVA-ETAPA-DE-CONTATO-OS-INDIOS-NA-UNIVERSIDADE-E-O-CONHECIMENTO-TRADICIONAL.-A-EXPERIENCIA-DOS-ESTUDANTES-INDIGENAS-NA-UNIVERSIDADE-ESTADUAL-DE-LONDRINA.pdf\" data-type=\"attachment\" data-id=\"596\" target=\"_blank\" rel=\"noreferrer noopener\">Nova etapa de contato: os \u00edndios na Universidade e o conhecimento tradicional. A experi\u00eancia dos estudantes ind\u00edgenas na Universidade Estadual de Londrina<\/a><\/td><td>2013<\/td><\/tr><tr><td>Giovana Bolognesi Sabino<\/td><td><a href=\"https:\/\/sites.uel.br\/ndph\/wp-content\/uploads\/2022\/08\/TCC-Genero-sexualidade-e-consumo-da-pessoa-idosa.pdf\" data-type=\"attachment\" data-id=\"595\" target=\"_blank\" rel=\"noreferrer noopener\">G\u00eanero, sexualidade e consumo da pessoa idosa<\/a><\/td><td>2019<\/td><\/tr><tr><td>Gl\u00f3ria Maria Silva da Costa<\/td><td><a href=\"https:\/\/sites.uel.br\/ndph\/wp-content\/uploads\/2022\/08\/A-CONSTRUCAO-DOS-PROCESSOS-DEMOCRATICOS-NA-AMERICA-LATINA-PROPOSTO-PELOS-RDHs-OS-DESAFIOS-POSTOS-PELAS-DESIGUALDADES-SOCIAIS.pdf\" data-type=\"attachment\" data-id=\"594\" target=\"_blank\" rel=\"noreferrer noopener\">A constru\u00e7\u00e3o dos processos democr\u00e1ticos na Am\u00e9rica Latina proposto pelos RDHs: os desafios postos pelas desigualdades sociais<\/a><\/td><td>2013<\/td><\/tr><tr><td>Guilherme Hiroshi Andrade Okawati<\/td><td><a href=\"https:\/\/sites.uel.br\/ndph\/wp-content\/uploads\/2022\/08\/OKAWATI-guilherme-Reforma-ou-contra-reforma-trabalhista.pdf\" data-type=\"attachment\" data-id=\"593\" target=\"_blank\" rel=\"noreferrer noopener\">Reforma ou contra-reforma trabalhista? E sua repercuss\u00e3o nos direitos da classe trabalhadora<\/a><\/td><td>2018<\/td><\/tr><tr><td>Guilherme Parmezani Moraes<\/td><td><a href=\"https:\/\/sites.uel.br\/ndph\/wp-content\/uploads\/2022\/08\/CONSUMO-DESCONTROLADO-DE-93DROGAS94-ANALISE-DE-DISCURSO-ENTRE-EDUCADORES.pdf\" data-type=\"attachment\" data-id=\"592\" target=\"_blank\" rel=\"noreferrer noopener\">Consumo (des)controlado de &#8220;drogas&#8221;: an\u00e1lise de discurso entre educadores<\/a><\/td><td>2012<\/td><\/tr><tr><td>Jair Augusto Soares Corr\u00eaa<\/td><td><a href=\"https:\/\/sites.uel.br\/ndph\/wp-content\/uploads\/2022\/08\/Comprometimento-existencial-na-era-moderna-e-tecnologica.pdf\" data-type=\"attachment\" data-id=\"599\" target=\"_blank\" rel=\"noreferrer noopener\">Comprometimento existencial na era moderna e tecnol\u00f3gica: um di\u00e1logo com a filosofia de Hubert Dreyfus<\/a><\/td><td>2019<\/td><\/tr><tr><td>Jeniffer Modenuti<\/td><td><a href=\"https:\/\/sites.uel.br\/ndph\/wp-content\/uploads\/2022\/08\/LIBERDADE-E-DIVERSIDADE-CULTURAL-NOS-RELATORIOS-DO-DESENVOLVIMENTO-HUMANO-PROCEDIMENTOS-ADOTADOS-PELO-ESTADO-BRASILEIRO.pdf\" data-type=\"attachment\" data-id=\"600\" target=\"_blank\" rel=\"noreferrer noopener\">Liberdade e diversidade cultural nos relat\u00f3rios do desenvolvimento humano: procedimentos adotados pelo Estado Brasileiro<\/a><\/td><td>2016<\/td><\/tr><tr><td>Jennifer Thaina Sitta<\/td><td><a href=\"https:\/\/sites.uel.br\/ndph\/wp-content\/uploads\/2022\/08\/POSICOES-SOCIAIS-E-MATERNIDADE-NO-PERCURSO-MIGRATORIO-DE-MULHERES-HAITIANAS-RESIDENTES-EM-CAMBE-2017.pdf\" data-type=\"attachment\" data-id=\"601\" target=\"_blank\" rel=\"noreferrer noopener\">Posi\u00e7\u00f5es sociais e maternidade no percurso migrat\u00f3rio de mulheres haitianas residentes em Camb\u00e9 &#8211; 2017<\/a><\/td><td>2018<\/td><\/tr><tr><td>Jos\u00e9 Wilson Assis Neves J\u00fanior<\/td><td><a href=\"https:\/\/sites.uel.br\/ndph\/wp-content\/uploads\/2022\/08\/OS-BASTIDORES-DA-DITADURA-MILITAR-NO-BRASIL-1964-85-DOS-DOCUMENTOS-DO-DEOPS-AS-MATERIAS-VETADAS-DO-SEMANARIO-O-SAO-PAULO.pdf\" data-type=\"attachment\" data-id=\"602\" target=\"_blank\" rel=\"noreferrer noopener\">Os bastidores da ditadura militar no Brasil (1964-85): dos documentos do DEOPS \u00e0s mat\u00e9rias vetadas do seman\u00e1rio <em>O S\u00e3o Paulo<\/em><\/a><\/td><td>2013<\/td><\/tr><tr><td>Karolina Guedes de Oliveira<\/td><td><a href=\"https:\/\/sites.uel.br\/ndph\/wp-content\/uploads\/2022\/08\/Lukacs-decadencia-ideologica-e-irracionalismo-como-fundamentos-do-existencialismo-frances.pdf\" data-type=\"attachment\" data-id=\"603\" target=\"_blank\" rel=\"noreferrer noopener\">Luk\u00e1cs: decad\u00eancia ideol\u00f3gica e irracionalismo como fundamentos do existencialismo franc\u00eas<\/a><\/td><td>2013<\/td><\/tr><tr><td>La\u00eds Regina Kruczeveski<\/td><td><a href=\"https:\/\/sites.uel.br\/ndph\/wp-content\/uploads\/2022\/08\/A-RELACAO-ENTRE-ASSISTENTE-SOCIAL-E-BENEFICIARIA-NA-CIDADE-DE-LONDRINA-PR.pdf\" data-type=\"attachment\" data-id=\"604\" target=\"_blank\" rel=\"noreferrer noopener\">A rela\u00e7\u00e3o entre assistente social e benefici\u00e1ria na cidade de Londrina-PR<\/a><\/td><td>2017<\/td><\/tr><tr><td>Larissa Brugnaro Marciano<\/td><td><a href=\"https:\/\/sites.uel.br\/ndph\/wp-content\/uploads\/2022\/08\/As-dinamicas-de-impedimento-no-Brasil.pdf\" data-type=\"attachment\" data-id=\"605\" target=\"_blank\" rel=\"noreferrer noopener\">As din\u00e2micas de impedimento no Brasil: do consenso de 1992 ao conflito de 2016<\/a><\/td><td>2019<\/td><\/tr><tr><td>Leonardo Antonio Silvano Ferreira<\/td><td><a href=\"https:\/\/sites.uel.br\/ndph\/wp-content\/uploads\/2022\/08\/POLITICAS-PUBLICAS-DE-DESENVOLVIMENTO-E-FLEXIBILIZACAO-DO-MERCADO-DE-TRABALHO-UM-ESTUDO-PRELIMINAR-A-PARTIR-DO-APL-DE-TI-NO-MUNICIPIO-DE-LONDRINA.pdf\" data-type=\"attachment\" data-id=\"606\" target=\"_blank\" rel=\"noreferrer noopener\">Pol\u00edticas p\u00fablicas de desenvolvimento e flexibiliza\u00e7\u00e3o do mercado de trabalho: um estudo preliminar \u00e0 partir do APL de TI no Munic\u00edpio de Londrina<\/a><\/td><td>2012<\/td><\/tr><tr><td>Leonardo Maldonado Figueiredo<\/td><td><a href=\"https:\/\/sites.uel.br\/ndph\/wp-content\/uploads\/2022\/08\/ESVAZIAMENTO-DO-ESPACO-PUBLICO-EM-ZYGMUNT-BAUMAN.pdf\" data-type=\"attachment\" data-id=\"607\" target=\"_blank\" rel=\"noreferrer noopener\">Esvaziamento do espa\u00e7o p\u00fablico em Zygmunt Bauman<\/a><\/td><td>2012<\/td><\/tr><tr><td>Let\u00edcia Zampr\u00f4nio Salum<\/td><td><a href=\"https:\/\/sites.uel.br\/ndph\/wp-content\/uploads\/2022\/08\/AS-PROPOSTAS-DO-RELATORIO-DO-DESENVOLVIMENTO-HUMANO-RDH-DO-ANO-DE-2003-PARA-A-IMPLEMENTACAO-DE-MELHORIAS-NA-AREA-DA-SAUDE.pdf\" data-type=\"attachment\" data-id=\"608\" target=\"_blank\" rel=\"noreferrer noopener\">As propostas do relat\u00f3rio do desenvolvimento humano (RDH) do ano de 2003 para a implementa\u00e7\u00e3o de melhorias na \u00e1rea da sa\u00fade<\/a><\/td><td>2012<\/td><\/tr><tr><td>Lina Penati Ferreira<\/td><td><a href=\"https:\/\/sites.uel.br\/ndph\/wp-content\/uploads\/2022\/08\/MULHERES-TITULARES-DO-PROGRAMA-BOLSA-FAMILIA-E-AS-POSSIBILIDADES-DE-SAIDA-DA-SITUACAO-DE-POBREZA-UM-ESTUDO-EM-CURITIBA-PR.pdf\" data-type=\"attachment\" data-id=\"609\" target=\"_blank\" rel=\"noreferrer noopener\">Mulheres titulares do programa Bolsa Fam\u00edlia e as possibilidades de sa\u00edda da situa\u00e7\u00e3o de pobreza: um estudo em Curitiba-PR<\/a><\/td><td>2016<\/td><\/tr><tr><td>Luana Rodrigues de Carvalho<\/td><td><a href=\"https:\/\/sites.uel.br\/ndph\/wp-content\/uploads\/2022\/08\/MIDIA-ESPETACULARAS-TRANSFORMACOES-NO-CAMPO-DAS-RELIGIOES.pdf\" data-type=\"attachment\" data-id=\"610\" target=\"_blank\" rel=\"noreferrer noopener\">M\u00eddia espetacular: as transforma\u00e7\u00f5es no campo das religi\u00f5es<\/a><\/td><td>2014<\/td><\/tr><tr><td>Luciana Brauna Batista<\/td><td><a href=\"https:\/\/sites.uel.br\/ndph\/wp-content\/uploads\/2022\/08\/TRABALHO-E-EDUCACAO-ALGUNS-APONTAMENTOS-SOBRE-A-PRECARIZACAO-DO-TRABALHO-DOCENTE.pdf\" data-type=\"attachment\" data-id=\"611\" target=\"_blank\" rel=\"noreferrer noopener\">Trabalho e educa\u00e7\u00e3o: alguns apontamentos sobre a precariza\u00e7\u00e3o do trabalho docente<\/a><\/td><td>2012<\/td><\/tr><tr><td>Luis Gustavo Patrocinio<\/td><td><a href=\"https:\/\/sites.uel.br\/ndph\/wp-content\/uploads\/2022\/08\/METODOLOGIA-DE-PESQUISA-NAS-CIENCIAS-SOCIAIS-PRATICAS-DE-PESQUISAS-DO-OBEDUC-E-LABORATORIOS-LERR-E-LENPES.pdf\" data-type=\"attachment\" data-id=\"612\" target=\"_blank\" rel=\"noreferrer noopener\">Metodologia de pesquisa nas ci\u00eancias sociais: pr\u00e1ticas de pesquisas do OBEDUC e laborat\u00f3rios LERR e LENPES<\/a><\/td><td>2016<\/td><\/tr><tr><td>Maicon Guilherme da Silva Rodrigues<\/td><td><a href=\"https:\/\/sites.uel.br\/ndph\/wp-content\/uploads\/2022\/08\/ACOES-E-PRATICAS-DO-SERVICO-DE-PROTECAO-AOS-INDIOS-DESCRITOS-NO-RELATORIO-FIGUEIREDO.pdf\" data-type=\"attachment\" data-id=\"614\" target=\"_blank\" rel=\"noreferrer noopener\">A\u00e7\u00f5es e pr\u00e1ticas do servi\u00e7o de prote\u00e7\u00e3o aos \u00edndios descritos no Relat\u00f3rio Figueiredo<\/a><\/td><td>2017<\/td><\/tr><tr><td>Marcelo Jorge de Moraes<\/td><td><a href=\"https:\/\/sites.uel.br\/ndph\/wp-content\/uploads\/2022\/08\/DESIGUALDADE-SOCIAL-NO-PERIODO-LULA-2003-2010-QUEDA-E-RESILIENCIA.pdf\" data-type=\"attachment\" data-id=\"615\" target=\"_blank\" rel=\"noreferrer noopener\">Desigualdade social no per\u00edodo Lula (2003-2010): queda e resili\u00eancia<\/a><\/td><td>2013<\/td><\/tr><tr><td>Marcio Vieira Martins<\/td><td><a href=\"https:\/\/sites.uel.br\/ndph\/wp-content\/uploads\/2022\/08\/PARA-QUE-TERCEIRIZAR.pdf\" data-type=\"attachment\" data-id=\"616\" target=\"_blank\" rel=\"noreferrer noopener\">Para que terceirizar?<\/a><\/td><td>2016<\/td><\/tr><tr><td>Maria Graziele Bernardi<\/td><td><a href=\"https:\/\/sites.uel.br\/ndph\/wp-content\/uploads\/2022\/08\/IMIGRANTES-BOLIVIANOS-EM-SAO-PAULO-UM-MAPEAMENTO-DA-LITERATURA.pdf\" data-type=\"attachment\" data-id=\"617\" target=\"_blank\" rel=\"noreferrer noopener\">Imigrantes bolivianos em S\u00e3o Paulo: um mapeamento da literatura<\/a><\/td><td>2016<\/td><\/tr><tr><td>Maria Let\u00edcia Grecchi Pizzi<\/td><td><a href=\"https:\/\/sites.uel.br\/ndph\/wp-content\/uploads\/2022\/08\/LIBERDADE-CULTURAL-E-EDUCACAO-NOS-RELATORIOS-DE-DESENVOLVIMENTO-HUMANO-DAS-NACOES-UNIDAS.pdf\" data-type=\"attachment\" data-id=\"618\" target=\"_blank\" rel=\"noreferrer noopener\">Liberdade cultural e educa\u00e7\u00e3o nos Relat\u00f3rios de Desenvolvimento Humano das Na\u00e7\u00f5es Unidas<\/a><\/td><td>2013<\/td><\/tr><tr><td>Mariana Rodrigues Moreira<\/td><td><a href=\"https:\/\/sites.uel.br\/ndph\/wp-content\/uploads\/2022\/08\/CONSELHO-TUTELAR-E-EDUCACAO-PRIMEIRAS-APROXIMACOES.pdf\" data-type=\"attachment\" data-id=\"619\" target=\"_blank\" rel=\"noreferrer noopener\">Conselho tutelar e educa\u00e7\u00e3o: primeiras aproxima\u00e7\u00f5es<\/a><\/td><td>2016<\/td><\/tr><tr><td>Nat\u00e1lia Jalile Vilas Boas<\/td><td><a href=\"https:\/\/sites.uel.br\/ndph\/wp-content\/uploads\/2022\/08\/O-NAO-NASCIDO-E-O-NAO-MORTO-A-NOCAO-DE-PESSOA-DENTRO-DO-ZEN-BUDISMO-NA-PERSPECTIVA-DE-MONJA-COEN.pdf\" data-type=\"attachment\" data-id=\"620\" target=\"_blank\" rel=\"noreferrer noopener\">O n\u00e3o nascido e o n\u00e3o morto: a no\u00e7\u00e3o de pessoa dentro do Zen Budismo na perspectiva da Monja Coen<\/a><\/td><td>2017<\/td><\/tr><tr><td>Pedro Vinicius Nery Moreira Figueiredo Rossi<\/td><td><a href=\"https:\/\/sites.uel.br\/ndph\/wp-content\/uploads\/2022\/08\/RELIGIOSIDADE-PERSPECTIVAS-ANALITICAS-SOB-OS-ASPECTOS-DA-MODERNIDADE.pdf\" data-type=\"attachment\" data-id=\"621\" target=\"_blank\" rel=\"noreferrer noopener\">Religiosidade: perspectivas anal\u00edticas sob os aspectos da modernidade<\/a><\/td><td>2014<\/td><\/tr><tr><td>Rafael Ant\u00f4nio da Luz Sanches<\/td><td><a href=\"https:\/\/sites.uel.br\/ndph\/wp-content\/uploads\/2022\/08\/DEMOCRACIA-E-CONTROLE-SOCIAL-USOS-E-EFEITOS-POLITICOS-DA-INTERNET.pdf\" data-type=\"attachment\" data-id=\"622\" target=\"_blank\" rel=\"noreferrer noopener\">Democracia e controle social: usos e efeitos pol\u00edticos da internet<\/a><\/td><td>2016<\/td><\/tr><tr><td>Rafael Carvalho da Silva<\/td><td><a href=\"https:\/\/sites.uel.br\/ndph\/wp-content\/uploads\/2022\/08\/O-PROFESSOR-COMO-INTELECTUAL-ORGANICO.pdf\" data-type=\"attachment\" data-id=\"623\" target=\"_blank\" rel=\"noreferrer noopener\">O professor como intelectual org\u00e2nico<\/a><\/td><td>2016<\/td><\/tr><tr><td>Raissa Romano Cunha<\/td><td><a href=\"https:\/\/sites.uel.br\/ndph\/wp-content\/uploads\/2022\/08\/O-SOAR-DOS-TAMBORES-JAPONESES-UMA-ETNOGRAFIA-SOBRE-ARTE-TRADICAO-E-ETNICIDADE.pdf\" data-type=\"attachment\" data-id=\"624\" target=\"_blank\" rel=\"noreferrer noopener\">O soar dos tambores japoneses: uma etnografia sobre arte, tradi\u00e7\u00e3o e etnicidade<\/a><\/td><td>2017<\/td><\/tr><tr><td>Renan Carlos Santana<\/td><td><a href=\"https:\/\/sites.uel.br\/ndph\/wp-content\/uploads\/2022\/08\/A-Experiencia-Artistica-de-Lygia-Clark-BICHOS.pdf\" data-type=\"attachment\" data-id=\"625\" target=\"_blank\" rel=\"noreferrer noopener\">A experi\u00eancia art\u00edstica de Lygia Clark &#8211; Bichos 1960\/1964<\/a><\/td><td>2018<\/td><\/tr><tr><td>Simone Maria Boeira<\/td><td><a href=\"https:\/\/sites.uel.br\/ndph\/wp-content\/uploads\/2022\/08\/AS-ACOES-E-AS-PRATICAS-DE-COMBATE-AS-DESIGUALDADES-SUGERIDAS-PELOS-RELATORIOS-DO-DESENVOLVIMENTO-HUMANO-AO-ESTADO-EM-GERAL-E-AO-ESTADO-BRASILEIRO-EM-PARTICULAR.pdf\" data-type=\"attachment\" data-id=\"626\" target=\"_blank\" rel=\"noreferrer noopener\">As a\u00e7\u00f5es pr\u00e1ticas de combate \u00e0s desigualdades sugeridas pelos relat\u00f3rios do desenvolvimento humano ao Estado em geral e ao Estado Brasileiro em particular<\/a><\/td><td>2012<\/td><\/tr><tr><td>Thain\u00e1 Metelaro Urchei<\/td><td><a href=\"https:\/\/sites.uel.br\/ndph\/wp-content\/uploads\/2022\/08\/PEDAGOGIA-DO-MST-EDUCAR-PARA-TRANSFORMAR.pdf\" data-type=\"attachment\" data-id=\"627\" target=\"_blank\" rel=\"noreferrer noopener\">Pedagogia do MST: educar para transformar?<\/a><\/td><td>2013<\/td><\/tr><tr><td>Talita Soares Leite<\/td><td><a href=\"https:\/\/sites.uel.br\/ndph\/wp-content\/uploads\/2022\/08\/POLITICAS-PUBLICAS-EDUCACIONAIS-COMO-MECANISMO-PARA-A-MATERIALIZACAO-DOS-DIREITOS-HUMANOS-NO-BRASIL.pdf\" data-type=\"attachment\" data-id=\"628\" target=\"_blank\" rel=\"noreferrer noopener\">Pol\u00edticas p\u00fablicas educacionais como mecanismo para a materializa\u00e7\u00e3o dos direitos humanos no Brasil<\/a><\/td><td>2013<\/td><\/tr><tr><td>Tatiana Helena de Souza Pereira<\/td><td><a href=\"https:\/\/sites.uel.br\/ndph\/wp-content\/uploads\/2022\/08\/CINEMA-E-VISIBILIDADE-AS-POTENCIALIDADES-DA-PRODUCAO-CINEMATOGRAFICA-PERANTE-A-QUESTAO-INDIGENA-NACIONAL.pdf\" data-type=\"attachment\" data-id=\"629\" target=\"_blank\" rel=\"noreferrer noopener\">Cinema e visibilidade: as potencialidades da produ\u00e7\u00e3o cinematogr\u00e1fica perante a quest\u00e3o ind\u00edgena nacional<\/a><\/td><td>2017<\/td><\/tr><tr><td>Tatiane Brito dos Santos<\/td><td><a href=\"https:\/\/sites.uel.br\/ndph\/wp-content\/uploads\/2022\/08\/CARACTERIZACAO-SOCIOLOGICA-DOS-ESTUDANTES-DO-ENSINO-MEDIO-E-PROFISSIONAL-DO-COLEGIO-ESTADUAL-PROFordm-FRANCISCO-VILLANUEVA-96-ROLANDIAPR.pdf\" data-type=\"attachment\" data-id=\"630\" target=\"_blank\" rel=\"noreferrer noopener\">Caracteriza\u00e7\u00e3o sociol\u00f3gica dos estudantes do ensino m\u00e9dio e profissional do Col\u00e9gio Estadual Prof\u00ba Francisco Villanueva &#8211; Rol\u00e2ndia\/PR<\/a><\/td><td>2018<\/td><\/tr><tr><td>Tatiane Vanessa Machado<\/td><td><a href=\"https:\/\/sites.uel.br\/ndph\/wp-content\/uploads\/2022\/08\/O-ENSINO-MEDIO-POR-BLOCOS-DE-DISCIPLINAS-SEMESTRAIS-COMO-PROPOSTA-DE-CURRICULO-INOVADOR-NO-PARANA-ANALISE-SOBRE-OS-TEMPOS-ESCOLARES.pdf\" data-type=\"attachment\" data-id=\"631\" target=\"_blank\" rel=\"noreferrer noopener\">O ensino m\u00e9dio por blocos de disciplinas semestrais como proposta de curr\u00edculo inovador no Paran\u00e1: an\u00e1lise sobre os tempos escolares<\/a><\/td><td>2012<\/td><\/tr><tr><td>Tiago Spera Castro<\/td><td><a href=\"https:\/\/sites.uel.br\/ndph\/wp-content\/uploads\/2022\/08\/TRABALHO-DE-CONCLUSAO-DE-CURSO-UMA-BREVE-ANALISE-SOCIOLOGICA-DO-DESEMPREGO-NO-BRASIL-AO-LONGO-DAS-DECADAS-DE-1990-E-2000.pdf\" data-type=\"attachment\" data-id=\"632\" target=\"_blank\" rel=\"noreferrer noopener\">Trabalho de conclus\u00e3o de curso: uma breve an\u00e1lise sociol\u00f3gica do desemprego no Brasil ao longo das d\u00e9cadas de 1990 e 2000<\/a><\/td><td>2014<\/td><\/tr><tr><td>Vanderlei Aparecido Flora<\/td><td><a href=\"https:\/\/sites.uel.br\/ndph\/wp-content\/uploads\/2022\/08\/A-NOVA-IMAGEM-DA-VELHICE-E-DO-ENVELHECIMENTO-A-QUESTAO-DA-QUALIDADE-DE-VIDA-NA-LITERATURA-GERONTOLOGICA.pdf\" data-type=\"attachment\" data-id=\"633\" target=\"_blank\" rel=\"noreferrer noopener\">A nova imagem da velhice e do envelhecimento: a quest\u00e3o da qualidade de vida na literatura gerontol\u00f3gica<\/a><\/td><td>2012<\/td><\/tr><tr><td>Ver\u00f4nica Pascoeto Almeida<\/td><td><a href=\"https:\/\/sites.uel.br\/ndph\/wp-content\/uploads\/2022\/08\/ANALISE-DOS-SENTIDOS-ATRIBUIDOS-A-MULHER-NOS-PRONUNCIAMENTOS-DE-DILMA-ROUSSEFF-REFERENTES-AO-DIA-08-DE-MARCO-2011-a-2014.pdf\" data-type=\"attachment\" data-id=\"634\" target=\"_blank\" rel=\"noreferrer noopener\">An\u00e1lise dos sentidos atribu\u00eddos \u00e0 mulher nos pronunciamentos de Dilma Rousseff referentes ao 8 de mar\u00e7o [2011 a 2014]<\/a><\/td><td>2016<\/td><\/tr><tr><td>Vict\u00f3ria Pedro Corr\u00eaa<\/td><td><a href=\"https:\/\/sites.uel.br\/ndph\/wp-content\/uploads\/2022\/08\/NO-OLHO-DA-RUA-DESEMPREGO-EXCLUSAO-SOCIAL-E-INVISIBILIDADE-IMPRESSOES-SOCIOLOGICAS-SOBRE-A-POPULACAO-EM-SITUACAO-DE-RUA.pdf\" data-type=\"attachment\" data-id=\"635\" target=\"_blank\" rel=\"noreferrer noopener\">No olho da rua: desemprego, exclus\u00e3o social e invisibilidade: impress\u00f5es sociol\u00f3gicas sobre a popula\u00e7\u00e3o em situa\u00e7\u00e3o de rua<\/a><\/td><td>2018<\/td><\/tr><tr><td>Vin\u00edcius Alves de Oliveira<\/td><td><a href=\"https:\/\/sites.uel.br\/ndph\/wp-content\/uploads\/2022\/08\/ALTERIDADE-RADICAL-EROTISMO-MUTILACAO-E-TABU-NAS-PRODUCOES-DO-CINEMA-EXTREMO.pdf\" data-type=\"attachment\" data-id=\"636\" target=\"_blank\" rel=\"noreferrer noopener\">Alteridade radical: erotismo, mutila\u00e7\u00e3o e tabu nas produ\u00e7\u00f5es do cinema extremo<\/a><\/td><td>2017<\/td><\/tr><tr><td>Vivian Matsumoto da Silva<\/td><td><a href=\"https:\/\/sites.uel.br\/ndph\/wp-content\/uploads\/2022\/08\/93DIREITOS-PARA-QUEM94-O-CARATER-DESCIVILIZACIONAL-DA-PL-658313-PERANTE-A-LUTA-PELA-DEFINICAO-DE-FAMILIA.pdf\" data-type=\"attachment\" data-id=\"637\" target=\"_blank\" rel=\"noreferrer noopener\">&#8220;Direitos para quem?&#8221;: o car\u00e1ter descivilizacional da PL 6583\/13 perante \u00e0 luta pela defini\u00e7\u00e3o de fam\u00edlia<\/a><\/td><td>2016<\/td><\/tr><tr><td><\/td><td><\/td><td><\/td><\/tr><tr><td><\/td><td><\/td><td><\/td><\/tr><tr><td><\/td><td><\/td><td><\/td><\/tr><tr><td><\/td><td><\/td><td><\/td><\/tr><tr><td><\/td><td><\/td><td><\/td><\/tr><tr><td><\/td><td><\/td><td><\/td><\/tr><tr><td><\/td><td><\/td><td><\/td><\/tr><tr><td><\/td><td><\/td><td><\/td><\/tr><tr><td><\/td><td><\/td><td><\/td><\/tr><tr><td><\/td><td><\/td><td><\/td><\/tr><tr><td><\/td><td><\/td><td><\/td><\/tr><tr><td><\/td><td><\/td><td><\/td><\/tr><tr><td><\/td><td><\/td><td><\/td><\/tr><tr><td><\/td><td><\/td><td><\/td><\/tr><tr><td><\/td><td><\/td><td><\/td><\/tr><tr><td><\/td><td><\/td><td><\/td><\/tr><tr><td><\/td><td><\/td><td><\/td><\/tr><tr><td><\/td><td><\/td><td><\/td><\/tr><tr><td><\/td><td><\/td><td><\/td><\/tr><tr><td><\/td><td><\/td><td><\/td><\/tr><tr><td><\/td><td><\/td><td><\/td><\/tr><tr><td><\/td><td><\/td><td><\/td><\/tr><tr><td><\/td><td><\/td><td><\/td><\/tr><tr><td><\/td><td><\/td><td><\/td><\/tr><tr><td><\/td><td><\/td><td><\/td><\/tr><tr><td><\/td><td><\/td><td><\/td><\/tr><tr><td><\/td><td><\/td><td><\/td><\/tr><tr><td><\/td><td><\/td><td><\/td><\/tr><tr><td><\/td><td><\/td><td><\/td><\/tr><tr><td><\/td><td><\/td><td><\/td><\/tr><tr><td><\/td><td><\/td><td><\/td><\/tr><tr><td><\/td><td><\/td><td><\/td><\/tr><tr><td><\/td><td><\/td><td><\/td><\/tr><tr><td><\/td><td><\/td><td><\/td><\/tr><tr><td><\/td><td><\/td><td><\/td><\/tr><tr><td><\/td><td><\/td><td><\/td><\/tr><tr><td><\/td><td><\/td><td><\/td><\/tr><tr><td><\/td><td><\/td><td><\/td><\/tr><tr><td><\/td><td><\/td><td><\/td><\/tr><tr><td><\/td><td><\/td><td><\/td><\/tr><tr><td><\/td><td><\/td><td><\/td><\/tr><tr><td><\/td><td><\/td><td><\/td><\/tr><tr><td><\/td><td><\/td><td><\/td><\/tr><tr><td><\/td><td><\/td><td><\/td><\/tr><tr><td><\/td><td><\/td><td><\/td><\/tr><tr><td><\/td><td><\/td><td><\/td><\/tr><tr><td><\/td><td><\/td><td><\/td><\/tr><tr><td><\/td><td><\/td><td><\/td><\/tr><\/tbody><\/table><\/figure>\n\n\n\n<p><\/p>\n","protected":false},"excerpt":{"rendered":"<p>Autor (a) T\u00edtulo Ano Alexsander Mourinho Ortiz As contribui\u00e7\u00f5es de Monteiro Lobato para o campo liter\u00e1rio brasileiro: sua atua\u00e7\u00e3o como empres\u00e1rio da edi\u00e7\u00e3o 2018 Allan Vieira Lino Pol\u00edticas p\u00fablicas: a precariza\u00e7\u00e3o da educa\u00e7\u00e3o pelo PSS no Paran\u00e1 2012 Ana Caroline Ferreira O humano nu e abandonado do meu tempo: reflex\u00f5es sobre Abu Ghraib e o [&hellip;]<\/p>\n","protected":false},"author":7,"featured_media":0,"parent":0,"menu_order":0,"comment_status":"closed","ping_status":"closed","template":"","meta":{"footnotes":""},"class_list":["post-511","page","type-page","status-publish","hentry"],"acf":[],"_links":{"self":[{"href":"https:\/\/sites.uel.br\/ndph\/wp-json\/wp\/v2\/pages\/511","targetHints":{"allow":["GET"]}}],"collection":[{"href":"https:\/\/sites.uel.br\/ndph\/wp-json\/wp\/v2\/pages"}],"about":[{"href":"https:\/\/sites.uel.br\/ndph\/wp-json\/wp\/v2\/types\/page"}],"author":[{"embeddable":true,"href":"https:\/\/sites.uel.br\/ndph\/wp-json\/wp\/v2\/users\/7"}],"replies":[{"embeddable":true,"href":"https:\/\/sites.uel.br\/ndph\/wp-json\/wp\/v2\/comments?post=511"}],"version-history":[{"count":33,"href":"https:\/\/sites.uel.br\/ndph\/wp-json\/wp\/v2\/pages\/511\/revisions"}],"predecessor-version":[{"id":640,"href":"https:\/\/sites.uel.br\/ndph\/wp-json\/wp\/v2\/pages\/511\/revisions\/640"}],"wp:attachment":[{"href":"https:\/\/sites.uel.br\/ndph\/wp-json\/wp\/v2\/media?parent=511"}],"curies":[{"name":"wp","href":"https:\/\/api.w.org\/{rel}","templated":true}]}}