{"id":1989,"date":"2024-11-21T15:03:01","date_gmt":"2024-11-21T18:03:01","guid":{"rendered":"https:\/\/sites.uel.br\/ndph\/?page_id=1989"},"modified":"2024-12-04T14:23:53","modified_gmt":"2024-12-04T17:23:53","slug":"colecao-amelia-foggia-af","status":"publish","type":"page","link":"https:\/\/sites.uel.br\/ndph\/colecao-amelia-foggia-af\/","title":{"rendered":"Cole\u00e7\u00e3o Am\u00e9lia F\u00f3ggia (AF)"},"content":{"rendered":"\n<p><a href=\"https:\/\/sites.uel.br\/ndph\/wp-content\/uploads\/2022\/08\/AF.INFO-NOBRADE.pdf\" data-type=\"link\" data-id=\"https:\/\/sites.uel.br\/ndph\/wp-content\/uploads\/2022\/08\/AF.INFO-NOBRADE.pdf\"><strong>Informa\u00e7\u00e3o Nobrade<\/strong><\/a><\/p>\n\n\n\n<p>\u2013 Dossi\u00ea\u00a0<a href=\"https:\/\/sites.uel.br\/ndph\/wp-content\/uploads\/2022\/08\/AF.DOSSIE-FR.pdf\" target=\"_blank\" rel=\"noreferrer noopener\">Fazenda Ribeir\u00e3o Preto<\/a><br>\u2013 Dossi\u00ea\u00a0<a href=\"https:\/\/sites.uel.br\/ndph\/wp-content\/uploads\/2022\/08\/AF.DOSSIE-AR.pdf\" target=\"_blank\" rel=\"noreferrer noopener\">Argentina<\/a><br>\u2013 Dossi\u00ea\u00a0<a href=\"https:\/\/sites.uel.br\/ndph\/wp-content\/uploads\/2022\/08\/AF.DOSSIE-TR.pdf\" target=\"_blank\" rel=\"noreferrer noopener\">Terra Roxa<\/a><br>\u2013 Dossi\u00ea\u00a0<a href=\"https:\/\/sites.uel.br\/ndph\/wp-content\/uploads\/2022\/08\/AF.DOSSIE-AC.pdf\" target=\"_blank\" rel=\"noreferrer noopener\">Atividades Comerciais<\/a><br>\u2013 Dossi\u00ea\u00a0<a href=\"https:\/\/sites.uel.br\/ndph\/wp-content\/uploads\/2022\/08\/AF.DOSSIE-PE.pdf\" target=\"_blank\" rel=\"noreferrer noopener\">Personagens de Terra Roxa<\/a><br>\u2013 Dossi\u00ea\u00a0<a href=\"https:\/\/sites.uel.br\/ndph\/wp-content\/uploads\/2022\/08\/AF.DOSSIE-LO.pdf\" target=\"_blank\" rel=\"noreferrer noopener\">Londrina<\/a><br>\u2013 Dossi\u00ea\u00a0<a href=\"https:\/\/sites.uel.br\/ndph\/wp-content\/uploads\/2022\/08\/AF.DOSSIE-PR.pdf\" target=\"_blank\" rel=\"noreferrer noopener\">Propriedades de Filippo Foggia<\/a><br>\u2013 Dossi\u00ea\u00a0<a href=\"https:\/\/sites.uel.br\/ndph\/wp-content\/uploads\/2022\/08\/AF.DOSSIE-DO.pdf\" target=\"_blank\" rel=\"noreferrer noopener\">Depoimentos Orais<\/a><br>\u2013 Dossi\u00ea\u00a0<a href=\"https:\/\/sites.uel.br\/ndph\/wp-content\/uploads\/2022\/08\/AF.DOSSIE-GU.pdf\" target=\"_blank\" rel=\"noreferrer noopener\">Guardados de Filippo Foggia<\/a><br>\u2013 Dossi\u00ea\u00a0<a href=\"https:\/\/sites.uel.br\/ndph\/wp-content\/uploads\/2022\/08\/AF.DOSSIE-DR.pdf\" target=\"_blank\" rel=\"noreferrer noopener\">Declara\u00e7\u00e3o de Rendimentos<\/a><br>\u2013 Dossi\u00ea\u00a0<a href=\"https:\/\/sites.uel.br\/ndph\/wp-content\/uploads\/2022\/08\/AF.DOSSIE-HO.pdf\" target=\"_blank\" rel=\"noreferrer noopener\">Homenagens \u00e0 Filippo Foggia<\/a><\/p>\n","protected":false},"excerpt":{"rendered":"<p>Informa\u00e7\u00e3o Nobrade \u2013 Dossi\u00ea\u00a0Fazenda Ribeir\u00e3o Preto\u2013 Dossi\u00ea\u00a0Argentina\u2013 Dossi\u00ea\u00a0Terra Roxa\u2013 Dossi\u00ea\u00a0Atividades Comerciais\u2013 Dossi\u00ea\u00a0Personagens de Terra Roxa\u2013 Dossi\u00ea\u00a0Londrina\u2013 Dossi\u00ea\u00a0Propriedades de Filippo Foggia\u2013 Dossi\u00ea\u00a0Depoimentos Orais\u2013 Dossi\u00ea\u00a0Guardados de Filippo Foggia\u2013 Dossi\u00ea\u00a0Declara\u00e7\u00e3o de Rendimentos\u2013 Dossi\u00ea\u00a0Homenagens \u00e0 Filippo Foggia<\/p>\n","protected":false},"author":6,"featured_media":0,"parent":0,"menu_order":0,"comment_status":"closed","ping_status":"closed","template":"","meta":{"footnotes":""},"class_list":["post-1989","page","type-page","status-publish","hentry"],"acf":[],"_links":{"self":[{"href":"https:\/\/sites.uel.br\/ndph\/wp-json\/wp\/v2\/pages\/1989","targetHints":{"allow":["GET"]}}],"collection":[{"href":"https:\/\/sites.uel.br\/ndph\/wp-json\/wp\/v2\/pages"}],"about":[{"href":"https:\/\/sites.uel.br\/ndph\/wp-json\/wp\/v2\/types\/page"}],"author":[{"embeddable":true,"href":"https:\/\/sites.uel.br\/ndph\/wp-json\/wp\/v2\/users\/6"}],"replies":[{"embeddable":true,"href":"https:\/\/sites.uel.br\/ndph\/wp-json\/wp\/v2\/comments?post=1989"}],"version-history":[{"count":2,"href":"https:\/\/sites.uel.br\/ndph\/wp-json\/wp\/v2\/pages\/1989\/revisions"}],"predecessor-version":[{"id":2256,"href":"https:\/\/sites.uel.br\/ndph\/wp-json\/wp\/v2\/pages\/1989\/revisions\/2256"}],"wp:attachment":[{"href":"https:\/\/sites.uel.br\/ndph\/wp-json\/wp\/v2\/media?parent=1989"}],"curies":[{"name":"wp","href":"https:\/\/api.w.org\/{rel}","templated":true}]}}