{"id":16,"date":"2022-05-20T19:39:44","date_gmt":"2022-05-20T22:39:44","guid":{"rendered":"https:\/\/sites.uel.br\/ndph\/?page_id=16"},"modified":"2023-09-29T09:23:40","modified_gmt":"2023-09-29T12:23:40","slug":"historia","status":"publish","type":"page","link":"https:\/\/sites.uel.br\/ndph\/historia\/","title":{"rendered":"Hist\u00f3ria"},"content":{"rendered":"\n<p><\/p>\n\n\n\n<p style=\"font-size:18px\">Nos anos sessenta do s\u00e9culo XX, a partir da iniciativa de um grupo de professores da antiga Faculdade de Filosofia, Ci\u00eancias e Letras de Londrina, foi promovida uma campanha de coleta de material &#8211; documentos e pe\u00e7as -, visando a funda\u00e7\u00e3o do futuro Museu e Arquivo Hist\u00f3rico.&nbsp;Em 1973, o ent\u00e3o chamado Arquivo Hist\u00f3rico foi transferido para uma das salas do Campus Universit\u00e1rio. Continuou recebendo doa\u00e7\u00f5es, especialmente para suas cole\u00e7\u00f5es de peri\u00f3dicos. <\/p>\n\n\n\n<p class=\"has-text-align-left\" style=\"font-size:18px\">Por volta de meados dos anos oitenta, a \u00e1rea de Hist\u00f3ria, do Departamento de Hist\u00f3ria e Filosofia, decidiu reativar e reestruturar o Arquivo, com a ajuda dos professores e estagi\u00e1rios do curso, transformando-o n\u00e3o s\u00f3 em laborat\u00f3rio dos alunos do curso de Hist\u00f3ria, mas tamb\u00e9m, em&nbsp;<strong>Centro de Documenta\u00e7\u00e3o e Pesquisa Hist\u00f3rica<\/strong>.<\/p>\n\n\n\n<p style=\"font-size:18px\">O CDPH, desde ent\u00e3o, expandiu sua estrutura f\u00edsica e administrativa. Novos equipamentos, doa\u00e7\u00f5es de cole\u00e7\u00f5es privadas, dentre outras, tornaram-no um dos mais importantes centros de documenta\u00e7\u00e3o e de pesquisa referente ao Norte do Paran\u00e1.&nbsp;<br><br>Em 2005 foram inauguradas as novas instala\u00e7\u00f5es do CDPH, no t\u00e9rreo do&nbsp;<strong>Instituto de Refer\u00eancia em Ci\u00eancias Humanas<\/strong>&nbsp;(IRCH), do Centro de Letras e Ci\u00eancias Humanas da Universidade Estadual de Londrina.&nbsp;<\/p>\n\n\n\n<p style=\"font-size:18px\">A partir do ano de 2005 deliberou-se pela reformula\u00e7\u00e3o e o recorte tem\u00e1tico em Hist\u00f3ria das Am\u00e9ricas ao mesmo tempo em que atende \u00e0s demandas das linhas de pesquisa do Departamento de Hist\u00f3ria, cujo programa de p\u00f3s-gradua\u00e7\u00e3o stricto sensu est\u00e1 voltado \u00e0 Hist\u00f3ria Social.<br><br>Em 2016 o \u00f3rg\u00e3o passou por uma transforma\u00e7\u00e3o administrativa ao se constituir em N\u00facleo de Estudos, por meio da Resolu\u00e7\u00e3o CEPE\/CA N\u00ba 072\/2016 de 31 de Agosto. Seu nome foi alterado para&nbsp;<strong>N\u00facleo de Documenta\u00e7\u00e3o e Pesquisa Hist\u00f3rica<\/strong>&nbsp;&#8211;&nbsp;<strong>NDPH<\/strong>. Sua gest\u00e3o passou a ser feita por um diretor e um vice, assessorados por um Conselho de N\u00facleo com fun\u00e7\u00f5es deliberativas.<br><\/p>\n\n\n\n<div style=\"height:41px\" aria-hidden=\"true\" class=\"wp-block-spacer\"><\/div>\n\n\n\n<p class=\"has-text-align-center\" style=\"font-size:23px\"><strong>Galeria <\/strong><\/p>\n\n\n\n<div style=\"height:23px\" aria-hidden=\"true\" class=\"wp-block-spacer\"><\/div>\n\n\n\n<p><strong>Antiga Faculdade Estadual de Filosofia, Ci\u00eancias e Letras de Londrina<\/strong><\/p>\n\n\n\n<div class=\"wp-block-columns are-vertically-aligned-center is-layout-flex wp-container-core-columns-is-layout-9d6595d7 wp-block-columns-is-layout-flex\">\n<div class=\"wp-block-column is-vertically-aligned-center is-layout-flow wp-block-column-is-layout-flow\">\n<figure class=\"wp-block-image size-large is-resized\"><img loading=\"lazy\" decoding=\"async\" src=\"https:\/\/sites.uel.br\/ndph\/wp-content\/uploads\/2023\/09\/4331-Biblioteca-1024x791.jpg\" alt=\"\" class=\"wp-image-1270\" style=\"width:367px;height:284px\" width=\"367\" height=\"284\" srcset=\"https:\/\/sites.uel.br\/ndph\/wp-content\/uploads\/2023\/09\/4331-Biblioteca-1024x791.jpg 1024w, https:\/\/sites.uel.br\/ndph\/wp-content\/uploads\/2023\/09\/4331-Biblioteca-300x232.jpg 300w, https:\/\/sites.uel.br\/ndph\/wp-content\/uploads\/2023\/09\/4331-Biblioteca-768x593.jpg 768w, https:\/\/sites.uel.br\/ndph\/wp-content\/uploads\/2023\/09\/4331-Biblioteca.jpg 1302w\" sizes=\"auto, (max-width: 367px) 100vw, 367px\" \/><\/figure>\n<\/div>\n\n\n\n<div class=\"wp-block-column is-vertically-aligned-center is-layout-flow wp-block-column-is-layout-flow\">\n<figure class=\"wp-block-image size-large is-resized\"><img loading=\"lazy\" decoding=\"async\" src=\"https:\/\/sites.uel.br\/ndph\/wp-content\/uploads\/2023\/09\/Biblioteca-da-Antiga-Faculdade-de-Filosofia-e-Direito-1024x774.jpg\" alt=\"\" class=\"wp-image-1261\" style=\"width:372px;height:281px\" width=\"372\" height=\"281\" srcset=\"https:\/\/sites.uel.br\/ndph\/wp-content\/uploads\/2023\/09\/Biblioteca-da-Antiga-Faculdade-de-Filosofia-e-Direito-1024x774.jpg 1024w, https:\/\/sites.uel.br\/ndph\/wp-content\/uploads\/2023\/09\/Biblioteca-da-Antiga-Faculdade-de-Filosofia-e-Direito-300x227.jpg 300w, https:\/\/sites.uel.br\/ndph\/wp-content\/uploads\/2023\/09\/Biblioteca-da-Antiga-Faculdade-de-Filosofia-e-Direito-768x581.jpg 768w, https:\/\/sites.uel.br\/ndph\/wp-content\/uploads\/2023\/09\/Biblioteca-da-Antiga-Faculdade-de-Filosofia-e-Direito-1536x1161.jpg 1536w, https:\/\/sites.uel.br\/ndph\/wp-content\/uploads\/2023\/09\/Biblioteca-da-Antiga-Faculdade-de-Filosofia-e-Direito-2048x1548.jpg 2048w\" sizes=\"auto, (max-width: 372px) 100vw, 372px\" \/><\/figure>\n<\/div>\n\n\n\n<div class=\"wp-block-column is-vertically-aligned-center is-layout-flow wp-block-column-is-layout-flow\">\n<figure class=\"wp-block-image size-large is-resized\"><img loading=\"lazy\" decoding=\"async\" src=\"https:\/\/sites.uel.br\/ndph\/wp-content\/uploads\/2023\/09\/Aspecto-do-material-parcial-em-uso-nos-Cursos-de-Geografia-1024x744.jpg\" alt=\"\" class=\"wp-image-1263\" style=\"width:373px;height:271px\" width=\"373\" height=\"271\" srcset=\"https:\/\/sites.uel.br\/ndph\/wp-content\/uploads\/2023\/09\/Aspecto-do-material-parcial-em-uso-nos-Cursos-de-Geografia-1024x744.jpg 1024w, https:\/\/sites.uel.br\/ndph\/wp-content\/uploads\/2023\/09\/Aspecto-do-material-parcial-em-uso-nos-Cursos-de-Geografia-300x218.jpg 300w, https:\/\/sites.uel.br\/ndph\/wp-content\/uploads\/2023\/09\/Aspecto-do-material-parcial-em-uso-nos-Cursos-de-Geografia-768x558.jpg 768w, https:\/\/sites.uel.br\/ndph\/wp-content\/uploads\/2023\/09\/Aspecto-do-material-parcial-em-uso-nos-Cursos-de-Geografia.jpg 1329w\" sizes=\"auto, (max-width: 373px) 100vw, 373px\" \/><\/figure>\n<\/div>\n<\/div>\n\n\n\n<div class=\"wp-block-columns are-vertically-aligned-center is-layout-flex wp-container-core-columns-is-layout-9d6595d7 wp-block-columns-is-layout-flex\">\n<div class=\"wp-block-column is-vertically-aligned-center is-layout-flow wp-block-column-is-layout-flow\">\n<figure class=\"wp-block-image size-large is-resized\"><img loading=\"lazy\" decoding=\"async\" src=\"https:\/\/sites.uel.br\/ndph\/wp-content\/uploads\/2023\/09\/4330-Aspectos-da-sala-de-Aula-1024x766.jpg\" alt=\"\" class=\"wp-image-1268\" style=\"width:368px;height:275px\" width=\"368\" height=\"275\" srcset=\"https:\/\/sites.uel.br\/ndph\/wp-content\/uploads\/2023\/09\/4330-Aspectos-da-sala-de-Aula-1024x766.jpg 1024w, https:\/\/sites.uel.br\/ndph\/wp-content\/uploads\/2023\/09\/4330-Aspectos-da-sala-de-Aula-300x225.jpg 300w, https:\/\/sites.uel.br\/ndph\/wp-content\/uploads\/2023\/09\/4330-Aspectos-da-sala-de-Aula-768x575.jpg 768w, https:\/\/sites.uel.br\/ndph\/wp-content\/uploads\/2023\/09\/4330-Aspectos-da-sala-de-Aula.jpg 1304w\" sizes=\"auto, (max-width: 368px) 100vw, 368px\" \/><\/figure>\n<\/div>\n\n\n\n<div class=\"wp-block-column is-vertically-aligned-center is-layout-flow wp-block-column-is-layout-flow\">\n<figure class=\"wp-block-image size-large is-resized\"><img loading=\"lazy\" decoding=\"async\" src=\"https:\/\/sites.uel.br\/ndph\/wp-content\/uploads\/2023\/09\/4323-Edificio-onde-funcionava-a-Faculdade-1024x730.jpg\" alt=\"\" class=\"wp-image-1269\" style=\"width:383px;height:273px\" width=\"383\" height=\"273\" srcset=\"https:\/\/sites.uel.br\/ndph\/wp-content\/uploads\/2023\/09\/4323-Edificio-onde-funcionava-a-Faculdade-1024x730.jpg 1024w, https:\/\/sites.uel.br\/ndph\/wp-content\/uploads\/2023\/09\/4323-Edificio-onde-funcionava-a-Faculdade-300x214.jpg 300w, https:\/\/sites.uel.br\/ndph\/wp-content\/uploads\/2023\/09\/4323-Edificio-onde-funcionava-a-Faculdade-768x547.jpg 768w, https:\/\/sites.uel.br\/ndph\/wp-content\/uploads\/2023\/09\/4323-Edificio-onde-funcionava-a-Faculdade.jpg 1354w\" sizes=\"auto, (max-width: 383px) 100vw, 383px\" \/><\/figure>\n<\/div>\n\n\n\n<div class=\"wp-block-column is-vertically-aligned-center is-layout-flow wp-block-column-is-layout-flow\">\n<figure class=\"wp-block-image size-large is-resized\"><img loading=\"lazy\" decoding=\"async\" src=\"https:\/\/sites.uel.br\/ndph\/wp-content\/uploads\/2023\/09\/4334-Gabinete-do-diretor-1024x772.jpg\" alt=\"\" class=\"wp-image-1264\" style=\"width:371px;height:280px\" width=\"371\" height=\"280\" srcset=\"https:\/\/sites.uel.br\/ndph\/wp-content\/uploads\/2023\/09\/4334-Gabinete-do-diretor-1024x772.jpg 1024w, https:\/\/sites.uel.br\/ndph\/wp-content\/uploads\/2023\/09\/4334-Gabinete-do-diretor-300x226.jpg 300w, https:\/\/sites.uel.br\/ndph\/wp-content\/uploads\/2023\/09\/4334-Gabinete-do-diretor-768x579.jpg 768w, https:\/\/sites.uel.br\/ndph\/wp-content\/uploads\/2023\/09\/4334-Gabinete-do-diretor.jpg 1328w\" sizes=\"auto, (max-width: 371px) 100vw, 371px\" \/><\/figure>\n<\/div>\n<\/div>\n\n\n\n<div class=\"wp-block-columns alignwide are-vertically-aligned-center is-layout-flex wp-container-core-columns-is-layout-9d6595d7 wp-block-columns-is-layout-flex\">\n<div class=\"wp-block-column is-vertically-aligned-center is-layout-flow wp-block-column-is-layout-flow\">\n<figure class=\"wp-block-image size-large is-resized\"><img loading=\"lazy\" decoding=\"async\" src=\"https:\/\/sites.uel.br\/ndph\/wp-content\/uploads\/2023\/09\/FAFILO-Hugo-Simas-769x1024.jpg\" alt=\"\" class=\"wp-image-1262\" style=\"width:298px;height:397px\" width=\"298\" height=\"397\" srcset=\"https:\/\/sites.uel.br\/ndph\/wp-content\/uploads\/2023\/09\/FAFILO-Hugo-Simas-769x1024.jpg 769w, https:\/\/sites.uel.br\/ndph\/wp-content\/uploads\/2023\/09\/FAFILO-Hugo-Simas-225x300.jpg 225w, https:\/\/sites.uel.br\/ndph\/wp-content\/uploads\/2023\/09\/FAFILO-Hugo-Simas-768x1022.jpg 768w, https:\/\/sites.uel.br\/ndph\/wp-content\/uploads\/2023\/09\/FAFILO-Hugo-Simas-1154x1536.jpg 1154w, https:\/\/sites.uel.br\/ndph\/wp-content\/uploads\/2023\/09\/FAFILO-Hugo-Simas-1539x2048.jpg 1539w, https:\/\/sites.uel.br\/ndph\/wp-content\/uploads\/2023\/09\/FAFILO-Hugo-Simas-scaled.jpg 1923w\" sizes=\"auto, (max-width: 298px) 100vw, 298px\" \/><\/figure>\n<\/div>\n\n\n\n<div class=\"wp-block-column is-vertically-aligned-center is-layout-flow wp-block-column-is-layout-flow\">\n<figure class=\"wp-block-image size-large is-resized\"><img loading=\"lazy\" decoding=\"async\" src=\"https:\/\/sites.uel.br\/ndph\/wp-content\/uploads\/2023\/09\/4102-Vista-Lateral-Aspecto-do-jardim-1024x751.jpg\" alt=\"\" class=\"wp-image-1282\" style=\"width:352px;height:258px\" width=\"352\" height=\"258\" srcset=\"https:\/\/sites.uel.br\/ndph\/wp-content\/uploads\/2023\/09\/4102-Vista-Lateral-Aspecto-do-jardim-1024x751.jpg 1024w, https:\/\/sites.uel.br\/ndph\/wp-content\/uploads\/2023\/09\/4102-Vista-Lateral-Aspecto-do-jardim-300x220.jpg 300w, https:\/\/sites.uel.br\/ndph\/wp-content\/uploads\/2023\/09\/4102-Vista-Lateral-Aspecto-do-jardim-768x563.jpg 768w, https:\/\/sites.uel.br\/ndph\/wp-content\/uploads\/2023\/09\/4102-Vista-Lateral-Aspecto-do-jardim.jpg 1320w\" sizes=\"auto, (max-width: 352px) 100vw, 352px\" \/><\/figure>\n<\/div>\n\n\n\n<div class=\"wp-block-column is-vertically-aligned-center is-layout-flow wp-block-column-is-layout-flow\">\n<figure class=\"wp-block-image size-full is-resized\"><img loading=\"lazy\" decoding=\"async\" src=\"https:\/\/sites.uel.br\/ndph\/wp-content\/uploads\/2023\/09\/4101-Portico-de-Entrada.jpg\" alt=\"\" class=\"wp-image-1279\" style=\"width:307px;height:301px\" width=\"307\" height=\"301\" srcset=\"https:\/\/sites.uel.br\/ndph\/wp-content\/uploads\/2023\/09\/4101-Portico-de-Entrada.jpg 978w, https:\/\/sites.uel.br\/ndph\/wp-content\/uploads\/2023\/09\/4101-Portico-de-Entrada-300x294.jpg 300w, https:\/\/sites.uel.br\/ndph\/wp-content\/uploads\/2023\/09\/4101-Portico-de-Entrada-768x753.jpg 768w\" sizes=\"auto, (max-width: 307px) 100vw, 307px\" \/><\/figure>\n<\/div>\n<\/div>\n\n\n\n<p><strong>Arquivo Hist\u00f3rico &#8211; CLCH<\/strong><\/p>\n\n\n\n<div class=\"wp-block-columns are-vertically-aligned-center is-layout-flex wp-container-core-columns-is-layout-9d6595d7 wp-block-columns-is-layout-flex\">\n<div class=\"wp-block-column is-vertically-aligned-center is-layout-flow wp-block-column-is-layout-flow\">\n<figure class=\"wp-block-image size-large is-resized\"><img loading=\"lazy\" decoding=\"async\" src=\"https:\/\/sites.uel.br\/ndph\/wp-content\/uploads\/2023\/09\/Arquivo-Historico-1970-2-edited-scaled.jpg\" alt=\"\" class=\"wp-image-1311\" style=\"width:365px;height:243px\" width=\"365\" height=\"243\" srcset=\"https:\/\/sites.uel.br\/ndph\/wp-content\/uploads\/2023\/09\/Arquivo-Historico-1970-2-edited-scaled.jpg 2560w, https:\/\/sites.uel.br\/ndph\/wp-content\/uploads\/2023\/09\/Arquivo-Historico-1970-2-edited-300x200.jpg 300w, https:\/\/sites.uel.br\/ndph\/wp-content\/uploads\/2023\/09\/Arquivo-Historico-1970-2-edited-1024x683.jpg 1024w, https:\/\/sites.uel.br\/ndph\/wp-content\/uploads\/2023\/09\/Arquivo-Historico-1970-2-edited-768x512.jpg 768w, https:\/\/sites.uel.br\/ndph\/wp-content\/uploads\/2023\/09\/Arquivo-Historico-1970-2-edited-1536x1024.jpg 1536w, https:\/\/sites.uel.br\/ndph\/wp-content\/uploads\/2023\/09\/Arquivo-Historico-1970-2-edited-2048x1365.jpg 2048w\" sizes=\"auto, (max-width: 365px) 100vw, 365px\" \/><\/figure>\n<\/div>\n\n\n\n<div class=\"wp-block-column is-vertically-aligned-center is-layout-flow wp-block-column-is-layout-flow\">\n<figure class=\"wp-block-image size-full is-resized\"><img loading=\"lazy\" decoding=\"async\" src=\"https:\/\/sites.uel.br\/ndph\/wp-content\/uploads\/2023\/09\/Arquivo-Historico-1970-1-1.jpg\" alt=\"\" class=\"wp-image-1308\" style=\"width:370px;height:252px\" width=\"370\" height=\"252\" srcset=\"https:\/\/sites.uel.br\/ndph\/wp-content\/uploads\/2023\/09\/Arquivo-Historico-1970-1-1.jpg 764w, https:\/\/sites.uel.br\/ndph\/wp-content\/uploads\/2023\/09\/Arquivo-Historico-1970-1-1-300x204.jpg 300w\" sizes=\"auto, (max-width: 370px) 100vw, 370px\" \/><\/figure>\n<\/div>\n\n\n\n<div class=\"wp-block-column is-layout-flow wp-block-column-is-layout-flow\">\n<figure class=\"wp-block-image size-full is-resized\"><img loading=\"lazy\" decoding=\"async\" src=\"https:\/\/sites.uel.br\/ndph\/wp-content\/uploads\/2023\/09\/002.jpg\" alt=\"\" class=\"wp-image-1310\" style=\"width:378px;height:250px\" width=\"378\" height=\"250\" srcset=\"https:\/\/sites.uel.br\/ndph\/wp-content\/uploads\/2023\/09\/002.jpg 720w, https:\/\/sites.uel.br\/ndph\/wp-content\/uploads\/2023\/09\/002-300x198.jpg 300w\" sizes=\"auto, (max-width: 378px) 100vw, 378px\" \/><\/figure>\n<\/div>\n<\/div>\n\n\n\n<p><strong>Estrutura f\u00edsica &#8211; CDPH\/NDPH<\/strong><\/p>\n\n\n\n<div class=\"wp-block-columns is-layout-flex wp-container-core-columns-is-layout-9d6595d7 wp-block-columns-is-layout-flex\">\n<div class=\"wp-block-column is-layout-flow wp-block-column-is-layout-flow\">\n<figure class=\"wp-block-image size-large is-resized\"><img loading=\"lazy\" decoding=\"async\" src=\"https:\/\/sites.uel.br\/ndph\/wp-content\/uploads\/2022\/08\/3-1-1024x683.jpg\" alt=\"\" class=\"wp-image-1052\" style=\"width:368px;height:245px\" width=\"368\" height=\"245\" srcset=\"https:\/\/sites.uel.br\/ndph\/wp-content\/uploads\/2022\/08\/3-1-1024x683.jpg 1024w, https:\/\/sites.uel.br\/ndph\/wp-content\/uploads\/2022\/08\/3-1-300x200.jpg 300w, https:\/\/sites.uel.br\/ndph\/wp-content\/uploads\/2022\/08\/3-1-768x512.jpg 768w, https:\/\/sites.uel.br\/ndph\/wp-content\/uploads\/2022\/08\/3-1-1536x1024.jpg 1536w, https:\/\/sites.uel.br\/ndph\/wp-content\/uploads\/2022\/08\/3-1-2048x1365.jpg 2048w\" sizes=\"auto, (max-width: 368px) 100vw, 368px\" \/><\/figure>\n<\/div>\n\n\n\n<div class=\"wp-block-column is-layout-flow wp-block-column-is-layout-flow\">\n<figure class=\"wp-block-image size-large is-resized\"><img loading=\"lazy\" decoding=\"async\" src=\"https:\/\/sites.uel.br\/ndph\/wp-content\/uploads\/2022\/08\/IMG_1657-1024x683.jpg\" alt=\"\" class=\"wp-image-1054\" style=\"width:376px;height:251px\" width=\"376\" height=\"251\" srcset=\"https:\/\/sites.uel.br\/ndph\/wp-content\/uploads\/2022\/08\/IMG_1657-1024x683.jpg 1024w, https:\/\/sites.uel.br\/ndph\/wp-content\/uploads\/2022\/08\/IMG_1657-300x200.jpg 300w, https:\/\/sites.uel.br\/ndph\/wp-content\/uploads\/2022\/08\/IMG_1657-768x512.jpg 768w, https:\/\/sites.uel.br\/ndph\/wp-content\/uploads\/2022\/08\/IMG_1657-1536x1024.jpg 1536w, https:\/\/sites.uel.br\/ndph\/wp-content\/uploads\/2022\/08\/IMG_1657-2048x1365.jpg 2048w\" sizes=\"auto, (max-width: 376px) 100vw, 376px\" \/><\/figure>\n<\/div>\n\n\n\n<div class=\"wp-block-column is-layout-flow wp-block-column-is-layout-flow\">\n<figure class=\"wp-block-image size-large is-resized\"><img loading=\"lazy\" decoding=\"async\" src=\"https:\/\/sites.uel.br\/ndph\/wp-content\/uploads\/2022\/08\/IMG_1661-1024x683.jpg\" alt=\"\" class=\"wp-image-1055\" style=\"width:365px;height:243px\" width=\"365\" height=\"243\" srcset=\"https:\/\/sites.uel.br\/ndph\/wp-content\/uploads\/2022\/08\/IMG_1661-1024x683.jpg 1024w, https:\/\/sites.uel.br\/ndph\/wp-content\/uploads\/2022\/08\/IMG_1661-300x200.jpg 300w, https:\/\/sites.uel.br\/ndph\/wp-content\/uploads\/2022\/08\/IMG_1661-768x512.jpg 768w, https:\/\/sites.uel.br\/ndph\/wp-content\/uploads\/2022\/08\/IMG_1661-1536x1024.jpg 1536w, https:\/\/sites.uel.br\/ndph\/wp-content\/uploads\/2022\/08\/IMG_1661-2048x1365.jpg 2048w\" sizes=\"auto, (max-width: 365px) 100vw, 365px\" \/><\/figure>\n<\/div>\n<\/div>\n\n\n\n<div class=\"wp-block-columns is-layout-flex wp-container-core-columns-is-layout-9d6595d7 wp-block-columns-is-layout-flex\">\n<div class=\"wp-block-column is-layout-flow wp-block-column-is-layout-flow\">\n<figure class=\"wp-block-image size-large is-resized\"><img loading=\"lazy\" decoding=\"async\" src=\"https:\/\/sites.uel.br\/ndph\/wp-content\/uploads\/2022\/08\/IMG_1664-1024x683.jpg\" alt=\"\" class=\"wp-image-1056\" style=\"width:359px;height:239px\" width=\"359\" height=\"239\" srcset=\"https:\/\/sites.uel.br\/ndph\/wp-content\/uploads\/2022\/08\/IMG_1664-1024x683.jpg 1024w, https:\/\/sites.uel.br\/ndph\/wp-content\/uploads\/2022\/08\/IMG_1664-300x200.jpg 300w, https:\/\/sites.uel.br\/ndph\/wp-content\/uploads\/2022\/08\/IMG_1664-768x512.jpg 768w, https:\/\/sites.uel.br\/ndph\/wp-content\/uploads\/2022\/08\/IMG_1664-1536x1024.jpg 1536w, https:\/\/sites.uel.br\/ndph\/wp-content\/uploads\/2022\/08\/IMG_1664-2048x1365.jpg 2048w\" sizes=\"auto, (max-width: 359px) 100vw, 359px\" \/><\/figure>\n<\/div>\n\n\n\n<div class=\"wp-block-column is-layout-flow wp-block-column-is-layout-flow\">\n<figure class=\"wp-block-image size-large is-resized\"><img loading=\"lazy\" decoding=\"async\" src=\"https:\/\/sites.uel.br\/ndph\/wp-content\/uploads\/2022\/08\/IMG_1666-1024x683.jpg\" alt=\"\" class=\"wp-image-1057\" style=\"width:360px;height:240px\" width=\"360\" height=\"240\" srcset=\"https:\/\/sites.uel.br\/ndph\/wp-content\/uploads\/2022\/08\/IMG_1666-1024x683.jpg 1024w, https:\/\/sites.uel.br\/ndph\/wp-content\/uploads\/2022\/08\/IMG_1666-300x200.jpg 300w, https:\/\/sites.uel.br\/ndph\/wp-content\/uploads\/2022\/08\/IMG_1666-768x512.jpg 768w, https:\/\/sites.uel.br\/ndph\/wp-content\/uploads\/2022\/08\/IMG_1666-1536x1024.jpg 1536w, https:\/\/sites.uel.br\/ndph\/wp-content\/uploads\/2022\/08\/IMG_1666-2048x1365.jpg 2048w\" sizes=\"auto, (max-width: 360px) 100vw, 360px\" \/><\/figure>\n<\/div>\n\n\n\n<div class=\"wp-block-column is-layout-flow wp-block-column-is-layout-flow\">\n<figure class=\"wp-block-image size-large is-resized\"><img loading=\"lazy\" decoding=\"async\" src=\"https:\/\/sites.uel.br\/ndph\/wp-content\/uploads\/2022\/08\/IMG_1668-1024x683.jpg\" alt=\"\" class=\"wp-image-1058\" style=\"width:366px;height:244px\" width=\"366\" height=\"244\" srcset=\"https:\/\/sites.uel.br\/ndph\/wp-content\/uploads\/2022\/08\/IMG_1668-1024x683.jpg 1024w, https:\/\/sites.uel.br\/ndph\/wp-content\/uploads\/2022\/08\/IMG_1668-300x200.jpg 300w, https:\/\/sites.uel.br\/ndph\/wp-content\/uploads\/2022\/08\/IMG_1668-768x512.jpg 768w, https:\/\/sites.uel.br\/ndph\/wp-content\/uploads\/2022\/08\/IMG_1668-1536x1024.jpg 1536w, https:\/\/sites.uel.br\/ndph\/wp-content\/uploads\/2022\/08\/IMG_1668-2048x1365.jpg 2048w\" sizes=\"auto, (max-width: 366px) 100vw, 366px\" \/><\/figure>\n<\/div>\n<\/div>\n\n\n\n<p><strong>V\u00eddeo<\/strong><\/p>\n\n\n\n<div class=\"wp-block-group\"><div class=\"wp-block-group__inner-container is-layout-constrained wp-block-group-is-layout-constrained\">\n<div class=\"wp-block-columns is-layout-flex wp-container-core-columns-is-layout-9d6595d7 wp-block-columns-is-layout-flex\">\n<div class=\"wp-block-column is-layout-flow wp-block-column-is-layout-flow\">\n<figure class=\"wp-block-embed alignfull is-type-video is-provider-youtube wp-block-embed-youtube wp-embed-aspect-16-9 wp-has-aspect-ratio\"><div class=\"wp-block-embed__wrapper\">\n<iframe loading=\"lazy\" title=\"Viver UEL - NDPH\" width=\"640\" height=\"360\" src=\"https:\/\/www.youtube.com\/embed\/KDMLBfkfvTU?feature=oembed\" frameborder=\"0\" allow=\"accelerometer; autoplay; clipboard-write; encrypted-media; gyroscope; picture-in-picture; web-share\" referrerpolicy=\"strict-origin-when-cross-origin\" allowfullscreen><\/iframe>\n<\/div><\/figure>\n<\/div>\n\n\n\n<div class=\"wp-block-column is-layout-flow wp-block-column-is-layout-flow\">\n<div class=\"wp-block-columns is-layout-flex wp-container-core-columns-is-layout-9d6595d7 wp-block-columns-is-layout-flex\">\n<div class=\"wp-block-column is-layout-flow wp-block-column-is-layout-flow\" style=\"flex-basis:100%\">\n<div class=\"wp-block-group\"><div class=\"wp-block-group__inner-container is-layout-constrained wp-block-group-is-layout-constrained\">\n<div class=\"wp-block-columns is-layout-flex wp-container-core-columns-is-layout-9d6595d7 wp-block-columns-is-layout-flex\">\n<div class=\"wp-block-column is-layout-flow wp-block-column-is-layout-flow\" style=\"flex-basis:100%\">\n<div class=\"wp-block-group alignfull\"><div class=\"wp-block-group__inner-container is-layout-constrained wp-block-group-is-layout-constrained\">\n<figure class=\"wp-block-embed alignfull is-type-video is-provider-youtube wp-block-embed-youtube wp-embed-aspect-4-3 wp-has-aspect-ratio\"><div class=\"wp-block-embed__wrapper\">\n<iframe loading=\"lazy\" title=\"V\u00eddeo de apresenta\u00e7\u00e3o do Centro de Documenta\u00e7\u00e3o e Pesquisa Hist\u00f3rica (CDPH)\" width=\"640\" height=\"480\" src=\"https:\/\/www.youtube.com\/embed\/8-xmFUGE7Fo?feature=oembed\" frameborder=\"0\" allow=\"accelerometer; autoplay; clipboard-write; encrypted-media; gyroscope; picture-in-picture; web-share\" referrerpolicy=\"strict-origin-when-cross-origin\" allowfullscreen><\/iframe>\n<\/div><\/figure>\n<\/div><\/div>\n<\/div>\n<\/div>\n<\/div><\/div>\n<\/div>\n<\/div>\n<\/div>\n<\/div>\n<\/div><\/div>\n","protected":false},"excerpt":{"rendered":"<p>Nos anos sessenta do s\u00e9culo XX, a partir da iniciativa de um grupo de professores da antiga Faculdade de Filosofia, Ci\u00eancias e Letras de Londrina, foi promovida uma campanha de coleta de material &#8211; documentos e pe\u00e7as -, visando a funda\u00e7\u00e3o do futuro Museu e Arquivo Hist\u00f3rico.&nbsp;Em 1973, o ent\u00e3o chamado Arquivo Hist\u00f3rico foi transferido [&hellip;]<\/p>\n","protected":false},"author":7,"featured_media":0,"parent":0,"menu_order":0,"comment_status":"closed","ping_status":"closed","template":"","meta":{"footnotes":""},"class_list":["post-16","page","type-page","status-publish","hentry"],"acf":[],"_links":{"self":[{"href":"https:\/\/sites.uel.br\/ndph\/wp-json\/wp\/v2\/pages\/16","targetHints":{"allow":["GET"]}}],"collection":[{"href":"https:\/\/sites.uel.br\/ndph\/wp-json\/wp\/v2\/pages"}],"about":[{"href":"https:\/\/sites.uel.br\/ndph\/wp-json\/wp\/v2\/types\/page"}],"author":[{"embeddable":true,"href":"https:\/\/sites.uel.br\/ndph\/wp-json\/wp\/v2\/users\/7"}],"replies":[{"embeddable":true,"href":"https:\/\/sites.uel.br\/ndph\/wp-json\/wp\/v2\/comments?post=16"}],"version-history":[{"count":22,"href":"https:\/\/sites.uel.br\/ndph\/wp-json\/wp\/v2\/pages\/16\/revisions"}],"predecessor-version":[{"id":1398,"href":"https:\/\/sites.uel.br\/ndph\/wp-json\/wp\/v2\/pages\/16\/revisions\/1398"}],"wp:attachment":[{"href":"https:\/\/sites.uel.br\/ndph\/wp-json\/wp\/v2\/media?parent=16"}],"curies":[{"name":"wp","href":"https:\/\/api.w.org\/{rel}","templated":true}]}}