{"id":11,"date":"2023-05-25T14:44:30","date_gmt":"2023-05-25T17:44:30","guid":{"rendered":"https:\/\/sites.uel.br\/museu\/posts\/"},"modified":"2024-09-02T10:58:52","modified_gmt":"2024-09-02T13:58:52","slug":"exposicoes-temporarias","status":"publish","type":"page","link":"https:\/\/sites.uel.br\/museu\/exposicoes-temporarias\/","title":{"rendered":""},"content":{"rendered":"\n<h2 class=\"wp-block-heading\">Entalhes do Brasil: express\u00f5es art\u00edsticas em gravura &#8211; 03 de maio de 2024 a 08 de setembro de 2024<\/h2>\n\n\n\n<p class=\"has-text-align-center has-small-font-size\"><em>Fotos por Amauri Ramos da Silva<\/em><\/p>\n\n\n\n<figure class=\"wp-block-gallery has-nested-images columns-default is-cropped wp-block-gallery-1 is-layout-flex wp-block-gallery-is-layout-flex\">\n<figure class=\"wp-block-image size-large\"><img loading=\"lazy\" decoding=\"async\" width=\"1024\" height=\"414\" data-id=\"1133\" src=\"https:\/\/sites.uel.br\/museu\/wp-content\/uploads\/2024\/05\/WhatsApp-Image-2024-05-10-at-11.11.10-1-1024x414.jpeg\" alt=\"\" class=\"wp-image-1133\" srcset=\"https:\/\/sites.uel.br\/museu\/wp-content\/uploads\/2024\/05\/WhatsApp-Image-2024-05-10-at-11.11.10-1-1024x414.jpeg 1024w, https:\/\/sites.uel.br\/museu\/wp-content\/uploads\/2024\/05\/WhatsApp-Image-2024-05-10-at-11.11.10-1-300x121.jpeg 300w, https:\/\/sites.uel.br\/museu\/wp-content\/uploads\/2024\/05\/WhatsApp-Image-2024-05-10-at-11.11.10-1-768x310.jpeg 768w, https:\/\/sites.uel.br\/museu\/wp-content\/uploads\/2024\/05\/WhatsApp-Image-2024-05-10-at-11.11.10-1.jpeg 1280w\" sizes=\"auto, (max-width: 1024px) 100vw, 1024px\" \/><\/figure>\n\n\n\n<figure class=\"wp-block-image size-large\"><img loading=\"lazy\" decoding=\"async\" width=\"1024\" height=\"409\" data-id=\"1134\" src=\"https:\/\/sites.uel.br\/museu\/wp-content\/uploads\/2024\/05\/WhatsApp-Image-2024-05-10-at-11.11.13-1-1-1024x409.jpeg\" alt=\"\" class=\"wp-image-1134\" srcset=\"https:\/\/sites.uel.br\/museu\/wp-content\/uploads\/2024\/05\/WhatsApp-Image-2024-05-10-at-11.11.13-1-1-1024x409.jpeg 1024w, https:\/\/sites.uel.br\/museu\/wp-content\/uploads\/2024\/05\/WhatsApp-Image-2024-05-10-at-11.11.13-1-1-300x120.jpeg 300w, https:\/\/sites.uel.br\/museu\/wp-content\/uploads\/2024\/05\/WhatsApp-Image-2024-05-10-at-11.11.13-1-1-768x307.jpeg 768w, https:\/\/sites.uel.br\/museu\/wp-content\/uploads\/2024\/05\/WhatsApp-Image-2024-05-10-at-11.11.13-1-1.jpeg 1280w\" sizes=\"auto, (max-width: 1024px) 100vw, 1024px\" \/><\/figure>\n\n\n\n<figure class=\"wp-block-image size-large\"><img loading=\"lazy\" decoding=\"async\" width=\"1024\" height=\"494\" data-id=\"1137\" src=\"https:\/\/sites.uel.br\/museu\/wp-content\/uploads\/2024\/05\/WhatsApp-Image-2024-05-10-at-11.11.13-2-1024x494.jpeg\" alt=\"\" class=\"wp-image-1137\" srcset=\"https:\/\/sites.uel.br\/museu\/wp-content\/uploads\/2024\/05\/WhatsApp-Image-2024-05-10-at-11.11.13-2-1024x494.jpeg 1024w, https:\/\/sites.uel.br\/museu\/wp-content\/uploads\/2024\/05\/WhatsApp-Image-2024-05-10-at-11.11.13-2-300x145.jpeg 300w, https:\/\/sites.uel.br\/museu\/wp-content\/uploads\/2024\/05\/WhatsApp-Image-2024-05-10-at-11.11.13-2-768x370.jpeg 768w, https:\/\/sites.uel.br\/museu\/wp-content\/uploads\/2024\/05\/WhatsApp-Image-2024-05-10-at-11.11.13-2.jpeg 1280w\" sizes=\"auto, (max-width: 1024px) 100vw, 1024px\" \/><\/figure>\n\n\n\n<figure class=\"wp-block-image size-large\"><img loading=\"lazy\" decoding=\"async\" width=\"1024\" height=\"520\" data-id=\"1139\" src=\"https:\/\/sites.uel.br\/museu\/wp-content\/uploads\/2024\/05\/WhatsApp-Image-2024-05-10-at-11.11.13-3-1-1024x520.jpeg\" alt=\"\" class=\"wp-image-1139\" srcset=\"https:\/\/sites.uel.br\/museu\/wp-content\/uploads\/2024\/05\/WhatsApp-Image-2024-05-10-at-11.11.13-3-1-1024x520.jpeg 1024w, https:\/\/sites.uel.br\/museu\/wp-content\/uploads\/2024\/05\/WhatsApp-Image-2024-05-10-at-11.11.13-3-1-300x152.jpeg 300w, https:\/\/sites.uel.br\/museu\/wp-content\/uploads\/2024\/05\/WhatsApp-Image-2024-05-10-at-11.11.13-3-1-768x390.jpeg 768w, https:\/\/sites.uel.br\/museu\/wp-content\/uploads\/2024\/05\/WhatsApp-Image-2024-05-10-at-11.11.13-3-1.jpeg 1134w\" sizes=\"auto, (max-width: 1024px) 100vw, 1024px\" \/><\/figure>\n\n\n\n<figure class=\"wp-block-image size-large\"><img loading=\"lazy\" decoding=\"async\" width=\"1024\" height=\"420\" data-id=\"1135\" src=\"https:\/\/sites.uel.br\/museu\/wp-content\/uploads\/2024\/05\/WhatsApp-Image-2024-05-10-at-11.11.14-1-1024x420.jpeg\" alt=\"\" class=\"wp-image-1135\" srcset=\"https:\/\/sites.uel.br\/museu\/wp-content\/uploads\/2024\/05\/WhatsApp-Image-2024-05-10-at-11.11.14-1-1024x420.jpeg 1024w, https:\/\/sites.uel.br\/museu\/wp-content\/uploads\/2024\/05\/WhatsApp-Image-2024-05-10-at-11.11.14-1-300x123.jpeg 300w, https:\/\/sites.uel.br\/museu\/wp-content\/uploads\/2024\/05\/WhatsApp-Image-2024-05-10-at-11.11.14-1-768x315.jpeg 768w, https:\/\/sites.uel.br\/museu\/wp-content\/uploads\/2024\/05\/WhatsApp-Image-2024-05-10-at-11.11.14-1.jpeg 1280w\" sizes=\"auto, (max-width: 1024px) 100vw, 1024px\" \/><\/figure>\n\n\n\n<figure class=\"wp-block-image size-large\"><img loading=\"lazy\" decoding=\"async\" width=\"1024\" height=\"414\" data-id=\"1136\" src=\"https:\/\/sites.uel.br\/museu\/wp-content\/uploads\/2024\/05\/WhatsApp-Image-2024-05-10-at-11.11.14-2-1-1024x414.jpeg\" alt=\"\" class=\"wp-image-1136\" srcset=\"https:\/\/sites.uel.br\/museu\/wp-content\/uploads\/2024\/05\/WhatsApp-Image-2024-05-10-at-11.11.14-2-1-1024x414.jpeg 1024w, https:\/\/sites.uel.br\/museu\/wp-content\/uploads\/2024\/05\/WhatsApp-Image-2024-05-10-at-11.11.14-2-1-300x121.jpeg 300w, https:\/\/sites.uel.br\/museu\/wp-content\/uploads\/2024\/05\/WhatsApp-Image-2024-05-10-at-11.11.14-2-1-768x310.jpeg 768w, https:\/\/sites.uel.br\/museu\/wp-content\/uploads\/2024\/05\/WhatsApp-Image-2024-05-10-at-11.11.14-2-1.jpeg 1280w\" sizes=\"auto, (max-width: 1024px) 100vw, 1024px\" \/><\/figure>\n\n\n\n<figure class=\"wp-block-image size-large\"><img loading=\"lazy\" decoding=\"async\" width=\"1024\" height=\"408\" data-id=\"1138\" src=\"https:\/\/sites.uel.br\/museu\/wp-content\/uploads\/2024\/05\/WhatsApp-Image-2024-05-10-at-11.11.14-4-1-1024x408.jpeg\" alt=\"\" class=\"wp-image-1138\" srcset=\"https:\/\/sites.uel.br\/museu\/wp-content\/uploads\/2024\/05\/WhatsApp-Image-2024-05-10-at-11.11.14-4-1-1024x408.jpeg 1024w, https:\/\/sites.uel.br\/museu\/wp-content\/uploads\/2024\/05\/WhatsApp-Image-2024-05-10-at-11.11.14-4-1-300x120.jpeg 300w, https:\/\/sites.uel.br\/museu\/wp-content\/uploads\/2024\/05\/WhatsApp-Image-2024-05-10-at-11.11.14-4-1-768x306.jpeg 768w, https:\/\/sites.uel.br\/museu\/wp-content\/uploads\/2024\/05\/WhatsApp-Image-2024-05-10-at-11.11.14-4-1.jpeg 1280w\" sizes=\"auto, (max-width: 1024px) 100vw, 1024px\" \/><\/figure>\n\n\n\n<figure class=\"wp-block-image size-large\"><img loading=\"lazy\" decoding=\"async\" width=\"1024\" height=\"527\" data-id=\"1140\" src=\"https:\/\/sites.uel.br\/museu\/wp-content\/uploads\/2024\/05\/WhatsApp-Image-2024-05-10-at-11.11.14-3-1024x527.jpeg\" alt=\"\" class=\"wp-image-1140\" srcset=\"https:\/\/sites.uel.br\/museu\/wp-content\/uploads\/2024\/05\/WhatsApp-Image-2024-05-10-at-11.11.14-3-1024x527.jpeg 1024w, https:\/\/sites.uel.br\/museu\/wp-content\/uploads\/2024\/05\/WhatsApp-Image-2024-05-10-at-11.11.14-3-300x154.jpeg 300w, https:\/\/sites.uel.br\/museu\/wp-content\/uploads\/2024\/05\/WhatsApp-Image-2024-05-10-at-11.11.14-3-768x395.jpeg 768w, https:\/\/sites.uel.br\/museu\/wp-content\/uploads\/2024\/05\/WhatsApp-Image-2024-05-10-at-11.11.14-3.jpeg 1119w\" sizes=\"auto, (max-width: 1024px) 100vw, 1024px\" \/><\/figure>\n<\/figure>\n\n\n\n<figure class=\"wp-block-embed is-type-video is-provider-youtube wp-block-embed-youtube wp-embed-aspect-16-9 wp-has-aspect-ratio\"><div class=\"wp-block-embed__wrapper\">\n<iframe loading=\"lazy\" title=\"Exposi\u00e7\u00e3o &#039;Entalhes do Brasil: express\u00f5es art\u00edsticas em gravura&quot;\" width=\"500\" height=\"281\" src=\"https:\/\/www.youtube.com\/embed\/sqvcCf1q5Ng?feature=oembed\" frameborder=\"0\" allow=\"accelerometer; autoplay; clipboard-write; encrypted-media; gyroscope; picture-in-picture; web-share\" referrerpolicy=\"strict-origin-when-cross-origin\" allowfullscreen><\/iframe>\n<\/div><\/figure>\n\n\n\n<h2 class=\"wp-block-heading\">XXVI Sal\u00e3o Nacional de Arte Fotogr\u00e1fica &#8211; 02 de dezembro de 2023 a 28 de abril de 2024<\/h2>\n\n\n\n<p class=\"has-text-align-center has-small-font-size\"><em>Fotos por Amauri Ramos da Silva<\/em><\/p>\n\n\n\n<figure class=\"wp-block-gallery has-nested-images columns-default is-cropped wp-block-gallery-2 is-layout-flex wp-block-gallery-is-layout-flex\">\n<figure class=\"wp-block-image size-large\"><img loading=\"lazy\" decoding=\"async\" width=\"1024\" height=\"461\" data-id=\"908\" src=\"https:\/\/sites.uel.br\/museu\/wp-content\/uploads\/2023\/12\/WhatsApp-Image-2023-12-01-at-10.53.37-1024x461.jpeg\" alt=\"\" class=\"wp-image-908\" srcset=\"https:\/\/sites.uel.br\/museu\/wp-content\/uploads\/2023\/12\/WhatsApp-Image-2023-12-01-at-10.53.37-1024x461.jpeg 1024w, https:\/\/sites.uel.br\/museu\/wp-content\/uploads\/2023\/12\/WhatsApp-Image-2023-12-01-at-10.53.37-300x135.jpeg 300w, https:\/\/sites.uel.br\/museu\/wp-content\/uploads\/2023\/12\/WhatsApp-Image-2023-12-01-at-10.53.37-768x346.jpeg 768w, https:\/\/sites.uel.br\/museu\/wp-content\/uploads\/2023\/12\/WhatsApp-Image-2023-12-01-at-10.53.37.jpeg 1120w\" sizes=\"auto, (max-width: 1024px) 100vw, 1024px\" \/><\/figure>\n\n\n\n<figure class=\"wp-block-image size-large\"><img loading=\"lazy\" decoding=\"async\" width=\"1024\" height=\"461\" data-id=\"924\" src=\"https:\/\/sites.uel.br\/museu\/wp-content\/uploads\/2023\/12\/WhatsApp-Image-2023-12-01-at-10.53.40-2-1024x461.jpeg\" alt=\"\" class=\"wp-image-924\" srcset=\"https:\/\/sites.uel.br\/museu\/wp-content\/uploads\/2023\/12\/WhatsApp-Image-2023-12-01-at-10.53.40-2-1024x461.jpeg 1024w, https:\/\/sites.uel.br\/museu\/wp-content\/uploads\/2023\/12\/WhatsApp-Image-2023-12-01-at-10.53.40-2-300x135.jpeg 300w, https:\/\/sites.uel.br\/museu\/wp-content\/uploads\/2023\/12\/WhatsApp-Image-2023-12-01-at-10.53.40-2-768x346.jpeg 768w, https:\/\/sites.uel.br\/museu\/wp-content\/uploads\/2023\/12\/WhatsApp-Image-2023-12-01-at-10.53.40-2.jpeg 1120w\" sizes=\"auto, (max-width: 1024px) 100vw, 1024px\" \/><\/figure>\n\n\n\n<figure class=\"wp-block-image size-large\"><img loading=\"lazy\" decoding=\"async\" width=\"1024\" height=\"461\" data-id=\"923\" src=\"https:\/\/sites.uel.br\/museu\/wp-content\/uploads\/2023\/12\/WhatsApp-Image-2023-12-01-at-10.54.45-2-1024x461.jpeg\" alt=\"\" class=\"wp-image-923\" srcset=\"https:\/\/sites.uel.br\/museu\/wp-content\/uploads\/2023\/12\/WhatsApp-Image-2023-12-01-at-10.54.45-2-1024x461.jpeg 1024w, https:\/\/sites.uel.br\/museu\/wp-content\/uploads\/2023\/12\/WhatsApp-Image-2023-12-01-at-10.54.45-2-300x135.jpeg 300w, https:\/\/sites.uel.br\/museu\/wp-content\/uploads\/2023\/12\/WhatsApp-Image-2023-12-01-at-10.54.45-2-768x346.jpeg 768w, https:\/\/sites.uel.br\/museu\/wp-content\/uploads\/2023\/12\/WhatsApp-Image-2023-12-01-at-10.54.45-2.jpeg 1120w\" sizes=\"auto, (max-width: 1024px) 100vw, 1024px\" \/><\/figure>\n\n\n\n<figure class=\"wp-block-image size-large\"><img loading=\"lazy\" decoding=\"async\" width=\"1024\" height=\"461\" data-id=\"912\" src=\"https:\/\/sites.uel.br\/museu\/wp-content\/uploads\/2023\/12\/WhatsApp-Image-2023-12-01-at-10.53.39-1024x461.jpeg\" alt=\"\" class=\"wp-image-912\" srcset=\"https:\/\/sites.uel.br\/museu\/wp-content\/uploads\/2023\/12\/WhatsApp-Image-2023-12-01-at-10.53.39-1024x461.jpeg 1024w, https:\/\/sites.uel.br\/museu\/wp-content\/uploads\/2023\/12\/WhatsApp-Image-2023-12-01-at-10.53.39-300x135.jpeg 300w, https:\/\/sites.uel.br\/museu\/wp-content\/uploads\/2023\/12\/WhatsApp-Image-2023-12-01-at-10.53.39-768x346.jpeg 768w, https:\/\/sites.uel.br\/museu\/wp-content\/uploads\/2023\/12\/WhatsApp-Image-2023-12-01-at-10.53.39.jpeg 1120w\" sizes=\"auto, (max-width: 1024px) 100vw, 1024px\" \/><\/figure>\n\n\n\n<figure class=\"wp-block-image size-large\"><img loading=\"lazy\" decoding=\"async\" width=\"1024\" height=\"461\" data-id=\"914\" src=\"https:\/\/sites.uel.br\/museu\/wp-content\/uploads\/2023\/12\/WhatsApp-Image-2023-12-01-at-10.54.47-1024x461.jpeg\" alt=\"\" class=\"wp-image-914\" srcset=\"https:\/\/sites.uel.br\/museu\/wp-content\/uploads\/2023\/12\/WhatsApp-Image-2023-12-01-at-10.54.47-1024x461.jpeg 1024w, https:\/\/sites.uel.br\/museu\/wp-content\/uploads\/2023\/12\/WhatsApp-Image-2023-12-01-at-10.54.47-300x135.jpeg 300w, https:\/\/sites.uel.br\/museu\/wp-content\/uploads\/2023\/12\/WhatsApp-Image-2023-12-01-at-10.54.47-768x346.jpeg 768w, https:\/\/sites.uel.br\/museu\/wp-content\/uploads\/2023\/12\/WhatsApp-Image-2023-12-01-at-10.54.47.jpeg 1120w\" sizes=\"auto, (max-width: 1024px) 100vw, 1024px\" \/><\/figure>\n\n\n\n<figure class=\"wp-block-image size-large\"><img loading=\"lazy\" decoding=\"async\" width=\"1024\" height=\"461\" data-id=\"917\" src=\"https:\/\/sites.uel.br\/museu\/wp-content\/uploads\/2023\/12\/WhatsApp-Image-2023-12-01-at-10.54.49-1024x461.jpeg\" alt=\"\" class=\"wp-image-917\" srcset=\"https:\/\/sites.uel.br\/museu\/wp-content\/uploads\/2023\/12\/WhatsApp-Image-2023-12-01-at-10.54.49-1024x461.jpeg 1024w, https:\/\/sites.uel.br\/museu\/wp-content\/uploads\/2023\/12\/WhatsApp-Image-2023-12-01-at-10.54.49-300x135.jpeg 300w, https:\/\/sites.uel.br\/museu\/wp-content\/uploads\/2023\/12\/WhatsApp-Image-2023-12-01-at-10.54.49-768x346.jpeg 768w, https:\/\/sites.uel.br\/museu\/wp-content\/uploads\/2023\/12\/WhatsApp-Image-2023-12-01-at-10.54.49.jpeg 1120w\" sizes=\"auto, (max-width: 1024px) 100vw, 1024px\" \/><\/figure>\n\n\n\n<figure class=\"wp-block-image size-large\"><img loading=\"lazy\" decoding=\"async\" width=\"1024\" height=\"461\" data-id=\"918\" src=\"https:\/\/sites.uel.br\/museu\/wp-content\/uploads\/2023\/12\/WhatsApp-Image-2023-12-01-at-10.55.57-1024x461.jpeg\" alt=\"\" class=\"wp-image-918\" srcset=\"https:\/\/sites.uel.br\/museu\/wp-content\/uploads\/2023\/12\/WhatsApp-Image-2023-12-01-at-10.55.57-1024x461.jpeg 1024w, https:\/\/sites.uel.br\/museu\/wp-content\/uploads\/2023\/12\/WhatsApp-Image-2023-12-01-at-10.55.57-300x135.jpeg 300w, https:\/\/sites.uel.br\/museu\/wp-content\/uploads\/2023\/12\/WhatsApp-Image-2023-12-01-at-10.55.57-768x346.jpeg 768w, https:\/\/sites.uel.br\/museu\/wp-content\/uploads\/2023\/12\/WhatsApp-Image-2023-12-01-at-10.55.57.jpeg 1120w\" sizes=\"auto, (max-width: 1024px) 100vw, 1024px\" \/><\/figure>\n<\/figure>\n\n\n\n<h2 class=\"wp-block-heading\">Londrina e o Choro no fio da agulha &#8211; 18 de outubro de 2023 a 26 de novembro de 2023<\/h2>\n\n\n\n<p class=\"has-text-align-center has-small-font-size\"><em>Fotos por Amauri Ramos da Silva<\/em><\/p>\n\n\n\n<figure class=\"wp-block-gallery has-nested-images columns-default is-cropped wp-block-gallery-3 is-layout-flex wp-block-gallery-is-layout-flex\">\n<figure class=\"wp-block-image size-large\"><img loading=\"lazy\" decoding=\"async\" width=\"831\" height=\"1024\" data-id=\"875\" src=\"https:\/\/sites.uel.br\/museu\/wp-content\/uploads\/2023\/10\/IMG_20231017_134845-1-831x1024.jpg\" alt=\"\" class=\"wp-image-875\" srcset=\"https:\/\/sites.uel.br\/museu\/wp-content\/uploads\/2023\/10\/IMG_20231017_134845-1-831x1024.jpg 831w, https:\/\/sites.uel.br\/museu\/wp-content\/uploads\/2023\/10\/IMG_20231017_134845-1-243x300.jpg 243w, https:\/\/sites.uel.br\/museu\/wp-content\/uploads\/2023\/10\/IMG_20231017_134845-1-768x947.jpg 768w, https:\/\/sites.uel.br\/museu\/wp-content\/uploads\/2023\/10\/IMG_20231017_134845-1-1246x1536.jpg 1246w, https:\/\/sites.uel.br\/museu\/wp-content\/uploads\/2023\/10\/IMG_20231017_134845-1.jpg 1389w\" sizes=\"auto, (max-width: 831px) 100vw, 831px\" \/><\/figure>\n\n\n\n<figure class=\"wp-block-image size-large\"><img loading=\"lazy\" decoding=\"async\" width=\"1024\" height=\"691\" data-id=\"873\" src=\"https:\/\/sites.uel.br\/museu\/wp-content\/uploads\/2023\/10\/IMG_20231017_135040-1024x691.jpg\" alt=\"\" class=\"wp-image-873\" srcset=\"https:\/\/sites.uel.br\/museu\/wp-content\/uploads\/2023\/10\/IMG_20231017_135040-1024x691.jpg 1024w, https:\/\/sites.uel.br\/museu\/wp-content\/uploads\/2023\/10\/IMG_20231017_135040-300x202.jpg 300w, https:\/\/sites.uel.br\/museu\/wp-content\/uploads\/2023\/10\/IMG_20231017_135040-768x518.jpg 768w, https:\/\/sites.uel.br\/museu\/wp-content\/uploads\/2023\/10\/IMG_20231017_135040-1536x1036.jpg 1536w, https:\/\/sites.uel.br\/museu\/wp-content\/uploads\/2023\/10\/IMG_20231017_135040.jpg 1850w\" sizes=\"auto, (max-width: 1024px) 100vw, 1024px\" \/><\/figure>\n\n\n\n<figure class=\"wp-block-image size-large\"><img loading=\"lazy\" decoding=\"async\" width=\"1024\" height=\"692\" data-id=\"877\" src=\"https:\/\/sites.uel.br\/museu\/wp-content\/uploads\/2023\/10\/IMG_20231017_135146-1024x692.jpg\" alt=\"\" class=\"wp-image-877\" srcset=\"https:\/\/sites.uel.br\/museu\/wp-content\/uploads\/2023\/10\/IMG_20231017_135146-1024x692.jpg 1024w, https:\/\/sites.uel.br\/museu\/wp-content\/uploads\/2023\/10\/IMG_20231017_135146-300x203.jpg 300w, https:\/\/sites.uel.br\/museu\/wp-content\/uploads\/2023\/10\/IMG_20231017_135146-768x519.jpg 768w, https:\/\/sites.uel.br\/museu\/wp-content\/uploads\/2023\/10\/IMG_20231017_135146-1536x1038.jpg 1536w, https:\/\/sites.uel.br\/museu\/wp-content\/uploads\/2023\/10\/IMG_20231017_135146.jpg 1850w\" sizes=\"auto, (max-width: 1024px) 100vw, 1024px\" \/><\/figure>\n\n\n\n<figure class=\"wp-block-image size-large\"><img loading=\"lazy\" decoding=\"async\" width=\"840\" height=\"1024\" data-id=\"876\" src=\"https:\/\/sites.uel.br\/museu\/wp-content\/uploads\/2023\/10\/IMG_20231017_142325-840x1024.jpg\" alt=\"\" class=\"wp-image-876\" srcset=\"https:\/\/sites.uel.br\/museu\/wp-content\/uploads\/2023\/10\/IMG_20231017_142325-840x1024.jpg 840w, https:\/\/sites.uel.br\/museu\/wp-content\/uploads\/2023\/10\/IMG_20231017_142325-246x300.jpg 246w, https:\/\/sites.uel.br\/museu\/wp-content\/uploads\/2023\/10\/IMG_20231017_142325-768x937.jpg 768w, https:\/\/sites.uel.br\/museu\/wp-content\/uploads\/2023\/10\/IMG_20231017_142325-1259x1536.jpg 1259w, https:\/\/sites.uel.br\/museu\/wp-content\/uploads\/2023\/10\/IMG_20231017_142325.jpg 1389w\" sizes=\"auto, (max-width: 840px) 100vw, 840px\" \/><\/figure>\n\n\n\n<figure class=\"wp-block-image size-large\"><img loading=\"lazy\" decoding=\"async\" width=\"1024\" height=\"694\" data-id=\"874\" src=\"https:\/\/sites.uel.br\/museu\/wp-content\/uploads\/2023\/10\/IMG_20231017_142407-1024x694.jpg\" alt=\"\" class=\"wp-image-874\" srcset=\"https:\/\/sites.uel.br\/museu\/wp-content\/uploads\/2023\/10\/IMG_20231017_142407-1024x694.jpg 1024w, https:\/\/sites.uel.br\/museu\/wp-content\/uploads\/2023\/10\/IMG_20231017_142407-300x203.jpg 300w, https:\/\/sites.uel.br\/museu\/wp-content\/uploads\/2023\/10\/IMG_20231017_142407-768x521.jpg 768w, https:\/\/sites.uel.br\/museu\/wp-content\/uploads\/2023\/10\/IMG_20231017_142407-1536x1041.jpg 1536w, https:\/\/sites.uel.br\/museu\/wp-content\/uploads\/2023\/10\/IMG_20231017_142407.jpg 1850w\" sizes=\"auto, (max-width: 1024px) 100vw, 1024px\" \/><\/figure>\n\n\n\n<figure class=\"wp-block-image size-large\"><img loading=\"lazy\" decoding=\"async\" width=\"1024\" height=\"692\" data-id=\"879\" src=\"https:\/\/sites.uel.br\/museu\/wp-content\/uploads\/2023\/10\/IMG_20231017_142553-1024x692.jpg\" alt=\"\" class=\"wp-image-879\" srcset=\"https:\/\/sites.uel.br\/museu\/wp-content\/uploads\/2023\/10\/IMG_20231017_142553-1024x692.jpg 1024w, https:\/\/sites.uel.br\/museu\/wp-content\/uploads\/2023\/10\/IMG_20231017_142553-300x203.jpg 300w, https:\/\/sites.uel.br\/museu\/wp-content\/uploads\/2023\/10\/IMG_20231017_142553-768x519.jpg 768w, https:\/\/sites.uel.br\/museu\/wp-content\/uploads\/2023\/10\/IMG_20231017_142553-1536x1039.jpg 1536w, https:\/\/sites.uel.br\/museu\/wp-content\/uploads\/2023\/10\/IMG_20231017_142553.jpg 1850w\" sizes=\"auto, (max-width: 1024px) 100vw, 1024px\" \/><\/figure>\n\n\n\n<figure class=\"wp-block-image size-large\"><img loading=\"lazy\" decoding=\"async\" width=\"1024\" height=\"691\" data-id=\"878\" src=\"https:\/\/sites.uel.br\/museu\/wp-content\/uploads\/2023\/10\/IMG_20231017_142709-1-1024x691.jpg\" alt=\"\" class=\"wp-image-878\" srcset=\"https:\/\/sites.uel.br\/museu\/wp-content\/uploads\/2023\/10\/IMG_20231017_142709-1-1024x691.jpg 1024w, https:\/\/sites.uel.br\/museu\/wp-content\/uploads\/2023\/10\/IMG_20231017_142709-1-300x202.jpg 300w, https:\/\/sites.uel.br\/museu\/wp-content\/uploads\/2023\/10\/IMG_20231017_142709-1-768x518.jpg 768w, https:\/\/sites.uel.br\/museu\/wp-content\/uploads\/2023\/10\/IMG_20231017_142709-1-1536x1036.jpg 1536w, https:\/\/sites.uel.br\/museu\/wp-content\/uploads\/2023\/10\/IMG_20231017_142709-1.jpg 1850w\" sizes=\"auto, (max-width: 1024px) 100vw, 1024px\" \/><\/figure>\n\n\n\n<figure class=\"wp-block-image size-large\"><img loading=\"lazy\" decoding=\"async\" width=\"896\" height=\"365\" data-id=\"880\" src=\"https:\/\/sites.uel.br\/museu\/wp-content\/uploads\/2023\/10\/IMG_20231017_151819-1.jpg\" alt=\"\" class=\"wp-image-880\" srcset=\"https:\/\/sites.uel.br\/museu\/wp-content\/uploads\/2023\/10\/IMG_20231017_151819-1.jpg 896w, https:\/\/sites.uel.br\/museu\/wp-content\/uploads\/2023\/10\/IMG_20231017_151819-1-300x122.jpg 300w, https:\/\/sites.uel.br\/museu\/wp-content\/uploads\/2023\/10\/IMG_20231017_151819-1-768x313.jpg 768w\" sizes=\"auto, (max-width: 896px) 100vw, 896px\" \/><\/figure>\n<\/figure>\n\n\n\n<h2 class=\"wp-block-heading\">Exposi\u00e7\u00e3o &#8220;Dignidade&#8221; e &#8220;Brazilian way of life&#8221; &#8211; 28 de julho de 2023 a 24 de setembro de 2023<\/h2>\n\n\n\n<p class=\"has-text-align-center has-small-font-size\"><em>Fotos por Amauri Ramos da Silva<\/em> &#8211; Fot\u00f3grafos Mario Weiss e Marcelo Weiss &#8211; Acervo tridimensional Museu Hist\u00f3rico de Londrina<\/p>\n\n\n\n<figure class=\"wp-block-gallery has-nested-images columns-default is-cropped wp-block-gallery-4 is-layout-flex wp-block-gallery-is-layout-flex\">\n<figure class=\"wp-block-image size-large\"><img loading=\"lazy\" decoding=\"async\" width=\"1024\" height=\"271\" data-id=\"816\" src=\"https:\/\/sites.uel.br\/museu\/wp-content\/uploads\/2023\/08\/WhatsApp-Image-2023-08-01-at-09.21.03-1-1024x271.jpeg\" alt=\"\" class=\"wp-image-816\" srcset=\"https:\/\/sites.uel.br\/museu\/wp-content\/uploads\/2023\/08\/WhatsApp-Image-2023-08-01-at-09.21.03-1-1024x271.jpeg 1024w, https:\/\/sites.uel.br\/museu\/wp-content\/uploads\/2023\/08\/WhatsApp-Image-2023-08-01-at-09.21.03-1-300x80.jpeg 300w, https:\/\/sites.uel.br\/museu\/wp-content\/uploads\/2023\/08\/WhatsApp-Image-2023-08-01-at-09.21.03-1-768x204.jpeg 768w, https:\/\/sites.uel.br\/museu\/wp-content\/uploads\/2023\/08\/WhatsApp-Image-2023-08-01-at-09.21.03-1-1536x407.jpeg 1536w, https:\/\/sites.uel.br\/museu\/wp-content\/uploads\/2023\/08\/WhatsApp-Image-2023-08-01-at-09.21.03-1.jpeg 1600w\" sizes=\"auto, (max-width: 1024px) 100vw, 1024px\" \/><\/figure>\n\n\n\n<figure class=\"wp-block-image size-large\"><img loading=\"lazy\" decoding=\"async\" width=\"1024\" height=\"461\" data-id=\"820\" src=\"https:\/\/sites.uel.br\/museu\/wp-content\/uploads\/2023\/08\/WhatsApp-Image-2023-08-01-at-09.21.03-2-1024x461.jpeg\" alt=\"\" class=\"wp-image-820\" srcset=\"https:\/\/sites.uel.br\/museu\/wp-content\/uploads\/2023\/08\/WhatsApp-Image-2023-08-01-at-09.21.03-2-1024x461.jpeg 1024w, https:\/\/sites.uel.br\/museu\/wp-content\/uploads\/2023\/08\/WhatsApp-Image-2023-08-01-at-09.21.03-2-300x135.jpeg 300w, https:\/\/sites.uel.br\/museu\/wp-content\/uploads\/2023\/08\/WhatsApp-Image-2023-08-01-at-09.21.03-2-768x346.jpeg 768w, https:\/\/sites.uel.br\/museu\/wp-content\/uploads\/2023\/08\/WhatsApp-Image-2023-08-01-at-09.21.03-2-1536x691.jpeg 1536w, https:\/\/sites.uel.br\/museu\/wp-content\/uploads\/2023\/08\/WhatsApp-Image-2023-08-01-at-09.21.03-2.jpeg 1600w\" sizes=\"auto, (max-width: 1024px) 100vw, 1024px\" \/><\/figure>\n\n\n\n<figure class=\"wp-block-image size-large\"><img loading=\"lazy\" decoding=\"async\" width=\"1024\" height=\"461\" data-id=\"821\" src=\"https:\/\/sites.uel.br\/museu\/wp-content\/uploads\/2023\/08\/WhatsApp-Image-2023-08-01-at-09.21.41-1-1024x461.jpeg\" alt=\"\" class=\"wp-image-821\" srcset=\"https:\/\/sites.uel.br\/museu\/wp-content\/uploads\/2023\/08\/WhatsApp-Image-2023-08-01-at-09.21.41-1-1024x461.jpeg 1024w, https:\/\/sites.uel.br\/museu\/wp-content\/uploads\/2023\/08\/WhatsApp-Image-2023-08-01-at-09.21.41-1-300x135.jpeg 300w, https:\/\/sites.uel.br\/museu\/wp-content\/uploads\/2023\/08\/WhatsApp-Image-2023-08-01-at-09.21.41-1-768x346.jpeg 768w, https:\/\/sites.uel.br\/museu\/wp-content\/uploads\/2023\/08\/WhatsApp-Image-2023-08-01-at-09.21.41-1-1536x691.jpeg 1536w, https:\/\/sites.uel.br\/museu\/wp-content\/uploads\/2023\/08\/WhatsApp-Image-2023-08-01-at-09.21.41-1.jpeg 1600w\" sizes=\"auto, (max-width: 1024px) 100vw, 1024px\" \/><\/figure>\n\n\n\n<figure class=\"wp-block-image size-large\"><img loading=\"lazy\" decoding=\"async\" width=\"461\" height=\"1024\" data-id=\"824\" src=\"https:\/\/sites.uel.br\/museu\/wp-content\/uploads\/2023\/08\/WhatsApp-Image-2023-08-01-at-09.21.42-3-461x1024.jpeg\" alt=\"\" class=\"wp-image-824\" srcset=\"https:\/\/sites.uel.br\/museu\/wp-content\/uploads\/2023\/08\/WhatsApp-Image-2023-08-01-at-09.21.42-3-461x1024.jpeg 461w, https:\/\/sites.uel.br\/museu\/wp-content\/uploads\/2023\/08\/WhatsApp-Image-2023-08-01-at-09.21.42-3-135x300.jpeg 135w, https:\/\/sites.uel.br\/museu\/wp-content\/uploads\/2023\/08\/WhatsApp-Image-2023-08-01-at-09.21.42-3-691x1536.jpeg 691w, https:\/\/sites.uel.br\/museu\/wp-content\/uploads\/2023\/08\/WhatsApp-Image-2023-08-01-at-09.21.42-3.jpeg 720w\" sizes=\"auto, (max-width: 461px) 100vw, 461px\" \/><\/figure>\n\n\n\n<figure class=\"wp-block-image size-large\"><img loading=\"lazy\" decoding=\"async\" width=\"461\" height=\"1024\" data-id=\"818\" src=\"https:\/\/sites.uel.br\/museu\/wp-content\/uploads\/2023\/08\/WhatsApp-Image-2023-08-01-at-09.21.42-1-461x1024.jpeg\" alt=\"\" class=\"wp-image-818\" srcset=\"https:\/\/sites.uel.br\/museu\/wp-content\/uploads\/2023\/08\/WhatsApp-Image-2023-08-01-at-09.21.42-1-461x1024.jpeg 461w, https:\/\/sites.uel.br\/museu\/wp-content\/uploads\/2023\/08\/WhatsApp-Image-2023-08-01-at-09.21.42-1-135x300.jpeg 135w, https:\/\/sites.uel.br\/museu\/wp-content\/uploads\/2023\/08\/WhatsApp-Image-2023-08-01-at-09.21.42-1-691x1536.jpeg 691w, https:\/\/sites.uel.br\/museu\/wp-content\/uploads\/2023\/08\/WhatsApp-Image-2023-08-01-at-09.21.42-1.jpeg 720w\" sizes=\"auto, (max-width: 461px) 100vw, 461px\" \/><\/figure>\n\n\n\n<figure class=\"wp-block-image size-large\"><img loading=\"lazy\" decoding=\"async\" width=\"461\" height=\"1024\" data-id=\"823\" src=\"https:\/\/sites.uel.br\/museu\/wp-content\/uploads\/2023\/08\/WhatsApp-Image-2023-08-01-at-09.21.42-2-461x1024.jpeg\" alt=\"\" class=\"wp-image-823\" srcset=\"https:\/\/sites.uel.br\/museu\/wp-content\/uploads\/2023\/08\/WhatsApp-Image-2023-08-01-at-09.21.42-2-461x1024.jpeg 461w, https:\/\/sites.uel.br\/museu\/wp-content\/uploads\/2023\/08\/WhatsApp-Image-2023-08-01-at-09.21.42-2-135x300.jpeg 135w, https:\/\/sites.uel.br\/museu\/wp-content\/uploads\/2023\/08\/WhatsApp-Image-2023-08-01-at-09.21.42-2-691x1536.jpeg 691w, https:\/\/sites.uel.br\/museu\/wp-content\/uploads\/2023\/08\/WhatsApp-Image-2023-08-01-at-09.21.42-2.jpeg 720w\" sizes=\"auto, (max-width: 461px) 100vw, 461px\" \/><\/figure>\n\n\n\n<figure class=\"wp-block-image size-large\"><img loading=\"lazy\" decoding=\"async\" width=\"1024\" height=\"576\" data-id=\"822\" src=\"https:\/\/sites.uel.br\/museu\/wp-content\/uploads\/2023\/08\/WhatsApp-Image-2023-08-01-at-09.22.05-1024x576.jpeg\" alt=\"\" class=\"wp-image-822\" srcset=\"https:\/\/sites.uel.br\/museu\/wp-content\/uploads\/2023\/08\/WhatsApp-Image-2023-08-01-at-09.22.05-1024x576.jpeg 1024w, https:\/\/sites.uel.br\/museu\/wp-content\/uploads\/2023\/08\/WhatsApp-Image-2023-08-01-at-09.22.05-300x169.jpeg 300w, https:\/\/sites.uel.br\/museu\/wp-content\/uploads\/2023\/08\/WhatsApp-Image-2023-08-01-at-09.22.05-768x432.jpeg 768w, https:\/\/sites.uel.br\/museu\/wp-content\/uploads\/2023\/08\/WhatsApp-Image-2023-08-01-at-09.22.05-1536x864.jpeg 1536w, https:\/\/sites.uel.br\/museu\/wp-content\/uploads\/2023\/08\/WhatsApp-Image-2023-08-01-at-09.22.05.jpeg 1599w\" sizes=\"auto, (max-width: 1024px) 100vw, 1024px\" \/><\/figure>\n<\/figure>\n\n\n\n<h2 class=\"wp-block-heading\">Mostra ind\u00edgena dos povos origin\u00e1rios da Amaz\u00f4nia e a arte Marajoara &#8211; de 13 de maio de 2023 a 16 de julho de 2023<\/h2>\n\n\n\n<p class=\"has-text-align-center has-small-font-size\"><em>Fotos de Rei Santos. Acervo de Ricardo Sah\u00e3o e do Museu Hist\u00f3rico de Londrina.<\/em><\/p>\n\n\n\n<figure class=\"wp-block-gallery has-nested-images columns-default is-cropped wp-block-gallery-5 is-layout-flex wp-block-gallery-is-layout-flex\">\n<figure class=\"wp-block-image size-large\"><img loading=\"lazy\" decoding=\"async\" width=\"1024\" height=\"683\" data-id=\"383\" src=\"https:\/\/sites.uel.br\/museu\/wp-content\/uploads\/2023\/06\/M5A1765.jpg\" alt=\"\" class=\"wp-image-383\" srcset=\"https:\/\/sites.uel.br\/museu\/wp-content\/uploads\/2023\/06\/M5A1765.jpg 1024w, https:\/\/sites.uel.br\/museu\/wp-content\/uploads\/2023\/06\/M5A1765-300x200.jpg 300w, https:\/\/sites.uel.br\/museu\/wp-content\/uploads\/2023\/06\/M5A1765-768x512.jpg 768w\" sizes=\"auto, (max-width: 1024px) 100vw, 1024px\" \/><\/figure>\n\n\n\n<figure class=\"wp-block-image size-large\"><img loading=\"lazy\" decoding=\"async\" width=\"820\" height=\"547\" data-id=\"389\" src=\"https:\/\/sites.uel.br\/museu\/wp-content\/uploads\/2023\/06\/M5A1767-Editar-1.jpg\" alt=\"\" class=\"wp-image-389\" srcset=\"https:\/\/sites.uel.br\/museu\/wp-content\/uploads\/2023\/06\/M5A1767-Editar-1.jpg 820w, https:\/\/sites.uel.br\/museu\/wp-content\/uploads\/2023\/06\/M5A1767-Editar-1-300x200.jpg 300w, https:\/\/sites.uel.br\/museu\/wp-content\/uploads\/2023\/06\/M5A1767-Editar-1-768x512.jpg 768w\" sizes=\"auto, (max-width: 820px) 100vw, 820px\" \/><\/figure>\n\n\n\n<figure class=\"wp-block-image size-large\"><img loading=\"lazy\" decoding=\"async\" width=\"1024\" height=\"683\" data-id=\"384\" src=\"https:\/\/sites.uel.br\/museu\/wp-content\/uploads\/2023\/06\/M5A1772-Editar.jpg\" alt=\"\" class=\"wp-image-384\" srcset=\"https:\/\/sites.uel.br\/museu\/wp-content\/uploads\/2023\/06\/M5A1772-Editar.jpg 1024w, https:\/\/sites.uel.br\/museu\/wp-content\/uploads\/2023\/06\/M5A1772-Editar-300x200.jpg 300w, https:\/\/sites.uel.br\/museu\/wp-content\/uploads\/2023\/06\/M5A1772-Editar-768x512.jpg 768w\" sizes=\"auto, (max-width: 1024px) 100vw, 1024px\" \/><\/figure>\n\n\n\n<figure class=\"wp-block-image size-large\"><img loading=\"lazy\" decoding=\"async\" width=\"1024\" height=\"683\" data-id=\"386\" src=\"https:\/\/sites.uel.br\/museu\/wp-content\/uploads\/2023\/06\/M5A1773.jpg\" alt=\"\" class=\"wp-image-386\" srcset=\"https:\/\/sites.uel.br\/museu\/wp-content\/uploads\/2023\/06\/M5A1773.jpg 1024w, https:\/\/sites.uel.br\/museu\/wp-content\/uploads\/2023\/06\/M5A1773-300x200.jpg 300w, https:\/\/sites.uel.br\/museu\/wp-content\/uploads\/2023\/06\/M5A1773-768x512.jpg 768w\" sizes=\"auto, (max-width: 1024px) 100vw, 1024px\" \/><\/figure>\n\n\n\n<figure class=\"wp-block-image size-large\"><img loading=\"lazy\" decoding=\"async\" width=\"1024\" height=\"683\" data-id=\"387\" src=\"https:\/\/sites.uel.br\/museu\/wp-content\/uploads\/2023\/06\/M5A1795.jpg\" alt=\"\" class=\"wp-image-387\" srcset=\"https:\/\/sites.uel.br\/museu\/wp-content\/uploads\/2023\/06\/M5A1795.jpg 1024w, https:\/\/sites.uel.br\/museu\/wp-content\/uploads\/2023\/06\/M5A1795-300x200.jpg 300w, https:\/\/sites.uel.br\/museu\/wp-content\/uploads\/2023\/06\/M5A1795-768x512.jpg 768w\" sizes=\"auto, (max-width: 1024px) 100vw, 1024px\" \/><\/figure>\n\n\n\n<figure class=\"wp-block-image size-large\"><img loading=\"lazy\" decoding=\"async\" width=\"1024\" height=\"683\" data-id=\"388\" src=\"https:\/\/sites.uel.br\/museu\/wp-content\/uploads\/2023\/06\/M5A1831.jpg\" alt=\"\" class=\"wp-image-388\" srcset=\"https:\/\/sites.uel.br\/museu\/wp-content\/uploads\/2023\/06\/M5A1831.jpg 1024w, https:\/\/sites.uel.br\/museu\/wp-content\/uploads\/2023\/06\/M5A1831-300x200.jpg 300w, https:\/\/sites.uel.br\/museu\/wp-content\/uploads\/2023\/06\/M5A1831-768x512.jpg 768w\" sizes=\"auto, (max-width: 1024px) 100vw, 1024px\" \/><\/figure>\n<\/figure>\n\n\n\n<h2 class=\"wp-block-heading\">Exposi\u00e7\u00e3o &#8220;Somos Muitas&#8221; &#8211; 2022<\/h2>\n\n\n\n<figure class=\"wp-block-gallery has-nested-images columns-default is-cropped wp-block-gallery-6 is-layout-flex wp-block-gallery-is-layout-flex\">\n<figure class=\"wp-block-image size-large\"><img loading=\"lazy\" decoding=\"async\" width=\"1024\" height=\"461\" data-id=\"644\" src=\"https:\/\/sites.uel.br\/museu\/wp-content\/uploads\/2023\/06\/IMG-20220729-WA0031-1024x461.jpg\" alt=\"\" class=\"wp-image-644\" srcset=\"https:\/\/sites.uel.br\/museu\/wp-content\/uploads\/2023\/06\/IMG-20220729-WA0031-1024x461.jpg 1024w, https:\/\/sites.uel.br\/museu\/wp-content\/uploads\/2023\/06\/IMG-20220729-WA0031-300x135.jpg 300w, https:\/\/sites.uel.br\/museu\/wp-content\/uploads\/2023\/06\/IMG-20220729-WA0031-768x346.jpg 768w, https:\/\/sites.uel.br\/museu\/wp-content\/uploads\/2023\/06\/IMG-20220729-WA0031-1536x691.jpg 1536w, https:\/\/sites.uel.br\/museu\/wp-content\/uploads\/2023\/06\/IMG-20220729-WA0031.jpg 1600w\" sizes=\"auto, (max-width: 1024px) 100vw, 1024px\" \/><\/figure>\n\n\n\n<figure class=\"wp-block-image size-large\"><img loading=\"lazy\" decoding=\"async\" width=\"1024\" height=\"461\" data-id=\"645\" src=\"https:\/\/sites.uel.br\/museu\/wp-content\/uploads\/2023\/06\/IMG-20220729-WA0033-1024x461.jpg\" alt=\"\" class=\"wp-image-645\" srcset=\"https:\/\/sites.uel.br\/museu\/wp-content\/uploads\/2023\/06\/IMG-20220729-WA0033-1024x461.jpg 1024w, https:\/\/sites.uel.br\/museu\/wp-content\/uploads\/2023\/06\/IMG-20220729-WA0033-300x135.jpg 300w, https:\/\/sites.uel.br\/museu\/wp-content\/uploads\/2023\/06\/IMG-20220729-WA0033-768x346.jpg 768w, https:\/\/sites.uel.br\/museu\/wp-content\/uploads\/2023\/06\/IMG-20220729-WA0033-1536x691.jpg 1536w, https:\/\/sites.uel.br\/museu\/wp-content\/uploads\/2023\/06\/IMG-20220729-WA0033.jpg 1600w\" sizes=\"auto, (max-width: 1024px) 100vw, 1024px\" \/><\/figure>\n\n\n\n<figure class=\"wp-block-image size-large\"><img loading=\"lazy\" decoding=\"async\" width=\"1024\" height=\"461\" data-id=\"646\" src=\"https:\/\/sites.uel.br\/museu\/wp-content\/uploads\/2023\/06\/IMG-20220729-WA0039-1024x461.jpg\" alt=\"\" class=\"wp-image-646\" srcset=\"https:\/\/sites.uel.br\/museu\/wp-content\/uploads\/2023\/06\/IMG-20220729-WA0039-1024x461.jpg 1024w, https:\/\/sites.uel.br\/museu\/wp-content\/uploads\/2023\/06\/IMG-20220729-WA0039-300x135.jpg 300w, https:\/\/sites.uel.br\/museu\/wp-content\/uploads\/2023\/06\/IMG-20220729-WA0039-768x346.jpg 768w, https:\/\/sites.uel.br\/museu\/wp-content\/uploads\/2023\/06\/IMG-20220729-WA0039-1536x691.jpg 1536w, https:\/\/sites.uel.br\/museu\/wp-content\/uploads\/2023\/06\/IMG-20220729-WA0039.jpg 1600w\" sizes=\"auto, (max-width: 1024px) 100vw, 1024px\" \/><\/figure>\n\n\n\n<figure class=\"wp-block-image size-large\"><img loading=\"lazy\" decoding=\"async\" width=\"1024\" height=\"461\" data-id=\"649\" src=\"https:\/\/sites.uel.br\/museu\/wp-content\/uploads\/2023\/06\/IMG-20220729-WA0040-1024x461.jpg\" alt=\"\" class=\"wp-image-649\" srcset=\"https:\/\/sites.uel.br\/museu\/wp-content\/uploads\/2023\/06\/IMG-20220729-WA0040-1024x461.jpg 1024w, https:\/\/sites.uel.br\/museu\/wp-content\/uploads\/2023\/06\/IMG-20220729-WA0040-300x135.jpg 300w, https:\/\/sites.uel.br\/museu\/wp-content\/uploads\/2023\/06\/IMG-20220729-WA0040-768x346.jpg 768w, https:\/\/sites.uel.br\/museu\/wp-content\/uploads\/2023\/06\/IMG-20220729-WA0040-1536x691.jpg 1536w, https:\/\/sites.uel.br\/museu\/wp-content\/uploads\/2023\/06\/IMG-20220729-WA0040.jpg 1600w\" sizes=\"auto, (max-width: 1024px) 100vw, 1024px\" \/><\/figure>\n\n\n\n<figure class=\"wp-block-image size-large\"><img loading=\"lazy\" decoding=\"async\" width=\"1024\" height=\"461\" data-id=\"648\" src=\"https:\/\/sites.uel.br\/museu\/wp-content\/uploads\/2023\/06\/IMG-20220729-WA0043-1024x461.jpg\" alt=\"\" class=\"wp-image-648\" srcset=\"https:\/\/sites.uel.br\/museu\/wp-content\/uploads\/2023\/06\/IMG-20220729-WA0043-1024x461.jpg 1024w, https:\/\/sites.uel.br\/museu\/wp-content\/uploads\/2023\/06\/IMG-20220729-WA0043-300x135.jpg 300w, https:\/\/sites.uel.br\/museu\/wp-content\/uploads\/2023\/06\/IMG-20220729-WA0043-768x346.jpg 768w, https:\/\/sites.uel.br\/museu\/wp-content\/uploads\/2023\/06\/IMG-20220729-WA0043-1536x691.jpg 1536w, https:\/\/sites.uel.br\/museu\/wp-content\/uploads\/2023\/06\/IMG-20220729-WA0043.jpg 1600w\" sizes=\"auto, (max-width: 1024px) 100vw, 1024px\" \/><\/figure>\n\n\n\n<figure class=\"wp-block-image size-large\"><img loading=\"lazy\" decoding=\"async\" width=\"1024\" height=\"461\" data-id=\"647\" src=\"https:\/\/sites.uel.br\/museu\/wp-content\/uploads\/2023\/06\/IMG-20220729-WA0052-1024x461.jpg\" alt=\"\" class=\"wp-image-647\" srcset=\"https:\/\/sites.uel.br\/museu\/wp-content\/uploads\/2023\/06\/IMG-20220729-WA0052-1024x461.jpg 1024w, https:\/\/sites.uel.br\/museu\/wp-content\/uploads\/2023\/06\/IMG-20220729-WA0052-300x135.jpg 300w, https:\/\/sites.uel.br\/museu\/wp-content\/uploads\/2023\/06\/IMG-20220729-WA0052-768x346.jpg 768w, https:\/\/sites.uel.br\/museu\/wp-content\/uploads\/2023\/06\/IMG-20220729-WA0052-1536x691.jpg 1536w, https:\/\/sites.uel.br\/museu\/wp-content\/uploads\/2023\/06\/IMG-20220729-WA0052.jpg 1600w\" sizes=\"auto, (max-width: 1024px) 100vw, 1024px\" \/><\/figure>\n<\/figure>\n\n\n\n<h2 class=\"wp-block-heading\">Exposi\u00e7\u00e3o &#8220;Lasar Segall &#8211; xilogravuras&#8221; &#8211; 2022<\/h2>\n\n\n\n<p class=\"has-text-align-center has-small-font-size\"><em>Fotos por Amauri Ramos da Silva<\/em><\/p>\n\n\n\n<figure class=\"wp-block-gallery has-nested-images columns-default is-cropped wp-block-gallery-7 is-layout-flex wp-block-gallery-is-layout-flex\">\n<figure class=\"wp-block-image size-large\"><img loading=\"lazy\" decoding=\"async\" width=\"640\" height=\"288\" data-id=\"609\" src=\"https:\/\/sites.uel.br\/museu\/wp-content\/uploads\/2023\/06\/IMG-20220504-WA0020.jpg\" alt=\"\" class=\"wp-image-609\" srcset=\"https:\/\/sites.uel.br\/museu\/wp-content\/uploads\/2023\/06\/IMG-20220504-WA0020.jpg 640w, https:\/\/sites.uel.br\/museu\/wp-content\/uploads\/2023\/06\/IMG-20220504-WA0020-300x135.jpg 300w\" sizes=\"auto, (max-width: 640px) 100vw, 640px\" \/><\/figure>\n\n\n\n<figure class=\"wp-block-image size-large\"><img loading=\"lazy\" decoding=\"async\" width=\"800\" height=\"360\" data-id=\"607\" src=\"https:\/\/sites.uel.br\/museu\/wp-content\/uploads\/2023\/06\/IMG-20220504-WA0025.jpg\" alt=\"\" class=\"wp-image-607\" srcset=\"https:\/\/sites.uel.br\/museu\/wp-content\/uploads\/2023\/06\/IMG-20220504-WA0025.jpg 800w, https:\/\/sites.uel.br\/museu\/wp-content\/uploads\/2023\/06\/IMG-20220504-WA0025-300x135.jpg 300w, https:\/\/sites.uel.br\/museu\/wp-content\/uploads\/2023\/06\/IMG-20220504-WA0025-768x346.jpg 768w\" sizes=\"auto, (max-width: 800px) 100vw, 800px\" \/><\/figure>\n\n\n\n<figure class=\"wp-block-image size-large\"><img loading=\"lazy\" decoding=\"async\" width=\"800\" height=\"360\" data-id=\"605\" src=\"https:\/\/sites.uel.br\/museu\/wp-content\/uploads\/2023\/06\/IMG-20220512-WA0004-1.jpg\" alt=\"\" class=\"wp-image-605\" srcset=\"https:\/\/sites.uel.br\/museu\/wp-content\/uploads\/2023\/06\/IMG-20220512-WA0004-1.jpg 800w, https:\/\/sites.uel.br\/museu\/wp-content\/uploads\/2023\/06\/IMG-20220512-WA0004-1-300x135.jpg 300w, https:\/\/sites.uel.br\/museu\/wp-content\/uploads\/2023\/06\/IMG-20220512-WA0004-1-768x346.jpg 768w\" sizes=\"auto, (max-width: 800px) 100vw, 800px\" \/><\/figure>\n\n\n\n<figure class=\"wp-block-image size-large\"><img loading=\"lazy\" decoding=\"async\" width=\"461\" height=\"1024\" data-id=\"613\" src=\"https:\/\/sites.uel.br\/museu\/wp-content\/uploads\/2023\/06\/IMG-20220512-WA0028-461x1024.jpg\" alt=\"\" class=\"wp-image-613\" srcset=\"https:\/\/sites.uel.br\/museu\/wp-content\/uploads\/2023\/06\/IMG-20220512-WA0028-461x1024.jpg 461w, https:\/\/sites.uel.br\/museu\/wp-content\/uploads\/2023\/06\/IMG-20220512-WA0028-135x300.jpg 135w, https:\/\/sites.uel.br\/museu\/wp-content\/uploads\/2023\/06\/IMG-20220512-WA0028-691x1536.jpg 691w, https:\/\/sites.uel.br\/museu\/wp-content\/uploads\/2023\/06\/IMG-20220512-WA0028.jpg 720w\" sizes=\"auto, (max-width: 461px) 100vw, 461px\" \/><\/figure>\n\n\n\n<figure class=\"wp-block-image size-large\"><img loading=\"lazy\" decoding=\"async\" width=\"461\" height=\"1024\" data-id=\"612\" src=\"https:\/\/sites.uel.br\/museu\/wp-content\/uploads\/2023\/06\/IMG-20220512-WA0001-461x1024.jpg\" alt=\"\" class=\"wp-image-612\" srcset=\"https:\/\/sites.uel.br\/museu\/wp-content\/uploads\/2023\/06\/IMG-20220512-WA0001-461x1024.jpg 461w, https:\/\/sites.uel.br\/museu\/wp-content\/uploads\/2023\/06\/IMG-20220512-WA0001-135x300.jpg 135w, https:\/\/sites.uel.br\/museu\/wp-content\/uploads\/2023\/06\/IMG-20220512-WA0001-691x1536.jpg 691w, https:\/\/sites.uel.br\/museu\/wp-content\/uploads\/2023\/06\/IMG-20220512-WA0001.jpg 720w\" sizes=\"auto, (max-width: 461px) 100vw, 461px\" \/><\/figure>\n\n\n\n<figure class=\"wp-block-image size-large\"><img loading=\"lazy\" decoding=\"async\" width=\"471\" height=\"800\" data-id=\"608\" src=\"https:\/\/sites.uel.br\/museu\/wp-content\/uploads\/2023\/06\/IMG-20220516-WA0060-1.jpg\" alt=\"\" class=\"wp-image-608\" srcset=\"https:\/\/sites.uel.br\/museu\/wp-content\/uploads\/2023\/06\/IMG-20220516-WA0060-1.jpg 471w, https:\/\/sites.uel.br\/museu\/wp-content\/uploads\/2023\/06\/IMG-20220516-WA0060-1-177x300.jpg 177w\" sizes=\"auto, (max-width: 471px) 100vw, 471px\" \/><\/figure>\n<\/figure>\n\n\n\n<h2 class=\"wp-block-heading\">Exposi\u00e7\u00e3o virtual &#8220;Lugares e mem\u00f3rias de Londrina: recorda\u00e7\u00f5es de fam\u00edlias&#8221; <\/h2>\n\n\n\n<figure class=\"wp-block-embed is-type-video is-provider-youtube wp-block-embed-youtube wp-embed-aspect-16-9 wp-has-aspect-ratio\"><div class=\"wp-block-embed__wrapper\">\n<iframe loading=\"lazy\" title=\"EXPOSI\u00c7\u00c3O LUGARES E MEM\u00d3RIAS DE LONDRINA: RECORDA\u00c7\u00d5ES DE FAM\u00cdLIAS\" width=\"500\" height=\"281\" src=\"https:\/\/www.youtube.com\/embed\/2OKYHGFGx1Q?list=PL1TJNWyuGHPYKU1olj3bkP4v2TTKDCpWb\" frameborder=\"0\" allow=\"accelerometer; autoplay; clipboard-write; encrypted-media; gyroscope; picture-in-picture; web-share\" referrerpolicy=\"strict-origin-when-cross-origin\" allowfullscreen><\/iframe>\n<\/div><\/figure>\n\n\n\n<p class=\"has-text-align-center\">Link para o roteiro did\u00e1tico interativo: <a href=\"https:\/\/heyzine.com\/flip-book\/e6782b98fe.html\">https:\/\/heyzine.com\/flip-book\/fb1b6d5f8f.html<\/a><\/p>\n\n\n\n<div data-wp-interactive=\"core\/file\" class=\"wp-block-file\"><object data-wp-bind--hidden=\"!state.hasPdfPreview\" hidden class=\"wp-block-file__embed\" data=\"https:\/\/sites.uel.br\/museu\/wp-content\/uploads\/2023\/06\/Roteiro-didatico.pdf\" type=\"application\/pdf\" style=\"width:100%;height:600px\" aria-label=\"Incorporado de Roteiro-did\u00e1tico - Lugares e mem\u00f3rias de Londrina: recorda\u00e7\u00f5es de fam\u00edlias.\"><\/object><a id=\"wp-block-file--media-137b6ea7-ae2c-43c5-8db0-1eec978e40ba\" href=\"https:\/\/sites.uel.br\/museu\/wp-content\/uploads\/2023\/06\/Roteiro-didatico.pdf\">Roteiro-did\u00e1tico &#8211; Lugares e mem\u00f3rias de Londrina: recorda\u00e7\u00f5es de fam\u00edlias<\/a><a href=\"https:\/\/sites.uel.br\/museu\/wp-content\/uploads\/2023\/06\/Roteiro-didatico.pdf\" class=\"wp-block-file__button wp-element-button\" download aria-describedby=\"wp-block-file--media-137b6ea7-ae2c-43c5-8db0-1eec978e40ba\">Baixar<\/a><\/div>\n\n\n\n<h2 class=\"wp-block-heading\">XXII Bienal de arte fotogr\u00e1fica brasileira em cores &#8211; 2021<\/h2>\n\n\n\n<figure class=\"wp-block-gallery has-nested-images columns-default is-cropped wp-block-gallery-8 is-layout-flex wp-block-gallery-is-layout-flex\">\n<figure class=\"wp-block-image size-large\"><img loading=\"lazy\" decoding=\"async\" width=\"736\" height=\"980\" data-id=\"593\" src=\"https:\/\/sites.uel.br\/museu\/wp-content\/uploads\/2023\/06\/IMG_20220125_104800781_HDR_mr1643119942811-1.jpg\" alt=\"\" class=\"wp-image-593\" srcset=\"https:\/\/sites.uel.br\/museu\/wp-content\/uploads\/2023\/06\/IMG_20220125_104800781_HDR_mr1643119942811-1.jpg 736w, https:\/\/sites.uel.br\/museu\/wp-content\/uploads\/2023\/06\/IMG_20220125_104800781_HDR_mr1643119942811-1-225x300.jpg 225w\" sizes=\"auto, (max-width: 736px) 100vw, 736px\" \/><\/figure>\n\n\n\n<figure class=\"wp-block-image size-large\"><img loading=\"lazy\" decoding=\"async\" width=\"769\" height=\"1024\" data-id=\"590\" src=\"https:\/\/sites.uel.br\/museu\/wp-content\/uploads\/2023\/06\/IMG_20220125_104908927_mr1643120022307-769x1024.jpg\" alt=\"\" class=\"wp-image-590\" srcset=\"https:\/\/sites.uel.br\/museu\/wp-content\/uploads\/2023\/06\/IMG_20220125_104908927_mr1643120022307-769x1024.jpg 769w, https:\/\/sites.uel.br\/museu\/wp-content\/uploads\/2023\/06\/IMG_20220125_104908927_mr1643120022307-225x300.jpg 225w, https:\/\/sites.uel.br\/museu\/wp-content\/uploads\/2023\/06\/IMG_20220125_104908927_mr1643120022307-768x1023.jpg 768w, https:\/\/sites.uel.br\/museu\/wp-content\/uploads\/2023\/06\/IMG_20220125_104908927_mr1643120022307-1154x1536.jpg 1154w, https:\/\/sites.uel.br\/museu\/wp-content\/uploads\/2023\/06\/IMG_20220125_104908927_mr1643120022307-1538x2048.jpg 1538w, https:\/\/sites.uel.br\/museu\/wp-content\/uploads\/2023\/06\/IMG_20220125_104908927_mr1643120022307-scaled.jpg 1923w\" sizes=\"auto, (max-width: 769px) 100vw, 769px\" \/><\/figure>\n\n\n\n<figure class=\"wp-block-image size-large\"><img loading=\"lazy\" decoding=\"async\" width=\"769\" height=\"1024\" data-id=\"592\" src=\"https:\/\/sites.uel.br\/museu\/wp-content\/uploads\/2023\/06\/IMG_20220125_104923319_mr1643120238956-769x1024.jpg\" alt=\"\" class=\"wp-image-592\" srcset=\"https:\/\/sites.uel.br\/museu\/wp-content\/uploads\/2023\/06\/IMG_20220125_104923319_mr1643120238956-769x1024.jpg 769w, https:\/\/sites.uel.br\/museu\/wp-content\/uploads\/2023\/06\/IMG_20220125_104923319_mr1643120238956-225x300.jpg 225w, https:\/\/sites.uel.br\/museu\/wp-content\/uploads\/2023\/06\/IMG_20220125_104923319_mr1643120238956-768x1023.jpg 768w, https:\/\/sites.uel.br\/museu\/wp-content\/uploads\/2023\/06\/IMG_20220125_104923319_mr1643120238956-1154x1536.jpg 1154w, https:\/\/sites.uel.br\/museu\/wp-content\/uploads\/2023\/06\/IMG_20220125_104923319_mr1643120238956-1538x2048.jpg 1538w, https:\/\/sites.uel.br\/museu\/wp-content\/uploads\/2023\/06\/IMG_20220125_104923319_mr1643120238956-scaled.jpg 1923w\" sizes=\"auto, (max-width: 769px) 100vw, 769px\" \/><\/figure>\n\n\n\n<figure class=\"wp-block-image size-large\"><img loading=\"lazy\" decoding=\"async\" width=\"769\" height=\"1024\" data-id=\"591\" src=\"https:\/\/sites.uel.br\/museu\/wp-content\/uploads\/2023\/06\/IMG_20220125_104959601_mr1643120361402-769x1024.jpg\" alt=\"\" class=\"wp-image-591\" srcset=\"https:\/\/sites.uel.br\/museu\/wp-content\/uploads\/2023\/06\/IMG_20220125_104959601_mr1643120361402-769x1024.jpg 769w, https:\/\/sites.uel.br\/museu\/wp-content\/uploads\/2023\/06\/IMG_20220125_104959601_mr1643120361402-225x300.jpg 225w, https:\/\/sites.uel.br\/museu\/wp-content\/uploads\/2023\/06\/IMG_20220125_104959601_mr1643120361402-768x1023.jpg 768w, https:\/\/sites.uel.br\/museu\/wp-content\/uploads\/2023\/06\/IMG_20220125_104959601_mr1643120361402-1154x1536.jpg 1154w, https:\/\/sites.uel.br\/museu\/wp-content\/uploads\/2023\/06\/IMG_20220125_104959601_mr1643120361402-1538x2048.jpg 1538w, https:\/\/sites.uel.br\/museu\/wp-content\/uploads\/2023\/06\/IMG_20220125_104959601_mr1643120361402-scaled.jpg 1923w\" sizes=\"auto, (max-width: 769px) 100vw, 769px\" \/><\/figure>\n\n\n\n<figure class=\"wp-block-image size-large\"><img loading=\"lazy\" decoding=\"async\" width=\"897\" height=\"610\" data-id=\"594\" src=\"https:\/\/sites.uel.br\/museu\/wp-content\/uploads\/2023\/06\/IMG_20220128_114127526-1.jpg\" alt=\"\" class=\"wp-image-594\" srcset=\"https:\/\/sites.uel.br\/museu\/wp-content\/uploads\/2023\/06\/IMG_20220128_114127526-1.jpg 897w, https:\/\/sites.uel.br\/museu\/wp-content\/uploads\/2023\/06\/IMG_20220128_114127526-1-300x204.jpg 300w, https:\/\/sites.uel.br\/museu\/wp-content\/uploads\/2023\/06\/IMG_20220128_114127526-1-768x522.jpg 768w\" sizes=\"auto, (max-width: 897px) 100vw, 897px\" \/><\/figure>\n\n\n\n<figure class=\"wp-block-image size-large\"><img loading=\"lazy\" decoding=\"async\" width=\"638\" height=\"975\" data-id=\"595\" src=\"https:\/\/sites.uel.br\/museu\/wp-content\/uploads\/2023\/06\/IMG_20220128_112146719-1.jpg\" alt=\"\" class=\"wp-image-595\" srcset=\"https:\/\/sites.uel.br\/museu\/wp-content\/uploads\/2023\/06\/IMG_20220128_112146719-1.jpg 638w, https:\/\/sites.uel.br\/museu\/wp-content\/uploads\/2023\/06\/IMG_20220128_112146719-1-196x300.jpg 196w\" sizes=\"auto, (max-width: 638px) 100vw, 638px\" \/><\/figure>\n<\/figure>\n\n\n\n<h2 class=\"wp-block-heading\">Exposi\u00e7\u00e3o &#8220;Camisa Branca&#8221;<\/h2>\n\n\n\n<figure class=\"wp-block-gallery has-nested-images columns-default is-cropped wp-block-gallery-9 is-layout-flex wp-block-gallery-is-layout-flex\">\n<figure class=\"wp-block-image size-large\"><img loading=\"lazy\" decoding=\"async\" width=\"546\" height=\"1024\" data-id=\"209\" src=\"https:\/\/sites.uel.br\/museu\/wp-content\/uploads\/2023\/06\/04e379c6-611e-429d-b69c-4acef5e4fdef-546x1024.jpg\" alt=\"\" class=\"wp-image-209\" srcset=\"https:\/\/sites.uel.br\/museu\/wp-content\/uploads\/2023\/06\/04e379c6-611e-429d-b69c-4acef5e4fdef-546x1024.jpg 546w, https:\/\/sites.uel.br\/museu\/wp-content\/uploads\/2023\/06\/04e379c6-611e-429d-b69c-4acef5e4fdef-160x300.jpg 160w, https:\/\/sites.uel.br\/museu\/wp-content\/uploads\/2023\/06\/04e379c6-611e-429d-b69c-4acef5e4fdef.jpg 683w\" sizes=\"auto, (max-width: 546px) 100vw, 546px\" \/><\/figure>\n\n\n\n<figure class=\"wp-block-image size-large\"><img loading=\"lazy\" decoding=\"async\" width=\"1024\" height=\"678\" data-id=\"208\" src=\"https:\/\/sites.uel.br\/museu\/wp-content\/uploads\/2023\/06\/8bd62df8-c084-4c4a-ac7a-7a0daeb7cdaf-1024x678.jpg\" alt=\"\" class=\"wp-image-208\" srcset=\"https:\/\/sites.uel.br\/museu\/wp-content\/uploads\/2023\/06\/8bd62df8-c084-4c4a-ac7a-7a0daeb7cdaf-1024x678.jpg 1024w, https:\/\/sites.uel.br\/museu\/wp-content\/uploads\/2023\/06\/8bd62df8-c084-4c4a-ac7a-7a0daeb7cdaf-300x199.jpg 300w, https:\/\/sites.uel.br\/museu\/wp-content\/uploads\/2023\/06\/8bd62df8-c084-4c4a-ac7a-7a0daeb7cdaf-768x508.jpg 768w, https:\/\/sites.uel.br\/museu\/wp-content\/uploads\/2023\/06\/8bd62df8-c084-4c4a-ac7a-7a0daeb7cdaf.jpg 1280w\" sizes=\"auto, (max-width: 1024px) 100vw, 1024px\" \/><\/figure>\n\n\n\n<figure class=\"wp-block-image size-large\"><img loading=\"lazy\" decoding=\"async\" width=\"1024\" height=\"678\" data-id=\"210\" src=\"https:\/\/sites.uel.br\/museu\/wp-content\/uploads\/2023\/06\/8da4c3c1-4df8-434a-b3ce-fc0eb434a249-1024x678.jpg\" alt=\"\" class=\"wp-image-210\" srcset=\"https:\/\/sites.uel.br\/museu\/wp-content\/uploads\/2023\/06\/8da4c3c1-4df8-434a-b3ce-fc0eb434a249-1024x678.jpg 1024w, https:\/\/sites.uel.br\/museu\/wp-content\/uploads\/2023\/06\/8da4c3c1-4df8-434a-b3ce-fc0eb434a249-300x199.jpg 300w, https:\/\/sites.uel.br\/museu\/wp-content\/uploads\/2023\/06\/8da4c3c1-4df8-434a-b3ce-fc0eb434a249-768x508.jpg 768w, https:\/\/sites.uel.br\/museu\/wp-content\/uploads\/2023\/06\/8da4c3c1-4df8-434a-b3ce-fc0eb434a249.jpg 1280w\" sizes=\"auto, (max-width: 1024px) 100vw, 1024px\" \/><\/figure>\n\n\n\n<figure class=\"wp-block-image size-large\"><img loading=\"lazy\" decoding=\"async\" width=\"848\" height=\"1024\" data-id=\"212\" src=\"https:\/\/sites.uel.br\/museu\/wp-content\/uploads\/2023\/06\/432ca643-d48f-4dce-a32e-8f34fa850cee-848x1024.jpg\" alt=\"\" class=\"wp-image-212\" srcset=\"https:\/\/sites.uel.br\/museu\/wp-content\/uploads\/2023\/06\/432ca643-d48f-4dce-a32e-8f34fa850cee-848x1024.jpg 848w, https:\/\/sites.uel.br\/museu\/wp-content\/uploads\/2023\/06\/432ca643-d48f-4dce-a32e-8f34fa850cee-248x300.jpg 248w, https:\/\/sites.uel.br\/museu\/wp-content\/uploads\/2023\/06\/432ca643-d48f-4dce-a32e-8f34fa850cee-768x927.jpg 768w, https:\/\/sites.uel.br\/museu\/wp-content\/uploads\/2023\/06\/432ca643-d48f-4dce-a32e-8f34fa850cee.jpg 1060w\" sizes=\"auto, (max-width: 848px) 100vw, 848px\" \/><\/figure>\n\n\n\n<figure class=\"wp-block-image size-large\"><img loading=\"lazy\" decoding=\"async\" width=\"1024\" height=\"616\" data-id=\"213\" src=\"https:\/\/sites.uel.br\/museu\/wp-content\/uploads\/2023\/06\/c9da649d-ac19-49d9-bd00-0f01011b2c7b-1024x616.jpg\" alt=\"\" class=\"wp-image-213\" srcset=\"https:\/\/sites.uel.br\/museu\/wp-content\/uploads\/2023\/06\/c9da649d-ac19-49d9-bd00-0f01011b2c7b-1024x616.jpg 1024w, https:\/\/sites.uel.br\/museu\/wp-content\/uploads\/2023\/06\/c9da649d-ac19-49d9-bd00-0f01011b2c7b-300x180.jpg 300w, https:\/\/sites.uel.br\/museu\/wp-content\/uploads\/2023\/06\/c9da649d-ac19-49d9-bd00-0f01011b2c7b-768x462.jpg 768w, https:\/\/sites.uel.br\/museu\/wp-content\/uploads\/2023\/06\/c9da649d-ac19-49d9-bd00-0f01011b2c7b.jpg 1280w\" sizes=\"auto, (max-width: 1024px) 100vw, 1024px\" \/><\/figure>\n\n\n\n<figure class=\"wp-block-image size-large\"><img loading=\"lazy\" decoding=\"async\" width=\"725\" height=\"1024\" data-id=\"211\" src=\"https:\/\/sites.uel.br\/museu\/wp-content\/uploads\/2023\/06\/ccd8c8f0-0078-40c0-a109-a2c8ae97f938-725x1024.jpg\" alt=\"\" class=\"wp-image-211\" srcset=\"https:\/\/sites.uel.br\/museu\/wp-content\/uploads\/2023\/06\/ccd8c8f0-0078-40c0-a109-a2c8ae97f938-725x1024.jpg 725w, https:\/\/sites.uel.br\/museu\/wp-content\/uploads\/2023\/06\/ccd8c8f0-0078-40c0-a109-a2c8ae97f938-212x300.jpg 212w, https:\/\/sites.uel.br\/museu\/wp-content\/uploads\/2023\/06\/ccd8c8f0-0078-40c0-a109-a2c8ae97f938-768x1085.jpg 768w, https:\/\/sites.uel.br\/museu\/wp-content\/uploads\/2023\/06\/ccd8c8f0-0078-40c0-a109-a2c8ae97f938.jpg 906w\" sizes=\"auto, (max-width: 725px) 100vw, 725px\" \/><\/figure>\n\n\n\n<figure class=\"wp-block-image size-large\"><img loading=\"lazy\" decoding=\"async\" width=\"1024\" height=\"678\" data-id=\"214\" src=\"https:\/\/sites.uel.br\/museu\/wp-content\/uploads\/2023\/06\/e72fc837-9628-491a-b606-d5044cd5d2ee-1024x678.jpg\" alt=\"\" class=\"wp-image-214\" srcset=\"https:\/\/sites.uel.br\/museu\/wp-content\/uploads\/2023\/06\/e72fc837-9628-491a-b606-d5044cd5d2ee-1024x678.jpg 1024w, https:\/\/sites.uel.br\/museu\/wp-content\/uploads\/2023\/06\/e72fc837-9628-491a-b606-d5044cd5d2ee-300x199.jpg 300w, https:\/\/sites.uel.br\/museu\/wp-content\/uploads\/2023\/06\/e72fc837-9628-491a-b606-d5044cd5d2ee-768x508.jpg 768w, https:\/\/sites.uel.br\/museu\/wp-content\/uploads\/2023\/06\/e72fc837-9628-491a-b606-d5044cd5d2ee.jpg 1280w\" sizes=\"auto, (max-width: 1024px) 100vw, 1024px\" \/><\/figure>\n<\/figure>\n\n\n\n<h2 class=\"wp-block-heading\">Exposi\u00e7\u00e3o &#8220;Paulo Leminski&#8221;<\/h2>\n\n\n\n<figure class=\"wp-block-gallery has-nested-images columns-default is-cropped wp-block-gallery-10 is-layout-flex wp-block-gallery-is-layout-flex\">\n<figure class=\"wp-block-image size-large\"><img loading=\"lazy\" decoding=\"async\" width=\"1024\" height=\"678\" data-id=\"192\" src=\"https:\/\/sites.uel.br\/museu\/wp-content\/uploads\/2023\/06\/0a4c3ec4-b477-4b72-9939-360580e1ac01-1024x678.jpg\" alt=\"\" class=\"wp-image-192\" srcset=\"https:\/\/sites.uel.br\/museu\/wp-content\/uploads\/2023\/06\/0a4c3ec4-b477-4b72-9939-360580e1ac01-1024x678.jpg 1024w, https:\/\/sites.uel.br\/museu\/wp-content\/uploads\/2023\/06\/0a4c3ec4-b477-4b72-9939-360580e1ac01-300x199.jpg 300w, https:\/\/sites.uel.br\/museu\/wp-content\/uploads\/2023\/06\/0a4c3ec4-b477-4b72-9939-360580e1ac01-768x508.jpg 768w, https:\/\/sites.uel.br\/museu\/wp-content\/uploads\/2023\/06\/0a4c3ec4-b477-4b72-9939-360580e1ac01.jpg 1280w\" sizes=\"auto, (max-width: 1024px) 100vw, 1024px\" \/><\/figure>\n\n\n\n<figure class=\"wp-block-image size-large\"><img loading=\"lazy\" decoding=\"async\" width=\"1024\" height=\"678\" data-id=\"189\" src=\"https:\/\/sites.uel.br\/museu\/wp-content\/uploads\/2023\/06\/5e4dbc15-2162-4d53-823b-88bb45a20146-1024x678.jpg\" alt=\"\" class=\"wp-image-189\" srcset=\"https:\/\/sites.uel.br\/museu\/wp-content\/uploads\/2023\/06\/5e4dbc15-2162-4d53-823b-88bb45a20146-1024x678.jpg 1024w, https:\/\/sites.uel.br\/museu\/wp-content\/uploads\/2023\/06\/5e4dbc15-2162-4d53-823b-88bb45a20146-300x199.jpg 300w, https:\/\/sites.uel.br\/museu\/wp-content\/uploads\/2023\/06\/5e4dbc15-2162-4d53-823b-88bb45a20146-768x508.jpg 768w, https:\/\/sites.uel.br\/museu\/wp-content\/uploads\/2023\/06\/5e4dbc15-2162-4d53-823b-88bb45a20146.jpg 1280w\" sizes=\"auto, (max-width: 1024px) 100vw, 1024px\" \/><\/figure>\n\n\n\n<figure class=\"wp-block-image size-large\"><img loading=\"lazy\" decoding=\"async\" width=\"1024\" height=\"687\" data-id=\"191\" src=\"https:\/\/sites.uel.br\/museu\/wp-content\/uploads\/2023\/06\/8e95ca3e-a3ae-4771-8f63-4ce431ad2035-1024x687.jpg\" alt=\"\" class=\"wp-image-191\" srcset=\"https:\/\/sites.uel.br\/museu\/wp-content\/uploads\/2023\/06\/8e95ca3e-a3ae-4771-8f63-4ce431ad2035-1024x687.jpg 1024w, https:\/\/sites.uel.br\/museu\/wp-content\/uploads\/2023\/06\/8e95ca3e-a3ae-4771-8f63-4ce431ad2035-300x201.jpg 300w, https:\/\/sites.uel.br\/museu\/wp-content\/uploads\/2023\/06\/8e95ca3e-a3ae-4771-8f63-4ce431ad2035-768x515.jpg 768w, https:\/\/sites.uel.br\/museu\/wp-content\/uploads\/2023\/06\/8e95ca3e-a3ae-4771-8f63-4ce431ad2035.jpg 1280w\" sizes=\"auto, (max-width: 1024px) 100vw, 1024px\" \/><\/figure>\n\n\n\n<figure class=\"wp-block-image size-large\"><img loading=\"lazy\" decoding=\"async\" width=\"1024\" height=\"678\" data-id=\"193\" src=\"https:\/\/sites.uel.br\/museu\/wp-content\/uploads\/2023\/06\/8ef6933a-6d55-4026-b4f9-648bb0101c95-1024x678.jpg\" alt=\"\" class=\"wp-image-193\" srcset=\"https:\/\/sites.uel.br\/museu\/wp-content\/uploads\/2023\/06\/8ef6933a-6d55-4026-b4f9-648bb0101c95-1024x678.jpg 1024w, https:\/\/sites.uel.br\/museu\/wp-content\/uploads\/2023\/06\/8ef6933a-6d55-4026-b4f9-648bb0101c95-300x199.jpg 300w, https:\/\/sites.uel.br\/museu\/wp-content\/uploads\/2023\/06\/8ef6933a-6d55-4026-b4f9-648bb0101c95-768x508.jpg 768w, https:\/\/sites.uel.br\/museu\/wp-content\/uploads\/2023\/06\/8ef6933a-6d55-4026-b4f9-648bb0101c95.jpg 1280w\" sizes=\"auto, (max-width: 1024px) 100vw, 1024px\" \/><\/figure>\n\n\n\n<figure class=\"wp-block-image size-large\"><img loading=\"lazy\" decoding=\"async\" width=\"1024\" height=\"678\" data-id=\"190\" src=\"https:\/\/sites.uel.br\/museu\/wp-content\/uploads\/2023\/06\/58b1d365-0956-496e-8809-235d9085beb0-1024x678.jpg\" alt=\"\" class=\"wp-image-190\" srcset=\"https:\/\/sites.uel.br\/museu\/wp-content\/uploads\/2023\/06\/58b1d365-0956-496e-8809-235d9085beb0-1024x678.jpg 1024w, https:\/\/sites.uel.br\/museu\/wp-content\/uploads\/2023\/06\/58b1d365-0956-496e-8809-235d9085beb0-300x199.jpg 300w, https:\/\/sites.uel.br\/museu\/wp-content\/uploads\/2023\/06\/58b1d365-0956-496e-8809-235d9085beb0-768x508.jpg 768w, https:\/\/sites.uel.br\/museu\/wp-content\/uploads\/2023\/06\/58b1d365-0956-496e-8809-235d9085beb0.jpg 1280w\" sizes=\"auto, (max-width: 1024px) 100vw, 1024px\" \/><\/figure>\n\n\n\n<figure class=\"wp-block-image size-large\"><img loading=\"lazy\" decoding=\"async\" width=\"1024\" height=\"768\" data-id=\"194\" src=\"https:\/\/sites.uel.br\/museu\/wp-content\/uploads\/2023\/06\/63aef2ae-5b26-4338-8c2c-519ac544f754-1024x768.jpg\" alt=\"\" class=\"wp-image-194\" srcset=\"https:\/\/sites.uel.br\/museu\/wp-content\/uploads\/2023\/06\/63aef2ae-5b26-4338-8c2c-519ac544f754-1024x768.jpg 1024w, https:\/\/sites.uel.br\/museu\/wp-content\/uploads\/2023\/06\/63aef2ae-5b26-4338-8c2c-519ac544f754-300x225.jpg 300w, https:\/\/sites.uel.br\/museu\/wp-content\/uploads\/2023\/06\/63aef2ae-5b26-4338-8c2c-519ac544f754-768x576.jpg 768w, https:\/\/sites.uel.br\/museu\/wp-content\/uploads\/2023\/06\/63aef2ae-5b26-4338-8c2c-519ac544f754.jpg 1280w\" sizes=\"auto, (max-width: 1024px) 100vw, 1024px\" \/><\/figure>\n\n\n\n<figure class=\"wp-block-image size-large\"><img loading=\"lazy\" decoding=\"async\" width=\"1024\" height=\"678\" data-id=\"195\" src=\"https:\/\/sites.uel.br\/museu\/wp-content\/uploads\/2023\/06\/329c0794-3ec3-4b0d-bb63-319ab2acb3bd-1024x678.jpg\" alt=\"\" class=\"wp-image-195\" srcset=\"https:\/\/sites.uel.br\/museu\/wp-content\/uploads\/2023\/06\/329c0794-3ec3-4b0d-bb63-319ab2acb3bd-1024x678.jpg 1024w, https:\/\/sites.uel.br\/museu\/wp-content\/uploads\/2023\/06\/329c0794-3ec3-4b0d-bb63-319ab2acb3bd-300x199.jpg 300w, https:\/\/sites.uel.br\/museu\/wp-content\/uploads\/2023\/06\/329c0794-3ec3-4b0d-bb63-319ab2acb3bd-768x508.jpg 768w, https:\/\/sites.uel.br\/museu\/wp-content\/uploads\/2023\/06\/329c0794-3ec3-4b0d-bb63-319ab2acb3bd.jpg 1280w\" sizes=\"auto, (max-width: 1024px) 100vw, 1024px\" \/><\/figure>\n\n\n\n<figure class=\"wp-block-image size-large\"><img loading=\"lazy\" decoding=\"async\" width=\"1024\" height=\"682\" data-id=\"196\" src=\"https:\/\/sites.uel.br\/museu\/wp-content\/uploads\/2023\/06\/69937269-6fed-4882-8a16-a585352a6a03-1024x682.jpg\" alt=\"\" class=\"wp-image-196\" srcset=\"https:\/\/sites.uel.br\/museu\/wp-content\/uploads\/2023\/06\/69937269-6fed-4882-8a16-a585352a6a03-1024x682.jpg 1024w, https:\/\/sites.uel.br\/museu\/wp-content\/uploads\/2023\/06\/69937269-6fed-4882-8a16-a585352a6a03-300x200.jpg 300w, https:\/\/sites.uel.br\/museu\/wp-content\/uploads\/2023\/06\/69937269-6fed-4882-8a16-a585352a6a03-768x512.jpg 768w, https:\/\/sites.uel.br\/museu\/wp-content\/uploads\/2023\/06\/69937269-6fed-4882-8a16-a585352a6a03.jpg 1280w\" sizes=\"auto, (max-width: 1024px) 100vw, 1024px\" \/><\/figure>\n\n\n\n<figure class=\"wp-block-image size-large\"><img loading=\"lazy\" decoding=\"async\" width=\"715\" height=\"1024\" data-id=\"197\" src=\"https:\/\/sites.uel.br\/museu\/wp-content\/uploads\/2023\/06\/88791258-d9e0-4f56-afa3-9887c32b58ad-715x1024.jpg\" alt=\"\" class=\"wp-image-197\" srcset=\"https:\/\/sites.uel.br\/museu\/wp-content\/uploads\/2023\/06\/88791258-d9e0-4f56-afa3-9887c32b58ad-715x1024.jpg 715w, https:\/\/sites.uel.br\/museu\/wp-content\/uploads\/2023\/06\/88791258-d9e0-4f56-afa3-9887c32b58ad-210x300.jpg 210w, https:\/\/sites.uel.br\/museu\/wp-content\/uploads\/2023\/06\/88791258-d9e0-4f56-afa3-9887c32b58ad-768x1100.jpg 768w, https:\/\/sites.uel.br\/museu\/wp-content\/uploads\/2023\/06\/88791258-d9e0-4f56-afa3-9887c32b58ad.jpg 894w\" sizes=\"auto, (max-width: 715px) 100vw, 715px\" \/><\/figure>\n\n\n\n<figure class=\"wp-block-image size-large\"><img loading=\"lazy\" decoding=\"async\" width=\"768\" height=\"1024\" data-id=\"198\" src=\"https:\/\/sites.uel.br\/museu\/wp-content\/uploads\/2023\/06\/a7669ba1-abff-48fe-9e08-0e2bdf684386-768x1024.jpg\" alt=\"\" class=\"wp-image-198\" srcset=\"https:\/\/sites.uel.br\/museu\/wp-content\/uploads\/2023\/06\/a7669ba1-abff-48fe-9e08-0e2bdf684386-768x1024.jpg 768w, https:\/\/sites.uel.br\/museu\/wp-content\/uploads\/2023\/06\/a7669ba1-abff-48fe-9e08-0e2bdf684386-225x300.jpg 225w, https:\/\/sites.uel.br\/museu\/wp-content\/uploads\/2023\/06\/a7669ba1-abff-48fe-9e08-0e2bdf684386.jpg 960w\" sizes=\"auto, (max-width: 768px) 100vw, 768px\" \/><\/figure>\n\n\n\n<figure class=\"wp-block-image size-large\"><img loading=\"lazy\" decoding=\"async\" width=\"1024\" height=\"678\" data-id=\"199\" src=\"https:\/\/sites.uel.br\/museu\/wp-content\/uploads\/2023\/06\/cb5391ff-e89b-4135-976e-70c4c88fa000-1024x678.jpg\" alt=\"\" class=\"wp-image-199\" srcset=\"https:\/\/sites.uel.br\/museu\/wp-content\/uploads\/2023\/06\/cb5391ff-e89b-4135-976e-70c4c88fa000-1024x678.jpg 1024w, https:\/\/sites.uel.br\/museu\/wp-content\/uploads\/2023\/06\/cb5391ff-e89b-4135-976e-70c4c88fa000-300x199.jpg 300w, https:\/\/sites.uel.br\/museu\/wp-content\/uploads\/2023\/06\/cb5391ff-e89b-4135-976e-70c4c88fa000-768x508.jpg 768w, https:\/\/sites.uel.br\/museu\/wp-content\/uploads\/2023\/06\/cb5391ff-e89b-4135-976e-70c4c88fa000.jpg 1280w\" sizes=\"auto, (max-width: 1024px) 100vw, 1024px\" \/><\/figure>\n<\/figure>\n\n\n\n<h2 class=\"wp-block-heading\">Exposi\u00e7\u00e3o &#8220;Literaturas londrinenses&#8221; &#8211; 2017<\/h2>\n\n\n\n<figure class=\"wp-block-gallery has-nested-images columns-default is-cropped wp-block-gallery-11 is-layout-flex wp-block-gallery-is-layout-flex\">\n<figure class=\"wp-block-image size-large\"><img loading=\"lazy\" decoding=\"async\" width=\"1024\" height=\"678\" data-id=\"617\" src=\"https:\/\/sites.uel.br\/museu\/wp-content\/uploads\/2023\/06\/40b1406f-7112-4641-b9df-97ce918efc98-1024x678.jpg\" alt=\"\" class=\"wp-image-617\" srcset=\"https:\/\/sites.uel.br\/museu\/wp-content\/uploads\/2023\/06\/40b1406f-7112-4641-b9df-97ce918efc98-1024x678.jpg 1024w, https:\/\/sites.uel.br\/museu\/wp-content\/uploads\/2023\/06\/40b1406f-7112-4641-b9df-97ce918efc98-300x199.jpg 300w, https:\/\/sites.uel.br\/museu\/wp-content\/uploads\/2023\/06\/40b1406f-7112-4641-b9df-97ce918efc98-768x508.jpg 768w, https:\/\/sites.uel.br\/museu\/wp-content\/uploads\/2023\/06\/40b1406f-7112-4641-b9df-97ce918efc98.jpg 1280w\" sizes=\"auto, (max-width: 1024px) 100vw, 1024px\" \/><\/figure>\n\n\n\n<figure class=\"wp-block-image size-large\"><img loading=\"lazy\" decoding=\"async\" width=\"1024\" height=\"678\" data-id=\"615\" src=\"https:\/\/sites.uel.br\/museu\/wp-content\/uploads\/2023\/06\/a763ac28-d28e-4f03-aad1-3c4ccd2ec5a5-1024x678.jpg\" alt=\"\" class=\"wp-image-615\" srcset=\"https:\/\/sites.uel.br\/museu\/wp-content\/uploads\/2023\/06\/a763ac28-d28e-4f03-aad1-3c4ccd2ec5a5-1024x678.jpg 1024w, https:\/\/sites.uel.br\/museu\/wp-content\/uploads\/2023\/06\/a763ac28-d28e-4f03-aad1-3c4ccd2ec5a5-300x199.jpg 300w, https:\/\/sites.uel.br\/museu\/wp-content\/uploads\/2023\/06\/a763ac28-d28e-4f03-aad1-3c4ccd2ec5a5-768x508.jpg 768w, https:\/\/sites.uel.br\/museu\/wp-content\/uploads\/2023\/06\/a763ac28-d28e-4f03-aad1-3c4ccd2ec5a5.jpg 1280w\" sizes=\"auto, (max-width: 1024px) 100vw, 1024px\" \/><\/figure>\n\n\n\n<figure class=\"wp-block-image size-large\"><img loading=\"lazy\" decoding=\"async\" width=\"1024\" height=\"678\" data-id=\"616\" src=\"https:\/\/sites.uel.br\/museu\/wp-content\/uploads\/2023\/06\/ffcf97b1-9321-4349-be66-b6f2ec94b077-1-1024x678.jpg\" alt=\"\" class=\"wp-image-616\" srcset=\"https:\/\/sites.uel.br\/museu\/wp-content\/uploads\/2023\/06\/ffcf97b1-9321-4349-be66-b6f2ec94b077-1-1024x678.jpg 1024w, https:\/\/sites.uel.br\/museu\/wp-content\/uploads\/2023\/06\/ffcf97b1-9321-4349-be66-b6f2ec94b077-1-300x199.jpg 300w, https:\/\/sites.uel.br\/museu\/wp-content\/uploads\/2023\/06\/ffcf97b1-9321-4349-be66-b6f2ec94b077-1-768x508.jpg 768w, https:\/\/sites.uel.br\/museu\/wp-content\/uploads\/2023\/06\/ffcf97b1-9321-4349-be66-b6f2ec94b077-1.jpg 1280w\" sizes=\"auto, (max-width: 1024px) 100vw, 1024px\" \/><\/figure>\n<\/figure>\n\n\n\n<h2 class=\"wp-block-heading\">Exposi\u00e7\u00e3o &#8220;Cantos e encantos: 40 anos coro da UEL&#8221;<\/h2>\n\n\n\n<figure class=\"wp-block-gallery has-nested-images columns-default is-cropped wp-block-gallery-12 is-layout-flex wp-block-gallery-is-layout-flex\">\n<figure class=\"wp-block-image size-large\"><img loading=\"lazy\" decoding=\"async\" width=\"723\" height=\"1024\" data-id=\"149\" src=\"https:\/\/sites.uel.br\/museu\/wp-content\/uploads\/2023\/06\/4a13253a-7c07-44c2-85df-c8127213e0fe-1-723x1024.jpg\" alt=\"\" class=\"wp-image-149\" srcset=\"https:\/\/sites.uel.br\/museu\/wp-content\/uploads\/2023\/06\/4a13253a-7c07-44c2-85df-c8127213e0fe-1-723x1024.jpg 723w, https:\/\/sites.uel.br\/museu\/wp-content\/uploads\/2023\/06\/4a13253a-7c07-44c2-85df-c8127213e0fe-1-212x300.jpg 212w, https:\/\/sites.uel.br\/museu\/wp-content\/uploads\/2023\/06\/4a13253a-7c07-44c2-85df-c8127213e0fe-1-768x1087.jpg 768w, https:\/\/sites.uel.br\/museu\/wp-content\/uploads\/2023\/06\/4a13253a-7c07-44c2-85df-c8127213e0fe-1.jpg 904w\" sizes=\"auto, (max-width: 723px) 100vw, 723px\" \/><\/figure>\n\n\n\n<figure class=\"wp-block-image size-large\"><img loading=\"lazy\" decoding=\"async\" width=\"682\" height=\"1024\" data-id=\"150\" src=\"https:\/\/sites.uel.br\/museu\/wp-content\/uploads\/2023\/06\/64d802fe-ea1c-4b16-ab9d-097b394bcf98-682x1024.jpg\" alt=\"\" class=\"wp-image-150\" srcset=\"https:\/\/sites.uel.br\/museu\/wp-content\/uploads\/2023\/06\/64d802fe-ea1c-4b16-ab9d-097b394bcf98-682x1024.jpg 682w, https:\/\/sites.uel.br\/museu\/wp-content\/uploads\/2023\/06\/64d802fe-ea1c-4b16-ab9d-097b394bcf98-200x300.jpg 200w, https:\/\/sites.uel.br\/museu\/wp-content\/uploads\/2023\/06\/64d802fe-ea1c-4b16-ab9d-097b394bcf98-768x1154.jpg 768w, https:\/\/sites.uel.br\/museu\/wp-content\/uploads\/2023\/06\/64d802fe-ea1c-4b16-ab9d-097b394bcf98.jpg 852w\" sizes=\"auto, (max-width: 682px) 100vw, 682px\" \/><\/figure>\n\n\n\n<figure class=\"wp-block-image size-large\"><img loading=\"lazy\" decoding=\"async\" width=\"942\" height=\"1024\" data-id=\"152\" src=\"https:\/\/sites.uel.br\/museu\/wp-content\/uploads\/2023\/06\/320d4b5d-aafd-4764-97ec-324ce0b45a72-1-942x1024.jpg\" alt=\"\" class=\"wp-image-152\" srcset=\"https:\/\/sites.uel.br\/museu\/wp-content\/uploads\/2023\/06\/320d4b5d-aafd-4764-97ec-324ce0b45a72-1-942x1024.jpg 942w, https:\/\/sites.uel.br\/museu\/wp-content\/uploads\/2023\/06\/320d4b5d-aafd-4764-97ec-324ce0b45a72-1-276x300.jpg 276w, https:\/\/sites.uel.br\/museu\/wp-content\/uploads\/2023\/06\/320d4b5d-aafd-4764-97ec-324ce0b45a72-1-768x835.jpg 768w, https:\/\/sites.uel.br\/museu\/wp-content\/uploads\/2023\/06\/320d4b5d-aafd-4764-97ec-324ce0b45a72-1.jpg 1177w\" sizes=\"auto, (max-width: 942px) 100vw, 942px\" \/><\/figure>\n\n\n\n<figure class=\"wp-block-image size-large\"><img loading=\"lazy\" decoding=\"async\" width=\"1024\" height=\"646\" data-id=\"153\" src=\"https:\/\/sites.uel.br\/museu\/wp-content\/uploads\/2023\/06\/935d8cad-7ec0-454c-baad-35b1c3c55327-1-1024x646.jpg\" alt=\"\" class=\"wp-image-153\" srcset=\"https:\/\/sites.uel.br\/museu\/wp-content\/uploads\/2023\/06\/935d8cad-7ec0-454c-baad-35b1c3c55327-1-1024x646.jpg 1024w, https:\/\/sites.uel.br\/museu\/wp-content\/uploads\/2023\/06\/935d8cad-7ec0-454c-baad-35b1c3c55327-1-300x189.jpg 300w, https:\/\/sites.uel.br\/museu\/wp-content\/uploads\/2023\/06\/935d8cad-7ec0-454c-baad-35b1c3c55327-1-768x484.jpg 768w, https:\/\/sites.uel.br\/museu\/wp-content\/uploads\/2023\/06\/935d8cad-7ec0-454c-baad-35b1c3c55327-1.jpg 1280w\" sizes=\"auto, (max-width: 1024px) 100vw, 1024px\" \/><\/figure>\n\n\n\n<figure class=\"wp-block-image size-large\"><img loading=\"lazy\" decoding=\"async\" width=\"1024\" height=\"591\" data-id=\"154\" src=\"https:\/\/sites.uel.br\/museu\/wp-content\/uploads\/2023\/06\/a54aaab5-ed97-4cc7-8c42-6314cf3eb826-1-1024x591.jpg\" alt=\"\" class=\"wp-image-154\" srcset=\"https:\/\/sites.uel.br\/museu\/wp-content\/uploads\/2023\/06\/a54aaab5-ed97-4cc7-8c42-6314cf3eb826-1-1024x591.jpg 1024w, https:\/\/sites.uel.br\/museu\/wp-content\/uploads\/2023\/06\/a54aaab5-ed97-4cc7-8c42-6314cf3eb826-1-300x173.jpg 300w, https:\/\/sites.uel.br\/museu\/wp-content\/uploads\/2023\/06\/a54aaab5-ed97-4cc7-8c42-6314cf3eb826-1-768x443.jpg 768w, https:\/\/sites.uel.br\/museu\/wp-content\/uploads\/2023\/06\/a54aaab5-ed97-4cc7-8c42-6314cf3eb826-1.jpg 1280w\" sizes=\"auto, (max-width: 1024px) 100vw, 1024px\" \/><\/figure>\n\n\n\n<figure class=\"wp-block-image size-large\"><img loading=\"lazy\" decoding=\"async\" width=\"1024\" height=\"611\" data-id=\"151\" src=\"https:\/\/sites.uel.br\/museu\/wp-content\/uploads\/2023\/06\/a9444a4c-0011-4512-b14f-b473cdfb74a7-1-1024x611.jpg\" alt=\"\" class=\"wp-image-151\" srcset=\"https:\/\/sites.uel.br\/museu\/wp-content\/uploads\/2023\/06\/a9444a4c-0011-4512-b14f-b473cdfb74a7-1-1024x611.jpg 1024w, https:\/\/sites.uel.br\/museu\/wp-content\/uploads\/2023\/06\/a9444a4c-0011-4512-b14f-b473cdfb74a7-1-300x179.jpg 300w, https:\/\/sites.uel.br\/museu\/wp-content\/uploads\/2023\/06\/a9444a4c-0011-4512-b14f-b473cdfb74a7-1-768x458.jpg 768w, https:\/\/sites.uel.br\/museu\/wp-content\/uploads\/2023\/06\/a9444a4c-0011-4512-b14f-b473cdfb74a7-1.jpg 1280w\" sizes=\"auto, (max-width: 1024px) 100vw, 1024px\" \/><\/figure>\n\n\n\n<figure class=\"wp-block-image size-large\"><img loading=\"lazy\" decoding=\"async\" width=\"1024\" height=\"492\" data-id=\"155\" src=\"https:\/\/sites.uel.br\/museu\/wp-content\/uploads\/2023\/06\/c35b6661-3278-4edb-aa89-f8a1b54c4ed7-1-1024x492.jpg\" alt=\"\" class=\"wp-image-155\" srcset=\"https:\/\/sites.uel.br\/museu\/wp-content\/uploads\/2023\/06\/c35b6661-3278-4edb-aa89-f8a1b54c4ed7-1-1024x492.jpg 1024w, https:\/\/sites.uel.br\/museu\/wp-content\/uploads\/2023\/06\/c35b6661-3278-4edb-aa89-f8a1b54c4ed7-1-300x144.jpg 300w, https:\/\/sites.uel.br\/museu\/wp-content\/uploads\/2023\/06\/c35b6661-3278-4edb-aa89-f8a1b54c4ed7-1-768x369.jpg 768w, https:\/\/sites.uel.br\/museu\/wp-content\/uploads\/2023\/06\/c35b6661-3278-4edb-aa89-f8a1b54c4ed7-1.jpg 1280w\" sizes=\"auto, (max-width: 1024px) 100vw, 1024px\" \/><\/figure>\n\n\n\n<figure class=\"wp-block-image size-large\"><img loading=\"lazy\" decoding=\"async\" width=\"1024\" height=\"620\" data-id=\"156\" src=\"https:\/\/sites.uel.br\/museu\/wp-content\/uploads\/2023\/06\/d9d26ff9-5bd1-49f7-89cf-1b093a27f8e9-1024x620.jpg\" alt=\"\" class=\"wp-image-156\" srcset=\"https:\/\/sites.uel.br\/museu\/wp-content\/uploads\/2023\/06\/d9d26ff9-5bd1-49f7-89cf-1b093a27f8e9-1024x620.jpg 1024w, https:\/\/sites.uel.br\/museu\/wp-content\/uploads\/2023\/06\/d9d26ff9-5bd1-49f7-89cf-1b093a27f8e9-300x182.jpg 300w, https:\/\/sites.uel.br\/museu\/wp-content\/uploads\/2023\/06\/d9d26ff9-5bd1-49f7-89cf-1b093a27f8e9-768x465.jpg 768w, https:\/\/sites.uel.br\/museu\/wp-content\/uploads\/2023\/06\/d9d26ff9-5bd1-49f7-89cf-1b093a27f8e9.jpg 1280w\" sizes=\"auto, (max-width: 1024px) 100vw, 1024px\" \/><\/figure>\n\n\n\n<figure class=\"wp-block-image size-large\"><img loading=\"lazy\" decoding=\"async\" width=\"1024\" height=\"594\" data-id=\"157\" src=\"https:\/\/sites.uel.br\/museu\/wp-content\/uploads\/2023\/06\/f8f1b241-7da5-428a-93de-33bd1d46ef8c-1-1024x594.jpg\" alt=\"\" class=\"wp-image-157\" srcset=\"https:\/\/sites.uel.br\/museu\/wp-content\/uploads\/2023\/06\/f8f1b241-7da5-428a-93de-33bd1d46ef8c-1-1024x594.jpg 1024w, https:\/\/sites.uel.br\/museu\/wp-content\/uploads\/2023\/06\/f8f1b241-7da5-428a-93de-33bd1d46ef8c-1-300x174.jpg 300w, https:\/\/sites.uel.br\/museu\/wp-content\/uploads\/2023\/06\/f8f1b241-7da5-428a-93de-33bd1d46ef8c-1-768x445.jpg 768w, https:\/\/sites.uel.br\/museu\/wp-content\/uploads\/2023\/06\/f8f1b241-7da5-428a-93de-33bd1d46ef8c-1.jpg 1280w\" sizes=\"auto, (max-width: 1024px) 100vw, 1024px\" \/><\/figure>\n<\/figure>\n\n\n\n<h2 class=\"wp-block-heading\">Exposi\u00e7\u00e3o &#8220;60 anos da telenovela brasileira e RPC Londrina TV Coroados&#8221;<\/h2>\n\n\n\n<figure class=\"wp-block-gallery has-nested-images columns-default is-cropped wp-block-gallery-13 is-layout-flex wp-block-gallery-is-layout-flex\">\n<figure class=\"wp-block-image size-large\"><img loading=\"lazy\" decoding=\"async\" width=\"1024\" height=\"768\" data-id=\"158\" src=\"https:\/\/sites.uel.br\/museu\/wp-content\/uploads\/2023\/06\/0f05bf1d-de00-41cb-b032-8d70c0e0995f-1024x768.jpg\" alt=\"\" class=\"wp-image-158\" srcset=\"https:\/\/sites.uel.br\/museu\/wp-content\/uploads\/2023\/06\/0f05bf1d-de00-41cb-b032-8d70c0e0995f-1024x768.jpg 1024w, https:\/\/sites.uel.br\/museu\/wp-content\/uploads\/2023\/06\/0f05bf1d-de00-41cb-b032-8d70c0e0995f-300x225.jpg 300w, https:\/\/sites.uel.br\/museu\/wp-content\/uploads\/2023\/06\/0f05bf1d-de00-41cb-b032-8d70c0e0995f-768x576.jpg 768w, https:\/\/sites.uel.br\/museu\/wp-content\/uploads\/2023\/06\/0f05bf1d-de00-41cb-b032-8d70c0e0995f.jpg 1280w\" sizes=\"auto, (max-width: 1024px) 100vw, 1024px\" \/><\/figure>\n\n\n\n<figure class=\"wp-block-image size-large\"><img loading=\"lazy\" decoding=\"async\" width=\"1024\" height=\"898\" data-id=\"160\" src=\"https:\/\/sites.uel.br\/museu\/wp-content\/uploads\/2023\/06\/4f6d609b-d054-4a84-ac32-a11be0f8eaae-1024x898.jpg\" alt=\"\" class=\"wp-image-160\" srcset=\"https:\/\/sites.uel.br\/museu\/wp-content\/uploads\/2023\/06\/4f6d609b-d054-4a84-ac32-a11be0f8eaae-1024x898.jpg 1024w, https:\/\/sites.uel.br\/museu\/wp-content\/uploads\/2023\/06\/4f6d609b-d054-4a84-ac32-a11be0f8eaae-300x263.jpg 300w, https:\/\/sites.uel.br\/museu\/wp-content\/uploads\/2023\/06\/4f6d609b-d054-4a84-ac32-a11be0f8eaae-768x674.jpg 768w, https:\/\/sites.uel.br\/museu\/wp-content\/uploads\/2023\/06\/4f6d609b-d054-4a84-ac32-a11be0f8eaae.jpg 1280w\" sizes=\"auto, (max-width: 1024px) 100vw, 1024px\" \/><\/figure>\n\n\n\n<figure class=\"wp-block-image size-large\"><img loading=\"lazy\" decoding=\"async\" width=\"1024\" height=\"631\" data-id=\"163\" src=\"https:\/\/sites.uel.br\/museu\/wp-content\/uploads\/2023\/06\/96f99dd9-e920-4adf-9475-c1428b4e32b9-1024x631.jpg\" alt=\"\" class=\"wp-image-163\" srcset=\"https:\/\/sites.uel.br\/museu\/wp-content\/uploads\/2023\/06\/96f99dd9-e920-4adf-9475-c1428b4e32b9-1024x631.jpg 1024w, https:\/\/sites.uel.br\/museu\/wp-content\/uploads\/2023\/06\/96f99dd9-e920-4adf-9475-c1428b4e32b9-300x185.jpg 300w, https:\/\/sites.uel.br\/museu\/wp-content\/uploads\/2023\/06\/96f99dd9-e920-4adf-9475-c1428b4e32b9-768x473.jpg 768w, https:\/\/sites.uel.br\/museu\/wp-content\/uploads\/2023\/06\/96f99dd9-e920-4adf-9475-c1428b4e32b9.jpg 1280w\" sizes=\"auto, (max-width: 1024px) 100vw, 1024px\" \/><\/figure>\n\n\n\n<figure class=\"wp-block-image size-large\"><img loading=\"lazy\" decoding=\"async\" width=\"1024\" height=\"768\" data-id=\"159\" src=\"https:\/\/sites.uel.br\/museu\/wp-content\/uploads\/2023\/06\/1979361d-73e2-486a-b119-048ac2716a38-1024x768.jpg\" alt=\"\" class=\"wp-image-159\" srcset=\"https:\/\/sites.uel.br\/museu\/wp-content\/uploads\/2023\/06\/1979361d-73e2-486a-b119-048ac2716a38-1024x768.jpg 1024w, https:\/\/sites.uel.br\/museu\/wp-content\/uploads\/2023\/06\/1979361d-73e2-486a-b119-048ac2716a38-300x225.jpg 300w, https:\/\/sites.uel.br\/museu\/wp-content\/uploads\/2023\/06\/1979361d-73e2-486a-b119-048ac2716a38-768x576.jpg 768w, https:\/\/sites.uel.br\/museu\/wp-content\/uploads\/2023\/06\/1979361d-73e2-486a-b119-048ac2716a38.jpg 1280w\" sizes=\"auto, (max-width: 1024px) 100vw, 1024px\" \/><\/figure>\n\n\n\n<figure class=\"wp-block-image size-large\"><img loading=\"lazy\" decoding=\"async\" width=\"1024\" height=\"768\" data-id=\"161\" src=\"https:\/\/sites.uel.br\/museu\/wp-content\/uploads\/2023\/06\/a6900a68-a871-45fe-82e1-836f39407c4e-1024x768.jpg\" alt=\"\" class=\"wp-image-161\" srcset=\"https:\/\/sites.uel.br\/museu\/wp-content\/uploads\/2023\/06\/a6900a68-a871-45fe-82e1-836f39407c4e-1024x768.jpg 1024w, https:\/\/sites.uel.br\/museu\/wp-content\/uploads\/2023\/06\/a6900a68-a871-45fe-82e1-836f39407c4e-300x225.jpg 300w, https:\/\/sites.uel.br\/museu\/wp-content\/uploads\/2023\/06\/a6900a68-a871-45fe-82e1-836f39407c4e-768x576.jpg 768w, https:\/\/sites.uel.br\/museu\/wp-content\/uploads\/2023\/06\/a6900a68-a871-45fe-82e1-836f39407c4e.jpg 1280w\" sizes=\"auto, (max-width: 1024px) 100vw, 1024px\" \/><\/figure>\n\n\n\n<figure class=\"wp-block-image size-large\"><img loading=\"lazy\" decoding=\"async\" width=\"1024\" height=\"602\" data-id=\"162\" src=\"https:\/\/sites.uel.br\/museu\/wp-content\/uploads\/2023\/06\/a9251567-6bfd-49e2-9f7e-93a96b2b4873-1024x602.jpg\" alt=\"\" class=\"wp-image-162\" srcset=\"https:\/\/sites.uel.br\/museu\/wp-content\/uploads\/2023\/06\/a9251567-6bfd-49e2-9f7e-93a96b2b4873-1024x602.jpg 1024w, https:\/\/sites.uel.br\/museu\/wp-content\/uploads\/2023\/06\/a9251567-6bfd-49e2-9f7e-93a96b2b4873-300x176.jpg 300w, https:\/\/sites.uel.br\/museu\/wp-content\/uploads\/2023\/06\/a9251567-6bfd-49e2-9f7e-93a96b2b4873-768x451.jpg 768w, https:\/\/sites.uel.br\/museu\/wp-content\/uploads\/2023\/06\/a9251567-6bfd-49e2-9f7e-93a96b2b4873.jpg 1280w\" sizes=\"auto, (max-width: 1024px) 100vw, 1024px\" \/><\/figure>\n\n\n\n<figure class=\"wp-block-image size-large\"><img loading=\"lazy\" decoding=\"async\" width=\"1024\" height=\"768\" data-id=\"164\" src=\"https:\/\/sites.uel.br\/museu\/wp-content\/uploads\/2023\/06\/e36d3858-8582-4688-964e-ae5b1e768e89-1024x768.jpg\" alt=\"\" class=\"wp-image-164\" srcset=\"https:\/\/sites.uel.br\/museu\/wp-content\/uploads\/2023\/06\/e36d3858-8582-4688-964e-ae5b1e768e89-1024x768.jpg 1024w, https:\/\/sites.uel.br\/museu\/wp-content\/uploads\/2023\/06\/e36d3858-8582-4688-964e-ae5b1e768e89-300x225.jpg 300w, https:\/\/sites.uel.br\/museu\/wp-content\/uploads\/2023\/06\/e36d3858-8582-4688-964e-ae5b1e768e89-768x576.jpg 768w, https:\/\/sites.uel.br\/museu\/wp-content\/uploads\/2023\/06\/e36d3858-8582-4688-964e-ae5b1e768e89.jpg 1280w\" sizes=\"auto, (max-width: 1024px) 100vw, 1024px\" \/><\/figure>\n\n\n\n<figure class=\"wp-block-image size-large\"><img loading=\"lazy\" decoding=\"async\" width=\"1024\" height=\"768\" data-id=\"165\" src=\"https:\/\/sites.uel.br\/museu\/wp-content\/uploads\/2023\/06\/ff69a27e-1055-473b-8263-ead27dbd0480-1024x768.jpg\" alt=\"\" class=\"wp-image-165\" srcset=\"https:\/\/sites.uel.br\/museu\/wp-content\/uploads\/2023\/06\/ff69a27e-1055-473b-8263-ead27dbd0480-1024x768.jpg 1024w, https:\/\/sites.uel.br\/museu\/wp-content\/uploads\/2023\/06\/ff69a27e-1055-473b-8263-ead27dbd0480-300x225.jpg 300w, https:\/\/sites.uel.br\/museu\/wp-content\/uploads\/2023\/06\/ff69a27e-1055-473b-8263-ead27dbd0480-768x576.jpg 768w, https:\/\/sites.uel.br\/museu\/wp-content\/uploads\/2023\/06\/ff69a27e-1055-473b-8263-ead27dbd0480.jpg 1280w\" sizes=\"auto, (max-width: 1024px) 100vw, 1024px\" \/><\/figure>\n<\/figure>\n\n\n\n<h2 class=\"wp-block-heading\">Exposi\u00e7\u00e3o &#8220;Arm\u00ednio Kaiser: ao sabor do caf\u00e9&#8221;<\/h2>\n\n\n\n<figure class=\"wp-block-gallery has-nested-images columns-default is-cropped wp-block-gallery-14 is-layout-flex wp-block-gallery-is-layout-flex\">\n<figure class=\"wp-block-image size-large\"><img loading=\"lazy\" decoding=\"async\" width=\"768\" height=\"1024\" data-id=\"166\" src=\"https:\/\/sites.uel.br\/museu\/wp-content\/uploads\/2023\/06\/0f31100b-fc54-4608-841d-122b98f75859-768x1024.jpg\" alt=\"\" class=\"wp-image-166\" srcset=\"https:\/\/sites.uel.br\/museu\/wp-content\/uploads\/2023\/06\/0f31100b-fc54-4608-841d-122b98f75859-768x1024.jpg 768w, https:\/\/sites.uel.br\/museu\/wp-content\/uploads\/2023\/06\/0f31100b-fc54-4608-841d-122b98f75859-225x300.jpg 225w, https:\/\/sites.uel.br\/museu\/wp-content\/uploads\/2023\/06\/0f31100b-fc54-4608-841d-122b98f75859.jpg 960w\" sizes=\"auto, (max-width: 768px) 100vw, 768px\" \/><\/figure>\n\n\n\n<figure class=\"wp-block-image size-large\"><img loading=\"lazy\" decoding=\"async\" width=\"1024\" height=\"768\" data-id=\"167\" src=\"https:\/\/sites.uel.br\/museu\/wp-content\/uploads\/2023\/06\/7fe1ea50-e436-4ee0-8e6d-dcc438f32ab8-1024x768.jpg\" alt=\"\" class=\"wp-image-167\" srcset=\"https:\/\/sites.uel.br\/museu\/wp-content\/uploads\/2023\/06\/7fe1ea50-e436-4ee0-8e6d-dcc438f32ab8-1024x768.jpg 1024w, https:\/\/sites.uel.br\/museu\/wp-content\/uploads\/2023\/06\/7fe1ea50-e436-4ee0-8e6d-dcc438f32ab8-300x225.jpg 300w, https:\/\/sites.uel.br\/museu\/wp-content\/uploads\/2023\/06\/7fe1ea50-e436-4ee0-8e6d-dcc438f32ab8-768x576.jpg 768w, https:\/\/sites.uel.br\/museu\/wp-content\/uploads\/2023\/06\/7fe1ea50-e436-4ee0-8e6d-dcc438f32ab8.jpg 1280w\" sizes=\"auto, (max-width: 1024px) 100vw, 1024px\" \/><\/figure>\n\n\n\n<figure class=\"wp-block-image size-large\"><img loading=\"lazy\" decoding=\"async\" width=\"1024\" height=\"690\" data-id=\"169\" src=\"https:\/\/sites.uel.br\/museu\/wp-content\/uploads\/2023\/06\/9ce3e5d2-76c3-49fc-a437-b95d04c71afb-1024x690.jpg\" alt=\"\" class=\"wp-image-169\" srcset=\"https:\/\/sites.uel.br\/museu\/wp-content\/uploads\/2023\/06\/9ce3e5d2-76c3-49fc-a437-b95d04c71afb-1024x690.jpg 1024w, https:\/\/sites.uel.br\/museu\/wp-content\/uploads\/2023\/06\/9ce3e5d2-76c3-49fc-a437-b95d04c71afb-300x202.jpg 300w, https:\/\/sites.uel.br\/museu\/wp-content\/uploads\/2023\/06\/9ce3e5d2-76c3-49fc-a437-b95d04c71afb-768x518.jpg 768w, https:\/\/sites.uel.br\/museu\/wp-content\/uploads\/2023\/06\/9ce3e5d2-76c3-49fc-a437-b95d04c71afb.jpg 1280w\" sizes=\"auto, (max-width: 1024px) 100vw, 1024px\" \/><\/figure>\n\n\n\n<figure class=\"wp-block-image size-large\"><img loading=\"lazy\" decoding=\"async\" width=\"1024\" height=\"768\" data-id=\"171\" src=\"https:\/\/sites.uel.br\/museu\/wp-content\/uploads\/2023\/06\/48ca6cda-c428-4356-ac8b-97372308d1cd-1024x768.jpg\" alt=\"\" class=\"wp-image-171\" srcset=\"https:\/\/sites.uel.br\/museu\/wp-content\/uploads\/2023\/06\/48ca6cda-c428-4356-ac8b-97372308d1cd-1024x768.jpg 1024w, https:\/\/sites.uel.br\/museu\/wp-content\/uploads\/2023\/06\/48ca6cda-c428-4356-ac8b-97372308d1cd-300x225.jpg 300w, https:\/\/sites.uel.br\/museu\/wp-content\/uploads\/2023\/06\/48ca6cda-c428-4356-ac8b-97372308d1cd-768x576.jpg 768w, https:\/\/sites.uel.br\/museu\/wp-content\/uploads\/2023\/06\/48ca6cda-c428-4356-ac8b-97372308d1cd.jpg 1280w\" sizes=\"auto, (max-width: 1024px) 100vw, 1024px\" \/><\/figure>\n\n\n\n<figure class=\"wp-block-image size-large\"><img loading=\"lazy\" decoding=\"async\" width=\"1024\" height=\"768\" data-id=\"168\" src=\"https:\/\/sites.uel.br\/museu\/wp-content\/uploads\/2023\/06\/55d1bd1c-e85b-4e56-a918-1265e9025278-1024x768.jpg\" alt=\"\" class=\"wp-image-168\" srcset=\"https:\/\/sites.uel.br\/museu\/wp-content\/uploads\/2023\/06\/55d1bd1c-e85b-4e56-a918-1265e9025278-1024x768.jpg 1024w, https:\/\/sites.uel.br\/museu\/wp-content\/uploads\/2023\/06\/55d1bd1c-e85b-4e56-a918-1265e9025278-300x225.jpg 300w, https:\/\/sites.uel.br\/museu\/wp-content\/uploads\/2023\/06\/55d1bd1c-e85b-4e56-a918-1265e9025278-768x576.jpg 768w, https:\/\/sites.uel.br\/museu\/wp-content\/uploads\/2023\/06\/55d1bd1c-e85b-4e56-a918-1265e9025278.jpg 1280w\" sizes=\"auto, (max-width: 1024px) 100vw, 1024px\" \/><\/figure>\n\n\n\n<figure class=\"wp-block-image size-large\"><img loading=\"lazy\" decoding=\"async\" width=\"1024\" height=\"768\" data-id=\"170\" src=\"https:\/\/sites.uel.br\/museu\/wp-content\/uploads\/2023\/06\/b191f039-09b3-45c2-9ed0-e3fe2d160d2e-1024x768.jpg\" alt=\"\" class=\"wp-image-170\" srcset=\"https:\/\/sites.uel.br\/museu\/wp-content\/uploads\/2023\/06\/b191f039-09b3-45c2-9ed0-e3fe2d160d2e-1024x768.jpg 1024w, https:\/\/sites.uel.br\/museu\/wp-content\/uploads\/2023\/06\/b191f039-09b3-45c2-9ed0-e3fe2d160d2e-300x225.jpg 300w, https:\/\/sites.uel.br\/museu\/wp-content\/uploads\/2023\/06\/b191f039-09b3-45c2-9ed0-e3fe2d160d2e-768x576.jpg 768w, https:\/\/sites.uel.br\/museu\/wp-content\/uploads\/2023\/06\/b191f039-09b3-45c2-9ed0-e3fe2d160d2e.jpg 1280w\" sizes=\"auto, (max-width: 1024px) 100vw, 1024px\" \/><\/figure>\n\n\n\n<figure class=\"wp-block-image size-large\"><img loading=\"lazy\" decoding=\"async\" width=\"1024\" height=\"768\" data-id=\"172\" src=\"https:\/\/sites.uel.br\/museu\/wp-content\/uploads\/2023\/06\/c475e826-2a16-4ce7-9124-2968d619b312-1024x768.jpg\" alt=\"\" class=\"wp-image-172\" srcset=\"https:\/\/sites.uel.br\/museu\/wp-content\/uploads\/2023\/06\/c475e826-2a16-4ce7-9124-2968d619b312-1024x768.jpg 1024w, https:\/\/sites.uel.br\/museu\/wp-content\/uploads\/2023\/06\/c475e826-2a16-4ce7-9124-2968d619b312-300x225.jpg 300w, https:\/\/sites.uel.br\/museu\/wp-content\/uploads\/2023\/06\/c475e826-2a16-4ce7-9124-2968d619b312-768x576.jpg 768w, https:\/\/sites.uel.br\/museu\/wp-content\/uploads\/2023\/06\/c475e826-2a16-4ce7-9124-2968d619b312.jpg 1280w\" sizes=\"auto, (max-width: 1024px) 100vw, 1024px\" \/><\/figure>\n\n\n\n<figure class=\"wp-block-image size-large\"><img loading=\"lazy\" decoding=\"async\" width=\"1024\" height=\"768\" data-id=\"173\" src=\"https:\/\/sites.uel.br\/museu\/wp-content\/uploads\/2023\/06\/d1a80a8f-3996-44bc-89c9-9b04e701ec65-1024x768.jpg\" alt=\"\" class=\"wp-image-173\" srcset=\"https:\/\/sites.uel.br\/museu\/wp-content\/uploads\/2023\/06\/d1a80a8f-3996-44bc-89c9-9b04e701ec65-1024x768.jpg 1024w, https:\/\/sites.uel.br\/museu\/wp-content\/uploads\/2023\/06\/d1a80a8f-3996-44bc-89c9-9b04e701ec65-300x225.jpg 300w, https:\/\/sites.uel.br\/museu\/wp-content\/uploads\/2023\/06\/d1a80a8f-3996-44bc-89c9-9b04e701ec65-768x576.jpg 768w, https:\/\/sites.uel.br\/museu\/wp-content\/uploads\/2023\/06\/d1a80a8f-3996-44bc-89c9-9b04e701ec65.jpg 1280w\" sizes=\"auto, (max-width: 1024px) 100vw, 1024px\" \/><\/figure>\n\n\n\n<figure class=\"wp-block-image size-large\"><img loading=\"lazy\" decoding=\"async\" width=\"768\" height=\"1024\" data-id=\"175\" src=\"https:\/\/sites.uel.br\/museu\/wp-content\/uploads\/2023\/06\/d9e40638-ea72-4add-a0c9-5fa6be796780-768x1024.jpg\" alt=\"\" class=\"wp-image-175\" srcset=\"https:\/\/sites.uel.br\/museu\/wp-content\/uploads\/2023\/06\/d9e40638-ea72-4add-a0c9-5fa6be796780-768x1024.jpg 768w, https:\/\/sites.uel.br\/museu\/wp-content\/uploads\/2023\/06\/d9e40638-ea72-4add-a0c9-5fa6be796780-225x300.jpg 225w, https:\/\/sites.uel.br\/museu\/wp-content\/uploads\/2023\/06\/d9e40638-ea72-4add-a0c9-5fa6be796780.jpg 960w\" sizes=\"auto, (max-width: 768px) 100vw, 768px\" \/><\/figure>\n\n\n\n<figure class=\"wp-block-image size-large\"><img loading=\"lazy\" decoding=\"async\" width=\"1024\" height=\"768\" data-id=\"176\" src=\"https:\/\/sites.uel.br\/museu\/wp-content\/uploads\/2023\/06\/e08046a3-1af1-4ef5-861c-0ee7a7b66ce0-1024x768.jpg\" alt=\"\" class=\"wp-image-176\" srcset=\"https:\/\/sites.uel.br\/museu\/wp-content\/uploads\/2023\/06\/e08046a3-1af1-4ef5-861c-0ee7a7b66ce0-1024x768.jpg 1024w, https:\/\/sites.uel.br\/museu\/wp-content\/uploads\/2023\/06\/e08046a3-1af1-4ef5-861c-0ee7a7b66ce0-300x225.jpg 300w, https:\/\/sites.uel.br\/museu\/wp-content\/uploads\/2023\/06\/e08046a3-1af1-4ef5-861c-0ee7a7b66ce0-768x576.jpg 768w, https:\/\/sites.uel.br\/museu\/wp-content\/uploads\/2023\/06\/e08046a3-1af1-4ef5-861c-0ee7a7b66ce0.jpg 1280w\" sizes=\"auto, (max-width: 1024px) 100vw, 1024px\" \/><\/figure>\n\n\n\n<figure class=\"wp-block-image size-large\"><img loading=\"lazy\" decoding=\"async\" width=\"768\" height=\"1024\" data-id=\"174\" src=\"https:\/\/sites.uel.br\/museu\/wp-content\/uploads\/2023\/06\/f4e0fa3a-766f-4f4f-a02a-b4daad28fa3a-768x1024.jpg\" alt=\"\" class=\"wp-image-174\" srcset=\"https:\/\/sites.uel.br\/museu\/wp-content\/uploads\/2023\/06\/f4e0fa3a-766f-4f4f-a02a-b4daad28fa3a-768x1024.jpg 768w, https:\/\/sites.uel.br\/museu\/wp-content\/uploads\/2023\/06\/f4e0fa3a-766f-4f4f-a02a-b4daad28fa3a-225x300.jpg 225w, https:\/\/sites.uel.br\/museu\/wp-content\/uploads\/2023\/06\/f4e0fa3a-766f-4f4f-a02a-b4daad28fa3a.jpg 960w\" sizes=\"auto, (max-width: 768px) 100vw, 768px\" \/><\/figure>\n<\/figure>\n\n\n\n<h2 class=\"wp-block-heading\">Exposi\u00e7\u00e3o &#8220;Caravana 80 anos: Londrina sob o olhar de George Craig Smith&#8221;<\/h2>\n\n\n\n<figure class=\"wp-block-gallery has-nested-images columns-default is-cropped wp-block-gallery-15 is-layout-flex wp-block-gallery-is-layout-flex\">\n<figure class=\"wp-block-image size-large\"><img loading=\"lazy\" decoding=\"async\" width=\"768\" height=\"1024\" data-id=\"181\" src=\"https:\/\/sites.uel.br\/museu\/wp-content\/uploads\/2023\/06\/2f0139cc-3764-456b-85df-9112c9d7b081-768x1024.jpg\" alt=\"\" class=\"wp-image-181\" srcset=\"https:\/\/sites.uel.br\/museu\/wp-content\/uploads\/2023\/06\/2f0139cc-3764-456b-85df-9112c9d7b081-768x1024.jpg 768w, https:\/\/sites.uel.br\/museu\/wp-content\/uploads\/2023\/06\/2f0139cc-3764-456b-85df-9112c9d7b081-225x300.jpg 225w, https:\/\/sites.uel.br\/museu\/wp-content\/uploads\/2023\/06\/2f0139cc-3764-456b-85df-9112c9d7b081.jpg 960w\" sizes=\"auto, (max-width: 768px) 100vw, 768px\" \/><\/figure>\n\n\n\n<figure class=\"wp-block-image size-large\"><img loading=\"lazy\" decoding=\"async\" width=\"1024\" height=\"768\" data-id=\"178\" src=\"https:\/\/sites.uel.br\/museu\/wp-content\/uploads\/2023\/06\/4e8490ed-a00b-48f0-baa3-b05fbba0ec6b-1024x768.jpg\" alt=\"\" class=\"wp-image-178\" srcset=\"https:\/\/sites.uel.br\/museu\/wp-content\/uploads\/2023\/06\/4e8490ed-a00b-48f0-baa3-b05fbba0ec6b-1024x768.jpg 1024w, https:\/\/sites.uel.br\/museu\/wp-content\/uploads\/2023\/06\/4e8490ed-a00b-48f0-baa3-b05fbba0ec6b-300x225.jpg 300w, https:\/\/sites.uel.br\/museu\/wp-content\/uploads\/2023\/06\/4e8490ed-a00b-48f0-baa3-b05fbba0ec6b-768x576.jpg 768w, https:\/\/sites.uel.br\/museu\/wp-content\/uploads\/2023\/06\/4e8490ed-a00b-48f0-baa3-b05fbba0ec6b.jpg 1280w\" sizes=\"auto, (max-width: 1024px) 100vw, 1024px\" \/><\/figure>\n\n\n\n<figure class=\"wp-block-image size-large\"><img loading=\"lazy\" decoding=\"async\" width=\"1024\" height=\"768\" data-id=\"180\" src=\"https:\/\/sites.uel.br\/museu\/wp-content\/uploads\/2023\/06\/5cca54fd-7e99-4020-a967-d97b1d5d2c0d-1024x768.jpg\" alt=\"\" class=\"wp-image-180\" srcset=\"https:\/\/sites.uel.br\/museu\/wp-content\/uploads\/2023\/06\/5cca54fd-7e99-4020-a967-d97b1d5d2c0d-1024x768.jpg 1024w, https:\/\/sites.uel.br\/museu\/wp-content\/uploads\/2023\/06\/5cca54fd-7e99-4020-a967-d97b1d5d2c0d-300x225.jpg 300w, https:\/\/sites.uel.br\/museu\/wp-content\/uploads\/2023\/06\/5cca54fd-7e99-4020-a967-d97b1d5d2c0d-768x576.jpg 768w, https:\/\/sites.uel.br\/museu\/wp-content\/uploads\/2023\/06\/5cca54fd-7e99-4020-a967-d97b1d5d2c0d.jpg 1280w\" sizes=\"auto, (max-width: 1024px) 100vw, 1024px\" \/><\/figure>\n\n\n\n<figure class=\"wp-block-image size-large\"><img loading=\"lazy\" decoding=\"async\" width=\"1024\" height=\"538\" data-id=\"179\" src=\"https:\/\/sites.uel.br\/museu\/wp-content\/uploads\/2023\/06\/6ab32400-fc82-4834-ba93-9814b5da6a7c-1024x538.jpg\" alt=\"\" class=\"wp-image-179\" srcset=\"https:\/\/sites.uel.br\/museu\/wp-content\/uploads\/2023\/06\/6ab32400-fc82-4834-ba93-9814b5da6a7c-1024x538.jpg 1024w, https:\/\/sites.uel.br\/museu\/wp-content\/uploads\/2023\/06\/6ab32400-fc82-4834-ba93-9814b5da6a7c-300x158.jpg 300w, https:\/\/sites.uel.br\/museu\/wp-content\/uploads\/2023\/06\/6ab32400-fc82-4834-ba93-9814b5da6a7c-768x403.jpg 768w, https:\/\/sites.uel.br\/museu\/wp-content\/uploads\/2023\/06\/6ab32400-fc82-4834-ba93-9814b5da6a7c.jpg 1280w\" sizes=\"auto, (max-width: 1024px) 100vw, 1024px\" \/><\/figure>\n\n\n\n<figure class=\"wp-block-image size-large\"><img loading=\"lazy\" decoding=\"async\" width=\"1024\" height=\"598\" data-id=\"177\" src=\"https:\/\/sites.uel.br\/museu\/wp-content\/uploads\/2023\/06\/120a5ad5-5337-4145-85d9-7b828f325341-1024x598.jpg\" alt=\"\" class=\"wp-image-177\" srcset=\"https:\/\/sites.uel.br\/museu\/wp-content\/uploads\/2023\/06\/120a5ad5-5337-4145-85d9-7b828f325341-1024x598.jpg 1024w, https:\/\/sites.uel.br\/museu\/wp-content\/uploads\/2023\/06\/120a5ad5-5337-4145-85d9-7b828f325341-300x175.jpg 300w, https:\/\/sites.uel.br\/museu\/wp-content\/uploads\/2023\/06\/120a5ad5-5337-4145-85d9-7b828f325341-768x448.jpg 768w, https:\/\/sites.uel.br\/museu\/wp-content\/uploads\/2023\/06\/120a5ad5-5337-4145-85d9-7b828f325341.jpg 1280w\" sizes=\"auto, (max-width: 1024px) 100vw, 1024px\" \/><\/figure>\n\n\n\n<figure class=\"wp-block-image size-large\"><img loading=\"lazy\" decoding=\"async\" width=\"1024\" height=\"768\" data-id=\"183\" src=\"https:\/\/sites.uel.br\/museu\/wp-content\/uploads\/2023\/06\/1979361d-73e2-486a-b119-048ac2716a38-1-1024x768.jpg\" alt=\"\" class=\"wp-image-183\" srcset=\"https:\/\/sites.uel.br\/museu\/wp-content\/uploads\/2023\/06\/1979361d-73e2-486a-b119-048ac2716a38-1-1024x768.jpg 1024w, https:\/\/sites.uel.br\/museu\/wp-content\/uploads\/2023\/06\/1979361d-73e2-486a-b119-048ac2716a38-1-300x225.jpg 300w, https:\/\/sites.uel.br\/museu\/wp-content\/uploads\/2023\/06\/1979361d-73e2-486a-b119-048ac2716a38-1-768x576.jpg 768w, https:\/\/sites.uel.br\/museu\/wp-content\/uploads\/2023\/06\/1979361d-73e2-486a-b119-048ac2716a38-1.jpg 1280w\" sizes=\"auto, (max-width: 1024px) 100vw, 1024px\" \/><\/figure>\n\n\n\n<figure class=\"wp-block-image size-large\"><img loading=\"lazy\" decoding=\"async\" width=\"1024\" height=\"768\" data-id=\"182\" src=\"https:\/\/sites.uel.br\/museu\/wp-content\/uploads\/2023\/06\/a6900a68-a871-45fe-82e1-836f39407c4e-1-1024x768.jpg\" alt=\"\" class=\"wp-image-182\" srcset=\"https:\/\/sites.uel.br\/museu\/wp-content\/uploads\/2023\/06\/a6900a68-a871-45fe-82e1-836f39407c4e-1-1024x768.jpg 1024w, https:\/\/sites.uel.br\/museu\/wp-content\/uploads\/2023\/06\/a6900a68-a871-45fe-82e1-836f39407c4e-1-300x225.jpg 300w, https:\/\/sites.uel.br\/museu\/wp-content\/uploads\/2023\/06\/a6900a68-a871-45fe-82e1-836f39407c4e-1-768x576.jpg 768w, https:\/\/sites.uel.br\/museu\/wp-content\/uploads\/2023\/06\/a6900a68-a871-45fe-82e1-836f39407c4e-1.jpg 1280w\" sizes=\"auto, (max-width: 1024px) 100vw, 1024px\" \/><\/figure>\n\n\n\n<figure class=\"wp-block-image size-large\"><img loading=\"lazy\" decoding=\"async\" width=\"1024\" height=\"768\" data-id=\"184\" src=\"https:\/\/sites.uel.br\/museu\/wp-content\/uploads\/2023\/06\/b6b51a96-8e7e-4df0-b0ca-32cbeff3dae9-1024x768.jpg\" alt=\"\" class=\"wp-image-184\" srcset=\"https:\/\/sites.uel.br\/museu\/wp-content\/uploads\/2023\/06\/b6b51a96-8e7e-4df0-b0ca-32cbeff3dae9-1024x768.jpg 1024w, https:\/\/sites.uel.br\/museu\/wp-content\/uploads\/2023\/06\/b6b51a96-8e7e-4df0-b0ca-32cbeff3dae9-300x225.jpg 300w, https:\/\/sites.uel.br\/museu\/wp-content\/uploads\/2023\/06\/b6b51a96-8e7e-4df0-b0ca-32cbeff3dae9-768x576.jpg 768w, https:\/\/sites.uel.br\/museu\/wp-content\/uploads\/2023\/06\/b6b51a96-8e7e-4df0-b0ca-32cbeff3dae9.jpg 1280w\" sizes=\"auto, (max-width: 1024px) 100vw, 1024px\" \/><\/figure>\n\n\n\n<figure class=\"wp-block-image size-large\"><img loading=\"lazy\" decoding=\"async\" width=\"1024\" height=\"768\" data-id=\"186\" src=\"https:\/\/sites.uel.br\/museu\/wp-content\/uploads\/2023\/06\/b1942e07-a45d-4bd6-8846-ad8cde384e2c-1024x768.jpg\" alt=\"\" class=\"wp-image-186\" srcset=\"https:\/\/sites.uel.br\/museu\/wp-content\/uploads\/2023\/06\/b1942e07-a45d-4bd6-8846-ad8cde384e2c-1024x768.jpg 1024w, https:\/\/sites.uel.br\/museu\/wp-content\/uploads\/2023\/06\/b1942e07-a45d-4bd6-8846-ad8cde384e2c-300x225.jpg 300w, https:\/\/sites.uel.br\/museu\/wp-content\/uploads\/2023\/06\/b1942e07-a45d-4bd6-8846-ad8cde384e2c-768x576.jpg 768w, https:\/\/sites.uel.br\/museu\/wp-content\/uploads\/2023\/06\/b1942e07-a45d-4bd6-8846-ad8cde384e2c.jpg 1280w\" sizes=\"auto, (max-width: 1024px) 100vw, 1024px\" \/><\/figure>\n\n\n\n<figure class=\"wp-block-image size-large\"><img loading=\"lazy\" decoding=\"async\" width=\"1024\" height=\"768\" data-id=\"185\" src=\"https:\/\/sites.uel.br\/museu\/wp-content\/uploads\/2023\/06\/babf8474-bd53-43c7-b648-d421669895fb-1024x768.jpg\" alt=\"\" class=\"wp-image-185\" srcset=\"https:\/\/sites.uel.br\/museu\/wp-content\/uploads\/2023\/06\/babf8474-bd53-43c7-b648-d421669895fb-1024x768.jpg 1024w, https:\/\/sites.uel.br\/museu\/wp-content\/uploads\/2023\/06\/babf8474-bd53-43c7-b648-d421669895fb-300x225.jpg 300w, https:\/\/sites.uel.br\/museu\/wp-content\/uploads\/2023\/06\/babf8474-bd53-43c7-b648-d421669895fb-768x576.jpg 768w, https:\/\/sites.uel.br\/museu\/wp-content\/uploads\/2023\/06\/babf8474-bd53-43c7-b648-d421669895fb.jpg 1280w\" sizes=\"auto, (max-width: 1024px) 100vw, 1024px\" \/><\/figure>\n\n\n\n<figure class=\"wp-block-image size-large\"><img loading=\"lazy\" decoding=\"async\" width=\"768\" height=\"1024\" data-id=\"187\" src=\"https:\/\/sites.uel.br\/museu\/wp-content\/uploads\/2023\/06\/c080dd28-edb8-4025-ac30-6d49d61e4e3b-768x1024.jpg\" alt=\"\" class=\"wp-image-187\" srcset=\"https:\/\/sites.uel.br\/museu\/wp-content\/uploads\/2023\/06\/c080dd28-edb8-4025-ac30-6d49d61e4e3b-768x1024.jpg 768w, https:\/\/sites.uel.br\/museu\/wp-content\/uploads\/2023\/06\/c080dd28-edb8-4025-ac30-6d49d61e4e3b-225x300.jpg 225w, https:\/\/sites.uel.br\/museu\/wp-content\/uploads\/2023\/06\/c080dd28-edb8-4025-ac30-6d49d61e4e3b.jpg 960w\" sizes=\"auto, (max-width: 768px) 100vw, 768px\" \/><\/figure>\n\n\n\n<figure class=\"wp-block-image size-large\"><img loading=\"lazy\" decoding=\"async\" width=\"1024\" height=\"768\" data-id=\"188\" src=\"https:\/\/sites.uel.br\/museu\/wp-content\/uploads\/2023\/06\/c626a3c2-042e-45d1-9750-f31f6372b5d9-1024x768.jpg\" alt=\"\" class=\"wp-image-188\" srcset=\"https:\/\/sites.uel.br\/museu\/wp-content\/uploads\/2023\/06\/c626a3c2-042e-45d1-9750-f31f6372b5d9-1024x768.jpg 1024w, https:\/\/sites.uel.br\/museu\/wp-content\/uploads\/2023\/06\/c626a3c2-042e-45d1-9750-f31f6372b5d9-300x225.jpg 300w, https:\/\/sites.uel.br\/museu\/wp-content\/uploads\/2023\/06\/c626a3c2-042e-45d1-9750-f31f6372b5d9-768x576.jpg 768w, https:\/\/sites.uel.br\/museu\/wp-content\/uploads\/2023\/06\/c626a3c2-042e-45d1-9750-f31f6372b5d9.jpg 1280w\" sizes=\"auto, (max-width: 1024px) 100vw, 1024px\" \/><\/figure>\n<\/figure>\n\n\n\n<h2 class=\"wp-block-heading\">Exposi\u00e7\u00e3o &#8220;O povo que fez e faz Londrina &#8211; exposi\u00e7\u00e3o 70 anos&#8221; &#8211; 2005<\/h2>\n\n\n\n<figure class=\"wp-block-gallery has-nested-images columns-default is-cropped wp-block-gallery-16 is-layout-flex wp-block-gallery-is-layout-flex\">\n<figure class=\"wp-block-image size-large\"><img loading=\"lazy\" decoding=\"async\" width=\"1024\" height=\"766\" data-id=\"553\" src=\"https:\/\/sites.uel.br\/museu\/wp-content\/uploads\/2023\/06\/0bb5f035-500c-471f-80b1-39bd2d2ff5a9-1024x766.jpg\" alt=\"\" class=\"wp-image-553\" srcset=\"https:\/\/sites.uel.br\/museu\/wp-content\/uploads\/2023\/06\/0bb5f035-500c-471f-80b1-39bd2d2ff5a9-1024x766.jpg 1024w, https:\/\/sites.uel.br\/museu\/wp-content\/uploads\/2023\/06\/0bb5f035-500c-471f-80b1-39bd2d2ff5a9-300x224.jpg 300w, https:\/\/sites.uel.br\/museu\/wp-content\/uploads\/2023\/06\/0bb5f035-500c-471f-80b1-39bd2d2ff5a9-768x574.jpg 768w, https:\/\/sites.uel.br\/museu\/wp-content\/uploads\/2023\/06\/0bb5f035-500c-471f-80b1-39bd2d2ff5a9.jpg 1280w\" sizes=\"auto, (max-width: 1024px) 100vw, 1024px\" \/><\/figure>\n\n\n\n<figure class=\"wp-block-image size-large\"><img loading=\"lazy\" decoding=\"async\" width=\"1024\" height=\"766\" data-id=\"554\" src=\"https:\/\/sites.uel.br\/museu\/wp-content\/uploads\/2023\/06\/0eef889f-47b2-4d56-bc6a-fb64c8e86517-1024x766.jpg\" alt=\"\" class=\"wp-image-554\" srcset=\"https:\/\/sites.uel.br\/museu\/wp-content\/uploads\/2023\/06\/0eef889f-47b2-4d56-bc6a-fb64c8e86517-1024x766.jpg 1024w, https:\/\/sites.uel.br\/museu\/wp-content\/uploads\/2023\/06\/0eef889f-47b2-4d56-bc6a-fb64c8e86517-300x224.jpg 300w, https:\/\/sites.uel.br\/museu\/wp-content\/uploads\/2023\/06\/0eef889f-47b2-4d56-bc6a-fb64c8e86517-768x574.jpg 768w, https:\/\/sites.uel.br\/museu\/wp-content\/uploads\/2023\/06\/0eef889f-47b2-4d56-bc6a-fb64c8e86517.jpg 1280w\" sizes=\"auto, (max-width: 1024px) 100vw, 1024px\" \/><\/figure>\n\n\n\n<figure class=\"wp-block-image size-large\"><img loading=\"lazy\" decoding=\"async\" width=\"1024\" height=\"766\" data-id=\"552\" src=\"https:\/\/sites.uel.br\/museu\/wp-content\/uploads\/2023\/06\/7f215eab-7135-472f-9d9c-6dc49d13f08e-1024x766.jpg\" alt=\"\" class=\"wp-image-552\" srcset=\"https:\/\/sites.uel.br\/museu\/wp-content\/uploads\/2023\/06\/7f215eab-7135-472f-9d9c-6dc49d13f08e-1024x766.jpg 1024w, https:\/\/sites.uel.br\/museu\/wp-content\/uploads\/2023\/06\/7f215eab-7135-472f-9d9c-6dc49d13f08e-300x224.jpg 300w, https:\/\/sites.uel.br\/museu\/wp-content\/uploads\/2023\/06\/7f215eab-7135-472f-9d9c-6dc49d13f08e-768x574.jpg 768w, https:\/\/sites.uel.br\/museu\/wp-content\/uploads\/2023\/06\/7f215eab-7135-472f-9d9c-6dc49d13f08e.jpg 1280w\" sizes=\"auto, (max-width: 1024px) 100vw, 1024px\" \/><\/figure>\n\n\n\n<figure class=\"wp-block-image size-large\"><img loading=\"lazy\" decoding=\"async\" width=\"1024\" height=\"766\" data-id=\"556\" src=\"https:\/\/sites.uel.br\/museu\/wp-content\/uploads\/2023\/06\/93f73cbe-18c3-45f7-bbd2-aa8cceeb6bda-1024x766.jpg\" alt=\"\" class=\"wp-image-556\" srcset=\"https:\/\/sites.uel.br\/museu\/wp-content\/uploads\/2023\/06\/93f73cbe-18c3-45f7-bbd2-aa8cceeb6bda-1024x766.jpg 1024w, https:\/\/sites.uel.br\/museu\/wp-content\/uploads\/2023\/06\/93f73cbe-18c3-45f7-bbd2-aa8cceeb6bda-300x224.jpg 300w, https:\/\/sites.uel.br\/museu\/wp-content\/uploads\/2023\/06\/93f73cbe-18c3-45f7-bbd2-aa8cceeb6bda-768x574.jpg 768w, https:\/\/sites.uel.br\/museu\/wp-content\/uploads\/2023\/06\/93f73cbe-18c3-45f7-bbd2-aa8cceeb6bda.jpg 1280w\" sizes=\"auto, (max-width: 1024px) 100vw, 1024px\" \/><\/figure>\n\n\n\n<figure class=\"wp-block-image size-large\"><img loading=\"lazy\" decoding=\"async\" width=\"1024\" height=\"766\" data-id=\"557\" src=\"https:\/\/sites.uel.br\/museu\/wp-content\/uploads\/2023\/06\/719db13d-109a-4643-a64f-468122d9fd4b-1024x766.jpg\" alt=\"\" class=\"wp-image-557\" srcset=\"https:\/\/sites.uel.br\/museu\/wp-content\/uploads\/2023\/06\/719db13d-109a-4643-a64f-468122d9fd4b-1024x766.jpg 1024w, https:\/\/sites.uel.br\/museu\/wp-content\/uploads\/2023\/06\/719db13d-109a-4643-a64f-468122d9fd4b-300x224.jpg 300w, https:\/\/sites.uel.br\/museu\/wp-content\/uploads\/2023\/06\/719db13d-109a-4643-a64f-468122d9fd4b-768x574.jpg 768w, https:\/\/sites.uel.br\/museu\/wp-content\/uploads\/2023\/06\/719db13d-109a-4643-a64f-468122d9fd4b.jpg 1280w\" sizes=\"auto, (max-width: 1024px) 100vw, 1024px\" \/><\/figure>\n\n\n\n<figure class=\"wp-block-image size-large\"><img loading=\"lazy\" decoding=\"async\" width=\"1024\" height=\"766\" data-id=\"555\" src=\"https:\/\/sites.uel.br\/museu\/wp-content\/uploads\/2023\/06\/2013d65f-85e7-4219-8a85-a2599fa845b7-1024x766.jpg\" alt=\"\" class=\"wp-image-555\" srcset=\"https:\/\/sites.uel.br\/museu\/wp-content\/uploads\/2023\/06\/2013d65f-85e7-4219-8a85-a2599fa845b7-1024x766.jpg 1024w, https:\/\/sites.uel.br\/museu\/wp-content\/uploads\/2023\/06\/2013d65f-85e7-4219-8a85-a2599fa845b7-300x224.jpg 300w, https:\/\/sites.uel.br\/museu\/wp-content\/uploads\/2023\/06\/2013d65f-85e7-4219-8a85-a2599fa845b7-768x574.jpg 768w, https:\/\/sites.uel.br\/museu\/wp-content\/uploads\/2023\/06\/2013d65f-85e7-4219-8a85-a2599fa845b7.jpg 1280w\" sizes=\"auto, (max-width: 1024px) 100vw, 1024px\" \/><\/figure>\n\n\n\n<figure class=\"wp-block-image size-large\"><img loading=\"lazy\" decoding=\"async\" width=\"1024\" height=\"766\" data-id=\"558\" src=\"https:\/\/sites.uel.br\/museu\/wp-content\/uploads\/2023\/06\/64533a05-1136-4291-af9c-b6906417edf7-1024x766.jpg\" alt=\"\" class=\"wp-image-558\" srcset=\"https:\/\/sites.uel.br\/museu\/wp-content\/uploads\/2023\/06\/64533a05-1136-4291-af9c-b6906417edf7-1024x766.jpg 1024w, https:\/\/sites.uel.br\/museu\/wp-content\/uploads\/2023\/06\/64533a05-1136-4291-af9c-b6906417edf7-300x224.jpg 300w, https:\/\/sites.uel.br\/museu\/wp-content\/uploads\/2023\/06\/64533a05-1136-4291-af9c-b6906417edf7-768x574.jpg 768w, https:\/\/sites.uel.br\/museu\/wp-content\/uploads\/2023\/06\/64533a05-1136-4291-af9c-b6906417edf7.jpg 1280w\" sizes=\"auto, (max-width: 1024px) 100vw, 1024px\" \/><\/figure>\n\n\n\n<figure class=\"wp-block-image size-large\"><img loading=\"lazy\" decoding=\"async\" width=\"1024\" height=\"766\" data-id=\"559\" src=\"https:\/\/sites.uel.br\/museu\/wp-content\/uploads\/2023\/06\/b90d5a77-0de2-47fd-80de-0ac151be2599-1024x766.jpg\" alt=\"\" class=\"wp-image-559\" srcset=\"https:\/\/sites.uel.br\/museu\/wp-content\/uploads\/2023\/06\/b90d5a77-0de2-47fd-80de-0ac151be2599-1024x766.jpg 1024w, https:\/\/sites.uel.br\/museu\/wp-content\/uploads\/2023\/06\/b90d5a77-0de2-47fd-80de-0ac151be2599-300x224.jpg 300w, https:\/\/sites.uel.br\/museu\/wp-content\/uploads\/2023\/06\/b90d5a77-0de2-47fd-80de-0ac151be2599-768x574.jpg 768w, https:\/\/sites.uel.br\/museu\/wp-content\/uploads\/2023\/06\/b90d5a77-0de2-47fd-80de-0ac151be2599.jpg 1280w\" sizes=\"auto, (max-width: 1024px) 100vw, 1024px\" \/><\/figure>\n\n\n\n<figure class=\"wp-block-image size-large\"><img loading=\"lazy\" decoding=\"async\" width=\"1024\" height=\"766\" data-id=\"561\" src=\"https:\/\/sites.uel.br\/museu\/wp-content\/uploads\/2023\/06\/cdd4eb79-b742-44ee-a802-5593f5805c6d-1024x766.jpg\" alt=\"\" class=\"wp-image-561\" srcset=\"https:\/\/sites.uel.br\/museu\/wp-content\/uploads\/2023\/06\/cdd4eb79-b742-44ee-a802-5593f5805c6d-1024x766.jpg 1024w, https:\/\/sites.uel.br\/museu\/wp-content\/uploads\/2023\/06\/cdd4eb79-b742-44ee-a802-5593f5805c6d-300x224.jpg 300w, https:\/\/sites.uel.br\/museu\/wp-content\/uploads\/2023\/06\/cdd4eb79-b742-44ee-a802-5593f5805c6d-768x574.jpg 768w, https:\/\/sites.uel.br\/museu\/wp-content\/uploads\/2023\/06\/cdd4eb79-b742-44ee-a802-5593f5805c6d.jpg 1280w\" sizes=\"auto, (max-width: 1024px) 100vw, 1024px\" \/><\/figure>\n<\/figure>\n\n\n\n<h2 class=\"wp-block-heading\">Exposi\u00e7\u00e3o &#8220;cuidar, curar, lembrar: Mem\u00f3ria da sa\u00fade em Londrina&#8221;<\/h2>\n\n\n\n<figure class=\"wp-block-gallery has-nested-images columns-default is-cropped wp-block-gallery-17 is-layout-flex wp-block-gallery-is-layout-flex\">\n<figure class=\"wp-block-image size-large\"><img loading=\"lazy\" decoding=\"async\" width=\"1024\" height=\"682\" data-id=\"562\" src=\"https:\/\/sites.uel.br\/museu\/wp-content\/uploads\/2023\/06\/4c1cea19-dda1-41db-b45e-503099acf409-1024x682.jpg\" alt=\"\" class=\"wp-image-562\" srcset=\"https:\/\/sites.uel.br\/museu\/wp-content\/uploads\/2023\/06\/4c1cea19-dda1-41db-b45e-503099acf409-1024x682.jpg 1024w, https:\/\/sites.uel.br\/museu\/wp-content\/uploads\/2023\/06\/4c1cea19-dda1-41db-b45e-503099acf409-300x200.jpg 300w, https:\/\/sites.uel.br\/museu\/wp-content\/uploads\/2023\/06\/4c1cea19-dda1-41db-b45e-503099acf409-768x511.jpg 768w, https:\/\/sites.uel.br\/museu\/wp-content\/uploads\/2023\/06\/4c1cea19-dda1-41db-b45e-503099acf409.jpg 1280w\" sizes=\"auto, (max-width: 1024px) 100vw, 1024px\" \/><\/figure>\n\n\n\n<figure class=\"wp-block-image size-large\"><img loading=\"lazy\" decoding=\"async\" width=\"1024\" height=\"682\" data-id=\"563\" src=\"https:\/\/sites.uel.br\/museu\/wp-content\/uploads\/2023\/06\/6a4963a7-9ef5-4725-a552-90374be06978-1024x682.jpg\" alt=\"\" class=\"wp-image-563\" srcset=\"https:\/\/sites.uel.br\/museu\/wp-content\/uploads\/2023\/06\/6a4963a7-9ef5-4725-a552-90374be06978-1024x682.jpg 1024w, https:\/\/sites.uel.br\/museu\/wp-content\/uploads\/2023\/06\/6a4963a7-9ef5-4725-a552-90374be06978-300x200.jpg 300w, https:\/\/sites.uel.br\/museu\/wp-content\/uploads\/2023\/06\/6a4963a7-9ef5-4725-a552-90374be06978-768x511.jpg 768w, https:\/\/sites.uel.br\/museu\/wp-content\/uploads\/2023\/06\/6a4963a7-9ef5-4725-a552-90374be06978.jpg 1280w\" sizes=\"auto, (max-width: 1024px) 100vw, 1024px\" \/><\/figure>\n\n\n\n<figure class=\"wp-block-image size-large\"><img loading=\"lazy\" decoding=\"async\" width=\"1024\" height=\"682\" data-id=\"565\" src=\"https:\/\/sites.uel.br\/museu\/wp-content\/uploads\/2023\/06\/09a27d68-cd59-417d-a5c3-0e7f545e7864-1024x682.jpg\" alt=\"\" class=\"wp-image-565\" srcset=\"https:\/\/sites.uel.br\/museu\/wp-content\/uploads\/2023\/06\/09a27d68-cd59-417d-a5c3-0e7f545e7864-1024x682.jpg 1024w, https:\/\/sites.uel.br\/museu\/wp-content\/uploads\/2023\/06\/09a27d68-cd59-417d-a5c3-0e7f545e7864-300x200.jpg 300w, https:\/\/sites.uel.br\/museu\/wp-content\/uploads\/2023\/06\/09a27d68-cd59-417d-a5c3-0e7f545e7864-768x511.jpg 768w, https:\/\/sites.uel.br\/museu\/wp-content\/uploads\/2023\/06\/09a27d68-cd59-417d-a5c3-0e7f545e7864.jpg 1280w\" sizes=\"auto, (max-width: 1024px) 100vw, 1024px\" \/><\/figure>\n\n\n\n<figure class=\"wp-block-image size-large\"><img loading=\"lazy\" decoding=\"async\" width=\"1024\" height=\"682\" data-id=\"567\" src=\"https:\/\/sites.uel.br\/museu\/wp-content\/uploads\/2023\/06\/83f672d9-456a-4c0d-92e3-721149b3f28f-1024x682.jpg\" alt=\"\" class=\"wp-image-567\" srcset=\"https:\/\/sites.uel.br\/museu\/wp-content\/uploads\/2023\/06\/83f672d9-456a-4c0d-92e3-721149b3f28f-1024x682.jpg 1024w, https:\/\/sites.uel.br\/museu\/wp-content\/uploads\/2023\/06\/83f672d9-456a-4c0d-92e3-721149b3f28f-300x200.jpg 300w, https:\/\/sites.uel.br\/museu\/wp-content\/uploads\/2023\/06\/83f672d9-456a-4c0d-92e3-721149b3f28f-768x511.jpg 768w, https:\/\/sites.uel.br\/museu\/wp-content\/uploads\/2023\/06\/83f672d9-456a-4c0d-92e3-721149b3f28f.jpg 1280w\" sizes=\"auto, (max-width: 1024px) 100vw, 1024px\" \/><\/figure>\n\n\n\n<figure class=\"wp-block-image size-large\"><img loading=\"lazy\" decoding=\"async\" width=\"1024\" height=\"682\" data-id=\"566\" src=\"https:\/\/sites.uel.br\/museu\/wp-content\/uploads\/2023\/06\/c211b724-46c3-4370-afb7-63d06bc7c359-1024x682.jpg\" alt=\"\" class=\"wp-image-566\" srcset=\"https:\/\/sites.uel.br\/museu\/wp-content\/uploads\/2023\/06\/c211b724-46c3-4370-afb7-63d06bc7c359-1024x682.jpg 1024w, https:\/\/sites.uel.br\/museu\/wp-content\/uploads\/2023\/06\/c211b724-46c3-4370-afb7-63d06bc7c359-300x200.jpg 300w, https:\/\/sites.uel.br\/museu\/wp-content\/uploads\/2023\/06\/c211b724-46c3-4370-afb7-63d06bc7c359-768x511.jpg 768w, https:\/\/sites.uel.br\/museu\/wp-content\/uploads\/2023\/06\/c211b724-46c3-4370-afb7-63d06bc7c359.jpg 1280w\" sizes=\"auto, (max-width: 1024px) 100vw, 1024px\" \/><\/figure>\n\n\n\n<figure class=\"wp-block-image size-large\"><img loading=\"lazy\" decoding=\"async\" width=\"1024\" height=\"682\" data-id=\"564\" src=\"https:\/\/sites.uel.br\/museu\/wp-content\/uploads\/2023\/06\/f2ef6c20-0753-4182-a538-b502d1284c9b-1024x682.jpg\" alt=\"\" class=\"wp-image-564\" srcset=\"https:\/\/sites.uel.br\/museu\/wp-content\/uploads\/2023\/06\/f2ef6c20-0753-4182-a538-b502d1284c9b-1024x682.jpg 1024w, https:\/\/sites.uel.br\/museu\/wp-content\/uploads\/2023\/06\/f2ef6c20-0753-4182-a538-b502d1284c9b-300x200.jpg 300w, https:\/\/sites.uel.br\/museu\/wp-content\/uploads\/2023\/06\/f2ef6c20-0753-4182-a538-b502d1284c9b-768x511.jpg 768w, https:\/\/sites.uel.br\/museu\/wp-content\/uploads\/2023\/06\/f2ef6c20-0753-4182-a538-b502d1284c9b.jpg 1280w\" sizes=\"auto, (max-width: 1024px) 100vw, 1024px\" \/><\/figure>\n<\/figure>\n\n\n\n<h2 class=\"wp-block-heading\">Exposi\u00e7\u00e3o &#8220;Fazer, morar: as casas de madeira do Centro de Londrina&#8221;<\/h2>\n\n\n\n<figure class=\"wp-block-gallery has-nested-images columns-default is-cropped wp-block-gallery-18 is-layout-flex wp-block-gallery-is-layout-flex\">\n<figure class=\"wp-block-image size-large\"><img loading=\"lazy\" decoding=\"async\" width=\"1024\" height=\"768\" data-id=\"569\" src=\"https:\/\/sites.uel.br\/museu\/wp-content\/uploads\/2023\/06\/032ea155-7dad-4053-8a74-0bdce24fec53-1024x768.jpg\" alt=\"\" class=\"wp-image-569\" srcset=\"https:\/\/sites.uel.br\/museu\/wp-content\/uploads\/2023\/06\/032ea155-7dad-4053-8a74-0bdce24fec53-1024x768.jpg 1024w, https:\/\/sites.uel.br\/museu\/wp-content\/uploads\/2023\/06\/032ea155-7dad-4053-8a74-0bdce24fec53-300x225.jpg 300w, https:\/\/sites.uel.br\/museu\/wp-content\/uploads\/2023\/06\/032ea155-7dad-4053-8a74-0bdce24fec53-768x576.jpg 768w, https:\/\/sites.uel.br\/museu\/wp-content\/uploads\/2023\/06\/032ea155-7dad-4053-8a74-0bdce24fec53.jpg 1280w\" sizes=\"auto, (max-width: 1024px) 100vw, 1024px\" \/><\/figure>\n\n\n\n<figure class=\"wp-block-image size-large\"><img loading=\"lazy\" decoding=\"async\" width=\"1024\" height=\"768\" data-id=\"572\" src=\"https:\/\/sites.uel.br\/museu\/wp-content\/uploads\/2023\/06\/8211cf9e-663b-45e0-9fae-ee16db6ce5d2-1024x768.jpg\" alt=\"\" class=\"wp-image-572\" srcset=\"https:\/\/sites.uel.br\/museu\/wp-content\/uploads\/2023\/06\/8211cf9e-663b-45e0-9fae-ee16db6ce5d2-1024x768.jpg 1024w, https:\/\/sites.uel.br\/museu\/wp-content\/uploads\/2023\/06\/8211cf9e-663b-45e0-9fae-ee16db6ce5d2-300x225.jpg 300w, https:\/\/sites.uel.br\/museu\/wp-content\/uploads\/2023\/06\/8211cf9e-663b-45e0-9fae-ee16db6ce5d2-768x576.jpg 768w, https:\/\/sites.uel.br\/museu\/wp-content\/uploads\/2023\/06\/8211cf9e-663b-45e0-9fae-ee16db6ce5d2.jpg 1280w\" sizes=\"auto, (max-width: 1024px) 100vw, 1024px\" \/><\/figure>\n\n\n\n<figure class=\"wp-block-image size-large\"><img loading=\"lazy\" decoding=\"async\" width=\"1024\" height=\"678\" data-id=\"571\" src=\"https:\/\/sites.uel.br\/museu\/wp-content\/uploads\/2023\/06\/8674b79a-2e19-42ef-9ce5-7b415e6759e9-1024x678.jpg\" alt=\"\" class=\"wp-image-571\" srcset=\"https:\/\/sites.uel.br\/museu\/wp-content\/uploads\/2023\/06\/8674b79a-2e19-42ef-9ce5-7b415e6759e9-1024x678.jpg 1024w, https:\/\/sites.uel.br\/museu\/wp-content\/uploads\/2023\/06\/8674b79a-2e19-42ef-9ce5-7b415e6759e9-300x199.jpg 300w, https:\/\/sites.uel.br\/museu\/wp-content\/uploads\/2023\/06\/8674b79a-2e19-42ef-9ce5-7b415e6759e9-768x508.jpg 768w, https:\/\/sites.uel.br\/museu\/wp-content\/uploads\/2023\/06\/8674b79a-2e19-42ef-9ce5-7b415e6759e9.jpg 1280w\" sizes=\"auto, (max-width: 1024px) 100vw, 1024px\" \/><\/figure>\n\n\n\n<figure class=\"wp-block-image size-large\"><img loading=\"lazy\" decoding=\"async\" width=\"1024\" height=\"669\" data-id=\"570\" src=\"https:\/\/sites.uel.br\/museu\/wp-content\/uploads\/2023\/06\/bcbdda2d-0804-480a-80b6-fc80789038a1-1024x669.jpg\" alt=\"\" class=\"wp-image-570\" srcset=\"https:\/\/sites.uel.br\/museu\/wp-content\/uploads\/2023\/06\/bcbdda2d-0804-480a-80b6-fc80789038a1-1024x669.jpg 1024w, https:\/\/sites.uel.br\/museu\/wp-content\/uploads\/2023\/06\/bcbdda2d-0804-480a-80b6-fc80789038a1-300x196.jpg 300w, https:\/\/sites.uel.br\/museu\/wp-content\/uploads\/2023\/06\/bcbdda2d-0804-480a-80b6-fc80789038a1-768x502.jpg 768w, https:\/\/sites.uel.br\/museu\/wp-content\/uploads\/2023\/06\/bcbdda2d-0804-480a-80b6-fc80789038a1.jpg 1280w\" sizes=\"auto, (max-width: 1024px) 100vw, 1024px\" \/><\/figure>\n\n\n\n<figure class=\"wp-block-image size-large\"><img loading=\"lazy\" decoding=\"async\" width=\"1024\" height=\"726\" data-id=\"573\" src=\"https:\/\/sites.uel.br\/museu\/wp-content\/uploads\/2023\/06\/f6b3dc4f-e266-4ea1-8db7-abb1cd3847ab-1024x726.jpg\" alt=\"\" class=\"wp-image-573\" srcset=\"https:\/\/sites.uel.br\/museu\/wp-content\/uploads\/2023\/06\/f6b3dc4f-e266-4ea1-8db7-abb1cd3847ab-1024x726.jpg 1024w, https:\/\/sites.uel.br\/museu\/wp-content\/uploads\/2023\/06\/f6b3dc4f-e266-4ea1-8db7-abb1cd3847ab-300x213.jpg 300w, https:\/\/sites.uel.br\/museu\/wp-content\/uploads\/2023\/06\/f6b3dc4f-e266-4ea1-8db7-abb1cd3847ab-768x544.jpg 768w, https:\/\/sites.uel.br\/museu\/wp-content\/uploads\/2023\/06\/f6b3dc4f-e266-4ea1-8db7-abb1cd3847ab.jpg 1280w\" sizes=\"auto, (max-width: 1024px) 100vw, 1024px\" \/><\/figure>\n<\/figure>\n\n\n\n<h2 class=\"wp-block-heading\">Exposi\u00e7\u00e3o &#8220;Francisco de Assis: as v\u00e1rias faces de um santo homem&#8221;<\/h2>\n\n\n\n<figure class=\"wp-block-gallery has-nested-images columns-default is-cropped wp-block-gallery-19 is-layout-flex wp-block-gallery-is-layout-flex\">\n<figure class=\"wp-block-image size-large\"><img loading=\"lazy\" decoding=\"async\" width=\"1024\" height=\"625\" data-id=\"576\" src=\"https:\/\/sites.uel.br\/museu\/wp-content\/uploads\/2023\/06\/93ac7e95-b0fa-4577-8e0d-42dbbaeece9c-1024x625.jpg\" alt=\"\" class=\"wp-image-576\" srcset=\"https:\/\/sites.uel.br\/museu\/wp-content\/uploads\/2023\/06\/93ac7e95-b0fa-4577-8e0d-42dbbaeece9c-1024x625.jpg 1024w, https:\/\/sites.uel.br\/museu\/wp-content\/uploads\/2023\/06\/93ac7e95-b0fa-4577-8e0d-42dbbaeece9c-300x183.jpg 300w, https:\/\/sites.uel.br\/museu\/wp-content\/uploads\/2023\/06\/93ac7e95-b0fa-4577-8e0d-42dbbaeece9c-768x469.jpg 768w, https:\/\/sites.uel.br\/museu\/wp-content\/uploads\/2023\/06\/93ac7e95-b0fa-4577-8e0d-42dbbaeece9c.jpg 1280w\" sizes=\"auto, (max-width: 1024px) 100vw, 1024px\" \/><\/figure>\n\n\n\n<figure class=\"wp-block-image size-large\"><img loading=\"lazy\" decoding=\"async\" width=\"1024\" height=\"473\" data-id=\"577\" src=\"https:\/\/sites.uel.br\/museu\/wp-content\/uploads\/2023\/06\/873fd8f8-712d-4e08-9365-2cecb118c684-1024x473.jpg\" alt=\"\" class=\"wp-image-577\" srcset=\"https:\/\/sites.uel.br\/museu\/wp-content\/uploads\/2023\/06\/873fd8f8-712d-4e08-9365-2cecb118c684-1024x473.jpg 1024w, https:\/\/sites.uel.br\/museu\/wp-content\/uploads\/2023\/06\/873fd8f8-712d-4e08-9365-2cecb118c684-300x139.jpg 300w, https:\/\/sites.uel.br\/museu\/wp-content\/uploads\/2023\/06\/873fd8f8-712d-4e08-9365-2cecb118c684-768x355.jpg 768w, https:\/\/sites.uel.br\/museu\/wp-content\/uploads\/2023\/06\/873fd8f8-712d-4e08-9365-2cecb118c684.jpg 1280w\" sizes=\"auto, (max-width: 1024px) 100vw, 1024px\" \/><\/figure>\n\n\n\n<figure class=\"wp-block-image size-large\"><img loading=\"lazy\" decoding=\"async\" width=\"1024\" height=\"690\" data-id=\"574\" src=\"https:\/\/sites.uel.br\/museu\/wp-content\/uploads\/2023\/06\/943bf1f3-f6df-4d29-aef5-b22832816c11-1024x690.jpg\" alt=\"\" class=\"wp-image-574\" srcset=\"https:\/\/sites.uel.br\/museu\/wp-content\/uploads\/2023\/06\/943bf1f3-f6df-4d29-aef5-b22832816c11-1024x690.jpg 1024w, https:\/\/sites.uel.br\/museu\/wp-content\/uploads\/2023\/06\/943bf1f3-f6df-4d29-aef5-b22832816c11-300x202.jpg 300w, https:\/\/sites.uel.br\/museu\/wp-content\/uploads\/2023\/06\/943bf1f3-f6df-4d29-aef5-b22832816c11-768x517.jpg 768w, https:\/\/sites.uel.br\/museu\/wp-content\/uploads\/2023\/06\/943bf1f3-f6df-4d29-aef5-b22832816c11.jpg 1280w\" sizes=\"auto, (max-width: 1024px) 100vw, 1024px\" \/><\/figure>\n\n\n\n<figure class=\"wp-block-image size-large\"><img loading=\"lazy\" decoding=\"async\" width=\"1024\" height=\"678\" data-id=\"575\" src=\"https:\/\/sites.uel.br\/museu\/wp-content\/uploads\/2023\/06\/8401a0a9-08d0-49a3-a6a0-b606f831a267-1024x678.jpg\" alt=\"\" class=\"wp-image-575\" srcset=\"https:\/\/sites.uel.br\/museu\/wp-content\/uploads\/2023\/06\/8401a0a9-08d0-49a3-a6a0-b606f831a267-1024x678.jpg 1024w, https:\/\/sites.uel.br\/museu\/wp-content\/uploads\/2023\/06\/8401a0a9-08d0-49a3-a6a0-b606f831a267-300x199.jpg 300w, https:\/\/sites.uel.br\/museu\/wp-content\/uploads\/2023\/06\/8401a0a9-08d0-49a3-a6a0-b606f831a267-768x508.jpg 768w, https:\/\/sites.uel.br\/museu\/wp-content\/uploads\/2023\/06\/8401a0a9-08d0-49a3-a6a0-b606f831a267.jpg 1280w\" sizes=\"auto, (max-width: 1024px) 100vw, 1024px\" \/><\/figure>\n\n\n\n<figure class=\"wp-block-image size-large\"><img loading=\"lazy\" decoding=\"async\" width=\"1024\" height=\"738\" data-id=\"579\" src=\"https:\/\/sites.uel.br\/museu\/wp-content\/uploads\/2023\/06\/e5bf35b1-7a91-40d3-95d4-90a0383a61d8-1024x738.jpg\" alt=\"\" class=\"wp-image-579\" srcset=\"https:\/\/sites.uel.br\/museu\/wp-content\/uploads\/2023\/06\/e5bf35b1-7a91-40d3-95d4-90a0383a61d8-1024x738.jpg 1024w, https:\/\/sites.uel.br\/museu\/wp-content\/uploads\/2023\/06\/e5bf35b1-7a91-40d3-95d4-90a0383a61d8-300x216.jpg 300w, https:\/\/sites.uel.br\/museu\/wp-content\/uploads\/2023\/06\/e5bf35b1-7a91-40d3-95d4-90a0383a61d8-768x553.jpg 768w, https:\/\/sites.uel.br\/museu\/wp-content\/uploads\/2023\/06\/e5bf35b1-7a91-40d3-95d4-90a0383a61d8.jpg 1280w\" sizes=\"auto, (max-width: 1024px) 100vw, 1024px\" \/><\/figure>\n\n\n\n<figure class=\"wp-block-image size-large\"><img loading=\"lazy\" decoding=\"async\" width=\"1024\" height=\"678\" data-id=\"578\" src=\"https:\/\/sites.uel.br\/museu\/wp-content\/uploads\/2023\/06\/f0d937ea-29fd-4beb-b376-b6747816a3ea-1024x678.jpg\" alt=\"\" class=\"wp-image-578\" srcset=\"https:\/\/sites.uel.br\/museu\/wp-content\/uploads\/2023\/06\/f0d937ea-29fd-4beb-b376-b6747816a3ea-1024x678.jpg 1024w, https:\/\/sites.uel.br\/museu\/wp-content\/uploads\/2023\/06\/f0d937ea-29fd-4beb-b376-b6747816a3ea-300x199.jpg 300w, https:\/\/sites.uel.br\/museu\/wp-content\/uploads\/2023\/06\/f0d937ea-29fd-4beb-b376-b6747816a3ea-768x508.jpg 768w, https:\/\/sites.uel.br\/museu\/wp-content\/uploads\/2023\/06\/f0d937ea-29fd-4beb-b376-b6747816a3ea.jpg 1280w\" sizes=\"auto, (max-width: 1024px) 100vw, 1024px\" \/><\/figure>\n<\/figure>\n\n\n\n<h2 class=\"wp-block-heading\">Exposi\u00e7\u00e3o &#8220;Ney Braga: cem anos na hist\u00f3ria do Paran\u00e1&#8221;<\/h2>\n\n\n\n<figure class=\"wp-block-gallery has-nested-images columns-default is-cropped wp-block-gallery-20 is-layout-flex wp-block-gallery-is-layout-flex\">\n<figure class=\"wp-block-image size-large\"><img loading=\"lazy\" decoding=\"async\" width=\"1024\" height=\"693\" data-id=\"580\" src=\"https:\/\/sites.uel.br\/museu\/wp-content\/uploads\/2023\/06\/1d240d93-d37f-4f77-9f68-6b2771e36004-1024x693.jpg\" alt=\"\" class=\"wp-image-580\" srcset=\"https:\/\/sites.uel.br\/museu\/wp-content\/uploads\/2023\/06\/1d240d93-d37f-4f77-9f68-6b2771e36004-1024x693.jpg 1024w, https:\/\/sites.uel.br\/museu\/wp-content\/uploads\/2023\/06\/1d240d93-d37f-4f77-9f68-6b2771e36004-300x203.jpg 300w, https:\/\/sites.uel.br\/museu\/wp-content\/uploads\/2023\/06\/1d240d93-d37f-4f77-9f68-6b2771e36004-768x520.jpg 768w, https:\/\/sites.uel.br\/museu\/wp-content\/uploads\/2023\/06\/1d240d93-d37f-4f77-9f68-6b2771e36004.jpg 1280w\" sizes=\"auto, (max-width: 1024px) 100vw, 1024px\" \/><\/figure>\n\n\n\n<figure class=\"wp-block-image size-large\"><img loading=\"lazy\" decoding=\"async\" width=\"1024\" height=\"678\" data-id=\"586\" src=\"https:\/\/sites.uel.br\/museu\/wp-content\/uploads\/2023\/06\/3bfbb352-ae30-4a55-997c-d150c0a5efe0-1024x678.jpg\" alt=\"\" class=\"wp-image-586\" srcset=\"https:\/\/sites.uel.br\/museu\/wp-content\/uploads\/2023\/06\/3bfbb352-ae30-4a55-997c-d150c0a5efe0-1024x678.jpg 1024w, https:\/\/sites.uel.br\/museu\/wp-content\/uploads\/2023\/06\/3bfbb352-ae30-4a55-997c-d150c0a5efe0-300x199.jpg 300w, https:\/\/sites.uel.br\/museu\/wp-content\/uploads\/2023\/06\/3bfbb352-ae30-4a55-997c-d150c0a5efe0-768x508.jpg 768w, https:\/\/sites.uel.br\/museu\/wp-content\/uploads\/2023\/06\/3bfbb352-ae30-4a55-997c-d150c0a5efe0.jpg 1280w\" sizes=\"auto, (max-width: 1024px) 100vw, 1024px\" \/><\/figure>\n\n\n\n<figure class=\"wp-block-image size-large\"><img loading=\"lazy\" decoding=\"async\" width=\"1024\" height=\"680\" data-id=\"583\" src=\"https:\/\/sites.uel.br\/museu\/wp-content\/uploads\/2023\/06\/27c2b6f3-543d-4d46-9cf3-6728beff87f9-1024x680.jpg\" alt=\"\" class=\"wp-image-583\" srcset=\"https:\/\/sites.uel.br\/museu\/wp-content\/uploads\/2023\/06\/27c2b6f3-543d-4d46-9cf3-6728beff87f9-1024x680.jpg 1024w, https:\/\/sites.uel.br\/museu\/wp-content\/uploads\/2023\/06\/27c2b6f3-543d-4d46-9cf3-6728beff87f9-300x199.jpg 300w, https:\/\/sites.uel.br\/museu\/wp-content\/uploads\/2023\/06\/27c2b6f3-543d-4d46-9cf3-6728beff87f9-768x510.jpg 768w, https:\/\/sites.uel.br\/museu\/wp-content\/uploads\/2023\/06\/27c2b6f3-543d-4d46-9cf3-6728beff87f9.jpg 1280w\" sizes=\"auto, (max-width: 1024px) 100vw, 1024px\" \/><\/figure>\n\n\n\n<figure class=\"wp-block-image size-large\"><img loading=\"lazy\" decoding=\"async\" width=\"1024\" height=\"678\" data-id=\"581\" src=\"https:\/\/sites.uel.br\/museu\/wp-content\/uploads\/2023\/06\/592b1054-bd45-416d-8f55-e4d60a11fbd7-1024x678.jpg\" alt=\"\" class=\"wp-image-581\" srcset=\"https:\/\/sites.uel.br\/museu\/wp-content\/uploads\/2023\/06\/592b1054-bd45-416d-8f55-e4d60a11fbd7-1024x678.jpg 1024w, https:\/\/sites.uel.br\/museu\/wp-content\/uploads\/2023\/06\/592b1054-bd45-416d-8f55-e4d60a11fbd7-300x199.jpg 300w, https:\/\/sites.uel.br\/museu\/wp-content\/uploads\/2023\/06\/592b1054-bd45-416d-8f55-e4d60a11fbd7-768x508.jpg 768w, https:\/\/sites.uel.br\/museu\/wp-content\/uploads\/2023\/06\/592b1054-bd45-416d-8f55-e4d60a11fbd7.jpg 1280w\" sizes=\"auto, (max-width: 1024px) 100vw, 1024px\" \/><\/figure>\n\n\n\n<figure class=\"wp-block-image size-large\"><img loading=\"lazy\" decoding=\"async\" width=\"768\" height=\"1024\" data-id=\"585\" src=\"https:\/\/sites.uel.br\/museu\/wp-content\/uploads\/2023\/06\/c9694e3c-09f8-40e8-8e86-1830573290a9-768x1024.jpg\" alt=\"\" class=\"wp-image-585\" srcset=\"https:\/\/sites.uel.br\/museu\/wp-content\/uploads\/2023\/06\/c9694e3c-09f8-40e8-8e86-1830573290a9-768x1024.jpg 768w, https:\/\/sites.uel.br\/museu\/wp-content\/uploads\/2023\/06\/c9694e3c-09f8-40e8-8e86-1830573290a9-225x300.jpg 225w, https:\/\/sites.uel.br\/museu\/wp-content\/uploads\/2023\/06\/c9694e3c-09f8-40e8-8e86-1830573290a9.jpg 960w\" sizes=\"auto, (max-width: 768px) 100vw, 768px\" \/><\/figure>\n\n\n\n<figure class=\"wp-block-image size-large\"><img loading=\"lazy\" decoding=\"async\" width=\"1024\" height=\"678\" data-id=\"584\" src=\"https:\/\/sites.uel.br\/museu\/wp-content\/uploads\/2023\/06\/d1e82ddf-984d-4e12-be24-1297f0190618-1024x678.jpg\" alt=\"\" class=\"wp-image-584\" srcset=\"https:\/\/sites.uel.br\/museu\/wp-content\/uploads\/2023\/06\/d1e82ddf-984d-4e12-be24-1297f0190618-1024x678.jpg 1024w, https:\/\/sites.uel.br\/museu\/wp-content\/uploads\/2023\/06\/d1e82ddf-984d-4e12-be24-1297f0190618-300x199.jpg 300w, https:\/\/sites.uel.br\/museu\/wp-content\/uploads\/2023\/06\/d1e82ddf-984d-4e12-be24-1297f0190618-768x508.jpg 768w, https:\/\/sites.uel.br\/museu\/wp-content\/uploads\/2023\/06\/d1e82ddf-984d-4e12-be24-1297f0190618.jpg 1280w\" sizes=\"auto, (max-width: 1024px) 100vw, 1024px\" \/><\/figure>\n<\/figure>\n\n\n\n<h2 class=\"wp-block-heading\">Mostra Trabalhadores do caf\u00e9<\/h2>\n\n\n\n<figure class=\"wp-block-gallery has-nested-images columns-default is-cropped wp-block-gallery-21 is-layout-flex wp-block-gallery-is-layout-flex\">\n<figure class=\"wp-block-image size-large\"><img loading=\"lazy\" decoding=\"async\" width=\"1024\" height=\"682\" data-id=\"622\" src=\"https:\/\/sites.uel.br\/museu\/wp-content\/uploads\/2023\/06\/0d540eea-a36a-4046-b908-48e789db9b5c-1024x682.jpg\" alt=\"\" class=\"wp-image-622\" srcset=\"https:\/\/sites.uel.br\/museu\/wp-content\/uploads\/2023\/06\/0d540eea-a36a-4046-b908-48e789db9b5c-1024x682.jpg 1024w, https:\/\/sites.uel.br\/museu\/wp-content\/uploads\/2023\/06\/0d540eea-a36a-4046-b908-48e789db9b5c-300x200.jpg 300w, https:\/\/sites.uel.br\/museu\/wp-content\/uploads\/2023\/06\/0d540eea-a36a-4046-b908-48e789db9b5c-768x511.jpg 768w, https:\/\/sites.uel.br\/museu\/wp-content\/uploads\/2023\/06\/0d540eea-a36a-4046-b908-48e789db9b5c.jpg 1280w\" sizes=\"auto, (max-width: 1024px) 100vw, 1024px\" \/><\/figure>\n\n\n\n<figure class=\"wp-block-image size-large\"><img loading=\"lazy\" decoding=\"async\" width=\"1024\" height=\"682\" data-id=\"623\" src=\"https:\/\/sites.uel.br\/museu\/wp-content\/uploads\/2023\/06\/1ce9d64e-ed8e-493c-9881-b33463c1364e-1024x682.jpg\" alt=\"\" class=\"wp-image-623\" srcset=\"https:\/\/sites.uel.br\/museu\/wp-content\/uploads\/2023\/06\/1ce9d64e-ed8e-493c-9881-b33463c1364e-1024x682.jpg 1024w, https:\/\/sites.uel.br\/museu\/wp-content\/uploads\/2023\/06\/1ce9d64e-ed8e-493c-9881-b33463c1364e-300x200.jpg 300w, https:\/\/sites.uel.br\/museu\/wp-content\/uploads\/2023\/06\/1ce9d64e-ed8e-493c-9881-b33463c1364e-768x511.jpg 768w, https:\/\/sites.uel.br\/museu\/wp-content\/uploads\/2023\/06\/1ce9d64e-ed8e-493c-9881-b33463c1364e.jpg 1280w\" sizes=\"auto, (max-width: 1024px) 100vw, 1024px\" \/><\/figure>\n\n\n\n<figure class=\"wp-block-image size-large\"><img loading=\"lazy\" decoding=\"async\" width=\"1024\" height=\"682\" data-id=\"621\" src=\"https:\/\/sites.uel.br\/museu\/wp-content\/uploads\/2023\/06\/76bd7c63-f6f0-4755-a263-6e1cc0cb3bd6-1024x682.jpg\" alt=\"\" class=\"wp-image-621\" srcset=\"https:\/\/sites.uel.br\/museu\/wp-content\/uploads\/2023\/06\/76bd7c63-f6f0-4755-a263-6e1cc0cb3bd6-1024x682.jpg 1024w, https:\/\/sites.uel.br\/museu\/wp-content\/uploads\/2023\/06\/76bd7c63-f6f0-4755-a263-6e1cc0cb3bd6-300x200.jpg 300w, https:\/\/sites.uel.br\/museu\/wp-content\/uploads\/2023\/06\/76bd7c63-f6f0-4755-a263-6e1cc0cb3bd6-768x511.jpg 768w, https:\/\/sites.uel.br\/museu\/wp-content\/uploads\/2023\/06\/76bd7c63-f6f0-4755-a263-6e1cc0cb3bd6.jpg 1280w\" sizes=\"auto, (max-width: 1024px) 100vw, 1024px\" \/><\/figure>\n\n\n\n<figure class=\"wp-block-image size-large\"><img loading=\"lazy\" decoding=\"async\" width=\"1024\" height=\"682\" data-id=\"624\" src=\"https:\/\/sites.uel.br\/museu\/wp-content\/uploads\/2023\/06\/bb38baed-27cf-4afa-b0dd-2e4e48bb10e4-1024x682.jpg\" alt=\"\" class=\"wp-image-624\" srcset=\"https:\/\/sites.uel.br\/museu\/wp-content\/uploads\/2023\/06\/bb38baed-27cf-4afa-b0dd-2e4e48bb10e4-1024x682.jpg 1024w, https:\/\/sites.uel.br\/museu\/wp-content\/uploads\/2023\/06\/bb38baed-27cf-4afa-b0dd-2e4e48bb10e4-300x200.jpg 300w, https:\/\/sites.uel.br\/museu\/wp-content\/uploads\/2023\/06\/bb38baed-27cf-4afa-b0dd-2e4e48bb10e4-768x511.jpg 768w, https:\/\/sites.uel.br\/museu\/wp-content\/uploads\/2023\/06\/bb38baed-27cf-4afa-b0dd-2e4e48bb10e4.jpg 1280w\" sizes=\"auto, (max-width: 1024px) 100vw, 1024px\" \/><\/figure>\n\n\n\n<figure class=\"wp-block-image size-large\"><img loading=\"lazy\" decoding=\"async\" width=\"1024\" height=\"682\" data-id=\"618\" src=\"https:\/\/sites.uel.br\/museu\/wp-content\/uploads\/2023\/06\/a6ec2aea-f189-4c8f-a1b4-15c45d2db919-1024x682.jpg\" alt=\"\" class=\"wp-image-618\" srcset=\"https:\/\/sites.uel.br\/museu\/wp-content\/uploads\/2023\/06\/a6ec2aea-f189-4c8f-a1b4-15c45d2db919-1024x682.jpg 1024w, https:\/\/sites.uel.br\/museu\/wp-content\/uploads\/2023\/06\/a6ec2aea-f189-4c8f-a1b4-15c45d2db919-300x200.jpg 300w, https:\/\/sites.uel.br\/museu\/wp-content\/uploads\/2023\/06\/a6ec2aea-f189-4c8f-a1b4-15c45d2db919-768x511.jpg 768w, https:\/\/sites.uel.br\/museu\/wp-content\/uploads\/2023\/06\/a6ec2aea-f189-4c8f-a1b4-15c45d2db919.jpg 1280w\" sizes=\"auto, (max-width: 1024px) 100vw, 1024px\" \/><\/figure>\n\n\n\n<figure class=\"wp-block-image size-large\"><img loading=\"lazy\" decoding=\"async\" width=\"1024\" height=\"682\" data-id=\"619\" src=\"https:\/\/sites.uel.br\/museu\/wp-content\/uploads\/2023\/06\/c7af7a19-1d78-4cd6-8cf3-d7e1b2a2a3e4-1024x682.jpg\" alt=\"\" class=\"wp-image-619\" srcset=\"https:\/\/sites.uel.br\/museu\/wp-content\/uploads\/2023\/06\/c7af7a19-1d78-4cd6-8cf3-d7e1b2a2a3e4-1024x682.jpg 1024w, https:\/\/sites.uel.br\/museu\/wp-content\/uploads\/2023\/06\/c7af7a19-1d78-4cd6-8cf3-d7e1b2a2a3e4-300x200.jpg 300w, https:\/\/sites.uel.br\/museu\/wp-content\/uploads\/2023\/06\/c7af7a19-1d78-4cd6-8cf3-d7e1b2a2a3e4-768x511.jpg 768w, https:\/\/sites.uel.br\/museu\/wp-content\/uploads\/2023\/06\/c7af7a19-1d78-4cd6-8cf3-d7e1b2a2a3e4.jpg 1280w\" sizes=\"auto, (max-width: 1024px) 100vw, 1024px\" \/><\/figure>\n<\/figure>\n\n\n\n<h2 class=\"wp-block-heading\">Exposi\u00e7\u00e3o &#8220;Natal dos Reis e o pres\u00e9pio do Sr. Dutra&#8221;<\/h2>\n\n\n\n<figure class=\"wp-block-gallery has-nested-images columns-default is-cropped wp-block-gallery-22 is-layout-flex wp-block-gallery-is-layout-flex\">\n<figure class=\"wp-block-image size-large\"><img loading=\"lazy\" decoding=\"async\" width=\"1024\" height=\"768\" data-id=\"633\" src=\"https:\/\/sites.uel.br\/museu\/wp-content\/uploads\/2023\/06\/ab53ec07-7e36-474a-851b-f9a5e653d2ed-1-1024x768.jpg\" alt=\"\" class=\"wp-image-633\" srcset=\"https:\/\/sites.uel.br\/museu\/wp-content\/uploads\/2023\/06\/ab53ec07-7e36-474a-851b-f9a5e653d2ed-1-1024x768.jpg 1024w, https:\/\/sites.uel.br\/museu\/wp-content\/uploads\/2023\/06\/ab53ec07-7e36-474a-851b-f9a5e653d2ed-1-300x225.jpg 300w, https:\/\/sites.uel.br\/museu\/wp-content\/uploads\/2023\/06\/ab53ec07-7e36-474a-851b-f9a5e653d2ed-1-768x576.jpg 768w, https:\/\/sites.uel.br\/museu\/wp-content\/uploads\/2023\/06\/ab53ec07-7e36-474a-851b-f9a5e653d2ed-1.jpg 1280w\" sizes=\"auto, (max-width: 1024px) 100vw, 1024px\" \/><\/figure>\n\n\n\n<figure class=\"wp-block-image size-large\"><img loading=\"lazy\" decoding=\"async\" width=\"1024\" height=\"768\" data-id=\"630\" src=\"https:\/\/sites.uel.br\/museu\/wp-content\/uploads\/2023\/06\/4d770292-8113-4fe3-972e-4befbf017ec7-1024x768.jpg\" alt=\"\" class=\"wp-image-630\" srcset=\"https:\/\/sites.uel.br\/museu\/wp-content\/uploads\/2023\/06\/4d770292-8113-4fe3-972e-4befbf017ec7-1024x768.jpg 1024w, https:\/\/sites.uel.br\/museu\/wp-content\/uploads\/2023\/06\/4d770292-8113-4fe3-972e-4befbf017ec7-300x225.jpg 300w, https:\/\/sites.uel.br\/museu\/wp-content\/uploads\/2023\/06\/4d770292-8113-4fe3-972e-4befbf017ec7-768x576.jpg 768w, https:\/\/sites.uel.br\/museu\/wp-content\/uploads\/2023\/06\/4d770292-8113-4fe3-972e-4befbf017ec7.jpg 1280w\" sizes=\"auto, (max-width: 1024px) 100vw, 1024px\" \/><\/figure>\n\n\n\n<figure class=\"wp-block-image size-large\"><img loading=\"lazy\" decoding=\"async\" width=\"1024\" height=\"768\" data-id=\"628\" src=\"https:\/\/sites.uel.br\/museu\/wp-content\/uploads\/2023\/06\/478f3538-4bd6-4b61-b2af-7cc957752770-1024x768.jpg\" alt=\"\" class=\"wp-image-628\" srcset=\"https:\/\/sites.uel.br\/museu\/wp-content\/uploads\/2023\/06\/478f3538-4bd6-4b61-b2af-7cc957752770-1024x768.jpg 1024w, https:\/\/sites.uel.br\/museu\/wp-content\/uploads\/2023\/06\/478f3538-4bd6-4b61-b2af-7cc957752770-300x225.jpg 300w, https:\/\/sites.uel.br\/museu\/wp-content\/uploads\/2023\/06\/478f3538-4bd6-4b61-b2af-7cc957752770-768x576.jpg 768w, https:\/\/sites.uel.br\/museu\/wp-content\/uploads\/2023\/06\/478f3538-4bd6-4b61-b2af-7cc957752770.jpg 1280w\" sizes=\"auto, (max-width: 1024px) 100vw, 1024px\" \/><\/figure>\n\n\n\n<figure class=\"wp-block-image size-large\"><img loading=\"lazy\" decoding=\"async\" width=\"768\" height=\"1024\" data-id=\"635\" src=\"https:\/\/sites.uel.br\/museu\/wp-content\/uploads\/2023\/06\/77d088e8-2106-4db2-91fa-916c26c11f62-768x1024.jpg\" alt=\"\" class=\"wp-image-635\" srcset=\"https:\/\/sites.uel.br\/museu\/wp-content\/uploads\/2023\/06\/77d088e8-2106-4db2-91fa-916c26c11f62-768x1024.jpg 768w, https:\/\/sites.uel.br\/museu\/wp-content\/uploads\/2023\/06\/77d088e8-2106-4db2-91fa-916c26c11f62-225x300.jpg 225w, https:\/\/sites.uel.br\/museu\/wp-content\/uploads\/2023\/06\/77d088e8-2106-4db2-91fa-916c26c11f62.jpg 960w\" sizes=\"auto, (max-width: 768px) 100vw, 768px\" \/><\/figure>\n\n\n\n<figure class=\"wp-block-image size-large\"><img loading=\"lazy\" decoding=\"async\" width=\"768\" height=\"1024\" data-id=\"631\" src=\"https:\/\/sites.uel.br\/museu\/wp-content\/uploads\/2023\/06\/3370002e-1387-4f98-a3e8-a247bc7c6a8c-768x1024.jpg\" alt=\"\" class=\"wp-image-631\" srcset=\"https:\/\/sites.uel.br\/museu\/wp-content\/uploads\/2023\/06\/3370002e-1387-4f98-a3e8-a247bc7c6a8c-768x1024.jpg 768w, https:\/\/sites.uel.br\/museu\/wp-content\/uploads\/2023\/06\/3370002e-1387-4f98-a3e8-a247bc7c6a8c-225x300.jpg 225w, https:\/\/sites.uel.br\/museu\/wp-content\/uploads\/2023\/06\/3370002e-1387-4f98-a3e8-a247bc7c6a8c.jpg 960w\" sizes=\"auto, (max-width: 768px) 100vw, 768px\" \/><\/figure>\n\n\n\n<figure class=\"wp-block-image size-large\"><img loading=\"lazy\" decoding=\"async\" width=\"768\" height=\"1024\" data-id=\"634\" src=\"https:\/\/sites.uel.br\/museu\/wp-content\/uploads\/2023\/06\/1b578147-a111-444d-94e2-6dedefe4a5a2-1-768x1024.jpg\" alt=\"\" class=\"wp-image-634\" srcset=\"https:\/\/sites.uel.br\/museu\/wp-content\/uploads\/2023\/06\/1b578147-a111-444d-94e2-6dedefe4a5a2-1-768x1024.jpg 768w, https:\/\/sites.uel.br\/museu\/wp-content\/uploads\/2023\/06\/1b578147-a111-444d-94e2-6dedefe4a5a2-1-225x300.jpg 225w, https:\/\/sites.uel.br\/museu\/wp-content\/uploads\/2023\/06\/1b578147-a111-444d-94e2-6dedefe4a5a2-1.jpg 960w\" sizes=\"auto, (max-width: 768px) 100vw, 768px\" \/><\/figure>\n<\/figure>\n\n\n\n<h2 class=\"wp-block-heading\">Exposi\u00e7\u00e3o &#8220;Paran\u00e1: a fotografia de Orlando Azevedo&#8221;<\/h2>\n\n\n\n<figure class=\"wp-block-gallery has-nested-images columns-default is-cropped wp-block-gallery-23 is-layout-flex wp-block-gallery-is-layout-flex\">\n<figure class=\"wp-block-image size-large\"><img loading=\"lazy\" decoding=\"async\" width=\"768\" height=\"1024\" data-id=\"636\" src=\"https:\/\/sites.uel.br\/museu\/wp-content\/uploads\/2023\/06\/3c61894a-a39c-451b-9ae1-0923eb236edb-768x1024.jpg\" alt=\"\" class=\"wp-image-636\" srcset=\"https:\/\/sites.uel.br\/museu\/wp-content\/uploads\/2023\/06\/3c61894a-a39c-451b-9ae1-0923eb236edb-768x1024.jpg 768w, https:\/\/sites.uel.br\/museu\/wp-content\/uploads\/2023\/06\/3c61894a-a39c-451b-9ae1-0923eb236edb-225x300.jpg 225w, https:\/\/sites.uel.br\/museu\/wp-content\/uploads\/2023\/06\/3c61894a-a39c-451b-9ae1-0923eb236edb.jpg 960w\" sizes=\"auto, (max-width: 768px) 100vw, 768px\" \/><\/figure>\n\n\n\n<figure class=\"wp-block-image size-large\"><img loading=\"lazy\" decoding=\"async\" width=\"1024\" height=\"768\" data-id=\"641\" src=\"https:\/\/sites.uel.br\/museu\/wp-content\/uploads\/2023\/06\/96d91684-4782-46ed-b3a0-76e6fb5a41fe-1024x768.jpg\" alt=\"\" class=\"wp-image-641\" srcset=\"https:\/\/sites.uel.br\/museu\/wp-content\/uploads\/2023\/06\/96d91684-4782-46ed-b3a0-76e6fb5a41fe-1024x768.jpg 1024w, https:\/\/sites.uel.br\/museu\/wp-content\/uploads\/2023\/06\/96d91684-4782-46ed-b3a0-76e6fb5a41fe-300x225.jpg 300w, https:\/\/sites.uel.br\/museu\/wp-content\/uploads\/2023\/06\/96d91684-4782-46ed-b3a0-76e6fb5a41fe-768x576.jpg 768w, https:\/\/sites.uel.br\/museu\/wp-content\/uploads\/2023\/06\/96d91684-4782-46ed-b3a0-76e6fb5a41fe.jpg 1280w\" sizes=\"auto, (max-width: 1024px) 100vw, 1024px\" \/><\/figure>\n\n\n\n<figure class=\"wp-block-image size-large\"><img loading=\"lazy\" decoding=\"async\" width=\"1024\" height=\"768\" data-id=\"639\" src=\"https:\/\/sites.uel.br\/museu\/wp-content\/uploads\/2023\/06\/524e09d5-4af0-42ed-8f3f-4c7ebff6a250-1024x768.jpg\" alt=\"\" class=\"wp-image-639\" srcset=\"https:\/\/sites.uel.br\/museu\/wp-content\/uploads\/2023\/06\/524e09d5-4af0-42ed-8f3f-4c7ebff6a250-1024x768.jpg 1024w, https:\/\/sites.uel.br\/museu\/wp-content\/uploads\/2023\/06\/524e09d5-4af0-42ed-8f3f-4c7ebff6a250-300x225.jpg 300w, https:\/\/sites.uel.br\/museu\/wp-content\/uploads\/2023\/06\/524e09d5-4af0-42ed-8f3f-4c7ebff6a250-768x576.jpg 768w, https:\/\/sites.uel.br\/museu\/wp-content\/uploads\/2023\/06\/524e09d5-4af0-42ed-8f3f-4c7ebff6a250.jpg 1280w\" sizes=\"auto, (max-width: 1024px) 100vw, 1024px\" \/><\/figure>\n\n\n\n<figure class=\"wp-block-image size-large\"><img loading=\"lazy\" decoding=\"async\" width=\"1024\" height=\"768\" data-id=\"640\" src=\"https:\/\/sites.uel.br\/museu\/wp-content\/uploads\/2023\/06\/7356efe0-75c9-457e-9d01-94807153f7a4-1024x768.jpg\" alt=\"\" class=\"wp-image-640\" srcset=\"https:\/\/sites.uel.br\/museu\/wp-content\/uploads\/2023\/06\/7356efe0-75c9-457e-9d01-94807153f7a4-1024x768.jpg 1024w, https:\/\/sites.uel.br\/museu\/wp-content\/uploads\/2023\/06\/7356efe0-75c9-457e-9d01-94807153f7a4-300x225.jpg 300w, https:\/\/sites.uel.br\/museu\/wp-content\/uploads\/2023\/06\/7356efe0-75c9-457e-9d01-94807153f7a4-768x576.jpg 768w, https:\/\/sites.uel.br\/museu\/wp-content\/uploads\/2023\/06\/7356efe0-75c9-457e-9d01-94807153f7a4.jpg 1280w\" sizes=\"auto, (max-width: 1024px) 100vw, 1024px\" \/><\/figure>\n\n\n\n<figure class=\"wp-block-image size-large\"><img loading=\"lazy\" decoding=\"async\" width=\"1024\" height=\"768\" data-id=\"642\" src=\"https:\/\/sites.uel.br\/museu\/wp-content\/uploads\/2023\/06\/c9ed08dd-84e4-460f-bc2f-c82638a1d1f7-1024x768.jpg\" alt=\"\" class=\"wp-image-642\" srcset=\"https:\/\/sites.uel.br\/museu\/wp-content\/uploads\/2023\/06\/c9ed08dd-84e4-460f-bc2f-c82638a1d1f7-1024x768.jpg 1024w, https:\/\/sites.uel.br\/museu\/wp-content\/uploads\/2023\/06\/c9ed08dd-84e4-460f-bc2f-c82638a1d1f7-300x225.jpg 300w, https:\/\/sites.uel.br\/museu\/wp-content\/uploads\/2023\/06\/c9ed08dd-84e4-460f-bc2f-c82638a1d1f7-768x576.jpg 768w, https:\/\/sites.uel.br\/museu\/wp-content\/uploads\/2023\/06\/c9ed08dd-84e4-460f-bc2f-c82638a1d1f7.jpg 1280w\" sizes=\"auto, (max-width: 1024px) 100vw, 1024px\" \/><\/figure>\n\n\n\n<figure class=\"wp-block-image size-large\"><img loading=\"lazy\" decoding=\"async\" width=\"1024\" height=\"768\" data-id=\"643\" src=\"https:\/\/sites.uel.br\/museu\/wp-content\/uploads\/2023\/06\/f75544b1-4fa1-4cf3-bab8-496772ba1a20-1024x768.jpg\" alt=\"\" class=\"wp-image-643\" srcset=\"https:\/\/sites.uel.br\/museu\/wp-content\/uploads\/2023\/06\/f75544b1-4fa1-4cf3-bab8-496772ba1a20-1024x768.jpg 1024w, https:\/\/sites.uel.br\/museu\/wp-content\/uploads\/2023\/06\/f75544b1-4fa1-4cf3-bab8-496772ba1a20-300x225.jpg 300w, https:\/\/sites.uel.br\/museu\/wp-content\/uploads\/2023\/06\/f75544b1-4fa1-4cf3-bab8-496772ba1a20-768x576.jpg 768w, https:\/\/sites.uel.br\/museu\/wp-content\/uploads\/2023\/06\/f75544b1-4fa1-4cf3-bab8-496772ba1a20.jpg 1280w\" sizes=\"auto, (max-width: 1024px) 100vw, 1024px\" \/><\/figure>\n<\/figure>\n\n\n\n<h2 class=\"wp-block-heading\">Exposi\u00e7\u00e3o &#8220;UEL 40 anos&#8221;<\/h2>\n\n\n\n<figure class=\"wp-block-gallery has-nested-images columns-default is-cropped wp-block-gallery-24 is-layout-flex wp-block-gallery-is-layout-flex\">\n<figure class=\"wp-block-image size-large\"><img loading=\"lazy\" decoding=\"async\" width=\"943\" height=\"1024\" data-id=\"655\" src=\"https:\/\/sites.uel.br\/museu\/wp-content\/uploads\/2023\/06\/1b2ba7a2-021f-4ff3-b703-17d354fc4f9d-943x1024.jpg\" alt=\"\" class=\"wp-image-655\" srcset=\"https:\/\/sites.uel.br\/museu\/wp-content\/uploads\/2023\/06\/1b2ba7a2-021f-4ff3-b703-17d354fc4f9d-943x1024.jpg 943w, https:\/\/sites.uel.br\/museu\/wp-content\/uploads\/2023\/06\/1b2ba7a2-021f-4ff3-b703-17d354fc4f9d-276x300.jpg 276w, https:\/\/sites.uel.br\/museu\/wp-content\/uploads\/2023\/06\/1b2ba7a2-021f-4ff3-b703-17d354fc4f9d-768x834.jpg 768w, https:\/\/sites.uel.br\/museu\/wp-content\/uploads\/2023\/06\/1b2ba7a2-021f-4ff3-b703-17d354fc4f9d.jpg 1179w\" sizes=\"auto, (max-width: 943px) 100vw, 943px\" \/><\/figure>\n\n\n\n<figure class=\"wp-block-image size-large\"><img loading=\"lazy\" decoding=\"async\" width=\"1024\" height=\"768\" data-id=\"658\" src=\"https:\/\/sites.uel.br\/museu\/wp-content\/uploads\/2023\/06\/1bd0b9ae-f6a4-4f18-b13d-071796e43a32-1-1024x768.jpg\" alt=\"\" class=\"wp-image-658\" srcset=\"https:\/\/sites.uel.br\/museu\/wp-content\/uploads\/2023\/06\/1bd0b9ae-f6a4-4f18-b13d-071796e43a32-1-1024x768.jpg 1024w, https:\/\/sites.uel.br\/museu\/wp-content\/uploads\/2023\/06\/1bd0b9ae-f6a4-4f18-b13d-071796e43a32-1-300x225.jpg 300w, https:\/\/sites.uel.br\/museu\/wp-content\/uploads\/2023\/06\/1bd0b9ae-f6a4-4f18-b13d-071796e43a32-1-768x576.jpg 768w, https:\/\/sites.uel.br\/museu\/wp-content\/uploads\/2023\/06\/1bd0b9ae-f6a4-4f18-b13d-071796e43a32-1.jpg 1280w\" sizes=\"auto, (max-width: 1024px) 100vw, 1024px\" \/><\/figure>\n\n\n\n<figure class=\"wp-block-image size-large\"><img loading=\"lazy\" decoding=\"async\" width=\"1024\" height=\"768\" data-id=\"656\" src=\"https:\/\/sites.uel.br\/museu\/wp-content\/uploads\/2023\/06\/76f002b2-a7e1-42c6-99d4-5f7cbc4d3ed7-1024x768.jpg\" alt=\"\" class=\"wp-image-656\" srcset=\"https:\/\/sites.uel.br\/museu\/wp-content\/uploads\/2023\/06\/76f002b2-a7e1-42c6-99d4-5f7cbc4d3ed7-1024x768.jpg 1024w, https:\/\/sites.uel.br\/museu\/wp-content\/uploads\/2023\/06\/76f002b2-a7e1-42c6-99d4-5f7cbc4d3ed7-300x225.jpg 300w, https:\/\/sites.uel.br\/museu\/wp-content\/uploads\/2023\/06\/76f002b2-a7e1-42c6-99d4-5f7cbc4d3ed7-768x576.jpg 768w, https:\/\/sites.uel.br\/museu\/wp-content\/uploads\/2023\/06\/76f002b2-a7e1-42c6-99d4-5f7cbc4d3ed7.jpg 1280w\" sizes=\"auto, (max-width: 1024px) 100vw, 1024px\" \/><\/figure>\n\n\n\n<figure class=\"wp-block-image size-large\"><img loading=\"lazy\" decoding=\"async\" width=\"1024\" height=\"768\" data-id=\"652\" src=\"https:\/\/sites.uel.br\/museu\/wp-content\/uploads\/2023\/06\/81d7eff4-a0ff-4463-a735-dab36a0abaca-1024x768.jpg\" alt=\"\" class=\"wp-image-652\" srcset=\"https:\/\/sites.uel.br\/museu\/wp-content\/uploads\/2023\/06\/81d7eff4-a0ff-4463-a735-dab36a0abaca-1024x768.jpg 1024w, https:\/\/sites.uel.br\/museu\/wp-content\/uploads\/2023\/06\/81d7eff4-a0ff-4463-a735-dab36a0abaca-300x225.jpg 300w, https:\/\/sites.uel.br\/museu\/wp-content\/uploads\/2023\/06\/81d7eff4-a0ff-4463-a735-dab36a0abaca-768x576.jpg 768w, https:\/\/sites.uel.br\/museu\/wp-content\/uploads\/2023\/06\/81d7eff4-a0ff-4463-a735-dab36a0abaca.jpg 1280w\" sizes=\"auto, (max-width: 1024px) 100vw, 1024px\" \/><\/figure>\n\n\n\n<figure class=\"wp-block-image size-large\"><img loading=\"lazy\" decoding=\"async\" width=\"1024\" height=\"768\" data-id=\"659\" src=\"https:\/\/sites.uel.br\/museu\/wp-content\/uploads\/2023\/06\/f4fe2699-3800-499e-9a3e-30e03c12f8f1-1024x768.jpg\" alt=\"\" class=\"wp-image-659\" srcset=\"https:\/\/sites.uel.br\/museu\/wp-content\/uploads\/2023\/06\/f4fe2699-3800-499e-9a3e-30e03c12f8f1-1024x768.jpg 1024w, https:\/\/sites.uel.br\/museu\/wp-content\/uploads\/2023\/06\/f4fe2699-3800-499e-9a3e-30e03c12f8f1-300x225.jpg 300w, https:\/\/sites.uel.br\/museu\/wp-content\/uploads\/2023\/06\/f4fe2699-3800-499e-9a3e-30e03c12f8f1-768x576.jpg 768w, https:\/\/sites.uel.br\/museu\/wp-content\/uploads\/2023\/06\/f4fe2699-3800-499e-9a3e-30e03c12f8f1.jpg 1280w\" sizes=\"auto, (max-width: 1024px) 100vw, 1024px\" \/><\/figure>\n\n\n\n<figure class=\"wp-block-image size-large\"><img loading=\"lazy\" decoding=\"async\" width=\"1024\" height=\"768\" data-id=\"657\" src=\"https:\/\/sites.uel.br\/museu\/wp-content\/uploads\/2023\/06\/e4bc83c1-146e-4075-ac38-5e3bef4eff31-1024x768.jpg\" alt=\"\" class=\"wp-image-657\" srcset=\"https:\/\/sites.uel.br\/museu\/wp-content\/uploads\/2023\/06\/e4bc83c1-146e-4075-ac38-5e3bef4eff31-1024x768.jpg 1024w, https:\/\/sites.uel.br\/museu\/wp-content\/uploads\/2023\/06\/e4bc83c1-146e-4075-ac38-5e3bef4eff31-300x225.jpg 300w, https:\/\/sites.uel.br\/museu\/wp-content\/uploads\/2023\/06\/e4bc83c1-146e-4075-ac38-5e3bef4eff31-768x576.jpg 768w, https:\/\/sites.uel.br\/museu\/wp-content\/uploads\/2023\/06\/e4bc83c1-146e-4075-ac38-5e3bef4eff31.jpg 1280w\" sizes=\"auto, (max-width: 1024px) 100vw, 1024px\" \/><\/figure>\n<\/figure>\n\n\n\n<ul class=\"wp-block-social-links is-layout-flex wp-block-social-links-is-layout-flex\"><\/ul>\n","protected":false},"excerpt":{"rendered":"<p>Entalhes do Brasil: express\u00f5es art\u00edsticas em gravura &#8211; 03 de maio de 2024 a 08 de setembro de 2024 Fotos por Amauri Ramos da Silva XXVI Sal\u00e3o Nacional de Arte Fotogr\u00e1fica &#8211; 02 de dezembro de 2023 a 28 de abril de 2024 Fotos por Amauri Ramos da Silva Londrina e o Choro no fio [&hellip;]<\/p>\n","protected":false},"author":1,"featured_media":0,"parent":0,"menu_order":0,"comment_status":"close","ping_status":"close","template":"","meta":{"footnotes":""},"class_list":["post-11","page","type-page","status-publish","hentry"],"acf":[],"_links":{"self":[{"href":"https:\/\/sites.uel.br\/museu\/wp-json\/wp\/v2\/pages\/11","targetHints":{"allow":["GET"]}}],"collection":[{"href":"https:\/\/sites.uel.br\/museu\/wp-json\/wp\/v2\/pages"}],"about":[{"href":"https:\/\/sites.uel.br\/museu\/wp-json\/wp\/v2\/types\/page"}],"author":[{"embeddable":true,"href":"https:\/\/sites.uel.br\/museu\/wp-json\/wp\/v2\/users\/1"}],"replies":[{"embeddable":true,"href":"https:\/\/sites.uel.br\/museu\/wp-json\/wp\/v2\/comments?post=11"}],"version-history":[{"count":24,"href":"https:\/\/sites.uel.br\/museu\/wp-json\/wp\/v2\/pages\/11\/revisions"}],"predecessor-version":[{"id":1183,"href":"https:\/\/sites.uel.br\/museu\/wp-json\/wp\/v2\/pages\/11\/revisions\/1183"}],"wp:attachment":[{"href":"https:\/\/sites.uel.br\/museu\/wp-json\/wp\/v2\/media?parent=11"}],"curies":[{"name":"wp","href":"https:\/\/api.w.org\/{rel}","templated":true}]}}