{"id":43,"date":"2024-04-13T23:28:47","date_gmt":"2024-04-14T02:28:47","guid":{"rendered":"https:\/\/sites.uel.br\/estagiar\/?page_id=43"},"modified":"2025-11-02T21:28:35","modified_gmt":"2025-11-03T00:28:35","slug":"comunicacoes-2","status":"publish","type":"page","link":"https:\/\/sites.uel.br\/estagiar\/comunicacoes-2\/","title":{"rendered":"Apresenta\u00e7\u00e3o de trabalhos (comunica\u00e7\u00f5es)"},"content":{"rendered":"\n<h2 class=\"wp-block-heading\">Modalidades de apresenta\u00e7\u00e3o<\/h2>\n\n\n\n<p>(A)&nbsp;estagi\u00e1rios de Letras-Portugu\u00eas da UEL,<br>(B)&nbsp;egressos do ano letivo&nbsp;anterior de Letras-Portugu\u00eas da UEL,<br>(C) orientadores de est\u00e1gio&nbsp;de Letras-Portugu\u00eas da UEL&nbsp;e\/ou<br>(D) professores dos campos de est\u00e1gio vinculados ao NRE-Londrina.&nbsp;<br>ATEN\u00c7\u00c3O: Participantes com apresenta\u00e7\u00e3o de trabalho dever\u00e3o enviar o&nbsp;resumo&nbsp;no ato da inscri\u00e7\u00e3o.<br><strong>Demais participantes podem se inscrever na condi\u00e7\u00e3o de Ouvintes.&nbsp;&nbsp;<\/strong><\/p>\n\n\n\n<p>Para propor comunica\u00e7\u00e3o(\u00f5es), o\/a(s) participante(s) com os perfis listados precisar\u00e1(\u00e3o) fazer a inscri\u00e7\u00e3o no per\u00edodo previsto no Cronograma.<\/p>\n\n\n\n<h2 class=\"wp-block-heading\">Formas de participa\u00e7\u00e3o<\/h2>\n\n\n\n<p>Cada participante com apresenta\u00e7\u00e3o de trabalho poder\u00e1 ser autor ou coautor em&nbsp;at\u00e9 2 (dois) trabalhos&nbsp;e&nbsp;cada trabalho poder\u00e1 ter&nbsp;at\u00e9 3 (tr\u00eas) autores&nbsp;(inscritos no evento).<\/p>\n\n\n\n<p>Orientadores de est\u00e1gio de Letras-Portugu\u00eas da UEL\u00a0(denominados \u201cprofessores supervisores\u201d) podem apresentar comunica\u00e7\u00f5es, desde que sem estabelecer coautorias com estagi\u00e1rios ou com professores dos campos de est\u00e1gio.\u00a0<\/p>\n\n\n\n<p>O evento incentiva tamb\u00e9m a submiss\u00e3o de trabalhos pelos\u00a0professores das escolas (\u201ccampos de est\u00e1gio\u201d), sejam individuais ou em coautoria com estagi\u00e1rios\/egressos do ano letivo anterior e\/ou com outros colegas de doc\u00eancia no fundamental II e\/ou m\u00e9dio.<\/p>\n\n\n\n<h2 class=\"wp-block-heading\">Normas das apresenta\u00e7\u00f5es<\/h2>\n\n\n\n<p>Em todas as sess\u00f5es haver\u00e1 um(a) coordenador(a).<\/p>\n\n\n\n<p>A forma de apresenta\u00e7\u00e3o \u00e9 livre, sem modelos definidos pelo evento.<\/p>\n\n\n\n<p>Para as apresenta\u00e7\u00f5es que demandem uso de datashow, recomenda-se levar notebook.<\/p>\n\n\n\n<p>As comunica\u00e7\u00f5es orais ser\u00e3o de\u00a0at\u00e9 20 minutos cada.<\/p>\n\n\n\n<p>Ao final de todas as comunica\u00e7\u00f5es, haver\u00e1 um per\u00edodo para perguntas e discuss\u00e3o.<\/p>\n\n\n\n<h2 class=\"wp-block-heading\">Outras informa\u00e7\u00f5es<\/h2>\n\n\n\n<p>A sele\u00e7\u00e3o dos trabalhos ser\u00e1 feita pela Comiss\u00e3o Cient\u00edfica do evento.<\/p>\n\n\n\n<p>O ensalamento das comunica\u00e7\u00f5es ser\u00e1 informado ap\u00f3s o per\u00edodo de inscri\u00e7\u00f5es em data a ser definida.&nbsp;<\/p>\n\n\n\n<p>Caso queira, o estagi\u00e1rio da gradua\u00e7\u00e3o em Letras-Portugu\u00eas da UEL, participante do ESTAGIAR com comunica\u00e7\u00e3o, poder\u00e1 entregar ao(\u00e0 professor(a) supervisor(a) do est\u00e1gio (orientador(a)) o Trabalho Completo em substitui\u00e7\u00e3o ao&nbsp;<strong>Artigo Final de Est\u00e1gio<\/strong>, com a garantia da atribui\u00e7\u00e3o de, no m\u00ednimo, nota 6,0 (seis) para essa atividade, obedecidos os crit\u00e9rios avaliativos das \u201cdisciplinas pr\u00e1ticas de est\u00e1gio\u201d.<br>A&nbsp;entrega da&nbsp;<strong>Ficha de Acompanhamento de Est\u00e1gio<\/strong>, por\u00e9m, continuar\u00e1 sendo necess\u00e1ria.<\/p>\n\n\n\n<p>A publica\u00e7\u00e3o do trabalho completo em anais do ESTAGIAR est\u00e1 condicionada \u00e0 inscri\u00e7\u00e3o e apresenta\u00e7\u00e3o do trabalho no evento pelo(s) autor(es).&nbsp;N\u00e3o ser\u00e1 publicado trabalho em coautoria se um ou mais autores n\u00e3o tiverem se inscrito\/apresentado o trabalho no evento.&nbsp;<\/p>\n","protected":false},"excerpt":{"rendered":"<p>Modalidades de apresenta\u00e7\u00e3o (A)&nbsp;estagi\u00e1rios de Letras-Portugu\u00eas da UEL,(B)&nbsp;egressos do ano letivo&nbsp;anterior de Letras-Portugu\u00eas da UEL,(C) orientadores de est\u00e1gio&nbsp;de Letras-Portugu\u00eas da UEL&nbsp;e\/ou(D) professores dos campos de est\u00e1gio vinculados ao NRE-Londrina.&nbsp;ATEN\u00c7\u00c3O: Participantes com apresenta\u00e7\u00e3o de trabalho dever\u00e3o enviar o&nbsp;resumo&nbsp;no ato da inscri\u00e7\u00e3o.Demais participantes podem se inscrever na condi\u00e7\u00e3o de Ouvintes.&nbsp;&nbsp; Para propor comunica\u00e7\u00e3o(\u00f5es), o\/a(s) participante(s) com os [&hellip;]<\/p>\n","protected":false},"author":7,"featured_media":0,"parent":0,"menu_order":0,"comment_status":"closed","ping_status":"closed","template":"","meta":{"_acf_changed":false,"_themeisle_gutenberg_block_has_review":false,"footnotes":""},"class_list":["post-43","page","type-page","status-publish","hentry"],"acf":[],"_links":{"self":[{"href":"https:\/\/sites.uel.br\/estagiar\/wp-json\/wp\/v2\/pages\/43","targetHints":{"allow":["GET"]}}],"collection":[{"href":"https:\/\/sites.uel.br\/estagiar\/wp-json\/wp\/v2\/pages"}],"about":[{"href":"https:\/\/sites.uel.br\/estagiar\/wp-json\/wp\/v2\/types\/page"}],"author":[{"embeddable":true,"href":"https:\/\/sites.uel.br\/estagiar\/wp-json\/wp\/v2\/users\/7"}],"replies":[{"embeddable":true,"href":"https:\/\/sites.uel.br\/estagiar\/wp-json\/wp\/v2\/comments?post=43"}],"version-history":[{"count":12,"href":"https:\/\/sites.uel.br\/estagiar\/wp-json\/wp\/v2\/pages\/43\/revisions"}],"predecessor-version":[{"id":411,"href":"https:\/\/sites.uel.br\/estagiar\/wp-json\/wp\/v2\/pages\/43\/revisions\/411"}],"wp:attachment":[{"href":"https:\/\/sites.uel.br\/estagiar\/wp-json\/wp\/v2\/media?parent=43"}],"curies":[{"name":"wp","href":"https:\/\/api.w.org\/{rel}","templated":true}]}}