{"id":28,"date":"2024-04-13T23:20:56","date_gmt":"2024-04-14T02:20:56","guid":{"rendered":"https:\/\/sites.uel.br\/estagiar\/?page_id=28"},"modified":"2025-11-13T14:22:19","modified_gmt":"2025-11-13T17:22:19","slug":"programacao","status":"publish","type":"page","link":"https:\/\/sites.uel.br\/estagiar\/programacao\/","title":{"rendered":"Programa\u00e7\u00e3o"},"content":{"rendered":"\n<p class=\"has-text-align-center\"><\/p>\n\n\n\n<figure class=\"wp-block-table is-style-regular has-small-font-size\"><table class=\"has-fixed-layout\"><tbody><tr><td colspan=\"4\"><strong>05\/11\/2025 \u2013 QUARTA-FEIRA \u2013 NOITE<\/strong><\/td><\/tr><tr><td><strong>HOR\u00c1RIO<\/strong><\/td><td><strong>ATIVIDADE<\/strong><\/td><td><strong>LOCAL<\/strong><\/td><td><strong>FREQU\u00caNCIA<br><\/strong><strong>total m\u00ednimo de 60%<\/strong><strong><\/strong><\/td><\/tr><tr><td><strong>19h30 \u00e0s 19:45<\/strong><\/td><td><strong><u>ABERTURA<\/u><\/strong><\/td><td rowspan=\"3\">Anfiteatro Maior<\/td><td rowspan=\"3\">20%<\/td><\/tr><tr><td><strong>19h45 \u00e0s 20h<\/strong><\/td><td><strong><u>HOMENAGEM A EX-DOCENTES EFETIVOS DA \u00c1REA DE METODOLOGIA E PR\u00c1TICA DE ENSINO<\/u><\/strong><\/td><\/tr><tr><td><strong>20h \u00e0s 21h30<\/strong><\/td><td><strong><u>PALESTRA<\/u><\/strong> <strong>A produ\u00e7\u00e3o de textos na escola em tempos de IA Generativa<\/strong> Prof. Emerson de Pietri&nbsp;(USP)<\/td><\/tr><\/tbody><\/table><\/figure>\n\n\n\n<figure class=\"wp-block-table has-small-font-size\"><table class=\"has-fixed-layout\"><tbody><tr><td colspan=\"4\"><strong>06\/11\/2025 \u2013 QUINTA-FEIRA \u2013 TARDE<\/strong><\/td><\/tr><tr><td><strong>HOR\u00c1RIO<\/strong><\/td><td><strong>ATIVIDADE<\/strong><\/td><td><strong>LOCAL<\/strong><\/td><td><strong>FREQU\u00caNCIA<br><\/strong><strong>total m\u00ednimo de 60%<\/strong><strong><\/strong><\/td><\/tr><tr><td rowspan=\"2\"><strong>14h00 \u00e0s 15h30<\/strong><\/td><td><strong><u>COMUNICA\u00c7\u00d5ES \u2013 SESS\u00c3O 1<\/u><\/strong> <strong>Kahoot no trabalho com a literatura no fundamental II<\/strong> Bianca Furlan Polo Murta e Maria Clara Dias <strong>O transbordamento da realidade escolar e social nas produ\u00e7\u00f5es textuais: uma an\u00e1lise de par\u00f3dias produzidas por alunos do nono ano<\/strong> Julia Stratico <strong>Reflexos da leitura no ensino fundamental II<\/strong> Isabella Andresa Alves Dos Reis<\/td><td>LAPECH 1\u00ba andar NECTS 1<\/td><td rowspan=\"4\">20%<\/td><\/tr><tr><td><strong><u>COMUNICA\u00c7\u00d5ES \u2013 SESS\u00c3O 2<\/u><\/strong> <strong>Sil\u00eancio das plataformas, voz dos alunos: an\u00e1lise sobre o ensino de escrita sem o uso do Reda\u00e7\u00e3o Paran\u00e1<\/strong> Larissa Itinoce Mendon\u00e7a <strong>A automatiza\u00e7\u00e3o das reda\u00e7\u00f5es atrav\u00e9s de intelig\u00eancia artificial e de modelos prontos<\/strong> Gabriel Ver\u00edssimo Dos Santos e Luana Moizes Santos <strong>Pr\u00e1ticas de leitura no 9\u00ba ano: compara\u00e7\u00e3o entre experi\u00eancias nas redes p\u00fablica e privada de Londrina<\/strong> Gustavo Andr\u00e9 Oliveira e Victor Hugo Bento Da Costa Traldi<\/td><td>LAPECH 1\u00ba andar NECTS 2<\/td><\/tr><tr><td rowspan=\"2\"><strong>15h30 \u00e0s 17h<\/strong><\/td><td><strong><u>COMUNICA\u00c7\u00d5ES \u2013 SESS\u00c3O 3<\/u><\/strong> <strong>Miniconto como estrat\u00e9gia de leitura e escrita<\/strong> Alexandro Wesley de Mello de Oliveira <strong>Neurodivergentes e migrantes internacionais no fundamental II: an\u00e1lise das a\u00e7\u00f5es de apoio<\/strong> Ellen Aparecida Louren\u00e7o Rorato Euclides e Mauro Morais Neto <strong>Metodologias de ensino de an\u00e1lise lingu\u00edstica: entre o RCO+ e a universidade<\/strong> Isabela Medeiros Trindade e Larissa Cardozo Rodolfo<\/td><td>LAPECH 1\u00ba andar NECTS 1<\/td><\/tr><tr><td><strong><u>COMUNICA\u00c7\u00d5ES \u2013 SESS\u00c3O 4<\/u><\/strong> <strong>Figuras de linguagem, literatura e educa\u00e7\u00e3o: pr\u00e1ticas de leitura na escola<\/strong> Enzo Manzano Stipp e Jos\u00e9 Luiz Ot\u00eanio Neto <strong>Desafios do professor iniciante: reflex\u00f5es sobre a pr\u00e1xis na experi\u00eancia de est\u00e1gio<\/strong> Mariana Em\u00eddio Bonif\u00e1cio <strong>O ensino de l\u00edngua portuguesa contextualizado: o impacto da descontextualiza\u00e7\u00e3o no afastamento do aluno<\/strong> Rebecca Maria Pereira Ribas<\/td><td>LAPECH 1\u00ba andar NECTS 2<\/td><\/tr><\/tbody><\/table><\/figure>\n\n\n\n<figure class=\"wp-block-table has-small-font-size\"><table class=\"has-fixed-layout\"><tbody><tr><td colspan=\"4\"><strong>06\/11\/2025 \u2013 QUINTA-FEIRA \u2013 NOITE<\/strong><\/td><\/tr><tr><td><strong>HOR\u00c1RIO<\/strong><\/td><td><strong>ATIVIDADE<\/strong><\/td><td><strong>LOCAL<\/strong><\/td><td><strong>FREQU\u00caNCIA<br><\/strong><strong>total m\u00ednimo de 60%<\/strong><strong><\/strong><\/td><\/tr><tr><td rowspan=\"2\"><strong>19h \u00e0s 20h30<\/strong><\/td><td><strong><u>COMUNICA\u00c7\u00d5ES \u2013 SESS\u00c3O 5<\/u><\/strong> <strong>Plataformiza\u00e7\u00e3o e ensino de l\u00edngua portuguesa: desafios e potencialidades no 6\u00ba ano<\/strong> Maria Eduarda Scaramal Camilo <strong>Educa\u00e7\u00e3o do campo: diferen\u00e7as sociais e o papel afetivo do professor na aprendizagem<\/strong> Eloisa Martins Silvestre <strong>Metodologias ativas no ensino do g\u00eanero not\u00edcia: um relato de est\u00e1gio supervisionado em Letras<\/strong> Maicon Ant\u00f4nio Pereira<\/td><td>LAPECH 1\u00ba andar NECTS 1<\/td><td rowspan=\"5\">20%<\/td><\/tr><tr><td><strong><u>COMUNICA\u00c7\u00d5ES \u2013 SESS\u00c3O 6<\/u><\/strong> <strong>Gera\u00e7\u00e3o alpha: modernidade l\u00edquida e seus impactos no leitor cr\u00edtico<\/strong> Anna Victorya Rigolon e Gabriel Pimenta Martins <strong>Desafios do ensino de l\u00edngua portuguesa em escolas ind\u00edgenas kaingang<\/strong> Lucenilda Maria Rodrigues <strong>O uso das tecnologias digitais no ensino de l\u00edngua portuguesa: resultados e desafios de uma experi\u00eancia no ensino m\u00e9dio noturno<\/strong> Fernanda Mendes Albergoni<\/td><td>LAPECH 1\u00ba andar NECTS 2<\/td><\/tr><tr><td><strong>20h30 \u00e0s 20h50<\/strong><\/td><td><strong><em><u>COFFEE-BREAK<\/u><\/em><\/strong><\/td><td>Sala de Eventos<\/td><\/tr><tr><td rowspan=\"2\"><strong>20h50 \u00e0s 22h20<\/strong><\/td><td><strong><u>COMUNICA\u00c7\u00d5ES \u2013 SESS\u00c3O 7<\/u><\/strong> <strong>Est\u00e1gio curricular obrigat\u00f3rio e afetividade: relato sobre importar-se, educar e humanizar<\/strong> Michelle Matie Morikawa <strong>G\u00eanero textual infogr\u00e1fico: uma an\u00e1lise da proposta de ensino disponibilizada pela plataforma RCO+<\/strong> Guilherme Fabrin Tomaelli <strong>Do Barroco ao Romantismo: o letramento liter\u00e1rio pela escrita e circula\u00e7\u00e3o social do poema<\/strong> Felipe Augusto Guelfi<\/td><td>LAPECH 1\u00ba andar NECTS 1<\/td><\/tr><tr><td><strong><u>COMUNICA\u00c7\u00d5ES \u2013 SESS\u00c3O 8<\/u><\/strong> <strong>Performance, afeto e resist\u00eancia: um estudo autoetnogr\u00e1fico sobre a escolha pela doc\u00eancia<\/strong> Jo\u00e3o V\u00edtor Pereira Ukracheski <strong>A contribui\u00e7\u00e3o da pedagogia dos multiletramentos para a produ\u00e7\u00e3o de sentidos nas aulas de l\u00edngua portuguesa<\/strong> Jos\u00e9 Augusto da Silva Lauzut <strong>Os desafios da educa\u00e7\u00e3o inclusiva em escolas estaduais no Paran\u00e1<\/strong> J\u00falia Eg\u00eddio Santos<\/td><td>LAPECH 1\u00ba andar NECTS 2<\/td><\/tr><\/tbody><\/table><\/figure>\n\n\n\n<figure class=\"wp-block-table has-small-font-size\"><table class=\"has-fixed-layout\"><tbody><tr><td colspan=\"4\"><strong>07\/11\/2025 \u2013 SEXTA-FEIRA \u2013 MANH\u00c3<\/strong><\/td><\/tr><tr><td><strong>HOR\u00c1RIO<\/strong><\/td><td><strong>ATIVIDADE<\/strong><\/td><td><strong>LOCAL<\/strong><\/td><td><strong>FREQU\u00caNCIA<br><\/strong><strong>total m\u00ednimo de 60%<\/strong><strong><\/strong><\/td><\/tr><tr><td><strong>9h30 \u00e0s 11h<\/strong><\/td><td><strong><u>REUNI\u00c3O<\/u><\/strong><strong> do Grupo de Pesquisa FELIP \u2013 Forma\u00e7\u00e3o e Ensino em L\u00edngua Portuguesa (DGP\/CNPq)<\/strong><\/td><td>119-B<\/td><td>apenas participantes do grupo e convidados(as)<\/td><\/tr><\/tbody><\/table><\/figure>\n\n\n\n<figure class=\"wp-block-table has-small-font-size\"><table class=\"has-fixed-layout\"><tbody><tr><td colspan=\"4\"><strong>07\/11\/2025 \u2013 SEXTA-FEIRA \u2013 TARDE<\/strong><\/td><\/tr><tr><td><strong>HOR\u00c1RIO<\/strong><\/td><td><strong>ATIVIDADE<\/strong><\/td><td><strong>LOCAL<\/strong><\/td><td><strong>FREQU\u00caNCIA<br><\/strong><strong>total m\u00ednimo de 60%<\/strong><strong><\/strong><\/td><\/tr><tr><td><strong>14h \u00e0s 15h30<\/strong><\/td><td><strong><u>MESA-REDONDA<\/u><\/strong> <strong>Forma\u00e7\u00e3o de professores em Letras e as novas regras&nbsp;da&nbsp;EAD<\/strong> Profa. Andressa Aparecida Lopes (Mediadora, UEL) Profa. Diene Eire de Mello (UEL) Profa. Idelma Maria Nunes Porto (Unopar)<\/td><td>Anfiteatro Maior<\/td><td rowspan=\"4\">20%<\/td><\/tr><tr><td><strong>15h30 \u00e0s 15h50<\/strong><\/td><td><strong><em><u>COFFEE-BREAK<\/u><\/em><\/strong><\/td><td>Sala de Eventos<\/td><\/tr><tr><td rowspan=\"2\"><strong>15h50 \u00e0s 17h20<\/strong><\/td><td><strong><u>COMUNICA\u00c7\u00d5ES \u2013 SESS\u00c3O 9<\/u><\/strong> <strong>A precariza\u00e7\u00e3o do saber na modernidade l\u00edquida: reflexos do est\u00e1gio docente frente \u00e0 intelig\u00eancia artificial<\/strong> Ana Beatriz Carmello Mroguschfski e Isabela da Silva Oliveira <strong>Marcas da oralidade nas produ\u00e7\u00f5es textuais<\/strong> Magali Coelho Pereira <strong>Falta de interesse e falta de literatura no ambiente escolar<\/strong> Guilherme Gabriel Trevizan<\/td><td>LAPECH 1\u00ba andar NECTS 1<\/td><\/tr><tr><td><strong><u>COMUNICA\u00c7\u00d5ES \u2013 SESS\u00c3O 10<\/u><\/strong> <strong>A forma\u00e7\u00e3o do leitor nos anos finais do ensino fundamental: desafios e caminhos poss\u00edveis<\/strong> Jana\u00edna Nocera Oliveira Geraldo <strong>A retextualiza\u00e7\u00e3o de textos narrativos como estrat\u00e9gia did\u00e1tica para produ\u00e7\u00e3o de textos jornal\u00edsticos<\/strong> Ana Paula Louren\u00e7o Martins de Almeida e Renan Gabriel Coineth de Souza <strong>Letramento e produ\u00e7\u00e3o textual no ensino m\u00e9dio: uma experi\u00eancia no est\u00e1gio supervisionado<\/strong> Maria das Gra\u00e7as Fonseca Moraes e Profa. Franciela Silva Zamariam (SEED)<\/td><td>LAPECH 1\u00ba andar NECTS 2<\/td><\/tr><\/tbody><\/table><\/figure>\n\n\n\n<figure class=\"wp-block-table has-small-font-size\"><table class=\"has-fixed-layout\"><tbody><tr><td colspan=\"4\"><strong>07\/11\/2025 \u2013 SEXTA-FEIRA \u2013 NOITE<\/strong><\/td><\/tr><tr><td><strong>HOR\u00c1RIO<\/strong><\/td><td><strong>ATIVIDADE<\/strong><\/td><td><strong>LOCAL<\/strong><\/td><td><strong>FREQU\u00caNCIA<br><\/strong><strong>total m\u00ednimo de 60%<\/strong><strong><\/strong><\/td><\/tr><tr><td rowspan=\"2\"><strong>19h10 \u00e0s 21h<\/strong><\/td><td><strong><u>COMUNICA\u00c7\u00d5ES \u2013 SESS\u00c3O 11<\/u><\/strong> <strong>A aprendizagem de l\u00edngua portuguesa no ensino t\u00e9cnico<\/strong> Adriana Pereira e Bianca Camila Santos Proen\u00e7a <strong>O uso de aparelhos celulares no ambiente escolar p\u00f3s implementa\u00e7\u00e3o da lei n\u00ba 15.100\/2025<\/strong> Ana Julia de Souza Tukasaki e Ellen Beatriz Souza da Silva <strong>Estrat\u00e9gia de leitura no ensino m\u00e9dio: o (des)interesse do aluno contempor\u00e2neo em ler e como lidar com esse desafio<\/strong> Alifer Fernandes Queiroz <strong>O estudo vale a pena? Compreendendo a import\u00e2ncia dos estudos nos tempos atuais<\/strong> Eduarda Loureiro Guedes<\/td><td>LAPECH 1\u00ba andar NECTS 1<\/td><td rowspan=\"3\">20%<\/td><\/tr><tr><td><strong><u>COMUNICA\u00c7\u00d5ES \u2013 SESS\u00c3O 12<\/u><\/strong> <strong>O impacto da desvaloriza\u00e7\u00e3o docente no ensino m\u00e9dio na rede p\u00fablica paranaense<\/strong> Amanda dos Santos Bizerra e Diene Quele dos Santos <strong>Ensino de literatura e produ\u00e7\u00e3o textual: reflex\u00f5es te\u00f3rico-pr\u00e1ticas da reg\u00eancia \u00e0s lacunas do ensino voltado ao Enem frente aos vestibulares<\/strong> Elis\u00e2ngela Beltr\u00e3o da Silva <strong>O eu que se l\u00ea e se escreve: a constru\u00e7\u00e3o de identidade nas aulas de leitura e produ\u00e7\u00e3o de textos no ensino m\u00e9dio<\/strong> Ana Clara Borges da Cruz <strong>A prova como fim: reflex\u00f5es cr\u00edticas sobre a avalia\u00e7\u00e3o e o esvaziamento da aprendizagem<\/strong> Thiago Gabriel Cechetti e Vit\u00f3ria Maria de Almeida<\/td><td>LAPECH 1\u00ba andar NECTS 2<\/td><\/tr><tr><td><strong>21h \u00e0s 22h<\/strong><\/td><td><strong><u>ENCERRAMENTO<\/u><\/strong><\/td><td>Sala de Eventos<\/td><\/tr><\/tbody><\/table><\/figure>\n","protected":false},"excerpt":{"rendered":"<p>05\/11\/2025 \u2013 QUARTA-FEIRA \u2013 NOITE HOR\u00c1RIO ATIVIDADE LOCAL FREQU\u00caNCIAtotal m\u00ednimo de 60% 19h30 \u00e0s 19:45 ABERTURA Anfiteatro Maior 20% 19h45 \u00e0s 20h HOMENAGEM A EX-DOCENTES EFETIVOS DA \u00c1REA DE METODOLOGIA E PR\u00c1TICA DE ENSINO 20h \u00e0s 21h30 PALESTRA A produ\u00e7\u00e3o de textos na escola em tempos de IA Generativa Prof. Emerson de Pietri&nbsp;(USP) 06\/11\/2025 \u2013 [&hellip;]<\/p>\n","protected":false},"author":7,"featured_media":0,"parent":0,"menu_order":0,"comment_status":"closed","ping_status":"closed","template":"","meta":{"_acf_changed":false,"_themeisle_gutenberg_block_has_review":false,"footnotes":""},"class_list":["post-28","page","type-page","status-publish","hentry"],"acf":[],"_links":{"self":[{"href":"https:\/\/sites.uel.br\/estagiar\/wp-json\/wp\/v2\/pages\/28","targetHints":{"allow":["GET"]}}],"collection":[{"href":"https:\/\/sites.uel.br\/estagiar\/wp-json\/wp\/v2\/pages"}],"about":[{"href":"https:\/\/sites.uel.br\/estagiar\/wp-json\/wp\/v2\/types\/page"}],"author":[{"embeddable":true,"href":"https:\/\/sites.uel.br\/estagiar\/wp-json\/wp\/v2\/users\/7"}],"replies":[{"embeddable":true,"href":"https:\/\/sites.uel.br\/estagiar\/wp-json\/wp\/v2\/comments?post=28"}],"version-history":[{"count":32,"href":"https:\/\/sites.uel.br\/estagiar\/wp-json\/wp\/v2\/pages\/28\/revisions"}],"predecessor-version":[{"id":437,"href":"https:\/\/sites.uel.br\/estagiar\/wp-json\/wp\/v2\/pages\/28\/revisions\/437"}],"wp:attachment":[{"href":"https:\/\/sites.uel.br\/estagiar\/wp-json\/wp\/v2\/media?parent=28"}],"curies":[{"name":"wp","href":"https:\/\/api.w.org\/{rel}","templated":true}]}}