{"id":30,"date":"2026-08-28T10:49:39","date_gmt":"2026-08-28T13:49:39","guid":{"rendered":"https:\/\/sites.uel.br\/eleicao-diretor-centro\/?page_id=30"},"modified":"2026-09-03T10:58:48","modified_gmt":"2026-09-03T13:58:48","slug":"informativos","status":"publish","type":"page","link":"https:\/\/sites.uel.br\/eleicao-diretor-centro\/informativos\/","title":{"rendered":"Informativos"},"content":{"rendered":"\n<hr class=\"wp-block-separator has-text-color has-verde-escuro-color has-alpha-channel-opacity has-verde-escuro-background-color has-background is-style-wide\" \/>\n\n\n\n<p class=\"wp-block-paragraph\"><strong>REGISTRO DE CHAPAS<\/strong><\/p>\n\n\n\n<p class=\"wp-block-paragraph\"><strong>Local:&nbsp;<\/strong>Divis\u00e3o de Protocolo e Comunica\u00e7\u00e3o e E-protocolo<\/p>\n\n\n\n<p class=\"wp-block-paragraph\"><strong>Per\u00edodo:&nbsp;<\/strong>24\/08\/2026 \u00e0 28\/08\/2026<\/p>\n\n\n\n<p class=\"wp-block-paragraph\"><strong>Hor\u00e1rio:&nbsp;<\/strong>08h \u00e0s 12h e das 14h \u00e0s 18h. Via E-protocolo at\u00e9 \u00e0s 23h59.<\/p>\n\n\n\n<hr class=\"wp-block-separator has-text-color has-verde-escuro-color has-alpha-channel-opacity has-verde-escuro-background-color has-background is-style-wide\" \/>\n\n\n\n<p class=\"wp-block-paragraph\"><strong>HOMOLOGA\u00c7\u00d5ES<\/strong><\/p>\n\n\n\n<p class=\"wp-block-paragraph\">No \u00faltimo dia 28\/08\/2026 foi encerrado o per\u00edodo para registro das candidaturas \u00e1 dire\u00e7\u00e3o e vice-dire\u00e7\u00e3o dos centros de estudos da UEL.<\/p>\n\n\n\n<p class=\"wp-block-paragraph\">Os documentos foram ent\u00e3o encaminhados \u00e0s Comiss\u00f5es Eleitorais de cada Centro, que deferiram as inscri\u00e7\u00f5es das seguintes chapas:<\/p>\n\n\n\n<div id=\"wp-block-themeisle-blocks-button-group-274b9c1f\" class=\"wp-block-themeisle-blocks-button-group wp-block-buttons align-center-desktop\">\n<div id=\"wp-block-themeisle-blocks-button-968f3acc\" class=\"wp-block-themeisle-blocks-button wp-block-button\"><a href=\"https:\/\/sites.uel.br\/eleicao-diretor-centro\/wp-content\/uploads\/2026\/09\/Edital-CCA.pdf\" target=\"_self\" rel=\"noopener noreferrer\" class=\"wp-block-button__link\"><span><strong>CCA<\/strong><\/span><\/a><\/div>\n\n\n\n<div id=\"wp-block-themeisle-blocks-button-f84a967b\" class=\"wp-block-themeisle-blocks-button wp-block-button\"><a href=\"https:\/\/sites.uel.br\/eleicao-diretor-centro\/wp-content\/uploads\/2026\/09\/Edital-CCB.pdf\" target=\"_self\" rel=\"noopener noreferrer\" class=\"wp-block-button__link\"><span><strong>CCB<\/strong><\/span><\/a><\/div>\n\n\n\n<div id=\"wp-block-themeisle-blocks-button-73d0f6c4\" class=\"wp-block-themeisle-blocks-button wp-block-button\"><a target=\"_self\" rel=\"noopener noreferrer\" class=\"wp-block-button__link\"><span><strong>CCE<\/strong><\/span><\/a><\/div>\n\n\n\n<div id=\"wp-block-themeisle-blocks-button-2623c76c\" class=\"wp-block-themeisle-blocks-button wp-block-button\"><a href=\"https:\/\/sites.uel.br\/eleicao-diretor-centro\/wp-content\/uploads\/2026\/09\/Edital-CCS.pdf\" target=\"_self\" rel=\"noopener noreferrer\" class=\"wp-block-button__link\"><span><strong>CCS<\/strong><\/span><\/a><\/div>\n\n\n\n<div id=\"wp-block-themeisle-blocks-button-b80c3535\" class=\"wp-block-themeisle-blocks-button wp-block-button\"><a href=\"https:\/\/sites.uel.br\/eleicao-diretor-centro\/wp-content\/uploads\/2026\/09\/Edital-CECA.pdf\" target=\"_self\" rel=\"noopener noreferrer\" class=\"wp-block-button__link\"><span><strong>CECA<\/strong><\/span><\/a><\/div>\n<\/div>\n\n\n\n<p class=\"wp-block-paragraph\"><\/p>\n\n\n\n<div id=\"wp-block-themeisle-blocks-button-group-7353a8a2\" class=\"wp-block-themeisle-blocks-button-group wp-block-buttons align-center-desktop\">\n<div id=\"wp-block-themeisle-blocks-button-714f06cf\" class=\"wp-block-themeisle-blocks-button wp-block-button\"><a href=\"https:\/\/sites.uel.br\/eleicao-diretor-centro\/wp-content\/uploads\/2026\/09\/Edital-CEFE.pdf\" target=\"_self\" rel=\"noopener noreferrer\" class=\"wp-block-button__link\"><span><strong>CEFE<\/strong><\/span><\/a><\/div>\n\n\n\n<div id=\"wp-block-themeisle-blocks-button-cfbe1328\" class=\"wp-block-themeisle-blocks-button wp-block-button\"><a href=\"https:\/\/sites.uel.br\/eleicao-diretor-centro\/wp-content\/uploads\/2026\/09\/Edital-CESA.pdf\" target=\"_self\" rel=\"noopener noreferrer\" class=\"wp-block-button__link\"><span><strong>CESA<\/strong><\/span><\/a><\/div>\n\n\n\n<div id=\"wp-block-themeisle-blocks-button-4976dfa0\" class=\"wp-block-themeisle-blocks-button wp-block-button\"><a href=\"https:\/\/sites.uel.br\/eleicao-diretor-centro\/wp-content\/uploads\/2026\/08\/Edital-CE-01-Homologacao_CLCH.pdf\" target=\"_self\" rel=\"noopener noreferrer\" class=\"wp-block-button__link\"><span><strong>CLCH<\/strong><\/span><\/a><\/div>\n\n\n\n<div id=\"wp-block-themeisle-blocks-button-4e3d335a\" class=\"wp-block-themeisle-blocks-button wp-block-button\"><a href=\"https:\/\/sites.uel.br\/eleicao-diretor-centro\/wp-content\/uploads\/2026\/09\/Edital-CTU.pdf\" target=\"_self\" rel=\"noopener noreferrer\" class=\"wp-block-button__link\"><span><strong>CTU<\/strong><\/span><\/a><\/div>\n<\/div>\n\n\n\n<p class=\"wp-block-paragraph\"><\/p>\n","protected":false},"excerpt":{"rendered":"<p>REGISTRO DE CHAPAS Local:&nbsp;Divis\u00e3o de Protocolo e Comunica\u00e7\u00e3o e E-protocolo Per\u00edodo:&nbsp;24\/08\/2026 \u00e0 28\/08\/2026 Hor\u00e1rio:&nbsp;08h \u00e0s 12h e das 14h \u00e0s 18h. Via E-protocolo at\u00e9 \u00e0s 23h59. HOMOLOGA\u00c7\u00d5ES No \u00faltimo dia 28\/08\/2026 foi encerrado o per\u00edodo para registro das candidaturas \u00e1 dire\u00e7\u00e3o e vice-dire\u00e7\u00e3o dos centros de estudos da UEL. Os documentos foram ent\u00e3o encaminhados \u00e0s [&hellip;]<\/p>\n","protected":false},"author":6,"featured_media":0,"parent":0,"menu_order":0,"comment_status":"closed","ping_status":"closed","template":"","meta":{"_acf_changed":false,"_themeisle_gutenberg_block_has_review":false,"footnotes":"","_members_access_role":[],"_members_access_error":""},"class_list":["post-30","page","type-page","status-publish","hentry"],"acf":[],"_links":{"self":[{"href":"https:\/\/sites.uel.br\/eleicao-diretor-centro\/wp-json\/wp\/v2\/pages\/30","targetHints":{"allow":["GET"]}}],"collection":[{"href":"https:\/\/sites.uel.br\/eleicao-diretor-centro\/wp-json\/wp\/v2\/pages"}],"about":[{"href":"https:\/\/sites.uel.br\/eleicao-diretor-centro\/wp-json\/wp\/v2\/types\/page"}],"author":[{"embeddable":true,"href":"https:\/\/sites.uel.br\/eleicao-diretor-centro\/wp-json\/wp\/v2\/users\/6"}],"replies":[{"embeddable":true,"href":"https:\/\/sites.uel.br\/eleicao-diretor-centro\/wp-json\/wp\/v2\/comments?post=30"}],"version-history":[{"count":26,"href":"https:\/\/sites.uel.br\/eleicao-diretor-centro\/wp-json\/wp\/v2\/pages\/30\/revisions"}],"predecessor-version":[{"id":163,"href":"https:\/\/sites.uel.br\/eleicao-diretor-centro\/wp-json\/wp\/v2\/pages\/30\/revisions\/163"}],"wp:attachment":[{"href":"https:\/\/sites.uel.br\/eleicao-diretor-centro\/wp-json\/wp\/v2\/media?parent=30"}],"curies":[{"name":"wp","href":"https:\/\/api.w.org\/{rel}","templated":true}]}}