{"id":1119,"date":"2024-03-03T18:26:37","date_gmt":"2024-03-03T21:26:37","guid":{"rendered":"https:\/\/sites.uel.br\/cursinho\/?page_id=1119"},"modified":"2025-06-16T14:23:45","modified_gmt":"2025-06-16T17:23:45","slug":"vagas-remanescentes-2025","status":"publish","type":"page","link":"https:\/\/sites.uel.br\/cursinho\/vagas-remanescentes-2025\/","title":{"rendered":"VAGAS REMANESCENTES PARA NOVOS ALUNOS &#8211; 2025"},"content":{"rendered":"\n<div style=\"height:30px\" aria-hidden=\"true\" class=\"wp-block-spacer\"><\/div>\n\n\n\n<p>Se o seu nome <strong>est\u00e1<\/strong> na lista dos candidatos convocados, de acordo com o edital, siga as instru\u00e7\u00f5es abaixo para realizar sua matr\u00edcula presencialmente nos dias <strong>16 ou 17 de Junho:<\/strong><\/p>\n\n\n\n<hr class=\"wp-block-separator has-alpha-channel-opacity is-style-wide\" \/>\n\n\n\n<div class=\"wp-block-buttons is-content-justification-center is-layout-flex wp-container-core-buttons-is-layout-16018d1d wp-block-buttons-is-layout-flex\">\n<div class=\"wp-block-button is-style-outline is-style-outline--1\"><a class=\"wp-block-button__link has-verde-escuro-background-color has-text-color has-background has-link-color has-text-align-center has-custom-font-size wp-element-button\" href=\"https:\/\/sites.uel.br\/cursinho\/wp-content\/uploads\/2025\/06\/Edital-Conjunto-SEBEC-PROEX-002-2025-Resultado-Cursinho-1.pdf\" style=\"border-radius:50px;color:#ffffff;font-size:22px\"><strong><img loading=\"lazy\" decoding=\"async\" width=\"480\" height=\"416\" class=\"wp-image-545\" style=\"width: 45px\" src=\"https:\/\/sites.uel.br\/cursinho\/wp-content\/uploads\/2023\/03\/giphy.gif\" alt=\"\"> CLIQUE AQUI PARA LER O EDITAL <img loading=\"lazy\" decoding=\"async\" width=\"480\" height=\"416\" class=\"wp-image-545\" style=\"width: 45px\" src=\"https:\/\/sites.uel.br\/cursinho\/wp-content\/uploads\/2023\/03\/giphy.gif\" alt=\"\"><\/strong><\/a><\/div>\n<\/div>\n\n\n\n<div style=\"height:10px\" aria-hidden=\"true\" class=\"wp-block-spacer\"><\/div>\n\n\n\n<hr class=\"wp-block-separator has-alpha-channel-opacity is-style-wide\" \/>\n\n\n\n<div style=\"height:10px\" aria-hidden=\"true\" class=\"wp-block-spacer\"><\/div>\n\n\n\n<div class=\"wp-block-buttons is-content-justification-center is-layout-flex wp-container-core-buttons-is-layout-16018d1d wp-block-buttons-is-layout-flex\">\n<div class=\"wp-block-button is-style-outline is-style-outline--2\"><a class=\"wp-block-button__link has-verde-escuro-background-color has-text-color has-background has-link-color has-text-align-center has-custom-font-size wp-element-button\" href=\"https:\/\/sites.uel.br\/cursinho\/wp-content\/uploads\/2025\/02\/FORMULARIO-CEPV-2025-VESPERTINO.docx\" style=\"border-radius:50px;color:#ffffff;font-size:22px\"><strong><img loading=\"lazy\" decoding=\"async\" width=\"480\" height=\"416\" class=\"wp-image-545\" style=\"width: 45px\" src=\"https:\/\/sites.uel.br\/cursinho\/wp-content\/uploads\/2023\/03\/giphy.gif\" alt=\"\"> FORMUL\u00c1RIO PARA MATR\u00cdCULAS &#8211; VESPERTINO<\/strong><strong><img loading=\"lazy\" decoding=\"async\" width=\"480\" height=\"416\" class=\"wp-image-545\" style=\"width: 45px\" src=\"https:\/\/sites.uel.br\/cursinho\/wp-content\/uploads\/2023\/03\/giphy.gif\" alt=\"\"><\/strong><\/a><\/div>\n<\/div>\n\n\n\n<div style=\"height:10px\" aria-hidden=\"true\" class=\"wp-block-spacer\"><\/div>\n\n\n\n<div class=\"wp-block-buttons is-content-justification-center is-layout-flex wp-container-core-buttons-is-layout-16018d1d wp-block-buttons-is-layout-flex\">\n<div class=\"wp-block-button is-style-outline is-style-outline--3\"><a class=\"wp-block-button__link has-verde-escuro-background-color has-text-color has-background has-link-color has-text-align-center has-custom-font-size wp-element-button\" href=\"https:\/\/sites.uel.br\/cursinho\/wp-content\/uploads\/2025\/02\/FORMULARIO-CEPV-2025-NOTURNO.docx\" style=\"border-radius:50px;color:#ffffff;font-size:22px\"><strong><img loading=\"lazy\" decoding=\"async\" width=\"480\" height=\"416\" class=\"wp-image-545\" style=\"width: 45px\" src=\"https:\/\/sites.uel.br\/cursinho\/wp-content\/uploads\/2023\/03\/giphy.gif\" alt=\"\"> FORMUL\u00c1RIO PARA MATR\u00cdCULAS &#8211; NOTURNO<\/strong><b> <\/b><b><img loading=\"lazy\" decoding=\"async\" width=\"480\" height=\"416\" class=\"wp-image-545\" style=\"width: 45px\" src=\"https:\/\/sites.uel.br\/cursinho\/wp-content\/uploads\/2023\/03\/giphy.gif\" alt=\"\"><\/b><\/a><\/div>\n<\/div>\n\n\n\n<div style=\"height:10px\" aria-hidden=\"true\" class=\"wp-block-spacer\"><\/div>\n\n\n\n<div class=\"wp-block-buttons is-content-justification-center is-layout-flex wp-container-core-buttons-is-layout-d9cd0f1e wp-block-buttons-is-layout-flex\">\n<div class=\"wp-block-button is-style-outline is-style-outline--4\"><a class=\"wp-block-button__link has-verde-escuro-background-color has-text-color has-background has-link-color has-text-align-center has-custom-font-size wp-element-button\" href=\"https:\/\/sites.uel.br\/cursinho\/wp-content\/uploads\/2024\/03\/TERMO-USO-DE-IMAGEM.pdf\" style=\"border-radius:50px;color:#ffffff;font-size:22px\"><strong><img loading=\"lazy\" decoding=\"async\" width=\"480\" height=\"416\" class=\"wp-image-545\" style=\"width: 45px\" src=\"https:\/\/sites.uel.br\/cursinho\/wp-content\/uploads\/2023\/03\/giphy.gif\" alt=\"\"> TERMO DE AUTORIZA\u00c7\u00c3O DO USO DE IMAGEM<\/strong><b> <\/b><b><img loading=\"lazy\" decoding=\"async\" width=\"480\" height=\"416\" class=\"wp-image-545\" style=\"width: 45px\" src=\"https:\/\/sites.uel.br\/cursinho\/wp-content\/uploads\/2023\/03\/giphy.gif\" alt=\"\"><\/b><\/a><\/div>\n<\/div>\n\n\n\n<div style=\"height:10px\" aria-hidden=\"true\" class=\"wp-block-spacer\"><\/div>\n\n\n\n<hr class=\"wp-block-separator has-alpha-channel-opacity is-style-wide\" \/>\n\n\n\n<div style=\"height:10px\" aria-hidden=\"true\" class=\"wp-block-spacer\"><\/div>\n\n\n\n<div style=\"height:30px\" aria-hidden=\"true\" class=\"wp-block-spacer\"><\/div>\n\n\n\n<p><strong>SERVI\u00c7O DE BEM-ESTAR \u00c0 COMUNIDADE &#8211; SEBEC<br>EDITAL SEBEC N\u00ba XX\/2024<\/strong><\/p>\n\n\n\n<p class=\"has-text-align-left\">A Universidade Estadual de Londrina \u2013 UEL, por meio da Dire\u00e7\u00e3o do Servi\u00e7o de Bem-Estar \u00e0 Comunidade \u2013 SEBEC, no uso de suas atribui\u00e7\u00f5es legais e considerando o Edital Conjunto SEBEC\/PROEX n\u00ba 01\/2025, torna p\u00fablica, em ordem alfab\u00e9tica, a lista de candidatos(as) convocados\/as para apresenta\u00e7\u00e3o de documentos exigidos na matr\u00edcula das VAGAS REMANESCENTES do Curso Especial Pr\u00e9-Vestibular UEL\/2025.<\/p>\n\n\n\n<p class=\"has-text-align-left\"><br>Os(as) candidatos(as) convocados\/as dever\u00e3o comparecer ao pr\u00e9dio do Cursinho nos dias <strong>16 e 17 de junho de 2025, das 14 \u00e0s 20h.<\/strong><br>Considerando os problemas t\u00e9cnicos do SISTAC (Sistema de Isen\u00e7\u00e3o de Taxas de Concursos) que impossibilitaram a consulta do CAD\u00daNICO e objetivando o cumprimento da data e dos crit\u00e9rios do Edital Conjunto SEBEC\/PROEX n\u00ba 01\/2025, <strong>os\/as candidatos\/as convocados\/as na LISTA ANEXA, ter\u00e3o direito \u00e0 matr\u00edcula se apresentarem a FOLHA RESUMO DO CAD\u00daNICO<\/strong>, para comprova\u00e7\u00e3o dos seguintes crit\u00e9rios:<br>I. Estar com cadastro da fam\u00edlia atualizado, com um intervalo m\u00e1ximo de 24 meses desde a inclus\u00e3o da fam\u00edlia ou a \u00faltima atualiza\u00e7\u00e3o;<br>II. Ter perfil de renda familiar de at\u00e9 meio sal\u00e1rio m\u00ednimo per capita;<\/p>\n\n\n\n<p class=\"has-text-align-left\"><strong>O\/A CANDIDATO\/A DEVER\u00c1 APRESENTAR NO MOMENTO DA MATR\u00cdCULA NO CURSO PR\u00c9-VESTIBULAR:<\/strong><br><strong>I- HIST\u00d3RICO ESCOLAR DOS ANOS FINAIS DO ENSINO FUNDAMENTAL (da 5\u00aa \u00e0 8\u00aa s\u00e9rie ou do 6\u00ba ao 9\u00ba ano);<br>II- HIST\u00d3RICO ESCOLAR; CERTIFICADO DE CONCLUS\u00c3O DO ENSINO M\u00c9DIO OU DECLARA\u00c7\u00c3O DO T\u00c9RMINO. Caso esteja cursando o \u00faltimo ano do Ensino M\u00e9dio, poder\u00e1 apresentar declara\u00e7\u00e3o com esta informa\u00e7\u00e3o, emitida pela institui\u00e7\u00e3o p\u00fablica respons\u00e1vel, constando onde cursou as s\u00e9ries anteriores;<br>III- 2 fotos 3&#215;4 \u2013 atualizadas;<br>IV- RG e CPF (c\u00f3pia simples);<br>V- 3 vias preenchidas eletronicamente do formul\u00e1rio de matr\u00edcula (dispon\u00edvel no site www.uel.br\/cursinho);<br>VI- 1 via do termo de autoriza\u00e7\u00e3o de imagem devidamente preenchido e assinado (dispon\u00edvel no site www.uel.br\/cursinho);<br>VII- Comprovante de resid\u00eancia.<\/strong><\/p>\n\n\n\n<div style=\"height:20px\" aria-hidden=\"true\" class=\"wp-block-spacer\"><\/div>\n\n\n\n<h3 class=\"wp-block-heading has-cinza-escuro-color has-text-color has-medium-font-size\" style=\"text-transform:uppercase\"><strong>Onde?<\/strong><\/h3>\n\n\n\n<p>No <strong><a href=\"https:\/\/goo.gl\/maps\/ySzDaYvF9gV8ht1m9\" target=\"_blank\" rel=\"noreferrer noopener\">CEPV<\/a><\/strong> (bloco do PDE, no final do cal\u00e7ad\u00e3o da UEL):<\/p>\n\n\n<div class=\"wp-block-image\">\n<figure class=\"alignleft size-large\"><a href=\"https:\/\/sites.uel.br\/cursinho\/wp-content\/uploads\/2024\/01\/Mapa-do-campus-da-UEL.png\" target=\"_blank\" rel=\"noreferrer noopener\"><img loading=\"lazy\" decoding=\"async\" width=\"1024\" height=\"684\" src=\"https:\/\/sites.uel.br\/cursinho\/wp-content\/uploads\/2024\/01\/Mapa-do-campus-da-UEL-1024x684.png\" alt=\"\" class=\"wp-image-749\" style=\"object-fit:cover\" srcset=\"https:\/\/sites.uel.br\/cursinho\/wp-content\/uploads\/2024\/01\/Mapa-do-campus-da-UEL-1024x684.png 1024w, https:\/\/sites.uel.br\/cursinho\/wp-content\/uploads\/2024\/01\/Mapa-do-campus-da-UEL-300x200.png 300w, https:\/\/sites.uel.br\/cursinho\/wp-content\/uploads\/2024\/01\/Mapa-do-campus-da-UEL-768x513.png 768w, https:\/\/sites.uel.br\/cursinho\/wp-content\/uploads\/2024\/01\/Mapa-do-campus-da-UEL-1536x1026.png 1536w, https:\/\/sites.uel.br\/cursinho\/wp-content\/uploads\/2024\/01\/Mapa-do-campus-da-UEL-2048x1369.png 2048w\" sizes=\"auto, (max-width: 1024px) 100vw, 1024px\" \/><\/a><\/figure>\n<\/div>\n\n\n<div style=\"height:30px\" aria-hidden=\"true\" class=\"wp-block-spacer\"><\/div>\n\n\n\n<p>Telefone para contato:<br>(43) 3371-5680<\/p>\n\n\n\n<p><\/p>\n","protected":false},"excerpt":{"rendered":"<p>Se o seu nome est\u00e1 na lista dos candidatos convocados, de acordo com o edital, siga as instru\u00e7\u00f5es abaixo para realizar sua matr\u00edcula presencialmente nos dias 16 ou 17 de Junho: SERVI\u00c7O DE BEM-ESTAR \u00c0 COMUNIDADE &#8211; SEBECEDITAL SEBEC N\u00ba XX\/2024 A Universidade Estadual de Londrina \u2013 UEL, por meio da Dire\u00e7\u00e3o do Servi\u00e7o de [&hellip;]<\/p>\n","protected":false},"author":6,"featured_media":0,"parent":0,"menu_order":0,"comment_status":"closed","ping_status":"closed","template":"","meta":{"footnotes":""},"class_list":["post-1119","page","type-page","status-publish","hentry"],"acf":[],"_links":{"self":[{"href":"https:\/\/sites.uel.br\/cursinho\/wp-json\/wp\/v2\/pages\/1119","targetHints":{"allow":["GET"]}}],"collection":[{"href":"https:\/\/sites.uel.br\/cursinho\/wp-json\/wp\/v2\/pages"}],"about":[{"href":"https:\/\/sites.uel.br\/cursinho\/wp-json\/wp\/v2\/types\/page"}],"author":[{"embeddable":true,"href":"https:\/\/sites.uel.br\/cursinho\/wp-json\/wp\/v2\/users\/6"}],"replies":[{"embeddable":true,"href":"https:\/\/sites.uel.br\/cursinho\/wp-json\/wp\/v2\/comments?post=1119"}],"version-history":[{"count":48,"href":"https:\/\/sites.uel.br\/cursinho\/wp-json\/wp\/v2\/pages\/1119\/revisions"}],"predecessor-version":[{"id":1636,"href":"https:\/\/sites.uel.br\/cursinho\/wp-json\/wp\/v2\/pages\/1119\/revisions\/1636"}],"wp:attachment":[{"href":"https:\/\/sites.uel.br\/cursinho\/wp-json\/wp\/v2\/media?parent=1119"}],"curies":[{"name":"wp","href":"https:\/\/api.w.org\/{rel}","templated":true}]}}