{"id":249,"date":"2023-10-26T09:02:49","date_gmt":"2023-10-26T12:02:49","guid":{"rendered":"https:\/\/sites.uel.br\/cpcb\/?page_id=249"},"modified":"2025-01-07T12:25:40","modified_gmt":"2025-01-07T15:25:40","slug":"palestras","status":"publish","type":"page","link":"https:\/\/sites.uel.br\/cpcb\/palestras\/","title":{"rendered":"Palestras e Mesas Redondas"},"content":{"rendered":"\n<p class=\"has-text-color\" style=\"color:#e7fce600\">.<\/p>\n\n\n\n<p><strong>Projeto DNA do Brasil: sa\u00fade e hist\u00f3ria a partir da nossa diversidade gen\u00e9tica<\/strong><\/p>\n\n\n\n<p>O Projeto DNA do Brasil tem o objetivo de montar um banco de dados gen\u00e9ticos do povo brasileiro, desvendando varia\u00e7\u00f5es gen\u00e9ticas relacionadas \u00e0s caracter\u00edsticas de sa\u00fade, al\u00e9m da origem de boa parte da popula\u00e7\u00e3o. O projeto visa incluir o Brasil no mapa de estudos gen\u00f4micos e aumentar a sua representatividade.<\/p>\n\n\n\n<p>Respons\u00e1vel: Lygia da Veiga Pereira<\/p>\n\n\n<div class=\"wp-block-image is-style-rounded\">\n<figure class=\"aligncenter size-full is-resized\"><img loading=\"lazy\" decoding=\"async\" width=\"291\" height=\"291\" src=\"https:\/\/sites.uel.br\/cpcb\/wp-content\/uploads\/2024\/10\/Lygia-V.-Pereira-edited.jpg\" alt=\"\" class=\"wp-image-763\" style=\"aspect-ratio:1;object-fit:cover;width:269px\" srcset=\"https:\/\/sites.uel.br\/cpcb\/wp-content\/uploads\/2024\/10\/Lygia-V.-Pereira-edited.jpg 291w, https:\/\/sites.uel.br\/cpcb\/wp-content\/uploads\/2024\/10\/Lygia-V.-Pereira-edited-150x150.jpg 150w\" sizes=\"auto, (max-width: 291px) 100vw, 291px\" \/><\/figure>\n<\/div>\n\n\n<p class=\"has-text-color\" style=\"color:#e7fce600\">.<\/p>\n\n\n\n<p><strong>Educa\u00e7\u00e3o nas m\u00eddias sociais: desafios e oportunidades<\/strong><\/p>\n\n\n\n<p>As redes sociais transformaram a maneira como nos comunicamos e consumimos informa\u00e7\u00e3o. Apesar de sua import\u00e2ncia, a integra\u00e7\u00e3o das redes sociais no ambiente escolar possui pontos positivos e negativos, com alguns desafios, mas tamb\u00e9m oportunidades significativas.<\/p>\n\n\n\n<p>Respons\u00e1vel: Mirian Ayumi Kurauti<\/p>\n\n\n<div class=\"wp-block-image is-style-rounded\">\n<figure class=\"aligncenter size-full is-resized\"><img loading=\"lazy\" decoding=\"async\" width=\"500\" height=\"500\" src=\"https:\/\/sites.uel.br\/cpcb\/wp-content\/uploads\/2024\/10\/Mirian-Kurauti.png\" alt=\"\" class=\"wp-image-794\" style=\"width:277px;height:auto\" srcset=\"https:\/\/sites.uel.br\/cpcb\/wp-content\/uploads\/2024\/10\/Mirian-Kurauti.png 500w, https:\/\/sites.uel.br\/cpcb\/wp-content\/uploads\/2024\/10\/Mirian-Kurauti-300x300.png 300w, https:\/\/sites.uel.br\/cpcb\/wp-content\/uploads\/2024\/10\/Mirian-Kurauti-150x150.png 150w\" sizes=\"auto, (max-width: 500px) 100vw, 500px\" \/><\/figure>\n<\/div>\n\n\n<p class=\"has-text-color\" style=\"color:#e7fce600\">.<\/p>\n\n\n\n<p><strong>Vacinas: Da Ci\u00eancia Tradicional \u00e0s Inova\u00e7\u00f5es do Amanh\u00e3<\/strong><\/p>\n\n\n\n<p>O desenvolvimento de vacinas \u00e9 um tema bastante relevante atualmente e, por isso, o objetivo da palestra \u00e9 abordar alguns diferentes tipos de vacinas e suas t\u00e9cnicas de desenvolvimento, assim como a seguran\u00e7a, efic\u00e1cia, aplica\u00e7\u00f5es, inova\u00e7\u00f5es e perspectivas para o futuro.<\/p>\n\n\n\n<p>Respons\u00e1vel: Soraia Attie Calil Jorge<\/p>\n\n\n<div class=\"wp-block-image is-style-rounded\">\n<figure class=\"aligncenter size-full is-resized\"><img loading=\"lazy\" decoding=\"async\" width=\"923\" height=\"923\" src=\"https:\/\/sites.uel.br\/cpcb\/wp-content\/uploads\/2024\/10\/Soraia-Attie-Calil-Jorge-Vacinas-edited.jpg\" alt=\"\" class=\"wp-image-797\" style=\"object-fit:cover;width:267px;height:auto\" srcset=\"https:\/\/sites.uel.br\/cpcb\/wp-content\/uploads\/2024\/10\/Soraia-Attie-Calil-Jorge-Vacinas-edited.jpg 923w, https:\/\/sites.uel.br\/cpcb\/wp-content\/uploads\/2024\/10\/Soraia-Attie-Calil-Jorge-Vacinas-edited-300x300.jpg 300w, https:\/\/sites.uel.br\/cpcb\/wp-content\/uploads\/2024\/10\/Soraia-Attie-Calil-Jorge-Vacinas-edited-150x150.jpg 150w, https:\/\/sites.uel.br\/cpcb\/wp-content\/uploads\/2024\/10\/Soraia-Attie-Calil-Jorge-Vacinas-edited-768x768.jpg 768w\" sizes=\"auto, (max-width: 923px) 100vw, 923px\" \/><\/figure>\n<\/div>\n\n\n<p class=\"has-text-color\" style=\"color:#e7fce600\">.<\/p>\n\n\n\n<p class=\"has-text-color\" style=\"color:#e7fce600\">.<\/p>\n\n\n\n<p><strong>Nanomateriais liberadores de \u00f3xido n\u00edtrico em aplica\u00e7\u00f5es biom\u00e9dicas: progressos, desafios e perspectivas<\/strong><\/p>\n\n\n\n<p>A nanotecnologia \u00e9 uma abordagem relativamente recente e tem sido altamente aplicada em diversas \u00e1reas biom\u00e9dicas. Desta forma, o objetivo da palestra \u00e9 apresentar estas tecnologias e suas aplica\u00e7\u00f5es na \u00e1rea da sa\u00fade.<\/p>\n\n\n\n<p>Respons\u00e1vel: Amedea Barozzi Seabra<\/p>\n\n\n<div class=\"wp-block-image is-style-rounded\">\n<figure class=\"aligncenter size-full is-resized\"><img loading=\"lazy\" decoding=\"async\" width=\"324\" height=\"324\" src=\"https:\/\/sites.uel.br\/cpcb\/wp-content\/uploads\/2024\/10\/Amedea-Barozzi-Seabra.jpg\" alt=\"\" class=\"wp-image-798\" style=\"aspect-ratio:1;object-fit:cover;width:269px\" srcset=\"https:\/\/sites.uel.br\/cpcb\/wp-content\/uploads\/2024\/10\/Amedea-Barozzi-Seabra.jpg 324w, https:\/\/sites.uel.br\/cpcb\/wp-content\/uploads\/2024\/10\/Amedea-Barozzi-Seabra-300x300.jpg 300w, https:\/\/sites.uel.br\/cpcb\/wp-content\/uploads\/2024\/10\/Amedea-Barozzi-Seabra-150x150.jpg 150w\" sizes=\"auto, (max-width: 324px) 100vw, 324px\" \/><\/figure>\n<\/div>\n\n\n<p><\/p>\n\n\n\n<p><strong>O aconselhamento gen\u00e9tico na preven\u00e7\u00e3o e manejo do c\u00e2ncer: desafios e perspectivas<\/strong><\/p>\n\n\n\n<p>Buscamos abordar o papel crucial do aconselhamento gen\u00e9tico no manejo do c\u00e2ncer, destacando sua import\u00e2ncia na identifica\u00e7\u00e3o de riscos heredit\u00e1rios e na personaliza\u00e7\u00e3o de estrat\u00e9gias preventivas e terap\u00eauticas, al\u00e9m de discutir progressos, desafios e perspectivas na \u00e1rea.<\/p>\n\n\n\n<p>Respons\u00e1veis: Enilze Maria de Souza Fonseca Ribeiro<\/p>\n\n\n\n<div class=\"wp-block-columns is-layout-flex wp-container-core-columns-is-layout-9d6595d7 wp-block-columns-is-layout-flex\">\n<div class=\"wp-block-column is-layout-flow wp-block-column-is-layout-flow\"><\/div>\n\n\n\n<div class=\"wp-block-column is-layout-flow wp-block-column-is-layout-flow\">\n<figure class=\"wp-block-image size-large is-resized is-style-rounded\"><img loading=\"lazy\" decoding=\"async\" width=\"1024\" height=\"1024\" src=\"https:\/\/sites.uel.br\/cpcb\/wp-content\/uploads\/2024\/10\/Untitled-design-3-1024x1024.png\" alt=\"\" class=\"wp-image-822\" style=\"object-fit:cover;width:279px;height:auto\" srcset=\"https:\/\/sites.uel.br\/cpcb\/wp-content\/uploads\/2024\/10\/Untitled-design-3-1024x1024.png 1024w, https:\/\/sites.uel.br\/cpcb\/wp-content\/uploads\/2024\/10\/Untitled-design-3-300x300.png 300w, https:\/\/sites.uel.br\/cpcb\/wp-content\/uploads\/2024\/10\/Untitled-design-3-150x150.png 150w, https:\/\/sites.uel.br\/cpcb\/wp-content\/uploads\/2024\/10\/Untitled-design-3-768x768.png 768w, https:\/\/sites.uel.br\/cpcb\/wp-content\/uploads\/2024\/10\/Untitled-design-3.png 1080w\" sizes=\"auto, (max-width: 1024px) 100vw, 1024px\" \/><\/figure>\n<\/div>\n\n\n\n<div class=\"wp-block-column is-layout-flow wp-block-column-is-layout-flow\"><\/div>\n<\/div>\n\n\n\n<p><strong>Biomedicina e Intelig\u00eancia Artificial no Laborat\u00f3rio &#8211; Passado, Presente e Futuro<\/strong><\/p>\n\n\n\n<p>A intelig\u00eancia artificial ganhou bastante destaque recentemente e tem aplica\u00e7\u00f5es promissoras na \u00e1rea da sa\u00fade. O objetivo da palestra \u00e9 discutir sobre como esse recurso pode ser empregado no diagn\u00f3stico de doen\u00e7as, otimiza\u00e7\u00e3o de tratamentos e outros.<\/p>\n\n\n\n<p>Respons\u00e1veis: Bernardo Montesanti Machado de Almeida<\/p>\n\n\n\n<div class=\"wp-block-columns is-layout-flex wp-container-core-columns-is-layout-9d6595d7 wp-block-columns-is-layout-flex\">\n<div class=\"wp-block-column is-layout-flow wp-block-column-is-layout-flow\"><\/div>\n\n\n\n<div class=\"wp-block-column is-layout-flow wp-block-column-is-layout-flow\">\n<figure class=\"wp-block-image size-large is-resized is-style-rounded\"><img loading=\"lazy\" decoding=\"async\" width=\"2558\" height=\"2560\" src=\"https:\/\/sites.uel.br\/cpcb\/wp-content\/uploads\/2024\/10\/Bernardo-Montesanti-Machado-de-Almeida-edited-scaled.jpg\" alt=\"\" class=\"wp-image-800\" style=\"width:277px;height:auto\" srcset=\"https:\/\/sites.uel.br\/cpcb\/wp-content\/uploads\/2024\/10\/Bernardo-Montesanti-Machado-de-Almeida-edited-scaled.jpg 2558w, https:\/\/sites.uel.br\/cpcb\/wp-content\/uploads\/2024\/10\/Bernardo-Montesanti-Machado-de-Almeida-edited-300x300.jpg 300w, https:\/\/sites.uel.br\/cpcb\/wp-content\/uploads\/2024\/10\/Bernardo-Montesanti-Machado-de-Almeida-edited-1024x1024.jpg 1024w, https:\/\/sites.uel.br\/cpcb\/wp-content\/uploads\/2024\/10\/Bernardo-Montesanti-Machado-de-Almeida-edited-150x150.jpg 150w, https:\/\/sites.uel.br\/cpcb\/wp-content\/uploads\/2024\/10\/Bernardo-Montesanti-Machado-de-Almeida-edited-768x769.jpg 768w, https:\/\/sites.uel.br\/cpcb\/wp-content\/uploads\/2024\/10\/Bernardo-Montesanti-Machado-de-Almeida-edited-1536x1536.jpg 1536w, https:\/\/sites.uel.br\/cpcb\/wp-content\/uploads\/2024\/10\/Bernardo-Montesanti-Machado-de-Almeida-edited-2046x2048.jpg 2046w\" sizes=\"auto, (max-width: 2558px) 100vw, 2558px\" \/><\/figure>\n<\/div>\n\n\n\n<div class=\"wp-block-column is-layout-flow wp-block-column-is-layout-flow\"><\/div>\n<\/div>\n\n\n\n<p><strong>Neurobiologia dos Transtornos Mentais<\/strong><\/p>\n\n\n\n<p>Os transtornos mentais t\u00eam conquistado cada vez mais espa\u00e7o na sociedade, tornando-se um tema de grande relev\u00e2ncia e import\u00e2ncia. Nesse contexto, a neuroci\u00eancia desempenha um papel fundamental, oferencendo ferramentas valiosas para a compreens\u00e3o da fisiopatologia de doen\u00e7as neurol\u00f3gicas e psiqui\u00e1tricas. O objetivo desta palestra \u00e9, portanto, proporcionar um entendimento mais aprofundado desses processos e suas implica\u00e7\u00f5es.<\/p>\n\n\n\n<p>Respons\u00e1vel: Debora de Mello Gon\u00e7ales Sant&#8217;ana<\/p>\n\n\n<div class=\"wp-block-image is-style-rounded\">\n<figure class=\"aligncenter size-full is-resized\"><img loading=\"lazy\" decoding=\"async\" width=\"240\" height=\"240\" src=\"https:\/\/sites.uel.br\/cpcb\/wp-content\/uploads\/2024\/10\/Debora-de-Mello-Goncalves-Santana-1-1-edited.jpg\" alt=\"\" class=\"wp-image-880\" style=\"object-fit:cover;width:270px;height:auto\" srcset=\"https:\/\/sites.uel.br\/cpcb\/wp-content\/uploads\/2024\/10\/Debora-de-Mello-Goncalves-Santana-1-1-edited.jpg 240w, https:\/\/sites.uel.br\/cpcb\/wp-content\/uploads\/2024\/10\/Debora-de-Mello-Goncalves-Santana-1-1-edited-150x150.jpg 150w\" sizes=\"auto, (max-width: 240px) 100vw, 240px\" \/><\/figure>\n<\/div>\n\n\n<p><strong>Mesa redonda &#8211; Biom\u00e9dicos na Ind\u00fastria<\/strong><\/p>\n\n\n\n<p>\u00c9 do conhecimento geral que biom\u00e9dicos possuem v\u00e1rias \u00e1reas de atua\u00e7\u00e3o, por\u00e9m n\u00e3o \u00e9 um assunto abordado com clareza dentro do curso. Dessa forma, o obejtivo da mesa redonda \u00e9 que os profissionais compartilhem as suas experi\u00eancias dentro da ind\u00fastria, visando destrincar suas \u00e1reas de atua\u00e7\u00e3o aos futuros biom\u00e9dicos.<\/p>\n\n\n\n<p>Respons\u00e1veis: Jhonatan Macedo Ribeiro, Jackson Seiti Gundi e Larissa Ciappina de Camargo<\/p>\n\n\n\n<div class=\"wp-block-columns is-layout-flex wp-container-core-columns-is-layout-9d6595d7 wp-block-columns-is-layout-flex\">\n<div class=\"wp-block-column is-layout-flow wp-block-column-is-layout-flow\"><div class=\"wp-block-image is-style-rounded\">\n<figure class=\"aligncenter size-full is-resized\"><img loading=\"lazy\" decoding=\"async\" width=\"866\" height=\"866\" src=\"https:\/\/sites.uel.br\/cpcb\/wp-content\/uploads\/2024\/10\/Jhonatan-Macedo-Ribeiro-edited.png\" alt=\"\" class=\"wp-image-849\" style=\"width:280px;height:auto\" srcset=\"https:\/\/sites.uel.br\/cpcb\/wp-content\/uploads\/2024\/10\/Jhonatan-Macedo-Ribeiro-edited.png 866w, https:\/\/sites.uel.br\/cpcb\/wp-content\/uploads\/2024\/10\/Jhonatan-Macedo-Ribeiro-edited-300x300.png 300w, https:\/\/sites.uel.br\/cpcb\/wp-content\/uploads\/2024\/10\/Jhonatan-Macedo-Ribeiro-edited-150x150.png 150w, https:\/\/sites.uel.br\/cpcb\/wp-content\/uploads\/2024\/10\/Jhonatan-Macedo-Ribeiro-edited-768x768.png 768w\" sizes=\"auto, (max-width: 866px) 100vw, 866px\" \/><\/figure>\n<\/div><\/div>\n\n\n\n<div class=\"wp-block-column is-layout-flow wp-block-column-is-layout-flow\"><div class=\"wp-block-image is-style-rounded\">\n<figure class=\"aligncenter size-large is-resized\"><img loading=\"lazy\" decoding=\"async\" width=\"1069\" height=\"1069\" src=\"https:\/\/sites.uel.br\/cpcb\/wp-content\/uploads\/2024\/10\/Foto-Jackson-Gundi-Biosphera-edited.jpg\" alt=\"\" class=\"wp-image-766\" style=\"width:283px;height:auto\" srcset=\"https:\/\/sites.uel.br\/cpcb\/wp-content\/uploads\/2024\/10\/Foto-Jackson-Gundi-Biosphera-edited.jpg 1069w, https:\/\/sites.uel.br\/cpcb\/wp-content\/uploads\/2024\/10\/Foto-Jackson-Gundi-Biosphera-edited-300x300.jpg 300w, https:\/\/sites.uel.br\/cpcb\/wp-content\/uploads\/2024\/10\/Foto-Jackson-Gundi-Biosphera-edited-1024x1024.jpg 1024w, https:\/\/sites.uel.br\/cpcb\/wp-content\/uploads\/2024\/10\/Foto-Jackson-Gundi-Biosphera-edited-150x150.jpg 150w, https:\/\/sites.uel.br\/cpcb\/wp-content\/uploads\/2024\/10\/Foto-Jackson-Gundi-Biosphera-edited-768x768.jpg 768w\" sizes=\"auto, (max-width: 1069px) 100vw, 1069px\" \/><\/figure>\n<\/div><\/div>\n\n\n\n<div class=\"wp-block-column is-layout-flow wp-block-column-is-layout-flow\"><div class=\"wp-block-image is-style-rounded\">\n<figure class=\"aligncenter size-large is-resized\"><img loading=\"lazy\" decoding=\"async\" width=\"899\" height=\"899\" src=\"https:\/\/sites.uel.br\/cpcb\/wp-content\/uploads\/2024\/10\/Larissa-Ciappina-Camargo-edited.jpeg\" alt=\"\" class=\"wp-image-868\" style=\"width:272px;height:auto\" srcset=\"https:\/\/sites.uel.br\/cpcb\/wp-content\/uploads\/2024\/10\/Larissa-Ciappina-Camargo-edited.jpeg 899w, https:\/\/sites.uel.br\/cpcb\/wp-content\/uploads\/2024\/10\/Larissa-Ciappina-Camargo-edited-300x300.jpeg 300w, https:\/\/sites.uel.br\/cpcb\/wp-content\/uploads\/2024\/10\/Larissa-Ciappina-Camargo-edited-150x150.jpeg 150w, https:\/\/sites.uel.br\/cpcb\/wp-content\/uploads\/2024\/10\/Larissa-Ciappina-Camargo-edited-768x768.jpeg 768w\" sizes=\"auto, (max-width: 899px) 100vw, 899px\" \/><\/figure>\n<\/div><\/div>\n<\/div>\n\n\n\n<p><\/p>\n\n\n\n<div class=\"wp-block-columns is-layout-flex wp-container-core-columns-is-layout-9d6595d7 wp-block-columns-is-layout-flex\">\n<div class=\"wp-block-column is-layout-flow wp-block-column-is-layout-flow\"><\/div>\n\n\n\n<div class=\"wp-block-column is-layout-flow wp-block-column-is-layout-flow\"><\/div>\n\n\n\n<div class=\"wp-block-column is-layout-flow wp-block-column-is-layout-flow\"><\/div>\n<\/div>\n","protected":false},"excerpt":{"rendered":"<p>. Projeto DNA do Brasil: sa\u00fade e hist\u00f3ria a partir da nossa diversidade gen\u00e9tica O Projeto DNA do Brasil tem o objetivo de montar um banco de dados gen\u00e9ticos do povo brasileiro, desvendando varia\u00e7\u00f5es gen\u00e9ticas relacionadas \u00e0s caracter\u00edsticas de sa\u00fade, al\u00e9m da origem de boa parte da popula\u00e7\u00e3o. O projeto visa incluir o Brasil no [&hellip;]<\/p>\n","protected":false},"author":7,"featured_media":0,"parent":0,"menu_order":0,"comment_status":"closed","ping_status":"closed","template":"","meta":{"footnotes":""},"class_list":["post-249","page","type-page","status-publish","hentry"],"acf":[],"_links":{"self":[{"href":"https:\/\/sites.uel.br\/cpcb\/wp-json\/wp\/v2\/pages\/249","targetHints":{"allow":["GET"]}}],"collection":[{"href":"https:\/\/sites.uel.br\/cpcb\/wp-json\/wp\/v2\/pages"}],"about":[{"href":"https:\/\/sites.uel.br\/cpcb\/wp-json\/wp\/v2\/types\/page"}],"author":[{"embeddable":true,"href":"https:\/\/sites.uel.br\/cpcb\/wp-json\/wp\/v2\/users\/7"}],"replies":[{"embeddable":true,"href":"https:\/\/sites.uel.br\/cpcb\/wp-json\/wp\/v2\/comments?post=249"}],"version-history":[{"count":28,"href":"https:\/\/sites.uel.br\/cpcb\/wp-json\/wp\/v2\/pages\/249\/revisions"}],"predecessor-version":[{"id":902,"href":"https:\/\/sites.uel.br\/cpcb\/wp-json\/wp\/v2\/pages\/249\/revisions\/902"}],"wp:attachment":[{"href":"https:\/\/sites.uel.br\/cpcb\/wp-json\/wp\/v2\/media?parent=249"}],"curies":[{"name":"wp","href":"https:\/\/api.w.org\/{rel}","templated":true}]}}