{"id":506,"date":"2023-03-09T21:46:34","date_gmt":"2023-03-10T00:46:34","guid":{"rendered":"https:\/\/sites.uel.br\/cefe\/?page_id=506"},"modified":"2026-03-13T17:51:01","modified_gmt":"2026-03-13T20:51:01","slug":"emh-estudo-do-movmento-humano","status":"publish","type":"page","link":"https:\/\/sites.uel.br\/cefe\/emh-estudo-do-movmento-humano\/","title":{"rendered":"EMH &#8211; Estudos do Movimento Humano"},"content":{"rendered":"\n<p><strong>Site<\/strong>: <a href=\"http:\/\/departamentos.uel.br\/estudo-do-movimento-humano\">Depto Estudo do Movimento Humano<\/a><\/p>\n\n\n\n<p><a href=\"https:\/\/www.uel.br\/cefe\/demh\/portal\/pages\/docentes.php\">Docentes<\/a><\/p>\n\n\n\n<p>Chefe: Prof.\u00aa Dr.\u00aa D\u00e9bora Beatriz Martins<\/p>\n\n\n\n<p>Vice: Prof.\u00aa Dr.\u00aa Marilene Ces\u00e1rio<\/p>\n\n\n\n<p><\/p>\n\n\n\n<h2 class=\"wp-block-heading\">COMISS\u00c3O DE ENSINO<\/h2>\n\n\n\n<p>Coordenadora: Prof.\u00aa Dr.\u00aa Marilene Ces\u00e1rio<\/p>\n\n\n\n<p>Membro: Prof. Dr. Antonio Geraldo M. G. Pires <\/p>\n\n\n\n<p>Membro: Prof\u00aa. Dr\u00aa. Gisele Franco de Lima Santos<\/p>\n\n\n\n<p><\/p>\n\n\n\n<h2 class=\"wp-block-heading\">COMISS\u00c3O DE EXTENS\u00c3O<\/h2>\n\n\n\n<p>Coordenadora: Prof.\u00aa Dr.\u00aa Ana Claudia Saladini<\/p>\n\n\n\n<p>Membro: Prof.\u00aa Dr\u00aa. \u00c2ngela Pereira Teixeira Victoria Palma<\/p>\n\n\n\n<p>Membro: Prof. Dr. Gisele Franco de Lima Santos<\/p>\n\n\n\n<p><\/p>\n\n\n\n<h2 class=\"wp-block-heading\">COMISS\u00c3O DE PESQUISA<\/h2>\n\n\n\n<p>Coordenador: Prof\u00aa. Dr\u00aa. Gisele Franco de Lima Santos<\/p>\n\n\n\n<p>Membro: Prof.\u00aa Dr.\u00aa Carla Cristiane da Silva<\/p>\n\n\n\n<p>Membro: Prof. Dr. Tiago Pelegrini<\/p>\n\n\n\n<p><\/p>\n\n\n\n<h2 class=\"wp-block-heading\">COMISS\u00c3O DE P\u00d3S-GRADUA\u00c7\u00c3O<\/h2>\n\n\n\n<p>Coordenadora: Prof.\u00aa Dr.\u00aa \u00c2ngela Pereira Teixeira Vict\u00f3ria Palma<\/p>\n\n\n\n<p>Membro:  Prof.\u00aa Dr.\u00aa Carla Cristiane da Silva<\/p>\n\n\n\n<p>Membro: Prof.\u00aa Dr.\u00aa Ana Cl\u00e1udia Saladini<\/p>\n\n\n\n<p><\/p>\n\n\n\n<h2 class=\"wp-block-heading\">COMIT\u00ca DE BOLSAS PAB<\/h2>\n\n\n\n<p>Representante: Prof\u00aa. Dr\u00aa. Karina Toledo de Ara\u00fajo<\/p>\n\n\n\n<p><\/p>\n\n\n\n<h2 class=\"wp-block-heading\">COMISS\u00c3O DE APOIO PARA ACOMPANHAMENTO DE ESTUDANTES COM DEFICI\u00caNCIA (CAEED\/UEL)<\/h2>\n\n\n\n<p>Representante: Prof. Dr. Nilton Munhoz Gomes<\/p>\n\n\n\n<p><\/p>\n","protected":false},"excerpt":{"rendered":"<p>Site: Depto Estudo do Movimento Humano Docentes Chefe: Prof.\u00aa Dr.\u00aa D\u00e9bora Beatriz Martins Vice: Prof.\u00aa Dr.\u00aa Marilene Ces\u00e1rio COMISS\u00c3O DE ENSINO Coordenadora: Prof.\u00aa Dr.\u00aa Marilene Ces\u00e1rio Membro: Prof. Dr. Antonio Geraldo M. G. Pires Membro: Prof\u00aa. Dr\u00aa. Gisele Franco de Lima Santos COMISS\u00c3O DE EXTENS\u00c3O Coordenadora: Prof.\u00aa Dr.\u00aa Ana Claudia Saladini Membro: Prof.\u00aa Dr\u00aa. \u00c2ngela [&hellip;]<\/p>\n","protected":false},"author":13,"featured_media":0,"parent":0,"menu_order":0,"comment_status":"closed","ping_status":"closed","template":"","meta":{"_acf_changed":false,"footnotes":""},"class_list":["post-506","page","type-page","status-publish","hentry"],"acf":[],"_links":{"self":[{"href":"https:\/\/sites.uel.br\/cefe\/wp-json\/wp\/v2\/pages\/506","targetHints":{"allow":["GET"]}}],"collection":[{"href":"https:\/\/sites.uel.br\/cefe\/wp-json\/wp\/v2\/pages"}],"about":[{"href":"https:\/\/sites.uel.br\/cefe\/wp-json\/wp\/v2\/types\/page"}],"author":[{"embeddable":true,"href":"https:\/\/sites.uel.br\/cefe\/wp-json\/wp\/v2\/users\/13"}],"replies":[{"embeddable":true,"href":"https:\/\/sites.uel.br\/cefe\/wp-json\/wp\/v2\/comments?post=506"}],"version-history":[{"count":28,"href":"https:\/\/sites.uel.br\/cefe\/wp-json\/wp\/v2\/pages\/506\/revisions"}],"predecessor-version":[{"id":1925,"href":"https:\/\/sites.uel.br\/cefe\/wp-json\/wp\/v2\/pages\/506\/revisions\/1925"}],"wp:attachment":[{"href":"https:\/\/sites.uel.br\/cefe\/wp-json\/wp\/v2\/media?parent=506"}],"curies":[{"name":"wp","href":"https:\/\/api.w.org\/{rel}","templated":true}]}}