{"id":485,"date":"2023-03-09T21:38:02","date_gmt":"2023-03-10T00:38:02","guid":{"rendered":"https:\/\/sites.uel.br\/cefe\/?page_id=485"},"modified":"2023-03-27T21:24:25","modified_gmt":"2023-03-28T00:24:25","slug":"laboratorio-fisiologia","status":"publish","type":"page","link":"https:\/\/sites.uel.br\/cefe\/laboratorio-fisiologia\/","title":{"rendered":"GEAFIT"},"content":{"rendered":"\n<p><a href=\"https:\/\/geafit.wordpress.com\/\">Grupo de Estudo das Adapta\u00e7\u00f5es Fisiol\u00f3gicas ao Treinamento<\/a><\/p>\n\n\n\n<p>Respons\u00e1vel: <a href=\"https:\/\/buscatextual.cnpq.br\/buscatextual\/visualizacv.do?id=K4779420U1&amp;tokenCaptchar=03AKH6MRH9iqJXieKz1Tl2YTLxsPsqXiXmSV6fGNlUi5OnnGyMAwtp5IEinzTy01Z6py4hYO6OOsvJVzQpXpyS-rR4gw0gpLLPI5iBDezXBhpQM_SXh-vubWH3Q0u8C0JXmEGqW9H9_mRbTpehi4nPaTFKBRHWwLZ4aPdjQ3XvMCPSBlVoOceUM6NVvyeiikyJnxEMIJbxKVDeJXbuSVlxmFob9UjhREZ4NieDdTQWSOFVDFWfcEn487FA96fmBkN-SOol9ammz5OkUbZsGymz0T1j7v2E7yKn8ytc-6abuxEfckslFylROkdLorkU5tviUtx1GwXwUxAiJHXIOTXYfG2F9CYAwJIr39mrxs3sxoiXEaFUih5c5RMc7h0MBaG0rSKEFDn0rY6tfs3I987tp78XnGTMHbKGqAPUppMYAsySQBHysExr7Mn3OFaHD6dbC-0XpdWoS8-2VC1hqOCeA8739aMyBqDWO21ZTWFlYPRJ-m8zAh_0yQlbBLcw6yeDFYOBcCOwQnHASVmShMrGGtK83wRvLfJj9w\">Prof. Dr. Crivaldo Gomes Cardoso J\u00fanior<\/a><\/p>\n\n\n\n<p>Objetivo: O Grupo de Estudo das Adapta\u00e7\u00f5es Fisiol\u00f3gicas ao Treinamento (GEAFIT) foi formado a partir da demanda detectada de investiga\u00e7\u00f5es em torno de mecanismos e fatores fisiol\u00f3gicos determinantes das adapta\u00e7\u00f5es do corpo humano frente ao desafio imposto pelo treinamento f\u00edsico. Nossa participa\u00e7\u00e3o na produ\u00e7\u00e3o de conhecimentos na \u00e1rea tem sido pautada em torno de temas como: (a) significado fisiol\u00f3gico de par\u00e2metros utilizados na avalia\u00e7\u00e3o de componentes do desempenho, (b) modifica\u00e7\u00f5es em indicadores fisiol\u00f3gicos de desempenho em resposta ao treinamento e, (c) altera\u00e7\u00f5es auton\u00f4micas em resposta ao treinamento. O objetivo deste grupo \u00e9 investigar t\u00e9cnicas de avalia\u00e7\u00e3o do desempenho f\u00edsico sens\u00edveis \u00e0 interven\u00e7\u00e3o de treinamento e identificar mecanismos fisiol\u00f3gicos associados \u00e0 altera\u00e7\u00e3o no desempenho f\u00edsico, tanto em situa\u00e7\u00f5es de adapta\u00e7\u00e3o positiva quanto negativa (overtraining e destreinamento).<\/p>\n\n\n\n<p>Local: Em frente \u00e0 piscina externa.<\/p>\n","protected":false},"excerpt":{"rendered":"<p>Grupo de Estudo das Adapta\u00e7\u00f5es Fisiol\u00f3gicas ao Treinamento Respons\u00e1vel: Prof. Dr. Crivaldo Gomes Cardoso J\u00fanior Objetivo: O Grupo de Estudo das Adapta\u00e7\u00f5es Fisiol\u00f3gicas ao Treinamento (GEAFIT) foi formado a partir da demanda detectada de investiga\u00e7\u00f5es em torno de mecanismos e fatores fisiol\u00f3gicos determinantes das adapta\u00e7\u00f5es do corpo humano frente ao desafio imposto pelo treinamento f\u00edsico. [&hellip;]<\/p>\n","protected":false},"author":13,"featured_media":0,"parent":0,"menu_order":0,"comment_status":"closed","ping_status":"closed","template":"","meta":{"_acf_changed":false,"footnotes":""},"class_list":["post-485","page","type-page","status-publish","hentry"],"acf":[],"_links":{"self":[{"href":"https:\/\/sites.uel.br\/cefe\/wp-json\/wp\/v2\/pages\/485","targetHints":{"allow":["GET"]}}],"collection":[{"href":"https:\/\/sites.uel.br\/cefe\/wp-json\/wp\/v2\/pages"}],"about":[{"href":"https:\/\/sites.uel.br\/cefe\/wp-json\/wp\/v2\/types\/page"}],"author":[{"embeddable":true,"href":"https:\/\/sites.uel.br\/cefe\/wp-json\/wp\/v2\/users\/13"}],"replies":[{"embeddable":true,"href":"https:\/\/sites.uel.br\/cefe\/wp-json\/wp\/v2\/comments?post=485"}],"version-history":[{"count":3,"href":"https:\/\/sites.uel.br\/cefe\/wp-json\/wp\/v2\/pages\/485\/revisions"}],"predecessor-version":[{"id":829,"href":"https:\/\/sites.uel.br\/cefe\/wp-json\/wp\/v2\/pages\/485\/revisions\/829"}],"wp:attachment":[{"href":"https:\/\/sites.uel.br\/cefe\/wp-json\/wp\/v2\/media?parent=485"}],"curies":[{"name":"wp","href":"https:\/\/api.w.org\/{rel}","templated":true}]}}