{"id":435,"date":"2023-03-06T16:17:23","date_gmt":"2023-03-06T19:17:23","guid":{"rendered":"https:\/\/sites.uel.br\/cefe\/?page_id=435"},"modified":"2023-05-10T15:01:28","modified_gmt":"2023-05-10T18:01:28","slug":"estudantil","status":"publish","type":"page","link":"https:\/\/sites.uel.br\/cefe\/estudantil\/","title":{"rendered":"Estudantil"},"content":{"rendered":"\n<p>Os estudantes do Centro de Educa\u00e7\u00e3o F\u00edsica e Esporte &#8211; CEFE s\u00e3o identificados por n\u00famero de matr\u00edcula e est\u00e3o organizados por turmas (100, 200, 300, 400 etc.); em s\u00e9ries anuais (1\u00aa, 2\u00aa, 3\u00aa e 4\u00aa); em dois per\u00edodos letivos (matutino e noturno); conforme o curso (Bacharelado, Licenciatura, Bacharelado\/Licenciatura). <\/p>\n\n\n\n<p>As organiza\u00e7\u00e3o curricular segue princ\u00edpios e normas institucionais, de acordo com a regulamenta\u00e7\u00e3o constantes dos Projetos Pedag\u00f3gicos, Resolu\u00e7\u00f5es e Instru\u00e7\u00f5es Normativas. Referida regulamenta\u00e7\u00e3o pode ser acessada, de maneira online, nas respectivas inst\u00e2ncias (<a rel=\"noreferrer noopener\" href=\"http:\/\/www.uel.br\/prograd\/\" target=\"_blank\">PROGRAD<\/a>, <a rel=\"noreferrer noopener\" href=\"https:\/\/www.uel.br\/proex\/\" target=\"_blank\">PROEX<\/a>, <a rel=\"noreferrer noopener\" href=\"http:\/\/www.uel.br\/proppg\/portalnovo\/\" target=\"_blank\">PROPPG<\/a>), no site oficial da <a href=\"https:\/\/portal.uel.br\/home\/\" target=\"_blank\" rel=\"noreferrer noopener\">UEL<\/a>. <\/p>\n\n\n\n<p>A UEL oferece ainda assist\u00eancia educacional, <a rel=\"noreferrer noopener\" href=\"https:\/\/sites.uel.br\/sebec\/moradia-estudantil\/\" target=\"_blank\">social<\/a>, <a rel=\"noreferrer noopener\" href=\"https:\/\/sites.uel.br\/sebec\/saude-mental\/\" target=\"_blank\">sa\u00fade<\/a>, jur\u00eddica e outras por meio de suas diversas inst\u00e2ncias e \u00f3rg\u00e3os, dentro das condi\u00e7\u00f5es predeterminadas e seguindo o devido tr\u00e2mite espec\u00edfico.<\/p>\n\n\n\n<p>Para outras informa\u00e7\u00f5es, como as relacionadas \u00e0 Divis\u00e3o de Restaurante Universit\u00e1rio &#8211; RU, Divis\u00e3o de Moradia Estudantil, Divis\u00e3o de Servi\u00e7o Social e Sa\u00fade Mental e Cart\u00e3o de Transporte Escolar, consulte o <a rel=\"noreferrer noopener\" href=\"https:\/\/www.uel.br\/sebec\/\" target=\"_blank\">Servi\u00e7o de Bem Estar \u00e0 Comunidade &#8211; SEBEC<\/a>.<\/p>\n\n\n\n<ul class=\"wp-block-list\">\n<li><a href=\"https:\/\/sites.uel.br\/cefe\/centro-academico\/\" data-type=\"page\" data-id=\"438\">Centro Acad\u00eamico<\/a><\/li>\n\n\n\n<li><a href=\"https:\/\/sites.uel.br\/cefe\/estudantil\/pro-reitoria-de-graduacao-prograd\/\" data-type=\"page\" data-id=\"913\">PROGRAD\/Est\u00e1gios<\/a><\/li>\n\n\n\n<li><a href=\"https:\/\/sites.uel.br\/cefe\/estudantil\/tcc\/\" data-type=\"page\" data-id=\"998\">TCC<\/a><\/li>\n\n\n\n<li><a href=\"https:\/\/sites.uel.br\/cefe\/estudantil\/sebec\/\" data-type=\"page\" data-id=\"920\">SEBEC<\/a><\/li>\n\n\n\n<li><a href=\"https:\/\/sites.uel.br\/cefe\/atletica\/\" data-type=\"page\" data-id=\"441\">Atl\u00e9tica<\/a><\/li>\n\n\n\n<li><a href=\"https:\/\/sites.uel.br\/cefe\/empresa-junior\/\" data-type=\"page\" data-id=\"444\">Empresa J\u00fanior<\/a><\/li>\n\n\n\n<li><a href=\"https:\/\/sites.uel.br\/cefe\/pet\/\" data-type=\"page\" data-id=\"447\">PET<\/a><\/li>\n\n\n\n<li><a href=\"https:\/\/sites.uel.br\/cefe\/residencia-docente\/\" data-type=\"page\" data-id=\"463\">Resid\u00eancia Pedag\u00f3gica<\/a><\/li>\n\n\n\n<li><a href=\"https:\/\/sites.uel.br\/cefe\/tem-liders\/\" data-type=\"page\" data-id=\"450\">Team Leader<\/a><\/li>\n<\/ul>\n\n\n\n<p>   <\/p>\n","protected":false},"excerpt":{"rendered":"<p>Os estudantes do Centro de Educa\u00e7\u00e3o F\u00edsica e Esporte &#8211; CEFE s\u00e3o identificados por n\u00famero de matr\u00edcula e est\u00e3o organizados por turmas (100, 200, 300, 400 etc.); em s\u00e9ries anuais (1\u00aa, 2\u00aa, 3\u00aa e 4\u00aa); em dois per\u00edodos letivos (matutino e noturno); conforme o curso (Bacharelado, Licenciatura, Bacharelado\/Licenciatura). As organiza\u00e7\u00e3o curricular segue princ\u00edpios e normas [&hellip;]<\/p>\n","protected":false},"author":13,"featured_media":0,"parent":0,"menu_order":0,"comment_status":"closed","ping_status":"closed","template":"","meta":{"_acf_changed":false,"footnotes":""},"class_list":["post-435","page","type-page","status-publish","hentry"],"acf":[],"_links":{"self":[{"href":"https:\/\/sites.uel.br\/cefe\/wp-json\/wp\/v2\/pages\/435","targetHints":{"allow":["GET"]}}],"collection":[{"href":"https:\/\/sites.uel.br\/cefe\/wp-json\/wp\/v2\/pages"}],"about":[{"href":"https:\/\/sites.uel.br\/cefe\/wp-json\/wp\/v2\/types\/page"}],"author":[{"embeddable":true,"href":"https:\/\/sites.uel.br\/cefe\/wp-json\/wp\/v2\/users\/13"}],"replies":[{"embeddable":true,"href":"https:\/\/sites.uel.br\/cefe\/wp-json\/wp\/v2\/comments?post=435"}],"version-history":[{"count":11,"href":"https:\/\/sites.uel.br\/cefe\/wp-json\/wp\/v2\/pages\/435\/revisions"}],"predecessor-version":[{"id":1030,"href":"https:\/\/sites.uel.br\/cefe\/wp-json\/wp\/v2\/pages\/435\/revisions\/1030"}],"wp:attachment":[{"href":"https:\/\/sites.uel.br\/cefe\/wp-json\/wp\/v2\/media?parent=435"}],"curies":[{"name":"wp","href":"https:\/\/api.w.org\/{rel}","templated":true}]}}