{"id":21,"date":"2021-03-29T14:35:16","date_gmt":"2021-03-29T17:35:16","guid":{"rendered":"https:\/\/sites.uel.br\/cefe\/?page_id=21"},"modified":"2023-04-10T09:00:58","modified_gmt":"2023-04-10T12:00:58","slug":"direcao","status":"publish","type":"page","link":"https:\/\/sites.uel.br\/cefe\/direcao\/","title":{"rendered":"Dire\u00e7\u00e3o"},"content":{"rendered":"\n<hr class=\"wp-block-separator has-css-opacity is-style-wide\" \/>\n\n\n\n<div class=\"wp-block-columns is-layout-flex wp-container-core-columns-is-layout-9d6595d7 wp-block-columns-is-layout-flex\">\n<div class=\"wp-block-column is-layout-flow wp-block-column-is-layout-flow\">\n<figure class=\"wp-block-image size-full\"><img loading=\"lazy\" decoding=\"async\" width=\"715\" height=\"1024\" src=\"https:\/\/sites.uel.br\/cefe\/wp-content\/uploads\/2022\/11\/image.png\" alt=\"\" class=\"wp-image-294\" srcset=\"https:\/\/sites.uel.br\/cefe\/wp-content\/uploads\/2022\/11\/image.png 715w, https:\/\/sites.uel.br\/cefe\/wp-content\/uploads\/2022\/11\/image-209x300.png 209w\" sizes=\"auto, (max-width: 715px) 100vw, 715px\" \/><\/figure>\n<\/div>\n\n\n\n<div class=\"wp-block-column is-layout-flow wp-block-column-is-layout-flow\" style=\"flex-basis:70%\">\n<p><\/p>\n\n\n\n<p class=\"has-medium-font-size\"><strong>Diretor:<\/strong> Orlando Mendes Foga\u00e7a J\u00fanior<\/p>\n\n\n\n<p>Gradua\u00e7\u00e3o em Educa\u00e7\u00e3o F\u00edsica pela Faculdade de Filosofia Ci\u00eancias e Letras de Arapongas (1985), Possui especializa\u00e7\u00e3o em Educa\u00e7\u00e3o F\u00edsica Escolar (1999). Doutor pela UNESP campus de Mar\u00edlia na \u00e1rea de concentra\u00e7\u00e3o: ensino na educa\u00e7\u00e3o brasileira, na linha de pesquisa: aprendizagem escolar e desenvolvimento humano (2009). Professor Associado da Universidade Estadual de Londrina no Centro de Educa\u00e7\u00e3o F\u00edsica lotado no Departamento de Estudos do Movimento Humano. Atualmente diretor do Centro de Educa\u00e7\u00e3o F\u00edsica e Esporte. 10\/10\/2022 \u00e1 09\/10\/2026.<\/p>\n<\/div>\n<\/div>\n\n\n\n<div class=\"wp-block-columns is-layout-flex wp-container-core-columns-is-layout-9d6595d7 wp-block-columns-is-layout-flex\">\n<div class=\"wp-block-column is-layout-flow wp-block-column-is-layout-flow\">\n<figure class=\"wp-block-gallery has-nested-images columns-default is-cropped wp-block-gallery-1 is-layout-flex wp-block-gallery-is-layout-flex\">\n<figure class=\"wp-block-image size-full is-style-default\"><img loading=\"lazy\" decoding=\"async\" width=\"91\" height=\"110\" data-id=\"856\" src=\"https:\/\/sites.uel.br\/cefe\/wp-content\/uploads\/2023\/04\/beto.png\" alt=\"\" class=\"wp-image-856\" \/><\/figure>\n<\/figure>\n<\/div>\n\n\n\n<div class=\"wp-block-column is-layout-flow wp-block-column-is-layout-flow\" style=\"flex-basis:70%\">\n<p><strong>Vice Diretor<\/strong>: Luis Alberto Garcia Freitas<\/p>\n\n\n\n<p>Possui gradua\u00e7\u00e3o em Licenciatura Em Educa\u00e7\u00e3o F\u00edsica (UEL-1995), especializa\u00e7\u00e3o em Avalia\u00e7\u00e3o da Performance Motora (UEL-1996) e Mestrado em Administra\u00e7\u00e3o de Empesa pela Pontif\u00edcia Universidade Cat\u00f3lica de S\u00e3o Paulo (2003) Doutor em Educa\u00e7\u00e3o F\u00edsica pela Universidade Federal do Paran\u00e1 (2010). Atualmente \u00e9 professor adjunto da Universidade Estadual de Londrina, nas disciplinas na \u00e1rea esportiva: treinamento esportivo, sele\u00e7\u00e3o de talentos esportivos e gin\u00e1stica art\u00edstica; na \u00e1rea administrativa: nas disciplinas de planejamento, gest\u00e3o e administra\u00e7\u00e3o esportiva. Na parte administrativa atua em comiss\u00f5es e projetos relacionados ao programa gin\u00e1stica laboral. No campo pr\u00e1tico-esportivo atuou nos seguintes segmentos na \u00e1rea n\u00e3o-escolar: gin\u00e1stica art\u00edstica, descoberta e forma\u00e7\u00e3o de talentos esportivos, avalia\u00e7\u00e3o e prescri\u00e7\u00e3o de exerc\u00edcios f\u00edsicos em academias. Atualmente esta como vice diretor do Centro de Educa\u00e7\u00e3o F\u00edsica e Esporte.<\/p>\n<\/div>\n<\/div>\n\n\n\n<p><\/p>\n\n\n\n<ul class=\"wp-block-list\">\n<li>\n<ul class=\"wp-block-list\">\n<li><\/li>\n<\/ul>\n<\/li>\n<\/ul>\n\n\n\n<p><\/p>\n","protected":false},"excerpt":{"rendered":"<p>Diretor: Orlando Mendes Foga\u00e7a J\u00fanior Gradua\u00e7\u00e3o em Educa\u00e7\u00e3o F\u00edsica pela Faculdade de Filosofia Ci\u00eancias e Letras de Arapongas (1985), Possui especializa\u00e7\u00e3o em Educa\u00e7\u00e3o F\u00edsica Escolar (1999). Doutor pela UNESP campus de Mar\u00edlia na \u00e1rea de concentra\u00e7\u00e3o: ensino na educa\u00e7\u00e3o brasileira, na linha de pesquisa: aprendizagem escolar e desenvolvimento humano (2009). Professor Associado da Universidade Estadual [&hellip;]<\/p>\n","protected":false},"author":7,"featured_media":120,"parent":0,"menu_order":0,"comment_status":"closed","ping_status":"closed","template":"","meta":{"_acf_changed":false,"footnotes":""},"class_list":["post-21","page","type-page","status-publish","has-post-thumbnail","hentry"],"acf":[],"_links":{"self":[{"href":"https:\/\/sites.uel.br\/cefe\/wp-json\/wp\/v2\/pages\/21","targetHints":{"allow":["GET"]}}],"collection":[{"href":"https:\/\/sites.uel.br\/cefe\/wp-json\/wp\/v2\/pages"}],"about":[{"href":"https:\/\/sites.uel.br\/cefe\/wp-json\/wp\/v2\/types\/page"}],"author":[{"embeddable":true,"href":"https:\/\/sites.uel.br\/cefe\/wp-json\/wp\/v2\/users\/7"}],"replies":[{"embeddable":true,"href":"https:\/\/sites.uel.br\/cefe\/wp-json\/wp\/v2\/comments?post=21"}],"version-history":[{"count":17,"href":"https:\/\/sites.uel.br\/cefe\/wp-json\/wp\/v2\/pages\/21\/revisions"}],"predecessor-version":[{"id":857,"href":"https:\/\/sites.uel.br\/cefe\/wp-json\/wp\/v2\/pages\/21\/revisions\/857"}],"wp:featuredmedia":[{"embeddable":true,"href":"https:\/\/sites.uel.br\/cefe\/wp-json\/wp\/v2\/media\/120"}],"wp:attachment":[{"href":"https:\/\/sites.uel.br\/cefe\/wp-json\/wp\/v2\/media?parent=21"}],"curies":[{"name":"wp","href":"https:\/\/api.w.org\/{rel}","templated":true}]}}