{"id":5130,"date":"2023-10-27T09:36:18","date_gmt":"2023-10-27T12:36:18","guid":{"rendered":"https:\/\/sites.uel.br\/ceca\/?page_id=5130"},"modified":"2024-02-19T17:18:48","modified_gmt":"2024-02-19T20:18:48","slug":"176-comunicacao-popular-e-comunitaria-2","status":"publish","type":"page","link":"https:\/\/sites.uel.br\/ceca\/176-comunicacao-popular-e-comunitaria-2\/","title":{"rendered":"176 &#8211; CURSO DE ESPECIALIZA\u00c7\u00c3O EM COMUNICA\u00c7\u00c3O POPULAR E COMUNIT\u00c1RIA"},"content":{"rendered":"\n<div style=\"height:47px\" aria-hidden=\"true\" class=\"wp-block-spacer\"><\/div>\n\n\n\n<p>N\u00edvel: <strong>Especializa\u00e7\u00e3o<\/strong><\/p>\n\n\n\n<p>Ofertado para: <strong>1\/2024<\/strong><\/p>\n\n\n\n<div style=\"height:47px\" aria-hidden=\"true\" class=\"wp-block-spacer\"><\/div>\n\n\n\n<div class=\"wp-block-columns is-layout-flex wp-container-core-columns-is-layout-9d6595d7 wp-block-columns-is-layout-flex\">\n<div class=\"wp-block-column is-layout-flow wp-block-column-is-layout-flow\" style=\"flex-basis:100%\">\n<div class=\"wp-block-buttons is-content-justification-left is-layout-flex wp-container-core-buttons-is-layout-fdcfc74e wp-block-buttons-is-layout-flex\">\n<div class=\"wp-block-button has-custom-width wp-block-button__width-50 has-custom-font-size is-style-fill has-medium-font-size\"><a class=\"wp-block-button__link has-cinza-claro-color has-text-color has-background wp-element-button\" href=\"https:\/\/sites.uel.br\/ceca\/wp-content\/uploads\/2023\/10\/Edital-de-oferta-Comunicacao-Popular-e-Comunitaria-2024-1.pdf\" style=\"border-radius:5px;background-color:#00753b\" target=\"_blank\" rel=\"noreferrer noopener\">Edital de Abertura<\/a><\/div>\n\n\n\n<div class=\"wp-block-button has-custom-width wp-block-button__width-50 has-custom-font-size is-style-fill has-medium-font-size\"><a class=\"wp-block-button__link has-cinza-claro-color has-text-color has-background wp-element-button\" href=\"https:\/\/sites.uel.br\/ceca\/wp-content\/uploads\/2024\/02\/Edital-de-Resultado-Curso-Comunicacao-Popular-e-Comunitaria-176.pdf\" style=\"border-radius:5px;background-color:#00753b\">Edital de Resultado<\/a><\/div>\n<\/div>\n<\/div>\n<\/div>\n\n\n\n<div style=\"height:50px\" aria-hidden=\"true\" class=\"wp-block-spacer\"><\/div>\n\n\n\n<div class=\"wp-block-columns is-layout-flex wp-container-core-columns-is-layout-9d6595d7 wp-block-columns-is-layout-flex\">\n<div class=\"wp-block-column is-layout-flow wp-block-column-is-layout-flow\">\n<p><strong>N\u00famero da Resolu\u00e7\u00e3o:<\/strong>&nbsp;021\/2023<\/p>\n\n\n\n<p><strong>Mensalidade:<\/strong>&nbsp;R$100,00&nbsp;&#8211;&nbsp;Res CA n\u00ba&nbsp;183\/2005<\/p>\n\n\n\n<p><strong>Carga Hor\u00e1ria:<\/strong>&nbsp;360<\/p>\n<\/div>\n\n\n\n<div class=\"wp-block-column is-layout-flow wp-block-column-is-layout-flow\">\n<p><strong>N\u00famero de Vagas:<\/strong>&nbsp;15\/30<\/p>\n\n\n\n<p><strong>N\u00famero de Parcelas:<\/strong>&nbsp;12<\/p>\n<\/div>\n<\/div>\n\n\n\n<div style=\"height:50px\" aria-hidden=\"true\" class=\"wp-block-spacer\"><\/div>\n\n\n\n<div class=\"wp-block-buttons is-layout-flex wp-block-buttons-is-layout-flex\">\n<div class=\"wp-block-button has-custom-width wp-block-button__width-100 has-custom-font-size has-medium-font-size\"><a class=\"wp-block-button__link has-text-color has-background wp-element-button\" style=\"border-radius:3px;color:#ffffff;background-color:#00753b\"><strong>Hor\u00e1rio das Aulas<\/strong><\/a><\/div>\n<\/div>\n\n\n\n<div style=\"height:50px\" aria-hidden=\"true\" class=\"wp-block-spacer\"><\/div>\n\n\n\n<figure class=\"wp-block-table is-style-stripes\"><table><tbody><tr><td><strong>Aulas:<\/strong><\/td><td>Sextas-feiras e s\u00e1bados.<\/td><\/tr><tr><td><strong>Hor\u00e1rios:<\/strong><\/td><td>Das 19 \u00e0s 23 horas (sextas-feiras)<br>Das 08 \u00e0s 12 \/ 14 \u00e0s 18 horas (s\u00e1bados)<\/td><\/tr><tr><td><strong>Sala:<\/strong><\/td><td><strong>682<\/strong><\/td><\/tr><\/tbody><\/table><\/figure>\n\n\n\n<hr class=\"wp-block-separator has-text-color has-css-opacity has-background is-style-dots\" style=\"background-color:#ffffff;color:#ffffff\" \/>\n\n\n\n<p>A Comiss\u00e3o Coordenadora do Curso de P\u00f3s-Gradua\u00e7\u00e3o Lato sensu em Comunica\u00e7\u00e3o Popular e Comunit\u00e1ria da Universidade Estadual de Londrina UEL, no uso de suas atribui\u00e7\u00f5es administrativas e em conformidade com o Edital PROPPG\/DPG\/DAM, torna p\u00fablico aos interessados as normas e os procedimentos a serem obedecidos no processo de sele\u00e7\u00e3o para o preenchimento de vagas regulares do curso de Especializa\u00e7\u00e3o em Comunica\u00e7\u00e3o Popular e Comunit\u00e1ria, a ter in\u00edcio em 04 de mar\u00e7o de 2024, primeiro per\u00edodo letivo de 2024.<\/p>\n\n\n\n<p>Todos os hor\u00e1rios indicados no presente edital referem-se ao hor\u00e1rio de Bras\u00edlia, portanto, verifique a configura\u00e7\u00e3o de seu e-mail e seu computador.<\/p>\n\n\n\n<p>As inscri\u00e7\u00f5es ser\u00e3o realizadas somente via Internet e estar\u00e3o abertas a candidatos que possuam <strong>curso de gradua\u00e7\u00e3o que seja reconhecido pelo \u00f3rg\u00e3o competente &#8211; MEC<\/strong>.<\/p>\n\n\n\n<p>Antes de efetuar o recolhimento do pre\u00e7o p\u00fablico de inscri\u00e7\u00e3o, o\/a candidato\/a deve inteirar-se das regras deste Edital, certificar-se de que preenche ou preencher\u00e1, at\u00e9 a data da matr\u00edcula, todos os requisitos exigidos. <strong>N\u00e3o haver\u00e1 a devolu\u00e7\u00e3o do valor do pre\u00e7o p\u00fablico de inscri\u00e7\u00e3o ap\u00f3s a sua efetiva\u00e7\u00e3o<\/strong>, quaisquer que sejam os motivos. As d\u00favidas sobre o processo seletivo dever\u00e3o ser enviadas para o e-mail <strong>ncp@uel.br<\/strong><\/p>\n\n\n\n<div style=\"height:29px\" aria-hidden=\"true\" class=\"wp-block-spacer\"><\/div>\n\n\n\n<p><strong>P\u00fablico Alvo<\/strong><\/p>\n\n\n\n<p>Graduados e graduandos de diferentes \u00e1reas de conhecimento, em especial comunica\u00e7\u00e3o, ci\u00eancias sociais, servi\u00e7o social, hist\u00f3ria, filosofia, geografia, psicologia, letras e pedagogia, dando-se prefer\u00eancia a profissionais que atuam ou tenham atuado na \u00e1rea de comunica\u00e7\u00e3o, desde que comprovem a conclus\u00e3o da gradua\u00e7\u00e3o na data da matr\u00edcula.<\/p>\n\n\n\n<div style=\"height:40px\" aria-hidden=\"true\" class=\"wp-block-spacer\"><\/div>\n\n\n\n<div class=\"wp-block-buttons is-layout-flex wp-block-buttons-is-layout-flex\">\n<div class=\"wp-block-button has-custom-width wp-block-button__width-100 has-custom-font-size has-medium-font-size\"><a class=\"wp-block-button__link has-text-color has-background wp-element-button\" style=\"border-radius:3px;color:#ffffff;background-color:#00753b\"><strong>Cronograma de atividades<\/strong><\/a><\/div>\n<\/div>\n\n\n\n<div style=\"height:40px\" aria-hidden=\"true\" class=\"wp-block-spacer\"><\/div>\n\n\n\n<figure class=\"wp-block-table\"><table><tbody><tr><td><strong>PROCEDIMENTOS<\/strong><\/td><td><strong>DATAS<\/strong><\/td><\/tr><tr><td>Per\u00edodo para <strong>Requerimento de Isen\u00e7\u00e3o<\/strong> do pre\u00e7o p\u00fablico de inscri\u00e7\u00e3o: Justi\u00e7a Eleitoral e Doa\u00e7\u00e3o de Sangue<\/td><td>18 a 20 de  outubro de 2023<\/td><\/tr><tr><td><strong>Resultado dos pedidos de Isen\u00e7\u00e3o<\/strong>: Eleitoral e Doa\u00e7\u00e3o de Sangue<\/td><td>25 de outubro de 2023<\/td><\/tr><tr><td>Per\u00edodo de <strong>Recurso ao Resultado da Isen\u00e7\u00e3o<\/strong>: Justi\u00e7a Eleitoral Doa\u00e7\u00e3o de Sangue<\/td><td>26 de outubro de 2023<\/td><\/tr><tr><td><strong>Resultado do pedido Recurso<\/strong>: Isen\u00e7\u00e3o &#8211; Justi\u00e7a Eleitoral e Doa\u00e7\u00e3o de Sangue<\/td><td>30 de outubro de 2023<\/td><\/tr><tr><td><strong><mark style=\"background-color:#ffffff;color:#00753b\" class=\"has-inline-color\">Per\u00edodo de Inscri\u00e7\u00e3o<\/mark><\/strong><\/td><td><strong><mark style=\"background-color:#ffffff\" class=\"has-inline-color has-cinza-claro-color\">01 de novembro de 2023 a 31 de janeiro de 2024<\/mark><\/strong><\/td><\/tr><tr><td>Per\u00edodo de envio de documentos, para homologa\u00e7\u00e3o da inscri\u00e7\u00e3o<\/td><td>01 de novembro de 2023 a 31 de janeiro de 2024<\/td><\/tr><tr><td>Per\u00edodo de sele\u00e7\u00e3o<\/td><td>05 a 09 de fevereiro de 2024<\/td><\/tr><tr><td>Divulga\u00e7\u00e3o do Edital de Resultado e convoca\u00e7\u00e3o para Matr\u00edcula<\/td><td>19 de fevereiro de 2024<\/td><\/tr><tr><td>Per\u00edodo de Matr\u00edcula<\/td><td>21 a 23 de fevereiro de 2023<\/td><\/tr><tr><td>Per\u00edodo de envio de documentos &#8211; <strong>via correio &#8211; para Confirma\u00e7\u00e3o da matr\u00edcula<\/strong><\/td><td>21 a 23 de fevereiro de 2023<\/td><\/tr><\/tbody><\/table><\/figure>\n\n\n\n<div style=\"height:40px\" aria-hidden=\"true\" class=\"wp-block-spacer\"><\/div>\n\n\n\n<div class=\"wp-block-buttons is-layout-flex wp-block-buttons-is-layout-flex\">\n<div class=\"wp-block-button has-custom-width wp-block-button__width-100 has-custom-font-size has-medium-font-size\"><a class=\"wp-block-button__link has-text-color has-background wp-element-button\" style=\"border-radius:3px;color:#ffffff;background-color:#00753b\"><strong>Isen\u00e7\u00e3o da taxa de inscri\u00e7\u00e3o<\/strong><\/a><\/div>\n<\/div>\n\n\n\n<div style=\"height:40px\" aria-hidden=\"true\" class=\"wp-block-spacer\"><\/div>\n\n\n\n<p><strong>Aten\u00e7\u00e3o<\/strong>: O\/a candidato\/a dever\u00e1 acompanhar os atos relativos ao processo de sele\u00e7\u00e3o dispon\u00edveis na p\u00e1gina do Curso (<a href=\"https:\/\/sites.uel.br\/ceca\/lato-sensu\/\">https:\/\/sites.uel.br\/ceca\/lato-sensu\/<\/a>), obrigando-se a atender dos prazos e \u00e0s condi\u00e7\u00f5es estabelecidas no presente edital e \u00e0queles que vierem a ser divulgados durante a execu\u00e7\u00e3o da sele\u00e7\u00e3o<\/p>\n\n\n\n<p><strong>Isen\u00e7\u00e3o &#8211; Lei 19.196 &#8211; 26 de outubro 2017, Justi\u00e7a Eleitoral do Paran\u00e1 &#8211; eleitores convocados e nomeados pela Justi\u00e7a Eleitoral do Paran\u00e1 que prestarem servi\u00e7os no per\u00edodo eleitoral.<\/strong><\/p>\n\n\n\n<p>Haver\u00e1 isen\u00e7\u00e3o do valor total do pre\u00e7o p\u00fablico de inscri\u00e7\u00e3o para eleitores\/as convocados\/as e nomeados\/as pela Justi\u00e7a Eleitoral do Paran\u00e1 que prestaram servi\u00e7os no per\u00edodo eleitoral visando \u00e0 prepara\u00e7\u00e3o, execu\u00e7\u00e3o e apura\u00e7\u00e3o de elei\u00e7\u00f5es oficiais, plebiscitos ou referendos em dois eventos eleitorais consecutivos ou n\u00e3o, v\u00e1lido por um per\u00edodo de 2 (dois) anos, conforme Lei 19196- 26 de outubro 2017;<\/p>\n\n\n\n<p>O\/a requerente dever\u00e1 preencher, digitalmente, o Requerimento de Isen\u00e7\u00e3o dispon\u00edvel em <a href=\"http:\/\/www.uel.br\/proppg\/portalnovo\/pages\/mais\/formularios.php\">http:\/\/www.uel.br\/proppg\/portalnovo\/pages\/mais\/formularios.php<\/a>, informando o nome do Curso que pretende se inscrever, juntamente com a c\u00f3pia da comprova\u00e7\u00e3o do servi\u00e7o prestado, expedido pela Justi\u00e7a Eleitoral, encaminhar no per\u00edodo de 18 a 20 de outubro de 2023 para o email ncp@uel.br, digitalizados em ARQUIVO \u00daNICO, no formato PDF com o assunto \u201cIsen\u00e7\u00e3o &#8211; nome do\/a requerente &#8211; Especializa\u00e7\u00e3o em Comunica\u00e7\u00e3o Popular e Comunit\u00e1ria);<\/p>\n\n\n\n<p>O\/a requerente com pedido de isen\u00e7\u00e3o deferido ou indeferido ser\u00e1 comunicado via e-mail at\u00e9 dia 25 de outubro de 2023.<\/p>\n\n\n\n<p>O\/a requerente cujo pedido de isen\u00e7\u00e3o do recolhimento do valor do pre\u00e7o p\u00fablico de inscri\u00e7\u00e3o tenha sido indeferido, poder\u00e1 apresentar recurso contra o indeferimento das 8h \u00e0s 23h59min do dia 26 de outubro de 2023, enviando e-mail para ncp@uel.br. O requerimento dever\u00e1 apresentar justificativa circunstanciada para fundamentar a interposi\u00e7\u00e3o do recurso e informar o item, al\u00ednea e\/ou inciso do Edital em que se baseia a interposi\u00e7\u00e3o.<\/p>\n\n\n\n<p>O resultado da an\u00e1lise de eventuais recursos apresentados ser\u00e1 divulgado por e-mail a partir das 17h do dia 30 de outubro de 2023.<\/p>\n\n\n\n<p>O\/a requerente cujo pedido de isen\u00e7\u00e3o do recolhimento do pre\u00e7o p\u00fablico de inscri\u00e7\u00e3o for deferido dever\u00e1 se inscrever no endere\u00e7o eletr\u00f4nico <a href=\"http:\/\/www.uel.br\/proppg\/portalnovo\/pages\/inscricoes-programascursos.php\">http:\/\/www.uel.br\/proppg\/portalnovo\/pages\/inscricoes-programascursos.php<\/a>, em Inscri\u00e7\u00f5es\/Programas\/Cursos, no per\u00edodo de 01 de novembro de 2023&nbsp; a 31 de janeiro de 2024.<\/p>\n\n\n\n<p>O\/a requerente cujo pedido de isen\u00e7\u00e3o do recolhimento do pre\u00e7o p\u00fablico de inscri\u00e7\u00e3o for indeferido dever\u00e1, para efetivar sua inscri\u00e7\u00e3o na Sele\u00e7\u00e3o P\u00fablica, acessar o endere\u00e7o eletr\u00f4nico <a href=\"http:\/\/www.uel.br\/proppg\/portalnovo\/pages\/inscricoes-programascursos.php\">http:\/\/www.uel.br\/proppg\/portalnovo\/pages\/inscricoes-programascursos.php<\/a>, em Inscri\u00e7\u00f5es\/Programas\/Cursos, no per\u00edodo de 01 de novembro de 2023&nbsp; a 31 de janeiro de 2024, preencher Formul\u00e1rio de Inscri\u00e7\u00e3o, imprimir o boleto banc\u00e1rio e recolher do valor do pre\u00e7o p\u00fablico de inscri\u00e7\u00e3o, conforme instru\u00e7\u00e3o no boleto e hor\u00e1rio compat\u00edvel com as Intui\u00e7\u00f5es Financeiras.<\/p>\n\n\n\n<p><strong>Isen\u00e7\u00e3o &#8211; Lei 19.293 \u2013 13 de dezembro de 2017 (Doador de sangue a \u00f3rg\u00e3o oficial de sa\u00fade ou \u00e0 entidade credenciada pela Uni\u00e3o, Estado ou Munic\u00edpio).<\/strong><\/p>\n\n\n\n<p>Haver\u00e1 isen\u00e7\u00e3o do valor total da taxa de inscri\u00e7\u00e3o para doadores de sangue realizado em \u00f3rg\u00e3o oficial ou \u00e0 entidade credenciada pela Uni\u00e3o, pelo Estado ou pelo Munic\u00edpio, conforme Lei 19.293 &#8211; 13 de dezembro de 2017.<\/p>\n\n\n\n<p>O\/a requerente dever\u00e1 preencher, digitalmente, o Requerimento de Isen\u00e7\u00e3o dispon\u00edvel em <a href=\"http:\/\/www.uel.br\/proppg\/portalnovo\/pages\/mais\/formularios.php\">http:\/\/www.uel.br\/proppg\/portalnovo\/pages\/mais\/formularios.php<\/a> informando o nome do Curso que pretende se inscrever, juntamente com documento comprovando que realizou duas doa\u00e7\u00f5es dentro do per\u00edodo de doze meses anterior \u00e0 data de publica\u00e7\u00e3o desde edital, emitida por \u00f3rg\u00e3o oficial ou entidade credenciada pela Uni\u00e3o, pelo Estado ou pelo Munic\u00edpio, encaminhar no per\u00edodo de 18 a 20 de outubro de 2023 para o e-mail ncp@uel.br, digitalizados em ARQUIVO \u00daNICO, no formato PDF com o assunto \u201cIsen\u00e7\u00e3o &#8211; nome do\/a requerente &#8211; Especializa\u00e7\u00e3o emComunica\u00e7\u00e3o Popular e Comunit\u00e1ria).<\/p>\n\n\n\n<p>O\/a requerente com pedido de isen\u00e7\u00e3o deferido ou indeferido ser\u00e1 comunicado via e-mail at\u00e9 dia 25 de outubro de 2023.<\/p>\n\n\n\n<p>O\/A requerente cujo pedido de isen\u00e7\u00e3o do recolhimento do valor do pre\u00e7o p\u00fablico de inscri\u00e7\u00e3o tenha sido indeferido, poder\u00e1 apresentar recurso contra o indeferimento das 8h \u00e0s 23h59min do dia 26 de outubro de 2023, enviando e-mail para ncp@uel.br. O requerimento dever\u00e1 apresentar justificativa circunstanciada para fundamentar a interposi\u00e7\u00e3o do recurso e informar o item, al\u00ednea e\/ou inciso do Edital em que se baseia a interposi\u00e7\u00e3o<\/p>\n\n\n\n<p>O resultado da an\u00e1lise de eventuais recursos apresentados ser\u00e1 divulgado por e-mail a partir das 17h do dia 30 de outubro de 2023.<\/p>\n\n\n\n<p>O requerente cujo pedido de isen\u00e7\u00e3o do recolhimento do pre\u00e7o p\u00fablico de inscri\u00e7\u00e3o for deferido dever\u00e1 se inscrever no endere\u00e7o eletr\u00f4nico <a href=\"http:\/\/www.uel.br\/proppg\/portalnovo\/pages\/inscricoes-programascursos.php\">http:\/\/www.uel.br\/proppg\/portalnovo\/pages\/inscricoes-programascursos.php<\/a>, em Inscri\u00e7\u00f5es\/Programas\/Cursos, no per\u00edodo de 01 de novembro de 2023&nbsp; a 31 de janeiro de 2024.<\/p>\n\n\n\n<p><strong>IMPORTANTE:<\/strong><\/p>\n\n\n\n<p>N\u00e3o esquecer de informar no requerimento o nome do Curso (Especializa\u00e7\u00e3o em Comunica\u00e7\u00e3o Popular e Comunit\u00e1ria) para o qual est\u00e1 requerendo a isen\u00e7\u00e3o.<\/p>\n\n\n\n<p>N\u00e3o esquecer de informar no assunto do e-mail: \u201cIsen\u00e7\u00e3o &#8211; nome do\/a requerente &#8211; Especializa\u00e7\u00e3o em Comunica\u00e7\u00e3o Popular e Comunit\u00e1ria\u201d;&nbsp; N\u00e3o ser\u00e3o analisados pedidos de isen\u00e7\u00e3o com informa\u00e7\u00e3o incompleta ou fora do prazo estabelecido neste Edital.<\/p>\n\n\n\n<div style=\"height:60px\" aria-hidden=\"true\" class=\"wp-block-spacer\"><\/div>\n\n\n\n<div class=\"wp-block-buttons is-layout-flex wp-block-buttons-is-layout-flex\">\n<div class=\"wp-block-button has-custom-width wp-block-button__width-100 has-custom-font-size has-medium-font-size\"><a class=\"wp-block-button__link has-text-color has-background wp-element-button\" style=\"border-radius:5px;color:#ffffff;background-color:#00753b\"><strong>Inscri\u00e7\u00e3o<\/strong><\/a><\/div>\n<\/div>\n\n\n\n<hr class=\"wp-block-separator has-text-color has-css-opacity has-background is-style-dots\" style=\"background-color:#ffffff;color:#ffffff\" \/>\n\n\n\n<p><strong>Os documentos dever\u00e3o ser encaminhados via e-mail para o endere\u00e7o ncp@uel.br, conforme cronograma &#8211; item 1.&nbsp; <\/strong>A documenta\u00e7\u00e3o deve estar completa, caso contr\u00e1rio, o\/a candidato\/a ser\u00e1 automaticamente exclu\u00eddo do processo seletivo.&nbsp;<\/p>\n\n\n\n<p>O e-mail dever\u00e1 ser identificado com o assunto <strong>\u201cInscri\u00e7\u00f5es Especializa\u00e7\u00e3o Comunica\u00e7\u00e3o Popular e Comunit\u00e1ria <em>&#8211; NOME DO\/A CANDIDATO\/A\u201d<\/em><\/strong>.<\/p>\n\n\n\n<p>N\u00e3o haver\u00e1 entrega f\u00edsica de documenta\u00e7\u00e3o, O envio ser\u00e1 exclusivamente via e-mail, para o endere\u00e7o indicado. Obrigatoriamente, a documenta\u00e7\u00e3o exigida dever\u00e1 ser dividida em arquivos digitalizados no formato PDF, n\u00e3o podendo ultrapassar 8MB em cada arquivo.<\/p>\n\n\n\n<p>Documenta\u00e7\u00f5es de inscri\u00e7\u00f5es recebidas no e-mail ap\u00f3s o hor\u00e1rio indicado ser\u00e3o indeferidas. Portanto, verifique a configura\u00e7\u00e3o de seu e-mail e fa\u00e7a o ajuste para o hor\u00e1rio de Bras\u00edlia.<\/p>\n\n\n\n<p>N\u00e3o nos responsabilizaremos por quaisquer problemas de ordem t\u00e9cnica que acarretem o envio fora do prazo estabelecido no presente Edital.<\/p>\n\n\n\n<p>N\u00e3o ser\u00e3o aceitos arquivos compartilhados em Google Drive ou compactados, apenas anexados ao e-mail e em formato PDF.<\/p>\n\n\n\n<div style=\"height:60px\" aria-hidden=\"true\" class=\"wp-block-spacer\"><\/div>\n\n\n\n<div class=\"wp-block-buttons is-layout-flex wp-block-buttons-is-layout-flex\">\n<div class=\"wp-block-button has-custom-width wp-block-button__width-100 has-custom-font-size has-medium-font-size\"><a class=\"wp-block-button__link has-text-color has-background wp-element-button\" style=\"border-radius:5px;color:#ffffff;background-color:#00753b\"><strong>Documentos para Inscri\u00e7\u00e3o<\/strong><\/a><\/div>\n<\/div>\n\n\n\n<hr class=\"wp-block-separator has-text-color has-css-opacity has-background is-style-dots\" style=\"background-color:#ffffff;color:#ffffff\" \/>\n\n\n\n<p>Os documentos ser\u00e3o encaminhados via e-mail para o endere\u00e7o: ncp@uel.br. A documenta\u00e7\u00e3o deve estar completa, caso contr\u00e1rio, o\/a candidato\/a ser\u00e1 automaticamente exclu\u00eddo do processo seletivo.<br>a) Ficha de inscri\u00e7\u00e3o preenchida, que est\u00e1 dispon\u00edvel em: <a href=\"http:\/\/www.uel.br\/proppg\/portalnovo\/pages\/inscricoes-programascursos\/inscricoes-por-nivel.php;\">http:\/\/www.uel.br\/proppg\/portalnovo\/pages\/inscricoes-programascursos\/inscricoes-por-nivel.php;<\/a><br>b) Comprovante de recolhimento do pre\u00e7o p\u00fablico de inscri\u00e7\u00e3o correspondente ao valor de R$ 81,00 (oitenta e um reais) \u2013 conforme instru\u00e7\u00f5es no boleto banc\u00e1rio e hor\u00e1rios das Institui\u00e7\u00f5es Financeiras;<br>c) Fotoc\u00f3pia da C\u00e9dula de Identidade &#8211; Obrigat\u00f3rio o RG para fins acad\u00eamicos;<br>d) Fotoc\u00f3pia do C.P.F.: quando na C\u00e9dula de Identidade n\u00e3o constar o n\u00ba do CPF, fica obrigat\u00f3ria a apresenta\u00e7\u00e3o de c\u00f3pia leg\u00edvel do mesmo ou Comprovante de Situa\u00e7\u00e3o Cadastral no CPF, retirado do site da Receita Federal: <a href=\"https:\/\/servicos.receita.fazenda.gov.br\/Servicos\/CPF\/ConsultaSituacao\/ConsultaPublica.asp\">https:\/\/servicos.receita.fazenda.gov.br\/Servicos\/CPF\/ConsultaSituacao\/ConsultaPublica.asp<\/a><br>e) Documento Militar (M), para os que possuem at\u00e9 45 anos de idade;<br>f) Certid\u00e3o de Nascimento ou Casamento (frente e verso, sem tarja nem dobras)<br>g) C\u00f3pia do hist\u00f3rico escolar da Gradua\u00e7\u00e3o;<br>h) \u00f3pia frente e verso do diploma do curso de Gradua\u00e7\u00e3o (autenticada para aqueles emitidos por outras Institui\u00e7\u00f5es de Ensino Superior). Caso o candidato ainda n\u00e3o possua o diploma, dever\u00e1 apresentar documento de cola\u00e7\u00e3o de grau. Caso Cainda esteja cursando a gradua\u00e7\u00e3o, dever\u00e1 apresentar atestado que demonstre estar matriculado no \u00faltimo ano\/semestre de gradua\u00e7\u00e3o e t\u00e9rmino previsto at\u00e9 o in\u00edcio do per\u00edodo letivo (04\/03\/2024);<br>i) Carta de inten\u00e7\u00f5es do candidato justificando a escolha do curso (documento necess\u00e1rio para o processo de sele\u00e7\u00e3o).<br>j) Arquivo do Curr\u00edculo Lattes com documenta\u00e7\u00e3o comprobat\u00f3ria.<\/p>\n\n\n\n<p>Candidatos estrangeiros dever\u00e3o apresentar: <\/p>\n\n\n\n<p>1. c\u00f3pia do passaporte; <br>2. c\u00f3pia autenticada do diploma de gradua\u00e7\u00e3o (idioma de origem); <br>3. c\u00f3pia autenticada da tradu\u00e7\u00e3o juramentada do diploma de gradua\u00e7\u00e3o; <br>4. c\u00f3pia autenticada da Certid\u00e3o de Nascimento ou Casamento (idioma de origem); <br>5. c\u00f3pia autenticada da tradu\u00e7\u00e3o juramentada da Certid\u00e3o de Nascimento ou Casamento; <br>6. c\u00f3pia do CPF; <br>7. visto de perman\u00eancia no pa\u00eds, atualizado.<\/p>\n\n\n\n<p><strong>Aten\u00e7\u00e3o: <\/strong>O\/a candidato\/a que apresentar documento que n\u00e3o o diploma deve ter ci\u00eancia de que, se aprovado no processo seletivo, dever\u00e1 apresentar, no ato da matr\u00edcula, documento comprobat\u00f3rio no qual a data (dia\/m\u00eas\/ano) de conclus\u00e3o do curso de Gradua\u00e7\u00e3o seja anterior ao in\u00edcio do per\u00edodo letivo (04\/03\/2024), sem o qual n\u00e3o poder\u00e1 efetuar a matr\u00edcula e perder\u00e1 o direito \u00e0 vaga, sem restitui\u00e7\u00e3o do valor do pre\u00e7o p\u00fablico referente \u00e0 inscri\u00e7\u00e3o. E ainda, realizar a entrega da c\u00f3pia autenticada do Diploma de Gradua\u00e7\u00e3o, t\u00e3o logo ingresse no Curso de Especializa\u00e7\u00e3o.<\/p>\n\n\n\n<div style=\"height:60px\" aria-hidden=\"true\" class=\"wp-block-spacer\"><\/div>\n\n\n\n<div class=\"wp-block-buttons is-layout-flex wp-block-buttons-is-layout-flex\">\n<div class=\"wp-block-button has-custom-width wp-block-button__width-100 has-custom-font-size has-medium-font-size\"><a class=\"wp-block-button__link has-text-color has-background wp-element-button\" style=\"border-radius:5px;color:#ffffff;background-color:#00753b\"><strong>Local de entrega dos documentos<\/strong><\/a><\/div>\n<\/div>\n\n\n\n<div style=\"height:60px\" aria-hidden=\"true\" class=\"wp-block-spacer\"><\/div>\n\n\n\n<p><mark style=\"background-color:#e9fd5a\" class=\"has-inline-color\">N\u00e3o haver\u00e1 entrega presencial de documenta\u00e7\u00e3o.\u00a0<\/mark><\/p>\n\n\n\n<p>O envio da documenta\u00e7\u00e3o \u00e9 exclusivamente <strong>via e-mail para o endere\u00e7o ncp@uel.br<\/strong><\/p>\n\n\n\n<p><strong>Aten\u00e7\u00e3o<\/strong>: O\/a candidato\/a que enviar documenta\u00e7\u00e3o incompleta ser\u00e1 automaticamente exclu\u00eddo do processo. Em caso de desist\u00eancia do processo seletivo ou em qualquer outra situa\u00e7\u00e3o, <strong>n\u00e3o ser\u00e1 devolvido o valor referente ao<\/strong> <strong>pre\u00e7o p\u00fablico de inscri\u00e7\u00e3o<\/strong>.<\/p>\n\n\n\n<div style=\"height:60px\" aria-hidden=\"true\" class=\"wp-block-spacer\"><\/div>\n\n\n\n<div class=\"wp-block-buttons is-layout-flex wp-block-buttons-is-layout-flex\">\n<div class=\"wp-block-button has-custom-width wp-block-button__width-100 has-custom-font-size has-medium-font-size\"><a class=\"wp-block-button__link has-text-color has-background wp-element-button\" style=\"border-radius:5px;color:#ffffff;background-color:#00753b\"><strong>Sele\u00e7\u00e3o<\/strong><\/a><\/div>\n<\/div>\n\n\n\n<div style=\"height:60px\" aria-hidden=\"true\" class=\"wp-block-spacer\"><\/div>\n\n\n\n<p>A sele\u00e7\u00e3o dos candidatos ser\u00e1 de responsabilidade da Comiss\u00e3o Coordenadora do Curso, ou de Comiss\u00e3o de Sele\u00e7\u00e3o por ela designada.<\/p>\n\n\n\n<div style=\"height:60px\" aria-hidden=\"true\" class=\"wp-block-spacer\"><\/div>\n\n\n\n<div class=\"wp-block-buttons is-layout-flex wp-block-buttons-is-layout-flex\">\n<div class=\"wp-block-button has-custom-width wp-block-button__width-100 has-custom-font-size has-medium-font-size\"><a class=\"wp-block-button__link has-text-color has-background wp-element-button\" style=\"border-radius:5px;color:#ffffff;background-color:#00753b\"><strong>Pocesso de Sele\u00e7\u00e3o<\/strong><\/a><\/div>\n<\/div>\n\n\n\n<div style=\"height:60px\" aria-hidden=\"true\" class=\"wp-block-spacer\"><\/div>\n\n\n\n<ul class=\"wp-block-list\">\n<li>Carta de inten\u00e7\u00f5es do candidato justificando a escolha do curso (01 a 02 laudas)<\/li>\n\n\n\n<li>Entrevista individual<\/li>\n\n\n\n<li>An\u00e1lise de curr\u00edculo lattes<\/li>\n\n\n\n<li>Hist\u00f3rico escolar da gradua\u00e7\u00e3o<\/li>\n<\/ul>\n\n\n\n<div style=\"height:60px\" aria-hidden=\"true\" class=\"wp-block-spacer\"><\/div>\n\n\n\n<div class=\"wp-block-buttons is-layout-flex wp-block-buttons-is-layout-flex\">\n<div class=\"wp-block-button has-custom-width wp-block-button__width-100 has-custom-font-size has-medium-font-size\"><a class=\"wp-block-button__link has-text-color has-background wp-element-button\" style=\"border-radius:5px;color:#ffffff;background-color:#00753b\"><strong>Recurso<\/strong><\/a><\/div>\n<\/div>\n\n\n\n<div style=\"height:60px\" aria-hidden=\"true\" class=\"wp-block-spacer\"><\/div>\n\n\n\n<p>O candidato que n\u00e3o concordar com o resultado do processo de sele\u00e7\u00e3o ter\u00e1 o prazo de 2 (dois) dias \u00fateis, a partir da data de sua divulga\u00e7\u00e3o, para a interposi\u00e7\u00e3o de recurso. A solicita\u00e7\u00e3o dever\u00e1 ser dirigida ao(a) Coordenador(a) do Curso de P\u00f3s-Gradua\u00e7\u00e3o, via e-mail <strong>ncp@uel.br<\/strong>.<\/p>\n\n\n\n<p>Os recursos interpostos fora de prazo n\u00e3o ser\u00e3o admitidos, nem analisados quanto ao m\u00e9rito. Os recursos dever\u00e3o estar devidamente fundamentados e as respostas aos recursos interpostos ser\u00e3o encaminhadas ao requerente via email, pela Coordena\u00e7\u00e3o do Curso <strong>de Especializa\u00e7\u00e3o em Comunica\u00e7\u00e3o Popular e Comunit\u00e1ria.<\/strong><\/p>\n\n\n\n<div style=\"height:60px\" aria-hidden=\"true\" class=\"wp-block-spacer\"><\/div>\n\n\n\n<div class=\"wp-block-buttons is-layout-flex wp-block-buttons-is-layout-flex\">\n<div class=\"wp-block-button has-custom-width wp-block-button__width-100 has-custom-font-size has-medium-font-size\"><a class=\"wp-block-button__link has-text-color has-background wp-element-button\" style=\"border-radius:5px;color:#ffffff;background-color:#00753b\"><strong>Resultado e convoca\u00e7\u00e3o para a matr\u00edcula<\/strong><\/a><\/div>\n<\/div>\n\n\n\n<div style=\"height:60px\" aria-hidden=\"true\" class=\"wp-block-spacer\"><\/div>\n\n\n\n<p>Os candidatos aprovados e classificados ser\u00e3o convocados para a efetiva\u00e7\u00e3o de matr\u00edcula por meio de <strong>Edital <\/strong>publicado pela Coordena\u00e7\u00e3o do Curso no site <strong>https:\/\/sites.uel.br\/ceca\/lato-sensu\/<\/strong> e pela Pr\u00f3-Reitoria de Pesquisa e P\u00f3s- Gradua\u00e7\u00e3o &nbsp;&nbsp; no &nbsp;&nbsp;&nbsp;&nbsp;&nbsp; site <a href=\"http:\/\/www.uel.br\/proppg\/portalnovo\/pages\/editais\/resultados.php\">http:\/\/www.uel.br\/proppg\/portalnovo\/pages\/editais\/resultados.php <\/a>, a partir das <strong>17h do dia 19 de fevereiro de 2024<\/strong>.<\/p>\n\n\n\n<div style=\"height:60px\" aria-hidden=\"true\" class=\"wp-block-spacer\"><\/div>\n\n\n\n<div class=\"wp-block-buttons is-layout-flex wp-block-buttons-is-layout-flex\">\n<div class=\"wp-block-button has-custom-width wp-block-button__width-100 has-custom-font-size has-medium-font-size\"><a class=\"wp-block-button__link has-text-color has-background wp-element-button\" style=\"border-radius:5px;color:#ffffff;background-color:#00753b\"><strong>Documentos para Matr\u00edcula<\/strong><\/a><\/div>\n<\/div>\n\n\n\n<hr class=\"wp-block-separator has-text-color has-css-opacity has-background is-style-dots\" style=\"background-color:#ffffff;color:#ffffff\" \/>\n\n\n\n<p>a) Fotoc\u00f3pia do C.P.F.; (ou do RG que comprove o n\u00famero, ou do Comprovante da Situa\u00e7\u00e3o Cadastral no CPF retirado do site da Receita Federal)<\/p>\n\n\n\n<p>Fotoc\u00f3pia da C\u00e9dula de Identidade (RG); (obrigat\u00f3rio c\u00f3pia do pr\u00f3prio RG)<\/p>\n\n\n\n<p>Fotoc\u00f3pia do Certificado de Reservista; (fotoc\u00f3pia Frente e Verso \u2013 obrigat\u00f3rio C\u00f3pia da Digital)<\/p>\n\n\n\n<p>Fotoc\u00f3pia da Certid\u00e3o de Nascimento ou Casamento;<\/p>\n\n\n\n<p>b) Fotoc\u00f3pia autenticada do Diploma do curso de Gradua\u00e7\u00e3o; (sendo da UEL, n\u00e3o h\u00e1 necessidade de autentica\u00e7\u00e3o)<\/p>\n\n\n\n<p>Considerando o Parecer n\u00ba 303\/2000 da C\u00e2mara de Ensino Superior do MEC, o candidato aprovado poder\u00e1 apresentar, no ato da matr\u00edcula:<\/p>\n\n\n\n<p>Fotoc\u00f3pia autenticada do certificado ou atestado de conclus\u00e3o do curso de gradua\u00e7\u00e3o, bem como o documento que comprove que o mesmo est\u00e1 reconhecido pelo \u00f3rg\u00e3o competente, o qual dever\u00e1 estar devidamente datado e assinado. Neste caso a matr\u00edcula se dar\u00e1 em car\u00e1ter prec\u00e1rio e provis\u00f3rio, at\u00e9 a apresenta\u00e7\u00e3o do respectivo diploma; (sendo da UEL, n\u00e3o h\u00e1 necessidade de autentica\u00e7\u00e3o)<\/p>\n\n\n\n<p>At\u00e9 o final do curso de p\u00f3s-gradua\u00e7\u00e3o o estudante dever\u00e1 apresentar fotoc\u00f3pia autenticada do diploma do curso de gradua\u00e7\u00e3o.<\/p>\n\n\n\n<p>c) Candidatos Estrangeiros dever\u00e3o apresentar c\u00f3pia do passaporte com visto de perman\u00eancia no pa\u00eds, c\u00f3pias autenticadas do diploma de gradua\u00e7\u00e3o e tradu\u00e7\u00e3o do mesmo, por \u00f3rg\u00e3o oficial.<\/p>\n\n\n\n<div style=\"height:60px\" aria-hidden=\"true\" class=\"wp-block-spacer\"><\/div>\n\n\n\n<p><strong>Procedimentos para Confirma\u00e7\u00e3o da Matr\u00edcula Via Web (Portal do Estudante):<\/strong><\/p>\n\n\n\n<p>Obs.: Na confirma\u00e7\u00e3o de matr\u00edcula o candidato recebe dois e-mails um com a senha e o n\u00famero de matr\u00edcula, e outro com a informa\u00e7\u00e3o da confirma\u00e7\u00e3o da matr\u00edcula. Para estas confirma\u00e7\u00f5es, quando o candidato recebe o primeiro e-mail, ele dever\u00e1 entrar novamente no portal do estudante com os dados recebidos, e ir em, confirmar matr\u00edcula at\u00e9 o final do processo salvando-o, s\u00f3 depois de feito isto \u00e9 que o candidato receber\u00e1 o segundo e-mail informando a confirma\u00e7\u00e3o de matr\u00edcula. Caso n\u00e3o receba o segundo e-mail, sua matr\u00edcula n\u00e3o estar\u00e1 confirmada, ent\u00e3o, favor ligar ainda dentro do per\u00edodo de matricula no hor\u00e1rio de expediente para (43) 3371-4665, que a Secretaria de P\u00f3s\/CECA dar\u00e1 apoio. Ap\u00f3s o per\u00edodo de matr\u00edcula o candidato n\u00e3o conseguir\u00e1 mais concluir a matr\u00edcula.<\/p>\n\n\n\n<div style=\"height:60px\" aria-hidden=\"true\" class=\"wp-block-spacer\"><\/div>\n\n\n\n<div class=\"wp-block-buttons is-layout-flex wp-block-buttons-is-layout-flex\">\n<div class=\"wp-block-button has-custom-width wp-block-button__width-100 has-custom-font-size has-medium-font-size\"><a class=\"wp-block-button__link has-text-color has-background wp-element-button\" style=\"border-radius:5px;color:#ffffff;background-color:#00753b\"><strong><strong>Local de Entrega da Documenta\u00e7\u00e3o<\/strong> para Matr\u00edcula<\/strong><\/a><\/div>\n<\/div>\n\n\n\n<div style=\"height:60px\" aria-hidden=\"true\" class=\"wp-block-spacer\"><\/div>\n\n\n\n<p>Se\u00e7\u00e3o de P\u00f3s-Gradua\u00e7\u00e3o, Centro de Educa\u00e7\u00e3o, Comunica\u00e7\u00e3o e Artes\/CECA &#8211; Campus Universit\u00e1rio, <strong>de 2\u00aa a 6\u00aa feira, no hor\u00e1rio das 14h30min \u00e0s 17h30min<\/strong>. <br>Mais informa\u00e7\u00f5es pelo telefone (43) 3371-4665.<\/p>\n\n\n\n<div style=\"height:20px\" aria-hidden=\"true\" class=\"wp-block-spacer\"><\/div>\n\n\n\n<p><strong>Endere\u00e7o para entrega de Documentos via SEDEX<\/strong><\/p>\n\n\n\n<p>UNIVERSIDADE ESTADUAL DE LONDRINA<br>Centro de Educa\u00e7\u00e3o, Comunica\u00e7\u00e3o e Artes<br>Secretaria de P\u00f3s-Gradua\u00e7\u00e3o<br><strong>A\/C (Informe o nome do curso)<br><\/strong>Rodovia Celso Garcia Cid &#8211; Pr 445, Km 380 \u2013 Campus Universit\u00e1rio<br>Caixa Postal 10.011<br>CEP 86057-970<br>Londrina\/PR<\/p>\n\n\n\n<div style=\"height:20px\" aria-hidden=\"true\" class=\"wp-block-spacer\"><\/div>\n\n\n\n<p><strong>Matr\u00edcula dos Candidatos Aprovados <\/strong>(Consulte o MANUAL)<\/p>\n\n\n\n<p>A matr\u00edcula ser\u00e1 realizada via internet, por meio do site da Institui\u00e7\u00e3o: Portal do Estudante de P\u00f3s-Gradua\u00e7\u00e3o. O candidato aprovado e classificado ter\u00e1 que se cadastrar previamente para ter acesso ao Portal do Estudante de P\u00f3s-Gradua\u00e7\u00e3o e realizar a matr\u00edcula. O cadastro dever\u00e1 ocorrer no mesmo per\u00edodo em que ser\u00e1 realizada a matr\u00edcula. As instru\u00e7\u00f5es sobre o procedimento de matr\u00edcula e o sistema para efetuar a matr\u00edcula eletr\u00f4nica estar\u00e3o dispon\u00edveis no site mencionado.<\/p>\n\n\n\n<div style=\"height:20px\" aria-hidden=\"true\" class=\"wp-block-spacer\"><\/div>\n\n\n\n<p><strong>Convoca\u00e7\u00e3o de Suplentes<\/strong><\/p>\n\n\n\n<div style=\"height:20px\" aria-hidden=\"true\" class=\"wp-block-spacer\"><\/div>\n\n\n\n<p>Havendo suplentes, a convoca\u00e7\u00e3o e matr\u00edcula destes ser\u00e3o realizadas via Internet, no site da Institui\u00e7\u00e3o: Portal do Estudante de P\u00f3s-Gradua\u00e7\u00e3o. O candidato suplente ter\u00e1 que se cadastrar primeiro para ter acesso ao Portal do Estudante de P\u00f3s-Gradua\u00e7\u00e3o e realizar a matr\u00edcula. As instru\u00e7\u00f5es sobre o procedimento de matr\u00edcula, bem como o Sistema para efetuar a matr\u00edcula eletr\u00f4nica estar\u00e3o dispon\u00edveis no site mencionado.<\/p>\n\n\n\n<div style=\"height:20px\" aria-hidden=\"true\" class=\"wp-block-spacer\"><\/div>\n\n\n\n<p><strong>Disposi\u00e7\u00f5es Finais<\/strong><\/p>\n\n\n\n<p>\u00c9 de exclusiva responsabilidade de o candidato inscrito acompanhar a publica\u00e7\u00e3o ou divulga\u00e7\u00e3o dos atos relativos ao Edital de Inscri\u00e7\u00e3o para os Cursos de P\u00f3s-Gradua\u00e7\u00e3o Lato sensu, divulgados na internet, no endere\u00e7o eletr\u00f4nico de cada Curso (Selecionar o Curso e observar as informa\u00e7\u00f5es), obrigando-se a atender aos prazos e condi\u00e7\u00f5es estipulados neste Edital e nos que forem publicados durante a execu\u00e7\u00e3o da sele\u00e7\u00e3o p\u00fablica.<\/p>\n\n\n\n<hr class=\"wp-block-separator has-text-color has-css-opacity has-background is-style-dots\" style=\"background-color:#ffffff;color:#ffffff\" \/>\n\n\n\n<div class=\"wp-block-buttons is-layout-flex wp-block-buttons-is-layout-flex\">\n<div class=\"wp-block-button has-custom-width wp-block-button__width-100\"><a class=\"wp-block-button__link has-text-color has-background wp-element-button\" style=\"border-radius:5px;color:#ffffff;background-color:#00753b\">DISCIPLINAS<\/a><\/div>\n<\/div>\n\n\n\n<hr class=\"wp-block-separator has-text-color has-css-opacity has-background is-style-dots\" style=\"background-color:#ffffff;color:#ffffff\" \/>\n\n\n\n<figure class=\"wp-block-table is-style-stripes\"><table><tbody><tr><td>COMUNICA\u00c7\u00c3O E CAPITAL SOCIAL<br>Conceito de capital social. Cultura pol\u00edtica, capital social e sociedade participativa. Redes de comunica\u00e7\u00e3o e desenvolvimento do capital social.<br><br>COMUNICA\u00c7\u00c3O E CIDADANIA<br>Conceito de cidadania. A cidadania no Brasil. Exclus\u00e3o social e constru\u00e7\u00e3o da cidadania. Formas de exerc\u00edcio da cidadania. Voluntariado. Milit\u00e2ncia. Democratiza\u00e7\u00e3o da comunica\u00e7\u00e3o.<br><br>COMUNICA\u00c7\u00c3O E POL\u00cdTICA<br>As rela\u00e7\u00f5es entre a comunica\u00e7\u00e3o e o campo da pol\u00edtica. Comunica\u00e7\u00e3o, \u00e9tica e pol\u00edtica. Comunica\u00e7\u00e3o, pol\u00edtica e sociabilidade. Comunica\u00e7\u00e3o, cen\u00e1rios e imagin\u00e1rios pol\u00edticos. Processos eleitorais. Discurso da pol\u00edtica.<br><br>COMUNICA\u00c7\u00c3O E SUBJETIVIDADE<br>Subjetividade e o sujeito das pr\u00e1ticas comunit\u00e1rias. Desenvolvimento humano: atividade, consci\u00eancia, representa\u00e7\u00e3o social e subjetividade. O processo de constru\u00e7\u00e3o do ser humano e a comunica\u00e7\u00e3o: hist\u00f3ria social e singular. Alteridade, exclus\u00e3o social e cidadania. Constru\u00e7\u00e3o de identidade pessoal e coletiva. O comunicador popular.<br><br>COMUNICA\u00c7\u00c3O POPULAR E MUNDO DO TRABALHO<br>Comunica\u00e7\u00e3o e mundo do trabalho. Conceito de trabalho. O trabalho na sociedade contempor\u00e2nea. Processo e organiza\u00e7\u00e3o do trabalho. Comunica\u00e7\u00e3o e nova ordem capitalista. Globaliza\u00e7\u00e3o, mundializa\u00e7\u00e3o do capital e neoliberalismo. Transforma\u00e7\u00f5es no mundo do trabalho. Reestrutura\u00e7\u00e3o produtiva.<br><br>COMUNICA\u00c7\u00c3O SINDICAL<br>Teoria e pr\u00e1tica da comunica\u00e7\u00e3o sindical no Brasil. Imprensa sindical e assessoria de comunica\u00e7\u00e3o sindical. Sindicalismo e comunica\u00e7\u00e3o inter-pessoal.<br><br>DID\u00c1TICA DO ENSINO SUPERIOR<br>Doc\u00eancia no Ensino Superior. O processo ensino e aprendizagem e suas m\u00faltiplas dimens\u00f5es. Planejamento de ensino: elementos constitutivos e suas rela\u00e7\u00f5es. Avalia\u00e7\u00e3o.<br><br>ECONOMIA POL\u00cdTICA DA INFORMA\u00c7\u00c3O, COMUNICA\u00c7\u00c3O E CULTURA<br>As matrizes materialistas da Economia Pol\u00edtica da Informa\u00e7\u00e3o, Comunica\u00e7\u00e3o e Cultural (EPICC) e suas principais escolas. Meios de comunica\u00e7\u00e3o como meios de produ\u00e7\u00e3o. A comunica\u00e7\u00e3o como forma do capitalismo e suas fun\u00e7\u00f5es. Comunica\u00e7\u00e3o e crise do capitalismo. Dos modelos de regula\u00e7\u00e3o \u00e0 socializa\u00e7\u00e3o dos meios de comunica\u00e7\u00e3o.<br><br>EDUCA\u00c7\u00c3O E POL\u00cdTICAS EDUCACIONAIS<br>A educa\u00e7\u00e3o como objeto do conhecimento cient\u00edfico. Pol\u00edticas educacionais. A educa\u00e7\u00e3o formal e n\u00e3o formal. A educa\u00e7\u00e3o e os processos de mobiliza\u00e7\u00e3o social. A realidade escolar. Planejamento de a\u00e7\u00f5es pedag\u00f3gicas.<br><br>ESTADO E LUTAS SOCIAIS NA AM\u00c9RICA LATINA<br>Teoria e Pol\u00edtica do Estado na Am\u00e9rica Latina. Lutas sociais e resist\u00eancia popular na Am\u00e9rica Latina. As classes sociais no Brasil.<br><br>GEST\u00c3O E PRODU\u00c7\u00c3O EM COMUNICA\u00c7\u00c3O POPULAR E COMUNIT\u00c1RIA<br>Pol\u00edtica de Comunica\u00e7\u00e3o. Produ\u00e7\u00e3o em comunica\u00e7\u00e3o popular e comunit\u00e1ria: texto coletivo e processo de edi\u00e7\u00e3o. Gest\u00e3o de pol\u00edticas em comunica\u00e7\u00e3o popular e comunit\u00e1ria: planejamento, execu\u00e7\u00e3o, avalia\u00e7\u00e3o.<br><br>HIST\u00d3RIA DAS INSTITUI\u00c7\u00d5ES E DOS MOVIMENTOS SOCIAIS<br>Origem e desenvolvimento das institui\u00e7\u00f5es. Hist\u00f3ria das ONGs e dos movimentos sociais. Sindicatos no Brasil. As organiza\u00e7\u00f5es sociais na atualidade.<br><br>HIST\u00d3RIA DA COMUNICA\u00c7\u00c3O<br>Conceito de comunica\u00e7\u00e3o. Comunica\u00e7\u00e3o das classes subalternas. Imprensa oper\u00e1ria e sindical. R\u00e1dio comunit\u00e1ria. V\u00eddeo popular. Teatro popular. Meios alternativos de comunica\u00e7\u00e3o no Brasil.<br><br>M\u00cdDIA, MANIPULA\u00c7\u00c3O E MOVIMENTOS SOCIAIS<br>Economia pol\u00edtica da comunica\u00e7\u00e3o. A propriedade dos meios de comunica\u00e7\u00e3o. Manipula\u00e7\u00e3o, poder e \u00e9tica na m\u00eddia. Cobertura jornal\u00edstica dos movimentos sociais. MST e m\u00eddia.<br><br>OFICINA DE COMUNICA\u00c7\u00c3O<br>Pr\u00e1tica e produ\u00e7\u00e3o em comunica\u00e7\u00e3o. As diferentes linguagens comunicativas: impresso, r\u00e1dio, televis\u00e3o, internet. As etapas do processo de produ\u00e7\u00e3o comunicativa. Crit\u00e9rios e pr\u00e1tica de edi\u00e7\u00e3o.<br><br>PESQUISA EM COMUNICA\u00c7\u00c3O<br>Teoria e m\u00e9todo de pesquisa em Comunica\u00e7\u00e3o. Comunica\u00e7\u00e3o e ci\u00eancia. Pesquisa participante e pesquisa-a\u00e7\u00e3o. Planejamento e elabora\u00e7\u00e3o de projeto de pesquisa.<br><br>PLANEJAMENTO E POL\u00cdTICAS SOCIAIS<br>Rela\u00e7\u00e3o Estado e sociedade civil na constitui\u00e7\u00e3o de pol\u00edticas sociais. Pol\u00edticas sociais: hist\u00f3ria e processos de gest\u00e3o. Lutas sociais e forma\u00e7\u00e3o de conselhos populares. Pol\u00edticas setoriais. Planejamento social: conceito, hist\u00f3ria e o papel do Estado. Planejamento: acompanhamento e avalia\u00e7\u00e3o.<br><br>PR\u00c1TICAS EDUCATIVAS E COMUNICA\u00c7\u00c3O<br>O campo Comunica\u00e7\u00e3o e Educa\u00e7\u00e3o. Comunica\u00e7\u00e3o e mudan\u00e7as sociais. Processo educativo, aprendizagem e comunica\u00e7\u00e3o das classes populares. Estudo de recep\u00e7\u00e3o.<br><br>PR\u00c1XIS DA COMUNICA\u00c7\u00c3O POPULULAR E COMUNIT\u00c1RIA<br>Conceito de comunica\u00e7\u00e3o. Filosofia da linguagem e as pr\u00e1ticas comunicacionais. Popular e comunit\u00e1rio em suas distin\u00e7\u00f5es conceituais. Teoria e pr\u00e1tica da comunica\u00e7\u00e3o popular e comunit\u00e1ria no Brasil. A comunica\u00e7\u00e3o nos movimentos sociais. Comunica\u00e7\u00e3o, ideologia e edi\u00e7\u00e3o do mundo. A participa\u00e7\u00e3o e seus n\u00edveis.<br><br>SEMIN\u00c1RIO TEM\u00c1TICO EM COMUNICA\u00c7\u00c3O POPULAR E COMUNIT\u00c1RIA<br>Temas diversos em comunica\u00e7\u00e3o popular e comunit\u00e1ria.<br><br>SEMIN\u00c1RIO DE PESQUISA<br>Estado da arte dos estudos em comunica\u00e7\u00e3o popular e comunit\u00e1ria. Defini\u00e7\u00e3o e discuss\u00e3o coletiva dos projetos de pesquisa.<br><br>SOCIEDADE, ESTADO&nbsp;E DEMOCRACIA NO BRASIL<br>O Estado brasileiro e a preval\u00eancia das rela\u00e7\u00f5es pol\u00edticas de car\u00e1ter privado. A rela\u00e7\u00e3o p\u00fablico\/privado e a democracia no Brasil. (Im)possibilidades&nbsp;de efetiva\u00e7\u00e3o de pr\u00e1ticas pol\u00edticas democr\u00e1ticas.<br><br>TEORIAS DA COMUNICA\u00c7\u00c3O<br>Contribui\u00e7\u00f5es te\u00f3ricas de diferentes escolas. Modelo comportamental e modelo funcionalista. Teoria cr\u00edtica e a Escola de Frankfurt. Novas teorias da comunica\u00e7\u00e3o.<br><br>T\u00d3PICOS ESPECIAIS EM COMUNICA\u00c7\u00c3O POPULAR E COMUNIT\u00c1RIA<br>Estudos avan\u00e7ados sobre quest\u00f5es contempor\u00e2neas, temas, autores, teorias e\/ou conceitos relevantes no \u00e2mbito da Comunica\u00e7\u00e3o Popular e Comunit\u00e1ria que visem a abordagem do capitalismo. Dos modelos de regula\u00e7\u00e3o \u00e0 socializa\u00e7\u00e3o dos meios de comunica\u00e7\u00e3o.de novas tend\u00eancias ou atualiza\u00e7\u00f5es te\u00f3rico metodol\u00f3gicas.<br><br>TRABALHO DE CONCLUS\u00c3O DE CURSO DE P\u00d3S-GRADUA\u00c7\u00c3O<br>Produ\u00e7\u00e3o de artigo cient\u00edfico.<\/td><\/tr><\/tbody><\/table><\/figure>\n\n\n\n<hr class=\"wp-block-separator has-text-color has-css-opacity has-background is-style-dots\" style=\"background-color:#ffffff;color:#ffffff\" \/>\n\n\n\n<div class=\"wp-block-buttons is-layout-flex wp-block-buttons-is-layout-flex\">\n<div class=\"wp-block-button has-custom-width wp-block-button__width-100\"><a class=\"wp-block-button__link has-text-color has-background wp-element-button\" style=\"border-radius:5px;color:#ffffff;background-color:#00753b\">Atendimento da Secretaria de P\u00f3s-Gradua\u00e7\u00e3o do CECA<\/a><\/div>\n<\/div>\n\n\n\n<hr class=\"wp-block-separator has-text-color has-css-opacity has-background is-style-dots\" style=\"background-color:#ffffff;color:#ffffff\" \/>\n\n\n\n<p class=\"has-text-align-center has-background\" style=\"background-color:#e2e2e2\"><strong>O atendimento da Secretaria de P\u00f3s\/CECA \u00e9 de<\/strong> <strong>2\u00aa a 6\u00aa feira, no hor\u00e1rio das 14h30min \u00e0s 17h30min<\/strong>. <br>Mais informa\u00e7\u00f5es pelo telefone (43) 3371-4665.<\/p>\n\n\n\n<hr class=\"wp-block-separator has-text-color has-css-opacity has-background\" style=\"background-color:#ffffff;color:#ffffff\" \/>\n\n\n\n<div class=\"wp-block-buttons is-layout-flex wp-block-buttons-is-layout-flex\">\n<div class=\"wp-block-button has-custom-width wp-block-button__width-100\"><a class=\"wp-block-button__link has-text-color has-background wp-element-button\" style=\"border-radius:5px;color:#ffffff;background-color:#00753b\">Formul\u00e1rios Dispon\u00edveis para Download<\/a><\/div>\n<\/div>\n\n\n\n<figure class=\"wp-block-table\"><table><tbody><tr><td><strong>Utilizados pelos DISCENTES<\/strong><\/td><td>&nbsp;<a href=\"http:\/\/www.uel.br\/ceca\/spg\/pages\/arquivos\/Indicacao%20Banca%20-%20Autorizacao%20Entrega%20de%20monografia%20-%20Esp..doc\">Indica\u00e7\u00e3o de Banca &#8211; Monografia\/Artigo<\/a><br><a href=\"http:\/\/www.uel.br\/ceca\/spg\/pages\/arquivos\/DECLARACAO%20DE%20AUTORIA%20-%20Cursos%20Areas%20Basicas.doc\">Declara\u00e7\u00e3o de Autoria \u2013 Monografia (TCCPG)<\/a><br><a href=\"http:\/\/www.uel.br\/ceca\/spg\/pages\/arquivos\/Boletim%20de%20Inclusao-Cancelamento%20de%20Disciplina.doc\">Boletim de Inclus\u00e3o\/Cancelamento de Disciplinas<\/a><br><a href=\"http:\/\/www1.londrina.pr.gov.br\/dados\/images\/stories\/Storage\/cmtu\/transportes\/formulario_solicitacao_creditos_escolares.pdf\">Formul\u00e1rio de Solicita\u00e7\u00e3o de Cr\u00e9ditos Escolares<\/a><br><a href=\"http:\/\/www.uel.br\/ceca\/spg\/pages\/arquivos\/Requerimento%20Geral%20-%20PROPPG.xls\">Requerimento Geral<\/a><\/td><\/tr><tr><td><strong>Utilizados pelos DOCENTES<\/strong><\/td><td><a href=\"http:\/\/www.uel.br\/ceca\/spg\/pages\/arquivos\/Cadastro%20de%20Professor%20-%20Convidado.doc\">Cadastro de Professor &#8211; Convidado<\/a><br><a href=\"http:\/\/www.uel.br\/ceca\/spg\/pages\/arquivos\/Indicacao%20Banca%20-%20Avaliacao%20Final%20de%20MONOGRAFIA-ARTIGO%20%20%20-%20%20%20(Toda%20a%20Turma).doc\">Indicador de Banca &#8211;&nbsp;<strong>Avalia\u00e7\u00e3o Final<\/strong><\/a><br><a href=\"http:\/\/www.uel.br\/ceca\/spg\/pages\/arquivos\/Indicador%20de%20Orientadores-Alunos.doc\">Indicador de Orientadores\/Alunos<\/a><br><a href=\"http:\/\/www.uel.br\/ceca\/spg\/pages\/arquivos\/Indicadores%20para%20Avaliacao%20de%20MONOGRAFIA.doc\">Indicadores para Avalia\u00e7\u00e3o de&nbsp;<strong>Monografias<\/strong><\/a><br><a href=\"http:\/\/www.uel.br\/ceca\/spg\/pages\/arquivos\/Indicadores%20para%20Avaliacao%20de%20TCCPG.doc\">Indicadores para Avalia\u00e7\u00e3o de TCCPG \/&nbsp;<strong>Artigos<\/strong><\/a><br><a href=\"http:\/\/www.uel.br\/ceca\/spg\/pages\/arquivos\/Oferta%20de%20Nova%20Turma.doc\">Oferta de Nova Turma<\/a><br><a href=\"http:\/\/www.uel.br\/ceca\/spg\/pages\/arquivos\/Quadro%20de%20Horario%201ordm%20e%202ordm%20semestre.doc\">Quadro de Hor\u00e1rio<\/a><br><a href=\"http:\/\/www.uel.br\/proppg\/portal\/pages\/arquivos\/download\/recibodetaxi.doc\">Recibo de T\u00e1xi<\/a><br><a href=\"http:\/\/www.uel.br\/proppg\/portal\/pages\/arquivos\/download\/RelatorioTecnicoComPassagensTerrestres.doc\">Relat\u00f3rio T\u00e9cnico de Viagens<\/a><br><a href=\"http:\/\/www.uel.br\/ceca\/spg\/pages\/arquivos\/Diarias-Passagens%20-%20Professores%20e%20Funcionarios%20UEL.doc\">Solicita\u00e7\u00e3o de Di\u00e1rias<\/a><\/td><\/tr><\/tbody><\/table><\/figure>\n\n\n\n<hr class=\"wp-block-separator has-text-color has-css-opacity has-background is-style-dots\" style=\"background-color:#ffffff;color:#ffffff\" \/>\n\n\n\n<div class=\"wp-block-buttons is-layout-flex wp-block-buttons-is-layout-flex\">\n<div class=\"wp-block-button has-custom-width wp-block-button__width-100\"><a class=\"wp-block-button__link has-text-color has-background wp-element-button\" style=\"border-radius:5px;color:#ffffff;background-color:#00753b\">Obriga\u00e7\u00f5es do aluno<\/a><\/div>\n<\/div>\n\n\n\n<hr class=\"wp-block-separator has-text-color has-css-opacity has-background is-style-dots\" style=\"background-color:#ffffff;color:#ffffff\" \/>\n\n\n\n<ul class=\"wp-block-list\">\n<li>Estar atento \u00e0s informa\u00e7\u00f5es do&nbsp;<a href=\"http:\/\/www.uel.br\/ceca\/spg\/pages\/arquivos\/Calendario%20das%20Atividades%20dos%20Cursos%20de%20Pos-Graduacao%20Lato%20Sensu.pdf\">Calend\u00e1rio das atividades do curso de P\u00f3s-Gradua\u00e7\u00e3o Lato Sensu<\/a>, do&nbsp;<a href=\"http:\/\/www.uel.br\/proppg\/portal\/pages\/arquivos\/pos-graduacao\/regulamentos\/RegulamLatoSensu2009.pdf\">Regulamento<\/a>&nbsp;e da&nbsp;Resolu\u00e7\u00e3o vigente do programa (Link dispon\u00edvel no inicio desta p\u00e1gina). Estas informa\u00e7\u00f5es ajudar\u00e3o o aluno a entender os procedimentos do curso e o cumprimento dos prazos, evitando assim, aborrecimentos no decorrer de suas atividades acad\u00eamicas.<\/li>\n<\/ul>\n\n\n\n<ul class=\"wp-block-list\">\n<li>O&nbsp;endere\u00e7o de E-mail do aluno dever\u00e1 estar sempre atualizado no Sistema UEL, pois este \u00e9 o caminho que a Secretaria de P\u00f3s\/CECA tem para se comunicar com o aluno, caso aconte\u00e7a mudan\u00e7a no endere\u00e7o eletr\u00f4nico, o aluno dever\u00e1 comunicar a Secretaria de P\u00f3s\/CECA e solicitar atualiza\u00e7\u00e3o.<\/li>\n<\/ul>\n\n\n\n<hr class=\"wp-block-separator has-text-color has-css-opacity has-background is-style-dots\" style=\"background-color:#ffffff;color:#ffffff\" \/>\n\n\n\n<div class=\"wp-block-buttons is-layout-flex wp-block-buttons-is-layout-flex\">\n<div class=\"wp-block-button has-custom-width wp-block-button__width-100\"><a class=\"wp-block-button__link has-text-color has-background wp-element-button\" style=\"border-radius:5px;color:#ffffff;background-color:#00753b\">Procedimentos para conclus\u00e3o do curso<\/a><\/div>\n<\/div>\n\n\n\n<p><strong>Primeiros passos para o Aluno providenciar a entrega da <strong>TCCPG <\/strong>:<\/strong><\/p>\n\n\n\n<ul class=\"wp-block-list\">\n<li><strong>Verificar no Calend\u00e1rio do&nbsp;<em>Lato Sensu<\/em>&nbsp;o per\u00edodo de entrega de <strong>TCCPG <\/strong>;<\/strong><\/li>\n<\/ul>\n\n\n\n<ul class=\"wp-block-list\">\n<li><strong>Antes da entrega da <strong>TCCPG <\/strong>, o aluno dever\u00e1 comparecer a Secretaria de P\u00f3s\/CECA e solicitar a \u201cAn\u00e1lise Curricular\u201d para saber se est\u00e1 APTO ou N\u00c3O para conclus\u00e3o do curso, caso n\u00e3o esteja APTO, o aluno dever\u00e1 regularizar sua situa\u00e7\u00e3o e s\u00f3 depois entregar a <strong>TCCPG <\/strong>, que deve aconte\u00e7a dentro do prazo do Calend\u00e1rio.<\/strong> Obs.:&nbsp;A Secretaria de P\u00f3s\/CECA n\u00e3o receber\u00e1 TCCPG<strong> <\/strong>em que a situa\u00e7\u00e3o do aluno na \u201cAn\u00e1lise Curricular\u201d n\u00e3o esteja Apto.<\/li>\n<\/ul>\n\n\n\n<ul class=\"wp-block-list\">\n<li><strong>24 CR\u00c9DITOS&nbsp;\u2013 obrigat\u00f3rios a serem cumpridos para conclus\u00e3o do curso.<\/strong><\/li>\n<\/ul>\n\n\n\n<hr class=\"wp-block-separator has-text-color has-css-opacity has-background is-style-dots\" style=\"background-color:#ffffff;color:#ffffff\" \/>\n\n\n\n<figure class=\"wp-block-table\"><table><thead><tr><th><\/th><th>Quantidade de <strong>Documentos a serem providenciados<\/strong><\/th><\/tr><\/thead><tbody><tr><td>TRABALHO DE CONCLUS\u00c3O DE CURSO DE P\u00d3S-<br>GRADUA\u00c7\u00c3O&nbsp;\u2013 para Homologa\u00e7\u00e3o, o estudante<br>dever\u00e1 entregar conforme&nbsp;Calend\u00e1rio das atividades<br>do curso de P\u00f3s-Gradua\u00e7\u00e3o&nbsp;Lato sensu, dispon\u00edvel<br>na p\u00e1gina da UEL, para isso observar primeiro a data<br>de t\u00e9rmino de seu Curso. Depois de entregue, a<br>comiss\u00e3o ter\u00e1 50 dias para apresentar as&nbsp;notas da<br>Avalia\u00e7\u00e3o&nbsp;ou&nbsp;solicitar Reformula\u00e7\u00e3o.<br>Ser\u00e1 aprovado no TCCPG o estudante que obtiver<br>a&nbsp;m\u00e9dia m\u00ednima 7,0&nbsp;(sete).<\/td><td>01 &#8211; <a href=\"http:\/\/www.uel.br\/ceca\/spg\/pages\/arquivos\/Indicacao%20Banca%20-%20Autorizacao%20Entrega%20de%20monografia%20-%20Esp..doc\">Formul\u00e1rio de Indica\u00e7\u00e3o de Banca<\/a>, preenchido por completo, de forma leg\u00edvel, sem abreviaturas e assinado pela Orienta\u00e7\u00e3o.<br><br>Envio do PDF para os membros da Banca<\/td><\/tr><tr><td><strong>REFORMULA\u00c7\u00c3O&nbsp;&#8211; quando solicitada pela comiss\u00e3o, ap\u00f3s lan\u00e7amento no sistema UEL, o aluno ser\u00e1 informado da data final para reformula\u00e7\u00e3o da <strong>TCCPG<\/strong><\/strong>,<strong> sendo este prazo de 60 dias para reformular e entregar na Secretaria de P\u00f3s\/CECA. A comiss\u00e3o, ap\u00f3s recebimento da TCCPG Reformulada, ter\u00e1 prazo de 30 dias para informar \u00e0 Secretaria de P\u00f3s\/CECA as notas da Avalia\u00e7\u00e3o Final.<\/strong><\/td><td>Envio do PDF para os membros da Banca<br><br>01 &#8211; Exemplar em Capa Dura<\/td><\/tr><\/tbody><\/table><\/figure>\n\n\n\n<hr class=\"wp-block-separator has-text-color has-css-opacity has-background is-style-dots\" style=\"background-color:#ffffff;color:#ffffff\" \/>\n\n\n\n<div class=\"wp-block-buttons is-layout-flex wp-block-buttons-is-layout-flex\">\n<div class=\"wp-block-button has-custom-width wp-block-button__width-100\"><a class=\"wp-block-button__link has-text-color has-background wp-element-button\" style=\"border-radius:5px;color:#ffffff;background-color:#00753b\">Procedimentos para conclus\u00e3o do Curso Fora de Prazo (PRORROGA\u00c7\u00c3O \/ REINGRESSO)<\/a><\/div>\n<\/div>\n\n\n\n<hr class=\"wp-block-separator has-text-color has-css-opacity has-background is-style-dots\" style=\"background-color:#ffffff;color:#ffffff\" \/>\n\n\n\n<figure class=\"wp-block-table\"><table class=\"has-background\" style=\"background-color:#e9fbe5\"><thead><tr><th><\/th><th><\/th><th><strong>Passos para Deferimento e Matr\u00edcula<\/strong><\/th><\/tr><\/thead><tbody><tr><td><strong>PRORROGA\u00c7\u00c3O<\/strong><br><em>Ser\u00e1 cobrada Taxa<\/em>.<\/td><td><strong>O estudante do Lato sensu tem direito em solicitar somente uma prorroga\u00e7\u00e3o, que vale no m\u00e1ximo por um per\u00edodo letivo.<\/strong><br><br><strong>A PRORROGA\u00c7\u00c3O \u00e9 solicitada&nbsp;pelo estudante via&nbsp;Portal do Estudante, dentro do per\u00edodo estipulado no Calend\u00e1rio vigente da PROPPG, (<u>verificar Calend\u00e1rio dispon\u00edvel na p\u00e1gina da PROPPG<\/u>),<\/strong><br><br><strong>A solicita\u00e7\u00e3o de Prorroga\u00e7\u00e3o dever\u00e1 ser feita somente quando N\u00c3O houver a possibilidade de conclus\u00e3o da TCCPG dentro do prazo final de seu curso.<\/strong><\/td><td>Ap\u00f3s a solicita\u00e7\u00e3o de PRORROGA\u00c7\u00c3O via&nbsp;Portal do Estudante, ser\u00e1 direcionado Via Web um comunicado ao Orientador do Estudante, onde este dar\u00e1 seu parecer Deferindo ou Indeferindo, ap\u00f3s, ser\u00e1 direcionado ao Coordenador do Curso que finalizar\u00e1 a solicita\u00e7\u00e3o, na sequencia ser\u00e1 disparado um e-mail ao estudante comunicando o resultado da solicita\u00e7\u00e3o, sendo favor\u00e1vel, ser\u00e1 comunicado ao estudante para confirmar sua&nbsp;matr\u00edcula Via Portal do Estudante, que ap\u00f3s confirma\u00e7\u00e3o dar\u00e1 sequ\u00eancia a impress\u00e3o dos boletos referente as mensalidades dos meses da Prorroga\u00e7\u00e3o.<br><br>Na Prorroga\u00e7\u00e3o, o estudante ap\u00f3s depositar seu TCCPG na Secretaria de P\u00f3s\/CECA, poder\u00e1 solicitar&nbsp;cancelamento do compromisso financeiro&nbsp;atrav\u00e9s do formul\u00e1rio&nbsp;<a href=\"http:\/\/www.uel.br\/proppg\/portal\/pages\/arquivos\/pos-graduacao\/formularios\/RequerimentoGeral2012.xls\">Requerimento Geral<\/a>.<\/td><\/tr><tr><td><strong>REINGRESSO<\/strong><br><em>Ser\u00e1 cobrada Taxa<\/em>.<\/td><td><strong>O aluno do Lato sensu s\u00f3 poder\u00e1 solicitar reingresso para conclus\u00e3o da TCCPG, enquanto n\u00e3o acontecer reestrutura\u00e7\u00e3o de seu Curso e ter turma em andamento.<\/strong><br><br><strong>Para o reingresso o aluno tem seis meses corridos para conclus\u00e3o da TCCPG.<\/strong><br><br><strong>O Reingresso \u00e9 solicitado atrav\u00e9s do formul\u00e1rio&nbsp;<a href=\"http:\/\/www.uel.br\/proppg\/portal\/pages\/arquivos\/pos-graduacao\/formularios\/RequerimentoGeral2012.xls\">Requerimento Geral<\/a>, que ap\u00f3s retirado o BOLETO no balc\u00e3o de atendimento da PROPPG, efetuado o pagamento, o solicitante preenche o Requerimento e protocola<\/strong>.<\/td><td>O Requerimento Geral, depois de protocolado e Deferido pela Coordena\u00e7\u00e3o do Curso, a PROPPG enviar\u00e1 um comunicado ao estudante estabelecendo um per\u00edodo para vir at\u00e9 o balc\u00e3o de atendimento da PROPPG, realizar sua Matr\u00edcula.<br><br>No Reingresso, o estudante dever\u00e1 pagar no m\u00ednimo 3 (tr\u00eas) parcelas e no m\u00e1ximo 6 parcelas para concluir o Curso. \u201cCaso\u201d, o estudante tenha terminado antes do vencimento do prazo, ap\u00f3s tr\u00eas parcelas pagar, poder\u00e1 solicitar o&nbsp;cancelamento do compromisso financeiro&nbsp;atrav\u00e9s do formul\u00e1rio&nbsp;<a href=\"http:\/\/www.uel.br\/proppg\/portal\/pages\/arquivos\/pos-graduacao\/formularios\/RequerimentoGeral2012.xls\">Requerimento Geral<\/a><\/td><\/tr><\/tbody><\/table><\/figure>\n\n\n\n<hr class=\"wp-block-separator has-text-color has-css-opacity has-background is-style-dots\" style=\"background-color:#ffffff;color:#ffffff\" \/>\n\n\n\n<div class=\"wp-block-buttons is-layout-flex wp-block-buttons-is-layout-flex\">\n<div class=\"wp-block-button has-custom-width wp-block-button__width-100\"><a class=\"wp-block-button__link has-text-color has-background wp-element-button\" style=\"border-radius:5px;color:#ffffff;background-color:#00753b\"><strong>Procedimentos para emiss\u00e3o de Documentos de Conclus\u00e3o de Curso e CERTIFICADO<\/strong><\/a><\/div>\n<\/div>\n\n\n\n<hr class=\"wp-block-separator has-text-color has-css-opacity has-background is-style-dots\" style=\"background-color:#ffffff;color:#ffffff\" \/>\n\n\n\n<ul class=\"wp-block-list\">\n<li>&nbsp;Ap\u00f3s o recebimento da Ata de Avalia\u00e7\u00e3o Final ou Defesa na PROPPG &#8211; Divis\u00e3o de Registro Acad\u00eamico, o estudante ser\u00e1 cadastrado como CONCLU\u00cdDO no Sistema Acad\u00eamico de P\u00f3s-Gradua\u00e7\u00e3o e ser\u00e3o realizados os procedimentos para emiss\u00e3o dos documentos de conclus\u00e3o de curso,&nbsp;sem a necessidade de que o estudante requeira.<\/li>\n<\/ul>\n\n\n\n<ul class=\"wp-block-list\">\n<li>Neste per\u00edodo em que o estudante foi cadastrado como CONCLU\u00cdDO no Sistema Acad\u00eamico de P\u00f3s-Gradua\u00e7\u00e3o, ele&nbsp;poder\u00e1 retirar via&nbsp;<strong>Portal do Estudante<\/strong>&nbsp;um&nbsp;<strong>Atestado de Conclus\u00e3o<\/strong>&nbsp;de Curso, para utilizar temporariamente at\u00e9 que seja expedido o&nbsp;documento oficial&nbsp;(aproximadamente 30 dias para expedi\u00e7\u00e3o).<\/li>\n<\/ul>\n\n\n\n<ul class=\"wp-block-list\">\n<li>Ap\u00f3s o registro do documento oficial de conclus\u00e3o de curso, n\u00e3o ser\u00e1 mais poss\u00edvel \u00e0 emiss\u00e3o do atestado, sendo que o estudante dever\u00e1 retirar no balc\u00e3o de atendimento da PROPPG o documento oficial (CERTIFICADO).<\/li>\n<\/ul>\n\n\n\n<ul class=\"wp-block-list\">\n<li>A PROPPG \u2013 Pr\u00f3-Reitoria de Pesquisa e P\u00f3s-Gradua\u00e7\u00e3o da UEL tem atendimento \u00e0 comunidade nos seguintes hor\u00e1rios: das 08h00 \u00e0s 11h30, das 14h00 \u00e0s 17h30, de segunda a sexta-feira.<\/li>\n<\/ul>\n\n\n\n<hr class=\"wp-block-separator has-text-color has-css-opacity has-background is-style-dots\" style=\"background-color:#ffffff;color:#ffffff\" \/>\n\n\n\n<p class=\"has-text-align-center has-text-color has-background\" style=\"color:#00753b;background-color:#c0efa3\"><strong>PROPPG \u2013 Pr\u00f3-Reitoria de Pesquisa e P\u00f3s-Gradua\u00e7\u00e3o<\/strong> <strong>e-mail:&nbsp;<a href=\"mailto:proppg@uel.br\">atendimentoproppg@uel.br<\/a>&nbsp;&#8211; Atendimento: 0XX 43 3371-4780<\/strong><\/p>\n","protected":false},"excerpt":{"rendered":"<p>N\u00edvel: Especializa\u00e7\u00e3o Ofertado para: 1\/2024 N\u00famero da Resolu\u00e7\u00e3o:&nbsp;021\/2023 Mensalidade:&nbsp;R$100,00&nbsp;&#8211;&nbsp;Res CA n\u00ba&nbsp;183\/2005 Carga Hor\u00e1ria:&nbsp;360 N\u00famero de Vagas:&nbsp;15\/30 N\u00famero de Parcelas:&nbsp;12 Aulas: Sextas-feiras e s\u00e1bados. Hor\u00e1rios: Das 19 \u00e0s 23 horas (sextas-feiras)Das 08 \u00e0s 12 \/ 14 \u00e0s 18 horas (s\u00e1bados) Sala: 682 A Comiss\u00e3o Coordenadora do Curso de P\u00f3s-Gradua\u00e7\u00e3o Lato sensu em Comunica\u00e7\u00e3o Popular e Comunit\u00e1ria [&hellip;]<\/p>\n","protected":false},"author":9,"featured_media":0,"parent":0,"menu_order":0,"comment_status":"closed","ping_status":"closed","template":"","meta":{"_acf_changed":false,"footnotes":""},"class_list":["post-5130","page","type-page","status-publish","hentry"],"acf":[],"_links":{"self":[{"href":"https:\/\/sites.uel.br\/ceca\/wp-json\/wp\/v2\/pages\/5130","targetHints":{"allow":["GET"]}}],"collection":[{"href":"https:\/\/sites.uel.br\/ceca\/wp-json\/wp\/v2\/pages"}],"about":[{"href":"https:\/\/sites.uel.br\/ceca\/wp-json\/wp\/v2\/types\/page"}],"author":[{"embeddable":true,"href":"https:\/\/sites.uel.br\/ceca\/wp-json\/wp\/v2\/users\/9"}],"replies":[{"embeddable":true,"href":"https:\/\/sites.uel.br\/ceca\/wp-json\/wp\/v2\/comments?post=5130"}],"version-history":[{"count":102,"href":"https:\/\/sites.uel.br\/ceca\/wp-json\/wp\/v2\/pages\/5130\/revisions"}],"predecessor-version":[{"id":5419,"href":"https:\/\/sites.uel.br\/ceca\/wp-json\/wp\/v2\/pages\/5130\/revisions\/5419"}],"wp:attachment":[{"href":"https:\/\/sites.uel.br\/ceca\/wp-json\/wp\/v2\/media?parent=5130"}],"curies":[{"name":"wp","href":"https:\/\/api.w.org\/{rel}","templated":true}]}}