{"id":5081,"date":"2023-10-26T17:13:14","date_gmt":"2023-10-26T20:13:14","guid":{"rendered":"https:\/\/sites.uel.br\/ceca\/?page_id=5081"},"modified":"2024-02-19T17:16:17","modified_gmt":"2024-02-19T20:16:17","slug":"216-educacao-de-jovens-e-adultos","status":"publish","type":"page","link":"https:\/\/sites.uel.br\/ceca\/216-educacao-de-jovens-e-adultos\/","title":{"rendered":"216 \u2013 Educa\u00e7\u00e3o de Jovens e Adultos"},"content":{"rendered":"\n<hr class=\"wp-block-separator has-text-color has-css-opacity has-background is-style-dots\" style=\"background-color:#ffffff;color:#ffffff\" \/>\n\n\n\n<p>Nivel: <strong><span style=\"color:#00753b\" class=\"has-inline-color\">Especializa\u00e7\u00e3o<\/span><\/strong><\/p>\n\n\n\n<hr class=\"wp-block-separator has-text-color has-css-opacity has-background is-style-dots\" style=\"background-color:#ffffff;color:#ffffff\" \/>\n\n\n\n<div class=\"wp-block-columns is-layout-flex wp-container-core-columns-is-layout-9d6595d7 wp-block-columns-is-layout-flex\">\n<div class=\"wp-block-column is-layout-flow wp-block-column-is-layout-flow\">\n<p class=\"has-black-color has-text-color\">Resolu\u00e7\u00e3o: <strong><span style=\"color:#00753b\" class=\"has-inline-color\"><a href=\"http:\/\/www.uel.br\/ceca\/spg\/pages\/arquivos\/216%20-%20Esp.%20Educ.%20Jovens%20e%20Adultos%20-%20Deliberacao%2006%202016.pdf\">06\/2016<\/a><\/span><\/strong><\/p>\n<\/div>\n\n\n\n<div class=\"wp-block-column is-layout-flow wp-block-column-is-layout-flow\">\n<p class=\"has-text-color\" style=\"color:#00753b\"><a><span class=\"has-inline-color has-black-color\">N\u00famero de Vagas:<\/span><\/a> <strong><a href=\"http:\/\/www.uel.br\/ceca\/spg\/pages\/arquivos\/216%20-%20Esp.%20Educ.%20Jovens%20e%20Adultos%20-%20Resolucao%20CA%2095%202005%20-%20VAGAS.pdf\">25\/30<\/a><\/strong><\/p>\n<\/div>\n<\/div>\n\n\n\n<div class=\"wp-block-columns is-layout-flex wp-container-core-columns-is-layout-9d6595d7 wp-block-columns-is-layout-flex\">\n<div class=\"wp-block-column is-layout-flow wp-block-column-is-layout-flow\">\n<p class=\"has-text-color\" style=\"color:#00753b\"><span class=\"has-inline-color has-black-color\">Mensalidade:<\/span> <strong>R$30,00 \u2013 <a href=\"http:\/\/www.uel.br\/ceca\/spg\/pages\/arquivos\/216%20-%20Esp.%20Educ.%20Jovens%20e%20Adultos%20-%20Resolucao%20CA%2055%202016%20-%20MENSALIDADE.pdf\">Res. CA n\u00b0 55\/2016<\/a><\/strong><\/p>\n<\/div>\n\n\n\n<div class=\"wp-block-column is-layout-flow wp-block-column-is-layout-flow\">\n<p>Parcelas: <strong><span style=\"color:#00753b\" class=\"has-inline-color\">18<\/span><\/strong><\/p>\n<\/div>\n<\/div>\n\n\n\n<div style=\"height:60px\" aria-hidden=\"true\" class=\"wp-block-spacer\"><\/div>\n\n\n\n<div class=\"wp-block-buttons is-layout-flex wp-block-buttons-is-layout-flex\">\n<div class=\"wp-block-button has-custom-width wp-block-button__width-50\"><a class=\"wp-block-button__link has-white-color has-text-color has-background wp-element-button\" href=\"https:\/\/sites.uel.br\/ceca\/wp-content\/uploads\/2023\/10\/Edital-de-oferta-Educacao-de-Jovens-e-Adultos-2024-1.pdf\" style=\"border-radius:5px;background-color:#00753b\">Edital de Oferta<\/a><\/div>\n\n\n\n<div class=\"wp-block-button has-custom-width wp-block-button__width-50\"><a class=\"wp-block-button__link has-white-color has-text-color has-background wp-element-button\" href=\"https:\/\/sites.uel.br\/ceca\/wp-content\/uploads\/2024\/02\/Edital-de-Resultado-Curso-Direcao-de-Arte-440.pdf\" style=\"border-radius:5px;background-color:#00753b\">Edital de Resultado<\/a><\/div>\n<\/div>\n\n\n\n<div style=\"height:60px\" aria-hidden=\"true\" class=\"wp-block-spacer\"><\/div>\n\n\n\n<figure class=\"wp-block-table is-style-regular\"><table class=\"has-background\" style=\"background-color:#f3f4f5\"><tbody><tr><td><strong><strong>Frequ\u00eancia de Aulas:<\/strong><\/strong><\/td><td>Tempo Universidade (TU)<br>Sextas-feiras (noite) e s\u00e1bados (manh\u00e3).<\/td><\/tr><tr><td><strong>Hor\u00e1rio (TU):<\/strong><\/td><td>Das 19 \u00e0s 23 horas (sextas-feiras) Das 08 \u00e0s 12 horas (s\u00e1bados)<\/td><\/tr><tr><td><strong>Local das aulas:<\/strong><\/td><td>684<\/td><\/tr><tr><td><strong>Aulas:<\/strong><\/td><td>Tempo Escola (TE)<br>Segunda a quinta \u2013 (Per\u00edodo \u00e0 definir com o orientador)<\/td><\/tr><tr><td><strong>Hor\u00e1rio (TE):<\/strong><\/td><td>\u00c0 definir<\/td><\/tr><tr><td><strong>E-mail:<\/strong><\/td><td>spgceca@uel.br<\/td><\/tr><tr><td><strong>Telefone<\/strong><\/td><td>(43) 3371-4665<\/td><\/tr><\/tbody><\/table><\/figure>\n\n\n\n<div style=\"height:60px\" aria-hidden=\"true\" class=\"wp-block-spacer\"><\/div>\n\n\n\n<div class=\"wp-block-buttons is-layout-flex wp-block-buttons-is-layout-flex\">\n<div class=\"wp-block-button has-custom-width wp-block-button__width-100\"><a class=\"wp-block-button__link has-white-color has-text-color has-background wp-element-button\" style=\"border-radius:5px;background-color:#00753b\">Cronograma<\/a><\/div>\n<\/div>\n\n\n\n<div style=\"height:60px\" aria-hidden=\"true\" class=\"wp-block-spacer\"><\/div>\n\n\n\n<figure class=\"wp-block-table is-style-regular\" style=\"font-size:16px\"><table><tbody><tr><td><strong>PROCEDIMENTOS<\/strong><\/td><td><strong>DATAS<\/strong><\/td><\/tr><tr><td>Per\u00edodo para Requerimento de Isen\u00e7\u00e3o do pre\u00e7o p\u00fablico de inscri\u00e7\u00e3o: Justi\u00e7a Eleitoral e Doa\u00e7\u00e3o de Sangue<\/td><td>18 a 20 de outubro de 2023<\/td><\/tr><tr><td>Resultado dos pedidos de Isen\u00e7\u00e3o: Justi\u00e7a Eleitoral e Doa\u00e7\u00e3o de Sangue<\/td><td>25 de outubro de 2023<\/td><\/tr><tr><td>Per\u00edodo de Recurso ao Resultado da Isen\u00e7\u00e3o: Justi\u00e7a Eleitoral Doa\u00e7\u00e3o de Sangue<\/td><td>26 de outubro de 2023<\/td><\/tr><tr><td>Resultado do pedido Recurso: Isen\u00e7\u00e3o &#8211; Justi\u00e7a Eleitoral e Doa\u00e7\u00e3o de Sangue<\/td><td>30 de outubro de 2023<\/td><\/tr><tr><td><strong>Per\u00edodo de <a href=\"https:\/\/www.sistemasweb.uel.br\/index.php?contents=system\/inscpos\/index.php&amp;pagina=view\/ListarDadosCurso.php&amp;cd_curso=216&amp;nr_resolucao=06\/2016\">inscri\u00e7\u00e3o<\/a><\/strong><\/td><td>01 de novembro de 2023 a 31 de janeiro de 2024 <a href=\"https:\/\/www.sistemasweb.uel.br\/index.php?contents=system\/inscpos\/index.php&amp;pagina=view\/ListarDadosCurso.php&amp;cd_curso=216&amp;nr_resolucao=06\/2016\">VIA WEB \u2013 AT\u00c9 23H59<\/a><\/td><\/tr><tr><td>Per\u00edodo de envio de documentos, para homologa\u00e7\u00e3o da inscri\u00e7\u00e3o<\/td><td>01 de novembro de 2023 a 31 de<br>janeiro de 2024 VIA E-MAIL, spg.latosensu@uel.br<\/td><\/tr><tr><td><strong>Per\u00edodo de sele\u00e7\u00e3o<\/strong><\/td><td>05 a 09 de fevereiro de 2024<\/td><\/tr><tr><td>Divulga\u00e7\u00e3o do Edital de Resultado e Convoca\u00e7\u00e3o para Matr\u00edcula<\/td><td>19 de fevereiro de 2024 <a href=\"https:\/\/www.sistemasweb.uel.br\/index.php?contents=system\/inscpos\/index.php&amp;pagina=view\/ListarCursos.php&amp;nv_curso=1&amp;sq_nivel=1\">VIA WEB<\/a>&nbsp;AP\u00d3S 16H00<\/td><\/tr><tr><td>Per\u00edodo de Matr\u00edcula<\/td><td>21 a 23 de fevereiro de 2023 <a href=\"https:\/\/www.sistemasweb.uel.br\/index.php?contents=system\/inscpos\/index.php&amp;pagina=view\/ListarCursos.php&amp;nv_curso=1&amp;sq_nivel=1\">VIA WEB<\/a><\/td><\/tr><tr><td>Per\u00edodo de envio de documentos &#8211; via correio &#8211; <strong>para Confirma\u00e7\u00e3o da matr\u00edcula<\/strong><\/td><td>21 a 23 de fevereiro de 2023 VIA E-MAIL, spg.latosensu@uel.br<\/td><\/tr><\/tbody><\/table><\/figure>\n\n\n\n<div style=\"height:40px\" aria-hidden=\"true\" class=\"wp-block-spacer\"><\/div>\n\n\n\n<p><strong>Aten\u00e7\u00e3o:<\/strong> O\/a candidato\/a dever\u00e1 acompanhar os atos relativos ao processo de sele\u00e7\u00e3o dispon\u00edveis na p\u00e1gina do Curso (https:\/\/sites.uel.br\/ceca\/lato-sensu\/), obrigando-se a atender aos prazos e \u00e0s condi\u00e7\u00f5es estabelecidas no presente edital e \u00e0queles que vierem a ser divulgados durante a execu\u00e7\u00e3o da sele\u00e7\u00e3o.<\/p>\n\n\n\n<div style=\"height:60px\" aria-hidden=\"true\" class=\"wp-block-spacer\"><\/div>\n\n\n\n<div class=\"wp-block-buttons is-layout-flex wp-block-buttons-is-layout-flex\">\n<div class=\"wp-block-button has-custom-width wp-block-button__width-100\"><a class=\"wp-block-button__link has-white-color has-text-color has-background wp-element-button\" style=\"border-radius:5px;background-color:#00753b\">Disciplinas<\/a><\/div>\n<\/div>\n\n\n\n<div style=\"height:60px\" aria-hidden=\"true\" class=\"wp-block-spacer\"><\/div>\n\n\n\n<p style=\"font-style:normal;font-weight:400\"><strong>2EDU587 &#8211; A CONCEP\u00c7\u00c3O PROBLEMATIZADORA EM EDUCA\u00c7\u00c3O<\/strong><br>Estudo do pensamento de Paulo Freire e suas interfaces com as pr\u00e1ticas de Educa\u00e7\u00e3o Popular e de Educa\u00e7\u00e3o de Jovens e Adultos. <br><strong>Cr\u00e9dito: 3<\/strong><\/p>\n\n\n\n<div style=\"height:20px\" aria-hidden=\"true\" class=\"wp-block-spacer\"><\/div>\n\n\n\n<p><strong>2EDU592 &#8211; ABORDAGEN HIST\u00d3RICO CULTURAL DO PROCESSO ENSINO-APRENDIZAGEM<\/strong> &#8211; An\u00e1lise da abordagem vigostkiana para os processos de ensino-aprendizagem. A abordagem hist\u00f3rico cultural de Vygotski para a educa\u00e7\u00e3o de pessoas adultas.<br><strong>Cr\u00e9dito: 3<\/strong><\/p>\n\n\n\n<div style=\"height:20px\" aria-hidden=\"true\" class=\"wp-block-spacer\"><\/div>\n\n\n\n<p><strong>2EDU589 &#8211; AS TRANSFORMA\u00c7\u00d5ES DO MUNDO DO TRABALHO E A EDUCA\u00c7\u00c3O DE JOVENS E ADULTOS<\/strong><br>Estudo das categorias essenciais do trabalho como elemento fundante do ser social. A Educa\u00e7\u00e3o entendida como forma\u00e7\u00e3o humana, e sua fun\u00e7\u00e3o central na reprodu\u00e7\u00e3o da vida social. As rela\u00e7\u00f5es entre trabalho e Educa\u00e7\u00e3o de Jovens e Adultos.<br><strong>Cr\u00e9dito: 3<\/strong><\/p>\n\n\n\n<div style=\"height:20px\" aria-hidden=\"true\" class=\"wp-block-spacer\"><\/div>\n\n\n\n<p><strong>2EDU593 &#8211; CURR\u00cdCULO E ORGANIZA\u00c7\u00c3O DO TRABALHO PEDAG\u00d3GICO<\/strong><br>Compreens\u00e3o do trabalho socialmente necess\u00e1rio em Marx, e na obra de Pistrak. Estudo das diretrizes nacionais e estaduais para a Educa\u00e7\u00e3o de Jovens e Adultos. An\u00e1lise dos Curr\u00edculos de Educa\u00e7\u00e3o de Jovens e Adultos nas experi\u00eancias de organiza\u00e7\u00e3o do tempo por meio dos ciclos, do curr\u00edculo integrado, escola \u00fanica do trabalho.<br><strong>Cr\u00e9dito: 3<\/strong><\/p>\n\n\n\n<div style=\"height:20px\" aria-hidden=\"true\" class=\"wp-block-spacer\"><\/div>\n\n\n\n<p><strong>2EDU590 &#8211; DIVERSIDADE NA EDUCA\u00c7\u00c3O DE JOVENS E ADULTOS: ASPECTOS POL\u00cdTICOS<\/strong> Estudo das pol\u00edticas p\u00fablicas para a diversidade na sociedade contempor\u00e2nea.<br><strong>Cr\u00e9dito: 3<\/strong><\/p>\n\n\n\n<div style=\"height:20px\" aria-hidden=\"true\" class=\"wp-block-spacer\"><\/div>\n\n\n\n<p><strong>2EDU583 &#8211; EDUCA\u00c7\u00c3O DE JOVENS E ADULTOS: SISTEMATIZA\u00c7\u00c3O E PESQUISA<\/strong> &#8211; Estudo dos conceitos de pr\u00e1xis educativa e regime de altern\u00e2ncia. Defini\u00e7\u00e3o do processo de sistematiza\u00e7\u00e3o das pr\u00e1ticas educativas em Educa\u00e7\u00e3o de Jovens e Adultos nos espa\u00e7os da educa\u00e7\u00e3o p\u00fablica e dos movimentos sociais e populares. Apresenta\u00e7\u00e3o das formas de registro e de acompanhamento das pr\u00e1ticas educativas. Diferen\u00e7a conceitual e metodol\u00f3gica entre sistematiza\u00e7\u00e3o e pesquisa.<br><strong>Cr\u00e9dito: 3<\/strong><\/p>\n\n\n\n<div style=\"height:20px\" aria-hidden=\"true\" class=\"wp-block-spacer\"><\/div>\n\n\n\n<p><strong>2EDU586 &#8211; EDUCA\u00c7\u00c3O POPULAR E MOVIMENTOS SOCIAIS E POPULARES<\/strong> &#8211; Estudo das pr\u00e1ticas contra-hegem\u00f4nicas e de resist\u00eancia ao capital materializadas nas contribui\u00e7\u00f5es hist\u00f3ricas dos movimentos sociais e populares, com destaque para o campo da hist\u00f3ria na Educa\u00e7\u00e3o de Jovens e Adultos nas d\u00e9cadas de 1950 \u00e0 1980. Estudo e an\u00e1lise das experi\u00eancias de educa\u00e7\u00e3o popular como concep\u00e7\u00e3o e m\u00e9todo de educa\u00e7\u00e3o pol\u00edtica para a classe subalterna. An\u00e1lise das perman\u00eancias e mudan\u00e7as das pr\u00e1ticas de educa\u00e7\u00e3o popular como resist\u00eancia ao projeto societ\u00e1rio contra-hegem\u00f4nico no s\u00e9culo XXI.<br><strong>Cr\u00e9dito: 3<\/strong><\/p>\n\n\n\n<div style=\"height:20px\" aria-hidden=\"true\" class=\"wp-block-spacer\"><\/div>\n\n\n\n<p><strong>2EDU584 &#8211; ESTUDOS INTEGRADORES<\/strong><br>Estudo de temas integradores do campo da Educa\u00e7\u00e3o de Jovens e Adultos como direito humano fundamental.<br><strong>Cr\u00e9dito: 3<\/strong><\/p>\n\n\n\n<div style=\"height:20px\" aria-hidden=\"true\" class=\"wp-block-spacer\"><\/div>\n\n\n\n<p><strong>2EDU591 &#8211; METODOLOGIA DIAL\u00c9TICA DA EDUCA\u00c7\u00c3O<\/strong><br> Estudo e an\u00e1lise do m\u00e9todo e da metodologia em educa\u00e7\u00e3o na perspectiva dial\u00e9tica.<br><strong>Cr\u00e9dito: 3<\/strong><\/p>\n\n\n\n<div style=\"height:20px\" aria-hidden=\"true\" class=\"wp-block-spacer\"><\/div>\n\n\n\n<p><strong>2EDU285 &#8211; MONOGRAFIA<\/strong><\/p>\n\n\n\n<p><strong>2EDU585 &#8211; SEMIN\u00c1RIOS DE SISTEMATIZA\u00c7\u00c3O DAS PR\u00c1TICAS EDUCATIVAS<\/strong><br>Apresenta\u00e7\u00e3o das experi\u00eancias observadas, registradas e sistematizadas no tempo escola por meio da altern\u00e2ncia.<br><strong>Cr\u00e9dito: 5<\/strong><\/p>\n\n\n\n<p><strong>2EDU588 &#8211; SOCIEDADE E EDUCA\u00c7\u00c3O P\u00daBLICA<\/strong><br>Estudo e an\u00e1lise dos fundamentos econ\u00f4micos da organiza\u00e7\u00e3o da sociedade capitalista no processo de reordenamento das rela\u00e7\u00f5es entre capital e trabalho. An\u00e1lise do projetos neoliberal voltado para a Educa\u00e7\u00e3o P\u00fablica na sociedade brasileira, desdobramentos para a implementa\u00e7\u00e3o de pol\u00edticas para a Educa\u00e7\u00e3o de pessoas jovens, adultas e idosas.<br><strong>Cr\u00e9dito: 3<\/strong><\/p>\n\n\n\n<div style=\"height:60px\" aria-hidden=\"true\" class=\"wp-block-spacer\"><\/div>\n\n\n\n<p><strong>Estudante Especial<\/strong><\/p>\n\n\n\n<p>A institui\u00e7\u00e3o oferta disciplinas a serem cursadas como estudante especial nos meses de fevereiro e julho, conforme calend\u00e1rio acad\u00eamico vigente.<\/p>\n\n\n\n<p><strong>H\u00e1 taxa de inscri\u00e7\u00e3o.<\/strong><\/p>\n\n\n\n<p>A documenta\u00e7\u00e3o m\u00ednima exigida \u00e9 curriculum vitae documentado, incluindo c\u00f3pia do RG, CPF, Certificado de Reservista, Certid\u00e3o de Nascimento ou Casamento, Hist\u00f3rico Escolar de Gradua\u00e7\u00e3o e c\u00f3pia autenticada do Diploma de Curso de Gradua\u00e7\u00e3o e\/ou outros documentos exigidos pela Comiss\u00e3o Coordenadora do Curso, conforme edital de inscri\u00e7\u00e3o.<\/p>\n\n\n\n<div style=\"height:60px\" aria-hidden=\"true\" class=\"wp-block-spacer\"><\/div>\n\n\n\n<div class=\"wp-block-buttons is-layout-flex wp-block-buttons-is-layout-flex\">\n<div class=\"wp-block-button has-custom-width wp-block-button__width-100\"><a class=\"wp-block-button__link has-white-color has-text-color has-background wp-element-button\" style=\"border-radius:5px;background-color:#00753b\">Estrutura Curricular<\/a><\/div>\n<\/div>\n\n\n\n<div style=\"height:60px\" aria-hidden=\"true\" class=\"wp-block-spacer\"><\/div>\n\n\n\n<figure class=\"wp-block-table is-style-regular\"><table class=\"has-background\" style=\"background-color:#e9fbe5\"><tbody><tr><td><br><span style=\"color:#00753b\" class=\"has-inline-color\">Eixo I \u2013 Sistematiza\u00e7\u00e3o das pr\u00e1ticas educativas em Educa\u00e7\u00e3o de Jovens e Adultos.<br><br>Eixo II \u2013 Fundamentos hist\u00f3ricos, filos\u00f3ficos, sociol\u00f3gicos e educacionais.<br><br>Eixo III \u2013 Fundamentos te\u00f3rico-metodol\u00f3gicos das pr\u00e1ticas educativas.<\/span><br><\/td><\/tr><\/tbody><\/table><\/figure>\n\n\n\n<div style=\"height:60px\" aria-hidden=\"true\" class=\"wp-block-spacer\"><\/div>\n\n\n\n<div class=\"wp-block-buttons is-layout-flex wp-block-buttons-is-layout-flex\">\n<div class=\"wp-block-button has-custom-width wp-block-button__width-100\"><a class=\"wp-block-button__link has-white-color has-text-color has-background wp-element-button\" style=\"border-radius:5px;background-color:#00753b\">Inicio do Curso<\/a><\/div>\n<\/div>\n\n\n\n<div style=\"height:60px\" aria-hidden=\"true\" class=\"wp-block-spacer\"><\/div>\n\n\n\n<p>Hor\u00e1rio das aulas turma 2024\/1<\/p>\n\n\n\n<div style=\"height:60px\" aria-hidden=\"true\" class=\"wp-block-spacer\"><\/div>\n\n\n\n<div class=\"wp-block-buttons is-layout-flex wp-block-buttons-is-layout-flex\">\n<div class=\"wp-block-button has-custom-width wp-block-button__width-100\"><a class=\"wp-block-button__link has-background wp-element-button\" style=\"border-radius:5px;background-color:#00753b\"><strong>Documentos para inscri\u00e7\u00e3o<\/strong><\/a><\/div>\n<\/div>\n\n\n\n<div style=\"height:60px\" aria-hidden=\"true\" class=\"wp-block-spacer\"><\/div>\n\n\n\n<p>Ficha de inscri\u00e7\u00e3o preenchida \u2013 dispon\u00edvel em:&nbsp;<a href=\"https:\/\/www.sistemasweb.uel.br\/index.php?contents=system\/inscpos\/index.php&amp;pagina=view\/ListarDadosCurso.php&amp;cd_curso=216&amp;nr_resolucao=06\/2016\"><strong>Inscri\u00e7\u00f5es via Web<\/strong><\/a><\/p>\n\n\n\n<div style=\"height:60px\" aria-hidden=\"true\" class=\"wp-block-spacer\"><\/div>\n\n\n\n<p>Os documentos ser\u00e3o encaminhados somente via e-mail para o endere\u00e7o:<br>spg.latosensu@uel.br. A documenta\u00e7\u00e3o deve estar completa, caso contr\u00e1rio,<br>o\/a candidato\/a ser\u00e1 automaticamente exclu\u00eddo do processo seletivo.<\/p>\n\n\n\n<p><strong>a)<\/strong> ficha de inscri\u00e7\u00e3o preenchida, que est\u00e1 dispon\u00edvel em: <a href=\"https:\/\/www.sistemasweb.uel.br\/index.php?contents=system\/inscpos\/index.php&amp;pagina=view\/ListarDadosCurso.php&amp;cd_curso=216&amp;nr_resolucao=06\/2016\" data-type=\"link\" data-id=\"https:\/\/www.sistemasweb.uel.br\/index.php?contents=system\/inscpos\/index.php&amp;pagina=view\/ListarDadosCurso.php&amp;cd_curso=216&amp;nr_resolucao=06\/2016\">https:\/\/www.sistemasweb.uel.br\/index.php?contents=system\/inscpos\/index.php&amp;pagina=view\/ListarDadosCurso.php&amp;cd_curso=216&amp;nr_resolucao=06\/2016<\/a><br><strong>b) <\/strong>comprovante de recolhimento do pre\u00e7o p\u00fablico de inscri\u00e7\u00e3o correspondente ao valor de R$ 81,00 (oitenta e um reais) \u2013 conforme instru\u00e7\u00f5es no<br>boleto banc\u00e1rio e hor\u00e1rios das Institui\u00e7\u00f5es Financeiras;<br><strong>c) <\/strong>fotoc\u00f3pia da C\u00e9dula de Identidade &#8211; Obrigat\u00f3rio o RG para fins acad\u00eamicos;<br><strong>d) <\/strong>fotoc\u00f3pia do C.P.F.: quando na C\u00e9dula de Identidade n\u00e3o constar o n\u00ba do CPF, fica obrigat\u00f3ria a apresenta\u00e7\u00e3o de c\u00f3pia leg\u00edvel do mesmo ou<br>Comprovante de Situa\u00e7\u00e3o Cadastral no CPF, retirado do site da Receita Federal: <a href=\"https:\/\/servicos.receita.fazenda.gov.br\/Servicos\/CPF\/ConsultaSituacao\/ConsultaPublica.asp\">https:\/\/servicos.receita.fazenda.gov.br\/Servicos\/CPF\/ConsultaSituacao\/ConsultaPublica.asp<\/a><br><strong>e) <\/strong>Documento Militar (M), para os que possuem at\u00e9 45 anos de idade;<br><strong>f) <\/strong>Certid\u00e3o de Nascimento ou Casamento (frente e verso, sem tarja nem dobras)<br><strong>g) <\/strong>c\u00f3pia do hist\u00f3rico escolar da Gradua\u00e7\u00e3o;<br><strong>h) <\/strong>c\u00f3pia frente e verso do diploma do curso de Gradua\u00e7\u00e3o (autenticada para aqueles emitidos por outras Institui\u00e7\u00f5es de Ensino Superior). Caso o candidato ainda n\u00e3o possua o diploma, dever\u00e1 apresentar documento decola\u00e7\u00e3o de grau. Caso ainda esteja cursando a gradua\u00e7\u00e3o, dever\u00e1 apresentar atestado que demonstre estar matriculado no \u00faltimo<br>ano\/semestre de gradua\u00e7\u00e3o e t\u00e9rmino previsto at\u00e9 o in\u00edcio do per\u00edodoletivo (04\/03\/2024);<br><strong>i) <\/strong>Carta de inten\u00e7\u00e3o<br><strong>j) <\/strong>Curr\u00edculo Lattes<\/p>\n\n\n\n<div style=\"height:60px\" aria-hidden=\"true\" class=\"wp-block-spacer\"><\/div>\n\n\n\n<p><strong>Procedimentos para Confirma\u00e7\u00e3o da Matr\u00edcula Via Web (Portal do Estudante):<\/strong><\/p>\n\n\n\n<div style=\"height:60px\" aria-hidden=\"true\" class=\"wp-block-spacer\"><\/div>\n\n\n\n<p><strong>Obs.:<\/strong>&nbsp;Na confirma\u00e7\u00e3o de matr\u00edcula o candidato recebe um e-mails com a senha e o n\u00famero de matr\u00edcula, o mesmo dever\u00e1 entrar no portal do estudante com os dados recebidos, e ir em:&nbsp;<strong>confirmar matr\u00edcula<\/strong>&nbsp;at\u00e9 o final do processo salvando-o, s\u00f3 depois que o candidato receber\u00e1 um segundo e-mail confirmando a matr\u00edcula. Caso n\u00e3o receba o segundo e-mail, sua matr\u00edcula n\u00e3o estar\u00e1 confirmada. Ap\u00f3s o per\u00edodo de matr\u00edcula o candidato n\u00e3o conseguir\u00e1 mais concluir a matricula.<br><br><strong>Obs.:<\/strong>&nbsp;Pedimos que no ato da entrega da Documenta\u00e7\u00e3o para INSCRI\u00c7\u00c3O, tamb\u00e9m seja entregue a Documenta\u00e7\u00e3o para MATR\u00cdCULA, para que, caso seja aprovado, n\u00e3o tenha que vir novamente \u00e0 Secretaria de P\u00f3s\/CECA para entrega dos documentos referentes \u00e0 matr\u00edcula.<\/p>\n\n\n\n<div style=\"height:60px\" aria-hidden=\"true\" class=\"wp-block-spacer\"><\/div>\n\n\n\n<p><strong><mark style=\"background-color:#ffda02\" class=\"has-inline-color\">N\u00e3o haver\u00e1 entrega presencial de documenta\u00e7\u00e3o.<\/mark> <\/strong>O envio da documenta\u00e7\u00e3o \u00e9 exclusivamente via e-mail para o endere\u00e7o <strong>spg.latosensu@gmail.com<\/strong><\/p>\n\n\n\n<ol class=\"wp-block-list\">\n<li>Ficha de inscri\u00e7\u00e3o dispon\u00edvel&nbsp;<a href=\"http:\/\/www.uel.br\/proppg\/portalnovo\/pages\/inscricoes-programas-cursos\/inscricoes-por-nivel.php\"><strong>via web;<\/strong><\/a><\/li>\n\n\n\n<li>Carta de inten\u00e7\u00e3o;(A Carta de Inten\u00e7\u00e3o \u00e9 compreendida por um texto que relate brevemente as inten\u00e7\u00f5es para a realiza\u00e7\u00e3o do curso de especializa\u00e7\u00e3o, v\u00ednculo profissional e ou educacional para com o campo da Educa\u00e7\u00e3o de Jovens e Adultos, caso haja. Experi\u00eancias diversas (educativas, gest\u00e3o, pesquisa) no campo da EJA. )<\/li>\n\n\n\n<li>C\u00f3pia do hist\u00f3rico escolar de gradua\u00e7\u00e3o;<\/li>\n\n\n\n<li>Curriculum Plataforma Lattes \u2013 documentado (dos \u00faltimos 5 anos);<\/li>\n\n\n\n<li>Fotoc\u00f3pia do C.P.F.;<\/li>\n\n\n\n<li>Fotoc\u00f3pia da C\u00e9dula de Identidade (RG); (n\u00e3o ser\u00e1 aceito CNH)<\/li>\n\n\n\n<li>Fotoc\u00f3pia do Certificado de Reservista;<\/li>\n\n\n\n<li>Fotoc\u00f3pia da Certid\u00e3o de Nascimento ou Casamento.<\/li>\n<\/ol>\n\n\n\n<p>A documenta\u00e7\u00e3o dever\u00e1 ser enviada para o e-mail da secretaria p\u00f3s-gradua\u00e7\u00e3o lato sensu do CECA:&nbsp;<strong>spg.latosensu@uel.br<\/strong><\/p>\n\n\n\n<div style=\"height:60px\" aria-hidden=\"true\" class=\"wp-block-spacer\"><\/div>\n\n\n\n<p><strong>Resultado e convoca\u00e7\u00e3o para a matr\u00edcula<\/strong><\/p>\n\n\n\n<p>Os candidatos aprovados e classificados ser\u00e3o convocados para a efetiva\u00e7\u00e3o de matr\u00edcula por meio de Edital publicado pela Coordena\u00e7\u00e3o do Curso no site https:\/\/sites.uel.br\/ceca\/lato-sensu\/ e pela Pr\u00f3-Reitoria de Pesquisa e P\u00f3sGradua\u00e7\u00e3o no site http:\/\/www.uel.br\/proppg\/portalnovo\/pages\/editais\/resultados.php , a partir das 17h do dia 19 de fevereiro de 2024.<\/p>\n\n\n\n<div style=\"height:60px\" aria-hidden=\"true\" class=\"wp-block-spacer\"><\/div>\n\n\n\n<p><strong>Inicio das Aulas<\/strong><\/p>\n\n\n\n<p>3 de mar\u00e7o de 2024. Aulas em Regime de Altern\u00e2ncia. Sextas-feiras: das 19h \u00e0s 23h (noite). S\u00e1bados: 08hs \u00e0s 12hs e das 14hs \u00e0s 18hs (manh\u00e3 e tarde).<\/p>\n\n\n\n<div style=\"height:60px\" aria-hidden=\"true\" class=\"wp-block-spacer\"><\/div>\n\n\n\n<p><a href=\"http:\/\/www.uel.br\/ceca\/spg\/pages\/educacao\/educacao-de-jovens-e adultos.php \"><\/a><strong>Destinado a<\/strong><\/p>\n\n\n\n<p>Educadores e Educadoras dos Movimentos Sociais e Populares, graduados em cursos de Licenciaturas, graduados em \u00e1reas afins ou de diferentes \u00e1reas de conhecimento que tenham interesse em Educa\u00e7\u00e3o de Jovens e Adultos.<\/p>\n\n\n\n<div style=\"height:60px\" aria-hidden=\"true\" class=\"wp-block-spacer\"><\/div>\n\n\n\n<p><strong>Convoca\u00e7\u00e3o de Suplentes:<\/strong><\/p>\n\n\n\n<p>Havendo suplentes, a convoca\u00e7\u00e3o e matr\u00edcula destes ser\u00e3o realizadas via Internet, no site da Institui\u00e7\u00e3o:&nbsp;<a href=\"https:\/\/sistemas.uel.br\/portaldepos\/index\"><strong>Portal do Estudante de P\u00f3s-Gradua\u00e7\u00e3o.<\/strong><\/a>&nbsp;O candidato suplente ter\u00e1 que se cadastrar primeiro para ter acesso ao Portal do Estudante de P\u00f3s-Gradua\u00e7\u00e3o e realizar a matr\u00edcula. As instru\u00e7\u00f5es sobre o procedimento de matr\u00edcula, bem como o Sistema para efetuar a matr\u00edcula eletr\u00f4nica estar\u00e3o dispon\u00edveis no site mencionado.<\/p>\n\n\n\n<div style=\"height:60px\" aria-hidden=\"true\" class=\"wp-block-spacer\"><\/div>\n\n\n\n<p><strong>Disposi\u00e7\u00f5es Finais:<\/strong><\/p>\n\n\n\n<p>\u00c9 de exclusiva responsabilidade de o candidato inscrito acompanhar a publica\u00e7\u00e3o ou divulga\u00e7\u00e3o dos atos relativos ao&nbsp;<a href=\"http:\/\/www.uel.br\/proppg\/portal\/pages\/editais-inscricao.php\"><strong>Edital de Inscri\u00e7\u00e3o<\/strong><\/a>&nbsp;para os Cursos de P\u00f3s-Gradua\u00e7\u00e3o Lato sensu, divulgados na internet, no endere\u00e7o eletr\u00f4nico de cada Curso (<a href=\"https:\/\/www.sistemasweb.uel.br\/index.php?contents=system\/inscpos\/index.php&amp;pagina=view\/ListarCursos.php&amp;nv_curso=1&amp;sq_nivel=1\"><strong>Selecionar o Curso e observar as informa\u00e7\u00f5es<\/strong><\/a>), obrigando-se a atender aos prazos e condi\u00e7\u00f5es estipulados neste Edital e nos que forem publicados durante a execu\u00e7\u00e3o da sele\u00e7\u00e3o p\u00fablica.<\/p>\n\n\n\n<div style=\"height:60px\" aria-hidden=\"true\" class=\"wp-block-spacer\"><\/div>\n\n\n\n<div class=\"wp-block-buttons is-layout-flex wp-block-buttons-is-layout-flex\">\n<div class=\"wp-block-button has-custom-width wp-block-button__width-100\"><a class=\"wp-block-button__link has-white-color has-text-color has-background wp-element-button\" style=\"border-radius:5px;background-color:#00753b\">Documentos a serem entregues<\/a><\/div>\n<\/div>\n\n\n\n<div style=\"height:60px\" aria-hidden=\"true\" class=\"wp-block-spacer\"><\/div>\n\n\n\n<figure class=\"wp-block-table is-style-regular\"><table><tbody><tr><td>Utilizados pelos&nbsp;<strong>DISCENTES<\/strong><\/td><td><a href=\"http:\/\/www.uel.br\/ceca\/spg\/pages\/arquivos\/Indicacao%20Banca%20-%20Autorizacao%20Entrega%20de%20monografia%20-%20Esp..doc\"><strong>Indica\u00e7\u00e3o de Banca \u2013 Monografia\/Artigo<\/strong><\/a><br><a href=\"http:\/\/www.uel.br\/ceca\/spg\/pages\/arquivos\/DECLARACAO%20DE%20AUTORIA%20-%20Cursos%20Areas%20Basicas.doc\"><strong>Declara\u00e7\u00e3o de Autoria \u2013 Monografia (TCCPG)<\/strong><\/a><br><a href=\"http:\/\/www.uel.br\/ceca\/spg\/pages\/arquivos\/Boletim%20de%20Inclusao-Cancelamento%20de%20Disciplina.doc\"><strong>Boletim de Inclus\u00e3o\/Cancelamento de Disciplinas<\/strong><\/a><br><a href=\"http:\/\/www.uel.br\/ceca\/spg\/pages\/arquivos\/FICHA%20DE%20ATENDIMENTO%20CRIANCAS%20-PSICOPEDAGOGICO.doc\"><strong>Ficha de Atendimento\/Crian\u00e7as \u2013 Psicopedag\u00f3gico<\/strong><\/a><br><a href=\"http:\/\/www.uel.br\/ceca\/spg\/pages\/arquivos\/Requerimento%20Geral%20-%20PROPPG.xls\"><strong>Requerimento Geral<\/strong><\/a><br><a href=\"http:\/\/www1.londrina.pr.gov.br\/dados\/images\/stories\/Storage\/cmtu\/transportes\/formulario_solicitacao_creditos_escolares.pdf\"><strong>Formul\u00e1rio de Solicita\u00e7\u00e3o de Cr\u00e9ditos Escolares<\/strong><\/a><\/td><\/tr><tr><td>Utilizados pelos&nbsp;<strong>DOCENTES<\/strong><\/td><td><a href=\"http:\/\/www.uel.br\/ceca\/spg\/pages\/arquivos\/Cadastro%20de%20Professor%20-%20Convidado.doc\"><strong>Cadastro de Professor \u2013 Convidado<\/strong><\/a><br><a href=\"http:\/\/www.uel.br\/ceca\/spg\/pages\/arquivos\/Indicacao%20Banca%20-%20Avaliacao%20Final%20de%20MONOGRAFIA-ARTIGO%20%20%20-%20%20%20(Toda%20a%20Turma).doc\"><strong>Indicador de Banca \u2013 Avalia\u00e7\u00e3o Final<\/strong><\/a><br><a href=\"http:\/\/www.uel.br\/ceca\/spg\/pages\/arquivos\/Indicador%20de%20Orientadores-Alunos.doc\"><strong>Indicador de Orientadores\/Alunos<\/strong><\/a><br><a href=\"http:\/\/www.uel.br\/ceca\/spg\/pages\/arquivos\/Indicadores%20para%20Avaliacao%20de%20MONOGRAFIA.doc\"><strong>Indicadores para Avalia\u00e7\u00e3o de Monografias<\/strong><\/a><br><a href=\"http:\/\/www.uel.br\/ceca\/spg\/pages\/arquivos\/Indicadores%20para%20Avaliacao%20de%20TCCPG.doc\"><strong>Indicadores para Avalia\u00e7\u00e3o de TCCPG \/ Artigos<\/strong><\/a><br><a href=\"http:\/\/www.uel.br\/ceca\/spg\/pages\/arquivos\/Oferta%20de%20Nova%20Turma.doc\"><strong>Oferta de Nova Turma<\/strong><\/a><br><a href=\"http:\/\/www.uel.br\/ceca\/spg\/pages\/arquivos\/Quadro%20de%20Horario%201ordm%20e%202ordm%20semestre.doc\"><strong>Quadro de Hor\u00e1rio<\/strong><\/a><br><a href=\"http:\/\/www.uel.br\/proppg\/portal\/pages\/arquivos\/download\/recibodetaxi.doc\"><strong>Recibo de T\u00e1xi<\/strong><\/a><br><a href=\"http:\/\/www.uel.br\/proppg\/portal\/pages\/arquivos\/download\/RelatorioTecnicoComPassagensTerrestres.doc\"><strong>Relat\u00f3rio T\u00e9cnico de Viagens<\/strong><\/a><br><a href=\"http:\/\/www.uel.br\/ceca\/spg\/pages\/arquivos\/Diarias-Passagens%20-%20Professores%20e%20Funcionarios%20UEL.doc\"><strong>Solicita\u00e7\u00e3o de Di\u00e1rias<\/strong><\/a><\/td><\/tr><\/tbody><\/table><\/figure>\n\n\n\n<div style=\"height:60px\" aria-hidden=\"true\" class=\"wp-block-spacer\"><\/div>\n\n\n\n<div class=\"wp-block-buttons is-layout-flex wp-block-buttons-is-layout-flex\">\n<div class=\"wp-block-button has-custom-width wp-block-button__width-100\"><a class=\"wp-block-button__link has-white-color has-text-color has-background wp-element-button\" style=\"border-radius:5px;background-color:#00753b\">Obriga\u00e7\u00f5es do ALUNO:<\/a><\/div>\n<\/div>\n\n\n\n<div style=\"height:60px\" aria-hidden=\"true\" class=\"wp-block-spacer\"><\/div>\n\n\n\n<p>Estar atento \u00e0s informa\u00e7\u00f5es do&nbsp;Calend\u00e1rio das atividades do curso de P\u00f3s-Gradua\u00e7\u00e3o Lato Sensu, do Regulamento e da Resolu\u00e7\u00e3o vigente do programa (Link dispon\u00edvel no inicio desta p\u00e1gina). Estas informa\u00e7\u00f5es ajudar\u00e3o o aluno a entender os procedimentos do curso e o cumprimento dos prazos, evitando assim, aborrecimentos no decorrer de suas atividades acad\u00eamicas.<\/p>\n\n\n\n<p>O endere\u00e7o de E-mail do aluno dever\u00e1 estar sempre atualizado no Sistema UEL, pois este \u00e9 o caminho que a Secretaria de P\u00f3s\/CECA tem para se comunicar com o aluno, caso aconte\u00e7a mudan\u00e7a no endere\u00e7o eletr\u00f4nico, o aluno dever\u00e1 comunicar a Secretaria de P\u00f3s\/CECA e solicitar atualiza\u00e7\u00e3o.<\/p>\n\n\n\n<div style=\"height:60px\" aria-hidden=\"true\" class=\"wp-block-spacer\"><\/div>\n\n\n\n<div class=\"wp-block-buttons is-layout-flex wp-block-buttons-is-layout-flex\">\n<div class=\"wp-block-button has-custom-width wp-block-button__width-100\"><a class=\"wp-block-button__link has-white-color has-text-color has-background wp-element-button\" style=\"border-radius:5px;background-color:#00753b\">Procedimentos para conclus\u00e3o do Curso<\/a><\/div>\n<\/div>\n\n\n\n<div style=\"height:60px\" aria-hidden=\"true\" class=\"wp-block-spacer\"><\/div>\n\n\n\n<figure class=\"wp-block-table is-style-regular\"><table class=\"has-background\" style=\"background-color:#e9fbe5\"><tbody><tr><td><br><strong>Primeiros passos para o aluno providenciar a entrega da monografia:<\/strong><br><br>Verificar no Calend\u00e1rio do Lato Sensu o per\u00edodo de entrega de Artigos.<br><br>Antes da entrega da Monografia, o aluno dever\u00e1 comparecer a Secretaria de P\u00f3s\/CECA e solicitar a \u201cAn\u00e1lise Curricular\u201d para saber se est\u00e1 APTO ou N\u00c3O para conclus\u00e3o do curso, caso n\u00e3o esteja APTO, o aluno dever\u00e1 regularizar sua situa\u00e7\u00e3o e s\u00f3 depois entregar a Monografia, que deve aconte\u00e7a dentro do prazo do Calend\u00e1rio. Obs.: A Secretaria de P\u00f3s\/CECA n\u00e3o receber\u00e1 Monografias em que a situa\u00e7\u00e3o do aluno na \u201cAn\u00e1lise Curricular\u201d n\u00e3o esteja Apto<a>.<\/a><br><br>CR\u00c9DITOS \u2013 obrigat\u00f3rios a serem cumpridos para conclus\u00e3o do curso.<br><br><\/td><\/tr><\/tbody><\/table><\/figure>\n\n\n\n<div style=\"height:60px\" aria-hidden=\"true\" class=\"wp-block-spacer\"><\/div>\n\n\n\n<div class=\"wp-block-buttons is-layout-flex wp-block-buttons-is-layout-flex\">\n<div class=\"wp-block-button has-custom-width wp-block-button__width-100\"><a class=\"wp-block-button__link has-white-color has-text-color has-background wp-element-button\" style=\"border-radius:5px;background-color:#00753b\">Documentos a serem entregues<\/a><\/div>\n<\/div>\n\n\n\n<div style=\"height:60px\" aria-hidden=\"true\" class=\"wp-block-spacer\"><\/div>\n\n\n\n<figure class=\"wp-block-table is-style-regular\"><table class=\"has-background\" style=\"background-color:#f3f4f5\"><tbody><tr><td><\/td><td><strong>Documentos a serem enviados<\/strong><\/td><\/tr><tr><td><strong>ARTIGO \u2013 TCCPG<\/strong><br><br>Para homologa\u00e7\u00e3o, o aluno dever\u00e1 entregar conforme calend\u00e1rio das atividades do curso de P\u00f3s-Gradua\u00e7\u00e3o&nbsp;<em>Lato sensu<\/em>, dispon\u00edvel na p\u00e1gina da UEL, para isso observar primeiro a data de t\u00e9rmino de seu Curso. Depois de entregue, a comiss\u00e3o ter\u00e1 50 dias para apresentar as notas da Avalia\u00e7\u00e3o ou solicitar Reformula\u00e7\u00e3o. Ser\u00e1a aprovado, na Monografia ou no TCCPG, o estudante que obtiver a m\u00e9dia m\u00ednima 7,0 (sete). Obs.: os exemplarese dever\u00e3o ser entregues na Secretaria de P\u00f3s-Gradu\u00e7\u00e3o do CECA.<br><strong>Consultar a cordena\u00e7\u00e3o<\/strong><\/td><td>Formul\u00e1rio de Indica\u00e7\u00e3o de Banca, preenchido por completo, de forma leg\u00edvel, sem abreviaturas e assinado pela Orienta\u00e7\u00e3o<br><br><br>03 (Tr\u00eas) exemplares separados, em espiral<br><br><br>CD em PDF, quando exigido pelo Curso.<\/td><\/tr><tr><td><strong>REFORMULA\u00c7\u00c3O<\/strong><br><br>Quando solicitada pela comiss\u00e3o, ap\u00f3s lan\u00e7amento no sistema UEL, o aluno ser\u00e1 informado da data final para reformula\u00e7\u00e3o da monografia, sendo estre prazo de 60 dias para reformular e entregar na Secretaria de P\u00f3s\/CECA. A comiss\u00e3o, ap\u00f3s recebimento da monografia reformulada, ter\u00e1 prazo de 30 dias para informar \u00e0 Secretaria de P\u00f3s\/CECA as notas da Avalia\u00e7\u00e3o Final.<\/td><td>03 (Tr\u00eas) exemplares separados, em espiral<\/td><\/tr><tr><td><strong>VERS\u00c3O FINAL<\/strong>&nbsp;\u2013 ap\u00f3s aprova\u00e7\u00e3o, obtendo m\u00e9dia igual ou superior a 9,0.<\/td><td>01 Exemplar em Capa Dura para envio \u00e0 Biblioteca Central\/UEL.<\/td><\/tr><\/tbody><\/table><\/figure>\n\n\n\n<div style=\"height:60px\" aria-hidden=\"true\" class=\"wp-block-spacer\"><\/div>\n\n\n\n<div class=\"wp-block-buttons is-layout-flex wp-block-buttons-is-layout-flex\">\n<div class=\"wp-block-button has-custom-width wp-block-button__width-100\"><a class=\"wp-block-button__link has-white-color has-text-color has-background wp-element-button\" style=\"border-radius:5px;background-color:#00753b\">Procedimentos para Conclus\u00e3o do Curso Fora de Prazo (Prorroga\u00e7\u00e3o\/Reingresso)<\/a><\/div>\n<\/div>\n\n\n\n<div style=\"height:60px\" aria-hidden=\"true\" class=\"wp-block-spacer\"><\/div>\n\n\n\n<figure class=\"wp-block-table is-style-regular\"><table class=\"has-background\" style=\"background-color:#f3f4f5\"><tbody><tr><td><\/td><td><\/td><td><a><strong>Passos para Deferimento da Matr\u00edcula<\/strong><\/a><\/td><\/tr><tr><td><strong>PRORROGA\u00c7\u00c3O<\/strong><br>(valor da taxa para solicita\u00e7\u00e3o R$84,00)<\/td><td>O estudante do Lato sensu tem direito em solicitar somente uma prorroga\u00e7\u00e3o, que vale no m\u00e1ximo por um per\u00edodo letivo.<br><br><br>A PRORROGA\u00c7\u00c3O \u00e9 solicitada pelo estudante via Portal do Estudante, dentro do per\u00edodo estipulado no Calend\u00e1rio vigente da PROPPG,&nbsp;<a href=\"http:\/\/www.uel.br\/proppg\/portalnovo\/pages\/calendario-academico\/lato-sensu.php\"><strong>(verificar Calend\u00e1rio dispon\u00edvel na p\u00e1gina da PROPPG)<\/strong><\/a>;<br><br><br>A solicita\u00e7\u00e3o de Prorroga\u00e7\u00e3o dever\u00e1 ser feita somente quando N\u00c3O houver a possibilidade de conclus\u00e3o da MONOGRAFIA dentro do prazo final de seu curso<\/td><td>Ap\u00f3s a solicita\u00e7\u00e3o de PRORROGA\u00c7\u00c3O via Portal do Estudante, ser\u00e1 direcionado Via Web um comunicado ao Orientador do Estudante, onde este dar\u00e1 seu parecer Deferindo ou Indeferindo, ap\u00f3s, ser\u00e1 direcionado ao Coordenador do Curso que finalizar\u00e1 a solicita\u00e7\u00e3o, na sequencia ser\u00e1 disparado um e-mail ao estudante comunicando o resultado da solicita\u00e7\u00e3o, sendo favor\u00e1vel, ser\u00e1 comunicado ao estudante para confirmar sua matr\u00edcula Via Portal do Estudante, que ap\u00f3s confirma\u00e7\u00e3o dar\u00e1 sequ\u00eancia a impress\u00e3o dos boletos referente as mensalidades dos meses da Prorroga\u00e7\u00e3o.<br><br>Na Prorroga\u00e7\u00e3o, o estudante ap\u00f3s depositar sua Monografia na Secretaria de P\u00f3s\/CECA, poder\u00e1 solicitar cancelamento do compromisso financeiro atrav\u00e9s do formul\u00e1rio Requerimento Geral<\/td><\/tr><tr><td><strong>REINGRESSO<\/strong><br>(Valor da taxa para solicita\u00e7\u00e3o R$17,00)<\/td><td>O aluno do Lato sensu s\u00f3 poder\u00e1 solicitar reingresso para conclus\u00e3o da Monografia, enquanto n\u00e3o houver reestrutura\u00e7\u00e3o de seu Curso e ter turma em andamento.<br><br><br>Para o reingresso o aluno tem seis meses corridos para conclus\u00e3o da Monografia.<br><br><br>O Reingresso \u00e9 solicitado atrav\u00e9s do&nbsp;<a href=\"http:\/\/www.uel.br\/proppg\/portal\/pages\/arquivos\/pos-graduacao\/formularios\/RequerimentoGeral2012.xls\"><strong>formul\u00e1rio Requerimento Geral<\/strong><\/a>, que ap\u00f3s retirado o BOLETO no balc\u00e3o de atendimento da PROPPG, efetuado o pagamento, o solicitante preenche o Requerimento e protocola no Setor de Protocolo da UEL \u2013 SAUEL.<\/td><td>O Requerimento Geral, depois de protocolado e Deferido pela Coordena\u00e7\u00e3o do Curso, a PROPPG enviar\u00e1 um comunicado ao estudante estabelecendo um per\u00edodo para vir at\u00e9 o balc\u00e3o de atendimento da PROPPG, realizar sua Matr\u00edcula.<br><br><br>No Reingresso, o estudante dever\u00e1 pagar no m\u00ednimo 3 (tr\u00eas) parcelas e no m\u00e1ximo 6 parcelas para concluir o Curso. \u201cCaso\u201d, o estudante tenha terminado antes do vencimento do prazo, ap\u00f3s tr\u00eas parcelas pagar, poder\u00e1 solicitar o cancelamento do compromisso financeiro atrav\u00e9s do formul\u00e1rio Requerimento Gera<\/td><\/tr><\/tbody><\/table><\/figure>\n\n\n\n<div style=\"height:60px\" aria-hidden=\"true\" class=\"wp-block-spacer\"><\/div>\n\n\n\n<div class=\"wp-block-buttons is-layout-flex wp-block-buttons-is-layout-flex\">\n<div class=\"wp-block-button has-custom-width wp-block-button__width-100\"><a class=\"wp-block-button__link has-white-color has-text-color has-background wp-element-button\" style=\"border-radius:5px;background-color:#00753b\">Procedimentos para emiss\u00e3o de Documentos de Conclus\u00e3o de Curso e CERTIFICADO<\/a><\/div>\n<\/div>\n\n\n\n<div style=\"height:60px\" aria-hidden=\"true\" class=\"wp-block-spacer\"><\/div>\n\n\n\n<p>Ap\u00f3s o recebimento da Ata de Avalia\u00e7\u00e3o Final ou Defesa na PROPPG \u2013 Divis\u00e3o de Registro Acad\u00eamico, o estudante ser\u00e1 cadastrado como CONCLU\u00cdDO no Sistema Acad\u00eamico de P\u00f3s-Gradua\u00e7\u00e3o e ser\u00e3o realizados os procedimentos para emiss\u00e3o dos documentos de conclus\u00e3o de curso, sem a necessidade de que o estudante requeira<\/p>\n\n\n\n<p>Neste per\u00edodo em que o estudante foi cadastrado como CONCLU\u00cdDO no Sistema Acad\u00eamico de P\u00f3s-Gradua\u00e7\u00e3o, ele poder\u00e1 retirar via Portal do Estudante um Atestado de Conclus\u00e3o de Curso, para utilizar temporariamente at\u00e9 que seja expedido o documento oficial (aproximadamente 30 dias para expedi\u00e7\u00e3o).<\/p>\n\n\n\n<p>Ap\u00f3s o registro do documento oficial de conclus\u00e3o de curso, n\u00e3o ser\u00e1 mais poss\u00edvel \u00e0 emiss\u00e3o do atestado, sendo que o estudante dever\u00e1 retirar no balc\u00e3o de atendimento da PROPPG o documento oficial (CERTIFICADO).<\/p>\n\n\n\n<div style=\"height:60px\" aria-hidden=\"true\" class=\"wp-block-spacer\"><\/div>\n","protected":false},"excerpt":{"rendered":"<p>Nivel: Especializa\u00e7\u00e3o Resolu\u00e7\u00e3o: 06\/2016 N\u00famero de Vagas: 25\/30 Mensalidade: R$30,00 \u2013 Res. CA n\u00b0 55\/2016 Parcelas: 18 Frequ\u00eancia de Aulas: Tempo Universidade (TU)Sextas-feiras (noite) e s\u00e1bados (manh\u00e3). Hor\u00e1rio (TU): Das 19 \u00e0s 23 horas (sextas-feiras) Das 08 \u00e0s 12 horas (s\u00e1bados) Local das aulas: 684 Aulas: Tempo Escola (TE)Segunda a quinta \u2013 (Per\u00edodo \u00e0 definir [&hellip;]<\/p>\n","protected":false},"author":9,"featured_media":0,"parent":0,"menu_order":0,"comment_status":"closed","ping_status":"closed","template":"","meta":{"_acf_changed":false,"footnotes":""},"class_list":["post-5081","page","type-page","status-publish","hentry"],"acf":[],"_links":{"self":[{"href":"https:\/\/sites.uel.br\/ceca\/wp-json\/wp\/v2\/pages\/5081","targetHints":{"allow":["GET"]}}],"collection":[{"href":"https:\/\/sites.uel.br\/ceca\/wp-json\/wp\/v2\/pages"}],"about":[{"href":"https:\/\/sites.uel.br\/ceca\/wp-json\/wp\/v2\/types\/page"}],"author":[{"embeddable":true,"href":"https:\/\/sites.uel.br\/ceca\/wp-json\/wp\/v2\/users\/9"}],"replies":[{"embeddable":true,"href":"https:\/\/sites.uel.br\/ceca\/wp-json\/wp\/v2\/comments?post=5081"}],"version-history":[{"count":43,"href":"https:\/\/sites.uel.br\/ceca\/wp-json\/wp\/v2\/pages\/5081\/revisions"}],"predecessor-version":[{"id":5416,"href":"https:\/\/sites.uel.br\/ceca\/wp-json\/wp\/v2\/pages\/5081\/revisions\/5416"}],"wp:attachment":[{"href":"https:\/\/sites.uel.br\/ceca\/wp-json\/wp\/v2\/media?parent=5081"}],"curies":[{"name":"wp","href":"https:\/\/api.w.org\/{rel}","templated":true}]}}