{"id":1390,"date":"2024-05-07T15:12:54","date_gmt":"2024-05-07T18:12:54","guid":{"rendered":"https:\/\/sites.uel.br\/ccs\/?page_id=1390"},"modified":"2024-06-21T09:08:14","modified_gmt":"2024-06-21T12:08:14","slug":"tramitacao-dos-pedidos-de-inclusao-da-disciplina-de-estagio-em-docencia","status":"publish","type":"page","link":"https:\/\/sites.uel.br\/ccs\/tramitacao-dos-pedidos-de-inclusao-da-disciplina-de-estagio-em-docencia\/","title":{"rendered":"Est\u00e1gio em Doc\u00eancia"},"content":{"rendered":"\n<p><\/p>\n\n\n\n<p><\/p>\n\n\n\n<p><strong>Tramita\u00e7\u00e3o para a inclus\u00e3o da Disciplina de Est\u00e1gio em Doc\u00eancia:&nbsp;<\/strong><\/p>\n\n\n\n<ol class=\"wp-block-list\">\n<li>Solicitar a inclus\u00e3o da <a href=\"https:\/\/sites.uel.br\/ccs\/formularios\/\">Disciplina de Est\u00e1gio em Doc\u00eancia<\/a>;<\/li>\n\n\n\n<li>Aguardar as orienta\u00e7\u00f5es para realizar a matr\u00edcula na Disciplina de Est\u00e1gio em Doc\u00eancia;<\/li>\n\n\n\n<li>Ap\u00f3s recebida as orienta\u00e7\u00f5es, acessar o <a href=\"https:\/\/sistemas.uel.br\/portaldepos\/index\">Portal do Estudante de P\u00f3s-Gradua\u00e7\u00e3o<\/a> e realizar a matr\u00edcula na referida disciplina;<\/li>\n\n\n\n<li>Comunicar o(a) Orientador(a) e o (a) Coordenador(a) do Programa de que realizou esta solicita\u00e7\u00e3o e aguardar o parecer dos mesmos;<\/li>\n\n\n\n<li>Acompanhar, via Portal do Estudante de P\u00f3s-Gradua\u00e7\u00e3o, a efetiva\u00e7\u00e3o do seu pedido. <\/li>\n<\/ol>\n\n\n\n<p><\/p>\n\n\n\n<p><\/p>\n\n\n\n<p><strong>ATEN\u00c7\u00c3O:&nbsp;<\/strong><\/p>\n\n\n\n<p><\/p>\n\n\n\n<ul class=\"wp-block-list\">\n<li>O pedido de inclus\u00e3o da Disciplina de Est\u00e1gio em Doc\u00eancia dever\u00e1 ser solicitado <strong>AP\u00d3S<\/strong> o in\u00edcio do <a href=\"https:\/\/sites.uel.br\/proppg\/calendarios\/\">per\u00edodo letivo<\/a>;<\/li>\n\n\n\n<li>A oferta da Disciplina de Est\u00e1gio em Doc\u00eancia ser\u00e1 <strong>SOMENTE<\/strong> para o semestre vigente;<\/li>\n\n\n\n<li>As orienta\u00e7\u00f5es para efetivar a matr\u00edcula na Disciplina de Est\u00e1gio em Doc\u00eancia ser\u00e3o enviadas, via e-mail, <strong>AP\u00d3S<\/strong> o in\u00edcio do <a href=\"https:\/\/sites.uel.br\/proppg\/calendarios\/\">per\u00edodo letivo<\/a>;<\/li>\n\n\n\n<li>Uma vez recebido o e-mail, o(a) estudante ter\u00e1 o prazo de at\u00e9 <strong>10 (dez)<\/strong> dias para efetivar sua matr\u00edcula. Caso expire o prazo, ter\u00e1 que reiniciar o processo;<\/li>\n\n\n\n<li>A oferta da Disciplina de Est\u00e1gio em Doc\u00eancia \u00e9 realizada por demanda do(a) aluno(a).<\/li>\n<\/ul>\n\n\n\n<p><\/p>\n","protected":false},"excerpt":{"rendered":"<p>Tramita\u00e7\u00e3o para a inclus\u00e3o da Disciplina de Est\u00e1gio em Doc\u00eancia:&nbsp; ATEN\u00c7\u00c3O:&nbsp;<\/p>\n","protected":false},"author":15,"featured_media":0,"parent":0,"menu_order":0,"comment_status":"closed","ping_status":"closed","template":"","meta":{"_acf_changed":false,"footnotes":""},"class_list":["post-1390","page","type-page","status-publish","hentry"],"acf":[],"_links":{"self":[{"href":"https:\/\/sites.uel.br\/ccs\/wp-json\/wp\/v2\/pages\/1390","targetHints":{"allow":["GET"]}}],"collection":[{"href":"https:\/\/sites.uel.br\/ccs\/wp-json\/wp\/v2\/pages"}],"about":[{"href":"https:\/\/sites.uel.br\/ccs\/wp-json\/wp\/v2\/types\/page"}],"author":[{"embeddable":true,"href":"https:\/\/sites.uel.br\/ccs\/wp-json\/wp\/v2\/users\/15"}],"replies":[{"embeddable":true,"href":"https:\/\/sites.uel.br\/ccs\/wp-json\/wp\/v2\/comments?post=1390"}],"version-history":[{"count":7,"href":"https:\/\/sites.uel.br\/ccs\/wp-json\/wp\/v2\/pages\/1390\/revisions"}],"predecessor-version":[{"id":1797,"href":"https:\/\/sites.uel.br\/ccs\/wp-json\/wp\/v2\/pages\/1390\/revisions\/1797"}],"wp:attachment":[{"href":"https:\/\/sites.uel.br\/ccs\/wp-json\/wp\/v2\/media?parent=1390"}],"curies":[{"name":"wp","href":"https:\/\/api.w.org\/{rel}","templated":true}]}}