{"id":1584,"date":"2026-09-01T10:40:33","date_gmt":"2026-09-01T13:40:33","guid":{"rendered":"https:\/\/sites.uel.br\/bibliotecas\/?page_id=1584"},"modified":"2026-09-01T11:02:08","modified_gmt":"2026-09-01T14:02:08","slug":"setorial-de-ciencias-humanas","status":"publish","type":"page","link":"https:\/\/sites.uel.br\/bibliotecas\/setorial-de-ciencias-humanas\/","title":{"rendered":"Setorial de Ci\u00eancias Humanas"},"content":{"rendered":"<div class=\"wp-block-image\">\n<figure class=\"aligncenter size-large is-resized\"><img loading=\"lazy\" decoding=\"async\" width=\"1024\" height=\"617\" src=\"https:\/\/sites.uel.br\/bibliotecas\/wp-content\/uploads\/2024\/02\/WhatsApp-Image-2024-02-08-at-16.12.06-1024x617.jpeg\" alt=\"\" class=\"wp-image-1010\" style=\"width:321px;height:auto\" srcset=\"https:\/\/sites.uel.br\/bibliotecas\/wp-content\/uploads\/2024\/02\/WhatsApp-Image-2024-02-08-at-16.12.06-1024x617.jpeg 1024w, https:\/\/sites.uel.br\/bibliotecas\/wp-content\/uploads\/2024\/02\/WhatsApp-Image-2024-02-08-at-16.12.06-300x181.jpeg 300w, https:\/\/sites.uel.br\/bibliotecas\/wp-content\/uploads\/2024\/02\/WhatsApp-Image-2024-02-08-at-16.12.06-768x463.jpeg 768w, https:\/\/sites.uel.br\/bibliotecas\/wp-content\/uploads\/2024\/02\/WhatsApp-Image-2024-02-08-at-16.12.06.jpeg 1280w\" sizes=\"auto, (max-width: 1024px) 100vw, 1024px\" \/><\/figure>\n<\/div>\n\n\n<hr class=\"wp-block-separator has-text-color has-verde-escuro-color has-alpha-channel-opacity has-verde-escuro-background-color has-background is-style-wide\"\/>\n\n\n\n<p class=\"wp-block-paragraph\"><strong>Informa\u00e7\u00f5es Importantes<\/strong><\/p>\n\n\n\n<p class=\"has-text-align-center has-medium-font-size wp-block-paragraph\">Comunicamos que a Biblioteca esta aberta ao p\u00fablico<\/p>\n\n\n\n<p class=\"has-text-align-center has-medium-font-size wp-block-paragraph\">Nosso hor\u00e1rio de atendimento \u00e9 de Segunda a Sexta-feira das 8h \u00e0s 22h<\/p>\n\n\n\n<p class=\"has-text-align-center wp-block-paragraph\">Renova\u00e7\u00e3o de Livros (43) 3371 -4864 <img loading=\"lazy\" decoding=\"async\" width=\"493\" height=\"506\" class=\"wp-image-978\" style=\"width: 30px\" src=\"https:\/\/sites.uel.br\/bibliotecas\/wp-content\/uploads\/2023\/07\/image-removebg-preview-23.png\" alt=\"\" srcset=\"https:\/\/sites.uel.br\/bibliotecas\/wp-content\/uploads\/2023\/07\/image-removebg-preview-23.png 493w, https:\/\/sites.uel.br\/bibliotecas\/wp-content\/uploads\/2023\/07\/image-removebg-preview-23-292x300.png 292w\" sizes=\"auto, (max-width: 493px) 100vw, 493px\" \/> das 8h \u00e0s 21h30<\/p>\n\n\n\n<hr class=\"wp-block-separator has-text-color has-verde-escuro-color has-alpha-channel-opacity has-verde-escuro-background-color has-background is-style-wide\"\/>\n\n\n\n<p class=\"wp-block-paragraph\"><strong>Servi\u00e7os<\/strong><\/p>\n\n\n\n<ul class=\"wp-block-list\">\n<li>Solicita\u00e7\u00e3o de pesquisa em bases de dados<\/li>\n\n\n\n<li>Orienta\u00e7\u00e3o sobre normaliza\u00e7\u00e3o de trabalhos<\/li>\n\n\n\n<li>Normaliza\u00e7\u00e3o de trabalhos acad\u00eamicos<\/li>\n\n\n\n<li>Treinamento Portal Capes<\/li>\n\n\n\n<li>Treinamento de normaliza\u00e7\u00e3o de trabalhos<\/li>\n\n\n\n<li>Integra\u00e7\u00e3o de usu\u00e1rios<\/li>\n\n\n\n<li>Solicita\u00e7\u00e3o de artigos &#8211; pelo e-mail: refere@uel.br<\/li>\n\n\n\n<li>Solicita\u00e7\u00e3o de cataloga\u00e7\u00e3o na publica\u00e7\u00e3o pelo e-mail: protec@uel.br<\/li>\n<\/ul>\n\n\n\n<hr class=\"wp-block-separator has-text-color has-verde-escuro-color has-alpha-channel-opacity has-verde-escuro-background-color has-background is-style-wide\"\/>\n\n\n\n<p class=\"wp-block-paragraph\"><strong>Empr\u00e9stimo Domiciliar<\/strong><\/p>\n\n\n\n<figure class=\"wp-block-image size-full\"><img loading=\"lazy\" decoding=\"async\" width=\"734\" height=\"345\" src=\"https:\/\/sites.uel.br\/bibliotecas\/wp-content\/uploads\/2022\/06\/image-5.png\" alt=\"\" class=\"wp-image-487\" srcset=\"https:\/\/sites.uel.br\/bibliotecas\/wp-content\/uploads\/2022\/06\/image-5.png 734w, https:\/\/sites.uel.br\/bibliotecas\/wp-content\/uploads\/2022\/06\/image-5-300x141.png 300w\" sizes=\"auto, (max-width: 734px) 100vw, 734px\" \/><\/figure>\n\n\n\n<hr class=\"wp-block-separator has-text-color has-verde-escuro-color has-alpha-channel-opacity has-verde-escuro-background-color has-background is-style-wide\"\/>\n\n\n\n<p class=\"wp-block-paragraph\"><strong>Fale Conosco<\/strong><\/p>\n\n\n\n<p class=\"wp-block-paragraph\">Telefone: (43) 3371 &#8211; 4864         E-mail: bibliotecach@uel.br<\/p>\n\n\n\n<p class=\"wp-block-paragraph\">Bibliotec\u00e1ria Enidelci Aparecida Zaquia Pereira. <br>E-mail:\u00a0Eni@uel.br  ou  bibliotecach@uel.br<\/p>\n","protected":false},"excerpt":{"rendered":"<p>Informa\u00e7\u00f5es Importantes Comunicamos que a Biblioteca esta aberta ao p\u00fablico Nosso hor\u00e1rio de atendimento \u00e9 de Segunda a Sexta-feira das 8h \u00e0s 22h Renova\u00e7\u00e3o de Livros (43) 3371 -4864 das 8h \u00e0s 21h30 Servi\u00e7os Empr\u00e9stimo Domiciliar Fale Conosco Telefone: (43) 3371 &#8211; 4864 E-mail: bibliotecach@uel.br Bibliotec\u00e1ria Enidelci Aparecida Zaquia Pereira. E-mail:\u00a0Eni@uel.br ou bibliotecach@uel.br<\/p>\n","protected":false},"author":15,"featured_media":0,"parent":0,"menu_order":0,"comment_status":"closed","ping_status":"closed","template":"","meta":{"_acf_changed":false,"footnotes":"","_members_access_role":[],"_members_access_error":""},"class_list":["post-1584","page","type-page","status-publish","hentry"],"acf":[],"_links":{"self":[{"href":"https:\/\/sites.uel.br\/bibliotecas\/wp-json\/wp\/v2\/pages\/1584","targetHints":{"allow":["GET"]}}],"collection":[{"href":"https:\/\/sites.uel.br\/bibliotecas\/wp-json\/wp\/v2\/pages"}],"about":[{"href":"https:\/\/sites.uel.br\/bibliotecas\/wp-json\/wp\/v2\/types\/page"}],"author":[{"embeddable":true,"href":"https:\/\/sites.uel.br\/bibliotecas\/wp-json\/wp\/v2\/users\/15"}],"replies":[{"embeddable":true,"href":"https:\/\/sites.uel.br\/bibliotecas\/wp-json\/wp\/v2\/comments?post=1584"}],"version-history":[{"count":5,"href":"https:\/\/sites.uel.br\/bibliotecas\/wp-json\/wp\/v2\/pages\/1584\/revisions"}],"predecessor-version":[{"id":1597,"href":"https:\/\/sites.uel.br\/bibliotecas\/wp-json\/wp\/v2\/pages\/1584\/revisions\/1597"}],"wp:attachment":[{"href":"https:\/\/sites.uel.br\/bibliotecas\/wp-json\/wp\/v2\/media?parent=1584"}],"curies":[{"name":"wp","href":"https:\/\/api.w.org\/{rel}","templated":true}]}}