{"id":1113,"date":"2021-06-18T15:23:54","date_gmt":"2021-06-18T18:23:54","guid":{"rendered":"https:\/\/sites.uel.br\/ati\/?page_id=1113"},"modified":"2023-07-04T11:51:10","modified_gmt":"2023-07-04T14:51:10","slug":"quem-pode-utilizar-os-servicos-digitais-uel","status":"publish","type":"page","link":"https:\/\/sites.uel.br\/ati\/quem-pode-utilizar-os-servicos-digitais-uel\/","title":{"rendered":"Quem pode utilizar os Servi\u00e7os Digitais UEL"},"content":{"rendered":"\n<hr class=\"wp-block-separator has-css-opacity is-style-wide\" \/>\n\n\n\n<div style=\"height:30px\" aria-hidden=\"true\" class=\"wp-block-spacer\"><\/div>\n\n\n\n<p>Os servi\u00e7os disponibilizados pela Assessoria Tecnologia de Informa\u00e7\u00e3o da UEL s\u00e3o destinados \u00e0 comunidade universit\u00e1ria para fins acad\u00eamicos, de pesquisa e extens\u00e3o, que tem acesso \u2013&nbsp; remoto e local \u2013&nbsp; a servi\u00e7os digitais&nbsp; em Tecnologia da Informa\u00e7\u00e3o,&nbsp; ap\u00f3s a cria\u00e7\u00e3o de uma conta de e-mail pessoal.<\/p>\n\n\n\n<p class=\"has-verde-escuro-background-color has-text-color has-background\" style=\"color:#f4faf5\"><strong><img loading=\"lazy\" decoding=\"async\" width=\"30\" height=\"30\" class=\"wp-image-1437\" style=\"width: 30px\" src=\"https:\/\/sites.uel.br\/ati\/wp-content\/uploads\/2021\/06\/info-icon-transparent-9-inverse.png\" alt=\"\">   \u00c9 autorizada a cria\u00e7\u00e3o de somente <em>uma<\/em> conta pessoal para os usu\u00e1rios:<\/strong><\/p>\n\n\n\n<div style=\"height:50px\" aria-hidden=\"true\" class=\"wp-block-spacer\"><\/div>\n\n\n\n<p class=\"has-medium-font-size\"><strong>Docentes<\/strong><\/p>\n\n\n\n<p><strong>Procedimentos:<\/strong><\/p>\n\n\n\n<p>Acessar o <strong><a rel=\"noreferrer noopener\" href=\"http:\/\/portal.uel.br\/portais\/pages\/portais.php\" target=\"_blank\">Portal do servidor<\/a><\/strong>, clicar em Criar E-mail e preencher a tela disponibilizada conforme as orienta\u00e7\u00f5es.<\/p>\n\n\n\n<p>Para instru\u00e7\u00f5es detalhadas, siga as orienta\u00e7\u00f5es do <a href=\"https:\/\/sites.uel.br\/ati\/tutorial\/2021\/06\/09\/criar-e-mail-pessoal-pela-primeira-vez\/\">tutorial de cria\u00e7\u00e3o de e-mail<\/a>.<\/p>\n\n\n\n<p><em><strong>Obs<\/strong>.:<\/em><strong><em> <\/em><\/strong><em>Contas de e-mail relacionadas \u00e0 \u00f3rg\u00e3os (por exemplo \u2013 ati@uel.br) devem ser&nbsp; requeridas atrav\u00e9s Solicita\u00e7\u00e3o de Servi\u00e7os ATI<\/em>.<\/p>\n\n\n\n<div style=\"height:30px\" aria-hidden=\"true\" class=\"wp-block-spacer\"><\/div>\n\n\n\n<div class=\"wp-block-buttons is-horizontal is-content-justification-center is-layout-flex wp-container-core-buttons-is-layout-499968f5 wp-block-buttons-is-layout-flex\">\n<div class=\"wp-block-button is-style-outline is-style-outline--1\"><a class=\"wp-block-button__link has-verde-escuro-background-color has-text-color has-background wp-element-button\" href=\"https:\/\/sites.uel.br\/ati\/sistema-de-solicitacao-de-servico\/\" style=\"color:#f2f8fa\" target=\"_blank\" rel=\"noreferrer noopener\"><strong>Tutorial Solicita\u00e7\u00e3o de Servi\u00e7os ATI<\/strong><\/a><\/div>\n<\/div>\n\n\n\n<div style=\"height:30px\" aria-hidden=\"true\" class=\"wp-block-spacer\"><\/div>\n\n\n\n<hr class=\"wp-block-separator has-css-opacity is-style-wide\" \/>\n\n\n\n<div style=\"height:30px\" aria-hidden=\"true\" class=\"wp-block-spacer\"><\/div>\n\n\n\n<p class=\"has-medium-font-size\"><strong>T\u00e9cnico-Administrativo<\/strong><\/p>\n\n\n\n<p><strong>Procedimentos:<\/strong><\/p>\n\n\n\n<p>Acessar o <strong><a rel=\"noreferrer noopener\" href=\"http:\/\/portal.uel.br\/portais\/pages\/portais.php\" target=\"_blank\">Portal do servidor<\/a><\/strong>, clicar em Criar E-mail e preencher a tela disponibilizada conforme as orienta\u00e7\u00f5es.<\/p>\n\n\n\n<p>Para instru\u00e7\u00f5es detalhadas, siga as orienta\u00e7\u00f5es do <a href=\"https:\/\/sites.uel.br\/ati\/tutorial\/2021\/06\/09\/criar-e-mail-pessoal-pela-primeira-vez\/\">tutorial de cria\u00e7\u00e3o de e-mail<\/a>.<\/p>\n\n\n\n<p><em><strong>Obs<\/strong>.: Contas de e-mail relacionadas \u00e0 \u00f3rg\u00e3os (por exemplo \u2013 ati@uel.br) devem ser&nbsp; requeridas atrav\u00e9s da Solicita\u00e7\u00e3o de Servi\u00e7os ATI.<\/em><\/p>\n\n\n\n<div style=\"height:30px\" aria-hidden=\"true\" class=\"wp-block-spacer\"><\/div>\n\n\n\n<div class=\"wp-block-buttons is-horizontal is-content-justification-center is-layout-flex wp-container-core-buttons-is-layout-499968f5 wp-block-buttons-is-layout-flex\">\n<div class=\"wp-block-button is-style-outline is-style-outline--2\"><a class=\"wp-block-button__link has-verde-escuro-background-color has-text-color has-background wp-element-button\" href=\"https:\/\/sites.uel.br\/ati\/sistema-de-solicitacao-de-servico\/\" style=\"color:#f2f8fa\" target=\"_blank\" rel=\"noreferrer noopener\"><strong>Tutorial Solicita\u00e7\u00e3o de Servi\u00e7os ATI<\/strong><\/a><\/div>\n<\/div>\n\n\n\n<div style=\"height:30px\" aria-hidden=\"true\" class=\"wp-block-spacer\"><\/div>\n\n\n\n<hr class=\"wp-block-separator has-css-opacity is-style-wide\" \/>\n\n\n\n<div style=\"height:30px\" aria-hidden=\"true\" class=\"wp-block-spacer\"><\/div>\n\n\n\n<p class=\"has-medium-font-size\"><strong>Alunos de Gradua\u00e7\u00e3o e<\/strong><strong> <\/strong><strong>P\u00f3s-Gradua\u00e7\u00e3o<\/strong><\/p>\n\n\n\n<p><strong>Procedimentos<\/strong><em>:<\/em><\/p>\n\n\n\n<p>Estar regularmente matriculado no ano corrente.<\/p>\n\n\n\n<p>Acessar o <strong><a rel=\"noreferrer noopener\" href=\"http:\/\/portal.uel.br\/portais\/pages\/portais.php\" target=\"_blank\">Portal do Estudante<\/a><\/strong>, clicar em Servi\u00e7os Digitais UEL e verificar o e-mail sugerido, digitar a senha do Portal.<\/p>\n\n\n\n<p><strong>Obs.: Este endere\u00e7o eletr\u00f4nico (e-mail) ser\u00e1 desativado ap\u00f3s o t\u00e9rmino do curso ou quando n\u00e3o houver mais v\u00ednculo ativo com a UEL,  conforme o Art. 5\u00ba do <a href=\"https:\/\/sites.uel.br\/ati\/wp-content\/uploads\/2021\/07\/Ato-Executivo-082-2009.pdf.pdf\">Ato Executivo 082\/2009<\/a><\/strong><\/p>\n\n\n\n<div style=\"height:30px\" aria-hidden=\"true\" class=\"wp-block-spacer\"><\/div>\n\n\n\n<hr class=\"wp-block-separator has-css-opacity is-style-wide\" \/>\n\n\n\n<div style=\"height:30px\" aria-hidden=\"true\" class=\"wp-block-spacer\"><\/div>\n\n\n\n<p class=\"has-medium-font-size\"><strong>Docentes Convidados, Colaboradores e Usu\u00e1rio Especial<\/strong><\/p>\n\n\n\n<p>Providenciar junto ao \u00f3rg\u00e3o ao qual est\u00e1 vinculado, uma Solicita\u00e7\u00e3o de Servi\u00e7os para a ATI, acessar o tutorial <a href=\"https:\/\/sites.uel.br\/ati\/criar-e-mail-institucional\/\">Criar e-mail Institucional ou e-mail de Usu\u00e1rio Especial.<\/a><\/p>\n\n\n\n<div style=\"height:30px\" aria-hidden=\"true\" class=\"wp-block-spacer\"><\/div>\n\n\n\n<div style=\"height:30px\" aria-hidden=\"true\" class=\"wp-block-spacer\"><\/div>\n\n\n\n<hr class=\"wp-block-separator has-css-opacity is-style-wide\" \/>\n\n\n\n<div style=\"height:30px\" aria-hidden=\"true\" class=\"wp-block-spacer\"><\/div>\n\n\n\n<p class=\"has-text-align-center\"><strong>Em caso de d\u00favidas, entre em contato com nossos <a href=\"https:\/\/sites.uel.br\/ati\/atendimento\/\">canais de atendimento<\/a><\/strong><\/p>\n\n\n\n<div style=\"height:30px\" aria-hidden=\"true\" class=\"wp-block-spacer\"><\/div>\n","protected":false},"excerpt":{"rendered":"<p>Os servi\u00e7os disponibilizados pela Assessoria Tecnologia de Informa\u00e7\u00e3o da UEL s\u00e3o destinados \u00e0 comunidade universit\u00e1ria para fins acad\u00eamicos, de pesquisa e extens\u00e3o, que tem acesso \u2013&nbsp; remoto e local \u2013&nbsp; a servi\u00e7os digitais&nbsp; em Tecnologia da Informa\u00e7\u00e3o,&nbsp; ap\u00f3s a cria\u00e7\u00e3o de uma conta de e-mail pessoal. \u00c9 autorizada a cria\u00e7\u00e3o de somente uma conta pessoal [&hellip;]<\/p>\n","protected":false},"author":10,"featured_media":0,"parent":0,"menu_order":0,"comment_status":"closed","ping_status":"closed","template":"","meta":{"_acf_changed":false,"_themeisle_gutenberg_block_has_review":false,"footnotes":""},"class_list":["post-1113","page","type-page","status-publish","hentry"],"acf":[],"_links":{"self":[{"href":"https:\/\/sites.uel.br\/ati\/wp-json\/wp\/v2\/pages\/1113","targetHints":{"allow":["GET"]}}],"collection":[{"href":"https:\/\/sites.uel.br\/ati\/wp-json\/wp\/v2\/pages"}],"about":[{"href":"https:\/\/sites.uel.br\/ati\/wp-json\/wp\/v2\/types\/page"}],"author":[{"embeddable":true,"href":"https:\/\/sites.uel.br\/ati\/wp-json\/wp\/v2\/users\/10"}],"replies":[{"embeddable":true,"href":"https:\/\/sites.uel.br\/ati\/wp-json\/wp\/v2\/comments?post=1113"}],"version-history":[{"count":31,"href":"https:\/\/sites.uel.br\/ati\/wp-json\/wp\/v2\/pages\/1113\/revisions"}],"predecessor-version":[{"id":3099,"href":"https:\/\/sites.uel.br\/ati\/wp-json\/wp\/v2\/pages\/1113\/revisions\/3099"}],"wp:attachment":[{"href":"https:\/\/sites.uel.br\/ati\/wp-json\/wp\/v2\/media?parent=1113"}],"curies":[{"name":"wp","href":"https:\/\/api.w.org\/{rel}","templated":true}]}}