{"id":96,"date":"2025-02-03T15:31:29","date_gmt":"2025-02-03T18:31:29","guid":{"rendered":"https:\/\/sites.uel.br\/aplicacao\/?page_id=96"},"modified":"2025-02-03T15:31:29","modified_gmt":"2025-02-03T18:31:29","slug":"conselho-escolar","status":"publish","type":"page","link":"https:\/\/sites.uel.br\/aplicacao\/conselho-escolar\/","title":{"rendered":"Conselho escolar"},"content":{"rendered":"\n<p><\/p>\n\n\n\n<p>O&nbsp;<strong>Conselho Escolar<\/strong>&nbsp;\u00e9 o \u00f3rg\u00e3o m\u00e1ximo ao n\u00edvel da escola e tem fun\u00e7\u00f5es consultivas, deliberativa e fiscalizadora, com pr\u00e9via consulta aos seus pares.<\/p>\n\n\n\n<p>O Conselho Escolar \u00e9 constitu\u00eddo pelo Diretor da Escola, como membro nato, ou seu substituto legal indicado e por cinco pais de alunos, quatro alunos, sete professores e dois funcion\u00e1rios e seus respectivos suplentes, eleitos por seus pares.<\/p>\n\n\n\n<p>O mandato de cada membro do Conselho Escolar ter\u00e1 a dura\u00e7\u00e3o de dois anos.<\/p>\n\n\n\n<p>&nbsp;&nbsp;&nbsp;&nbsp;&nbsp;&nbsp;<strong><em>ATRIBUI\u00c7\u00d5ES DO CONSELHO<\/em><\/strong><strong><em><\/em><\/strong><\/p>\n\n\n\n<ul class=\"wp-block-list\">\n<li>Elaborar o regimento;<\/li>\n\n\n\n<li>Elaborar o plano administrativo conjuntamente com a dire\u00e7\u00e3o da escola sobre a programa\u00e7\u00e3o e aplica\u00e7\u00e3o dos recursos para a manuten\u00e7\u00e3o e conserva\u00e7\u00e3o da Escola;<\/li>\n\n\n\n<li>Criar e garantir mecanismos de participa\u00e7\u00e3o efetiva e democr\u00e1tica da comunidade escolar na defini\u00e7\u00e3o do projeto pol\u00edtico-pedag\u00f3gico da comunidade escolar;<\/li>\n\n\n\n<li>Divulgar peri\u00f3dica e sistematicamente informa\u00e7\u00f5es referentes ao uso dos recursos financeiros, resultados obtidos e \u00e0 qualidade dos servi\u00e7os prestados;<\/li>\n\n\n\n<li>Convocar assembl\u00e9ias gerais da comunidade escolar ou de seus segmentos;<\/li>\n\n\n\n<li>Definir o calend\u00e1rio escolar, no que competir \u00e0 unidade, observando a legisla\u00e7\u00e3o vigente;<\/li>\n\n\n\n<li>Fiscalizar a gest\u00e3o administrativo-pedag\u00f3gica e financeira da comunidade escolar;<\/li>\n\n\n\n<li>Emitir parecer conclusivo na presta\u00e7\u00e3o de contas que demonstra a aplica\u00e7\u00e3o dos recursos financeiros transferidos por \u00d3rg\u00e3os Federais, Estaduais e Municipais, \u00e0 Escola e ou C\u00edrculo de Pais e Mestres.<\/li>\n<\/ul>\n\n\n\n<p>O Conselho Escolar dever\u00e1 reunir-se ordinariamente uma vez por m\u00eas e extraordinariamente, quando necess\u00e1rio.<\/p>\n\n\n\n<p>O Conselho Escolar funcionar\u00e1 somente com quorum m\u00ednimo de metade mais um de seus membros.<\/p>\n\n\n\n<p>Os suplentes eleitos poder\u00e3o assistir as reuni\u00f5es do Conselho Escolar, com direito \u00e0 voz. Em caso de aus\u00eancia do titular, o suplente ter\u00e1 direito \u00e0 voz e voto.<\/p>\n\n\n\n<p>Qualquer membro da Comunidade Escolar poder\u00e1 assistir as reuni\u00f5es do Conselho Escolar com direito \u00e0 voz, mas n\u00e3o ao voto.<\/p>\n\n\n\n<h1 class=\"wp-block-heading\">&nbsp;<\/h1>\n\n\n\n<p>&nbsp;<strong>MEMBROS DO CONSELHO ESCOLAR<\/strong><\/p>\n\n\n\n<h4 class=\"wp-block-heading\"><strong>Presidente<\/strong><strong><em><\/em><\/strong><\/h4>\n\n\n\n<ul class=\"wp-block-list\">\n<li>Tania da Costa Fernandes<\/li>\n<\/ul>\n\n\n\n<h4 class=\"wp-block-heading\"><strong>Vice-Presidente<\/strong><\/h4>\n\n\n\n<p>Jaqueline Aparecida Barros Alves<\/p>\n\n\n\n<h4 class=\"wp-block-heading\"><strong>Membros titulares &#8211; Categorias Comunidade Escolar<\/strong><\/h4>\n\n\n\n<p><strong>Funcion\u00e1rios Servi\u00e7os Gerais:<\/strong>&nbsp;Rosemeire Pires Gutierrez<\/p>\n\n\n\n<p><strong>Professor Ensino Fundamental:<\/strong>&nbsp;Anderson Alex Mazieri<\/p>\n\n\n\n<p><strong>Professor Ensino M\u00e9dio:<\/strong>&nbsp;Josiane Ap. Busquim Mota<\/p>\n\n\n\n<p><strong>Professor Ensino Profissionalizante:<\/strong>&nbsp;Ivete Oliveira Souza<\/p>\n\n\n\n<p><strong>Rep. Pais Ens. M\u00e9dio<\/strong>: Magali a Silva Rock Soler<\/p>\n\n\n\n<p><strong>Rep. Alunos Ens. M\u00e9dio<\/strong>: Beatriz de Souza Brand\u00e3o<\/p>\n\n\n\n<p><strong>Funcion\u00e1rios Administrativos:<\/strong>&nbsp;Luciano Ramos Paiva<\/p>\n\n\n\n<p><strong>Rep. Alunos Profissionalizante:&nbsp;<\/strong>Rosangela Ap. da Silva<\/p>\n\n\n\n<p><strong>Pedagogia:<\/strong>&nbsp;Rita de C\u00e1ssia Bartels<\/p>\n\n\n\n<h4 class=\"wp-block-heading\"><strong>Membros Suplentes &#8211; Categorias&nbsp;Comunidade Escolar<\/strong><\/h4>\n\n\n\n<p><strong>Funcion\u00e1rios Servi\u00e7os Gerais:<\/strong>&nbsp;Maria Antonia Gomes Gotardo<\/p>\n\n\n\n<p><strong>Professor Ensino Fundamental:<\/strong>&nbsp;Daniela Cavali Ferreira<\/p>\n\n\n\n<p><strong>Professor Ensino M\u00e9dio:&nbsp;<\/strong>Mozart Rodrigues<\/p>\n\n\n\n<p><strong>Professor Ensino Profissionalizante:<\/strong>&nbsp;Leandra Fagan Gon\u00e7alves<\/p>\n\n\n\n<p><strong>Funcion\u00e1rio Administrativo:<\/strong>&nbsp;Marina Aparecida Martins de Oliveira<\/p>\n\n\n\n<p><strong>Pedagogos<\/strong>: Amalia Grazielle F. M. Vieira<\/p>\n\n\n\n<p><strong>Rep. Pais Ens. Fund. e M\u00e9dio<\/strong>: Jaqueline Ap. Barros Alves<\/p>\n\n\n\n<p><strong>Rep. Aluno Fund<\/strong>.: Ana Clara Fermino Nunes<\/p>\n\n\n\n<p><strong>Rep. Aluno Profissionalizante<\/strong>: Geovanna K. Artuzzi&nbsp; &nbsp;<\/p>\n\n\n\n<h4 class=\"wp-block-heading\"><strong>Membros Titulares &#8211; Categoria Comunidade Local<\/strong><\/h4>\n\n\n\n<p><strong>Membro da Comunidade Externa APMF:<\/strong><\/p>\n\n\n\n<p>Carlos Ap. Barbosa<\/p>\n\n\n\n<p>C\u00e9lia Andr\u00e9ia Sant Anna<\/p>\n\n\n\n<h4 class=\"wp-block-heading\"><strong>Membros Suplentes &#8211; Categoria Comunidade Local<\/strong><\/h4>\n\n\n\n<p>Linda Tsuiko Tatakihara&nbsp;<\/p>\n\n\n\n<p>Maria Inalva dos Santos<\/p>\n","protected":false},"excerpt":{"rendered":"<p>O&nbsp;Conselho Escolar&nbsp;\u00e9 o \u00f3rg\u00e3o m\u00e1ximo ao n\u00edvel da escola e tem fun\u00e7\u00f5es consultivas, deliberativa e fiscalizadora, com pr\u00e9via consulta aos seus pares. O Conselho Escolar \u00e9 constitu\u00eddo pelo Diretor da Escola, como membro nato, ou seu substituto legal indicado e por cinco pais de alunos, quatro alunos, sete professores e dois funcion\u00e1rios e seus respectivos [&hellip;]<\/p>\n","protected":false},"author":1,"featured_media":0,"parent":0,"menu_order":0,"comment_status":"closed","ping_status":"closed","template":"","meta":{"_acf_changed":false,"footnotes":""},"class_list":["post-96","page","type-page","status-publish","hentry"],"acf":[],"_links":{"self":[{"href":"https:\/\/sites.uel.br\/aplicacao\/wp-json\/wp\/v2\/pages\/96","targetHints":{"allow":["GET"]}}],"collection":[{"href":"https:\/\/sites.uel.br\/aplicacao\/wp-json\/wp\/v2\/pages"}],"about":[{"href":"https:\/\/sites.uel.br\/aplicacao\/wp-json\/wp\/v2\/types\/page"}],"author":[{"embeddable":true,"href":"https:\/\/sites.uel.br\/aplicacao\/wp-json\/wp\/v2\/users\/1"}],"replies":[{"embeddable":true,"href":"https:\/\/sites.uel.br\/aplicacao\/wp-json\/wp\/v2\/comments?post=96"}],"version-history":[{"count":1,"href":"https:\/\/sites.uel.br\/aplicacao\/wp-json\/wp\/v2\/pages\/96\/revisions"}],"predecessor-version":[{"id":97,"href":"https:\/\/sites.uel.br\/aplicacao\/wp-json\/wp\/v2\/pages\/96\/revisions\/97"}],"wp:attachment":[{"href":"https:\/\/sites.uel.br\/aplicacao\/wp-json\/wp\/v2\/media?parent=96"}],"curies":[{"name":"wp","href":"https:\/\/api.w.org\/{rel}","templated":true}]}}