{"id":30,"date":"2025-01-30T16:42:38","date_gmt":"2025-01-30T19:42:38","guid":{"rendered":"https:\/\/sites.uel.br\/aplicacao\/?page_id=30"},"modified":"2025-02-03T16:20:18","modified_gmt":"2025-02-03T19:20:18","slug":"ensino-fundamento-anos-iniciais","status":"publish","type":"page","link":"https:\/\/sites.uel.br\/aplicacao\/ensino-fundamento-anos-iniciais\/","title":{"rendered":"Ensino Fundamento- Anos Iniciais"},"content":{"rendered":"\n<p><\/p>\n\n\n\n<figure class=\"wp-block-image size-full\"><img loading=\"lazy\" decoding=\"async\" width=\"948\" height=\"630\" src=\"https:\/\/sites.uel.br\/aplicacao\/wp-content\/uploads\/2025\/01\/caplcampus.jpg\" alt=\"\" class=\"wp-image-64\" srcset=\"https:\/\/sites.uel.br\/aplicacao\/wp-content\/uploads\/2025\/01\/caplcampus.jpg 948w, https:\/\/sites.uel.br\/aplicacao\/wp-content\/uploads\/2025\/01\/caplcampus-300x199.jpg 300w, https:\/\/sites.uel.br\/aplicacao\/wp-content\/uploads\/2025\/01\/caplcampus-768x510.jpg 768w\" sizes=\"auto, (max-width: 948px) 100vw, 948px\" \/><figcaption class=\"wp-element-caption\">materia sobre os sessenta anos do colegio aplica\u00e7ao &#8211; unidade campus &#8211; fotos: gustavo carneiro &#8211; folha de londrina &#8211; 09\/07\/20<\/figcaption><\/figure>\n\n\n\n<p><strong><em>Hist\u00f3rico<\/em><\/strong><\/p>\n\n\n\n<p>Em 14 de fevereiro de 1978 foi autorizado ao Col\u00e9gio de Aplica\u00e7\u00e3o Pedag\u00f3gica da UEL, a ofertar dos Anos Iniciais e Anos Finais do Ensino Fundamental primeiramente de (1\u00aa a 8\u00aa s\u00e9ries) e aos Cursos Profissionalizantes.<\/p>\n\n\n\n<p>Desse modo, em 18 de julho de 1979 foi inaugurada a Escola dos Anos Iniciais do Ensino Fundamental, localizada no Campus Universit\u00e1rio, tendo suas atividades acad\u00eamicas iniciadas em fevereiro de 1980.<\/p>\n\n\n\n<p><strong><em>Equipe Gestora 2018 &#8211; 2022<\/em><\/strong><\/p>\n\n\n\n<p>\u00b7&nbsp;&nbsp;&nbsp;&nbsp;&nbsp;&nbsp;&nbsp;&nbsp;&nbsp;Diretora Geral: Profa. Dra. Tania da Costa Fernandes<\/p>\n\n\n\n<p>\u00b7&nbsp;&nbsp;&nbsp;&nbsp;&nbsp;&nbsp;&nbsp;&nbsp;&nbsp;Vice-diretora: Profa. Dra. Marlizete Cristina BonafiniSteinle<\/p>\n\n\n\n<p>\u00b7&nbsp;&nbsp;&nbsp;&nbsp;&nbsp;&nbsp;&nbsp;&nbsp;&nbsp;Diretora Auxiliar: Profa. Jacqueline Aparecida de Barros Alves<\/p>\n\n\n\n<p><strong><em>Atua\u00e7\u00e3o<\/em><\/strong><\/p>\n\n\n\n<p>\u00b7&nbsp;&nbsp;&nbsp;&nbsp;&nbsp;&nbsp;&nbsp;&nbsp;&nbsp;<strong>1\u00ba ano<\/strong><\/p>\n\n\n\n<p>Alunos que completam 6 anos at\u00e9 31\/3 do ano letivo<\/p>\n\n\n\n<p>\u00b7&nbsp;&nbsp;&nbsp;&nbsp;&nbsp;&nbsp;&nbsp;&nbsp;&nbsp;<strong>2\u00ba ano<\/strong><\/p>\n\n\n\n<p>Alunos que completam 7 anos at\u00e9 31\/3 do ano letivo<\/p>\n\n\n\n<p>\u00b7&nbsp;&nbsp;&nbsp;&nbsp;&nbsp;&nbsp;&nbsp;&nbsp;&nbsp;<strong>3\u00ba ano<\/strong><\/p>\n\n\n\n<p>Alunos que completam 8 anos at\u00e9 31\/3 do ano letivo<\/p>\n\n\n\n<p>\u00b7&nbsp;&nbsp;&nbsp;&nbsp;&nbsp;&nbsp;&nbsp;&nbsp;&nbsp;<strong>4\u00ba ano<\/strong><\/p>\n\n\n\n<p>Alunos que completam 9 anos at\u00e9 31\/3 do ano letivo<\/p>\n\n\n\n<p>\u00b7&nbsp;&nbsp;&nbsp;&nbsp;&nbsp;&nbsp;&nbsp;&nbsp;&nbsp;<strong>5\u00ba ano<\/strong><\/p>\n\n\n\n<p>Alunos que completam 10 anos at\u00e9 31\/3 do ano letivo<\/p>\n\n\n\n<p><strong><em>Equipe Pedag\u00f3gica 2020:<\/em><\/strong><\/p>\n\n\n\n<p><strong><em>Matutino<\/em><\/strong><\/p>\n\n\n\n<p>\u00b7&nbsp;&nbsp;&nbsp;&nbsp;&nbsp;&nbsp;&nbsp;&nbsp;&nbsp;Eliane de Barros<\/p>\n\n\n\n<p>\u00b7&nbsp;&nbsp;&nbsp;&nbsp;&nbsp;&nbsp;&nbsp;&nbsp;&nbsp;Jaqueline Bonif\u00e1cio da Silva<\/p>\n\n\n\n<p><strong><em>Vespertino<\/em><\/strong><\/p>\n\n\n\n<ul class=\"wp-block-list\">\n<li>Am\u00e1lia&nbsp; Machado<\/li>\n<\/ul>\n\n\n\n<p>Rosangela da Silva Ferreira<\/p>\n\n\n\n<p><strong><em>Equipe Docente 2020<\/em><\/strong><\/p>\n\n\n\n<p><strong><em>Matutino<\/em><\/strong><\/p>\n\n\n\n<p>\u00b7&nbsp;&nbsp;&nbsp;&nbsp;&nbsp;&nbsp;&nbsp;&nbsp;&nbsp;1\u00ba Ano:&nbsp; Jusseli de Souza<\/p>\n\n\n\n<p>\u00b7&nbsp;&nbsp;&nbsp;&nbsp;&nbsp;&nbsp;&nbsp;&nbsp;&nbsp;2\u00ba Ano:&nbsp; Elena Silvia Louro<\/p>\n\n\n\n<p>\u00b7&nbsp;&nbsp;&nbsp;&nbsp;&nbsp;&nbsp;&nbsp;&nbsp;&nbsp;3\u00ba Ano: Heloisa Prenzler de Souza<\/p>\n\n\n\n<p>\u00b7&nbsp;&nbsp;&nbsp;&nbsp;&nbsp;&nbsp;&nbsp;&nbsp;&nbsp;4\u00ba Ano: Silvia Regina Martini Del Ciel<\/p>\n\n\n\n<p>\u00b7&nbsp;&nbsp;&nbsp;&nbsp;&nbsp;&nbsp;&nbsp;&nbsp;&nbsp;5\u00ba Ano: Cristiana&nbsp; Aparecida LessiaCorr\u00e8a<\/p>\n\n\n\n<p><strong><em>Vespertino<\/em><\/strong><\/p>\n\n\n\n<p>\u00b7&nbsp;&nbsp;&nbsp;&nbsp;&nbsp;&nbsp;&nbsp;&nbsp;&nbsp;1\u00ba Ano: Jusseli de Souza<\/p>\n\n\n\n<p>\u00b7&nbsp;&nbsp;&nbsp;&nbsp;&nbsp;&nbsp;&nbsp;&nbsp;&nbsp;2\u00ba Ano: Elena Silvia Louro<\/p>\n\n\n\n<p>\u00b7&nbsp;&nbsp;&nbsp;&nbsp;&nbsp;&nbsp;&nbsp;&nbsp;&nbsp;3\u00b0 Ano: Heloisa Prenzler de Souza<\/p>\n\n\n\n<p>\u00b7&nbsp;&nbsp;&nbsp;&nbsp;&nbsp;&nbsp;&nbsp;&nbsp;&nbsp;4\u00ba Ano: Silvia Regina Martini Del Ciel<\/p>\n\n\n\n<p>\u00b7&nbsp;&nbsp;&nbsp;&nbsp;&nbsp;&nbsp;&nbsp;&nbsp;&nbsp;5\u00b0 Ano:&nbsp;Daniela de Souza Silva<\/p>\n\n\n\n<p><strong><em>Equipe T\u00e9cnico-administrativo e Apoio 2020:<\/em><\/strong><\/p>\n\n\n\n<ul class=\"wp-block-list\">\n<li>Secretaria: Rodrigo Capobianco&nbsp; e&nbsp; Jo\u00e3o Carlos Camilo dos Santos<\/li>\n\n\n\n<li>Apoio Geral: Simony Antonia Machado, Terezinha Virches Ferreira, Celia Regina de Souza de Assis, Claudete Ferreira Machado, Celina da Silva<\/li>\n<\/ul>\n\n\n\n<p><strong><em>&nbsp;Programas e Profissionais de Inclus\u00e3o 2020<\/em><\/strong><\/p>\n\n\n\n<p><strong><em>Matutino<\/em><\/strong><\/p>\n\n\n\n<p><strong><em>Sala de Recursos<\/em><\/strong><strong><\/strong><\/p>\n\n\n\n<p>\u00b7&nbsp;&nbsp;&nbsp;&nbsp;&nbsp;&nbsp;&nbsp;&nbsp;&nbsp;Prof. Divarci Rodrigues dos Santos<\/p>\n\n\n\n<p><strong><em>Sala de Contraturno<\/em><\/strong><strong><\/strong><\/p>\n\n\n\n<p>\u00b7&nbsp;&nbsp;&nbsp;&nbsp;&nbsp;&nbsp;&nbsp;&nbsp;&nbsp;<em>Prof.&nbsp; Claudin\u00e9ia Cipriano de Oliveira Go\u00e9s<\/em><\/p>\n\n\n\n<p><strong><em>Professora de Apoio em sala \u2013 PAEE<\/em><\/strong><strong><\/strong><\/p>\n\n\n\n<ul class=\"wp-block-list\">\n<li><em>Prof. Shirley Alves Godoy<\/em><\/li>\n<\/ul>\n\n\n\n<p><strong><em>Vespertino<\/em><\/strong><\/p>\n\n\n\n<p><em>Sala de Recursos<\/em><\/p>\n\n\n\n<p>\u00b7&nbsp;&nbsp;&nbsp;&nbsp;&nbsp;&nbsp;&nbsp;&nbsp;&nbsp;Prof. Lucimeire de Vergines Guilherme<\/p>\n\n\n\n<p><strong><em>Professora de Apoio em sala \u2013 PAC<\/em><\/strong><strong><\/strong><\/p>\n\n\n\n<ul class=\"wp-block-list\">\n<li><em>Prof. Shirley Alves de Godoy<\/em><\/li>\n<\/ul>\n\n\n\n<p><strong><em>Professora de Apoio em sala \u2013 PAEE<\/em><\/strong><strong><\/strong><\/p>\n\n\n\n<p>\u00b7&nbsp;&nbsp;&nbsp;&nbsp;&nbsp;&nbsp;&nbsp;&nbsp;&nbsp;<em>Prof. Carmem&nbsp; L\u00facia Galhardo<\/em><\/p>\n\n\n\n<p><strong><em>Matriz curricular 2020<\/em><\/strong><strong><\/strong><\/p>\n\n\n\n<p><strong>Componentes curriculares:<\/strong><\/p>\n\n\n\n<ul class=\"wp-block-list\">\n<li>Artes Visuais<\/li>\n\n\n\n<li>Ci\u00eancias<\/li>\n\n\n\n<li>Educa\u00e7\u00e3o F\u00edsica&nbsp;<\/li>\n\n\n\n<li>Geografia<\/li>\n\n\n\n<li>Hist\u00f3ria&nbsp;<\/li>\n\n\n\n<li>L\u00edngua Inglesa<\/li>\n\n\n\n<li>L\u00edngua Portuguesa<\/li>\n\n\n\n<li>Matem\u00e1tica<\/li>\n\n\n\n<li>Educa\u00e7\u00e3o Religiosa<\/li>\n<\/ul>\n\n\n\n<p><strong><em>Hor\u00e1rios de Aula<\/em><\/strong><strong><\/strong><\/p>\n\n\n\n<p><strong><em>Matutino:<\/em><\/strong><\/p>\n\n\n\n<p>Das 8h \u00e0s 12h<\/p>\n\n\n\n<p><strong><em>Vespertino:<\/em><\/strong><\/p>\n\n\n\n<p>Das 13h30 \u00e0s 17h30<\/p>\n\n\n\n<p><strong><em>Projetos<\/em><\/strong><em><\/em><\/p>\n\n\n\n<p>\u00b7&nbsp;&nbsp;&nbsp;&nbsp;&nbsp;&nbsp;&nbsp;&nbsp;&nbsp;Resid\u00eancia Pedag\u00f3gica<\/p>\n\n\n\n<p>\u00b7&nbsp;&nbsp;&nbsp;&nbsp;&nbsp;&nbsp;&nbsp;&nbsp;&nbsp;PIBID<\/p>\n\n\n\n<p>\u00b7&nbsp;&nbsp;&nbsp;&nbsp;&nbsp;&nbsp;&nbsp;&nbsp;&nbsp;Aulas de Ingl\u00eas<\/p>\n\n\n\n<p>\u00b7&nbsp;&nbsp;&nbsp;&nbsp;&nbsp;&nbsp;&nbsp;&nbsp;&nbsp;M\u00fasica<\/p>\n\n\n\n<p>\u00b7&nbsp;&nbsp;&nbsp;&nbsp;&nbsp;&nbsp;&nbsp;&nbsp;&nbsp;Pazeando \u2013 Cultura da Paz em Londrina<\/p>\n\n\n\n<p>\u00b7&nbsp;&nbsp;&nbsp;&nbsp;&nbsp;&nbsp;&nbsp;&nbsp;&nbsp;Projetos de pesquisa vinculados \u00e0s gradua\u00e7\u00f5es e p\u00f3s-gradua\u00e7\u00f5es da UEL<\/p>\n\n\n\n<p><strong><em>Nossos Espa\u00e7os<\/em><\/strong><\/p>\n\n\n\n<p>\u00b7&nbsp;&nbsp;&nbsp;&nbsp;&nbsp;&nbsp;&nbsp;&nbsp;&nbsp;Salas de Aula<\/p>\n\n\n\n<p>\u00b7&nbsp;&nbsp;&nbsp;&nbsp;&nbsp;&nbsp;&nbsp;&nbsp;&nbsp;Biblioteca<\/p>\n\n\n\n<p>\u00b7&nbsp;&nbsp;&nbsp;&nbsp;&nbsp;&nbsp;&nbsp;&nbsp;&nbsp;Refeit\u00f3rio<\/p>\n\n\n\n<p>\u00b7&nbsp;&nbsp;&nbsp;&nbsp;&nbsp;&nbsp;&nbsp;&nbsp;&nbsp;Quadra<\/p>\n\n\n\n<p>\u00b7&nbsp;&nbsp;&nbsp;&nbsp;&nbsp;&nbsp;&nbsp;&nbsp;&nbsp;Horta<\/p>\n\n\n\n<p>\u00b7&nbsp;&nbsp;&nbsp;&nbsp;&nbsp;&nbsp;&nbsp;&nbsp;&nbsp;Espa\u00e7o Verde<\/p>\n\n\n\n<p>\u00b7&nbsp;&nbsp;&nbsp;&nbsp;&nbsp;&nbsp;&nbsp;&nbsp;&nbsp;Sala de Professores<\/p>\n\n\n\n<p>\u00b7&nbsp;&nbsp;&nbsp;&nbsp;&nbsp;&nbsp;&nbsp;&nbsp;&nbsp;Sala da Equipe Pedag\u00f3gica<\/p>\n\n\n\n<p>\u00b7&nbsp;&nbsp;&nbsp;&nbsp;&nbsp;&nbsp;&nbsp;&nbsp;&nbsp;Sala de Recurso<\/p>\n\n\n\n<p>\u00b7&nbsp;&nbsp;&nbsp;&nbsp;&nbsp;&nbsp;&nbsp;&nbsp;&nbsp;Sala de Contraturno<\/p>\n\n\n\n<p>\u00b7&nbsp;&nbsp;&nbsp;&nbsp;&nbsp;&nbsp;&nbsp;&nbsp;&nbsp;Sala da Dire\u00e7\u00e3o.<\/p>\n\n\n\n<p><strong><em>Documentos e normas \u2013 Est\u00e1gio Supervisionado Obrigat\u00f3rio<\/em><\/strong><\/p>\n\n\n\n<p><a href=\"https:\/\/sites.uel.br\/aplicacao\/proj-politico-pedagogico\/\" data-type=\"page\" data-id=\"28\">PPP Col\u00e9gio de Aplica\u00e7\u00e3o <\/a><\/p>\n\n\n\n<p><a href=\"https:\/\/sites.uel.br\/aplicacao\/regimento-escolar\/\" data-type=\"page\" data-id=\"29\">Regimento escolar <\/a><\/p>\n\n\n\n<p class=\"has-text-align-left\"><strong>Memorias <\/strong><\/p>\n\n\n\n<figure class=\"wp-block-image size-large is-resized\"><img loading=\"lazy\" decoding=\"async\" width=\"1024\" height=\"768\" src=\"https:\/\/sites.uel.br\/aplicacao\/wp-content\/uploads\/2025\/01\/IMG_20201020_095808056-1-1024x768.jpg\" alt=\"\" class=\"wp-image-68\" style=\"width:364px;height:auto\" srcset=\"https:\/\/sites.uel.br\/aplicacao\/wp-content\/uploads\/2025\/01\/IMG_20201020_095808056-1-1024x768.jpg 1024w, https:\/\/sites.uel.br\/aplicacao\/wp-content\/uploads\/2025\/01\/IMG_20201020_095808056-1-300x225.jpg 300w, https:\/\/sites.uel.br\/aplicacao\/wp-content\/uploads\/2025\/01\/IMG_20201020_095808056-1-768x576.jpg 768w, https:\/\/sites.uel.br\/aplicacao\/wp-content\/uploads\/2025\/01\/IMG_20201020_095808056-1-1536x1152.jpg 1536w, https:\/\/sites.uel.br\/aplicacao\/wp-content\/uploads\/2025\/01\/IMG_20201020_095808056-1-2048x1536.jpg 2048w\" sizes=\"auto, (max-width: 1024px) 100vw, 1024px\" \/><\/figure>\n\n\n\n<p><strong>Contatos <\/strong><\/p>\n\n\n\n<p><em>Endere\u00e7o:<\/em><\/p>\n\n\n\n<p><em>Telefones:&nbsp;<\/em><\/p>\n\n\n\n<p>\u00b7&nbsp;&nbsp;&nbsp;&nbsp;&nbsp;&nbsp;&nbsp;&nbsp;&nbsp;<em>Dire\u00e7\u00e3o Auxiliar:&nbsp; 3371-4088<\/em><\/p>\n\n\n\n<p>\u00b7&nbsp;&nbsp;&nbsp;&nbsp;&nbsp;&nbsp;&nbsp;&nbsp;&nbsp;<em>Secretaria: &nbsp; &nbsp; &nbsp; &nbsp; &nbsp; 33714389<\/em><\/p>\n\n\n\n<p><em>E-mail:&nbsp;<\/em><a href=\"mailto:caplcampus@gmail.com\"><em>caplcampus@gmail.com<\/em><\/a><\/p>\n","protected":false},"excerpt":{"rendered":"<p>Hist\u00f3rico Em 14 de fevereiro de 1978 foi autorizado ao Col\u00e9gio de Aplica\u00e7\u00e3o Pedag\u00f3gica da UEL, a ofertar dos Anos Iniciais e Anos Finais do Ensino Fundamental primeiramente de (1\u00aa a 8\u00aa s\u00e9ries) e aos Cursos Profissionalizantes. Desse modo, em 18 de julho de 1979 foi inaugurada a Escola dos Anos Iniciais do Ensino Fundamental, [&hellip;]<\/p>\n","protected":false},"author":1,"featured_media":0,"parent":0,"menu_order":0,"comment_status":"closed","ping_status":"closed","template":"","meta":{"_acf_changed":false,"footnotes":""},"class_list":["post-30","page","type-page","status-publish","hentry"],"acf":[],"_links":{"self":[{"href":"https:\/\/sites.uel.br\/aplicacao\/wp-json\/wp\/v2\/pages\/30","targetHints":{"allow":["GET"]}}],"collection":[{"href":"https:\/\/sites.uel.br\/aplicacao\/wp-json\/wp\/v2\/pages"}],"about":[{"href":"https:\/\/sites.uel.br\/aplicacao\/wp-json\/wp\/v2\/types\/page"}],"author":[{"embeddable":true,"href":"https:\/\/sites.uel.br\/aplicacao\/wp-json\/wp\/v2\/users\/1"}],"replies":[{"embeddable":true,"href":"https:\/\/sites.uel.br\/aplicacao\/wp-json\/wp\/v2\/comments?post=30"}],"version-history":[{"count":4,"href":"https:\/\/sites.uel.br\/aplicacao\/wp-json\/wp\/v2\/pages\/30\/revisions"}],"predecessor-version":[{"id":153,"href":"https:\/\/sites.uel.br\/aplicacao\/wp-json\/wp\/v2\/pages\/30\/revisions\/153"}],"wp:attachment":[{"href":"https:\/\/sites.uel.br\/aplicacao\/wp-json\/wp\/v2\/media?parent=30"}],"curies":[{"name":"wp","href":"https:\/\/api.w.org\/{rel}","templated":true}]}}