{"id":21,"date":"2025-01-30T16:42:38","date_gmt":"2025-01-30T19:42:38","guid":{"rendered":"https:\/\/sites.uel.br\/aplicacao\/?page_id=21"},"modified":"2025-02-03T15:17:32","modified_gmt":"2025-02-03T18:17:32","slug":"o-aplicacao","status":"publish","type":"page","link":"https:\/\/sites.uel.br\/aplicacao\/o-aplicacao\/","title":{"rendered":"O aplica\u00e7\u00e3o"},"content":{"rendered":"\n<p><\/p>\n\n\n\n<p><strong>Cria\u00e7\u00e3o dos Col\u00e9gios de Aplica\u00e7\u00e3o<\/strong><\/p>\n\n\n\n<p>Os Col\u00e9gios de Aplica\u00e7\u00e3o foram criados pelo Decreto Federal n\u00ba 9053 de 12\/03\/1946, com a fun\u00e7\u00e3o espec\u00edfica de ser um tipo de Estabelecimento de Ensino em que os pr\u00f3prios alunos dos Cursos de Licenciatura fizessem a aplica\u00e7\u00e3o, numa situa\u00e7\u00e3o real de ensino-aprendizagem dos conhecimentos t\u00e9cnicos adquiridos no seu Curso de Gradua\u00e7\u00e3o, servindo tamb\u00e9m de Campo de experimenta\u00e7\u00e3o pedag\u00f3gica para renova\u00e7\u00e3o e melhoria do ensino Fundamental e M\u00e9dio.<\/p>\n\n\n\n<p>Sabemos que a efici\u00eancia de uma Universidade mede-se pela qualidade de profissionais que ela forma e a qualidade desses profissionais est\u00e1 na depend\u00eancia direta do treinamento que tiveram enquanto alunos da Universidade e que o treinamento dos profissionais do magist\u00e9rio depende, obviamente, das condi\u00e7\u00f5es de est\u00e1gio que a Universidade lhes proporciona. Com esta finalidade foram criados os Col\u00e9gios de Aplica\u00e7\u00e3o junto \u00e0s Institui\u00e7\u00f5es de Ensino Superior, oferecendo condi\u00e7\u00f5es de melhor forma\u00e7\u00e3o profissional aos futuros educadores.<\/p>\n\n\n\n<p><strong><em>DECRETO N\u00ba 9.053 DE 12 DE MAR\u00c7O&nbsp; DE 1946<\/em><\/strong><\/p>\n\n\n\n<figure class=\"wp-block-table\"><table class=\"has-fixed-layout\"><tbody><tr><td>Cria um gin\u00e1sio de aplica\u00e7\u00e3o nas Faculdades de Filosofia do Pa\u00eds. (D.O. 14.03.46)<\/td><\/tr><\/tbody><\/table><\/figure>\n\n\n\n<p>&nbsp;O Presidente da Rep\u00fablica, usando da atribui\u00e7\u00e3o que lhe confere o artigo 180 da Constitui\u00e7\u00e3o, decreta:<\/p>\n\n\n\n<p>Art. 1\u00ba &#8211; As Faculdades de Filosofia federais, reconhecidas ou autorizadas a funcionar no territ\u00f3rio nacional, ficam obrigadas a manter um gin\u00e1sio de aplica\u00e7\u00e3o destinado \u00e0 pr\u00e1tica docente dos alunos matriculados no cursos de Did\u00e1tica.<\/p>\n\n\n\n<p>Art. 2\u00ba &#8211; Os gin\u00e1sios de aplica\u00e7\u00e3o obedecer\u00e3o em tudo ao disposto no artigo 72 da Lei Org\u00e2nica do Ensino Secund\u00e1rio e respectiva regulamenta\u00e7\u00e3o, devendo funcionar na pr\u00f3pria sede da Faculdade ou em local pr\u00f3ximo.<\/p>\n\n\n\n<p>Art. 3\u00ba &#8211; Relativamente ao n\u00famero de anos, \u00e0 seria\u00e7\u00e3o das disciplinas, ao regime de provas e promo\u00e7\u00f5es e aos programas de ensino, os cursos ginasiais assim estabelecidos, ficam sujeitos \u00e0 Lei Org\u00e2nica do Ensino Secund\u00e1rio, promulgada pelo Decreto-lei n\u00ba 4.244, de 09 de abril de 1942, e \u00e0s suas modifica\u00e7\u00f5es posteriores.<\/p>\n\n\n\n<p>Art. 4\u00ba &#8211; Nas Faculdades federais o cumprimento destes dispositivos ficar\u00e1 sob a responsabilidade do Diretor da Faculdade; nas Faculdades reconhecidas, sob a responsabilidade do Diretor e do Inspetor Federal junto \u00e0 Faculdade.<\/p>\n\n\n\n<p>Art. 5\u00ba &#8211; Caber\u00e3o ao catedr\u00e1tico de Did\u00e1tica geral de cada Faculdade a dire\u00e7\u00e3o e a responsabilidade do Gin\u00e1sio de Aplica\u00e7\u00e3o.<\/p>\n\n\n\n<p>Art. 6\u00ba &#8211; Os alunos do curso de Did\u00e1tica, sob a orienta\u00e7\u00e3o do catedr\u00e1tico de Did\u00e1tica geral e dos respectivos assistentes de Did\u00e1tica especializada, ser\u00e3o encarregados, por turno, das diversas cadeiras do curso ginasial.<\/p>\n\n\n\n<p>Art. 7\u00ba &#8211; A dire\u00e7\u00e3o de cada Faculdade dever\u00e1 contratar professores licenciados, devidamente registrados, para a reg\u00eancia das cadeiras correspondentes \u00e0s se\u00e7\u00f5es did\u00e1ticas que n\u00e3o estejam em funcionamento ou nas quais n\u00e3o haja alunos matriculados.<\/p>\n\n\n\n<p>Art. 8\u00ba &#8211; A fiscaliza\u00e7\u00e3o do Gin\u00e1sio de Aplica\u00e7\u00e3o caber\u00e1 ao Diretor da Faculdade, quando se tratar de estabelecimento federal, e ao respectivo fiscal da mesma Faculdade, quando se tratar de estabelecimento reconhecido ou autorizado a funcionar.<\/p>\n\n\n\n<p>Art. 9\u00ba &#8211; A matr\u00edcula nos gin\u00e1sios de aplica\u00e7\u00e3o ser\u00e1 limitada a uma turma, no m\u00e1ximo de trinta alunos, em cada s\u00e9rie.<\/p>\n\n\n\n<p>Art. 10 &#8211; Ser\u00e1 permitida a cobran\u00e7a de uma taxa de matr\u00edcula, a qual n\u00e3o poder\u00e1 exceder a CR$ 50,00 (cinq\u00fcenta cruzeiros) por m\u00eas, aos alunos que pretenderem inscri\u00e7\u00e3o nos gin\u00e1sios de aplica\u00e7\u00e3o.<\/p>\n\n\n\n<p>Art. 11-&nbsp; Fica concedido \u00e0s Faculdades j\u00e1 em funcionamento um ano de prazo para execu\u00e7\u00e3o das determina\u00e7\u00f5es constantes do presente Decreto-lei.<\/p>\n\n\n\n<p>Art. 12 &#8211; Nas Faculdades de Filosofia que venham a criar a partir da data de expedi\u00e7\u00e3o do presente Decreto-lei, os gin\u00e1sios de aplica\u00e7\u00e3o dever\u00e3o come\u00e7ar a funcionar a partir do ano em que haja alunos matriculados no curso de Did\u00e1tica.<\/p>\n\n\n\n<p>Art. 13 &#8211; Revogam-se as disposi\u00e7\u00f5es em contr\u00e1rio.<\/p>\n\n\n\n<p>Rio de Janeiro, 12 de mar\u00e7o de 1946,<\/p>\n\n\n\n<p>125\u00ba da Independ\u00eancia e 58\u00ba da Rep\u00fablica.<\/p>\n\n\n\n<p>EURICO G. DUTRA<\/p>\n\n\n\n<p>Ernesto de Souza Campos&nbsp; &nbsp;<\/p>\n\n\n\n<p><strong><em>Hist\u00f3ria do Col\u00e9gio de Aplica\u00e7\u00e3o da UEL<\/em><\/strong><\/p>\n\n\n\n<p>O Col\u00e9gio Estadual Professor Jos\u00e9 Alo\u00edsio Arag\u00e3o, mais conhecido como &#8220;Col\u00e9gio de Aplica\u00e7\u00e3o da Uel&#8221;, nasceu por iniciativa do Professor Jos\u00e9 Alo\u00edsio Arag\u00e3o, docente da antiga Faculdade Estadual de Filosofia Ci\u00eancias e Letras de Londrina, em 20 de junho de 1960 pelo Decreto 30.178, como Gin\u00e1sio Estadual de Aplica\u00e7\u00e3o. Na \u00e9poca, funcionava junto \u00e0 antiga Faculdade Estadual de Filosofia, Ci\u00eancias e Letras de Londrina, nas depend\u00eancias do Grupo Escolar Hugo Simas. Atendia inicialmente apenas alunos do sexo feminino.<\/p>\n\n\n\n<p>Sua funda\u00e7\u00e3o deu-se em obedi\u00eancia ao Decreto Federal de n\u00ba 9053\/46, que determinava a cria\u00e7\u00e3o de Col\u00e9gios de Aplica\u00e7\u00e3o, junto a Institui\u00e7\u00f5es de Ensino Superior, com o objetivo de oferecer melhor forma\u00e7\u00e3o profissional aos futuros educadores, com a fun\u00e7\u00e3o b\u00e1sica de servir de campo de experimenta\u00e7\u00e3o pedag\u00f3gica aos alunos de gradua\u00e7\u00e3o e ao mesmo tempo oportunizar a comunidade, renova\u00e7\u00e3o e melhoria do Ensino Fundamental e M\u00e9dio.<\/p>\n\n\n\n<p>Em 18 de setembro de 1967, o ent\u00e3o Gin\u00e1sio de Aplica\u00e7\u00e3o foi elevado \u00e0 categoria de Col\u00e9gio de Aplica\u00e7\u00e3o pelo Decreto n\u00ba 6.779\/67.<\/p>\n\n\n\n<p>O Col\u00e9gio de Aplica\u00e7\u00e3o, anexo \u00e0 Faculdade de Filosofia, Ci\u00eancias e Letras de Londrina, passou para a Funda\u00e7\u00e3o Universidade Estadual de |Londrina, criada pelo Decreto Estadual n\u00ba 18.110 de 28\/01\/70 e Reconhecida pelo Decreto Federal n\u00ba 69.324 de 07\/10\/71.<\/p>\n\n\n\n<p>Hoje, o Col\u00e9gio de Aplica\u00e7\u00e3o est\u00e1 incorporado como \u00f3rg\u00e3o suplementar da Universidade Estadual de Londrina (UEL), vinculado academicamente ao Centro de Educa\u00e7\u00e3o, Comunica\u00e7\u00e3o e Artes (CECA), sofrendo ger\u00eancia Acad\u00eamica da Secretaria de Estado da Gradua\u00e7\u00e3o (SEED) e administrativa da Universidade Estadual de Londrina.<\/p>\n\n\n\n<p><strong><em>Fundador<\/em><\/strong><\/p>\n\n\n\n<figure class=\"wp-block-table\"><table class=\"has-fixed-layout\"><tbody><tr><td><img loading=\"lazy\" decoding=\"async\" width=\"83\" height=\"117\" alt=\"\" src=\"http:\/\/www.uel.br\/aplicacao\/pages\/arquivos\/Fundador.JPG\"><\/td><td><em>Professor Jos\u00e9 Alo\u00edsio Arag\u00e3o<\/em><em><\/em><em>Idealizador e Fundador do&nbsp;Col\u00e9gio de Aplica\u00e7\u00e3o&nbsp;da Uel<\/em><\/td><\/tr><\/tbody><\/table><\/figure>\n\n\n\n<p>Um professor af\u00e1vel, inteiramente ligado \u00e0 sua escola e seus alunos.<\/p>\n\n\n\n<p>Ao nascer, o Col\u00e9gio de Aplica\u00e7\u00e3o recebeu dele a primeira modelagem.<\/p>\n\n\n\n<p>Tinha que ser uma escola exemplar, um verdadeiro laborat\u00f3rio educacional. Os alunos, al\u00e9m do per\u00edodo de aulas, pela manh\u00e3, regressavam \u00e0 tarde para o estudo dirigido. Al\u00e9m disso, pela demonstra\u00e7\u00e3o de suas tend\u00eancias, eram encaminhados aos clubes de teatro, letras, ci\u00eancias e outros, dentro dos quais poderiam realizar atividades culturais extracurriculares.<\/p>\n\n\n\n<p>Ao in\u00edcio de cada dia letivo, todos os alunos do Col\u00e9gio se reuniam com o Diretor, que lhes falava. Inspirado sempre, anunciando os programas, revendo o que deveria ser feito, o sentido mais profundo das atividades, este era o Diretor do Col\u00e9gio, o Professor Arag\u00e3o.<\/p>\n\n\n\n<p>Pertencia ao quadro docente da Faculdade de Filosofia, Ci\u00eancias e Letras de Londrina, nas cadeiras de Did\u00e1tica Geral e Literatura Brasileira.<\/p>\n\n\n\n<p>\u00c9 do Professor M\u00e1rio Takahashi, secret\u00e1rio da Faculdade de Filosofia, o coment\u00e1rio sobre Arag\u00e3o: &#8220;Um idealista! Voltava-se inteiramente \u00e0 carreira docente. Sua dedica\u00e7\u00e3o, por\u00e9m, era mais vis\u00edvel na dire\u00e7\u00e3o do Col\u00e9gio de Aplica\u00e7\u00e3o. Depend\u00eancia da Faculdade, era como esta, uma escola pobre, sem muitos recursos. Isto n\u00e3o importava ao professor, que procurava realizar assim mesmo. Afinal, ele pr\u00f3prio nem sabia quanto estava ganhando, como sempre acontece a quem exerce a profiss\u00e3o como um sacerd\u00f3cio, atrav\u00e9s da entrega total. E neste sentido, ele o fazia bem, pois era o otimismo em pessoa.&#8221;<\/p>\n\n\n\n<p>&nbsp;Nascido em Ipueiras, Cear\u00e1, em 10 de mar\u00e7o de 1930, o professor Jos\u00e9 Alo\u00edsio de Arag\u00e3o, licenciou-se em Letras Cl\u00e1ssicas, pela Faculdade Cat\u00f3lica de Filosofia do Cear\u00e1.<\/p>\n\n\n\n<p>Foi diretor do Gin\u00e1sio Ag\u00e1pito dos Santos, professor do Col\u00e9gio Louren\u00e7o Filho e Col\u00e9gio Estadual do Cear\u00e1.<\/p>\n\n\n\n<p>Foi orientador e professor de Did\u00e1tica Geral do Curso de orienta\u00e7\u00e3o para professores e presidente das bancas examinadoras dos exames de sufici\u00eancia, realizados em Belo Horizonte em 1960.<\/p>\n\n\n\n<p>Exerceu o cargo de Diretor T\u00e9cnico de Educa\u00e7\u00e3o da Secret\u00e1ria de Educa\u00e7\u00e3o do Estado do Cear\u00e1.<\/p>\n\n\n\n<p>Professor da CAPES &#8211; Curso de Aperfei\u00e7oamento para Professores do Ensino Secund\u00e1rio, em Fortaleza &#8211; 1955 \u00e0 1957;em Bel\u00e9m do Par\u00e1, 1958; em Juiz de Fora,1959; em Londrina, 1960.<\/p>\n\n\n\n<p>Londrina o reteve, para a Faculdade de Filosofia e Col\u00e9gio de Aplica\u00e7\u00e3o.<\/p>\n\n\n\n<p>Em 1964, Bras\u00edlia o requisitou e ele foi organizar e ser o primeiro Diretor do Centro Integrado de Ensino M\u00e9dio da Universidade de Bras\u00edlia, levando a experi\u00eancia de Londrina para a Capital Federal.<\/p>\n\n\n\n<p>Foi Diretor do Ensino M\u00e9dio do MEC, tamb\u00e9m em 1964.<\/p>\n\n\n\n<p>Em 1967, a municipalidade de Bras\u00edlia chamou-o para ser o Coordenador do seu Ensino M\u00e9dio.<\/p>\n\n\n\n<p>Depois, foi para a Faculdade de Filosofia de rio Claro, em 1970.<\/p>\n\n\n\n<p>Havia conclu\u00eddo, em 1969, o seu doutoramento, na Universidade Estadual de Campinas, em Ci\u00eancias (Educa\u00e7\u00e3o).<\/p>\n\n\n\n<p>Ainda em Rio Claro, organizou, implantou e foi o primeiro Diretor do Col\u00e9gio de Aplica\u00e7\u00e3o da Faculdade de Filosofia, em 1971.<\/p>\n\n\n\n<p>Faleceu em janeiro de 1972.<\/p>\n\n\n\n<p>N\u00e3o o esqueceremos, pois foi um obreiro dedicado a educa\u00e7\u00e3o. N\u00e3o o esqueceremos principalmente neste Col\u00e9gio de Aplica\u00e7\u00e3o de Londrina que ele criou e carinhosamente dirigiu.<\/p>\n\n\n\n<p><strong><em>Miss\u00e3o do Col\u00e9gio de Aplica\u00e7\u00e3o da UEL<\/em><\/strong><\/p>\n\n\n\n<p>&#8220;Oferecer ensino formal, qualificado, gratuito e&nbsp;democr\u00e1tico nos n\u00edveis fundamental, m\u00e9dio e profissional; servindo de campo de experimenta\u00e7\u00e3o pedag\u00f3gica para a Universidade Estadual de Londrina, destinado a crian\u00e7as, jovens e adultos, visando a prepara\u00e7\u00e3o de pessoas para o&nbsp;<strong>EXERC\u00cdCIO DA CIDADANIA<\/strong>&#8220;.<\/p>\n","protected":false},"excerpt":{"rendered":"<p>Cria\u00e7\u00e3o dos Col\u00e9gios de Aplica\u00e7\u00e3o Os Col\u00e9gios de Aplica\u00e7\u00e3o foram criados pelo Decreto Federal n\u00ba 9053 de 12\/03\/1946, com a fun\u00e7\u00e3o espec\u00edfica de ser um tipo de Estabelecimento de Ensino em que os pr\u00f3prios alunos dos Cursos de Licenciatura fizessem a aplica\u00e7\u00e3o, numa situa\u00e7\u00e3o real de ensino-aprendizagem dos conhecimentos t\u00e9cnicos adquiridos no seu Curso de [&hellip;]<\/p>\n","protected":false},"author":1,"featured_media":0,"parent":0,"menu_order":0,"comment_status":"closed","ping_status":"closed","template":"","meta":{"_acf_changed":false,"footnotes":""},"class_list":["post-21","page","type-page","status-publish","hentry"],"acf":[],"_links":{"self":[{"href":"https:\/\/sites.uel.br\/aplicacao\/wp-json\/wp\/v2\/pages\/21","targetHints":{"allow":["GET"]}}],"collection":[{"href":"https:\/\/sites.uel.br\/aplicacao\/wp-json\/wp\/v2\/pages"}],"about":[{"href":"https:\/\/sites.uel.br\/aplicacao\/wp-json\/wp\/v2\/types\/page"}],"author":[{"embeddable":true,"href":"https:\/\/sites.uel.br\/aplicacao\/wp-json\/wp\/v2\/users\/1"}],"replies":[{"embeddable":true,"href":"https:\/\/sites.uel.br\/aplicacao\/wp-json\/wp\/v2\/comments?post=21"}],"version-history":[{"count":3,"href":"https:\/\/sites.uel.br\/aplicacao\/wp-json\/wp\/v2\/pages\/21\/revisions"}],"predecessor-version":[{"id":83,"href":"https:\/\/sites.uel.br\/aplicacao\/wp-json\/wp\/v2\/pages\/21\/revisions\/83"}],"wp:attachment":[{"href":"https:\/\/sites.uel.br\/aplicacao\/wp-json\/wp\/v2\/media?parent=21"}],"curies":[{"name":"wp","href":"https:\/\/api.w.org\/{rel}","templated":true}]}}