{"id":103,"date":"2025-02-03T15:38:34","date_gmt":"2025-02-03T18:38:34","guid":{"rendered":"https:\/\/sites.uel.br\/aplicacao\/?page_id=103"},"modified":"2025-02-04T16:17:42","modified_gmt":"2025-02-04T19:17:42","slug":"breve-historico","status":"publish","type":"page","link":"https:\/\/sites.uel.br\/aplicacao\/breve-historico\/","title":{"rendered":"Breve Hist\u00f3rico"},"content":{"rendered":"\n<p><\/p>\n\n\n\n<p class=\"has-text-align-center\"><strong>Educa\u00e7\u00e3o infantil Campus <\/strong><\/p>\n\n\n\n<figure class=\"wp-block-image size-large is-resized\"><img loading=\"lazy\" decoding=\"async\" width=\"1024\" height=\"576\" src=\"https:\/\/sites.uel.br\/aplicacao\/wp-content\/uploads\/2025\/02\/Campus-1024x576.jpg\" alt=\"\" class=\"wp-image-157\" style=\"width:949px;height:auto\" srcset=\"https:\/\/sites.uel.br\/aplicacao\/wp-content\/uploads\/2025\/02\/Campus-1024x576.jpg 1024w, https:\/\/sites.uel.br\/aplicacao\/wp-content\/uploads\/2025\/02\/Campus-300x169.jpg 300w, https:\/\/sites.uel.br\/aplicacao\/wp-content\/uploads\/2025\/02\/Campus-768x432.jpg 768w, https:\/\/sites.uel.br\/aplicacao\/wp-content\/uploads\/2025\/02\/Campus-1536x864.jpg 1536w, https:\/\/sites.uel.br\/aplicacao\/wp-content\/uploads\/2025\/02\/Campus-2048x1152.jpg 2048w\" sizes=\"auto, (max-width: 1024px) 100vw, 1024px\" \/><\/figure>\n\n\n\n<p class=\"has-text-align-center\">Seu projeto de implanta\u00e7\u00e3o foi elaborado por um grupo interdisciplinar e a creche universit\u00e1ria,&nbsp;t\u00e3o esperada pela comunidade, foi, ent\u00e3o, inaugurada solenemente \u00e0s 10 horas do dia 16 de junho de 1992 pela Reitora&nbsp;em exerc\u00edcio Profa. Luzia<br>&nbsp;Deliberador, com a presen\u00e7a dos respons\u00e1veis pela creche e pais das crian\u00e7as. Inicialmente como uma divis\u00e3o do N\u00facleo de Bem Estar da Comunidade o funcionamento efetivo da creche deu-se a partir de 29 de junho de 1992, atendendo filhos de servidores da UEL.<br><\/p>\n\n\n\n<p class=\"has-text-align-center\"><strong>Educa\u00e7\u00e3o infantil H.U<\/strong><\/p>\n\n\n\n<figure class=\"wp-block-image size-large\"><img loading=\"lazy\" decoding=\"async\" width=\"1024\" height=\"576\" src=\"https:\/\/sites.uel.br\/aplicacao\/wp-content\/uploads\/2025\/02\/IMG_20160727_171331314_HDR-1024x576.jpg\" alt=\"\" class=\"wp-image-159\" srcset=\"https:\/\/sites.uel.br\/aplicacao\/wp-content\/uploads\/2025\/02\/IMG_20160727_171331314_HDR-1024x576.jpg 1024w, https:\/\/sites.uel.br\/aplicacao\/wp-content\/uploads\/2025\/02\/IMG_20160727_171331314_HDR-300x169.jpg 300w, https:\/\/sites.uel.br\/aplicacao\/wp-content\/uploads\/2025\/02\/IMG_20160727_171331314_HDR-768x432.jpg 768w, https:\/\/sites.uel.br\/aplicacao\/wp-content\/uploads\/2025\/02\/IMG_20160727_171331314_HDR-1536x864.jpg 1536w, https:\/\/sites.uel.br\/aplicacao\/wp-content\/uploads\/2025\/02\/IMG_20160727_171331314_HDR-2048x1152.jpg 2048w\" sizes=\"auto, (max-width: 1024px) 100vw, 1024px\" \/><\/figure>\n\n\n\n<p class=\"has-text-align-center\">Os estudos para implanta\u00e7\u00e3o da creche do HU iniciaram em 1994 com a nomea\u00e7\u00e3o de um grupo formado por funcion\u00e1rios do HU e do NUBEC. No m\u00eas de maio de 1995, atrav\u00e9s do projeto de lei n\u00ba 216\/95, a Prefeitura do Munic\u00edpio de Londrina fez a doa\u00e7\u00e3o do terreno \u00e0 UEL para a constru\u00e7\u00e3o da Creche. Mesmo conclu\u00edda a constru\u00e7\u00e3o da Creche j\u00e1 no in\u00edcio de 1999, ficou parada por cerca de 2 anos. As inscri\u00e7\u00f5es das crian\u00e7as come\u00e7aram a ser efetivadas para que em 26 de junho de 2001 as atividades da Creche se iniciassem, atendendo 13 crian\u00e7as.<\/p>\n","protected":false},"excerpt":{"rendered":"<p>Educa\u00e7\u00e3o infantil Campus Seu projeto de implanta\u00e7\u00e3o foi elaborado por um grupo interdisciplinar e a creche universit\u00e1ria,&nbsp;t\u00e3o esperada pela comunidade, foi, ent\u00e3o, inaugurada solenemente \u00e0s 10 horas do dia 16 de junho de 1992 pela Reitora&nbsp;em exerc\u00edcio Profa. Luzia&nbsp;Deliberador, com a presen\u00e7a dos respons\u00e1veis pela creche e pais das crian\u00e7as. Inicialmente como uma divis\u00e3o do [&hellip;]<\/p>\n","protected":false},"author":1,"featured_media":0,"parent":0,"menu_order":0,"comment_status":"closed","ping_status":"closed","template":"","meta":{"_acf_changed":false,"footnotes":""},"class_list":["post-103","page","type-page","status-publish","hentry"],"acf":[],"_links":{"self":[{"href":"https:\/\/sites.uel.br\/aplicacao\/wp-json\/wp\/v2\/pages\/103","targetHints":{"allow":["GET"]}}],"collection":[{"href":"https:\/\/sites.uel.br\/aplicacao\/wp-json\/wp\/v2\/pages"}],"about":[{"href":"https:\/\/sites.uel.br\/aplicacao\/wp-json\/wp\/v2\/types\/page"}],"author":[{"embeddable":true,"href":"https:\/\/sites.uel.br\/aplicacao\/wp-json\/wp\/v2\/users\/1"}],"replies":[{"embeddable":true,"href":"https:\/\/sites.uel.br\/aplicacao\/wp-json\/wp\/v2\/comments?post=103"}],"version-history":[{"count":3,"href":"https:\/\/sites.uel.br\/aplicacao\/wp-json\/wp\/v2\/pages\/103\/revisions"}],"predecessor-version":[{"id":161,"href":"https:\/\/sites.uel.br\/aplicacao\/wp-json\/wp\/v2\/pages\/103\/revisions\/161"}],"wp:attachment":[{"href":"https:\/\/sites.uel.br\/aplicacao\/wp-json\/wp\/v2\/media?parent=103"}],"curies":[{"name":"wp","href":"https:\/\/api.w.org\/{rel}","templated":true}]}}